{"version":"1.0","provider_name":"La Diagonale","provider_url":"https:\/\/www.ladiagonale.net","author_name":"Damien Dellerba","author_url":"https:\/\/www.ladiagonale.net\/index.php\/author\/damien\/","title":"Comment Monaco g\u00e8re la p\u00e9riode de ramadan - La Diagonale","type":"rich","width":600,"height":338,"html":"<blockquote class=\"wp-embedded-content\" data-secret=\"nK80A4zc2u\"><a href=\"https:\/\/www.ladiagonale.net\/index.php\/2023\/04\/13\/comment-monaco-gere-la-periode-de-ramadan\/\">Comment Monaco g\u00e8re la p\u00e9riode de ramadan<\/a><\/blockquote><iframe sandbox=\"allow-scripts\" security=\"restricted\" src=\"https:\/\/www.ladiagonale.net\/index.php\/2023\/04\/13\/comment-monaco-gere-la-periode-de-ramadan\/embed\/#?secret=nK80A4zc2u\" width=\"600\" height=\"338\" title=\"\u00ab\u00a0Comment Monaco g\u00e8re la p\u00e9riode de ramadan\u00a0\u00bb &#8212; La Diagonale\" data-secret=\"nK80A4zc2u\" frameborder=\"0\" marginwidth=\"0\" marginheight=\"0\" scrolling=\"no\" class=\"wp-embedded-content\"><\/iframe><script type=\"text\/javascript\">\n\/*! This file is auto-generated *\/\n!function(c,l){\"use strict\";var e=!1,o=!1;if(l.querySelector)if(c.addEventListener)e=!0;if(c.wp=c.wp||{},c.wp.receiveEmbedMessage);else if(c.wp.receiveEmbedMessage=function(e){var t=e.data;if(!t);else if(!(t.secret||t.message||t.value));else if(\/[^a-zA-Z0-9]\/.test(t.secret));else{for(var r,s,a,i=l.querySelectorAll('iframe[data-secret=\"'+t.secret+'\"]'),n=l.querySelectorAll('blockquote[data-secret=\"'+t.secret+'\"]'),o=0;o<n.length;o++)n[o].style.display=\"none\";for(o=0;o<i.length;o++)if(r=i[o],e.source!==r.contentWindow);else{if(r.removeAttribute(\"style\"),\"height\"===t.message){if(1e3<(s=parseInt(t.value,10)))s=1e3;else if(~~s<200)s=200;r.height=s}if(\"link\"===t.message)if(s=l.createElement(\"a\"),a=l.createElement(\"a\"),s.href=r.getAttribute(\"src\"),a.href=t.value,a.host===s.host)if(l.activeElement===r)c.top.location.href=t.value}}},e)c.addEventListener(\"message\",c.wp.receiveEmbedMessage,!1),l.addEventListener(\"DOMContentLoaded\",t,!1),c.addEventListener(\"load\",t,!1);function t(){if(o);else{o=!0;for(var e,t,r,s=-1!==navigator.appVersion.indexOf(\"MSIE 10\"),a=!!navigator.userAgent.match(\/Trident.*rv:11\\.\/),i=l.querySelectorAll(\"iframe.wp-embedded-content\"),n=0;n<i.length;n++){if(!(r=(t=i[n]).getAttribute(\"data-secret\")))r=Math.random().toString(36).substr(2,10),t.src+=\"#?secret=\"+r,t.setAttribute(\"data-secret\",r);if(s||a)(e=t.cloneNode(!0)).removeAttribute(\"security\"),t.parentNode.replaceChild(e,t);t.contentWindow.postMessage({message:\"ready\",secret:r},\"*\")}}}}(window,document);\n<\/script>\n","description":"La p\u00e9riode du ramadan est appr\u00e9hend\u00e9e de mani\u00e8re diff\u00e9rente selon les clubs de Ligue 1. L&rsquo;\u00c9quipe avait notamment donn\u00e9 quelques indications sur la fa\u00e7on dont il se g\u00e9rait \u00e0 l&rsquo;AS Monaco mais Eurosport a donn\u00e9 de plus amples d\u00e9tails sur la gestion de cette p\u00e9riode de je\u00fbne chez les joueurs de confession musulmane, comme Wissam [...]","thumbnail_url":"https:\/\/www.ladiagonale.net\/wp-content\/uploads\/2022\/11\/bunce.png","thumbnail_width":1160,"thumbnail_height":650}