{"version":"1.0","provider_name":"La Diagonale","provider_url":"https:\/\/www.ladiagonale.net","author_name":"Damien Dellerba","author_url":"https:\/\/www.ladiagonale.net\/index.php\/author\/damien\/","title":"Mawissa forfait contre Paris, Zakaria incertain (Actualis\u00e9) - La Diagonale","type":"rich","width":600,"height":338,"html":"<blockquote class=\"wp-embedded-content\" data-secret=\"gqep9clFFh\"><a href=\"https:\/\/www.ladiagonale.net\/index.php\/2024\/12\/16\/mawissa-forfait-contre-paris-zakaria-incertain\/\">Mawissa forfait contre Paris, Zakaria incertain (Actualis\u00e9)<\/a><\/blockquote><iframe sandbox=\"allow-scripts\" security=\"restricted\" src=\"https:\/\/www.ladiagonale.net\/index.php\/2024\/12\/16\/mawissa-forfait-contre-paris-zakaria-incertain\/embed\/#?secret=gqep9clFFh\" width=\"600\" height=\"338\" title=\"\u00ab\u00a0Mawissa forfait contre Paris, Zakaria incertain (Actualis\u00e9)\u00a0\u00bb &#8212; La Diagonale\" data-secret=\"gqep9clFFh\" frameborder=\"0\" marginwidth=\"0\" marginheight=\"0\" scrolling=\"no\" class=\"wp-embedded-content\"><\/iframe><script type=\"text\/javascript\">\n\/*! This file is auto-generated *\/\n!function(c,l){\"use strict\";var e=!1,o=!1;if(l.querySelector)if(c.addEventListener)e=!0;if(c.wp=c.wp||{},c.wp.receiveEmbedMessage);else if(c.wp.receiveEmbedMessage=function(e){var t=e.data;if(!t);else if(!(t.secret||t.message||t.value));else if(\/[^a-zA-Z0-9]\/.test(t.secret));else{for(var r,s,a,i=l.querySelectorAll('iframe[data-secret=\"'+t.secret+'\"]'),n=l.querySelectorAll('blockquote[data-secret=\"'+t.secret+'\"]'),o=0;o<n.length;o++)n[o].style.display=\"none\";for(o=0;o<i.length;o++)if(r=i[o],e.source!==r.contentWindow);else{if(r.removeAttribute(\"style\"),\"height\"===t.message){if(1e3<(s=parseInt(t.value,10)))s=1e3;else if(~~s<200)s=200;r.height=s}if(\"link\"===t.message)if(s=l.createElement(\"a\"),a=l.createElement(\"a\"),s.href=r.getAttribute(\"src\"),a.href=t.value,a.host===s.host)if(l.activeElement===r)c.top.location.href=t.value}}},e)c.addEventListener(\"message\",c.wp.receiveEmbedMessage,!1),l.addEventListener(\"DOMContentLoaded\",t,!1),c.addEventListener(\"load\",t,!1);function t(){if(o);else{o=!0;for(var e,t,r,s=-1!==navigator.appVersion.indexOf(\"MSIE 10\"),a=!!navigator.userAgent.match(\/Trident.*rv:11\\.\/),i=l.querySelectorAll(\"iframe.wp-embedded-content\"),n=0;n<i.length;n++){if(!(r=(t=i[n]).getAttribute(\"data-secret\")))r=Math.random().toString(36).substr(2,10),t.src+=\"#?secret=\"+r,t.setAttribute(\"data-secret\",r);if(s||a)(e=t.cloneNode(!0)).removeAttribute(\"security\"),t.parentNode.replaceChild(e,t);t.contentWindow.postMessage({message:\"ready\",secret:r},\"*\")}}}}(window,document);\n<\/script>\n","description":"Apr\u00e8s quatre mois de comp\u00e9tition, l\u2019infirmerie affiche complet du c\u00f4t\u00e9 de l\u2019AS Monaco tandis que Christian Mawissa vient d\u2019en rejoindre les rangs. Sorti \u00e0 la 77e minute du match contre Reims en se tenant l\u2019arri\u00e8re de la cuisse droite, l\u2019ancien Toulousain a \u00e9t\u00e9 annonc\u00e9 forfait par son entra\u00eeneur Adi H\u00fctter pour la r\u00e9ception de Paris [...]","thumbnail_url":"https:\/\/www.ladiagonale.net\/wp-content\/uploads\/2024\/12\/mawissa2.png","thumbnail_width":1160,"thumbnail_height":650}