{"version":"1.0","provider_name":"La Diagonale","provider_url":"https:\/\/www.ladiagonale.net","author_name":"Damien Dellerba","author_url":"https:\/\/www.ladiagonale.net\/index.php\/author\/damien\/","title":"Le groupe turinois : Thuram de retour \u00e0 Monaco - La Diagonale","type":"rich","width":600,"height":338,"html":"<blockquote class=\"wp-embedded-content\" data-secret=\"oHi78n3XSp\"><a href=\"https:\/\/www.ladiagonale.net\/index.php\/2026\/01\/27\/le-groupe-turinois\/\">Le groupe turinois : Thuram de retour \u00e0 Monaco<\/a><\/blockquote><iframe sandbox=\"allow-scripts\" security=\"restricted\" src=\"https:\/\/www.ladiagonale.net\/index.php\/2026\/01\/27\/le-groupe-turinois\/embed\/#?secret=oHi78n3XSp\" width=\"600\" height=\"338\" title=\"\u00ab\u00a0Le groupe turinois : Thuram de retour \u00e0 Monaco\u00a0\u00bb &#8212; La Diagonale\" data-secret=\"oHi78n3XSp\" frameborder=\"0\" marginwidth=\"0\" marginheight=\"0\" scrolling=\"no\" class=\"wp-embedded-content\"><\/iframe><script type=\"text\/javascript\">\n\/*! This file is auto-generated *\/\n!function(c,l){\"use strict\";var e=!1,o=!1;if(l.querySelector)if(c.addEventListener)e=!0;if(c.wp=c.wp||{},c.wp.receiveEmbedMessage);else if(c.wp.receiveEmbedMessage=function(e){var t=e.data;if(!t);else if(!(t.secret||t.message||t.value));else if(\/[^a-zA-Z0-9]\/.test(t.secret));else{for(var r,s,a,i=l.querySelectorAll('iframe[data-secret=\"'+t.secret+'\"]'),n=l.querySelectorAll('blockquote[data-secret=\"'+t.secret+'\"]'),o=0;o<n.length;o++)n[o].style.display=\"none\";for(o=0;o<i.length;o++)if(r=i[o],e.source!==r.contentWindow);else{if(r.removeAttribute(\"style\"),\"height\"===t.message){if(1e3<(s=parseInt(t.value,10)))s=1e3;else if(~~s<200)s=200;r.height=s}if(\"link\"===t.message)if(s=l.createElement(\"a\"),a=l.createElement(\"a\"),s.href=r.getAttribute(\"src\"),a.href=t.value,a.host===s.host)if(l.activeElement===r)c.top.location.href=t.value}}},e)c.addEventListener(\"message\",c.wp.receiveEmbedMessage,!1),l.addEventListener(\"DOMContentLoaded\",t,!1),c.addEventListener(\"load\",t,!1);function t(){if(o);else{o=!0;for(var e,t,r,s=-1!==navigator.appVersion.indexOf(\"MSIE 10\"),a=!!navigator.userAgent.match(\/Trident.*rv:11\\.\/),i=l.querySelectorAll(\"iframe.wp-embedded-content\"),n=0;n<i.length;n++){if(!(r=(t=i[n]).getAttribute(\"data-secret\")))r=Math.random().toString(36).substr(2,10),t.src+=\"#?secret=\"+r,t.setAttribute(\"data-secret\",r);if(s||a)(e=t.cloneNode(!0)).removeAttribute(\"security\"),t.parentNode.replaceChild(e,t);t.contentWindow.postMessage({message:\"ready\",secret:r},\"*\")}}}}(window,document);\n<\/script>\n","description":"22 joueurs de la Juventus ont embarqu\u00e9 pour Monaco ce mardi. Les Mon\u00e9gasques vont retrouver quelques vieilles connaissances \u00e0 commencer par Kh\u00e9phren Thuram, form\u00e9 \u00e0 l\u2019ASM. Deux anciens Lillois sont aussi pr\u00e9sents&nbsp;: Jonathan David et Edon Zhegrova. Il y aura aussi l&rsquo;ex-Lensois Lo\u00efs Openda, qui a \u00e9t\u00e9 annonc\u00e9 comme titulaire par son entra\u00eeneur Luciano Spalletti. [...]","thumbnail_url":"https:\/\/www.ladiagonale.net\/wp-content\/uploads\/2026\/01\/licensed-image-1024x683.png","thumbnail_width":1024,"thumbnail_height":683}