{"version":"1.0","provider_name":"La Diagonale","provider_url":"https:\/\/www.ladiagonale.net","author_name":"Damien Dellerba","author_url":"https:\/\/www.ladiagonale.net\/index.php\/author\/damien\/","title":"Le groupe mon\u00e9gasque : Idumbo convoqu\u00e9 - La Diagonale","type":"rich","width":600,"height":338,"html":"<blockquote class=\"wp-embedded-content\" data-secret=\"N1v9Ex9D8d\"><a href=\"https:\/\/www.ladiagonale.net\/index.php\/2026\/01\/28\/le-groupe-monegasque-idumbo-convoque\/\">Le groupe mon\u00e9gasque : Idumbo convoqu\u00e9<\/a><\/blockquote><iframe sandbox=\"allow-scripts\" security=\"restricted\" src=\"https:\/\/www.ladiagonale.net\/index.php\/2026\/01\/28\/le-groupe-monegasque-idumbo-convoque\/embed\/#?secret=N1v9Ex9D8d\" width=\"600\" height=\"338\" title=\"\u00ab\u00a0Le groupe mon\u00e9gasque : Idumbo convoqu\u00e9\u00a0\u00bb &#8212; La Diagonale\" data-secret=\"N1v9Ex9D8d\" frameborder=\"0\" marginwidth=\"0\" marginheight=\"0\" scrolling=\"no\" class=\"wp-embedded-content\"><\/iframe><script type=\"text\/javascript\">\n\/*! This file is auto-generated *\/\n!function(c,l){\"use strict\";var e=!1,o=!1;if(l.querySelector)if(c.addEventListener)e=!0;if(c.wp=c.wp||{},c.wp.receiveEmbedMessage);else if(c.wp.receiveEmbedMessage=function(e){var t=e.data;if(!t);else if(!(t.secret||t.message||t.value));else if(\/[^a-zA-Z0-9]\/.test(t.secret));else{for(var r,s,a,i=l.querySelectorAll('iframe[data-secret=\"'+t.secret+'\"]'),n=l.querySelectorAll('blockquote[data-secret=\"'+t.secret+'\"]'),o=0;o<n.length;o++)n[o].style.display=\"none\";for(o=0;o<i.length;o++)if(r=i[o],e.source!==r.contentWindow);else{if(r.removeAttribute(\"style\"),\"height\"===t.message){if(1e3<(s=parseInt(t.value,10)))s=1e3;else if(~~s<200)s=200;r.height=s}if(\"link\"===t.message)if(s=l.createElement(\"a\"),a=l.createElement(\"a\"),s.href=r.getAttribute(\"src\"),a.href=t.value,a.host===s.host)if(l.activeElement===r)c.top.location.href=t.value}}},e)c.addEventListener(\"message\",c.wp.receiveEmbedMessage,!1),l.addEventListener(\"DOMContentLoaded\",t,!1),c.addEventListener(\"load\",t,!1);function t(){if(o);else{o=!0;for(var e,t,r,s=-1!==navigator.appVersion.indexOf(\"MSIE 10\"),a=!!navigator.userAgent.match(\/Trident.*rv:11\\.\/),i=l.querySelectorAll(\"iframe.wp-embedded-content\"),n=0;n<i.length;n++){if(!(r=(t=i[n]).getAttribute(\"data-secret\")))r=Math.random().toString(36).substr(2,10),t.src+=\"#?secret=\"+r,t.setAttribute(\"data-secret\",r);if(s||a)(e=t.cloneNode(!0)).removeAttribute(\"security\"),t.parentNode.replaceChild(e,t);t.contentWindow.postMessage({message:\"ready\",secret:r},\"*\")}}}}(window,document);\n<\/script>\n","description":"22 joueurs ont \u00e9t\u00e9 convoqu\u00e9s par S\u00e9bastien Pocognoli pour affronter la Juventus Turin ce mercredi (21h). Comme c&rsquo;est devenu une habitude, le groupe mon\u00e9gasque est amput\u00e9 de nombreux joueurs en raison des blessures, ce qui laisse de la place \u00e0 de nombreux jeunes. Hors groupe au Havre, Stanis Idumbo est convoqu\u00e9 pour cette rencontre. Kr\u00e9pin [...]","thumbnail_url":"https:\/\/www.ladiagonale.net\/wp-content\/uploads\/2026\/01\/Idumbo2-2.png","thumbnail_width":1160,"thumbnail_height":650}