{"id":2965,"date":"2022-09-22T13:31:35","date_gmt":"2022-09-22T11:31:35","guid":{"rendered":"https:\/\/www.ladiagonale.net\/?page_id=2965"},"modified":"2025-10-11T03:19:08","modified_gmt":"2025-10-11T01:19:08","slug":"actualite","status":"publish","type":"page","link":"https:\/\/www.ladiagonale.net\/index.php\/actualite\/","title":{"rendered":"Actualit\u00e9"},"content":{"rendered":"\n\t<section class=\"section centrage_boutons\" id=\"section_180430109\">\n\t\t<div class=\"bg section-bg fill bg-fill  bg-loaded\" >\n\n\t\t\t\n\t\t\t\n\t\t\t\n\n\t\t<\/div>\n\n\t\t\n\n\t\t<div class=\"section-content relative\">\n\t\t\t\n\n<a href=\"https:\/\/www.ladiagonale.net\/index.php\/actualite\/\" target=\"_self\" class=\"button primary\"  >\n    <span>Br\u00e8ves<\/span>\n  <\/a>\n\n\n<a href=\"https:\/\/www.ladiagonale.net\/index.php\/actualite-les-articles\/\" target=\"_self\" class=\"button primary\"  >\n    <span>Articles<\/span>\n  <\/a>\n\n\n<a href=\"https:\/\/www.ladiagonale.net\/index.php\/mercato-breves\/\" target=\"_self\" class=\"button primary\"  >\n    <span>Mercato<\/span>\n  <\/a>\n\n\n<a href=\"https:\/\/www.ladiagonale.net\/index.php\/infirmerie-breves\/\" target=\"_self\" class=\"button primary\"  >\n    <span>Infirmerie<\/span>\n  <\/a>\n\n\n<a href=\"https:\/\/www.ladiagonale.net\/index.php\/academy-breves\/\" target=\"_self\" class=\"button primary\"  >\n    <span>Academy<\/span>\n  <\/a>\n\n\n\n\t\t<\/div>\n\n\t\t\n<style>\n#section_180430109 {\n  padding-top: 2px;\n  padding-bottom: 2px;\n}\n#section_180430109 .ux-shape-divider--top svg {\n  height: 150px;\n  --divider-top-width: 100%;\n}\n#section_180430109 .ux-shape-divider--bottom svg {\n  height: 150px;\n  --divider-width: 100%;\n}\n<\/style>\n\t<\/section>\n\t\n\n  \n    <div class=\"row large-columns-1 medium-columns-1 small-columns-1 row-small has-shadow row-box-shadow-2\">\n  <div class=\"col post-item\" >\n\t\t\t<div class=\"col-inner\">\n\t\t\t<a href=\"https:\/\/www.ladiagonale.net\/index.php\/2026\/05\/01\/caio-henrique-de-retour-pour-le-deplacement-a-metz\/\" class=\"plain\">\n\t\t\t\t<div class=\"box box-vertical box-text-bottom box-blog-post has-hover\">\n          \t\t\t\t\t<div class=\"box-text text-left\" >\n\t\t\t\t\t<div class=\"box-text-inner blog-post-inner\">\n\n\t\t\t\t\t\n\t\t\t\t\t\t\t\t\t\t<h5 class=\"post-title is-large \">Caio Henrique de retour pour le d\u00e9placement \u00e0 Metz<\/h5>\n\t\t\t\t\t<div class=\"post-meta is-small op-8\">1 mai 2026<\/div>\t\t\t\t\t<div class=\"is-divider\"><\/div>\n\t\t\t\t\t\t\t\t\t\t<p class=\"from_the_blog_excerpt \">L&rsquo;AS Monaco enregistre un retour \u00e0 l&rsquo;occasion de cette 32e journ\u00e9e de Ligue 1. Contre [...]\t\t\t\t\t<\/p>\n\t\t\t\t\t                    \n\t\t\t\t\t\n\t\t\t\t\t\n\t\t\t\t\t<\/div>\n\t\t\t\t\t<\/div>\n\t\t\t\t\t\t\t\t\t<\/div>\n\t\t\t\t<\/a>\n\t\t\t<\/div>\n\t\t<\/div><div class=\"col post-item\" >\n\t\t\t<div class=\"col-inner\">\n\t\t\t<a href=\"https:\/\/www.ladiagonale.net\/index.php\/2026\/05\/01\/bamba-bouabre-benama-que-deviennent-les-vainqueurs-de-la-gambardella-2023\/\" class=\"plain\">\n\t\t\t\t<div class=\"box box-vertical box-text-bottom box-blog-post has-hover\">\n            \t\t\t\t\t<div class=\"box-image\" style=\"width:43%;\">\n  \t\t\t\t\t\t<div class=\"image-cover\" style=\"padding-top:89%;\">\n  \t\t\t\t\t\t\t<img width=\"300\" height=\"168\" src=\"https:\/\/www.ladiagonale.net\/wp-content\/uploads\/2023\/11\/gambardella-300x168.png\" class=\"attachment-medium size-medium wp-post-image\" alt=\"\" loading=\"lazy\" srcset=\"https:\/\/www.ladiagonale.net\/wp-content\/uploads\/2023\/11\/gambardella-300x168.png 300w, https:\/\/www.ladiagonale.net\/wp-content\/uploads\/2023\/11\/gambardella-1024x574.png 1024w, https:\/\/www.ladiagonale.net\/wp-content\/uploads\/2023\/11\/gambardella-768x430.png 768w, https:\/\/www.ladiagonale.net\/wp-content\/uploads\/2023\/11\/gambardella-128x72.png 128w, https:\/\/www.ladiagonale.net\/wp-content\/uploads\/2023\/11\/gambardella-32x18.png 32w, https:\/\/www.ladiagonale.net\/wp-content\/uploads\/2023\/11\/gambardella.png 1160w\" sizes=\"(max-width: 300px) 100vw, 300px\" \/>  \t\t\t\t\t\t\t  \t\t\t\t\t\t\t  \t\t\t\t\t\t<\/div>\n  \t\t\t\t\t\t  \t\t\t\t\t<\/div>\n          \t\t\t\t\t<div class=\"box-text text-left\" >\n\t\t\t\t\t<div class=\"box-text-inner blog-post-inner\">\n\n\t\t\t\t\t\n\t\t\t\t\t\t\t\t\t\t<h5 class=\"post-title is-large \">Bamba, Bouabr\u00e9, Benama\u2026 que deviennent les vainqueurs de la Gambardella 2023 ?<\/h5>\n\t\t\t\t\t\t\t\t\t\t<div class=\"is-divider\"><\/div>\n\t\t\t\t\t\t\t\t\t\t<p class=\"from_the_blog_excerpt \">Il y a trois ans au Stade de France, le 29 avril 2023, l\u2019AS Monaco [...]\t\t\t\t\t<\/p>\n\t\t\t\t\t                    \n\t\t\t\t\t\n\t\t\t\t\t\n\t\t\t\t\t<\/div>\n\t\t\t\t\t<\/div>\n\t\t\t\t\t\t\t\t\t\t\t\t\t\t\t\t<div class=\"badge absolute top post-date badge-outline\">\n\t\t\t\t\t\t\t<div class=\"badge-inner\">\n\t\t\t\t\t\t\t\t<span class=\"post-date-day\">01<\/span><br>\n\t\t\t\t\t\t\t\t<span class=\"post-date-month is-xsmall\">Mai<\/span>\n\t\t\t\t\t\t\t<\/div>\n\t\t\t\t\t\t<\/div>\n\t\t\t\t\t\t\t\t\t<\/div>\n\t\t\t\t<\/a>\n\t\t\t<\/div>\n\t\t<\/div><div class=\"col post-item\" >\n\t\t\t<div class=\"col-inner\">\n\t\t\t<a href=\"https:\/\/www.ladiagonale.net\/index.php\/2026\/05\/01\/diatta-ne-devrait-pas-prolonger-et-quitter-lasm-cet-ete\/\" class=\"plain\">\n\t\t\t\t<div class=\"box box-vertical box-text-bottom box-blog-post has-hover\">\n          \t\t\t\t\t<div class=\"box-text text-left\" >\n\t\t\t\t\t<div class=\"box-text-inner blog-post-inner\">\n\n\t\t\t\t\t\n\t\t\t\t\t\t\t\t\t\t<h5 class=\"post-title is-large \">Diatta ne devrait pas prolonger et quitter l\u2019ASM cet \u00e9t\u00e9<\/h5>\n\t\t\t\t\t<div class=\"post-meta is-small op-8\">1 mai 2026<\/div>\t\t\t\t\t<div class=\"is-divider\"><\/div>\n\t\t\t\t\t\t\t\t\t\t<p class=\"from_the_blog_excerpt \">D\u00e9but mars, Nice-Matin indiquait que les n\u00e9gociations pour une prolongation de Kr\u00e9pin Diatta \u00e0 l\u2019AS [...]\t\t\t\t\t<\/p>\n\t\t\t\t\t                    \n\t\t\t\t\t\n\t\t\t\t\t\n\t\t\t\t\t<\/div>\n\t\t\t\t\t<\/div>\n\t\t\t\t\t\t\t\t\t<\/div>\n\t\t\t\t<\/a>\n\t\t\t<\/div>\n\t\t<\/div><div class=\"col post-item\" >\n\t\t\t<div class=\"col-inner\">\n\t\t\t<a href=\"https:\/\/www.ladiagonale.net\/index.php\/2026\/05\/01\/pas-de-monegasques-aux-trophees-unfp-de-la-saison\/\" class=\"plain\">\n\t\t\t\t<div class=\"box box-vertical box-text-bottom box-blog-post has-hover\">\n          \t\t\t\t\t<div class=\"box-text text-left\" >\n\t\t\t\t\t<div class=\"box-text-inner blog-post-inner\">\n\n\t\t\t\t\t\n\t\t\t\t\t\t\t\t\t\t<h5 class=\"post-title is-large \">Pas de Mon\u00e9gasques aux Troph\u00e9es UNFP de la saison<\/h5>\n\t\t\t\t\t<div class=\"post-meta is-small op-8\">1 mai 2026<\/div>\t\t\t\t\t<div class=\"is-divider\"><\/div>\n\t\t\t\t\t\t\t\t\t\t<p class=\"from_the_blog_excerpt \">Contrairement aux Global Soccer Awards, les Troph\u00e9es UNFP ne proposent pas de prix pour le [...]\t\t\t\t\t<\/p>\n\t\t\t\t\t                    \n\t\t\t\t\t\n\t\t\t\t\t\n\t\t\t\t\t<\/div>\n\t\t\t\t\t<\/div>\n\t\t\t\t\t\t\t\t\t<\/div>\n\t\t\t\t<\/a>\n\t\t\t<\/div>\n\t\t<\/div><div class=\"col post-item\" >\n\t\t\t<div class=\"col-inner\">\n\t\t\t<a href=\"https:\/\/www.ladiagonale.net\/index.php\/2026\/05\/01\/camara-on-croit-toujours-que-lon-peut-remonter\/\" class=\"plain\">\n\t\t\t\t<div class=\"box box-vertical box-text-bottom box-blog-post has-hover\">\n          \t\t\t\t\t<div class=\"box-text text-left\" >\n\t\t\t\t\t<div class=\"box-text-inner blog-post-inner\">\n\n\t\t\t\t\t\n\t\t\t\t\t\t\t\t\t\t<h5 class=\"post-title is-large \">Camara : \u00ab&nbsp;On croit toujours que l\u2019on peut remonter&nbsp;\u00bb<\/h5>\n\t\t\t\t\t<div class=\"post-meta is-small op-8\">1 mai 2026<\/div>\t\t\t\t\t<div class=\"is-divider\"><\/div>\n\t\t\t\t\t\t\t\t\t\t<p class=\"from_the_blog_excerpt \">L\u2019AS Monaco est bien mal embarqu\u00e9e dans cette fin de saison et ses chances de [...]\t\t\t\t\t<\/p>\n\t\t\t\t\t                    \n\t\t\t\t\t\n\t\t\t\t\t\n\t\t\t\t\t<\/div>\n\t\t\t\t\t<\/div>\n\t\t\t\t\t\t\t\t\t<\/div>\n\t\t\t\t<\/a>\n\t\t\t<\/div>\n\t\t<\/div><div class=\"col post-item\" >\n\t\t\t<div class=\"col-inner\">\n\t\t\t<a href=\"https:\/\/www.ladiagonale.net\/index.php\/2026\/05\/01\/moulangou-et-sylla-a-lessai-au-psg\/\" class=\"plain\">\n\t\t\t\t<div class=\"box box-vertical box-text-bottom box-blog-post has-hover\">\n          \t\t\t\t\t<div class=\"box-text text-left\" >\n\t\t\t\t\t<div class=\"box-text-inner blog-post-inner\">\n\n\t\t\t\t\t\n\t\t\t\t\t\t\t\t\t\t<h5 class=\"post-title is-large \">Moulangou et Sylla \u00e0 l\u2019essai au PSG<\/h5>\n\t\t\t\t\t<div class=\"post-meta is-small op-8\">1 mai 2026<\/div>\t\t\t\t\t<div class=\"is-divider\"><\/div>\n\t\t\t\t\t\t\t\t\t\t<p class=\"from_the_blog_excerpt \">Alors que l\u2019AS Monaco a dans le viseur plusieurs joueurs de la formation du Paris [...]\t\t\t\t\t<\/p>\n\t\t\t\t\t                    \n\t\t\t\t\t\n\t\t\t\t\t\n\t\t\t\t\t<\/div>\n\t\t\t\t\t<\/div>\n\t\t\t\t\t\t\t\t\t<\/div>\n\t\t\t\t<\/a>\n\t\t\t<\/div>\n\t\t<\/div><div class=\"col post-item\" >\n\t\t\t<div class=\"col-inner\">\n\t\t\t<a href=\"https:\/\/www.ladiagonale.net\/index.php\/2026\/04\/30\/rybolovlev-a-convoque-une-reunion-durgence\/\" class=\"plain\">\n\t\t\t\t<div class=\"box box-vertical box-text-bottom box-blog-post has-hover\">\n          \t\t\t\t\t<div class=\"box-text text-left\" >\n\t\t\t\t\t<div class=\"box-text-inner blog-post-inner\">\n\n\t\t\t\t\t\n\t\t\t\t\t\t\t\t\t\t<h5 class=\"post-title is-large \">Rybolovlev a convoqu\u00e9 une r\u00e9union d\u2019urgence<\/h5>\n\t\t\t\t\t<div class=\"post-meta is-small op-8\">30 avril 2026<\/div>\t\t\t\t\t<div class=\"is-divider\"><\/div>\n\t\t\t\t\t\t\t\t\t\t<p class=\"from_the_blog_excerpt \">L\u2019AS Monaco a un besoin vital d\u2019aller en Ligue des champions, et le pr\u00e9sident et [...]\t\t\t\t\t<\/p>\n\t\t\t\t\t                    \n\t\t\t\t\t\n\t\t\t\t\t\n\t\t\t\t\t<\/div>\n\t\t\t\t\t<\/div>\n\t\t\t\t\t\t\t\t\t<\/div>\n\t\t\t\t<\/a>\n\t\t\t<\/div>\n\t\t<\/div><div class=\"col post-item\" >\n\t\t\t<div class=\"col-inner\">\n\t\t\t<a href=\"https:\/\/www.ladiagonale.net\/index.php\/2026\/04\/30\/pocognoli-il-y-a-encore-des-choses-a-jouer\/\" class=\"plain\">\n\t\t\t\t<div class=\"box box-vertical box-text-bottom box-blog-post has-hover\">\n          \t\t\t\t\t<div class=\"box-text text-left\" >\n\t\t\t\t\t<div class=\"box-text-inner blog-post-inner\">\n\n\t\t\t\t\t\n\t\t\t\t\t\t\t\t\t\t<h5 class=\"post-title is-large \">Pocognoli : \u00ab&nbsp;Il y a encore des choses \u00e0 jouer&nbsp;\u00bb<\/h5>\n\t\t\t\t\t<div class=\"post-meta is-small op-8\">30 avril 2026<\/div>\t\t\t\t\t<div class=\"is-divider\"><\/div>\n\t\t\t\t\t\t\t\t\t\t<p class=\"from_the_blog_excerpt \">Ce samedi, contre Metz, l\u2019AS Monaco va essayer d\u2019effacer la d\u00e9sillusion apr\u00e8s Toulouse, d\u2019o\u00f9 elle [...]\t\t\t\t\t<\/p>\n\t\t\t\t\t                    \n\t\t\t\t\t\n\t\t\t\t\t\n\t\t\t\t\t<\/div>\n\t\t\t\t\t<\/div>\n\t\t\t\t\t\t\t\t\t<\/div>\n\t\t\t\t<\/a>\n\t\t\t<\/div>\n\t\t<\/div><div class=\"col post-item\" >\n\t\t\t<div class=\"col-inner\">\n\t\t\t<a href=\"https:\/\/www.ladiagonale.net\/index.php\/2026\/04\/29\/akliouche-voudrait-aller-au-psg\/\" class=\"plain\">\n\t\t\t\t<div class=\"box box-vertical box-text-bottom box-blog-post has-hover\">\n          \t\t\t\t\t<div class=\"box-text text-left\" >\n\t\t\t\t\t<div class=\"box-text-inner blog-post-inner\">\n\n\t\t\t\t\t\n\t\t\t\t\t\t\t\t\t\t<h5 class=\"post-title is-large \">Akliouche voudrait aller au PSG<\/h5>\n\t\t\t\t\t<div class=\"post-meta is-small op-8\">29 avril 2026<\/div>\t\t\t\t\t<div class=\"is-divider\"><\/div>\n\t\t\t\t\t\t\t\t\t\t<p class=\"from_the_blog_excerpt \">Les trois derniers matches de la saison, contre Metz, Lille et Strasbourg, seront certainement les [...]\t\t\t\t\t<\/p>\n\t\t\t\t\t                    \n\t\t\t\t\t\n\t\t\t\t\t\n\t\t\t\t\t<\/div>\n\t\t\t\t\t<\/div>\n\t\t\t\t\t\t\t\t\t<\/div>\n\t\t\t\t<\/a>\n\t\t\t<\/div>\n\t\t<\/div><div class=\"col post-item\" >\n\t\t\t<div class=\"col-inner\">\n\t\t\t<a href=\"https:\/\/www.ladiagonale.net\/index.php\/2026\/04\/28\/podcast-bye-bye-la-ligue-des-champions\/\" class=\"plain\">\n\t\t\t\t<div class=\"box box-vertical box-text-bottom box-blog-post has-hover\">\n          \t\t\t\t\t<div class=\"box-text text-left\" >\n\t\t\t\t\t<div class=\"box-text-inner blog-post-inner\">\n\n\t\t\t\t\t\n\t\t\t\t\t\t\t\t\t\t<h5 class=\"post-title is-large \">Podcast : bye-bye la Ligue des champions<\/h5>\n\t\t\t\t\t<div class=\"post-meta is-small op-8\">28 avril 2026<\/div>\t\t\t\t\t<div class=\"is-divider\"><\/div>\n\t\t\t\t\t\t\t\t\t\t<p class=\"from_the_blog_excerpt \">L&rsquo;AS Monaco a conc\u00e9d\u00e9 un nouveau match nul, rattrap\u00e9e en fin de match par Toulouse [...]\t\t\t\t\t<\/p>\n\t\t\t\t\t                    \n\t\t\t\t\t\n\t\t\t\t\t\n\t\t\t\t\t<\/div>\n\t\t\t\t\t<\/div>\n\t\t\t\t\t\t\t\t\t<\/div>\n\t\t\t\t<\/a>\n\t\t\t<\/div>\n\t\t<\/div><div class=\"col post-item\" >\n\t\t\t<div class=\"col-inner\">\n\t\t\t<a href=\"https:\/\/www.ladiagonale.net\/index.php\/2026\/04\/27\/le-choc-contre-lille-retransmis-sur-bein-sports\/\" class=\"plain\">\n\t\t\t\t<div class=\"box box-vertical box-text-bottom box-blog-post has-hover\">\n          \t\t\t\t\t<div class=\"box-text text-left\" >\n\t\t\t\t\t<div class=\"box-text-inner blog-post-inner\">\n\n\t\t\t\t\t\n\t\t\t\t\t\t\t\t\t\t<h5 class=\"post-title is-large \">Le choc contre Lille retransmis sur beIN Sports<\/h5>\n\t\t\t\t\t<div class=\"post-meta is-small op-8\">27 avril 2026<\/div>\t\t\t\t\t<div class=\"is-divider\"><\/div>\n\t\t\t\t\t\t\t\t\t\t<p class=\"from_the_blog_excerpt \">Lors de l&rsquo;avant-derni\u00e8re journ\u00e9e de Ligue 1, l&rsquo;AS Monaco recevra Lille avec le risque que [...]\t\t\t\t\t<\/p>\n\t\t\t\t\t                    \n\t\t\t\t\t\n\t\t\t\t\t\n\t\t\t\t\t<\/div>\n\t\t\t\t\t<\/div>\n\t\t\t\t\t\t\t\t\t<\/div>\n\t\t\t\t<\/a>\n\t\t\t<\/div>\n\t\t<\/div><div class=\"col post-item\" >\n\t\t\t<div class=\"col-inner\">\n\t\t\t<a href=\"https:\/\/www.ladiagonale.net\/index.php\/2026\/04\/27\/le-clan-fati-veut-rester-a-monaco\/\" class=\"plain\">\n\t\t\t\t<div class=\"box box-vertical box-text-bottom box-blog-post has-hover\">\n          \t\t\t\t\t<div class=\"box-text text-left\" >\n\t\t\t\t\t<div class=\"box-text-inner blog-post-inner\">\n\n\t\t\t\t\t\n\t\t\t\t\t\t\t\t\t\t<h5 class=\"post-title is-large \">Le clan Fati veut rester \u00e0 Monaco<\/h5>\n\t\t\t\t\t<div class=\"post-meta is-small op-8\">27 avril 2026<\/div>\t\t\t\t\t<div class=\"is-divider\"><\/div>\n\t\t\t\t\t\t\t\t\t\t<p class=\"from_the_blog_excerpt \">Mi-avril, L\u2019\u00c9quipe avait indiqu\u00e9 que l\u2019AS Monaco souhaitait lever l\u2019option d\u2019achat d\u2019Ansu Fati, estim\u00e9e \u00e0 [...]\t\t\t\t\t<\/p>\n\t\t\t\t\t                    \n\t\t\t\t\t\n\t\t\t\t\t\n\t\t\t\t\t<\/div>\n\t\t\t\t\t<\/div>\n\t\t\t\t\t\t\t\t\t<\/div>\n\t\t\t\t<\/a>\n\t\t\t<\/div>\n\t\t<\/div><div class=\"col post-item\" >\n\t\t\t<div class=\"col-inner\">\n\t\t\t<a href=\"https:\/\/www.ladiagonale.net\/index.php\/2026\/04\/26\/cresswell-monaco-sest-repose-sur-ses-lauriers\/\" class=\"plain\">\n\t\t\t\t<div class=\"box box-vertical box-text-bottom box-blog-post has-hover\">\n          \t\t\t\t\t<div class=\"box-text text-left\" >\n\t\t\t\t\t<div class=\"box-text-inner blog-post-inner\">\n\n\t\t\t\t\t\n\t\t\t\t\t\t\t\t\t\t<h5 class=\"post-title is-large \">Cresswell : \u00ab\u00a0Monaco s&rsquo;est repos\u00e9 sur ses lauriers\u00a0\u00bb<\/h5>\n\t\t\t\t\t<div class=\"post-meta is-small op-8\">26 avril 2026<\/div>\t\t\t\t\t<div class=\"is-divider\"><\/div>\n\t\t\t\t\t\t\t\t\t\t<p class=\"from_the_blog_excerpt \">Rejoint pas Toulouse en fin de match, comme la saison pass\u00e9e, l&rsquo;AS Monaco a fait [...]\t\t\t\t\t<\/p>\n\t\t\t\t\t                    \n\t\t\t\t\t\n\t\t\t\t\t\n\t\t\t\t\t<\/div>\n\t\t\t\t\t<\/div>\n\t\t\t\t\t\t\t\t\t<\/div>\n\t\t\t\t<\/a>\n\t\t\t<\/div>\n\t\t<\/div><div class=\"col post-item\" >\n\t\t\t<div class=\"col-inner\">\n\t\t\t<a href=\"https:\/\/www.ladiagonale.net\/index.php\/2026\/04\/26\/pocognoli-il-y-a-un-gout-de-defaite\/\" class=\"plain\">\n\t\t\t\t<div class=\"box box-vertical box-text-bottom box-blog-post has-hover\">\n          \t\t\t\t\t<div class=\"box-text text-left\" >\n\t\t\t\t\t<div class=\"box-text-inner blog-post-inner\">\n\n\t\t\t\t\t\n\t\t\t\t\t\t\t\t\t\t<h5 class=\"post-title is-large \">Pocognoli : \u00ab&nbsp;Il y a un go\u00fbt de d\u00e9faite&nbsp;\u00bb<\/h5>\n\t\t\t\t\t<div class=\"post-meta is-small op-8\">26 avril 2026<\/div>\t\t\t\t\t<div class=\"is-divider\"><\/div>\n\t\t\t\t\t\t\t\t\t\t<p class=\"from_the_blog_excerpt \">S\u00e9bastien Pocognoli \u00e9tait amer, samedi soir, apr\u00e8s le nul conc\u00e9d\u00e9 en fin de match par [...]\t\t\t\t\t<\/p>\n\t\t\t\t\t                    \n\t\t\t\t\t\n\t\t\t\t\t\n\t\t\t\t\t<\/div>\n\t\t\t\t\t<\/div>\n\t\t\t\t\t\t\t\t\t<\/div>\n\t\t\t\t<\/a>\n\t\t\t<\/div>\n\t\t<\/div><div class=\"col post-item\" >\n\t\t\t<div class=\"col-inner\">\n\t\t\t<a href=\"https:\/\/www.ladiagonale.net\/index.php\/2026\/04\/26\/une-premiere-offre-pour-abline-refusee\/\" class=\"plain\">\n\t\t\t\t<div class=\"box box-vertical box-text-bottom box-blog-post has-hover\">\n          \t\t\t\t\t<div class=\"box-text text-left\" >\n\t\t\t\t\t<div class=\"box-text-inner blog-post-inner\">\n\n\t\t\t\t\t\n\t\t\t\t\t\t\t\t\t\t<h5 class=\"post-title is-large \">Une premi\u00e8re offre pour Abline refus\u00e9e ?<\/h5>\n\t\t\t\t\t<div class=\"post-meta is-small op-8\">26 avril 2026<\/div>\t\t\t\t\t<div class=\"is-divider\"><\/div>\n\t\t\t\t\t\t\t\t\t\t<p class=\"from_the_blog_excerpt \">La Ligue des champions s\u2019\u00e9loigne pour l\u2019AS Monaco et cela risque de plonger le club [...]\t\t\t\t\t<\/p>\n\t\t\t\t\t                    \n\t\t\t\t\t\n\t\t\t\t\t\n\t\t\t\t\t<\/div>\n\t\t\t\t\t<\/div>\n\t\t\t\t\t\t\t\t\t<\/div>\n\t\t\t\t<\/a>\n\t\t\t<\/div>\n\t\t<\/div><div class=\"col post-item\" >\n\t\t\t<div class=\"col-inner\">\n\t\t\t<a href=\"https:\/\/www.ladiagonale.net\/index.php\/2026\/04\/26\/les-notes-kehrer-na-pas-suffi\/\" class=\"plain\">\n\t\t\t\t<div class=\"box box-vertical box-text-bottom box-blog-post has-hover\">\n            \t\t\t\t\t<div class=\"box-image\" style=\"width:43%;\">\n  \t\t\t\t\t\t<div class=\"image-cover\" style=\"padding-top:89%;\">\n  \t\t\t\t\t\t\t<img width=\"300\" height=\"168\" src=\"https:\/\/www.ladiagonale.net\/wp-content\/uploads\/2026\/04\/Kehrer-tFC_-300x168.png\" class=\"attachment-medium size-medium wp-post-image\" alt=\"\" loading=\"lazy\" srcset=\"https:\/\/www.ladiagonale.net\/wp-content\/uploads\/2026\/04\/Kehrer-tFC_-300x168.png 300w, https:\/\/www.ladiagonale.net\/wp-content\/uploads\/2026\/04\/Kehrer-tFC_-1024x574.png 1024w, https:\/\/www.ladiagonale.net\/wp-content\/uploads\/2026\/04\/Kehrer-tFC_-768x430.png 768w, https:\/\/www.ladiagonale.net\/wp-content\/uploads\/2026\/04\/Kehrer-tFC_-128x72.png 128w, https:\/\/www.ladiagonale.net\/wp-content\/uploads\/2026\/04\/Kehrer-tFC_-32x18.png 32w, https:\/\/www.ladiagonale.net\/wp-content\/uploads\/2026\/04\/Kehrer-tFC_.png 1160w\" sizes=\"(max-width: 300px) 100vw, 300px\" \/>  \t\t\t\t\t\t\t  \t\t\t\t\t\t\t  \t\t\t\t\t\t<\/div>\n  \t\t\t\t\t\t  \t\t\t\t\t<\/div>\n          \t\t\t\t\t<div class=\"box-text text-left\" >\n\t\t\t\t\t<div class=\"box-text-inner blog-post-inner\">\n\n\t\t\t\t\t\n\t\t\t\t\t\t\t\t\t\t<h5 class=\"post-title is-large \">Les notes : Kehrer n&rsquo;a pas suffi<\/h5>\n\t\t\t\t\t\t\t\t\t\t<div class=\"is-divider\"><\/div>\n\t\t\t\t\t\t\t\t\t\t<p class=\"from_the_blog_excerpt \">Malgr\u00e9 la bonne performance sign\u00e9e par Thilo Kehrer, l&rsquo;AS Monaco n&rsquo;a pas r\u00e9ussi \u00e0 ramener [...]\t\t\t\t\t<\/p>\n\t\t\t\t\t                    \n\t\t\t\t\t\n\t\t\t\t\t\n\t\t\t\t\t<\/div>\n\t\t\t\t\t<\/div>\n\t\t\t\t\t\t\t\t\t\t\t\t\t\t\t\t<div class=\"badge absolute top post-date badge-outline\">\n\t\t\t\t\t\t\t<div class=\"badge-inner\">\n\t\t\t\t\t\t\t\t<span class=\"post-date-day\">26<\/span><br>\n\t\t\t\t\t\t\t\t<span class=\"post-date-month is-xsmall\">Avr<\/span>\n\t\t\t\t\t\t\t<\/div>\n\t\t\t\t\t\t<\/div>\n\t\t\t\t\t\t\t\t\t<\/div>\n\t\t\t\t<\/a>\n\t\t\t<\/div>\n\t\t<\/div><div class=\"col post-item\" >\n\t\t\t<div class=\"col-inner\">\n\t\t\t<a href=\"https:\/\/www.ladiagonale.net\/index.php\/2026\/04\/25\/zakaria-ca-fait-chier-de-perdre-deux-points\/\" class=\"plain\">\n\t\t\t\t<div class=\"box box-vertical box-text-bottom box-blog-post has-hover\">\n          \t\t\t\t\t<div class=\"box-text text-left\" >\n\t\t\t\t\t<div class=\"box-text-inner blog-post-inner\">\n\n\t\t\t\t\t\n\t\t\t\t\t\t\t\t\t\t<h5 class=\"post-title is-large \">Zakaria : \u00ab\u00a0\u00c7a fait chier de perdre deux points\u00a0\u00bb<\/h5>\n\t\t\t\t\t<div class=\"post-meta is-small op-8\">25 avril 2026<\/div>\t\t\t\t\t<div class=\"is-divider\"><\/div>\n\t\t\t\t\t\t\t\t\t\t<p class=\"from_the_blog_excerpt \">La frustration \u00e9tait palpable dans les rangs mon\u00e9gasques, apr\u00e8s s\u2019\u00eatre fait remonter au score contre [...]\t\t\t\t\t<\/p>\n\t\t\t\t\t                    \n\t\t\t\t\t\n\t\t\t\t\t\n\t\t\t\t\t<\/div>\n\t\t\t\t\t<\/div>\n\t\t\t\t\t\t\t\t\t<\/div>\n\t\t\t\t<\/a>\n\t\t\t<\/div>\n\t\t<\/div><div class=\"col post-item\" >\n\t\t\t<div class=\"col-inner\">\n\t\t\t<a href=\"https:\/\/www.ladiagonale.net\/index.php\/2026\/04\/25\/monaco-se-rate-encore-a-toulouse-2-2\/\" class=\"plain\">\n\t\t\t\t<div class=\"box box-vertical box-text-bottom box-blog-post has-hover\">\n            \t\t\t\t\t<div class=\"box-image\" style=\"width:43%;\">\n  \t\t\t\t\t\t<div class=\"image-cover\" style=\"padding-top:89%;\">\n  \t\t\t\t\t\t\t<img width=\"300\" height=\"168\" src=\"https:\/\/www.ladiagonale.net\/wp-content\/uploads\/2026\/04\/MawissaTFC-300x168.png\" class=\"attachment-medium size-medium wp-post-image\" alt=\"\" loading=\"lazy\" srcset=\"https:\/\/www.ladiagonale.net\/wp-content\/uploads\/2026\/04\/MawissaTFC-300x168.png 300w, https:\/\/www.ladiagonale.net\/wp-content\/uploads\/2026\/04\/MawissaTFC-1024x574.png 1024w, https:\/\/www.ladiagonale.net\/wp-content\/uploads\/2026\/04\/MawissaTFC-768x430.png 768w, https:\/\/www.ladiagonale.net\/wp-content\/uploads\/2026\/04\/MawissaTFC-128x72.png 128w, https:\/\/www.ladiagonale.net\/wp-content\/uploads\/2026\/04\/MawissaTFC-32x18.png 32w, https:\/\/www.ladiagonale.net\/wp-content\/uploads\/2026\/04\/MawissaTFC.png 1160w\" sizes=\"(max-width: 300px) 100vw, 300px\" \/>  \t\t\t\t\t\t\t  \t\t\t\t\t\t\t  \t\t\t\t\t\t<\/div>\n  \t\t\t\t\t\t  \t\t\t\t\t<\/div>\n          \t\t\t\t\t<div class=\"box-text text-left\" >\n\t\t\t\t\t<div class=\"box-text-inner blog-post-inner\">\n\n\t\t\t\t\t\n\t\t\t\t\t\t\t\t\t\t<h5 class=\"post-title is-large \">Monaco se rate encore \u00e0 Toulouse (2-2)<\/h5>\n\t\t\t\t\t\t\t\t\t\t<div class=\"is-divider\"><\/div>\n\t\t\t\t\t\t\t\t\t\t<p class=\"from_the_blog_excerpt \">Comme la saison derni\u00e8re, les Mon\u00e9gasques ont conc\u00e9d\u00e9 le match nul sur la pelouse de [...]\t\t\t\t\t<\/p>\n\t\t\t\t\t                    \n\t\t\t\t\t\n\t\t\t\t\t\n\t\t\t\t\t<\/div>\n\t\t\t\t\t<\/div>\n\t\t\t\t\t\t\t\t\t\t\t\t\t\t\t\t<div class=\"badge absolute top post-date badge-outline\">\n\t\t\t\t\t\t\t<div class=\"badge-inner\">\n\t\t\t\t\t\t\t\t<span class=\"post-date-day\">25<\/span><br>\n\t\t\t\t\t\t\t\t<span class=\"post-date-month is-xsmall\">Avr<\/span>\n\t\t\t\t\t\t\t<\/div>\n\t\t\t\t\t\t<\/div>\n\t\t\t\t\t\t\t\t\t<\/div>\n\t\t\t\t<\/a>\n\t\t\t<\/div>\n\t\t<\/div><div class=\"col post-item\" >\n\t\t\t<div class=\"col-inner\">\n\t\t\t<a href=\"https:\/\/www.ladiagonale.net\/index.php\/2026\/04\/25\/les-compositions-zakaria-de-retour-au-milieu\/\" class=\"plain\">\n\t\t\t\t<div class=\"box box-vertical box-text-bottom box-blog-post has-hover\">\n          \t\t\t\t\t<div class=\"box-text text-left\" >\n\t\t\t\t\t<div class=\"box-text-inner blog-post-inner\">\n\n\t\t\t\t\t\n\t\t\t\t\t\t\t\t\t\t<h5 class=\"post-title is-large \">Les compositions : Zakaria de retour au milieu<\/h5>\n\t\t\t\t\t<div class=\"post-meta is-small op-8\">25 avril 2026<\/div>\t\t\t\t\t<div class=\"is-divider\"><\/div>\n\t\t\t\t\t\t\t\t\t\t<p class=\"from_the_blog_excerpt \">Apr\u00e8s avoir disput\u00e9 les neuf derni\u00e8res rencontres en charni\u00e8re, Denis Zakaria remonte d&rsquo;un cran \u00e0 [...]\t\t\t\t\t<\/p>\n\t\t\t\t\t                    \n\t\t\t\t\t\n\t\t\t\t\t\n\t\t\t\t\t<\/div>\n\t\t\t\t\t<\/div>\n\t\t\t\t\t\t\t\t\t<\/div>\n\t\t\t\t<\/a>\n\t\t\t<\/div>\n\t\t<\/div><div class=\"col post-item\" >\n\t\t\t<div class=\"col-inner\">\n\t\t\t<a href=\"https:\/\/www.ladiagonale.net\/index.php\/2026\/04\/25\/toulouse-monaco-en-clair-amicaux-multiplex-du-nouveau-avec-ligue-1\/\" class=\"plain\">\n\t\t\t\t<div class=\"box box-vertical box-text-bottom box-blog-post has-hover\">\n          \t\t\t\t\t<div class=\"box-text text-left\" >\n\t\t\t\t\t<div class=\"box-text-inner blog-post-inner\">\n\n\t\t\t\t\t\n\t\t\t\t\t\t\t\t\t\t<h5 class=\"post-title is-large \">Toulouse-Monaco en clair, amicaux, multiplex,\u2026 du nouveau avec Ligue 1+<\/h5>\n\t\t\t\t\t<div class=\"post-meta is-small op-8\">25 avril 2026<\/div>\t\t\t\t\t<div class=\"is-divider\"><\/div>\n\t\t\t\t\t\t\t\t\t\t<p class=\"from_the_blog_excerpt \">La fin de saison approche \u00e0 grands pas mais les pr\u00e9paratifs pour la prochaine sont [...]\t\t\t\t\t<\/p>\n\t\t\t\t\t                    \n\t\t\t\t\t\n\t\t\t\t\t\n\t\t\t\t\t<\/div>\n\t\t\t\t\t<\/div>\n\t\t\t\t\t\t\t\t\t<\/div>\n\t\t\t\t<\/a>\n\t\t\t<\/div>\n\t\t<\/div><div class=\"col post-item\" >\n\t\t\t<div class=\"col-inner\">\n\t\t\t<a href=\"https:\/\/www.ladiagonale.net\/index.php\/2026\/04\/25\/turpin-arbitre-de-toulouse-monaco\/\" class=\"plain\">\n\t\t\t\t<div class=\"box box-vertical box-text-bottom box-blog-post has-hover\">\n          \t\t\t\t\t<div class=\"box-text text-left\" >\n\t\t\t\t\t<div class=\"box-text-inner blog-post-inner\">\n\n\t\t\t\t\t\n\t\t\t\t\t\t\t\t\t\t<h5 class=\"post-title is-large \">Turpin arbitre de Toulouse-Monaco<\/h5>\n\t\t\t\t\t<div class=\"post-meta is-small op-8\">25 avril 2026<\/div>\t\t\t\t\t<div class=\"is-divider\"><\/div>\n\t\t\t\t\t\t\t\t\t\t<p class=\"from_the_blog_excerpt \">La rencontre entre l\u2019AS Monaco et Toulouse, qui se va disputer ce samedi soir (21h05), [...]\t\t\t\t\t<\/p>\n\t\t\t\t\t                    \n\t\t\t\t\t\n\t\t\t\t\t\n\t\t\t\t\t<\/div>\n\t\t\t\t\t<\/div>\n\t\t\t\t\t\t\t\t\t<\/div>\n\t\t\t\t<\/a>\n\t\t\t<\/div>\n\t\t<\/div><div class=\"col post-item\" >\n\t\t\t<div class=\"col-inner\">\n\t\t\t<a href=\"https:\/\/www.ladiagonale.net\/index.php\/2026\/04\/24\/le-groupe-monegasque-camara-fait-son-retour-diatta-absent\/\" class=\"plain\">\n\t\t\t\t<div class=\"box box-vertical box-text-bottom box-blog-post has-hover\">\n          \t\t\t\t\t<div class=\"box-text text-left\" >\n\t\t\t\t\t<div class=\"box-text-inner blog-post-inner\">\n\n\t\t\t\t\t\n\t\t\t\t\t\t\t\t\t\t<h5 class=\"post-title is-large \">Le groupe mon\u00e9gasque : Camara fait son retour, Diatta absent<\/h5>\n\t\t\t\t\t<div class=\"post-meta is-small op-8\">24 avril 2026<\/div>\t\t\t\t\t<div class=\"is-divider\"><\/div>\n\t\t\t\t\t\t\t\t\t\t<p class=\"from_the_blog_excerpt \">Pour affronter Toulouse, samedi soir (21h05), 22 joueurs de l&rsquo;AS Monaco seront du d\u00e9placement. Absent [...]\t\t\t\t\t<\/p>\n\t\t\t\t\t                    \n\t\t\t\t\t\n\t\t\t\t\t\n\t\t\t\t\t<\/div>\n\t\t\t\t\t<\/div>\n\t\t\t\t\t\t\t\t\t<\/div>\n\t\t\t\t<\/a>\n\t\t\t<\/div>\n\t\t<\/div><div class=\"col post-item\" >\n\t\t\t<div class=\"col-inner\">\n\t\t\t<a href=\"https:\/\/www.ladiagonale.net\/index.php\/2026\/04\/24\/le-groupe-toulousain-gboho-encore-suspendu-mckenzie-de-retour\/\" class=\"plain\">\n\t\t\t\t<div class=\"box box-vertical box-text-bottom box-blog-post has-hover\">\n          \t\t\t\t\t<div class=\"box-text text-left\" >\n\t\t\t\t\t<div class=\"box-text-inner blog-post-inner\">\n\n\t\t\t\t\t\n\t\t\t\t\t\t\t\t\t\t<h5 class=\"post-title is-large \">Le groupe toulousain : Gboho encore suspendu, McKenzie de retour<\/h5>\n\t\t\t\t\t<div class=\"post-meta is-small op-8\">24 avril 2026<\/div>\t\t\t\t\t<div class=\"is-divider\"><\/div>\n\t\t\t\t\t\t\t\t\t\t<p class=\"from_the_blog_excerpt \">Ce n&rsquo;est pas une mauvaise nouvelle pour l&rsquo;AS Monaco, puisque son prochain adversaire, Toulouse, ne [...]\t\t\t\t\t<\/p>\n\t\t\t\t\t                    \n\t\t\t\t\t\n\t\t\t\t\t\n\t\t\t\t\t<\/div>\n\t\t\t\t\t<\/div>\n\t\t\t\t\t\t\t\t\t<\/div>\n\t\t\t\t<\/a>\n\t\t\t<\/div>\n\t\t<\/div><div class=\"col post-item\" >\n\t\t\t<div class=\"col-inner\">\n\t\t\t<a href=\"https:\/\/www.ladiagonale.net\/index.php\/2026\/04\/24\/pogba-je-vois-le-football-dune-maniere-totalement-differente\/\" class=\"plain\">\n\t\t\t\t<div class=\"box box-vertical box-text-bottom box-blog-post has-hover\">\n          \t\t\t\t\t<div class=\"box-text text-left\" >\n\t\t\t\t\t<div class=\"box-text-inner blog-post-inner\">\n\n\t\t\t\t\t\n\t\t\t\t\t\t\t\t\t\t<h5 class=\"post-title is-large \">Pogba : \u00ab&nbsp;Je vois le football d\u2019une mani\u00e8re totalement diff\u00e9rente&nbsp;\u00bb<\/h5>\n\t\t\t\t\t<div class=\"post-meta is-small op-8\">24 avril 2026<\/div>\t\t\t\t\t<div class=\"is-divider\"><\/div>\n\t\t\t\t\t\t\t\t\t\t<p class=\"from_the_blog_excerpt \">Les sorties m\u00e9diatiques de Paul Pogba, depuis son arriv\u00e9e \u00e0 l\u2019AS Monaco, sont plut\u00f4t rares, [...]\t\t\t\t\t<\/p>\n\t\t\t\t\t                    \n\t\t\t\t\t\n\t\t\t\t\t\n\t\t\t\t\t<\/div>\n\t\t\t\t\t<\/div>\n\t\t\t\t\t\t\t\t\t<\/div>\n\t\t\t\t<\/a>\n\t\t\t<\/div>\n\t\t<\/div><div class=\"col post-item\" >\n\t\t\t<div class=\"col-inner\">\n\t\t\t<a href=\"https:\/\/www.ladiagonale.net\/index.php\/2026\/04\/24\/monaco-et-pocognoli-comptent-toujours-sur-biereth\/\" class=\"plain\">\n\t\t\t\t<div class=\"box box-vertical box-text-bottom box-blog-post has-hover\">\n          \t\t\t\t\t<div class=\"box-text text-left\" >\n\t\t\t\t\t<div class=\"box-text-inner blog-post-inner\">\n\n\t\t\t\t\t\n\t\t\t\t\t\t\t\t\t\t<h5 class=\"post-title is-large \">Monaco et Pocognoli comptent toujours sur Biereth<\/h5>\n\t\t\t\t\t<div class=\"post-meta is-small op-8\">24 avril 2026<\/div>\t\t\t\t\t<div class=\"is-divider\"><\/div>\n\t\t\t\t\t\t\t\t\t\t<p class=\"from_the_blog_excerpt \">Cette saison, Folarin Balogun a fait le m\u00e9nage autour de lui. L\u2019attaquant am\u00e9ricain a an\u00e9anti [...]\t\t\t\t\t<\/p>\n\t\t\t\t\t                    \n\t\t\t\t\t\n\t\t\t\t\t\n\t\t\t\t\t<\/div>\n\t\t\t\t\t<\/div>\n\t\t\t\t\t\t\t\t\t<\/div>\n\t\t\t\t<\/a>\n\t\t\t<\/div>\n\t\t<\/div><div class=\"col post-item\" >\n\t\t\t<div class=\"col-inner\">\n\t\t\t<a href=\"https:\/\/www.ladiagonale.net\/index.php\/2026\/04\/24\/mawissa-on-sen-veut-de-nos-deux-derniers-matches\/\" class=\"plain\">\n\t\t\t\t<div class=\"box box-vertical box-text-bottom box-blog-post has-hover\">\n          \t\t\t\t\t<div class=\"box-text text-left\" >\n\t\t\t\t\t<div class=\"box-text-inner blog-post-inner\">\n\n\t\t\t\t\t\n\t\t\t\t\t\t\t\t\t\t<h5 class=\"post-title is-large \">Mawissa : \u00ab&nbsp;On s\u2019en veut de nos deux derniers matches&nbsp;\u00bb<\/h5>\n\t\t\t\t\t<div class=\"post-meta is-small op-8\">24 avril 2026<\/div>\t\t\t\t\t<div class=\"is-divider\"><\/div>\n\t\t\t\t\t\t\t\t\t\t<p class=\"from_the_blog_excerpt \">L\u2019AS Monaco n\u2019a plus le choix. Contre Toulouse, samedi (21h05), les Rouge et Blanc devront [...]\t\t\t\t\t<\/p>\n\t\t\t\t\t                    \n\t\t\t\t\t\n\t\t\t\t\t\n\t\t\t\t\t<\/div>\n\t\t\t\t\t<\/div>\n\t\t\t\t\t\t\t\t\t<\/div>\n\t\t\t\t<\/a>\n\t\t\t<\/div>\n\t\t<\/div><div class=\"col post-item\" >\n\t\t\t<div class=\"col-inner\">\n\t\t\t<a href=\"https:\/\/www.ladiagonale.net\/index.php\/2026\/04\/23\/pocognoli-les-joueurs-savent-que-cest-maintenant-ou-jamais\/\" class=\"plain\">\n\t\t\t\t<div class=\"box box-vertical box-text-bottom box-blog-post has-hover\">\n          \t\t\t\t\t<div class=\"box-text text-left\" >\n\t\t\t\t\t<div class=\"box-text-inner blog-post-inner\">\n\n\t\t\t\t\t\n\t\t\t\t\t\t\t\t\t\t<h5 class=\"post-title is-large \">Pocognoli : \u00ab&nbsp;Les joueurs savent que c\u2019est maintenant ou jamais&nbsp;\u00bb<\/h5>\n\t\t\t\t\t<div class=\"post-meta is-small op-8\">23 avril 2026<\/div>\t\t\t\t\t<div class=\"is-divider\"><\/div>\n\t\t\t\t\t\t\t\t\t\t<p class=\"from_the_blog_excerpt \">Apr\u00e8s une tr\u00e8s belle s\u00e9rie de sept victoires d\u2019affil\u00e9e, l\u2019AS Monaco est dans une phase [...]\t\t\t\t\t<\/p>\n\t\t\t\t\t                    \n\t\t\t\t\t\n\t\t\t\t\t\n\t\t\t\t\t<\/div>\n\t\t\t\t\t<\/div>\n\t\t\t\t\t\t\t\t\t<\/div>\n\t\t\t\t<\/a>\n\t\t\t<\/div>\n\t\t<\/div><div class=\"col post-item\" >\n\t\t\t<div class=\"col-inner\">\n\t\t\t<a href=\"https:\/\/www.ladiagonale.net\/index.php\/2026\/04\/23\/aucun-retour-de-linfirmerie-pour-toulouse\/\" class=\"plain\">\n\t\t\t\t<div class=\"box box-vertical box-text-bottom box-blog-post has-hover\">\n          \t\t\t\t\t<div class=\"box-text text-left\" >\n\t\t\t\t\t<div class=\"box-text-inner blog-post-inner\">\n\n\t\t\t\t\t\n\t\t\t\t\t\t\t\t\t\t<h5 class=\"post-title is-large \">Aucun retour de l\u2019infirmerie pour Toulouse<\/h5>\n\t\t\t\t\t<div class=\"post-meta is-small op-8\">23 avril 2026<\/div>\t\t\t\t\t<div class=\"is-divider\"><\/div>\n\t\t\t\t\t\t\t\t\t\t<p class=\"from_the_blog_excerpt \">Ce samedi (21h05), l\u2019AS Monaco se rend \u00e0 Toulouse pour la 31e journ\u00e9e de Ligue [...]\t\t\t\t\t<\/p>\n\t\t\t\t\t                    \n\t\t\t\t\t\n\t\t\t\t\t\n\t\t\t\t\t<\/div>\n\t\t\t\t\t<\/div>\n\t\t\t\t\t\t\t\t\t<\/div>\n\t\t\t\t<\/a>\n\t\t\t<\/div>\n\t\t<\/div><div class=\"col post-item\" >\n\t\t\t<div class=\"col-inner\">\n\t\t\t<a href=\"https:\/\/www.ladiagonale.net\/index.php\/2026\/04\/23\/idumbo-va-etre-opere\/\" class=\"plain\">\n\t\t\t\t<div class=\"box box-vertical box-text-bottom box-blog-post has-hover\">\n          \t\t\t\t\t<div class=\"box-text text-left\" >\n\t\t\t\t\t<div class=\"box-text-inner blog-post-inner\">\n\n\t\t\t\t\t\n\t\t\t\t\t\t\t\t\t\t<h5 class=\"post-title is-large \">Idumbo va \u00eatre op\u00e9r\u00e9<\/h5>\n\t\t\t\t\t<div class=\"post-meta is-small op-8\">23 avril 2026<\/div>\t\t\t\t\t<div class=\"is-divider\"><\/div>\n\t\t\t\t\t\t\t\t\t\t<p class=\"from_the_blog_excerpt \">Touch\u00e9 \u00e0 l\u2019\u00e9paule droite le 15 avril, lors de l\u2019entra\u00eenement ouvert au public, Stanis Idumbo [...]\t\t\t\t\t<\/p>\n\t\t\t\t\t                    \n\t\t\t\t\t\n\t\t\t\t\t\n\t\t\t\t\t<\/div>\n\t\t\t\t\t<\/div>\n\t\t\t\t\t\t\t\t\t<\/div>\n\t\t\t\t<\/a>\n\t\t\t<\/div>\n\t\t<\/div><div class=\"col post-item\" >\n\t\t\t<div class=\"col-inner\">\n\t\t\t<a href=\"https:\/\/www.ladiagonale.net\/index.php\/2026\/04\/23\/pour-monaco-les-chances-de-ligue-des-champions-sont-faibles\/\" class=\"plain\">\n\t\t\t\t<div class=\"box box-vertical box-text-bottom box-blog-post has-hover\">\n          \t\t\t\t\t<div class=\"box-text text-left\" >\n\t\t\t\t\t<div class=\"box-text-inner blog-post-inner\">\n\n\t\t\t\t\t\n\t\t\t\t\t\t\t\t\t\t<h5 class=\"post-title is-large \">Pour Monaco, les chances de Ligue des champions sont faibles<\/h5>\n\t\t\t\t\t<div class=\"post-meta is-small op-8\">23 avril 2026<\/div>\t\t\t\t\t<div class=\"is-divider\"><\/div>\n\t\t\t\t\t\t\t\t\t\t<p class=\"from_the_blog_excerpt \">La 30e journ\u00e9e de Ligue 1 a livr\u00e9 un nouveau verdict peu favorable aux Mon\u00e9gasques. [...]\t\t\t\t\t<\/p>\n\t\t\t\t\t                    \n\t\t\t\t\t\n\t\t\t\t\t\n\t\t\t\t\t<\/div>\n\t\t\t\t\t<\/div>\n\t\t\t\t\t\t\t\t\t<\/div>\n\t\t\t\t<\/a>\n\t\t\t<\/div>\n\t\t<\/div><div class=\"col post-item\" >\n\t\t\t<div class=\"col-inner\">\n\t\t\t<a href=\"https:\/\/www.ladiagonale.net\/index.php\/2026\/04\/23\/le-groupe-elite-encore-vainqueur-de-brighton\/\" class=\"plain\">\n\t\t\t\t<div class=\"box box-vertical box-text-bottom box-blog-post has-hover\">\n          \t\t\t\t\t<div class=\"box-text text-left\" >\n\t\t\t\t\t<div class=\"box-text-inner blog-post-inner\">\n\n\t\t\t\t\t\n\t\t\t\t\t\t\t\t\t\t<h5 class=\"post-title is-large \">Le Groupe \u00c9lite encore vainqueur de Brighton<\/h5>\n\t\t\t\t\t<div class=\"post-meta is-small op-8\">23 avril 2026<\/div>\t\t\t\t\t<div class=\"is-divider\"><\/div>\n\t\t\t\t\t\t\t\t\t\t<p class=\"from_the_blog_excerpt \">La double confrontation amicale entre le Groupe \u00c9lite de l\u2019AS Monaco et l\u2019\u00e9quipe r\u00e9serve de [...]\t\t\t\t\t<\/p>\n\t\t\t\t\t                    \n\t\t\t\t\t\n\t\t\t\t\t\n\t\t\t\t\t<\/div>\n\t\t\t\t\t<\/div>\n\t\t\t\t\t\t\t\t\t<\/div>\n\t\t\t\t<\/a>\n\t\t\t<\/div>\n\t\t<\/div><div class=\"col post-item\" >\n\t\t\t<div class=\"col-inner\">\n\t\t\t<a href=\"https:\/\/www.ladiagonale.net\/index.php\/2026\/04\/22\/akliouche-serait-toujours-suivi-par-le-psg\/\" class=\"plain\">\n\t\t\t\t<div class=\"box box-vertical box-text-bottom box-blog-post has-hover\">\n          \t\t\t\t\t<div class=\"box-text text-left\" >\n\t\t\t\t\t<div class=\"box-text-inner blog-post-inner\">\n\n\t\t\t\t\t\n\t\t\t\t\t\t\t\t\t\t<h5 class=\"post-title is-large \">Akliouche serait toujours suivi par le PSG<\/h5>\n\t\t\t\t\t<div class=\"post-meta is-small op-8\">22 avril 2026<\/div>\t\t\t\t\t<div class=\"is-divider\"><\/div>\n\t\t\t\t\t\t\t\t\t\t<p class=\"from_the_blog_excerpt \">La fin de saison approche pour l\u2019AS Monaco, mais peut-\u00eatre pas encore pour Maghnes Akliouche [...]\t\t\t\t\t<\/p>\n\t\t\t\t\t                    \n\t\t\t\t\t\n\t\t\t\t\t\n\t\t\t\t\t<\/div>\n\t\t\t\t\t<\/div>\n\t\t\t\t\t\t\t\t\t<\/div>\n\t\t\t\t<\/a>\n\t\t\t<\/div>\n\t\t<\/div><div class=\"col post-item\" >\n\t\t\t<div class=\"col-inner\">\n\t\t\t<a href=\"https:\/\/www.ladiagonale.net\/index.php\/2026\/04\/22\/balogun-egale-nonda-et-rony-lopes\/\" class=\"plain\">\n\t\t\t\t<div class=\"box box-vertical box-text-bottom box-blog-post has-hover\">\n          \t\t\t\t\t<div class=\"box-text text-left\" >\n\t\t\t\t\t<div class=\"box-text-inner blog-post-inner\">\n\n\t\t\t\t\t\n\t\t\t\t\t\t\t\t\t\t<h5 class=\"post-title is-large \">Balogun \u00e9gale Nonda et Rony Lopes<\/h5>\n\t\t\t\t\t<div class=\"post-meta is-small op-8\">22 avril 2026<\/div>\t\t\t\t\t<div class=\"is-divider\"><\/div>\n\t\t\t\t\t\t\t\t\t\t<p class=\"from_the_blog_excerpt \">Dimanche, contre Auxerre, Folarin Balogun a fait trembler les filets pour la 18e fois de [...]\t\t\t\t\t<\/p>\n\t\t\t\t\t                    \n\t\t\t\t\t\n\t\t\t\t\t\n\t\t\t\t\t<\/div>\n\t\t\t\t\t<\/div>\n\t\t\t\t\t\t\t\t\t<\/div>\n\t\t\t\t<\/a>\n\t\t\t<\/div>\n\t\t<\/div><div class=\"col post-item\" >\n\t\t\t<div class=\"col-inner\">\n\t\t\t<a href=\"https:\/\/www.ladiagonale.net\/index.php\/2026\/04\/21\/les-notes-adingra-avait-du-peps\/\" class=\"plain\">\n\t\t\t\t<div class=\"box box-vertical box-text-bottom box-blog-post has-hover\">\n            \t\t\t\t\t<div class=\"box-image\" style=\"width:43%;\">\n  \t\t\t\t\t\t<div class=\"image-cover\" style=\"padding-top:89%;\">\n  \t\t\t\t\t\t\t<img width=\"300\" height=\"168\" src=\"https:\/\/www.ladiagonale.net\/wp-content\/uploads\/2026\/04\/AdingraAJA-300x168.png\" class=\"attachment-medium size-medium wp-post-image\" alt=\"\" loading=\"lazy\" srcset=\"https:\/\/www.ladiagonale.net\/wp-content\/uploads\/2026\/04\/AdingraAJA-300x168.png 300w, https:\/\/www.ladiagonale.net\/wp-content\/uploads\/2026\/04\/AdingraAJA-1024x574.png 1024w, https:\/\/www.ladiagonale.net\/wp-content\/uploads\/2026\/04\/AdingraAJA-768x430.png 768w, https:\/\/www.ladiagonale.net\/wp-content\/uploads\/2026\/04\/AdingraAJA-128x72.png 128w, https:\/\/www.ladiagonale.net\/wp-content\/uploads\/2026\/04\/AdingraAJA-32x18.png 32w, https:\/\/www.ladiagonale.net\/wp-content\/uploads\/2026\/04\/AdingraAJA.png 1160w\" sizes=\"(max-width: 300px) 100vw, 300px\" \/>  \t\t\t\t\t\t\t  \t\t\t\t\t\t\t  \t\t\t\t\t\t<\/div>\n  \t\t\t\t\t\t  \t\t\t\t\t<\/div>\n          \t\t\t\t\t<div class=\"box-text text-left\" >\n\t\t\t\t\t<div class=\"box-text-inner blog-post-inner\">\n\n\t\t\t\t\t\n\t\t\t\t\t\t\t\t\t\t<h5 class=\"post-title is-large \">Les notes : Adingra avait du pep&rsquo;s<\/h5>\n\t\t\t\t\t\t\t\t\t\t<div class=\"is-divider\"><\/div>\n\t\t\t\t\t\t\t\t\t\t<p class=\"from_the_blog_excerpt \">Men\u00e9 de deux buts par Auxerre, Simon Adingra a apport\u00e9 un allant qui a entra\u00een\u00e9 [...]\t\t\t\t\t<\/p>\n\t\t\t\t\t                    \n\t\t\t\t\t\n\t\t\t\t\t\n\t\t\t\t\t<\/div>\n\t\t\t\t\t<\/div>\n\t\t\t\t\t\t\t\t\t\t\t\t\t\t\t\t<div class=\"badge absolute top post-date badge-outline\">\n\t\t\t\t\t\t\t<div class=\"badge-inner\">\n\t\t\t\t\t\t\t\t<span class=\"post-date-day\">21<\/span><br>\n\t\t\t\t\t\t\t\t<span class=\"post-date-month is-xsmall\">Avr<\/span>\n\t\t\t\t\t\t\t<\/div>\n\t\t\t\t\t\t<\/div>\n\t\t\t\t\t\t\t\t\t<\/div>\n\t\t\t\t<\/a>\n\t\t\t<\/div>\n\t\t<\/div><div class=\"col post-item\" >\n\t\t\t<div class=\"col-inner\">\n\t\t\t<a href=\"https:\/\/www.ladiagonale.net\/index.php\/2026\/04\/21\/podcast-monaco-grille-un-nouveau-joker\/\" class=\"plain\">\n\t\t\t\t<div class=\"box box-vertical box-text-bottom box-blog-post has-hover\">\n          \t\t\t\t\t<div class=\"box-text text-left\" >\n\t\t\t\t\t<div class=\"box-text-inner blog-post-inner\">\n\n\t\t\t\t\t\n\t\t\t\t\t\t\t\t\t\t<h5 class=\"post-title is-large \">Podcast : Monaco grille un nouveau joker<\/h5>\n\t\t\t\t\t<div class=\"post-meta is-small op-8\">21 avril 2026<\/div>\t\t\t\t\t<div class=\"is-divider\"><\/div>\n\t\t\t\t\t\t\t\t\t\t<p class=\"from_the_blog_excerpt \">Contraint au nul par Auxerre (2-2) apr\u00e8s un premier acte \u00e0 l&rsquo;envers, l&rsquo;AS Monaco a [...]\t\t\t\t\t<\/p>\n\t\t\t\t\t                    \n\t\t\t\t\t\n\t\t\t\t\t\n\t\t\t\t\t<\/div>\n\t\t\t\t\t<\/div>\n\t\t\t\t\t\t\t\t\t<\/div>\n\t\t\t\t<\/a>\n\t\t\t<\/div>\n\t\t<\/div><div class=\"col post-item\" >\n\t\t\t<div class=\"col-inner\">\n\t\t\t<a href=\"https:\/\/www.ladiagonale.net\/index.php\/2026\/04\/19\/pocognoli-un-match-a-limage-de-notre-saison\/\" class=\"plain\">\n\t\t\t\t<div class=\"box box-vertical box-text-bottom box-blog-post has-hover\">\n          \t\t\t\t\t<div class=\"box-text text-left\" >\n\t\t\t\t\t<div class=\"box-text-inner blog-post-inner\">\n\n\t\t\t\t\t\n\t\t\t\t\t\t\t\t\t\t<h5 class=\"post-title is-large \">Pocognoli : \u00ab&nbsp;Un match \u00e0 l\u2019image de notre saison&nbsp;\u00bb<\/h5>\n\t\t\t\t\t<div class=\"post-meta is-small op-8\">19 avril 2026<\/div>\t\t\t\t\t<div class=\"is-divider\"><\/div>\n\t\t\t\t\t\t\t\t\t\t<p class=\"from_the_blog_excerpt \">L\u2019AS Monaco a encore \u00e9gar\u00e9 des points en cours de route, dimanche, contre Auxerre. La [...]\t\t\t\t\t<\/p>\n\t\t\t\t\t                    \n\t\t\t\t\t\n\t\t\t\t\t\n\t\t\t\t\t<\/div>\n\t\t\t\t\t<\/div>\n\t\t\t\t\t\t\t\t\t<\/div>\n\t\t\t\t<\/a>\n\t\t\t<\/div>\n\t\t<\/div><div class=\"col post-item\" >\n\t\t\t<div class=\"col-inner\">\n\t\t\t<a href=\"https:\/\/www.ladiagonale.net\/index.php\/2026\/04\/19\/monaco-a-reagi-trop-tard-face-a-auxerre-2-2\/\" class=\"plain\">\n\t\t\t\t<div class=\"box box-vertical box-text-bottom box-blog-post has-hover\">\n            \t\t\t\t\t<div class=\"box-image\" style=\"width:43%;\">\n  \t\t\t\t\t\t<div class=\"image-cover\" style=\"padding-top:89%;\">\n  \t\t\t\t\t\t\t<img width=\"300\" height=\"168\" src=\"https:\/\/www.ladiagonale.net\/wp-content\/uploads\/2026\/04\/Mawissa-auxerre-300x168.png\" class=\"attachment-medium size-medium wp-post-image\" alt=\"\" loading=\"lazy\" srcset=\"https:\/\/www.ladiagonale.net\/wp-content\/uploads\/2026\/04\/Mawissa-auxerre-300x168.png 300w, https:\/\/www.ladiagonale.net\/wp-content\/uploads\/2026\/04\/Mawissa-auxerre-1024x574.png 1024w, https:\/\/www.ladiagonale.net\/wp-content\/uploads\/2026\/04\/Mawissa-auxerre-768x430.png 768w, https:\/\/www.ladiagonale.net\/wp-content\/uploads\/2026\/04\/Mawissa-auxerre-128x72.png 128w, https:\/\/www.ladiagonale.net\/wp-content\/uploads\/2026\/04\/Mawissa-auxerre-32x18.png 32w, https:\/\/www.ladiagonale.net\/wp-content\/uploads\/2026\/04\/Mawissa-auxerre.png 1160w\" sizes=\"(max-width: 300px) 100vw, 300px\" \/>  \t\t\t\t\t\t\t  \t\t\t\t\t\t\t  \t\t\t\t\t\t<\/div>\n  \t\t\t\t\t\t  \t\t\t\t\t<\/div>\n          \t\t\t\t\t<div class=\"box-text text-left\" >\n\t\t\t\t\t<div class=\"box-text-inner blog-post-inner\">\n\n\t\t\t\t\t\n\t\t\t\t\t\t\t\t\t\t<h5 class=\"post-title is-large \">Monaco a r\u00e9agi trop tard face \u00e0 Auxerre (2-2)<\/h5>\n\t\t\t\t\t\t\t\t\t\t<div class=\"is-divider\"><\/div>\n\t\t\t\t\t\t\t\t\t\t<p class=\"from_the_blog_excerpt \">On attendait une r\u00e9action de l\u2019AS Monaco apr\u00e8s le lourd revers contre le PFC. S\u2019il [...]\t\t\t\t\t<\/p>\n\t\t\t\t\t                    \n\t\t\t\t\t\n\t\t\t\t\t\n\t\t\t\t\t<\/div>\n\t\t\t\t\t<\/div>\n\t\t\t\t\t\t\t\t\t\t\t\t\t\t\t\t<div class=\"badge absolute top post-date badge-outline\">\n\t\t\t\t\t\t\t<div class=\"badge-inner\">\n\t\t\t\t\t\t\t\t<span class=\"post-date-day\">19<\/span><br>\n\t\t\t\t\t\t\t\t<span class=\"post-date-month is-xsmall\">Avr<\/span>\n\t\t\t\t\t\t\t<\/div>\n\t\t\t\t\t\t<\/div>\n\t\t\t\t\t\t\t\t\t<\/div>\n\t\t\t\t<\/a>\n\t\t\t<\/div>\n\t\t<\/div><div class=\"col post-item\" >\n\t\t\t<div class=\"col-inner\">\n\t\t\t<a href=\"https:\/\/www.ladiagonale.net\/index.php\/2026\/04\/19\/les-compositions-teze-au-milieu\/\" class=\"plain\">\n\t\t\t\t<div class=\"box box-vertical box-text-bottom box-blog-post has-hover\">\n          \t\t\t\t\t<div class=\"box-text text-left\" >\n\t\t\t\t\t<div class=\"box-text-inner blog-post-inner\">\n\n\t\t\t\t\t\n\t\t\t\t\t\t\t\t\t\t<h5 class=\"post-title is-large \">Les compositions : Teze au milieu<\/h5>\n\t\t\t\t\t<div class=\"post-meta is-small op-8\">19 avril 2026<\/div>\t\t\t\t\t<div class=\"is-divider\"><\/div>\n\t\t\t\t\t\t\t\t\t\t<p class=\"from_the_blog_excerpt \">S\u00e9bastien Pocognoli a op\u00e9r\u00e9 plusieurs changements par rapport \u00e0 la rencontre face au Paris FC. [...]\t\t\t\t\t<\/p>\n\t\t\t\t\t                    \n\t\t\t\t\t\n\t\t\t\t\t\n\t\t\t\t\t<\/div>\n\t\t\t\t\t<\/div>\n\t\t\t\t\t\t\t\t\t<\/div>\n\t\t\t\t<\/a>\n\t\t\t<\/div>\n\t\t<\/div><div class=\"col post-item\" >\n\t\t\t<div class=\"col-inner\">\n\t\t\t<a href=\"https:\/\/www.ladiagonale.net\/index.php\/2026\/04\/19\/monaco-auxerre-arbitre-par-thomas-leonard\/\" class=\"plain\">\n\t\t\t\t<div class=\"box box-vertical box-text-bottom box-blog-post has-hover\">\n          \t\t\t\t\t<div class=\"box-text text-left\" >\n\t\t\t\t\t<div class=\"box-text-inner blog-post-inner\">\n\n\t\t\t\t\t\n\t\t\t\t\t\t\t\t\t\t<h5 class=\"post-title is-large \">Monaco-Auxerre arbitr\u00e9 par Thomas L\u00e9onard<\/h5>\n\t\t\t\t\t<div class=\"post-meta is-small op-8\">19 avril 2026<\/div>\t\t\t\t\t<div class=\"is-divider\"><\/div>\n\t\t\t\t\t\t\t\t\t\t<p class=\"from_the_blog_excerpt \">Ce dimanche (15h), l\u2019AS Monaco re\u00e7oit l\u2019AJ Auxerre pour le compte de la 30e journ\u00e9e [...]\t\t\t\t\t<\/p>\n\t\t\t\t\t                    \n\t\t\t\t\t\n\t\t\t\t\t\n\t\t\t\t\t<\/div>\n\t\t\t\t\t<\/div>\n\t\t\t\t\t\t\t\t\t<\/div>\n\t\t\t\t<\/a>\n\t\t\t<\/div>\n\t\t<\/div><div class=\"col post-item\" >\n\t\t\t<div class=\"col-inner\">\n\t\t\t<a href=\"https:\/\/www.ladiagonale.net\/index.php\/2026\/04\/19\/kebbal-bardghji-detourbet-monaco-en-quete-du-successeur-dakliouche\/\" class=\"plain\">\n\t\t\t\t<div class=\"box box-vertical box-text-bottom box-blog-post has-hover\">\n          \t\t\t\t\t<div class=\"box-text text-left\" >\n\t\t\t\t\t<div class=\"box-text-inner blog-post-inner\">\n\n\t\t\t\t\t\n\t\t\t\t\t\t\t\t\t\t<h5 class=\"post-title is-large \">Kebbal, Bardghji, Detourbet : Monaco en qu\u00eate du successeur d\u2019Akliouche ?<\/h5>\n\t\t\t\t\t<div class=\"post-meta is-small op-8\">19 avril 2026<\/div>\t\t\t\t\t<div class=\"is-divider\"><\/div>\n\t\t\t\t\t\t\t\t\t\t<p class=\"from_the_blog_excerpt \">En fin de saison, Maghnes Akliouche a de grandes chances de vivre sa premi\u00e8re comp\u00e9tition [...]\t\t\t\t\t<\/p>\n\t\t\t\t\t                    \n\t\t\t\t\t\n\t\t\t\t\t\n\t\t\t\t\t<\/div>\n\t\t\t\t\t<\/div>\n\t\t\t\t\t\t\t\t\t<\/div>\n\t\t\t\t<\/a>\n\t\t\t<\/div>\n\t\t<\/div><div class=\"col post-item\" >\n\t\t\t<div class=\"col-inner\">\n\t\t\t<a href=\"https:\/\/www.ladiagonale.net\/index.php\/2026\/04\/18\/les-u17-enchainent-contre-grenoble\/\" class=\"plain\">\n\t\t\t\t<div class=\"box box-vertical box-text-bottom box-blog-post has-hover\">\n          \t\t\t\t\t<div class=\"box-text text-left\" >\n\t\t\t\t\t<div class=\"box-text-inner blog-post-inner\">\n\n\t\t\t\t\t\n\t\t\t\t\t\t\t\t\t\t<h5 class=\"post-title is-large \">Les U17 encha\u00eenent contre Grenoble<\/h5>\n\t\t\t\t\t<div class=\"post-meta is-small op-8\">18 avril 2026<\/div>\t\t\t\t\t<div class=\"is-divider\"><\/div>\n\t\t\t\t\t\t\t\t\t\t<p class=\"from_the_blog_excerpt \">Apr\u00e8s avoir renou\u00e9 avec le succ\u00e8s la semaine pr\u00e9c\u00e9dente contre Lyon-La Duch\u00e8re, les U17 de [...]\t\t\t\t\t<\/p>\n\t\t\t\t\t                    \n\t\t\t\t\t\n\t\t\t\t\t\n\t\t\t\t\t<\/div>\n\t\t\t\t\t<\/div>\n\t\t\t\t\t\t\t\t\t<\/div>\n\t\t\t\t<\/a>\n\t\t\t<\/div>\n\t\t<\/div><div class=\"col post-item\" >\n\t\t\t<div class=\"col-inner\">\n\t\t\t<a href=\"https:\/\/www.ladiagonale.net\/index.php\/2026\/04\/18\/golovin-de-retour-dans-le-groupe\/\" class=\"plain\">\n\t\t\t\t<div class=\"box box-vertical box-text-bottom box-blog-post has-hover\">\n          \t\t\t\t\t<div class=\"box-text text-left\" >\n\t\t\t\t\t<div class=\"box-text-inner blog-post-inner\">\n\n\t\t\t\t\t\n\t\t\t\t\t\t\t\t\t\t<h5 class=\"post-title is-large \">Golovin de retour dans le groupe<\/h5>\n\t\t\t\t\t<div class=\"post-meta is-small op-8\">18 avril 2026<\/div>\t\t\t\t\t<div class=\"is-divider\"><\/div>\n\t\t\t\t\t\t\t\t\t\t<p class=\"from_the_blog_excerpt \">Comme cela \u00e9tait attendu, Aleksandr Golovin est bien de retour dans le groupe mon\u00e9gasque qui [...]\t\t\t\t\t<\/p>\n\t\t\t\t\t                    \n\t\t\t\t\t\n\t\t\t\t\t\n\t\t\t\t\t<\/div>\n\t\t\t\t\t<\/div>\n\t\t\t\t\t\t\t\t\t<\/div>\n\t\t\t\t<\/a>\n\t\t\t<\/div>\n\t\t<\/div><div class=\"col post-item\" >\n\t\t\t<div class=\"col-inner\">\n\t\t\t<a href=\"https:\/\/www.ladiagonale.net\/index.php\/2026\/04\/18\/teze-espere-aller-a-la-coupe-du-monde\/\" class=\"plain\">\n\t\t\t\t<div class=\"box box-vertical box-text-bottom box-blog-post has-hover\">\n          \t\t\t\t\t<div class=\"box-text text-left\" >\n\t\t\t\t\t<div class=\"box-text-inner blog-post-inner\">\n\n\t\t\t\t\t\n\t\t\t\t\t\t\t\t\t\t<h5 class=\"post-title is-large \">Teze esp\u00e8re aller \u00e0 la Coupe du monde<\/h5>\n\t\t\t\t\t<div class=\"post-meta is-small op-8\">18 avril 2026<\/div>\t\t\t\t\t<div class=\"is-divider\"><\/div>\n\t\t\t\t\t\t\t\t\t\t<p class=\"from_the_blog_excerpt \">Apr\u00e8s un premier exercice compliqu\u00e9 avec l\u2019AS Monaco, Jordan Teze a bien redress\u00e9 la barre [...]\t\t\t\t\t<\/p>\n\t\t\t\t\t                    \n\t\t\t\t\t\n\t\t\t\t\t\n\t\t\t\t\t<\/div>\n\t\t\t\t\t<\/div>\n\t\t\t\t\t\t\t\t\t<\/div>\n\t\t\t\t<\/a>\n\t\t\t<\/div>\n\t\t<\/div><div class=\"col post-item\" >\n\t\t\t<div class=\"col-inner\">\n\t\t\t<a href=\"https:\/\/www.ladiagonale.net\/index.php\/2026\/04\/18\/avant-auxerre-bamba-est-revenu-sur-ses-premiers-pas-avec-lasm\/\" class=\"plain\">\n\t\t\t\t<div class=\"box box-vertical box-text-bottom box-blog-post has-hover\">\n          \t\t\t\t\t<div class=\"box-text text-left\" >\n\t\t\t\t\t<div class=\"box-text-inner blog-post-inner\">\n\n\t\t\t\t\t\n\t\t\t\t\t\t\t\t\t\t<h5 class=\"post-title is-large \">Avant Auxerre, Bamba est revenu sur ses premiers pas avec l\u2019ASM<\/h5>\n\t\t\t\t\t<div class=\"post-meta is-small op-8\">18 avril 2026<\/div>\t\t\t\t\t<div class=\"is-divider\"><\/div>\n\t\t\t\t\t\t\t\t\t\t<p class=\"from_the_blog_excerpt \">On ne sait pas encore si Aladji Bamba sera titulaire au coup d\u2019envoi, dimanche (15h), [...]\t\t\t\t\t<\/p>\n\t\t\t\t\t                    \n\t\t\t\t\t\n\t\t\t\t\t\n\t\t\t\t\t<\/div>\n\t\t\t\t\t<\/div>\n\t\t\t\t\t\t\t\t\t<\/div>\n\t\t\t\t<\/a>\n\t\t\t<\/div>\n\t\t<\/div><div class=\"col post-item\" >\n\t\t\t<div class=\"col-inner\">\n\t\t\t<a href=\"https:\/\/www.ladiagonale.net\/index.php\/2026\/04\/18\/renversants-vainqueurs-daubagne-air-bel-les-u19-se-qualifient-pour-la-phase-finale\/\" class=\"plain\">\n\t\t\t\t<div class=\"box box-vertical box-text-bottom box-blog-post has-hover\">\n          \t\t\t\t\t<div class=\"box-text text-left\" >\n\t\t\t\t\t<div class=\"box-text-inner blog-post-inner\">\n\n\t\t\t\t\t\n\t\t\t\t\t\t\t\t\t\t<h5 class=\"post-title is-large \">Renversants vainqueurs d\u2019Aubagne-Air Bel, les U19 se qualifient pour la phase finale<\/h5>\n\t\t\t\t\t<div class=\"post-meta is-small op-8\">18 avril 2026<\/div>\t\t\t\t\t<div class=\"is-divider\"><\/div>\n\t\t\t\t\t\t\t\t\t\t<p class=\"from_the_blog_excerpt \">Les U19 de l\u2019AS Monaco sont en mission sur cette fin de saison. Leaders de [...]\t\t\t\t\t<\/p>\n\t\t\t\t\t                    \n\t\t\t\t\t\n\t\t\t\t\t\n\t\t\t\t\t<\/div>\n\t\t\t\t\t<\/div>\n\t\t\t\t\t\t\t\t\t<\/div>\n\t\t\t\t<\/a>\n\t\t\t<\/div>\n\t\t<\/div><div class=\"col post-item\" >\n\t\t\t<div class=\"col-inner\">\n\t\t\t<a href=\"https:\/\/www.ladiagonale.net\/index.php\/2026\/04\/18\/le-groupe-auxerrois-akpa-present\/\" class=\"plain\">\n\t\t\t\t<div class=\"box box-vertical box-text-bottom box-blog-post has-hover\">\n          \t\t\t\t\t<div class=\"box-text text-left\" >\n\t\t\t\t\t<div class=\"box-text-inner blog-post-inner\">\n\n\t\t\t\t\t\n\t\t\t\t\t\t\t\t\t\t<h5 class=\"post-title is-large \">Le groupe auxerrois : Akpa pr\u00e9sent<\/h5>\n\t\t\t\t\t<div class=\"post-meta is-small op-8\">18 avril 2026<\/div>\t\t\t\t\t<div class=\"is-divider\"><\/div>\n\t\t\t\t\t\t\t\t\t\t<p class=\"from_the_blog_excerpt \">Souffrant de douleurs r\u00e9currentes au psoas, Cl\u00e9ment Akpa, qui avait \u00e9t\u00e9 annonc\u00e9 sur les tablettes [...]\t\t\t\t\t<\/p>\n\t\t\t\t\t                    \n\t\t\t\t\t\n\t\t\t\t\t\n\t\t\t\t\t<\/div>\n\t\t\t\t\t<\/div>\n\t\t\t\t\t\t\t\t\t<\/div>\n\t\t\t\t<\/a>\n\t\t\t<\/div>\n\t\t<\/div><div class=\"col post-item\" >\n\t\t\t<div class=\"col-inner\">\n\t\t\t<a href=\"https:\/\/www.ladiagonale.net\/index.php\/2026\/04\/18\/pelissier-ce-serait-un-exploit-de-gagner-a-monaco\/\" class=\"plain\">\n\t\t\t\t<div class=\"box box-vertical box-text-bottom box-blog-post has-hover\">\n          \t\t\t\t\t<div class=\"box-text text-left\" >\n\t\t\t\t\t<div class=\"box-text-inner blog-post-inner\">\n\n\t\t\t\t\t\n\t\t\t\t\t\t\t\t\t\t<h5 class=\"post-title is-large \">Pelissier :\u00a0\u00ab\u00a0Ce serait un exploit de gagner \u00e0 Monaco\u00a0\u00bb<\/h5>\n\t\t\t\t\t<div class=\"post-meta is-small op-8\">18 avril 2026<\/div>\t\t\t\t\t<div class=\"is-divider\"><\/div>\n\t\t\t\t\t\t\t\t\t\t<p class=\"from_the_blog_excerpt \">Cette saison, l\u2019AS Monaco et l\u2019AJ Auxerre se sont d\u00e9j\u00e0 affront\u00e9s \u00e0 deux reprises, pour [...]\t\t\t\t\t<\/p>\n\t\t\t\t\t                    \n\t\t\t\t\t\n\t\t\t\t\t\n\t\t\t\t\t<\/div>\n\t\t\t\t\t<\/div>\n\t\t\t\t\t\t\t\t\t<\/div>\n\t\t\t\t<\/a>\n\t\t\t<\/div>\n\t\t<\/div><div class=\"col post-item\" >\n\t\t\t<div class=\"col-inner\">\n\t\t\t<a href=\"https:\/\/www.ladiagonale.net\/index.php\/2026\/04\/18\/le-multiplex-de-la-derniere-journee-egalement-decale\/\" class=\"plain\">\n\t\t\t\t<div class=\"box box-vertical box-text-bottom box-blog-post has-hover\">\n          \t\t\t\t\t<div class=\"box-text text-left\" >\n\t\t\t\t\t<div class=\"box-text-inner blog-post-inner\">\n\n\t\t\t\t\t\n\t\t\t\t\t\t\t\t\t\t<h5 class=\"post-title is-large \">Le multiplex de la derni\u00e8re journ\u00e9e \u00e9galement d\u00e9cal\u00e9<\/h5>\n\t\t\t\t\t<div class=\"post-meta is-small op-8\">18 avril 2026<\/div>\t\t\t\t\t<div class=\"is-divider\"><\/div>\n\t\t\t\t\t\t\t\t\t\t<p class=\"from_the_blog_excerpt \">Vendredi, la LFP a annonc\u00e9 des modifications pour le multiplex de la 33e et avant-derni\u00e8re [...]\t\t\t\t\t<\/p>\n\t\t\t\t\t                    \n\t\t\t\t\t\n\t\t\t\t\t\n\t\t\t\t\t<\/div>\n\t\t\t\t\t<\/div>\n\t\t\t\t\t\t\t\t\t<\/div>\n\t\t\t\t<\/a>\n\t\t\t<\/div>\n\t\t<\/div><div class=\"col post-item\" >\n\t\t\t<div class=\"col-inner\">\n\t\t\t<a href=\"https:\/\/www.ladiagonale.net\/index.php\/2026\/04\/18\/bamba-quand-pocognoli-ma-dit-quil-comptait-sur-moi-jetais-dubitatif\/\" class=\"plain\">\n\t\t\t\t<div class=\"box box-vertical box-text-bottom box-blog-post has-hover\">\n          \t\t\t\t\t<div class=\"box-text text-left\" >\n\t\t\t\t\t<div class=\"box-text-inner blog-post-inner\">\n\n\t\t\t\t\t\n\t\t\t\t\t\t\t\t\t\t<h5 class=\"post-title is-large \">Bamba : \u00ab&nbsp;Quand Pocognoli m\u2019a dit qu\u2019il comptait sur moi, j\u2019\u00e9tais dubitatif&nbsp;\u00bb<\/h5>\n\t\t\t\t\t<div class=\"post-meta is-small op-8\">18 avril 2026<\/div>\t\t\t\t\t<div class=\"is-divider\"><\/div>\n\t\t\t\t\t\t\t\t\t\t<p class=\"from_the_blog_excerpt \">Aladji Bamba est l\u2019une des belles surprises de cette saison \u00e0 l\u2019AS Monaco. Lanc\u00e9 dans [...]\t\t\t\t\t<\/p>\n\t\t\t\t\t                    \n\t\t\t\t\t\n\t\t\t\t\t\n\t\t\t\t\t<\/div>\n\t\t\t\t\t<\/div>\n\t\t\t\t\t\t\t\t\t<\/div>\n\t\t\t\t<\/a>\n\t\t\t<\/div>\n\t\t<\/div><div class=\"col post-item\" >\n\t\t\t<div class=\"col-inner\">\n\t\t\t<a href=\"https:\/\/www.ladiagonale.net\/index.php\/2026\/04\/18\/teze-gagner-contre-auxerre-est-la-meilleure-reponse-a-donner\/\" class=\"plain\">\n\t\t\t\t<div class=\"box box-vertical box-text-bottom box-blog-post has-hover\">\n          \t\t\t\t\t<div class=\"box-text text-left\" >\n\t\t\t\t\t<div class=\"box-text-inner blog-post-inner\">\n\n\t\t\t\t\t\n\t\t\t\t\t\t\t\t\t\t<h5 class=\"post-title is-large \">Teze : \u00ab&nbsp;Gagner contre Auxerre est la meilleure r\u00e9ponse \u00e0 donner&nbsp;\u00bb<\/h5>\n\t\t\t\t\t<div class=\"post-meta is-small op-8\">18 avril 2026<\/div>\t\t\t\t\t<div class=\"is-divider\"><\/div>\n\t\t\t\t\t\t\t\t\t\t<p class=\"from_the_blog_excerpt \">L\u2019AS Monaco est tr\u00e8s attendue, ce dimanche, contre l\u2019AJ Auxerre, apr\u00e8s sa d\u00e9faite de la [...]\t\t\t\t\t<\/p>\n\t\t\t\t\t                    \n\t\t\t\t\t\n\t\t\t\t\t\n\t\t\t\t\t<\/div>\n\t\t\t\t\t<\/div>\n\t\t\t\t\t\t\t\t\t<\/div>\n\t\t\t\t<\/a>\n\t\t\t<\/div>\n\t\t<\/div><\/div>\n\n<a href=\"https:\/\/www.ladiagonale.net\/index.php\/actualite-archives\/\" target=\"_self\" class=\"button primary\"  >\n    <span>Acc\u00e9der aux archives<\/span>\n  <\/a>\n\n\n\n","protected":false},"excerpt":{"rendered":"","protected":false},"author":1,"featured_media":0,"parent":0,"menu_order":0,"comment_status":"closed","ping_status":"closed","template":"page-right-sidebar.php","meta":[],"yoast_head":"<!-- This site is optimized with the Yoast SEO plugin v19.8 - https:\/\/yoast.com\/wordpress\/plugins\/seo\/ -->\n<title>Actualit\u00e9 - La Diagonale<\/title>\n<meta name=\"robots\" content=\"index, follow, max-snippet:-1, max-image-preview:large, max-video-preview:-1\" \/>\n<link rel=\"canonical\" href=\"https:\/\/www.ladiagonale.net\/index.php\/actualite\/\" \/>\n<meta property=\"og:locale\" content=\"fr_FR\" \/>\n<meta property=\"og:type\" content=\"article\" \/>\n<meta property=\"og:title\" content=\"Actualit\u00e9 - La Diagonale\" \/>\n<meta property=\"og:url\" content=\"https:\/\/www.ladiagonale.net\/index.php\/actualite\/\" \/>\n<meta property=\"og:site_name\" content=\"La Diagonale\" \/>\n<meta property=\"article:modified_time\" content=\"2025-10-11T01:19:08+00:00\" \/>\n<meta name=\"twitter:card\" content=\"summary_large_image\" \/>\n<script type=\"application\/ld+json\" class=\"yoast-schema-graph\">{\"@context\":\"https:\/\/schema.org\",\"@graph\":[{\"@type\":\"WebPage\",\"@id\":\"https:\/\/www.ladiagonale.net\/index.php\/actualite\/\",\"url\":\"https:\/\/www.ladiagonale.net\/index.php\/actualite\/\",\"name\":\"Actualit\u00e9 - La Diagonale\",\"isPartOf\":{\"@id\":\"https:\/\/www.ladiagonale.net\/#website\"},\"datePublished\":\"2022-09-22T11:31:35+00:00\",\"dateModified\":\"2025-10-11T01:19:08+00:00\",\"breadcrumb\":{\"@id\":\"https:\/\/www.ladiagonale.net\/index.php\/actualite\/#breadcrumb\"},\"inLanguage\":\"fr-FR\",\"potentialAction\":[{\"@type\":\"ReadAction\",\"target\":[\"https:\/\/www.ladiagonale.net\/index.php\/actualite\/\"]}]},{\"@type\":\"BreadcrumbList\",\"@id\":\"https:\/\/www.ladiagonale.net\/index.php\/actualite\/#breadcrumb\",\"itemListElement\":[{\"@type\":\"ListItem\",\"position\":1,\"name\":\"Accueil\",\"item\":\"https:\/\/www.ladiagonale.net\/\"},{\"@type\":\"ListItem\",\"position\":2,\"name\":\"Actualit\u00e9\"}]},{\"@type\":\"WebSite\",\"@id\":\"https:\/\/www.ladiagonale.net\/#website\",\"url\":\"https:\/\/www.ladiagonale.net\/\",\"name\":\"La Diagonale\",\"description\":\"Le site des supporters de l&#039;AS Monaco FC\",\"potentialAction\":[{\"@type\":\"SearchAction\",\"target\":{\"@type\":\"EntryPoint\",\"urlTemplate\":\"https:\/\/www.ladiagonale.net\/?s={search_term_string}\"},\"query-input\":\"required name=search_term_string\"}],\"inLanguage\":\"fr-FR\"}]}<\/script>\n<!-- \/ Yoast SEO plugin. -->","yoast_head_json":{"title":"Actualit\u00e9 - La Diagonale","robots":{"index":"index","follow":"follow","max-snippet":"max-snippet:-1","max-image-preview":"max-image-preview:large","max-video-preview":"max-video-preview:-1"},"canonical":"https:\/\/www.ladiagonale.net\/index.php\/actualite\/","og_locale":"fr_FR","og_type":"article","og_title":"Actualit\u00e9 - La Diagonale","og_url":"https:\/\/www.ladiagonale.net\/index.php\/actualite\/","og_site_name":"La Diagonale","article_modified_time":"2025-10-11T01:19:08+00:00","twitter_card":"summary_large_image","schema":{"@context":"https:\/\/schema.org","@graph":[{"@type":"WebPage","@id":"https:\/\/www.ladiagonale.net\/index.php\/actualite\/","url":"https:\/\/www.ladiagonale.net\/index.php\/actualite\/","name":"Actualit\u00e9 - La Diagonale","isPartOf":{"@id":"https:\/\/www.ladiagonale.net\/#website"},"datePublished":"2022-09-22T11:31:35+00:00","dateModified":"2025-10-11T01:19:08+00:00","breadcrumb":{"@id":"https:\/\/www.ladiagonale.net\/index.php\/actualite\/#breadcrumb"},"inLanguage":"fr-FR","potentialAction":[{"@type":"ReadAction","target":["https:\/\/www.ladiagonale.net\/index.php\/actualite\/"]}]},{"@type":"BreadcrumbList","@id":"https:\/\/www.ladiagonale.net\/index.php\/actualite\/#breadcrumb","itemListElement":[{"@type":"ListItem","position":1,"name":"Accueil","item":"https:\/\/www.ladiagonale.net\/"},{"@type":"ListItem","position":2,"name":"Actualit\u00e9"}]},{"@type":"WebSite","@id":"https:\/\/www.ladiagonale.net\/#website","url":"https:\/\/www.ladiagonale.net\/","name":"La Diagonale","description":"Le site des supporters de l&#039;AS Monaco FC","potentialAction":[{"@type":"SearchAction","target":{"@type":"EntryPoint","urlTemplate":"https:\/\/www.ladiagonale.net\/?s={search_term_string}"},"query-input":"required name=search_term_string"}],"inLanguage":"fr-FR"}]}},"_links":{"self":[{"href":"https:\/\/www.ladiagonale.net\/index.php\/wp-json\/wp\/v2\/pages\/2965"}],"collection":[{"href":"https:\/\/www.ladiagonale.net\/index.php\/wp-json\/wp\/v2\/pages"}],"about":[{"href":"https:\/\/www.ladiagonale.net\/index.php\/wp-json\/wp\/v2\/types\/page"}],"author":[{"embeddable":true,"href":"https:\/\/www.ladiagonale.net\/index.php\/wp-json\/wp\/v2\/users\/1"}],"replies":[{"embeddable":true,"href":"https:\/\/www.ladiagonale.net\/index.php\/wp-json\/wp\/v2\/comments?post=2965"}],"version-history":[{"count":19,"href":"https:\/\/www.ladiagonale.net\/index.php\/wp-json\/wp\/v2\/pages\/2965\/revisions"}],"predecessor-version":[{"id":34568,"href":"https:\/\/www.ladiagonale.net\/index.php\/wp-json\/wp\/v2\/pages\/2965\/revisions\/34568"}],"wp:attachment":[{"href":"https:\/\/www.ladiagonale.net\/index.php\/wp-json\/wp\/v2\/media?parent=2965"}],"curies":[{"name":"wp","href":"https:\/\/api.w.org\/{rel}","templated":true}]}}