{"id":34561,"date":"2025-10-11T02:51:44","date_gmt":"2025-10-11T00:51:44","guid":{"rendered":"https:\/\/www.ladiagonale.net\/?page_id=34561"},"modified":"2025-10-11T03:49:07","modified_gmt":"2025-10-11T01:49:07","slug":"academy-breves","status":"publish","type":"page","link":"https:\/\/www.ladiagonale.net\/index.php\/academy-breves\/","title":{"rendered":"Academy-br\u00e8ves"},"content":{"rendered":"\n\t<section class=\"section centrage_boutons\" id=\"section_968709524\">\n\t\t<div class=\"bg section-bg fill bg-fill  bg-loaded\" >\n\n\t\t\t\n\t\t\t\n\t\t\t\n\n\t\t<\/div>\n\n\t\t\n\n\t\t<div class=\"section-content relative\">\n\t\t\t\n\n<a href=\"https:\/\/www.ladiagonale.net\/index.php\/actualite\/\" target=\"_self\" class=\"button primary\"  >\n    <span>Br\u00e8ves<\/span>\n  <\/a>\n\n\n<a href=\"https:\/\/www.ladiagonale.net\/index.php\/actualite-les-articles\/\" target=\"_self\" class=\"button primary\"  >\n    <span>Articles<\/span>\n  <\/a>\n\n\n<a href=\"https:\/\/www.ladiagonale.net\/index.php\/mercato-breves\/\" target=\"_self\" class=\"button primary\"  >\n    <span>Mercato<\/span>\n  <\/a>\n\n\n<a href=\"https:\/\/www.ladiagonale.net\/index.php\/infirmerie-breves\/\" target=\"_self\" class=\"button primary\"  >\n    <span>Infirmerie<\/span>\n  <\/a>\n\n\n<a href=\"https:\/\/www.ladiagonale.net\/index.php\/academy-breves\/\" target=\"_self\" class=\"button primary\"  >\n    <span>Academy<\/span>\n  <\/a>\n\n\n\n\t\t<\/div>\n\n\t\t\n<style>\n#section_968709524 {\n  padding-top: 2px;\n  padding-bottom: 2px;\n}\n#section_968709524 .ux-shape-divider--top svg {\n  height: 150px;\n  --divider-top-width: 100%;\n}\n#section_968709524 .ux-shape-divider--bottom svg {\n  height: 150px;\n  --divider-width: 100%;\n}\n<\/style>\n\t<\/section>\n\t\n\n  \n    <div class=\"row large-columns-1 medium-columns-1 small-columns-1 row-small has-shadow row-box-shadow-2\">\n  <div class=\"col post-item\" >\n\t\t\t<div class=\"col-inner\">\n\t\t\t<a href=\"https:\/\/www.ladiagonale.net\/index.php\/2026\/05\/01\/bamba-bouabre-benama-que-deviennent-les-vainqueurs-de-la-gambardella-2023\/\" class=\"plain\">\n\t\t\t\t<div class=\"box box-vertical box-text-bottom box-blog-post has-hover\">\n            \t\t\t\t\t<div class=\"box-image\" style=\"width:13%;\">\n  \t\t\t\t\t\t<div class=\"image-cover\" style=\"padding-top:89%;\">\n  \t\t\t\t\t\t\t<img width=\"300\" height=\"168\" src=\"https:\/\/www.ladiagonale.net\/wp-content\/uploads\/2023\/11\/gambardella-300x168.png\" class=\"attachment-medium size-medium wp-post-image\" alt=\"\" loading=\"lazy\" srcset=\"https:\/\/www.ladiagonale.net\/wp-content\/uploads\/2023\/11\/gambardella-300x168.png 300w, https:\/\/www.ladiagonale.net\/wp-content\/uploads\/2023\/11\/gambardella-1024x574.png 1024w, https:\/\/www.ladiagonale.net\/wp-content\/uploads\/2023\/11\/gambardella-768x430.png 768w, https:\/\/www.ladiagonale.net\/wp-content\/uploads\/2023\/11\/gambardella-128x72.png 128w, https:\/\/www.ladiagonale.net\/wp-content\/uploads\/2023\/11\/gambardella-32x18.png 32w, https:\/\/www.ladiagonale.net\/wp-content\/uploads\/2023\/11\/gambardella.png 1160w\" sizes=\"(max-width: 300px) 100vw, 300px\" \/>  \t\t\t\t\t\t\t  \t\t\t\t\t\t\t  \t\t\t\t\t\t<\/div>\n  \t\t\t\t\t\t  \t\t\t\t\t<\/div>\n          \t\t\t\t\t<div class=\"box-text text-left\" >\n\t\t\t\t\t<div class=\"box-text-inner blog-post-inner\">\n\n\t\t\t\t\t\n\t\t\t\t\t\t\t\t\t\t<h5 class=\"post-title is-large \">Bamba, Bouabr\u00e9, Benama\u2026 que deviennent les vainqueurs de la Gambardella 2023 ?<\/h5>\n\t\t\t\t\t\t\t\t\t\t<div class=\"is-divider\"><\/div>\n\t\t\t\t\t\t\t\t\t\t<p class=\"from_the_blog_excerpt \">Il y a trois ans au Stade de France, le 29 avril 2023, l\u2019AS Monaco [...]\t\t\t\t\t<\/p>\n\t\t\t\t\t                    \n\t\t\t\t\t\n\t\t\t\t\t\n\t\t\t\t\t<\/div>\n\t\t\t\t\t<\/div>\n\t\t\t\t\t\t\t\t\t\t\t\t\t\t\t\t<div class=\"badge absolute top post-date badge-outline\">\n\t\t\t\t\t\t\t<div class=\"badge-inner\">\n\t\t\t\t\t\t\t\t<span class=\"post-date-day\">01<\/span><br>\n\t\t\t\t\t\t\t\t<span class=\"post-date-month is-xsmall\">Mai<\/span>\n\t\t\t\t\t\t\t<\/div>\n\t\t\t\t\t\t<\/div>\n\t\t\t\t\t\t\t\t\t<\/div>\n\t\t\t\t<\/a>\n\t\t\t<\/div>\n\t\t<\/div><div class=\"col post-item\" >\n\t\t\t<div class=\"col-inner\">\n\t\t\t<a href=\"https:\/\/www.ladiagonale.net\/index.php\/2026\/04\/23\/le-groupe-elite-encore-vainqueur-de-brighton\/\" class=\"plain\">\n\t\t\t\t<div class=\"box box-vertical box-text-bottom box-blog-post has-hover\">\n          \t\t\t\t\t<div class=\"box-text text-left\" >\n\t\t\t\t\t<div class=\"box-text-inner blog-post-inner\">\n\n\t\t\t\t\t\n\t\t\t\t\t\t\t\t\t\t<h5 class=\"post-title is-large \">Le Groupe \u00c9lite encore vainqueur de Brighton<\/h5>\n\t\t\t\t\t<div class=\"post-meta is-small op-8\">23 avril 2026<\/div>\t\t\t\t\t<div class=\"is-divider\"><\/div>\n\t\t\t\t\t\t\t\t\t\t<p class=\"from_the_blog_excerpt \">La double confrontation amicale entre le Groupe \u00c9lite de l\u2019AS Monaco et l\u2019\u00e9quipe r\u00e9serve de [...]\t\t\t\t\t<\/p>\n\t\t\t\t\t                    \n\t\t\t\t\t\n\t\t\t\t\t\n\t\t\t\t\t<\/div>\n\t\t\t\t\t<\/div>\n\t\t\t\t\t\t\t\t\t<\/div>\n\t\t\t\t<\/a>\n\t\t\t<\/div>\n\t\t<\/div><div class=\"col post-item\" >\n\t\t\t<div class=\"col-inner\">\n\t\t\t<a href=\"https:\/\/www.ladiagonale.net\/index.php\/2026\/04\/18\/les-u17-enchainent-contre-grenoble\/\" class=\"plain\">\n\t\t\t\t<div class=\"box box-vertical box-text-bottom box-blog-post has-hover\">\n          \t\t\t\t\t<div class=\"box-text text-left\" >\n\t\t\t\t\t<div class=\"box-text-inner blog-post-inner\">\n\n\t\t\t\t\t\n\t\t\t\t\t\t\t\t\t\t<h5 class=\"post-title is-large \">Les U17 encha\u00eenent contre Grenoble<\/h5>\n\t\t\t\t\t<div class=\"post-meta is-small op-8\">18 avril 2026<\/div>\t\t\t\t\t<div class=\"is-divider\"><\/div>\n\t\t\t\t\t\t\t\t\t\t<p class=\"from_the_blog_excerpt \">Apr\u00e8s avoir renou\u00e9 avec le succ\u00e8s la semaine pr\u00e9c\u00e9dente contre Lyon-La Duch\u00e8re, les U17 de [...]\t\t\t\t\t<\/p>\n\t\t\t\t\t                    \n\t\t\t\t\t\n\t\t\t\t\t\n\t\t\t\t\t<\/div>\n\t\t\t\t\t<\/div>\n\t\t\t\t\t\t\t\t\t<\/div>\n\t\t\t\t<\/a>\n\t\t\t<\/div>\n\t\t<\/div><div class=\"col post-item\" >\n\t\t\t<div class=\"col-inner\">\n\t\t\t<a href=\"https:\/\/www.ladiagonale.net\/index.php\/2026\/04\/18\/renversants-vainqueurs-daubagne-air-bel-les-u19-se-qualifient-pour-la-phase-finale\/\" class=\"plain\">\n\t\t\t\t<div class=\"box box-vertical box-text-bottom box-blog-post has-hover\">\n          \t\t\t\t\t<div class=\"box-text text-left\" >\n\t\t\t\t\t<div class=\"box-text-inner blog-post-inner\">\n\n\t\t\t\t\t\n\t\t\t\t\t\t\t\t\t\t<h5 class=\"post-title is-large \">Renversants vainqueurs d\u2019Aubagne-Air Bel, les U19 se qualifient pour la phase finale<\/h5>\n\t\t\t\t\t<div class=\"post-meta is-small op-8\">18 avril 2026<\/div>\t\t\t\t\t<div class=\"is-divider\"><\/div>\n\t\t\t\t\t\t\t\t\t\t<p class=\"from_the_blog_excerpt \">Les U19 de l\u2019AS Monaco sont en mission sur cette fin de saison. Leaders de [...]\t\t\t\t\t<\/p>\n\t\t\t\t\t                    \n\t\t\t\t\t\n\t\t\t\t\t\n\t\t\t\t\t<\/div>\n\t\t\t\t\t<\/div>\n\t\t\t\t\t\t\t\t\t<\/div>\n\t\t\t\t<\/a>\n\t\t\t<\/div>\n\t\t<\/div><div class=\"col post-item\" >\n\t\t\t<div class=\"col-inner\">\n\t\t\t<a href=\"https:\/\/www.ladiagonale.net\/index.php\/2026\/04\/16\/campora-sur-la-formation-a-monaco-faire-des-hommes-qui-prennent-des-responsabilites\/\" class=\"plain\">\n\t\t\t\t<div class=\"box box-vertical box-text-bottom box-blog-post has-hover\">\n          \t\t\t\t\t<div class=\"box-text text-left\" >\n\t\t\t\t\t<div class=\"box-text-inner blog-post-inner\">\n\n\t\t\t\t\t\n\t\t\t\t\t\t\t\t\t\t<h5 class=\"post-title is-large \">Campora sur la formation \u00e0 Monaco :\u00a0\u00ab\u00a0Faire des hommes qui prennent des responsabilit\u00e9s\u00a0\u00bb<\/h5>\n\t\t\t\t\t<div class=\"post-meta is-small op-8\">16 avril 2026<\/div>\t\t\t\t\t<div class=\"is-divider\"><\/div>\n\t\t\t\t\t\t\t\t\t\t<p class=\"from_the_blog_excerpt \">Dimanche, contre Auxerre, l\u2019AS Monaco c\u00e9l\u00e9brera les 50 ans de son centre de formation. Sur [...]\t\t\t\t\t<\/p>\n\t\t\t\t\t                    \n\t\t\t\t\t\n\t\t\t\t\t\n\t\t\t\t\t<\/div>\n\t\t\t\t\t<\/div>\n\t\t\t\t\t\t\t\t\t<\/div>\n\t\t\t\t<\/a>\n\t\t\t<\/div>\n\t\t<\/div><div class=\"col post-item\" >\n\t\t\t<div class=\"col-inner\">\n\t\t\t<a href=\"https:\/\/www.ladiagonale.net\/index.php\/2026\/04\/16\/le-groupe-elite-simpose-face-a-brighton\/\" class=\"plain\">\n\t\t\t\t<div class=\"box box-vertical box-text-bottom box-blog-post has-hover\">\n          \t\t\t\t\t<div class=\"box-text text-left\" >\n\t\t\t\t\t<div class=\"box-text-inner blog-post-inner\">\n\n\t\t\t\t\t\n\t\t\t\t\t\t\t\t\t\t<h5 class=\"post-title is-large \">Le Groupe \u00c9lite s\u2019impose face \u00e0 Brighton<\/h5>\n\t\t\t\t\t<div class=\"post-meta is-small op-8\">16 avril 2026<\/div>\t\t\t\t\t<div class=\"is-divider\"><\/div>\n\t\t\t\t\t\t\t\t\t\t<p class=\"from_the_blog_excerpt \">Le Groupe \u00c9lite de l\u2019AS Monaco n\u2019aura plus de rencontre officielle \u00e0 disputer en cette [...]\t\t\t\t\t<\/p>\n\t\t\t\t\t                    \n\t\t\t\t\t\n\t\t\t\t\t\n\t\t\t\t\t<\/div>\n\t\t\t\t\t<\/div>\n\t\t\t\t\t\t\t\t\t<\/div>\n\t\t\t\t<\/a>\n\t\t\t<\/div>\n\t\t<\/div><div class=\"col post-item\" >\n\t\t\t<div class=\"col-inner\">\n\t\t\t<a href=\"https:\/\/www.ladiagonale.net\/index.php\/2026\/04\/13\/les-u17-reenclenchent-la-marche-avant\/\" class=\"plain\">\n\t\t\t\t<div class=\"box box-vertical box-text-bottom box-blog-post has-hover\">\n          \t\t\t\t\t<div class=\"box-text text-left\" >\n\t\t\t\t\t<div class=\"box-text-inner blog-post-inner\">\n\n\t\t\t\t\t\n\t\t\t\t\t\t\t\t\t\t<h5 class=\"post-title is-large \">Les U17 r\u00e9enclenchent la marche avant<\/h5>\n\t\t\t\t\t<div class=\"post-meta is-small op-8\">13 avril 2026<\/div>\t\t\t\t\t<div class=\"is-divider\"><\/div>\n\t\t\t\t\t\t\t\t\t\t<p class=\"from_the_blog_excerpt \">Apr\u00e8s avoir sign\u00e9 deux matches nuls sans but contre Clermont et le Cavigal, les U17 [...]\t\t\t\t\t<\/p>\n\t\t\t\t\t                    \n\t\t\t\t\t\n\t\t\t\t\t\n\t\t\t\t\t<\/div>\n\t\t\t\t\t<\/div>\n\t\t\t\t\t\t\t\t\t<\/div>\n\t\t\t\t<\/a>\n\t\t\t<\/div>\n\t\t<\/div><div class=\"col post-item\" >\n\t\t\t<div class=\"col-inner\">\n\t\t\t<a href=\"https:\/\/www.ladiagonale.net\/index.php\/2026\/04\/11\/monaco-viserait-plusieurs-jeunes-du-psg\/\" class=\"plain\">\n\t\t\t\t<div class=\"box box-vertical box-text-bottom box-blog-post has-hover\">\n          \t\t\t\t\t<div class=\"box-text text-left\" >\n\t\t\t\t\t<div class=\"box-text-inner blog-post-inner\">\n\n\t\t\t\t\t\n\t\t\t\t\t\t\t\t\t\t<h5 class=\"post-title is-large \">Monaco viserait plusieurs jeunes du PSG<\/h5>\n\t\t\t\t\t<div class=\"post-meta is-small op-8\">11 avril 2026<\/div>\t\t\t\t\t<div class=\"is-divider\"><\/div>\n\t\t\t\t\t\t\t\t\t\t<p class=\"from_the_blog_excerpt \">L\u2019AS Monaco a r\u00e9alis\u00e9 de nombreux transferts l\u2019\u00e9t\u00e9 dernier en vue de renforcer ses \u00e9quipes [...]\t\t\t\t\t<\/p>\n\t\t\t\t\t                    \n\t\t\t\t\t\n\t\t\t\t\t\n\t\t\t\t\t<\/div>\n\t\t\t\t\t<\/div>\n\t\t\t\t\t\t\t\t\t<\/div>\n\t\t\t\t<\/a>\n\t\t\t<\/div>\n\t\t<\/div><div class=\"col post-item\" >\n\t\t\t<div class=\"col-inner\">\n\t\t\t<a href=\"https:\/\/www.ladiagonale.net\/index.php\/2026\/04\/08\/bhihi-et-hervier-gisquet-terminent-cinquiemes-du-mondial-de-montaigu\/\" class=\"plain\">\n\t\t\t\t<div class=\"box box-vertical box-text-bottom box-blog-post has-hover\">\n          \t\t\t\t\t<div class=\"box-text text-left\" >\n\t\t\t\t\t<div class=\"box-text-inner blog-post-inner\">\n\n\t\t\t\t\t\n\t\t\t\t\t\t\t\t\t\t<h5 class=\"post-title is-large \">Bhihi et Hervier-Gisquet terminent cinqui\u00e8mes du Mondial de Montaigu<\/h5>\n\t\t\t\t\t<div class=\"post-meta is-small op-8\">8 avril 2026<\/div>\t\t\t\t\t<div class=\"is-divider\"><\/div>\n\t\t\t\t\t\t\t\t\t\t<p class=\"from_the_blog_excerpt \">Il n\u2019y aura pas de troisi\u00e8me victoire de rang pour l\u2019\u00e9quipe de France U16 au [...]\t\t\t\t\t<\/p>\n\t\t\t\t\t                    \n\t\t\t\t\t\n\t\t\t\t\t\n\t\t\t\t\t<\/div>\n\t\t\t\t\t<\/div>\n\t\t\t\t\t\t\t\t\t<\/div>\n\t\t\t\t<\/a>\n\t\t\t<\/div>\n\t\t<\/div><div class=\"col post-item\" >\n\t\t\t<div class=\"col-inner\">\n\t\t\t<a href=\"https:\/\/www.ladiagonale.net\/index.php\/2026\/04\/01\/benchaouch-a-refuse-un-contrat-pro-de-lasm\/\" class=\"plain\">\n\t\t\t\t<div class=\"box box-vertical box-text-bottom box-blog-post has-hover\">\n          \t\t\t\t\t<div class=\"box-text text-left\" >\n\t\t\t\t\t<div class=\"box-text-inner blog-post-inner\">\n\n\t\t\t\t\t\n\t\t\t\t\t\t\t\t\t\t<h5 class=\"post-title is-large \">Benchaouch a refus\u00e9 un contrat pro de l&rsquo;ASM<\/h5>\n\t\t\t\t\t<div class=\"post-meta is-small op-8\">1 avril 2026<\/div>\t\t\t\t\t<div class=\"is-divider\"><\/div>\n\t\t\t\t\t\t\t\t\t\t<p class=\"from_the_blog_excerpt \">Gardien au sein de l&rsquo;Academy, Yanis Benchaouch ne devrait pas s&rsquo;\u00e9terniser du c\u00f4t\u00e9 de l&rsquo;AS [...]\t\t\t\t\t<\/p>\n\t\t\t\t\t                    \n\t\t\t\t\t\n\t\t\t\t\t\n\t\t\t\t\t<\/div>\n\t\t\t\t\t<\/div>\n\t\t\t\t\t\t\t\t\t<\/div>\n\t\t\t\t<\/a>\n\t\t\t<\/div>\n\t\t<\/div><div class=\"col post-item\" >\n\t\t\t<div class=\"col-inner\">\n\t\t\t<a href=\"https:\/\/www.ladiagonale.net\/index.php\/2026\/03\/25\/les-u17-ratent-le-coche-contre-le-cavigal\/\" class=\"plain\">\n\t\t\t\t<div class=\"box box-vertical box-text-bottom box-blog-post has-hover\">\n          \t\t\t\t\t<div class=\"box-text text-left\" >\n\t\t\t\t\t<div class=\"box-text-inner blog-post-inner\">\n\n\t\t\t\t\t\n\t\t\t\t\t\t\t\t\t\t<h5 class=\"post-title is-large \">Les U17 ratent le coche contre le Cavigal<\/h5>\n\t\t\t\t\t<div class=\"post-meta is-small op-8\">25 mars 2026<\/div>\t\t\t\t\t<div class=\"is-divider\"><\/div>\n\t\t\t\t\t\t\t\t\t\t<p class=\"from_the_blog_excerpt \">Il y avait gros \u00e0 jouer pour les U17 de l\u2019AS Monaco, dimanche, contre le [...]\t\t\t\t\t<\/p>\n\t\t\t\t\t                    \n\t\t\t\t\t\n\t\t\t\t\t\n\t\t\t\t\t<\/div>\n\t\t\t\t\t<\/div>\n\t\t\t\t\t\t\t\t\t<\/div>\n\t\t\t\t<\/a>\n\t\t\t<\/div>\n\t\t<\/div><div class=\"col post-item\" >\n\t\t\t<div class=\"col-inner\">\n\t\t\t<a href=\"https:\/\/www.ladiagonale.net\/index.php\/2026\/03\/24\/les-u19-freines-par-toulouse\/\" class=\"plain\">\n\t\t\t\t<div class=\"box box-vertical box-text-bottom box-blog-post has-hover\">\n          \t\t\t\t\t<div class=\"box-text text-left\" >\n\t\t\t\t\t<div class=\"box-text-inner blog-post-inner\">\n\n\t\t\t\t\t\n\t\t\t\t\t\t\t\t\t\t<h5 class=\"post-title is-large \">Les U19 frein\u00e9s par Toulouse<\/h5>\n\t\t\t\t\t<div class=\"post-meta is-small op-8\">24 mars 2026<\/div>\t\t\t\t\t<div class=\"is-divider\"><\/div>\n\t\t\t\t\t\t\t\t\t\t<p class=\"from_the_blog_excerpt \">Les U19 de l\u2019AS Monaco ont vu leur s\u00e9rie de quatre victoires d\u2019affil\u00e9e s\u2019arr\u00eater, dimanche, [...]\t\t\t\t\t<\/p>\n\t\t\t\t\t                    \n\t\t\t\t\t\n\t\t\t\t\t\n\t\t\t\t\t<\/div>\n\t\t\t\t\t<\/div>\n\t\t\t\t\t\t\t\t\t<\/div>\n\t\t\t\t<\/a>\n\t\t\t<\/div>\n\t\t<\/div><div class=\"col post-item\" >\n\t\t\t<div class=\"col-inner\">\n\t\t\t<a href=\"https:\/\/www.ladiagonale.net\/index.php\/2026\/03\/18\/le-groupe-elite-simpose-en-amical-contre-toulon\/\" class=\"plain\">\n\t\t\t\t<div class=\"box box-vertical box-text-bottom box-blog-post has-hover\">\n          \t\t\t\t\t<div class=\"box-text text-left\" >\n\t\t\t\t\t<div class=\"box-text-inner blog-post-inner\">\n\n\t\t\t\t\t\n\t\t\t\t\t\t\t\t\t\t<h5 class=\"post-title is-large \">Le Groupe \u00c9lite s\u2019impose en amical contre Toulon<\/h5>\n\t\t\t\t\t<div class=\"post-meta is-small op-8\">18 mars 2026<\/div>\t\t\t\t\t<div class=\"is-divider\"><\/div>\n\t\t\t\t\t\t\t\t\t\t<p class=\"from_the_blog_excerpt \">Pour la premi\u00e8re fois depuis plusieurs semaines, le Groupe \u00c9lite de l\u2019AS Monaco a disput\u00e9 [...]\t\t\t\t\t<\/p>\n\t\t\t\t\t                    \n\t\t\t\t\t\n\t\t\t\t\t\n\t\t\t\t\t<\/div>\n\t\t\t\t\t<\/div>\n\t\t\t\t\t\t\t\t\t<\/div>\n\t\t\t\t<\/a>\n\t\t\t<\/div>\n\t\t<\/div><div class=\"col post-item\" >\n\t\t\t<div class=\"col-inner\">\n\t\t\t<a href=\"https:\/\/www.ladiagonale.net\/index.php\/2026\/03\/16\/les-u17-prennent-un-point-face-au-leader\/\" class=\"plain\">\n\t\t\t\t<div class=\"box box-vertical box-text-bottom box-blog-post has-hover\">\n          \t\t\t\t\t<div class=\"box-text text-left\" >\n\t\t\t\t\t<div class=\"box-text-inner blog-post-inner\">\n\n\t\t\t\t\t\n\t\t\t\t\t\t\t\t\t\t<h5 class=\"post-title is-large \">Les U17 prennent un point face au leader<\/h5>\n\t\t\t\t\t<div class=\"post-meta is-small op-8\">16 mars 2026<\/div>\t\t\t\t\t<div class=\"is-divider\"><\/div>\n\t\t\t\t\t\t\t\t\t\t<p class=\"from_the_blog_excerpt \">Il n\u2019y avait que des chocs pour les \u00e9quipes de l\u2019Academy, ce week-end. Alors que [...]\t\t\t\t\t<\/p>\n\t\t\t\t\t                    \n\t\t\t\t\t\n\t\t\t\t\t\n\t\t\t\t\t<\/div>\n\t\t\t\t\t<\/div>\n\t\t\t\t\t\t\t\t\t<\/div>\n\t\t\t\t<\/a>\n\t\t\t<\/div>\n\t\t<\/div><div class=\"col post-item\" >\n\t\t\t<div class=\"col-inner\">\n\t\t\t<a href=\"https:\/\/www.ladiagonale.net\/index.php\/2026\/03\/15\/les-u19-remportent-un-choc-crucial-contre-lom\/\" class=\"plain\">\n\t\t\t\t<div class=\"box box-vertical box-text-bottom box-blog-post has-hover\">\n          \t\t\t\t\t<div class=\"box-text text-left\" >\n\t\t\t\t\t<div class=\"box-text-inner blog-post-inner\">\n\n\t\t\t\t\t\n\t\t\t\t\t\t\t\t\t\t<h5 class=\"post-title is-large \">Les U19 remportent un choc crucial contre l\u2019OM<\/h5>\n\t\t\t\t\t<div class=\"post-meta is-small op-8\">15 mars 2026<\/div>\t\t\t\t\t<div class=\"is-divider\"><\/div>\n\t\t\t\t\t\t\t\t\t\t<p class=\"from_the_blog_excerpt \">C&rsquo;est un duel sommet qui a oppos\u00e9 les U19 de l&rsquo;AS Monaco \u00e0 ceux de [...]\t\t\t\t\t<\/p>\n\t\t\t\t\t                    \n\t\t\t\t\t\n\t\t\t\t\t\n\t\t\t\t\t<\/div>\n\t\t\t\t\t<\/div>\n\t\t\t\t\t\t\t\t\t<\/div>\n\t\t\t\t<\/a>\n\t\t\t<\/div>\n\t\t<\/div><div class=\"col post-item\" >\n\t\t\t<div class=\"col-inner\">\n\t\t\t<a href=\"https:\/\/www.ladiagonale.net\/index.php\/2026\/03\/10\/le-groupe-elite-bat-nice-avec-brunner-et-idumbo\/\" class=\"plain\">\n\t\t\t\t<div class=\"box box-vertical box-text-bottom box-blog-post has-hover\">\n          \t\t\t\t\t<div class=\"box-text text-left\" >\n\t\t\t\t\t<div class=\"box-text-inner blog-post-inner\">\n\n\t\t\t\t\t\n\t\t\t\t\t\t\t\t\t\t<h5 class=\"post-title is-large \">Le Groupe \u00c9lite bat Nice avec Brunner et Idumbo<\/h5>\n\t\t\t\t\t<div class=\"post-meta is-small op-8\">10 mars 2026<\/div>\t\t\t\t\t<div class=\"is-divider\"><\/div>\n\t\t\t\t\t\t\t\t\t\t<p class=\"from_the_blog_excerpt \">Apr\u00e8s deux d\u00e9faites aux tirs au but contre Saint-\u00c9tienne et Montpellier, le Groupe \u00c9lite se [...]\t\t\t\t\t<\/p>\n\t\t\t\t\t                    \n\t\t\t\t\t\n\t\t\t\t\t\n\t\t\t\t\t<\/div>\n\t\t\t\t\t<\/div>\n\t\t\t\t\t\t\t\t\t<\/div>\n\t\t\t\t<\/a>\n\t\t\t<\/div>\n\t\t<\/div><div class=\"col post-item\" >\n\t\t\t<div class=\"col-inner\">\n\t\t\t<a href=\"https:\/\/www.ladiagonale.net\/index.php\/2026\/03\/09\/les-u17-corrigent-nimes\/\" class=\"plain\">\n\t\t\t\t<div class=\"box box-vertical box-text-bottom box-blog-post has-hover\">\n          \t\t\t\t\t<div class=\"box-text text-left\" >\n\t\t\t\t\t<div class=\"box-text-inner blog-post-inner\">\n\n\t\t\t\t\t\n\t\t\t\t\t\t\t\t\t\t<h5 class=\"post-title is-large \">Les U17 corrigent N\u00eemes<\/h5>\n\t\t\t\t\t<div class=\"post-meta is-small op-8\">9 mars 2026<\/div>\t\t\t\t\t<div class=\"is-divider\"><\/div>\n\t\t\t\t\t\t\t\t\t\t<p class=\"from_the_blog_excerpt \">Apr\u00e8s un mois sans match de Championnat, les U17 de l\u2019AS Monaco ont retrouv\u00e9 la [...]\t\t\t\t\t<\/p>\n\t\t\t\t\t                    \n\t\t\t\t\t\n\t\t\t\t\t\n\t\t\t\t\t<\/div>\n\t\t\t\t\t<\/div>\n\t\t\t\t\t\t\t\t\t<\/div>\n\t\t\t\t<\/a>\n\t\t\t<\/div>\n\t\t<\/div><div class=\"col post-item\" >\n\t\t\t<div class=\"col-inner\">\n\t\t\t<a href=\"https:\/\/www.ladiagonale.net\/index.php\/2026\/03\/05\/nouvelle-defaite-aux-tirs-au-but-du-groupe-elite\/\" class=\"plain\">\n\t\t\t\t<div class=\"box box-vertical box-text-bottom box-blog-post has-hover\">\n          \t\t\t\t\t<div class=\"box-text text-left\" >\n\t\t\t\t\t<div class=\"box-text-inner blog-post-inner\">\n\n\t\t\t\t\t\n\t\t\t\t\t\t\t\t\t\t<h5 class=\"post-title is-large \">Nouvelle d\u00e9faite aux tirs au but du Groupe \u00c9lite<\/h5>\n\t\t\t\t\t<div class=\"post-meta is-small op-8\">5 mars 2026<\/div>\t\t\t\t\t<div class=\"is-divider\"><\/div>\n\t\t\t\t\t\t\t\t\t\t<p class=\"from_the_blog_excerpt \">C\u2019est un nouvel \u00e9chec pour le Groupe \u00c9lite de l\u2019AS Monaco dans l\u2019exercice des tirs [...]\t\t\t\t\t<\/p>\n\t\t\t\t\t                    \n\t\t\t\t\t\n\t\t\t\t\t\n\t\t\t\t\t<\/div>\n\t\t\t\t\t<\/div>\n\t\t\t\t\t\t\t\t\t<\/div>\n\t\t\t\t<\/a>\n\t\t\t<\/div>\n\t\t<\/div><div class=\"col post-item\" >\n\t\t\t<div class=\"col-inner\">\n\t\t\t<a href=\"https:\/\/www.ladiagonale.net\/index.php\/2026\/02\/26\/le-groupe-elite-battu-par-saint-etienne-aux-tirs-au-but\/\" class=\"plain\">\n\t\t\t\t<div class=\"box box-vertical box-text-bottom box-blog-post has-hover\">\n          \t\t\t\t\t<div class=\"box-text text-left\" >\n\t\t\t\t\t<div class=\"box-text-inner blog-post-inner\">\n\n\t\t\t\t\t\n\t\t\t\t\t\t\t\t\t\t<h5 class=\"post-title is-large \">Le Groupe \u00c9lite battu par Saint-\u00c9tienne aux tirs au but<\/h5>\n\t\t\t\t\t<div class=\"post-meta is-small op-8\">26 f\u00e9vrier 2026<\/div>\t\t\t\t\t<div class=\"is-divider\"><\/div>\n\t\t\t\t\t\t\t\t\t\t<p class=\"from_the_blog_excerpt \">Le Groupe \u00c9lite de l\u2019AS Monaco a perdu son quatri\u00e8me match du Challenge Espoirs contre [...]\t\t\t\t\t<\/p>\n\t\t\t\t\t                    \n\t\t\t\t\t\n\t\t\t\t\t\n\t\t\t\t\t<\/div>\n\t\t\t\t\t<\/div>\n\t\t\t\t\t\t\t\t\t<\/div>\n\t\t\t\t<\/a>\n\t\t\t<\/div>\n\t\t<\/div><div class=\"col post-item\" >\n\t\t\t<div class=\"col-inner\">\n\t\t\t<a href=\"https:\/\/www.ladiagonale.net\/index.php\/2026\/02\/18\/brunner-buteur-avec-le-groupe-elite-face-a-la-reserve-du-psg\/\" class=\"plain\">\n\t\t\t\t<div class=\"box box-vertical box-text-bottom box-blog-post has-hover\">\n          \t\t\t\t\t<div class=\"box-text text-left\" >\n\t\t\t\t\t<div class=\"box-text-inner blog-post-inner\">\n\n\t\t\t\t\t\n\t\t\t\t\t\t\t\t\t\t<h5 class=\"post-title is-large \">Brunner buteur avec le Groupe \u00c9lite face \u00e0 la r\u00e9serve du PSG<\/h5>\n\t\t\t\t\t<div class=\"post-meta is-small op-8\">18 f\u00e9vrier 2026<\/div>\t\t\t\t\t<div class=\"is-divider\"><\/div>\n\t\t\t\t\t\t\t\t\t\t<p class=\"from_the_blog_excerpt \">Les tribunes du stade Louis-II n&rsquo;\u00e9taient pas seulement garnies de supporters parisiens, mardi soir, lors [...]\t\t\t\t\t<\/p>\n\t\t\t\t\t                    \n\t\t\t\t\t\n\t\t\t\t\t\n\t\t\t\t\t<\/div>\n\t\t\t\t\t<\/div>\n\t\t\t\t\t\t\t\t\t<\/div>\n\t\t\t\t<\/a>\n\t\t\t<\/div>\n\t\t<\/div><div class=\"col post-item\" >\n\t\t\t<div class=\"col-inner\">\n\t\t\t<a href=\"https:\/\/www.ladiagonale.net\/index.php\/2026\/02\/17\/les-u19-vont-a-lessentiel-contre-saint-etienne\/\" class=\"plain\">\n\t\t\t\t<div class=\"box box-vertical box-text-bottom box-blog-post has-hover\">\n          \t\t\t\t\t<div class=\"box-text text-left\" >\n\t\t\t\t\t<div class=\"box-text-inner blog-post-inner\">\n\n\t\t\t\t\t\n\t\t\t\t\t\t\t\t\t\t<h5 class=\"post-title is-large \">Les U19 vont \u00e0 l\u2019essentiel contre Saint-\u00c9tienne<\/h5>\n\t\t\t\t\t<div class=\"post-meta is-small op-8\">17 f\u00e9vrier 2026<\/div>\t\t\t\t\t<div class=\"is-divider\"><\/div>\n\t\t\t\t\t\t\t\t\t\t<p class=\"from_the_blog_excerpt \">Si les U17 de l\u2019AS Monaco \u00e9taient exempt\u00e9s de match de Championnat, ce n\u2019\u00e9tait pas [...]\t\t\t\t\t<\/p>\n\t\t\t\t\t                    \n\t\t\t\t\t\n\t\t\t\t\t\n\t\t\t\t\t<\/div>\n\t\t\t\t\t<\/div>\n\t\t\t\t\t\t\t\t\t<\/div>\n\t\t\t\t<\/a>\n\t\t\t<\/div>\n\t\t<\/div><div class=\"col post-item\" >\n\t\t\t<div class=\"col-inner\">\n\t\t\t<a href=\"https:\/\/www.ladiagonale.net\/index.php\/2026\/02\/10\/battu-par-wolverhampton-le-groupe-elite-est-elimine-de-la-plic\/\" class=\"plain\">\n\t\t\t\t<div class=\"box box-vertical box-text-bottom box-blog-post has-hover\">\n          \t\t\t\t\t<div class=\"box-text text-left\" >\n\t\t\t\t\t<div class=\"box-text-inner blog-post-inner\">\n\n\t\t\t\t\t\n\t\t\t\t\t\t\t\t\t\t<h5 class=\"post-title is-large \">Battu par Wolverhampton, le Groupe \u00c9lite est \u00e9limin\u00e9 de la PLIC<\/h5>\n\t\t\t\t\t<div class=\"post-meta is-small op-8\">10 f\u00e9vrier 2026<\/div>\t\t\t\t\t<div class=\"is-divider\"><\/div>\n\t\t\t\t\t\t\t\t\t\t<p class=\"from_the_blog_excerpt \">Le Groupe \u00c9lite de l\u2019AS Monaco avait l\u2019occasion d\u2019acc\u00e9der pour la premi\u00e8re fois aux quarts [...]\t\t\t\t\t<\/p>\n\t\t\t\t\t                    \n\t\t\t\t\t\n\t\t\t\t\t\n\t\t\t\t\t<\/div>\n\t\t\t\t\t<\/div>\n\t\t\t\t\t\t\t\t\t<\/div>\n\t\t\t\t<\/a>\n\t\t\t<\/div>\n\t\t<\/div><div class=\"col post-item\" >\n\t\t\t<div class=\"col-inner\">\n\t\t\t<a href=\"https:\/\/www.ladiagonale.net\/index.php\/2026\/02\/09\/les-u17-dominent-saint-etienne\/\" class=\"plain\">\n\t\t\t\t<div class=\"box box-vertical box-text-bottom box-blog-post has-hover\">\n          \t\t\t\t\t<div class=\"box-text text-left\" >\n\t\t\t\t\t<div class=\"box-text-inner blog-post-inner\">\n\n\t\t\t\t\t\n\t\t\t\t\t\t\t\t\t\t<h5 class=\"post-title is-large \">Les U17 dominent Saint-\u00c9tienne<\/h5>\n\t\t\t\t\t<div class=\"post-meta is-small op-8\">9 f\u00e9vrier 2026<\/div>\t\t\t\t\t<div class=\"is-divider\"><\/div>\n\t\t\t\t\t\t\t\t\t\t<p class=\"from_the_blog_excerpt \">C&rsquo;est un bon week-end v\u00e9cu par les \u00e9quipes de l&rsquo;Academy. Si les U19 ont nettement [...]\t\t\t\t\t<\/p>\n\t\t\t\t\t                    \n\t\t\t\t\t\n\t\t\t\t\t\n\t\t\t\t\t<\/div>\n\t\t\t\t\t<\/div>\n\t\t\t\t\t\t\t\t\t<\/div>\n\t\t\t\t<\/a>\n\t\t\t<\/div>\n\t\t<\/div><div class=\"col post-item\" >\n\t\t\t<div class=\"col-inner\">\n\t\t\t<a href=\"https:\/\/www.ladiagonale.net\/index.php\/2026\/02\/09\/les-u19-finissent-fort-pour-battre-lolympique-rovenain\/\" class=\"plain\">\n\t\t\t\t<div class=\"box box-vertical box-text-bottom box-blog-post has-hover\">\n          \t\t\t\t\t<div class=\"box-text text-left\" >\n\t\t\t\t\t<div class=\"box-text-inner blog-post-inner\">\n\n\t\t\t\t\t\n\t\t\t\t\t\t\t\t\t\t<h5 class=\"post-title is-large \">Les U19 finissent fort pour battre l\u2019Olympique Rovenain<\/h5>\n\t\t\t\t\t<div class=\"post-meta is-small op-8\">9 f\u00e9vrier 2026<\/div>\t\t\t\t\t<div class=\"is-divider\"><\/div>\n\t\t\t\t\t\t\t\t\t\t<p class=\"from_the_blog_excerpt \">Apr\u00e8s avoir d\u00fb dig\u00e9rer les \u00e9liminations contre Nice en Coupe Gambardella et face \u00e0 Bruges [...]\t\t\t\t\t<\/p>\n\t\t\t\t\t                    \n\t\t\t\t\t\n\t\t\t\t\t\n\t\t\t\t\t<\/div>\n\t\t\t\t\t<\/div>\n\t\t\t\t\t\t\t\t\t<\/div>\n\t\t\t\t<\/a>\n\t\t\t<\/div>\n\t\t<\/div><div class=\"col post-item\" >\n\t\t\t<div class=\"col-inner\">\n\t\t\t<a href=\"https:\/\/www.ladiagonale.net\/index.php\/2026\/02\/03\/youth-league-monaco-prend-la-porte-a-bruges\/\" class=\"plain\">\n\t\t\t\t<div class=\"box box-vertical box-text-bottom box-blog-post has-hover\">\n          \t\t\t\t\t<div class=\"box-text text-left\" >\n\t\t\t\t\t<div class=\"box-text-inner blog-post-inner\">\n\n\t\t\t\t\t\n\t\t\t\t\t\t\t\t\t\t<h5 class=\"post-title is-large \">Youth League : Monaco prend la porte \u00e0 Bruges<\/h5>\n\t\t\t\t\t<div class=\"post-meta is-small op-8\">3 f\u00e9vrier 2026<\/div>\t\t\t\t\t<div class=\"is-divider\"><\/div>\n\t\t\t\t\t\t\t\t\t\t<p class=\"from_the_blog_excerpt \">Les U19 de l\u2019AS Monaco ont \u00e9chou\u00e9 au m\u00eame stade que l\u2019an dernier en Youth [...]\t\t\t\t\t<\/p>\n\t\t\t\t\t                    \n\t\t\t\t\t\n\t\t\t\t\t\n\t\t\t\t\t<\/div>\n\t\t\t\t\t<\/div>\n\t\t\t\t\t\t\t\t\t<\/div>\n\t\t\t\t<\/a>\n\t\t\t<\/div>\n\t\t<\/div><div class=\"col post-item\" >\n\t\t\t<div class=\"col-inner\">\n\t\t\t<a href=\"https:\/\/www.ladiagonale.net\/index.php\/2026\/01\/31\/gambardella-monaco-craque-contre-nice-en-fin-de-match\/\" class=\"plain\">\n\t\t\t\t<div class=\"box box-vertical box-text-bottom box-blog-post has-hover\">\n          \t\t\t\t\t<div class=\"box-text text-left\" >\n\t\t\t\t\t<div class=\"box-text-inner blog-post-inner\">\n\n\t\t\t\t\t\n\t\t\t\t\t\t\t\t\t\t<h5 class=\"post-title is-large \">Gambardella : Monaco craque contre Nice en fin de match<\/h5>\n\t\t\t\t\t<div class=\"post-meta is-small op-8\">31 janvier 2026<\/div>\t\t\t\t\t<div class=\"is-divider\"><\/div>\n\t\t\t\t\t\t\t\t\t\t<p class=\"from_the_blog_excerpt \">Alors que les U17 et les U19 de l\u2019AS Monaco et de l\u2019OGC Nice s\u2019\u00e9taient [...]\t\t\t\t\t<\/p>\n\t\t\t\t\t                    \n\t\t\t\t\t\n\t\t\t\t\t\n\t\t\t\t\t<\/div>\n\t\t\t\t\t<\/div>\n\t\t\t\t\t\t\t\t\t<\/div>\n\t\t\t\t<\/a>\n\t\t\t<\/div>\n\t\t<\/div><div class=\"col post-item\" >\n\t\t\t<div class=\"col-inner\">\n\t\t\t<a href=\"https:\/\/www.ladiagonale.net\/index.php\/2026\/01\/26\/les-u17-simposent-face-a-valence\/\" class=\"plain\">\n\t\t\t\t<div class=\"box box-vertical box-text-bottom box-blog-post has-hover\">\n          \t\t\t\t\t<div class=\"box-text text-left\" >\n\t\t\t\t\t<div class=\"box-text-inner blog-post-inner\">\n\n\t\t\t\t\t\n\t\t\t\t\t\t\t\t\t\t<h5 class=\"post-title is-large \">Les U17 s&rsquo;imposent face \u00e0 Valence<\/h5>\n\t\t\t\t\t<div class=\"post-meta is-small op-8\">26 janvier 2026<\/div>\t\t\t\t\t<div class=\"is-divider\"><\/div>\n\t\t\t\t\t\t\t\t\t\t<p class=\"from_the_blog_excerpt \">Comme leurs a\u00een\u00e9s en U19, les U17 de l&rsquo;AS Monaco avaient termin\u00e9 leur derby contre [...]\t\t\t\t\t<\/p>\n\t\t\t\t\t                    \n\t\t\t\t\t\n\t\t\t\t\t\n\t\t\t\t\t<\/div>\n\t\t\t\t\t<\/div>\n\t\t\t\t\t\t\t\t\t<\/div>\n\t\t\t\t<\/a>\n\t\t\t<\/div>\n\t\t<\/div><div class=\"col post-item\" >\n\t\t\t<div class=\"col-inner\">\n\t\t\t<a href=\"https:\/\/www.ladiagonale.net\/index.php\/2026\/01\/26\/victorieux-contre-colomiers-les-u19-toujours-en-tete\/\" class=\"plain\">\n\t\t\t\t<div class=\"box box-vertical box-text-bottom box-blog-post has-hover\">\n          \t\t\t\t\t<div class=\"box-text text-left\" >\n\t\t\t\t\t<div class=\"box-text-inner blog-post-inner\">\n\n\t\t\t\t\t\n\t\t\t\t\t\t\t\t\t\t<h5 class=\"post-title is-large \">Victorieux contre Colomiers, les U19 toujours en t\u00eate<\/h5>\n\t\t\t\t\t<div class=\"post-meta is-small op-8\">26 janvier 2026<\/div>\t\t\t\t\t<div class=\"is-divider\"><\/div>\n\t\t\t\t\t\t\t\t\t\t<p class=\"from_the_blog_excerpt \">Apr\u00e8s un match nul dans le derby contre Nice le week-end pr\u00e9c\u00e9dent, les U19 de [...]\t\t\t\t\t<\/p>\n\t\t\t\t\t                    \n\t\t\t\t\t\n\t\t\t\t\t\n\t\t\t\t\t<\/div>\n\t\t\t\t\t<\/div>\n\t\t\t\t\t\t\t\t\t<\/div>\n\t\t\t\t<\/a>\n\t\t\t<\/div>\n\t\t<\/div><div class=\"col post-item\" >\n\t\t\t<div class=\"col-inner\">\n\t\t\t<a href=\"https:\/\/www.ladiagonale.net\/index.php\/2026\/01\/21\/le-groupe-elite-bat-manchester-city\/\" class=\"plain\">\n\t\t\t\t<div class=\"box box-vertical box-text-bottom box-blog-post has-hover\">\n          \t\t\t\t\t<div class=\"box-text text-left\" >\n\t\t\t\t\t<div class=\"box-text-inner blog-post-inner\">\n\n\t\t\t\t\t\n\t\t\t\t\t\t\t\t\t\t<h5 class=\"post-title is-large \">Le Groupe \u00c9lite bat Manchester City<\/h5>\n\t\t\t\t\t<div class=\"post-meta is-small op-8\">21 janvier 2026<\/div>\t\t\t\t\t<div class=\"is-divider\"><\/div>\n\t\t\t\t\t\t\t\t\t\t<p class=\"from_the_blog_excerpt \">D\u00e9but janvier, le Groupe \u00c9lite de l\u2019AS Monaco n\u2019avait pas pu aller au bout de [...]\t\t\t\t\t<\/p>\n\t\t\t\t\t                    \n\t\t\t\t\t\n\t\t\t\t\t\n\t\t\t\t\t<\/div>\n\t\t\t\t\t<\/div>\n\t\t\t\t\t\t\t\t\t<\/div>\n\t\t\t\t<\/a>\n\t\t\t<\/div>\n\t\t<\/div><div class=\"col post-item\" >\n\t\t\t<div class=\"col-inner\">\n\t\t\t<a href=\"https:\/\/www.ladiagonale.net\/index.php\/2026\/01\/15\/le-groupe-elite-vainqueur-a-toulouse-au-challenge-espoirs\/\" class=\"plain\">\n\t\t\t\t<div class=\"box box-vertical box-text-bottom box-blog-post has-hover\">\n          \t\t\t\t\t<div class=\"box-text text-left\" >\n\t\t\t\t\t<div class=\"box-text-inner blog-post-inner\">\n\n\t\t\t\t\t\n\t\t\t\t\t\t\t\t\t\t<h5 class=\"post-title is-large \">Le Groupe \u00c9lite vainqueur \u00e0 Toulouse au Challenge Espoirs<\/h5>\n\t\t\t\t\t<div class=\"post-meta is-small op-8\">15 janvier 2026<\/div>\t\t\t\t\t<div class=\"is-divider\"><\/div>\n\t\t\t\t\t\t\t\t\t\t<p class=\"from_the_blog_excerpt \">Le premier match de l&rsquo;ann\u00e9e du Groupe \u00c9lite de l&rsquo;AS Monaco, contre Wolverhamtpn dans le [...]\t\t\t\t\t<\/p>\n\t\t\t\t\t                    \n\t\t\t\t\t\n\t\t\t\t\t\n\t\t\t\t\t<\/div>\n\t\t\t\t\t<\/div>\n\t\t\t\t\t\t\t\t\t<\/div>\n\t\t\t\t<\/a>\n\t\t\t<\/div>\n\t\t<\/div><div class=\"col post-item\" >\n\t\t\t<div class=\"col-inner\">\n\t\t\t<a href=\"https:\/\/www.ladiagonale.net\/index.php\/2026\/01\/13\/gambardella-un-derby-contre-nice-en-16es-de-finale\/\" class=\"plain\">\n\t\t\t\t<div class=\"box box-vertical box-text-bottom box-blog-post has-hover\">\n          \t\t\t\t\t<div class=\"box-text text-left\" >\n\t\t\t\t\t<div class=\"box-text-inner blog-post-inner\">\n\n\t\t\t\t\t\n\t\t\t\t\t\t\t\t\t\t<h5 class=\"post-title is-large \">Gambardella : un derby contre Nice en 16es de finale<\/h5>\n\t\t\t\t\t<div class=\"post-meta is-small op-8\">13 janvier 2026<\/div>\t\t\t\t\t<div class=\"is-divider\"><\/div>\n\t\t\t\t\t\t\t\t\t\t<p class=\"from_the_blog_excerpt \">D\u00e9j\u00e0 habitu\u00e9s \u00e0 se rencontrer en Championnat, aussi bien dans la cat\u00e9gorie U19 que dans [...]\t\t\t\t\t<\/p>\n\t\t\t\t\t                    \n\t\t\t\t\t\n\t\t\t\t\t\n\t\t\t\t\t<\/div>\n\t\t\t\t\t<\/div>\n\t\t\t\t\t\t\t\t\t<\/div>\n\t\t\t\t<\/a>\n\t\t\t<\/div>\n\t\t<\/div><div class=\"col post-item\" >\n\t\t\t<div class=\"col-inner\">\n\t\t\t<a href=\"https:\/\/www.ladiagonale.net\/index.php\/2026\/01\/11\/gambardella-monaco-domine-saint-etienne\/\" class=\"plain\">\n\t\t\t\t<div class=\"box box-vertical box-text-bottom box-blog-post has-hover\">\n          \t\t\t\t\t<div class=\"box-text text-left\" >\n\t\t\t\t\t<div class=\"box-text-inner blog-post-inner\">\n\n\t\t\t\t\t\n\t\t\t\t\t\t\t\t\t\t<h5 class=\"post-title is-large \">Gambardella : Monaco domine Saint-\u00c9tienne<\/h5>\n\t\t\t\t\t<div class=\"post-meta is-small op-8\">11 janvier 2026<\/div>\t\t\t\t\t<div class=\"is-divider\"><\/div>\n\t\t\t\t\t\t\t\t\t\t<p class=\"from_the_blog_excerpt \">\u00c0 l\u2019instar de leurs a\u00een\u00e9s, c\u2019\u00e9tait aussi week-end de Coupe pour les jeunes de l\u2019AS [...]\t\t\t\t\t<\/p>\n\t\t\t\t\t                    \n\t\t\t\t\t\n\t\t\t\t\t\n\t\t\t\t\t<\/div>\n\t\t\t\t\t<\/div>\n\t\t\t\t\t\t\t\t\t<\/div>\n\t\t\t\t<\/a>\n\t\t\t<\/div>\n\t\t<\/div><div class=\"col post-item\" >\n\t\t\t<div class=\"col-inner\">\n\t\t\t<a href=\"https:\/\/www.ladiagonale.net\/index.php\/2026\/01\/08\/le-match-du-groupe-elite-interrompu-par-la-neige\/\" class=\"plain\">\n\t\t\t\t<div class=\"box box-vertical box-text-bottom box-blog-post has-hover\">\n          \t\t\t\t\t<div class=\"box-text text-left\" >\n\t\t\t\t\t<div class=\"box-text-inner blog-post-inner\">\n\n\t\t\t\t\t\n\t\t\t\t\t\t\t\t\t\t<h5 class=\"post-title is-large \">Le match du Groupe \u00c9lite interrompu par la neige<\/h5>\n\t\t\t\t\t<div class=\"post-meta is-small op-8\">8 janvier 2026<\/div>\t\t\t\t\t<div class=\"is-divider\"><\/div>\n\t\t\t\t\t\t\t\t\t\t<p class=\"from_the_blog_excerpt \">Le Groupe\u00a0\u00c9lite de l&rsquo;AS Monaco faisait sa rentr\u00e9e 2026 avec la Premier League International Cup. [...]\t\t\t\t\t<\/p>\n\t\t\t\t\t                    \n\t\t\t\t\t\n\t\t\t\t\t\n\t\t\t\t\t<\/div>\n\t\t\t\t\t<\/div>\n\t\t\t\t\t\t\t\t\t<\/div>\n\t\t\t\t<\/a>\n\t\t\t<\/div>\n\t\t<\/div><div class=\"col post-item\" >\n\t\t\t<div class=\"col-inner\">\n\t\t\t<a href=\"https:\/\/www.ladiagonale.net\/index.php\/2025\/12\/20\/le-groupe-elite-battu-a-everton\/\" class=\"plain\">\n\t\t\t\t<div class=\"box box-vertical box-text-bottom box-blog-post has-hover\">\n          \t\t\t\t\t<div class=\"box-text text-left\" >\n\t\t\t\t\t<div class=\"box-text-inner blog-post-inner\">\n\n\t\t\t\t\t\n\t\t\t\t\t\t\t\t\t\t<h5 class=\"post-title is-large \">Le Groupe \u00c9lite battu \u00e0 Everton<\/h5>\n\t\t\t\t\t<div class=\"post-meta is-small op-8\">20 d\u00e9cembre 2025<\/div>\t\t\t\t\t<div class=\"is-divider\"><\/div>\n\t\t\t\t\t\t\t\t\t\t<p class=\"from_the_blog_excerpt \">C\u2019est dans l\u2019antre historique de Goodison Park que le Groupe \u00c9lite de l\u2019AS Monaco a [...]\t\t\t\t\t<\/p>\n\t\t\t\t\t                    \n\t\t\t\t\t\n\t\t\t\t\t\n\t\t\t\t\t<\/div>\n\t\t\t\t\t<\/div>\n\t\t\t\t\t\t\t\t\t<\/div>\n\t\t\t\t<\/a>\n\t\t\t<\/div>\n\t\t<\/div><div class=\"col post-item\" >\n\t\t\t<div class=\"col-inner\">\n\t\t\t<a href=\"https:\/\/www.ladiagonale.net\/index.php\/2025\/12\/18\/monaco-oppose-a-saint-etienne-en-gambardella\/\" class=\"plain\">\n\t\t\t\t<div class=\"box box-vertical box-text-bottom box-blog-post has-hover\">\n          \t\t\t\t\t<div class=\"box-text text-left\" >\n\t\t\t\t\t<div class=\"box-text-inner blog-post-inner\">\n\n\t\t\t\t\t\n\t\t\t\t\t\t\t\t\t\t<h5 class=\"post-title is-large \">Monaco oppos\u00e9 \u00e0 Saint-\u00c9tienne en Gambardella<\/h5>\n\t\t\t\t\t<div class=\"post-meta is-small op-8\">18 d\u00e9cembre 2025<\/div>\t\t\t\t\t<div class=\"is-divider\"><\/div>\n\t\t\t\t\t\t\t\t\t\t<p class=\"from_the_blog_excerpt \">Les U18 de l\u2019AS Monaco ont d\u00e9couvert ce jeudi midi leur premier adversaire en Coupe [...]\t\t\t\t\t<\/p>\n\t\t\t\t\t                    \n\t\t\t\t\t\n\t\t\t\t\t\n\t\t\t\t\t<\/div>\n\t\t\t\t\t<\/div>\n\t\t\t\t\t\t\t\t\t<\/div>\n\t\t\t\t<\/a>\n\t\t\t<\/div>\n\t\t<\/div><div class=\"col post-item\" >\n\t\t\t<div class=\"col-inner\">\n\t\t\t<a href=\"https:\/\/www.ladiagonale.net\/index.php\/2025\/12\/12\/monaco-retrouve-le-club-bruges-en-16es-de-youth-league\/\" class=\"plain\">\n\t\t\t\t<div class=\"box box-vertical box-text-bottom box-blog-post has-hover\">\n          \t\t\t\t\t<div class=\"box-text text-left\" >\n\t\t\t\t\t<div class=\"box-text-inner blog-post-inner\">\n\n\t\t\t\t\t\n\t\t\t\t\t\t\t\t\t\t<h5 class=\"post-title is-large \">Monaco retrouve le Club Bruges en 16es de Youth League<\/h5>\n\t\t\t\t\t<div class=\"post-meta is-small op-8\">12 d\u00e9cembre 2025<\/div>\t\t\t\t\t<div class=\"is-divider\"><\/div>\n\t\t\t\t\t\t\t\t\t\t<p class=\"from_the_blog_excerpt \">L\u2019AS Monaco sera en terrain connu en Youth League pour son 16e de finale. Les [...]\t\t\t\t\t<\/p>\n\t\t\t\t\t                    \n\t\t\t\t\t\n\t\t\t\t\t\n\t\t\t\t\t<\/div>\n\t\t\t\t\t<\/div>\n\t\t\t\t\t\t\t\t\t<\/div>\n\t\t\t\t<\/a>\n\t\t\t<\/div>\n\t\t<\/div><div class=\"col post-item\" >\n\t\t\t<div class=\"col-inner\">\n\t\t\t<a href=\"https:\/\/www.ladiagonale.net\/index.php\/2025\/12\/09\/les-u19-ecrasent-galatasaray-et-se-qualifient-en-16es\/\" class=\"plain\">\n\t\t\t\t<div class=\"box box-vertical box-text-bottom box-blog-post has-hover\">\n          \t\t\t\t\t<div class=\"box-text text-left\" >\n\t\t\t\t\t<div class=\"box-text-inner blog-post-inner\">\n\n\t\t\t\t\t\n\t\t\t\t\t\t\t\t\t\t<h5 class=\"post-title is-large \">Les U19 \u00e9crasent Galatasaray et se qualifient en 16es<\/h5>\n\t\t\t\t\t<div class=\"post-meta is-small op-8\">9 d\u00e9cembre 2025<\/div>\t\t\t\t\t<div class=\"is-divider\"><\/div>\n\t\t\t\t\t\t\t\t\t\t<p class=\"from_the_blog_excerpt \">Mission r\u00e9ussie pour les U19 de l\u2019AS Monaco en Youth League. Pour son sixi\u00e8me et [...]\t\t\t\t\t<\/p>\n\t\t\t\t\t                    \n\t\t\t\t\t\n\t\t\t\t\t\n\t\t\t\t\t<\/div>\n\t\t\t\t\t<\/div>\n\t\t\t\t\t\t\t\t\t<\/div>\n\t\t\t\t<\/a>\n\t\t\t<\/div>\n\t\t<\/div><div class=\"col post-item\" >\n\t\t\t<div class=\"col-inner\">\n\t\t\t<a href=\"https:\/\/www.ladiagonale.net\/index.php\/2025\/12\/08\/reaction-des-u17-contre-la-gazelec-ajaccio\/\" class=\"plain\">\n\t\t\t\t<div class=\"box box-vertical box-text-bottom box-blog-post has-hover\">\n          \t\t\t\t\t<div class=\"box-text text-left\" >\n\t\t\t\t\t<div class=\"box-text-inner blog-post-inner\">\n\n\t\t\t\t\t\n\t\t\t\t\t\t\t\t\t\t<h5 class=\"post-title is-large \">R\u00e9action des U17 contre la Gaz\u00e9lec Ajaccio<\/h5>\n\t\t\t\t\t<div class=\"post-meta is-small op-8\">8 d\u00e9cembre 2025<\/div>\t\t\t\t\t<div class=\"is-divider\"><\/div>\n\t\t\t\t\t\t\t\t\t\t<p class=\"from_the_blog_excerpt \">Oppos\u00e9s au Gaz\u00e9lec Ajaccio comme leurs a\u00een\u00e9s en U19, les U17 de l&rsquo;AS Monaco ont [...]\t\t\t\t\t<\/p>\n\t\t\t\t\t                    \n\t\t\t\t\t\n\t\t\t\t\t\n\t\t\t\t\t<\/div>\n\t\t\t\t\t<\/div>\n\t\t\t\t\t\t\t\t\t<\/div>\n\t\t\t\t<\/a>\n\t\t\t<\/div>\n\t\t<\/div><div class=\"col post-item\" >\n\t\t\t<div class=\"col-inner\">\n\t\t\t<a href=\"https:\/\/www.ladiagonale.net\/index.php\/2025\/12\/08\/les-u19-enfoncent-le-clou\/\" class=\"plain\">\n\t\t\t\t<div class=\"box box-vertical box-text-bottom box-blog-post has-hover\">\n          \t\t\t\t\t<div class=\"box-text text-left\" >\n\t\t\t\t\t<div class=\"box-text-inner blog-post-inner\">\n\n\t\t\t\t\t\n\t\t\t\t\t\t\t\t\t\t<h5 class=\"post-title is-large \">Les U19 enfoncent le clou<\/h5>\n\t\t\t\t\t<div class=\"post-meta is-small op-8\">8 d\u00e9cembre 2025<\/div>\t\t\t\t\t<div class=\"is-divider\"><\/div>\n\t\t\t\t\t\t\t\t\t\t<p class=\"from_the_blog_excerpt \">La p\u00e9riode est faste pour les U19 de l\u2019AS Monaco. Apr\u00e8s avoir pris seuls la [...]\t\t\t\t\t<\/p>\n\t\t\t\t\t                    \n\t\t\t\t\t\n\t\t\t\t\t\n\t\t\t\t\t<\/div>\n\t\t\t\t\t<\/div>\n\t\t\t\t\t\t\t\t\t<\/div>\n\t\t\t\t<\/a>\n\t\t\t<\/div>\n\t\t<\/div><div class=\"col post-item\" >\n\t\t\t<div class=\"col-inner\">\n\t\t\t<a href=\"https:\/\/www.ladiagonale.net\/index.php\/2025\/12\/03\/nibombe-sest-entraine-avec-lequipe-premiere\/\" class=\"plain\">\n\t\t\t\t<div class=\"box box-vertical box-text-bottom box-blog-post has-hover\">\n          \t\t\t\t\t<div class=\"box-text text-left\" >\n\t\t\t\t\t<div class=\"box-text-inner blog-post-inner\">\n\n\t\t\t\t\t\n\t\t\t\t\t\t\t\t\t\t<h5 class=\"post-title is-large \">Nibomb\u00e9 s\u2019est entra\u00een\u00e9 avec l\u2019\u00e9quipe premi\u00e8re<\/h5>\n\t\t\t\t\t<div class=\"post-meta is-small op-8\">3 d\u00e9cembre 2025<\/div>\t\t\t\t\t<div class=\"is-divider\"><\/div>\n\t\t\t\t\t\t\t\t\t\t<p class=\"from_the_blog_excerpt \">Le retour progressif de Samuel Nibomb\u00e9 sur les terrains se poursuit. Victime d\u2019un malaise cardiaque [...]\t\t\t\t\t<\/p>\n\t\t\t\t\t                    \n\t\t\t\t\t\n\t\t\t\t\t\n\t\t\t\t\t<\/div>\n\t\t\t\t\t<\/div>\n\t\t\t\t\t\t\t\t\t<\/div>\n\t\t\t\t<\/a>\n\t\t\t<\/div>\n\t\t<\/div><div class=\"col post-item\" >\n\t\t\t<div class=\"col-inner\">\n\t\t\t<a href=\"https:\/\/www.ladiagonale.net\/index.php\/2025\/12\/03\/un-double-pour-brunner-avec-le-groupe-elite\/\" class=\"plain\">\n\t\t\t\t<div class=\"box box-vertical box-text-bottom box-blog-post has-hover\">\n          \t\t\t\t\t<div class=\"box-text text-left\" >\n\t\t\t\t\t<div class=\"box-text-inner blog-post-inner\">\n\n\t\t\t\t\t\n\t\t\t\t\t\t\t\t\t\t<h5 class=\"post-title is-large \">Un doubl\u00e9 pour Brunner avec le Groupe \u00c9lite<\/h5>\n\t\t\t\t\t<div class=\"post-meta is-small op-8\">3 d\u00e9cembre 2025<\/div>\t\t\t\t\t<div class=\"is-divider\"><\/div>\n\t\t\t\t\t\t\t\t\t\t<p class=\"from_the_blog_excerpt \">Performant avec l\u2019Allemagne U20, Paris Brunner l\u2019est aussi lorsqu\u2019il \u00e9volue avec le Groupe \u00c9lite de [...]\t\t\t\t\t<\/p>\n\t\t\t\t\t                    \n\t\t\t\t\t\n\t\t\t\t\t\n\t\t\t\t\t<\/div>\n\t\t\t\t\t<\/div>\n\t\t\t\t\t\t\t\t\t<\/div>\n\t\t\t\t<\/a>\n\t\t\t<\/div>\n\t\t<\/div><div class=\"col post-item\" >\n\t\t\t<div class=\"col-inner\">\n\t\t\t<a href=\"https:\/\/www.ladiagonale.net\/index.php\/2025\/12\/01\/coup-darret-a-saint-priest-pour-les-u17\/\" class=\"plain\">\n\t\t\t\t<div class=\"box box-vertical box-text-bottom box-blog-post has-hover\">\n          \t\t\t\t\t<div class=\"box-text text-left\" >\n\t\t\t\t\t<div class=\"box-text-inner blog-post-inner\">\n\n\t\t\t\t\t\n\t\t\t\t\t\t\t\t\t\t<h5 class=\"post-title is-large \">Coup d\u2019arr\u00eat \u00e0 Saint-Priest pour les U17<\/h5>\n\t\t\t\t\t<div class=\"post-meta is-small op-8\">1 d\u00e9cembre 2025<\/div>\t\t\t\t\t<div class=\"is-divider\"><\/div>\n\t\t\t\t\t\t\t\t\t\t<p class=\"from_the_blog_excerpt \">Sur une belle s\u00e9rie de trois succ\u00e8s, les U17 de l\u2019AS Monaco ont \u00e9t\u00e9 battus [...]\t\t\t\t\t<\/p>\n\t\t\t\t\t                    \n\t\t\t\t\t\n\t\t\t\t\t\n\t\t\t\t\t<\/div>\n\t\t\t\t\t<\/div>\n\t\t\t\t\t\t\t\t\t<\/div>\n\t\t\t\t<\/a>\n\t\t\t<\/div>\n\t\t<\/div><div class=\"col post-item\" >\n\t\t\t<div class=\"col-inner\">\n\t\t\t<a href=\"https:\/\/www.ladiagonale.net\/index.php\/2025\/12\/01\/les-u19-ecrasent-bastia-et-virent-en-tete\/\" class=\"plain\">\n\t\t\t\t<div class=\"box box-vertical box-text-bottom box-blog-post has-hover\">\n          \t\t\t\t\t<div class=\"box-text text-left\" >\n\t\t\t\t\t<div class=\"box-text-inner blog-post-inner\">\n\n\t\t\t\t\t\n\t\t\t\t\t\t\t\t\t\t<h5 class=\"post-title is-large \">Les U19 \u00e9crasent Bastia et virent en t\u00eate<\/h5>\n\t\t\t\t\t<div class=\"post-meta is-small op-8\">1 d\u00e9cembre 2025<\/div>\t\t\t\t\t<div class=\"is-divider\"><\/div>\n\t\t\t\t\t\t\t\t\t\t<p class=\"from_the_blog_excerpt \">C\u2019est un bon week-end pour les U19 de l\u2019AS Monaco. Oppos\u00e9s au SC Bastia, les [...]\t\t\t\t\t<\/p>\n\t\t\t\t\t                    \n\t\t\t\t\t\n\t\t\t\t\t\n\t\t\t\t\t<\/div>\n\t\t\t\t\t<\/div>\n\t\t\t\t\t\t\t\t\t<\/div>\n\t\t\t\t<\/a>\n\t\t\t<\/div>\n\t\t<\/div><div class=\"col post-item\" >\n\t\t\t<div class=\"col-inner\">\n\t\t\t<a href=\"https:\/\/www.ladiagonale.net\/index.php\/2025\/11\/26\/les-u19-battent-paphos\/\" class=\"plain\">\n\t\t\t\t<div class=\"box box-vertical box-text-bottom box-blog-post has-hover\">\n          \t\t\t\t\t<div class=\"box-text text-left\" >\n\t\t\t\t\t<div class=\"box-text-inner blog-post-inner\">\n\n\t\t\t\t\t\n\t\t\t\t\t\t\t\t\t\t<h5 class=\"post-title is-large \">Les U19 battent Paphos<\/h5>\n\t\t\t\t\t<div class=\"post-meta is-small op-8\">26 novembre 2025<\/div>\t\t\t\t\t<div class=\"is-divider\"><\/div>\n\t\t\t\t\t\t\t\t\t\t<p class=\"from_the_blog_excerpt \">Les U19 de l\u2019AS Monaco sont sur la bonne voie. Apr\u00e8s un large succ\u00e8s contre [...]\t\t\t\t\t<\/p>\n\t\t\t\t\t                    \n\t\t\t\t\t\n\t\t\t\t\t\n\t\t\t\t\t<\/div>\n\t\t\t\t\t<\/div>\n\t\t\t\t\t\t\t\t\t<\/div>\n\t\t\t\t<\/a>\n\t\t\t<\/div>\n\t\t<\/div><div class=\"col post-item\" >\n\t\t\t<div class=\"col-inner\">\n\t\t\t<a href=\"https:\/\/www.ladiagonale.net\/index.php\/2025\/11\/25\/les-u17-ecrasent-le-leader\/\" class=\"plain\">\n\t\t\t\t<div class=\"box box-vertical box-text-bottom box-blog-post has-hover\">\n          \t\t\t\t\t<div class=\"box-text text-left\" >\n\t\t\t\t\t<div class=\"box-text-inner blog-post-inner\">\n\n\t\t\t\t\t\n\t\t\t\t\t\t\t\t\t\t<h5 class=\"post-title is-large \">Les U17 \u00e9crasent le leader<\/h5>\n\t\t\t\t\t<div class=\"post-meta is-small op-8\">25 novembre 2025<\/div>\t\t\t\t\t<div class=\"is-divider\"><\/div>\n\t\t\t\t\t\t\t\t\t\t<p class=\"from_the_blog_excerpt \">Sur deux succ\u00e8s de rang en championnat, les U17 de l&rsquo;AS Monaco \u00e9taient confront\u00e9s \u00e0 [...]\t\t\t\t\t<\/p>\n\t\t\t\t\t                    \n\t\t\t\t\t\n\t\t\t\t\t\n\t\t\t\t\t<\/div>\n\t\t\t\t\t<\/div>\n\t\t\t\t\t\t\t\t\t<\/div>\n\t\t\t\t<\/a>\n\t\t\t<\/div>\n\t\t<\/div><div class=\"col post-item\" >\n\t\t\t<div class=\"col-inner\">\n\t\t\t<a href=\"https:\/\/www.ladiagonale.net\/index.php\/2025\/11\/24\/les-u19-enchainent-face-a-montpellier\/\" class=\"plain\">\n\t\t\t\t<div class=\"box box-vertical box-text-bottom box-blog-post has-hover\">\n          \t\t\t\t\t<div class=\"box-text text-left\" >\n\t\t\t\t\t<div class=\"box-text-inner blog-post-inner\">\n\n\t\t\t\t\t\n\t\t\t\t\t\t\t\t\t\t<h5 class=\"post-title is-large \">Les U19 encha\u00eenent face \u00e0 Montpellier<\/h5>\n\t\t\t\t\t<div class=\"post-meta is-small op-8\">24 novembre 2025<\/div>\t\t\t\t\t<div class=\"is-divider\"><\/div>\n\t\t\t\t\t\t\t\t\t\t<p class=\"from_the_blog_excerpt \">Dimanche dernier, en conclusion de la phase aller du championnat U19, l&rsquo;AS Monaco avait fort [...]\t\t\t\t\t<\/p>\n\t\t\t\t\t                    \n\t\t\t\t\t\n\t\t\t\t\t\n\t\t\t\t\t<\/div>\n\t\t\t\t\t<\/div>\n\t\t\t\t\t\t\t\t\t<\/div>\n\t\t\t\t<\/a>\n\t\t\t<\/div>\n\t\t<\/div><div class=\"col post-item\" >\n\t\t\t<div class=\"col-inner\">\n\t\t\t<a href=\"https:\/\/www.ladiagonale.net\/index.php\/2025\/11\/18\/les-u17-enchainent-face-a-grenoble\/\" class=\"plain\">\n\t\t\t\t<div class=\"box box-vertical box-text-bottom box-blog-post has-hover\">\n          \t\t\t\t\t<div class=\"box-text text-left\" >\n\t\t\t\t\t<div class=\"box-text-inner blog-post-inner\">\n\n\t\t\t\t\t\n\t\t\t\t\t\t\t\t\t\t<h5 class=\"post-title is-large \">Les U17 encha\u00eenent face \u00e0 Grenoble<\/h5>\n\t\t\t\t\t<div class=\"post-meta is-small op-8\">18 novembre 2025<\/div>\t\t\t\t\t<div class=\"is-divider\"><\/div>\n\t\t\t\t\t\t\t\t\t\t<p class=\"from_the_blog_excerpt \">Week-end positif pour les \u00e9quipes de l\u2019Academy. Alors que les U19 ont battu Aubagne Air-Bel [...]\t\t\t\t\t<\/p>\n\t\t\t\t\t                    \n\t\t\t\t\t\n\t\t\t\t\t\n\t\t\t\t\t<\/div>\n\t\t\t\t\t<\/div>\n\t\t\t\t\t\t\t\t\t<\/div>\n\t\t\t\t<\/a>\n\t\t\t<\/div>\n\t\t<\/div><div class=\"col post-item\" >\n\t\t\t<div class=\"col-inner\">\n\t\t\t<a href=\"https:\/\/www.ladiagonale.net\/index.php\/2025\/11\/17\/nibombe-de-retour-a-la-competition-avec-les-u19\/\" class=\"plain\">\n\t\t\t\t<div class=\"box box-vertical box-text-bottom box-blog-post has-hover\">\n          \t\t\t\t\t<div class=\"box-text text-left\" >\n\t\t\t\t\t<div class=\"box-text-inner blog-post-inner\">\n\n\t\t\t\t\t\n\t\t\t\t\t\t\t\t\t\t<h5 class=\"post-title is-large \">Nibomb\u00e9 de retour \u00e0 la comp\u00e9tition avec les U19<\/h5>\n\t\t\t\t\t<div class=\"post-meta is-small op-8\">17 novembre 2025<\/div>\t\t\t\t\t<div class=\"is-divider\"><\/div>\n\t\t\t\t\t\t\t\t\t\t<p class=\"from_the_blog_excerpt \">Six mois apr\u00e8s l\u2019effroi, l\u2019espoir. Victime d\u2019un malaise cardiaque en finale du Challenge Espoirs sur [...]\t\t\t\t\t<\/p>\n\t\t\t\t\t                    \n\t\t\t\t\t\n\t\t\t\t\t\n\t\t\t\t\t<\/div>\n\t\t\t\t\t<\/div>\n\t\t\t\t\t\t\t\t\t<\/div>\n\t\t\t\t<\/a>\n\t\t\t<\/div>\n\t\t<\/div><div class=\"col post-item\" >\n\t\t\t<div class=\"col-inner\">\n\t\t\t<a href=\"https:\/\/www.ladiagonale.net\/index.php\/2025\/11\/10\/les-u17-cartonnent-la-duchere-et-se-relancent\/\" class=\"plain\">\n\t\t\t\t<div class=\"box box-vertical box-text-bottom box-blog-post has-hover\">\n          \t\t\t\t\t<div class=\"box-text text-left\" >\n\t\t\t\t\t<div class=\"box-text-inner blog-post-inner\">\n\n\t\t\t\t\t\n\t\t\t\t\t\t\t\t\t\t<h5 class=\"post-title is-large \">Les U17 cartonnent La Duch\u00e8re et se relancent<\/h5>\n\t\t\t\t\t<div class=\"post-meta is-small op-8\">10 novembre 2025<\/div>\t\t\t\t\t<div class=\"is-divider\"><\/div>\n\t\t\t\t\t\t\t\t\t\t<p class=\"from_the_blog_excerpt \">Les U17 de l\u2019AS Monaco courraient apr\u00e8s leur premier succ\u00e8s en championnat depuis d\u00e9but septembre [...]\t\t\t\t\t<\/p>\n\t\t\t\t\t                    \n\t\t\t\t\t\n\t\t\t\t\t\n\t\t\t\t\t<\/div>\n\t\t\t\t\t<\/div>\n\t\t\t\t\t\t\t\t\t<\/div>\n\t\t\t\t<\/a>\n\t\t\t<\/div>\n\t\t<\/div><div class=\"col post-item\" >\n\t\t\t<div class=\"col-inner\">\n\t\t\t<a href=\"https:\/\/www.ladiagonale.net\/index.php\/2025\/11\/10\/les-u19-lourdement-battus-par-le-cavigal\/\" class=\"plain\">\n\t\t\t\t<div class=\"box box-vertical box-text-bottom box-blog-post has-hover\">\n          \t\t\t\t\t<div class=\"box-text text-left\" >\n\t\t\t\t\t<div class=\"box-text-inner blog-post-inner\">\n\n\t\t\t\t\t\n\t\t\t\t\t\t\t\t\t\t<h5 class=\"post-title is-large \">Les U19 lourdement battus par le Cavigal<\/h5>\n\t\t\t\t\t<div class=\"post-meta is-small op-8\">10 novembre 2025<\/div>\t\t\t\t\t<div class=\"is-divider\"><\/div>\n\t\t\t\t\t\t\t\t\t\t<p class=\"from_the_blog_excerpt \">Deuxi\u00e8me d\u00e9faite de rang pour les U19 de l\u2019AS Monaco. Battus au retour des vacances [...]\t\t\t\t\t<\/p>\n\t\t\t\t\t                    \n\t\t\t\t\t\n\t\t\t\t\t\n\t\t\t\t\t<\/div>\n\t\t\t\t\t<\/div>\n\t\t\t\t\t\t\t\t\t<\/div>\n\t\t\t\t<\/a>\n\t\t\t<\/div>\n\t\t<\/div><div class=\"col post-item\" >\n\t\t\t<div class=\"col-inner\">\n\t\t\t<a href=\"https:\/\/www.ladiagonale.net\/index.php\/2025\/11\/04\/festival-offensif-des-u19-en-youth-league\/\" class=\"plain\">\n\t\t\t\t<div class=\"box box-vertical box-text-bottom box-blog-post has-hover\">\n          \t\t\t\t\t<div class=\"box-text text-left\" >\n\t\t\t\t\t<div class=\"box-text-inner blog-post-inner\">\n\n\t\t\t\t\t\n\t\t\t\t\t\t\t\t\t\t<h5 class=\"post-title is-large \">Festival offensif des U19 en Youth League<\/h5>\n\t\t\t\t\t<div class=\"post-meta is-small op-8\">4 novembre 2025<\/div>\t\t\t\t\t<div class=\"is-divider\"><\/div>\n\t\t\t\t\t\t\t\t\t\t<p class=\"from_the_blog_excerpt \">Apr\u00e8s avoir conc\u00e9d\u00e9 trois d\u00e9faites en trois rencontres de Youth League, les U19 de l&rsquo;AS [...]\t\t\t\t\t<\/p>\n\t\t\t\t\t                    \n\t\t\t\t\t\n\t\t\t\t\t\n\t\t\t\t\t<\/div>\n\t\t\t\t\t<\/div>\n\t\t\t\t\t\t\t\t\t<\/div>\n\t\t\t\t<\/a>\n\t\t\t<\/div>\n\t\t<\/div><div class=\"col post-item\" >\n\t\t\t<div class=\"col-inner\">\n\t\t\t<a href=\"https:\/\/www.ladiagonale.net\/index.php\/2025\/11\/02\/les-u17-battus-au-cavigal\/\" class=\"plain\">\n\t\t\t\t<div class=\"box box-vertical box-text-bottom box-blog-post has-hover\">\n          \t\t\t\t\t<div class=\"box-text text-left\" >\n\t\t\t\t\t<div class=\"box-text-inner blog-post-inner\">\n\n\t\t\t\t\t\n\t\t\t\t\t\t\t\t\t\t<h5 class=\"post-title is-large \">Les U17 battus au Cavigal<\/h5>\n\t\t\t\t\t<div class=\"post-meta is-small op-8\">2 novembre 2025<\/div>\t\t\t\t\t<div class=\"is-divider\"><\/div>\n\t\t\t\t\t\t\t\t\t\t<p class=\"from_the_blog_excerpt \">Mauvaise semaine pour la reprise de l\u2019Academy. Si les U19 ont \u00e9t\u00e9 battus par Toulouse [...]\t\t\t\t\t<\/p>\n\t\t\t\t\t                    \n\t\t\t\t\t\n\t\t\t\t\t\n\t\t\t\t\t<\/div>\n\t\t\t\t\t<\/div>\n\t\t\t\t\t\t\t\t\t<\/div>\n\t\t\t\t<\/a>\n\t\t\t<\/div>\n\t\t<\/div><div class=\"col post-item\" >\n\t\t\t<div class=\"col-inner\">\n\t\t\t<a href=\"https:\/\/www.ladiagonale.net\/index.php\/2025\/11\/02\/les-u19-battus-par-toulouse\/\" class=\"plain\">\n\t\t\t\t<div class=\"box box-vertical box-text-bottom box-blog-post has-hover\">\n          \t\t\t\t\t<div class=\"box-text text-left\" >\n\t\t\t\t\t<div class=\"box-text-inner blog-post-inner\">\n\n\t\t\t\t\t\n\t\t\t\t\t\t\t\t\t\t<h5 class=\"post-title is-large \">Les U19 battus par Toulouse<\/h5>\n\t\t\t\t\t<div class=\"post-meta is-small op-8\">2 novembre 2025<\/div>\t\t\t\t\t<div class=\"is-divider\"><\/div>\n\t\t\t\t\t\t\t\t\t\t<p class=\"from_the_blog_excerpt \">Les U19 de l\u2019AS Monaco sont revenus de vacances avec une d\u00e9faite. Face \u00e0 Toulouse, [...]\t\t\t\t\t<\/p>\n\t\t\t\t\t                    \n\t\t\t\t\t\n\t\t\t\t\t\n\t\t\t\t\t<\/div>\n\t\t\t\t\t<\/div>\n\t\t\t\t\t\t\t\t\t<\/div>\n\t\t\t\t<\/a>\n\t\t\t<\/div>\n\t\t<\/div><div class=\"col post-item\" >\n\t\t\t<div class=\"col-inner\">\n\t\t\t<a href=\"https:\/\/www.ladiagonale.net\/index.php\/2025\/10\/29\/le-groupe-elite-bat-le-paris-fc-dans-le-challenge-espoirs\/\" class=\"plain\">\n\t\t\t\t<div class=\"box box-vertical box-text-bottom box-blog-post has-hover\">\n          \t\t\t\t\t<div class=\"box-text text-left\" >\n\t\t\t\t\t<div class=\"box-text-inner blog-post-inner\">\n\n\t\t\t\t\t\n\t\t\t\t\t\t\t\t\t\t<h5 class=\"post-title is-large \">Le Groupe \u00c9lite bat le Paris FC dans le Challenge Espoirs<\/h5>\n\t\t\t\t\t<div class=\"post-meta is-small op-8\">29 octobre 2025<\/div>\t\t\t\t\t<div class=\"is-divider\"><\/div>\n\t\t\t\t\t\t\t\t\t\t<p class=\"from_the_blog_excerpt \">Corrig\u00e9 par l\u2019Olympique de Marseille pour son premier match du Challenge Espoirs en septembre, le [...]\t\t\t\t\t<\/p>\n\t\t\t\t\t                    \n\t\t\t\t\t\n\t\t\t\t\t\n\t\t\t\t\t<\/div>\n\t\t\t\t\t<\/div>\n\t\t\t\t\t\t\t\t\t<\/div>\n\t\t\t\t<\/a>\n\t\t\t<\/div>\n\t\t<\/div><div class=\"col post-item\" >\n\t\t\t<div class=\"col-inner\">\n\t\t\t<a href=\"https:\/\/www.ladiagonale.net\/index.php\/2025\/10\/24\/belmokhtar-et-haddani-convoques-pour-la-coupe-du-monde-u17\/\" class=\"plain\">\n\t\t\t\t<div class=\"box box-vertical box-text-bottom box-blog-post has-hover\">\n          \t\t\t\t\t<div class=\"box-text text-left\" >\n\t\t\t\t\t<div class=\"box-text-inner blog-post-inner\">\n\n\t\t\t\t\t\n\t\t\t\t\t\t\t\t\t\t<h5 class=\"post-title is-large \">Belmokhtar et Haddani convoqu\u00e9s pour la Coupe du monde U17<\/h5>\n\t\t\t\t\t<div class=\"post-meta is-small op-8\">24 octobre 2025<\/div>\t\t\t\t\t<div class=\"is-divider\"><\/div>\n\t\t\t\t\t\t\t\t\t\t<p class=\"from_the_blog_excerpt \">Le Maroc de Yanis Benchaouch s\u2019est hiss\u00e9 sur le toit du monde en remportant la [...]\t\t\t\t\t<\/p>\n\t\t\t\t\t                    \n\t\t\t\t\t\n\t\t\t\t\t\n\t\t\t\t\t<\/div>\n\t\t\t\t\t<\/div>\n\t\t\t\t\t\t\t\t\t<\/div>\n\t\t\t\t<\/a>\n\t\t\t<\/div>\n\t\t<\/div><div class=\"col post-item\" >\n\t\t\t<div class=\"col-inner\">\n\t\t\t<a href=\"https:\/\/www.ladiagonale.net\/index.php\/2025\/10\/22\/troisieme-defaite-en-trois-matches-de-youth-league\/\" class=\"plain\">\n\t\t\t\t<div class=\"box box-vertical box-text-bottom box-blog-post has-hover\">\n          \t\t\t\t\t<div class=\"box-text text-left\" >\n\t\t\t\t\t<div class=\"box-text-inner blog-post-inner\">\n\n\t\t\t\t\t\n\t\t\t\t\t\t\t\t\t\t<h5 class=\"post-title is-large \">Troisi\u00e8me d\u00e9faite en trois matches de Youth League<\/h5>\n\t\t\t\t\t<div class=\"post-meta is-small op-8\">22 octobre 2025<\/div>\t\t\t\t\t<div class=\"is-divider\"><\/div>\n\t\t\t\t\t\t\t\t\t\t<p class=\"from_the_blog_excerpt \">Les U19 de l\u2019AS Monaco ne brillent pas sur la sc\u00e8ne europ\u00e9enne. Apr\u00e8s des d\u00e9faites [...]\t\t\t\t\t<\/p>\n\t\t\t\t\t                    \n\t\t\t\t\t\n\t\t\t\t\t\n\t\t\t\t\t<\/div>\n\t\t\t\t\t<\/div>\n\t\t\t\t\t\t\t\t\t<\/div>\n\t\t\t\t<\/a>\n\t\t\t<\/div>\n\t\t<\/div><div class=\"col post-item\" >\n\t\t\t<div class=\"col-inner\">\n\t\t\t<a href=\"https:\/\/www.ladiagonale.net\/index.php\/2025\/10\/20\/les-u17-battus-par-clermont\/\" class=\"plain\">\n\t\t\t\t<div class=\"box box-vertical box-text-bottom box-blog-post has-hover\">\n          \t\t\t\t\t<div class=\"box-text text-left\" >\n\t\t\t\t\t<div class=\"box-text-inner blog-post-inner\">\n\n\t\t\t\t\t\n\t\t\t\t\t\t\t\t\t\t<h5 class=\"post-title is-large \">Les U17 battus par Clermont<\/h5>\n\t\t\t\t\t<div class=\"post-meta is-small op-8\">20 octobre 2025<\/div>\t\t\t\t\t<div class=\"is-divider\"><\/div>\n\t\t\t\t\t\t\t\t\t\t<p class=\"from_the_blog_excerpt \">La mauvaise s\u00e9rie se poursuit pour les U17 de l\u2019AS Monaco. Alors qu\u2019ils n\u2019ont plus [...]\t\t\t\t\t<\/p>\n\t\t\t\t\t                    \n\t\t\t\t\t\n\t\t\t\t\t\n\t\t\t\t\t<\/div>\n\t\t\t\t\t<\/div>\n\t\t\t\t\t\t\t\t\t<\/div>\n\t\t\t\t<\/a>\n\t\t\t<\/div>\n\t\t<\/div><div class=\"col post-item\" >\n\t\t\t<div class=\"col-inner\">\n\t\t\t<a href=\"https:\/\/www.ladiagonale.net\/index.php\/2025\/10\/20\/benchaouch-champion-du-monde-u20\/\" class=\"plain\">\n\t\t\t\t<div class=\"box box-vertical box-text-bottom box-blog-post has-hover\">\n          \t\t\t\t\t<div class=\"box-text text-left\" >\n\t\t\t\t\t<div class=\"box-text-inner blog-post-inner\">\n\n\t\t\t\t\t\n\t\t\t\t\t\t\t\t\t\t<h5 class=\"post-title is-large \">Benchaouch champion du monde U20<\/h5>\n\t\t\t\t\t<div class=\"post-meta is-small op-8\">20 octobre 2025<\/div>\t\t\t\t\t<div class=\"is-divider\"><\/div>\n\t\t\t\t\t\t\t\t\t\t<p class=\"from_the_blog_excerpt \">Le Mon\u00e9gasque Yanis Benchaouch est sur le toit du monde de sa cat\u00e9gorie d\u2019\u00e2ge ! [...]\t\t\t\t\t<\/p>\n\t\t\t\t\t                    \n\t\t\t\t\t\n\t\t\t\t\t\n\t\t\t\t\t<\/div>\n\t\t\t\t\t<\/div>\n\t\t\t\t\t\t\t\t\t<\/div>\n\t\t\t\t<\/a>\n\t\t\t<\/div>\n\t\t<\/div><div class=\"col post-item\" >\n\t\t\t<div class=\"col-inner\">\n\t\t\t<a href=\"https:\/\/www.ladiagonale.net\/index.php\/2025\/10\/19\/succes-de-prestige-pour-les-u19-contre-lom\/\" class=\"plain\">\n\t\t\t\t<div class=\"box box-vertical box-text-bottom box-blog-post has-hover\">\n          \t\t\t\t\t<div class=\"box-text text-left\" >\n\t\t\t\t\t<div class=\"box-text-inner blog-post-inner\">\n\n\t\t\t\t\t\n\t\t\t\t\t\t\t\t\t\t<h5 class=\"post-title is-large \">Succ\u00e8s de prestige pour les U19 contre l&rsquo;OM<\/h5>\n\t\t\t\t\t<div class=\"post-meta is-small op-8\">19 octobre 2025<\/div>\t\t\t\t\t<div class=\"is-divider\"><\/div>\n\t\t\t\t\t\t\t\t\t\t<p class=\"from_the_blog_excerpt \">Apr\u00e8s deux r\u00e9sultats nuls, les U19 de l&rsquo;AS Monaco ont mis \u00e0 profit leurs deux [...]\t\t\t\t\t<\/p>\n\t\t\t\t\t                    \n\t\t\t\t\t\n\t\t\t\t\t\n\t\t\t\t\t<\/div>\n\t\t\t\t\t<\/div>\n\t\t\t\t\t\t\t\t\t<\/div>\n\t\t\t\t<\/a>\n\t\t\t<\/div>\n\t\t<\/div><div class=\"col post-item\" >\n\t\t\t<div class=\"col-inner\">\n\t\t\t<a href=\"https:\/\/www.ladiagonale.net\/index.php\/2025\/10\/13\/les-u17-accrochent-nimes\/\" class=\"plain\">\n\t\t\t\t<div class=\"box box-vertical box-text-bottom box-blog-post has-hover\">\n          \t\t\t\t\t<div class=\"box-text text-left\" >\n\t\t\t\t\t<div class=\"box-text-inner blog-post-inner\">\n\n\t\t\t\t\t\n\t\t\t\t\t\t\t\t\t\t<h5 class=\"post-title is-large \">Les U17 accrochent N\u00eemes<\/h5>\n\t\t\t\t\t<div class=\"post-meta is-small op-8\">13 octobre 2025<\/div>\t\t\t\t\t<div class=\"is-divider\"><\/div>\n\t\t\t\t\t\t\t\t\t\t<p class=\"from_the_blog_excerpt \">Battu il y a quinze jours par Saint-\u00c9tienne, les U17 de l\u2019AS Monaco, exempt\u00e9s de [...]\t\t\t\t\t<\/p>\n\t\t\t\t\t                    \n\t\t\t\t\t\n\t\t\t\t\t\n\t\t\t\t\t<\/div>\n\t\t\t\t\t<\/div>\n\t\t\t\t\t\t\t\t\t<\/div>\n\t\t\t\t<\/a>\n\t\t\t<\/div>\n\t\t<\/div><div class=\"col post-item\" >\n\t\t\t<div class=\"col-inner\">\n\t\t\t<a href=\"https:\/\/www.ladiagonale.net\/index.php\/2025\/10\/05\/accroches-les-u19-restent-invaincus\/\" class=\"plain\">\n\t\t\t\t<div class=\"box box-vertical box-text-bottom box-blog-post has-hover\">\n          \t\t\t\t\t<div class=\"box-text text-left\" >\n\t\t\t\t\t<div class=\"box-text-inner blog-post-inner\">\n\n\t\t\t\t\t\n\t\t\t\t\t\t\t\t\t\t<h5 class=\"post-title is-large \">Accroch\u00e9s, les U19 restent invaincus<\/h5>\n\t\t\t\t\t<div class=\"post-meta is-small op-8\">5 octobre 2025<\/div>\t\t\t\t\t<div class=\"is-divider\"><\/div>\n\t\t\t\t\t\t\t\t\t\t<p class=\"from_the_blog_excerpt \">Les U19 de l\u2019AS Monaco avancent au ralenti mais ne perdent pas. Contre Saint-Etienne, pour [...]\t\t\t\t\t<\/p>\n\t\t\t\t\t                    \n\t\t\t\t\t\n\t\t\t\t\t\n\t\t\t\t\t<\/div>\n\t\t\t\t\t<\/div>\n\t\t\t\t\t\t\t\t\t<\/div>\n\t\t\t\t<\/a>\n\t\t\t<\/div>\n\t\t<\/div><div class=\"col post-item\" >\n\t\t\t<div class=\"col-inner\">\n\t\t\t<a href=\"https:\/\/www.ladiagonale.net\/index.php\/2025\/10\/01\/les-u19-plient-en-youth-league\/\" class=\"plain\">\n\t\t\t\t<div class=\"box box-vertical box-text-bottom box-blog-post has-hover\">\n          \t\t\t\t\t<div class=\"box-text text-left\" >\n\t\t\t\t\t<div class=\"box-text-inner blog-post-inner\">\n\n\t\t\t\t\t\n\t\t\t\t\t\t\t\t\t\t<h5 class=\"post-title is-large \">Les U19 plient contre City en Youth League<\/h5>\n\t\t\t\t\t<div class=\"post-meta is-small op-8\">1 octobre 2025<\/div>\t\t\t\t\t<div class=\"is-divider\"><\/div>\n\t\t\t\t\t\t\t\t\t\t<p class=\"from_the_blog_excerpt \">La marche Manchester City \u00e9tait trop haute pour les U19 de l\u2019AS Monaco. D\u00e9j\u00e0 battus [...]\t\t\t\t\t<\/p>\n\t\t\t\t\t                    \n\t\t\t\t\t\n\t\t\t\t\t\n\t\t\t\t\t<\/div>\n\t\t\t\t\t<\/div>\n\t\t\t\t\t\t\t\t\t<\/div>\n\t\t\t\t<\/a>\n\t\t\t<\/div>\n\t\t<\/div><div class=\"col post-item\" >\n\t\t\t<div class=\"col-inner\">\n\t\t\t<a href=\"https:\/\/www.ladiagonale.net\/index.php\/2025\/09\/29\/premiere-defaite-pour-les-u17\/\" class=\"plain\">\n\t\t\t\t<div class=\"box box-vertical box-text-bottom box-blog-post has-hover\">\n          \t\t\t\t\t<div class=\"box-text text-left\" >\n\t\t\t\t\t<div class=\"box-text-inner blog-post-inner\">\n\n\t\t\t\t\t\n\t\t\t\t\t\t\t\t\t\t<h5 class=\"post-title is-large \">Premi\u00e8re d\u00e9faite pour les U17<\/h5>\n\t\t\t\t\t<div class=\"post-meta is-small op-8\">29 septembre 2025<\/div>\t\t\t\t\t<div class=\"is-divider\"><\/div>\n\t\t\t\t\t\t\t\t\t\t<p class=\"from_the_blog_excerpt \">Invaincus depuis le d\u00e9but de la saison, les U17 de l&rsquo;AS Monaco ont connu leur [...]\t\t\t\t\t<\/p>\n\t\t\t\t\t                    \n\t\t\t\t\t\n\t\t\t\t\t\n\t\t\t\t\t<\/div>\n\t\t\t\t\t<\/div>\n\t\t\t\t\t\t\t\t\t<\/div>\n\t\t\t\t<\/a>\n\t\t\t<\/div>\n\t\t<\/div><div class=\"col post-item\" >\n\t\t\t<div class=\"col-inner\">\n\t\t\t<a href=\"https:\/\/www.ladiagonale.net\/index.php\/2025\/09\/29\/les-u19-accroches-2\/\" class=\"plain\">\n\t\t\t\t<div class=\"box box-vertical box-text-bottom box-blog-post has-hover\">\n          \t\t\t\t\t<div class=\"box-text text-left\" >\n\t\t\t\t\t<div class=\"box-text-inner blog-post-inner\">\n\n\t\t\t\t\t\n\t\t\t\t\t\t\t\t\t\t<h5 class=\"post-title is-large \">Les U19 accroch\u00e9s<\/h5>\n\t\t\t\t\t<div class=\"post-meta is-small op-8\">29 septembre 2025<\/div>\t\t\t\t\t<div class=\"is-divider\"><\/div>\n\t\t\t\t\t\t\t\t\t\t<p class=\"from_the_blog_excerpt \">Les U19 de l&rsquo;AS Monaco tournent au ralenti. Apr\u00e8s s&rsquo;\u00eatre relanc\u00e9s avec une victoire contre [...]\t\t\t\t\t<\/p>\n\t\t\t\t\t                    \n\t\t\t\t\t\n\t\t\t\t\t\n\t\t\t\t\t<\/div>\n\t\t\t\t\t<\/div>\n\t\t\t\t\t\t\t\t\t<\/div>\n\t\t\t\t<\/a>\n\t\t\t<\/div>\n\t\t<\/div><div class=\"col post-item\" >\n\t\t\t<div class=\"col-inner\">\n\t\t\t<a href=\"https:\/\/www.ladiagonale.net\/index.php\/2025\/09\/27\/lourde-defaite-du-groupe-elite-contre-lom-au-challenge-espoirs\/\" class=\"plain\">\n\t\t\t\t<div class=\"box box-vertical box-text-bottom box-blog-post has-hover\">\n          \t\t\t\t\t<div class=\"box-text text-left\" >\n\t\t\t\t\t<div class=\"box-text-inner blog-post-inner\">\n\n\t\t\t\t\t\n\t\t\t\t\t\t\t\t\t\t<h5 class=\"post-title is-large \">Lourde d\u00e9faite du Groupe \u00c9lite contre l&rsquo;OM au Challenge Espoirs<\/h5>\n\t\t\t\t\t<div class=\"post-meta is-small op-8\">27 septembre 2025<\/div>\t\t\t\t\t<div class=\"is-divider\"><\/div>\n\t\t\t\t\t\t\t\t\t\t<p class=\"from_the_blog_excerpt \">Finaliste de la premi\u00e8re \u00e9dition du Challenge Espoirs, le Groupe \u00c9lite de l&rsquo;AS Monaco a [...]\t\t\t\t\t<\/p>\n\t\t\t\t\t                    \n\t\t\t\t\t\n\t\t\t\t\t\n\t\t\t\t\t<\/div>\n\t\t\t\t\t<\/div>\n\t\t\t\t\t\t\t\t\t<\/div>\n\t\t\t\t<\/a>\n\t\t\t<\/div>\n\t\t<\/div><div class=\"col post-item\" >\n\t\t\t<div class=\"col-inner\">\n\t\t\t<a href=\"https:\/\/www.ladiagonale.net\/index.php\/2025\/09\/24\/officiel-premier-contrat-professionnel-pour-toure\/\" class=\"plain\">\n\t\t\t\t<div class=\"box box-vertical box-text-bottom box-blog-post has-hover\">\n          \t\t\t\t\t<div class=\"box-text text-left\" >\n\t\t\t\t\t<div class=\"box-text-inner blog-post-inner\">\n\n\t\t\t\t\t\n\t\t\t\t\t\t\t\t\t\t<h5 class=\"post-title is-large \">Officiel : premier contrat professionnel pour Tour\u00e9<\/h5>\n\t\t\t\t\t<div class=\"post-meta is-small op-8\">24 septembre 2025<\/div>\t\t\t\t\t<div class=\"is-divider\"><\/div>\n\t\t\t\t\t\t\t\t\t\t<p class=\"from_the_blog_excerpt \">Annonc\u00e9 mi-juillet par L\u2019\u00c9quipe, Ilane Tour\u00e9 a sign\u00e9 son premier contrat professionnel avec l&rsquo;AS Monaco. [...]\t\t\t\t\t<\/p>\n\t\t\t\t\t                    \n\t\t\t\t\t\n\t\t\t\t\t\n\t\t\t\t\t<\/div>\n\t\t\t\t\t<\/div>\n\t\t\t\t\t\t\t\t\t<\/div>\n\t\t\t\t<\/a>\n\t\t\t<\/div>\n\t\t<\/div><div class=\"col post-item\" >\n\t\t\t<div class=\"col-inner\">\n\t\t\t<a href=\"https:\/\/www.ladiagonale.net\/index.php\/2025\/09\/22\/les-u17-accroches-a-valence\/\" class=\"plain\">\n\t\t\t\t<div class=\"box box-vertical box-text-bottom box-blog-post has-hover\">\n          \t\t\t\t\t<div class=\"box-text text-left\" >\n\t\t\t\t\t<div class=\"box-text-inner blog-post-inner\">\n\n\t\t\t\t\t\n\t\t\t\t\t\t\t\t\t\t<h5 class=\"post-title is-large \">Les U17 accroch\u00e9s \u00e0 Valence<\/h5>\n\t\t\t\t\t<div class=\"post-meta is-small op-8\">22 septembre 2025<\/div>\t\t\t\t\t<div class=\"is-divider\"><\/div>\n\t\t\t\t\t\t\t\t\t\t<p class=\"from_the_blog_excerpt \">Contraints de conc\u00e9der le nul la semaine pr\u00e9c\u00e9dente dans le derby contre Nice, les U17 [...]\t\t\t\t\t<\/p>\n\t\t\t\t\t                    \n\t\t\t\t\t\n\t\t\t\t\t\n\t\t\t\t\t<\/div>\n\t\t\t\t\t<\/div>\n\t\t\t\t\t\t\t\t\t<\/div>\n\t\t\t\t<\/a>\n\t\t\t<\/div>\n\t\t<\/div><div class=\"col post-item\" >\n\t\t\t<div class=\"col-inner\">\n\t\t\t<a href=\"https:\/\/www.ladiagonale.net\/index.php\/2025\/09\/22\/les-u19-repartent-de-lavant-contre-colomiers\/\" class=\"plain\">\n\t\t\t\t<div class=\"box box-vertical box-text-bottom box-blog-post has-hover\">\n          \t\t\t\t\t<div class=\"box-text text-left\" >\n\t\t\t\t\t<div class=\"box-text-inner blog-post-inner\">\n\n\t\t\t\t\t\n\t\t\t\t\t\t\t\t\t\t<h5 class=\"post-title is-large \">Les U19 repartent de l&rsquo;avant contre Colomiers<\/h5>\n\t\t\t\t\t<div class=\"post-meta is-small op-8\">22 septembre 2025<\/div>\t\t\t\t\t<div class=\"is-divider\"><\/div>\n\t\t\t\t\t\t\t\t\t\t<p class=\"from_the_blog_excerpt \">Frein\u00e9s depuis deux rencontres par le Gaz\u00e9lec Ajaccio et l&rsquo;OGC Nice, les U19 de l&rsquo;AS [...]\t\t\t\t\t<\/p>\n\t\t\t\t\t                    \n\t\t\t\t\t\n\t\t\t\t\t\n\t\t\t\t\t<\/div>\n\t\t\t\t\t<\/div>\n\t\t\t\t\t\t\t\t\t<\/div>\n\t\t\t\t<\/a>\n\t\t\t<\/div>\n\t\t<\/div><div class=\"col post-item\" >\n\t\t\t<div class=\"col-inner\">\n\t\t\t<a href=\"https:\/\/www.ladiagonale.net\/index.php\/2025\/09\/18\/les-u19-debutent-par-une-defaite-en-youth-league\/\" class=\"plain\">\n\t\t\t\t<div class=\"box box-vertical box-text-bottom box-blog-post has-hover\">\n          \t\t\t\t\t<div class=\"box-text text-left\" >\n\t\t\t\t\t<div class=\"box-text-inner blog-post-inner\">\n\n\t\t\t\t\t\n\t\t\t\t\t\t\t\t\t\t<h5 class=\"post-title is-large \">Les U19 d\u00e9butent par une d\u00e9faite en Youth League<\/h5>\n\t\t\t\t\t<div class=\"post-meta is-small op-8\">18 septembre 2025<\/div>\t\t\t\t\t<div class=\"is-divider\"><\/div>\n\t\t\t\t\t\t\t\t\t\t<p class=\"from_the_blog_excerpt \">Confront\u00e9s, comme leurs a\u00een\u00e9s, \u00e0 un vol tardif le jour m\u00eame, et malgr\u00e9 un horaire [...]\t\t\t\t\t<\/p>\n\t\t\t\t\t                    \n\t\t\t\t\t\n\t\t\t\t\t\n\t\t\t\t\t<\/div>\n\t\t\t\t\t<\/div>\n\t\t\t\t\t\t\t\t\t<\/div>\n\t\t\t\t<\/a>\n\t\t\t<\/div>\n\t\t<\/div><div class=\"col post-item\" >\n\t\t\t<div class=\"col-inner\">\n\t\t\t<a href=\"https:\/\/www.ladiagonale.net\/index.php\/2025\/09\/15\/deux-monegasques-convoques-en-equipe-de-france-u16\/\" class=\"plain\">\n\t\t\t\t<div class=\"box box-vertical box-text-bottom box-blog-post has-hover\">\n          \t\t\t\t\t<div class=\"box-text text-left\" >\n\t\t\t\t\t<div class=\"box-text-inner blog-post-inner\">\n\n\t\t\t\t\t\n\t\t\t\t\t\t\t\t\t\t<h5 class=\"post-title is-large \">Deux Mon\u00e9gasques convoqu\u00e9s en \u00e9quipe de France U16<\/h5>\n\t\t\t\t\t<div class=\"post-meta is-small op-8\">15 septembre 2025<\/div>\t\t\t\t\t<div class=\"is-divider\"><\/div>\n\t\t\t\t\t\t\t\t\t\t<p class=\"from_the_blog_excerpt \">Si la premi\u00e8re fen\u00eatre internationale s\u2019est referm\u00e9e, les U16 de l\u2019\u00e9quipe de France vont conna\u00eetre [...]\t\t\t\t\t<\/p>\n\t\t\t\t\t                    \n\t\t\t\t\t\n\t\t\t\t\t\n\t\t\t\t\t<\/div>\n\t\t\t\t\t<\/div>\n\t\t\t\t\t\t\t\t\t<\/div>\n\t\t\t\t<\/a>\n\t\t\t<\/div>\n\t\t<\/div><div class=\"col post-item\" >\n\t\t\t<div class=\"col-inner\">\n\t\t\t<a href=\"https:\/\/www.ladiagonale.net\/index.php\/2025\/09\/15\/pas-de-victoire-dans-le-derby-pour-les-u17\/\" class=\"plain\">\n\t\t\t\t<div class=\"box box-vertical box-text-bottom box-blog-post has-hover\">\n          \t\t\t\t\t<div class=\"box-text text-left\" >\n\t\t\t\t\t<div class=\"box-text-inner blog-post-inner\">\n\n\t\t\t\t\t\n\t\t\t\t\t\t\t\t\t\t<h5 class=\"post-title is-large \">Pas de victoire dans le derby pour les U17<\/h5>\n\t\t\t\t\t<div class=\"post-meta is-small op-8\">15 septembre 2025<\/div>\t\t\t\t\t<div class=\"is-divider\"><\/div>\n\t\t\t\t\t\t\t\t\t\t<p class=\"from_the_blog_excerpt \">Comme leurs a\u00een\u00e9s en U19, les U17 de l&rsquo;AS Monaco ont \u00e9t\u00e9 contraints au match [...]\t\t\t\t\t<\/p>\n\t\t\t\t\t                    \n\t\t\t\t\t\n\t\t\t\t\t\n\t\t\t\t\t<\/div>\n\t\t\t\t\t<\/div>\n\t\t\t\t\t\t\t\t\t<\/div>\n\t\t\t\t<\/a>\n\t\t\t<\/div>\n\t\t<\/div><div class=\"col post-item\" >\n\t\t\t<div class=\"col-inner\">\n\t\t\t<a href=\"https:\/\/www.ladiagonale.net\/index.php\/2025\/09\/14\/les-u19-accroches-par-nice-malgre-une-superiorite-numerique\/\" class=\"plain\">\n\t\t\t\t<div class=\"box box-vertical box-text-bottom box-blog-post has-hover\">\n          \t\t\t\t\t<div class=\"box-text text-left\" >\n\t\t\t\t\t<div class=\"box-text-inner blog-post-inner\">\n\n\t\t\t\t\t\n\t\t\t\t\t\t\t\t\t\t<h5 class=\"post-title is-large \">Les U19 accroch\u00e9s par Nice malgr\u00e9 une sup\u00e9riorit\u00e9 num\u00e9rique<\/h5>\n\t\t\t\t\t<div class=\"post-meta is-small op-8\">14 septembre 2025<\/div>\t\t\t\t\t<div class=\"is-divider\"><\/div>\n\t\t\t\t\t\t\t\t\t\t<p class=\"from_the_blog_excerpt \">C\u2019\u00e9tait un derby \u00e9lectrique mais qui s\u2019est termin\u00e9 sans vainqueur. Les U19 de l\u2019AS Monaco [...]\t\t\t\t\t<\/p>\n\t\t\t\t\t                    \n\t\t\t\t\t\n\t\t\t\t\t\n\t\t\t\t\t<\/div>\n\t\t\t\t\t<\/div>\n\t\t\t\t\t\t\t\t\t<\/div>\n\t\t\t\t<\/a>\n\t\t\t<\/div>\n\t\t<\/div><div class=\"col post-item\" >\n\t\t\t<div class=\"col-inner\">\n\t\t\t<a href=\"https:\/\/www.ladiagonale.net\/index.php\/2025\/09\/11\/officiel-trois-nouveaux-pros-debarquent-en-renfort-du-groupe-elite\/\" class=\"plain\">\n\t\t\t\t<div class=\"box box-vertical box-text-bottom box-blog-post has-hover\">\n          \t\t\t\t\t<div class=\"box-text text-left\" >\n\t\t\t\t\t<div class=\"box-text-inner blog-post-inner\">\n\n\t\t\t\t\t\n\t\t\t\t\t\t\t\t\t\t<h5 class=\"post-title is-large \">Officiel : trois nouveaux pros d\u00e9barquent en renfort du Groupe \u00c9lite<\/h5>\n\t\t\t\t\t<div class=\"post-meta is-small op-8\">11 septembre 2025<\/div>\t\t\t\t\t<div class=\"is-divider\"><\/div>\n\t\t\t\t\t\t\t\t\t\t<p class=\"from_the_blog_excerpt \">Leur signature avait \u00e9t\u00e9 annonc\u00e9e au mois d\u2019ao\u00fbt et l\u2019AS Monaco les a officialis\u00e9es ce [...]\t\t\t\t\t<\/p>\n\t\t\t\t\t                    \n\t\t\t\t\t\n\t\t\t\t\t\n\t\t\t\t\t<\/div>\n\t\t\t\t\t<\/div>\n\t\t\t\t\t\t\t\t\t<\/div>\n\t\t\t\t<\/a>\n\t\t\t<\/div>\n\t\t<\/div><div class=\"col post-item\" >\n\t\t\t<div class=\"col-inner\">\n\t\t\t<a href=\"https:\/\/www.ladiagonale.net\/index.php\/2025\/09\/08\/les-u17-lemportent-face-au-gazelec-ajaccio\/\" class=\"plain\">\n\t\t\t\t<div class=\"box box-vertical box-text-bottom box-blog-post has-hover\">\n          \t\t\t\t\t<div class=\"box-text text-left\" >\n\t\t\t\t\t<div class=\"box-text-inner blog-post-inner\">\n\n\t\t\t\t\t\n\t\t\t\t\t\t\t\t\t\t<h5 class=\"post-title is-large \">Les U17 l&#8217;emportent face au Gaz\u00e9lec Ajaccio<\/h5>\n\t\t\t\t\t<div class=\"post-meta is-small op-8\">8 septembre 2025<\/div>\t\t\t\t\t<div class=\"is-divider\"><\/div>\n\t\t\t\t\t\t\t\t\t\t<p class=\"from_the_blog_excerpt \">Comme leurs a\u00een\u00e9s en U19, les U17 de l&rsquo;AS Monaco \u00e9taient oppos\u00e9s au Gaz\u00e9lec Ajaccio. [...]\t\t\t\t\t<\/p>\n\t\t\t\t\t                    \n\t\t\t\t\t\n\t\t\t\t\t\n\t\t\t\t\t<\/div>\n\t\t\t\t\t<\/div>\n\t\t\t\t\t\t\t\t\t<\/div>\n\t\t\t\t<\/a>\n\t\t\t<\/div>\n\t\t<\/div><div class=\"col post-item\" >\n\t\t\t<div class=\"col-inner\">\n\t\t\t<a href=\"https:\/\/www.ladiagonale.net\/index.php\/2025\/09\/02\/court-mais-precieux-succes-des-u19-a-bastia\/\" class=\"plain\">\n\t\t\t\t<div class=\"box box-vertical box-text-bottom box-blog-post has-hover\">\n          \t\t\t\t\t<div class=\"box-text text-left\" >\n\t\t\t\t\t<div class=\"box-text-inner blog-post-inner\">\n\n\t\t\t\t\t\n\t\t\t\t\t\t\t\t\t\t<h5 class=\"post-title is-large \">Court mais pr\u00e9cieux succ\u00e8s des U19 \u00e0 Bastia<\/h5>\n\t\t\t\t\t<div class=\"post-meta is-small op-8\">2 septembre 2025<\/div>\t\t\t\t\t<div class=\"is-divider\"><\/div>\n\t\t\t\t\t\t\t\t\t\t<p class=\"from_the_blog_excerpt \">Les \u00e9quipes de l&rsquo;Academy ont parfaitement n\u00e9goci\u00e9 leur week-end. Si les U17 de l&rsquo;AS Monaco [...]\t\t\t\t\t<\/p>\n\t\t\t\t\t                    \n\t\t\t\t\t\n\t\t\t\t\t\n\t\t\t\t\t<\/div>\n\t\t\t\t\t<\/div>\n\t\t\t\t\t\t\t\t\t<\/div>\n\t\t\t\t<\/a>\n\t\t\t<\/div>\n\t\t<\/div><div class=\"col post-item\" >\n\t\t\t<div class=\"col-inner\">\n\t\t\t<a href=\"https:\/\/www.ladiagonale.net\/index.php\/2025\/09\/02\/bolmin-soffre-un-quadruple-avec-les-u17-contre-saint-priest\/\" class=\"plain\">\n\t\t\t\t<div class=\"box box-vertical box-text-bottom box-blog-post has-hover\">\n          \t\t\t\t\t<div class=\"box-text text-left\" >\n\t\t\t\t\t<div class=\"box-text-inner blog-post-inner\">\n\n\t\t\t\t\t\n\t\t\t\t\t\t\t\t\t\t<h5 class=\"post-title is-large \">Bolmin s\u2019offre un quadrupl\u00e9 avec les U17 contre Saint-Priest<\/h5>\n\t\t\t\t\t<div class=\"post-meta is-small op-8\">2 septembre 2025<\/div>\t\t\t\t\t<div class=\"is-divider\"><\/div>\n\t\t\t\t\t\t\t\t\t\t<p class=\"from_the_blog_excerpt \">Les U17 de l\u2019AS Monaco ont inflig\u00e9 une v\u00e9ritable correction au nouveau partenaire du club, [...]\t\t\t\t\t<\/p>\n\t\t\t\t\t                    \n\t\t\t\t\t\n\t\t\t\t\t\n\t\t\t\t\t<\/div>\n\t\t\t\t\t<\/div>\n\t\t\t\t\t\t\t\t\t<\/div>\n\t\t\t\t<\/a>\n\t\t\t<\/div>\n\t\t<\/div><div class=\"col post-item\" >\n\t\t\t<div class=\"col-inner\">\n\t\t\t<a href=\"https:\/\/www.ladiagonale.net\/index.php\/2025\/08\/26\/debut-de-saison-reussi-pour-les-u19-et-les-u17\/\" class=\"plain\">\n\t\t\t\t<div class=\"box box-vertical box-text-bottom box-blog-post has-hover\">\n          \t\t\t\t\t<div class=\"box-text text-left\" >\n\t\t\t\t\t<div class=\"box-text-inner blog-post-inner\">\n\n\t\t\t\t\t\n\t\t\t\t\t\t\t\t\t\t<h5 class=\"post-title is-large \">D\u00e9but de saison r\u00e9ussi pour les U19 et les U17<\/h5>\n\t\t\t\t\t<div class=\"post-meta is-small op-8\">26 ao\u00fbt 2025<\/div>\t\t\t\t\t<div class=\"is-divider\"><\/div>\n\t\t\t\t\t\t\t\t\t\t<p class=\"from_the_blog_excerpt \">Dimanche, les jeunes pousses de l&rsquo;AS Monaco retrouvaient les terrains et la comp\u00e9tition en championnat. [...]\t\t\t\t\t<\/p>\n\t\t\t\t\t                    \n\t\t\t\t\t\n\t\t\t\t\t\n\t\t\t\t\t<\/div>\n\t\t\t\t\t<\/div>\n\t\t\t\t\t\t\t\t\t<\/div>\n\t\t\t\t<\/a>\n\t\t\t<\/div>\n\t\t<\/div><\/div>\n\n\n","protected":false},"excerpt":{"rendered":"","protected":false},"author":2,"featured_media":0,"parent":0,"menu_order":0,"comment_status":"closed","ping_status":"closed","template":"page-right-sidebar.php","meta":[],"yoast_head":"<!-- This site is optimized with the Yoast SEO plugin v19.8 - https:\/\/yoast.com\/wordpress\/plugins\/seo\/ -->\n<title>Academy-br\u00e8ves - La Diagonale<\/title>\n<meta name=\"robots\" content=\"index, follow, max-snippet:-1, max-image-preview:large, max-video-preview:-1\" \/>\n<link rel=\"canonical\" href=\"https:\/\/www.ladiagonale.net\/index.php\/academy-breves\/\" \/>\n<meta property=\"og:locale\" content=\"fr_FR\" \/>\n<meta property=\"og:type\" content=\"article\" \/>\n<meta property=\"og:title\" content=\"Academy-br\u00e8ves - La Diagonale\" \/>\n<meta property=\"og:url\" content=\"https:\/\/www.ladiagonale.net\/index.php\/academy-breves\/\" \/>\n<meta property=\"og:site_name\" content=\"La Diagonale\" \/>\n<meta property=\"article:modified_time\" content=\"2025-10-11T01:49:07+00:00\" \/>\n<meta name=\"twitter:card\" content=\"summary_large_image\" \/>\n<meta name=\"twitter:label1\" content=\"Dur\u00e9e de lecture estim\u00e9e\" \/>\n\t<meta name=\"twitter:data1\" content=\"1 minute\" \/>\n<script type=\"application\/ld+json\" class=\"yoast-schema-graph\">{\"@context\":\"https:\/\/schema.org\",\"@graph\":[{\"@type\":\"WebPage\",\"@id\":\"https:\/\/www.ladiagonale.net\/index.php\/academy-breves\/\",\"url\":\"https:\/\/www.ladiagonale.net\/index.php\/academy-breves\/\",\"name\":\"Academy-br\u00e8ves - La Diagonale\",\"isPartOf\":{\"@id\":\"https:\/\/www.ladiagonale.net\/#website\"},\"datePublished\":\"2025-10-11T00:51:44+00:00\",\"dateModified\":\"2025-10-11T01:49:07+00:00\",\"breadcrumb\":{\"@id\":\"https:\/\/www.ladiagonale.net\/index.php\/academy-breves\/#breadcrumb\"},\"inLanguage\":\"fr-FR\",\"potentialAction\":[{\"@type\":\"ReadAction\",\"target\":[\"https:\/\/www.ladiagonale.net\/index.php\/academy-breves\/\"]}]},{\"@type\":\"BreadcrumbList\",\"@id\":\"https:\/\/www.ladiagonale.net\/index.php\/academy-breves\/#breadcrumb\",\"itemListElement\":[{\"@type\":\"ListItem\",\"position\":1,\"name\":\"Accueil\",\"item\":\"https:\/\/www.ladiagonale.net\/\"},{\"@type\":\"ListItem\",\"position\":2,\"name\":\"Academy-br\u00e8ves\"}]},{\"@type\":\"WebSite\",\"@id\":\"https:\/\/www.ladiagonale.net\/#website\",\"url\":\"https:\/\/www.ladiagonale.net\/\",\"name\":\"La Diagonale\",\"description\":\"Le site des supporters de l&#039;AS Monaco FC\",\"potentialAction\":[{\"@type\":\"SearchAction\",\"target\":{\"@type\":\"EntryPoint\",\"urlTemplate\":\"https:\/\/www.ladiagonale.net\/?s={search_term_string}\"},\"query-input\":\"required name=search_term_string\"}],\"inLanguage\":\"fr-FR\"}]}<\/script>\n<!-- \/ Yoast SEO plugin. -->","yoast_head_json":{"title":"Academy-br\u00e8ves - La Diagonale","robots":{"index":"index","follow":"follow","max-snippet":"max-snippet:-1","max-image-preview":"max-image-preview:large","max-video-preview":"max-video-preview:-1"},"canonical":"https:\/\/www.ladiagonale.net\/index.php\/academy-breves\/","og_locale":"fr_FR","og_type":"article","og_title":"Academy-br\u00e8ves - La Diagonale","og_url":"https:\/\/www.ladiagonale.net\/index.php\/academy-breves\/","og_site_name":"La Diagonale","article_modified_time":"2025-10-11T01:49:07+00:00","twitter_card":"summary_large_image","twitter_misc":{"Dur\u00e9e de lecture estim\u00e9e":"1 minute"},"schema":{"@context":"https:\/\/schema.org","@graph":[{"@type":"WebPage","@id":"https:\/\/www.ladiagonale.net\/index.php\/academy-breves\/","url":"https:\/\/www.ladiagonale.net\/index.php\/academy-breves\/","name":"Academy-br\u00e8ves - La Diagonale","isPartOf":{"@id":"https:\/\/www.ladiagonale.net\/#website"},"datePublished":"2025-10-11T00:51:44+00:00","dateModified":"2025-10-11T01:49:07+00:00","breadcrumb":{"@id":"https:\/\/www.ladiagonale.net\/index.php\/academy-breves\/#breadcrumb"},"inLanguage":"fr-FR","potentialAction":[{"@type":"ReadAction","target":["https:\/\/www.ladiagonale.net\/index.php\/academy-breves\/"]}]},{"@type":"BreadcrumbList","@id":"https:\/\/www.ladiagonale.net\/index.php\/academy-breves\/#breadcrumb","itemListElement":[{"@type":"ListItem","position":1,"name":"Accueil","item":"https:\/\/www.ladiagonale.net\/"},{"@type":"ListItem","position":2,"name":"Academy-br\u00e8ves"}]},{"@type":"WebSite","@id":"https:\/\/www.ladiagonale.net\/#website","url":"https:\/\/www.ladiagonale.net\/","name":"La Diagonale","description":"Le site des supporters de l&#039;AS Monaco FC","potentialAction":[{"@type":"SearchAction","target":{"@type":"EntryPoint","urlTemplate":"https:\/\/www.ladiagonale.net\/?s={search_term_string}"},"query-input":"required name=search_term_string"}],"inLanguage":"fr-FR"}]}},"_links":{"self":[{"href":"https:\/\/www.ladiagonale.net\/index.php\/wp-json\/wp\/v2\/pages\/34561"}],"collection":[{"href":"https:\/\/www.ladiagonale.net\/index.php\/wp-json\/wp\/v2\/pages"}],"about":[{"href":"https:\/\/www.ladiagonale.net\/index.php\/wp-json\/wp\/v2\/types\/page"}],"author":[{"embeddable":true,"href":"https:\/\/www.ladiagonale.net\/index.php\/wp-json\/wp\/v2\/users\/2"}],"replies":[{"embeddable":true,"href":"https:\/\/www.ladiagonale.net\/index.php\/wp-json\/wp\/v2\/comments?post=34561"}],"version-history":[{"count":4,"href":"https:\/\/www.ladiagonale.net\/index.php\/wp-json\/wp\/v2\/pages\/34561\/revisions"}],"predecessor-version":[{"id":34573,"href":"https:\/\/www.ladiagonale.net\/index.php\/wp-json\/wp\/v2\/pages\/34561\/revisions\/34573"}],"wp:attachment":[{"href":"https:\/\/www.ladiagonale.net\/index.php\/wp-json\/wp\/v2\/media?parent=34561"}],"curies":[{"name":"wp","href":"https:\/\/api.w.org\/{rel}","templated":true}]}}