{"id":4443,"date":"2022-09-23T11:13:13","date_gmt":"2022-09-23T09:13:13","guid":{"rendered":"https:\/\/www.ladiagonale.net\/?page_id=4443"},"modified":"2025-10-13T19:42:59","modified_gmt":"2025-10-13T17:42:59","slug":"staff-technique","status":"publish","type":"page","link":"https:\/\/www.ladiagonale.net\/index.php\/staff-technique\/","title":{"rendered":"Staff technique"},"content":{"rendered":"\n<div class=\"sportspress\">\t<h3 class=\"sp-staff-name\"><strong class=\"sp-staff-role\">Entra\u00eeneur<\/strong> S\u00e9bastien POCOGNOLI<\/h3>\n\t<div class=\"sp-template sp-template-staff-details sp-template-details\">\n\t<div class=\"sp-list-wrapper\"><dl class=\"sp-staff-details\"><dt>Nationalit\u00e9<\/dt><dd><img src=\"https:\/\/www.ladiagonale.net\/wp-content\/plugins\/sportspress\/assets\/images\/flags\/bel.png\" alt=\"bel\">Belgique<\/dd><dt>\u00c9quipe actuelle<\/dt><dd>Monaco<\/dd><dt>Clubs pr\u00e9c\u00e9dents<\/dt><dd>Union Saint-Gilloise<\/dd><dt>Date de naissance<\/dt><dd>1 ao\u00fbt 1987<\/dd><dt>\u00c2ge<\/dt><dd>38<\/dd><\/dl><\/div><\/div>\n<\/div>\n<div class=\"sportspress\">\t<h3 class=\"sp-staff-name\"><strong class=\"sp-staff-role\">Entra\u00eeneur adjoint<\/strong> Kevin MIRALLAS<\/h3>\n\t<div class=\"sp-template sp-template-staff-details sp-template-details\">\n\t<div class=\"sp-list-wrapper\"><dl class=\"sp-staff-details\"><dt>Nationalit\u00e9<\/dt><dd><img src=\"https:\/\/www.ladiagonale.net\/wp-content\/plugins\/sportspress\/assets\/images\/flags\/bel.png\" alt=\"bel\">Belgique<\/dd><dt>\u00c9quipe actuelle<\/dt><dd>Monaco<\/dd><dt>Date de naissance<\/dt><dd>5 octobre 1987<\/dd><dt>\u00c2ge<\/dt><dd>38<\/dd><\/dl><\/div><\/div>\n<\/div>\n<div class=\"sportspress\">\t<h3 class=\"sp-staff-name\"><strong class=\"sp-staff-role\">Entra\u00eeneur adjoint<\/strong> Artur KOPYT<\/h3>\n\t<div class=\"sp-template sp-template-staff-details sp-template-details\">\n\t<div class=\"sp-list-wrapper\"><dl class=\"sp-staff-details\"><dt>Nationalit\u00e9<\/dt><dd><img src=\"https:\/\/www.ladiagonale.net\/wp-content\/plugins\/sportspress\/assets\/images\/flags\/pol.png\" alt=\"pol\">Pologne<\/dd><dt>\u00c9quipe actuelle<\/dt><dd>Monaco<\/dd><dt>Date de naissance<\/dt><dd>31 juillet 1985<\/dd><dt>\u00c2ge<\/dt><dd>40<\/dd><\/dl><\/div><\/div>\n<\/div>\n<div class=\"sportspress\">\t<h3 class=\"sp-staff-name\"><strong class=\"sp-staff-role\">Entra\u00eeneur adjoint<\/strong> Damien PERRINELLE<\/h3>\n\t\t<div class=\"sp-template sp-template-staff-photo sp-template-photo sp-staff-photo\">\n\t\t<img width=\"225\" height=\"300\" src=\"https:\/\/www.ladiagonale.net\/wp-content\/uploads\/1983\/09\/staff-groupe-elite-0005-damien-perrinelle-2-225x300.png\" class=\"attachment-sportspress-fit-medium size-sportspress-fit-medium wp-post-image\" alt=\"\" loading=\"lazy\" srcset=\"https:\/\/www.ladiagonale.net\/wp-content\/uploads\/1983\/09\/staff-groupe-elite-0005-damien-perrinelle-2-225x300.png 225w, https:\/\/www.ladiagonale.net\/wp-content\/uploads\/1983\/09\/staff-groupe-elite-0005-damien-perrinelle-2-96x128.png 96w, https:\/\/www.ladiagonale.net\/wp-content\/uploads\/1983\/09\/staff-groupe-elite-0005-damien-perrinelle-2-24x32.png 24w, https:\/\/www.ladiagonale.net\/wp-content\/uploads\/1983\/09\/staff-groupe-elite-0005-damien-perrinelle-2.png 299w\" sizes=\"(max-width: 225px) 100vw, 225px\" \/>\t<\/div>\n\t<div class=\"sp-template sp-template-staff-details sp-template-details\">\n\t<div class=\"sp-list-wrapper\"><dl class=\"sp-staff-details\"><dt>Nationalit\u00e9<\/dt><dd><img src=\"https:\/\/www.ladiagonale.net\/wp-content\/plugins\/sportspress\/assets\/images\/flags\/fra.png\" alt=\"fra\">France<\/dd><dt>\u00c9quipe actuelle<\/dt><dd>Monaco<\/dd><dt>Clubs pr\u00e9c\u00e9dents<\/dt><dd>Monaco II<\/dd><dt>Date de naissance<\/dt><dd>12 septembre 1983<\/dd><dt>\u00c2ge<\/dt><dd>42<\/dd><\/dl><\/div><\/div>\n<\/div>\n<div class=\"sportspress\">\t<h3 class=\"sp-staff-name\"><strong class=\"sp-staff-role\">Entra\u00eeneur des gardiens<\/strong> Fr\u00e9d\u00e9ric DE BOEVER<\/h3>\n\t\t<div class=\"sp-template sp-template-staff-photo sp-template-photo sp-staff-photo\">\n\t\t<img width=\"179\" height=\"300\" src=\"https:\/\/www.ladiagonale.net\/wp-content\/uploads\/1980\/09\/frederic-de-boever-pose-179x300.png\" class=\"attachment-sportspress-fit-medium size-sportspress-fit-medium wp-post-image\" alt=\"\" loading=\"lazy\" srcset=\"https:\/\/www.ladiagonale.net\/wp-content\/uploads\/1980\/09\/frederic-de-boever-pose-179x300.png 179w, https:\/\/www.ladiagonale.net\/wp-content\/uploads\/1980\/09\/frederic-de-boever-pose-76x128.png 76w, https:\/\/www.ladiagonale.net\/wp-content\/uploads\/1980\/09\/frederic-de-boever-pose-19x32.png 19w, https:\/\/www.ladiagonale.net\/wp-content\/uploads\/1980\/09\/frederic-de-boever-pose.png 541w\" sizes=\"(max-width: 179px) 100vw, 179px\" \/>\t<\/div>\n\t<div class=\"sp-template sp-template-staff-details sp-template-details\">\n\t<div class=\"sp-list-wrapper\"><dl class=\"sp-staff-details\"><dt>Nationalit\u00e9<\/dt><dd><img src=\"https:\/\/www.ladiagonale.net\/wp-content\/plugins\/sportspress\/assets\/images\/flags\/bel.png\" alt=\"bel\">Belgique<\/dd><dt>\u00c9quipe actuelle<\/dt><dd>Monaco<\/dd><dt>Date de naissance<\/dt><dd>23 septembre 1980<\/dd><dt>\u00c2ge<\/dt><dd>45<\/dd><\/dl><\/div><\/div>\n<\/div>\n<div class=\"sportspress\">\t<h3 class=\"sp-staff-name\"><strong class=\"sp-staff-role\">Entra\u00eeneur des coups de pieds arr\u00eat\u00e9s<\/strong> Abel LORINCZ<\/h3>\n\t<div class=\"sp-template sp-template-staff-details sp-template-details\">\n\t<div class=\"sp-list-wrapper\"><dl class=\"sp-staff-details\"><dt>Nationalit\u00e9<\/dt><dd><img src=\"https:\/\/www.ladiagonale.net\/wp-content\/plugins\/sportspress\/assets\/images\/flags\/hun.png\" alt=\"hun\">Hongrie<\/dd><dt>\u00c9quipe actuelle<\/dt><dd>Monaco<\/dd><dt>Date de naissance<\/dt><dd>4 octobre 1988<\/dd><dt>\u00c2ge<\/dt><dd>37<\/dd><\/dl><\/div><\/div>\n<\/div>\n\n\n\n<div style=\"height:100px\" aria-hidden=\"true\" class=\"wp-block-spacer\"><\/div>\n\n\n\n<h3 class=\"has-white-color has-vivid-red-background-color has-text-color has-background\" style=\"font-style:normal;font-weight:400;text-transform:uppercase\"><strong>Cellule de performance<\/strong><\/h3>\n\n\n\n<ul><li><strong>Team manager :<\/strong> Florent BARRAL<\/li><li><strong>Directeur de la performance :<\/strong> Yann LE MEUR<\/li><li><strong>Responsable du d\u00e9veloppement athl\u00e9tique :<\/strong> Bruno MARRIER<\/li><li><strong>Pr\u00e9parateurs physiques<\/strong> <strong>:<\/strong> Sandy GUICHARD, Steeven MANDIN, Alexandre POLIZZI<\/li><li><strong>Sport scientist :<\/strong> Peio KOMINO<\/li><li><strong>M\u00e9decin en chef : <\/strong>Alexandre CREUZE<\/li><li><strong>M\u00e9decin : <\/strong>Francisco MOREIRA, Fabrice BUSNEL<\/li><li><strong>Di\u00e9t\u00e9ticien :<\/strong> Raphael TOURRATON<\/li><li><strong>Responsables kin\u00e9sith\u00e9rapeutes :<\/strong> J\u00e9r\u00f4me PALESTRI, Fabio RODRIGUES<\/li><li><strong>Kin\u00e9sith\u00e9rapeute :<\/strong> Florent DANIELI, Fran\u00e7ois DUCOURANT, Jerko MIKULIC, Sophie NIGI<\/li><li><strong>Osth\u00e9opathe :<\/strong> Eric DEROOVER<\/li><li><strong>Podologue :<\/strong> Emilie BEHNAM<\/li><li><strong>Psychologues de la performance :<\/strong> Makis CHAMALIDIS, Emilie THIENOT<\/li><li><strong>Responsable technologie et connaissances sportives :<\/strong> Vignesh JAYANTH<\/li><li><strong>Responsable de l\u2019analyse tactique :<\/strong> Antony SANTIAGO<\/li><li><strong>Analystes vid\u00e9o :<\/strong> Pierre AMITRANO, Antoine TAIANA<\/li><li><strong>Coordinateur scouting :<\/strong> Kamel CHNIBA<\/li><li><strong>Analyste du recrutement : <\/strong>Maxime VERLINDE<\/li><\/ul>\n\n\n\n<p><br><br><br><br><\/p>\n","protected":false},"excerpt":{"rendered":"<p>Cellule de performance Team manager : Florent BARRAL Directeur de la performance : Yann LE MEUR Responsable du d\u00e9veloppement athl\u00e9tique : Bruno MARRIER Pr\u00e9parateurs physiques : Sandy GUICHARD, Steeven MANDIN, Alexandre POLIZZI Sport scientist : Peio KOMINO M\u00e9decin en chef : Alexandre CREUZE M\u00e9decin : Francisco MOREIRA, Fabrice BUSNEL Di\u00e9t\u00e9ticien : Raphael TOURRATON Responsables kin\u00e9sith\u00e9rapeutes [&#8230;]\n","protected":false},"author":2,"featured_media":0,"parent":0,"menu_order":0,"comment_status":"closed","ping_status":"closed","template":"","meta":[],"yoast_head":"<!-- This site is optimized with the Yoast SEO plugin v19.8 - https:\/\/yoast.com\/wordpress\/plugins\/seo\/ -->\n<title>Staff technique - La Diagonale<\/title>\n<meta name=\"robots\" content=\"index, follow, max-snippet:-1, max-image-preview:large, max-video-preview:-1\" \/>\n<link rel=\"canonical\" href=\"https:\/\/www.ladiagonale.net\/index.php\/staff-technique\/\" \/>\n<meta property=\"og:locale\" content=\"fr_FR\" \/>\n<meta property=\"og:type\" content=\"article\" \/>\n<meta property=\"og:title\" content=\"Staff technique - La Diagonale\" \/>\n<meta property=\"og:description\" content=\"Cellule de performance Team manager : Florent BARRAL Directeur de la performance : Yann LE MEUR Responsable du d\u00e9veloppement athl\u00e9tique : Bruno MARRIER Pr\u00e9parateurs physiques : Sandy GUICHARD, Steeven MANDIN, Alexandre POLIZZI Sport scientist : Peio KOMINO M\u00e9decin en chef : Alexandre CREUZE M\u00e9decin : Francisco MOREIRA, Fabrice BUSNEL Di\u00e9t\u00e9ticien : Raphael TOURRATON Responsables kin\u00e9sith\u00e9rapeutes [...]\" \/>\n<meta property=\"og:url\" content=\"https:\/\/www.ladiagonale.net\/index.php\/staff-technique\/\" \/>\n<meta property=\"og:site_name\" content=\"La Diagonale\" \/>\n<meta property=\"article:modified_time\" content=\"2025-10-13T17:42:59+00:00\" \/>\n<meta name=\"twitter:card\" content=\"summary_large_image\" \/>\n<meta name=\"twitter:label1\" content=\"Dur\u00e9e de lecture estim\u00e9e\" \/>\n\t<meta name=\"twitter:data1\" content=\"1 minute\" \/>\n<script type=\"application\/ld+json\" class=\"yoast-schema-graph\">{\"@context\":\"https:\/\/schema.org\",\"@graph\":[{\"@type\":\"WebPage\",\"@id\":\"https:\/\/www.ladiagonale.net\/index.php\/staff-technique\/\",\"url\":\"https:\/\/www.ladiagonale.net\/index.php\/staff-technique\/\",\"name\":\"Staff technique - La Diagonale\",\"isPartOf\":{\"@id\":\"https:\/\/www.ladiagonale.net\/#website\"},\"datePublished\":\"2022-09-23T09:13:13+00:00\",\"dateModified\":\"2025-10-13T17:42:59+00:00\",\"breadcrumb\":{\"@id\":\"https:\/\/www.ladiagonale.net\/index.php\/staff-technique\/#breadcrumb\"},\"inLanguage\":\"fr-FR\",\"potentialAction\":[{\"@type\":\"ReadAction\",\"target\":[\"https:\/\/www.ladiagonale.net\/index.php\/staff-technique\/\"]}]},{\"@type\":\"BreadcrumbList\",\"@id\":\"https:\/\/www.ladiagonale.net\/index.php\/staff-technique\/#breadcrumb\",\"itemListElement\":[{\"@type\":\"ListItem\",\"position\":1,\"name\":\"Accueil\",\"item\":\"https:\/\/www.ladiagonale.net\/\"},{\"@type\":\"ListItem\",\"position\":2,\"name\":\"Staff technique\"}]},{\"@type\":\"WebSite\",\"@id\":\"https:\/\/www.ladiagonale.net\/#website\",\"url\":\"https:\/\/www.ladiagonale.net\/\",\"name\":\"La Diagonale\",\"description\":\"Le site des supporters de l&#039;AS Monaco FC\",\"potentialAction\":[{\"@type\":\"SearchAction\",\"target\":{\"@type\":\"EntryPoint\",\"urlTemplate\":\"https:\/\/www.ladiagonale.net\/?s={search_term_string}\"},\"query-input\":\"required name=search_term_string\"}],\"inLanguage\":\"fr-FR\"}]}<\/script>\n<!-- \/ Yoast SEO plugin. -->","yoast_head_json":{"title":"Staff technique - La Diagonale","robots":{"index":"index","follow":"follow","max-snippet":"max-snippet:-1","max-image-preview":"max-image-preview:large","max-video-preview":"max-video-preview:-1"},"canonical":"https:\/\/www.ladiagonale.net\/index.php\/staff-technique\/","og_locale":"fr_FR","og_type":"article","og_title":"Staff technique - La Diagonale","og_description":"Cellule de performance Team manager : Florent BARRAL Directeur de la performance : Yann LE MEUR Responsable du d\u00e9veloppement athl\u00e9tique : Bruno MARRIER Pr\u00e9parateurs physiques : Sandy GUICHARD, Steeven MANDIN, Alexandre POLIZZI Sport scientist : Peio KOMINO M\u00e9decin en chef : Alexandre CREUZE M\u00e9decin : Francisco MOREIRA, Fabrice BUSNEL Di\u00e9t\u00e9ticien : Raphael TOURRATON Responsables kin\u00e9sith\u00e9rapeutes [...]","og_url":"https:\/\/www.ladiagonale.net\/index.php\/staff-technique\/","og_site_name":"La Diagonale","article_modified_time":"2025-10-13T17:42:59+00:00","twitter_card":"summary_large_image","twitter_misc":{"Dur\u00e9e de lecture estim\u00e9e":"1 minute"},"schema":{"@context":"https:\/\/schema.org","@graph":[{"@type":"WebPage","@id":"https:\/\/www.ladiagonale.net\/index.php\/staff-technique\/","url":"https:\/\/www.ladiagonale.net\/index.php\/staff-technique\/","name":"Staff technique - La Diagonale","isPartOf":{"@id":"https:\/\/www.ladiagonale.net\/#website"},"datePublished":"2022-09-23T09:13:13+00:00","dateModified":"2025-10-13T17:42:59+00:00","breadcrumb":{"@id":"https:\/\/www.ladiagonale.net\/index.php\/staff-technique\/#breadcrumb"},"inLanguage":"fr-FR","potentialAction":[{"@type":"ReadAction","target":["https:\/\/www.ladiagonale.net\/index.php\/staff-technique\/"]}]},{"@type":"BreadcrumbList","@id":"https:\/\/www.ladiagonale.net\/index.php\/staff-technique\/#breadcrumb","itemListElement":[{"@type":"ListItem","position":1,"name":"Accueil","item":"https:\/\/www.ladiagonale.net\/"},{"@type":"ListItem","position":2,"name":"Staff technique"}]},{"@type":"WebSite","@id":"https:\/\/www.ladiagonale.net\/#website","url":"https:\/\/www.ladiagonale.net\/","name":"La Diagonale","description":"Le site des supporters de l&#039;AS Monaco FC","potentialAction":[{"@type":"SearchAction","target":{"@type":"EntryPoint","urlTemplate":"https:\/\/www.ladiagonale.net\/?s={search_term_string}"},"query-input":"required name=search_term_string"}],"inLanguage":"fr-FR"}]}},"_links":{"self":[{"href":"https:\/\/www.ladiagonale.net\/index.php\/wp-json\/wp\/v2\/pages\/4443"}],"collection":[{"href":"https:\/\/www.ladiagonale.net\/index.php\/wp-json\/wp\/v2\/pages"}],"about":[{"href":"https:\/\/www.ladiagonale.net\/index.php\/wp-json\/wp\/v2\/types\/page"}],"author":[{"embeddable":true,"href":"https:\/\/www.ladiagonale.net\/index.php\/wp-json\/wp\/v2\/users\/2"}],"replies":[{"embeddable":true,"href":"https:\/\/www.ladiagonale.net\/index.php\/wp-json\/wp\/v2\/comments?post=4443"}],"version-history":[{"count":16,"href":"https:\/\/www.ladiagonale.net\/index.php\/wp-json\/wp\/v2\/pages\/4443\/revisions"}],"predecessor-version":[{"id":34655,"href":"https:\/\/www.ladiagonale.net\/index.php\/wp-json\/wp\/v2\/pages\/4443\/revisions\/34655"}],"wp:attachment":[{"href":"https:\/\/www.ladiagonale.net\/index.php\/wp-json\/wp\/v2\/media?parent=4443"}],"curies":[{"name":"wp","href":"https:\/\/api.w.org\/{rel}","templated":true}]}}