{"id":5009,"date":"2022-10-04T16:05:29","date_gmt":"2022-10-04T14:05:29","guid":{"rendered":"https:\/\/www.ladiagonale.net\/?page_id=5009"},"modified":"2022-10-04T16:06:20","modified_gmt":"2022-10-04T14:06:20","slug":"actualite-archives","status":"publish","type":"page","link":"https:\/\/www.ladiagonale.net\/index.php\/actualite-archives\/","title":{"rendered":"Actualit\u00e9 &#8211; Archives"},"content":{"rendered":"\n<div class=\"container section-title-container\" ><h3 class=\"section-title section-title-normal\"><b><\/b><span class=\"section-title-main\" >Archives<\/span><b><\/b><\/h3><\/div>\n\n\t<section class=\"section centrage_boutons\" id=\"section_1217673296\">\n\t\t<div class=\"bg section-bg fill bg-fill  bg-loaded\" >\n\n\t\t\t\n\t\t\t\n\t\t\t\n\n\t\t<\/div>\n\n\t\t\n\n\t\t<div class=\"section-content relative\">\n\t\t\t\n\n<a href=\"https:\/\/www.ladiagonale.net\/index.php\/actualite\/\" target=\"_self\" class=\"button primary\"  >\n    <span>Br\u00e8ves<\/span>\n  <\/a>\n\n\n<a href=\"https:\/\/www.ladiagonale.net\/index.php\/actualite-les-articles\/\" target=\"_self\" class=\"button primary\"  >\n    <span>Articles<\/span>\n  <\/a>\n\n\n\n\t\t<\/div>\n\n\t\t\n<style>\n#section_1217673296 {\n  padding-top: 2px;\n  padding-bottom: 2px;\n}\n#section_1217673296 .ux-shape-divider--top svg {\n  height: 150px;\n  --divider-top-width: 100%;\n}\n#section_1217673296 .ux-shape-divider--bottom svg {\n  height: 150px;\n  --divider-width: 100%;\n}\n<\/style>\n\t<\/section>\n\t\n\n  \n    <div class=\"row large-columns-1 medium-columns-1 small-columns-1 row-small has-shadow row-box-shadow-2\">\n  <div class=\"col post-item\" >\n\t\t\t<div class=\"col-inner\">\n\t\t\t<a href=\"https:\/\/www.ladiagonale.net\/index.php\/2026\/04\/17\/pocognoli-recommencer-a-faire-une-serie\/\" class=\"plain\">\n\t\t\t\t<div class=\"box box-vertical box-text-bottom box-blog-post has-hover\">\n          \t\t\t\t\t<div class=\"box-text text-left\" >\n\t\t\t\t\t<div class=\"box-text-inner blog-post-inner\">\n\n\t\t\t\t\t\n\t\t\t\t\t\t\t\t\t\t<h5 class=\"post-title is-large \">Pocognoli : \u00ab\u00a0Recommencer une s\u00e9rie\u00a0\u00bb<\/h5>\n\t\t\t\t\t<div class=\"post-meta is-small op-8\">17 avril 2026<\/div>\t\t\t\t\t<div class=\"is-divider\"><\/div>\n\t\t\t\t\t\t\t\t\t\t<p class=\"from_the_blog_excerpt \">L\u2019AS Monaco a subi un coup d\u2019arr\u00eat contre le Paris FC, vendredi dernier, mais ne [...]\t\t\t\t\t<\/p>\n\t\t\t\t\t                    \n\t\t\t\t\t\n\t\t\t\t\t\n\t\t\t\t\t<\/div>\n\t\t\t\t\t<\/div>\n\t\t\t\t\t\t\t\t\t<\/div>\n\t\t\t\t<\/a>\n\t\t\t<\/div>\n\t\t<\/div><div class=\"col post-item\" >\n\t\t\t<div class=\"col-inner\">\n\t\t\t<a href=\"https:\/\/www.ladiagonale.net\/index.php\/2026\/04\/17\/luxation-de-lepaule-droite-pour-idumbo-retour-progressif-pour-caio-henrique\/\" class=\"plain\">\n\t\t\t\t<div class=\"box box-vertical box-text-bottom box-blog-post has-hover\">\n          \t\t\t\t\t<div class=\"box-text text-left\" >\n\t\t\t\t\t<div class=\"box-text-inner blog-post-inner\">\n\n\t\t\t\t\t\n\t\t\t\t\t\t\t\t\t\t<h5 class=\"post-title is-large \">Luxation de l\u2019\u00e9paule droite pour Idumbo, retour progressif pour Caio Henrique<\/h5>\n\t\t\t\t\t<div class=\"post-meta is-small op-8\">17 avril 2026<\/div>\t\t\t\t\t<div class=\"is-divider\"><\/div>\n\t\t\t\t\t\t\t\t\t\t<p class=\"from_the_blog_excerpt \">La sc\u00e8ne n\u2019avait pas \u00e9chapp\u00e9 aux observateurs et supporters pr\u00e9sents sur place. Lors d\u2019une opposition [...]\t\t\t\t\t<\/p>\n\t\t\t\t\t                    \n\t\t\t\t\t\n\t\t\t\t\t\n\t\t\t\t\t<\/div>\n\t\t\t\t\t<\/div>\n\t\t\t\t\t\t\t\t\t<\/div>\n\t\t\t\t<\/a>\n\t\t\t<\/div>\n\t\t<\/div><div class=\"col post-item\" >\n\t\t\t<div class=\"col-inner\">\n\t\t\t<a href=\"https:\/\/www.ladiagonale.net\/index.php\/2026\/04\/17\/laffiche-contre-lille-repoussee-au-10-mai\/\" class=\"plain\">\n\t\t\t\t<div class=\"box box-vertical box-text-bottom box-blog-post has-hover\">\n          \t\t\t\t\t<div class=\"box-text text-left\" >\n\t\t\t\t\t<div class=\"box-text-inner blog-post-inner\">\n\n\t\t\t\t\t\n\t\t\t\t\t\t\t\t\t\t<h5 class=\"post-title is-large \">L\u2019affiche contre Lille repouss\u00e9e au 10 mai<\/h5>\n\t\t\t\t\t<div class=\"post-meta is-small op-8\">17 avril 2026<\/div>\t\t\t\t\t<div class=\"is-divider\"><\/div>\n\t\t\t\t\t\t\t\t\t\t<p class=\"from_the_blog_excerpt \">La qualification de Strasbourg en demi-finales de Ligue Conf\u00e9rence a eu des cons\u00e9quences sur le [...]\t\t\t\t\t<\/p>\n\t\t\t\t\t                    \n\t\t\t\t\t\n\t\t\t\t\t\n\t\t\t\t\t<\/div>\n\t\t\t\t\t<\/div>\n\t\t\t\t\t\t\t\t\t<\/div>\n\t\t\t\t<\/a>\n\t\t\t<\/div>\n\t\t<\/div><div class=\"col post-item\" >\n\t\t\t<div class=\"col-inner\">\n\t\t\t<a href=\"https:\/\/www.ladiagonale.net\/index.php\/2026\/04\/16\/campora-sur-la-formation-a-monaco-faire-des-hommes-qui-prennent-des-responsabilites\/\" class=\"plain\">\n\t\t\t\t<div class=\"box box-vertical box-text-bottom box-blog-post has-hover\">\n          \t\t\t\t\t<div class=\"box-text text-left\" >\n\t\t\t\t\t<div class=\"box-text-inner blog-post-inner\">\n\n\t\t\t\t\t\n\t\t\t\t\t\t\t\t\t\t<h5 class=\"post-title is-large \">Campora sur la formation \u00e0 Monaco :\u00a0\u00ab\u00a0Faire des hommes qui prennent des responsabilit\u00e9s\u00a0\u00bb<\/h5>\n\t\t\t\t\t<div class=\"post-meta is-small op-8\">16 avril 2026<\/div>\t\t\t\t\t<div class=\"is-divider\"><\/div>\n\t\t\t\t\t\t\t\t\t\t<p class=\"from_the_blog_excerpt \">Dimanche, contre Auxerre, l\u2019AS Monaco c\u00e9l\u00e9brera les 50 ans de son centre de formation. Sur [...]\t\t\t\t\t<\/p>\n\t\t\t\t\t                    \n\t\t\t\t\t\n\t\t\t\t\t\n\t\t\t\t\t<\/div>\n\t\t\t\t\t<\/div>\n\t\t\t\t\t\t\t\t\t<\/div>\n\t\t\t\t<\/a>\n\t\t\t<\/div>\n\t\t<\/div><div class=\"col post-item\" >\n\t\t\t<div class=\"col-inner\">\n\t\t\t<a href=\"https:\/\/www.ladiagonale.net\/index.php\/2026\/04\/16\/camara-deuxieme-joueur-de-moins-de-23-ans-le-plus-performant-de-l1\/\" class=\"plain\">\n\t\t\t\t<div class=\"box box-vertical box-text-bottom box-blog-post has-hover\">\n          \t\t\t\t\t<div class=\"box-text text-left\" >\n\t\t\t\t\t<div class=\"box-text-inner blog-post-inner\">\n\n\t\t\t\t\t\n\t\t\t\t\t\t\t\t\t\t<h5 class=\"post-title is-large \">Camara, deuxi\u00e8me joueur de moins de 23 ans le plus \u00ab\u00a0performant\u00a0\u00bb de L1<\/h5>\n\t\t\t\t\t<div class=\"post-meta is-small op-8\">16 avril 2026<\/div>\t\t\t\t\t<div class=\"is-divider\"><\/div>\n\t\t\t\t\t\t\t\t\t\t<p class=\"from_the_blog_excerpt \">Les r\u00e9centes performances de Lamine Camara, \u00e0 l\u2019exception de la derni\u00e8re en date contre le [...]\t\t\t\t\t<\/p>\n\t\t\t\t\t                    \n\t\t\t\t\t\n\t\t\t\t\t\n\t\t\t\t\t<\/div>\n\t\t\t\t\t<\/div>\n\t\t\t\t\t\t\t\t\t<\/div>\n\t\t\t\t<\/a>\n\t\t\t<\/div>\n\t\t<\/div><div class=\"col post-item\" >\n\t\t\t<div class=\"col-inner\">\n\t\t\t<a href=\"https:\/\/www.ladiagonale.net\/index.php\/2026\/04\/16\/le-groupe-elite-simpose-face-a-brighton\/\" class=\"plain\">\n\t\t\t\t<div class=\"box box-vertical box-text-bottom box-blog-post has-hover\">\n          \t\t\t\t\t<div class=\"box-text text-left\" >\n\t\t\t\t\t<div class=\"box-text-inner blog-post-inner\">\n\n\t\t\t\t\t\n\t\t\t\t\t\t\t\t\t\t<h5 class=\"post-title is-large \">Le Groupe \u00c9lite s\u2019impose face \u00e0 Brighton<\/h5>\n\t\t\t\t\t<div class=\"post-meta is-small op-8\">16 avril 2026<\/div>\t\t\t\t\t<div class=\"is-divider\"><\/div>\n\t\t\t\t\t\t\t\t\t\t<p class=\"from_the_blog_excerpt \">Le Groupe \u00c9lite de l\u2019AS Monaco n\u2019aura plus de rencontre officielle \u00e0 disputer en cette [...]\t\t\t\t\t<\/p>\n\t\t\t\t\t                    \n\t\t\t\t\t\n\t\t\t\t\t\n\t\t\t\t\t<\/div>\n\t\t\t\t\t<\/div>\n\t\t\t\t\t\t\t\t\t<\/div>\n\t\t\t\t<\/a>\n\t\t\t<\/div>\n\t\t<\/div><div class=\"col post-item\" >\n\t\t\t<div class=\"col-inner\">\n\t\t\t<a href=\"https:\/\/www.ladiagonale.net\/index.php\/2026\/04\/16\/idumbo-touche-au-poignet-droit\/\" class=\"plain\">\n\t\t\t\t<div class=\"box box-vertical box-text-bottom box-blog-post has-hover\">\n          \t\t\t\t\t<div class=\"box-text text-left\" >\n\t\t\t\t\t<div class=\"box-text-inner blog-post-inner\">\n\n\t\t\t\t\t\n\t\t\t\t\t\t\t\t\t\t<h5 class=\"post-title is-large \">Idumbo touch\u00e9 au poignet droit<\/h5>\n\t\t\t\t\t<div class=\"post-meta is-small op-8\">16 avril 2026<\/div>\t\t\t\t\t<div class=\"is-divider\"><\/div>\n\t\t\t\t\t\t\t\t\t\t<p class=\"from_the_blog_excerpt \">Ce mercredi, l&rsquo;AS Monaco avait d\u00e9cid\u00e9 d&rsquo;organiser l&rsquo;entra\u00eenement du jour avec du public. Une s\u00e9ance [...]\t\t\t\t\t<\/p>\n\t\t\t\t\t                    \n\t\t\t\t\t\n\t\t\t\t\t\n\t\t\t\t\t<\/div>\n\t\t\t\t\t<\/div>\n\t\t\t\t\t\t\t\t\t<\/div>\n\t\t\t\t<\/a>\n\t\t\t<\/div>\n\t\t<\/div><div class=\"col post-item\" >\n\t\t\t<div class=\"col-inner\">\n\t\t\t<a href=\"https:\/\/www.ladiagonale.net\/index.php\/2026\/04\/15\/babai-valme-etonde-ces-jeunes-pros-qui-quitteront-lasm-en-fin-de-saison\/\" class=\"plain\">\n\t\t\t\t<div class=\"box box-vertical box-text-bottom box-blog-post has-hover\">\n            \t\t\t\t\t<div class=\"box-image\" style=\"width:43%;\">\n  \t\t\t\t\t\t<div class=\"image-cover\" style=\"padding-top:89%;\">\n  \t\t\t\t\t\t\t<img width=\"300\" height=\"168\" src=\"https:\/\/www.ladiagonale.net\/wp-content\/uploads\/2026\/04\/Babai\u0308-300x168.png\" class=\"attachment-medium size-medium wp-post-image\" alt=\"\" loading=\"lazy\" srcset=\"https:\/\/www.ladiagonale.net\/wp-content\/uploads\/2026\/04\/Babai\u0308-300x168.png 300w, https:\/\/www.ladiagonale.net\/wp-content\/uploads\/2026\/04\/Babai\u0308-1024x574.png 1024w, https:\/\/www.ladiagonale.net\/wp-content\/uploads\/2026\/04\/Babai\u0308-768x430.png 768w, https:\/\/www.ladiagonale.net\/wp-content\/uploads\/2026\/04\/Babai\u0308-128x72.png 128w, https:\/\/www.ladiagonale.net\/wp-content\/uploads\/2026\/04\/Babai\u0308-32x18.png 32w, https:\/\/www.ladiagonale.net\/wp-content\/uploads\/2026\/04\/Babai\u0308.png 1160w\" sizes=\"(max-width: 300px) 100vw, 300px\" \/>  \t\t\t\t\t\t\t  \t\t\t\t\t\t\t  \t\t\t\t\t\t<\/div>\n  \t\t\t\t\t\t  \t\t\t\t\t<\/div>\n          \t\t\t\t\t<div class=\"box-text text-left\" >\n\t\t\t\t\t<div class=\"box-text-inner blog-post-inner\">\n\n\t\t\t\t\t\n\t\t\t\t\t\t\t\t\t\t<h5 class=\"post-title is-large \">Baba\u00ef, Valme, Etonde : ces jeunes pros qui quitteront l\u2019ASM en fin de saison<\/h5>\n\t\t\t\t\t\t\t\t\t\t<div class=\"is-divider\"><\/div>\n\t\t\t\t\t\t\t\t\t\t<p class=\"from_the_blog_excerpt \">Comme \u00e0 chaque fin de saison, l\u2019espoir de devenir professionnel ou de percer au plus [...]\t\t\t\t\t<\/p>\n\t\t\t\t\t                    \n\t\t\t\t\t\n\t\t\t\t\t\n\t\t\t\t\t<\/div>\n\t\t\t\t\t<\/div>\n\t\t\t\t\t\t\t\t\t\t\t\t\t\t\t\t<div class=\"badge absolute top post-date badge-outline\">\n\t\t\t\t\t\t\t<div class=\"badge-inner\">\n\t\t\t\t\t\t\t\t<span class=\"post-date-day\">15<\/span><br>\n\t\t\t\t\t\t\t\t<span class=\"post-date-month is-xsmall\">Avr<\/span>\n\t\t\t\t\t\t\t<\/div>\n\t\t\t\t\t\t<\/div>\n\t\t\t\t\t\t\t\t\t<\/div>\n\t\t\t\t<\/a>\n\t\t\t<\/div>\n\t\t<\/div><div class=\"col post-item\" >\n\t\t\t<div class=\"col-inner\">\n\t\t\t<a href=\"https:\/\/www.ladiagonale.net\/index.php\/2026\/04\/14\/quand-monaco-et-singo-sont-les-sujets-dune-photo-primee\/\" class=\"plain\">\n\t\t\t\t<div class=\"box box-vertical box-text-bottom box-blog-post has-hover\">\n          \t\t\t\t\t<div class=\"box-text text-left\" >\n\t\t\t\t\t<div class=\"box-text-inner blog-post-inner\">\n\n\t\t\t\t\t\n\t\t\t\t\t\t\t\t\t\t<h5 class=\"post-title is-large \">Quand Monaco et Singo sont les sujets d&rsquo;une photo prim\u00e9e<\/h5>\n\t\t\t\t\t<div class=\"post-meta is-small op-8\">14 avril 2026<\/div>\t\t\t\t\t<div class=\"is-divider\"><\/div>\n\t\t\t\t\t\t\t\t\t\t<p class=\"from_the_blog_excerpt \">Dans une p\u00e9riode un peu plus creuse, entre deux matches de Ligue 1, l\u2019AS Monaco [...]\t\t\t\t\t<\/p>\n\t\t\t\t\t                    \n\t\t\t\t\t\n\t\t\t\t\t\n\t\t\t\t\t<\/div>\n\t\t\t\t\t<\/div>\n\t\t\t\t\t\t\t\t\t<\/div>\n\t\t\t\t<\/a>\n\t\t\t<\/div>\n\t\t<\/div><div class=\"col post-item\" >\n\t\t\t<div class=\"col-inner\">\n\t\t\t<a href=\"https:\/\/www.ladiagonale.net\/index.php\/2026\/04\/14\/podcast-retour-sur-terre-golovin-et-akliouche-indispensables\/\" class=\"plain\">\n\t\t\t\t<div class=\"box box-vertical box-text-bottom box-blog-post has-hover\">\n          \t\t\t\t\t<div class=\"box-text text-left\" >\n\t\t\t\t\t<div class=\"box-text-inner blog-post-inner\">\n\n\t\t\t\t\t\n\t\t\t\t\t\t\t\t\t\t<h5 class=\"post-title is-large \">Podcast : Retour sur terre, Golovin et Akliouche indispensables ?<\/h5>\n\t\t\t\t\t<div class=\"post-meta is-small op-8\">14 avril 2026<\/div>\t\t\t\t\t<div class=\"is-divider\"><\/div>\n\t\t\t\t\t\t\t\t\t\t<p class=\"from_the_blog_excerpt \">Coup d&rsquo;arr\u00eat pour l&rsquo;AS Monaco et sacr\u00e9 revers dans la course \u00e0 l&rsquo;Europe. Les Mon\u00e9gasques [...]\t\t\t\t\t<\/p>\n\t\t\t\t\t                    \n\t\t\t\t\t\n\t\t\t\t\t\n\t\t\t\t\t<\/div>\n\t\t\t\t\t<\/div>\n\t\t\t\t\t\t\t\t\t<\/div>\n\t\t\t\t<\/a>\n\t\t\t<\/div>\n\t\t<\/div><div class=\"col post-item\" >\n\t\t\t<div class=\"col-inner\">\n\t\t\t<a href=\"https:\/\/www.ladiagonale.net\/index.php\/2026\/04\/13\/les-u17-reenclenchent-la-marche-avant\/\" class=\"plain\">\n\t\t\t\t<div class=\"box box-vertical box-text-bottom box-blog-post has-hover\">\n          \t\t\t\t\t<div class=\"box-text text-left\" >\n\t\t\t\t\t<div class=\"box-text-inner blog-post-inner\">\n\n\t\t\t\t\t\n\t\t\t\t\t\t\t\t\t\t<h5 class=\"post-title is-large \">Les U17 r\u00e9enclenchent la marche avant<\/h5>\n\t\t\t\t\t<div class=\"post-meta is-small op-8\">13 avril 2026<\/div>\t\t\t\t\t<div class=\"is-divider\"><\/div>\n\t\t\t\t\t\t\t\t\t\t<p class=\"from_the_blog_excerpt \">Apr\u00e8s avoir sign\u00e9 deux matches nuls sans but contre Clermont et le Cavigal, les U17 [...]\t\t\t\t\t<\/p>\n\t\t\t\t\t                    \n\t\t\t\t\t\n\t\t\t\t\t\n\t\t\t\t\t<\/div>\n\t\t\t\t\t<\/div>\n\t\t\t\t\t\t\t\t\t<\/div>\n\t\t\t\t<\/a>\n\t\t\t<\/div>\n\t\t<\/div><div class=\"col post-item\" >\n\t\t\t<div class=\"col-inner\">\n\t\t\t<a href=\"https:\/\/www.ladiagonale.net\/index.php\/2026\/04\/13\/monaco-ironise-sur-la-victoire-de-thauvin-pour-le-trophee-unfp-de-mars\/\" class=\"plain\">\n\t\t\t\t<div class=\"box box-vertical box-text-bottom box-blog-post has-hover\">\n          \t\t\t\t\t<div class=\"box-text text-left\" >\n\t\t\t\t\t<div class=\"box-text-inner blog-post-inner\">\n\n\t\t\t\t\t\n\t\t\t\t\t\t\t\t\t\t<h5 class=\"post-title is-large \">Monaco ironise sur la victoire de Thauvin pour le troph\u00e9e UNFP de mars<\/h5>\n\t\t\t\t\t<div class=\"post-meta is-small op-8\">13 avril 2026<\/div>\t\t\t\t\t<div class=\"is-divider\"><\/div>\n\t\t\t\t\t\t\t\t\t\t<p class=\"from_the_blog_excerpt \">Alors que l\u2019AS Monaco avait deux joueurs concern\u00e9s par le troph\u00e9e UNFP du joueur du [...]\t\t\t\t\t<\/p>\n\t\t\t\t\t                    \n\t\t\t\t\t\n\t\t\t\t\t\n\t\t\t\t\t<\/div>\n\t\t\t\t\t<\/div>\n\t\t\t\t\t\t\t\t\t<\/div>\n\t\t\t\t<\/a>\n\t\t\t<\/div>\n\t\t<\/div><div class=\"col post-item\" >\n\t\t\t<div class=\"col-inner\">\n\t\t\t<a href=\"https:\/\/www.ladiagonale.net\/index.php\/2026\/04\/13\/monaco-grand-perdant-de-la-29e-journee\/\" class=\"plain\">\n\t\t\t\t<div class=\"box box-vertical box-text-bottom box-blog-post has-hover\">\n          \t\t\t\t\t<div class=\"box-text text-left\" >\n\t\t\t\t\t<div class=\"box-text-inner blog-post-inner\">\n\n\t\t\t\t\t\n\t\t\t\t\t\t\t\t\t\t<h5 class=\"post-title is-large \">Monaco, grand perdant de la 29e journ\u00e9e<\/h5>\n\t\t\t\t\t<div class=\"post-meta is-small op-8\">13 avril 2026<\/div>\t\t\t\t\t<div class=\"is-divider\"><\/div>\n\t\t\t\t\t\t\t\t\t\t<p class=\"from_the_blog_excerpt \">Les journ\u00e9es se suivent mais, pour l\u2019AS Monaco, depuis le week-end qui vient de s\u2019achever, [...]\t\t\t\t\t<\/p>\n\t\t\t\t\t                    \n\t\t\t\t\t\n\t\t\t\t\t\n\t\t\t\t\t<\/div>\n\t\t\t\t\t<\/div>\n\t\t\t\t\t\t\t\t\t<\/div>\n\t\t\t\t<\/a>\n\t\t\t<\/div>\n\t\t<\/div><div class=\"col post-item\" >\n\t\t\t<div class=\"col-inner\">\n\t\t\t<a href=\"https:\/\/www.ladiagonale.net\/index.php\/2026\/04\/12\/le-coup-de-force-des-u19-qui-ecrasent-le-cavigal\/\" class=\"plain\">\n\t\t\t\t<div class=\"box box-vertical box-text-bottom box-blog-post has-hover\">\n          \t\t\t\t\t<div class=\"box-text text-left\" >\n\t\t\t\t\t<div class=\"box-text-inner blog-post-inner\">\n\n\t\t\t\t\t\n\t\t\t\t\t\t\t\t\t\t<h5 class=\"post-title is-large \">Le coup de force des U19, qui \u00e9crasent le Cavigal<\/h5>\n\t\t\t\t\t<div class=\"post-meta is-small op-8\">12 avril 2026<\/div>\t\t\t\t\t<div class=\"is-divider\"><\/div>\n\t\t\t\t\t\t\t\t\t\t<p class=\"from_the_blog_excerpt \">Les U19 de l&rsquo;AS Monaco avaient un coup \u00e0 jouer samedi, en vue de la [...]\t\t\t\t\t<\/p>\n\t\t\t\t\t                    \n\t\t\t\t\t\n\t\t\t\t\t\n\t\t\t\t\t<\/div>\n\t\t\t\t\t<\/div>\n\t\t\t\t\t\t\t\t\t<\/div>\n\t\t\t\t<\/a>\n\t\t\t<\/div>\n\t\t<\/div><div class=\"col post-item\" >\n\t\t\t<div class=\"col-inner\">\n\t\t\t<a href=\"https:\/\/www.ladiagonale.net\/index.php\/2026\/04\/12\/balogun-et-akliouche-battus-par-thauvin\/\" class=\"plain\">\n\t\t\t\t<div class=\"box box-vertical box-text-bottom box-blog-post has-hover\">\n          \t\t\t\t\t<div class=\"box-text text-left\" >\n\t\t\t\t\t<div class=\"box-text-inner blog-post-inner\">\n\n\t\t\t\t\t\n\t\t\t\t\t\t\t\t\t\t<h5 class=\"post-title is-large \">Balogun et Akliouche battus par Thauvin<\/h5>\n\t\t\t\t\t<div class=\"post-meta is-small op-8\">12 avril 2026<\/div>\t\t\t\t\t<div class=\"is-divider\"><\/div>\n\t\t\t\t\t\t\t\t\t\t<p class=\"from_the_blog_excerpt \">La belle s\u00e9rie mon\u00e9gasque n\u2019aura donc pas suffi. En lice pour le troph\u00e9e UNFP du [...]\t\t\t\t\t<\/p>\n\t\t\t\t\t                    \n\t\t\t\t\t\n\t\t\t\t\t\n\t\t\t\t\t<\/div>\n\t\t\t\t\t<\/div>\n\t\t\t\t\t\t\t\t\t<\/div>\n\t\t\t\t<\/a>\n\t\t\t<\/div>\n\t\t<\/div><div class=\"col post-item\" >\n\t\t\t<div class=\"col-inner\">\n\t\t\t<a href=\"https:\/\/www.ladiagonale.net\/index.php\/2026\/04\/12\/les-notes-kehrer-en-plein-courant-dair\/\" class=\"plain\">\n\t\t\t\t<div class=\"box box-vertical box-text-bottom box-blog-post has-hover\">\n            \t\t\t\t\t<div class=\"box-image\" style=\"width:43%;\">\n  \t\t\t\t\t\t<div class=\"image-cover\" style=\"padding-top:89%;\">\n  \t\t\t\t\t\t\t<img width=\"300\" height=\"168\" src=\"https:\/\/www.ladiagonale.net\/wp-content\/uploads\/2026\/04\/kehrerpfc-300x168.png\" class=\"attachment-medium size-medium wp-post-image\" alt=\"\" loading=\"lazy\" srcset=\"https:\/\/www.ladiagonale.net\/wp-content\/uploads\/2026\/04\/kehrerpfc-300x168.png 300w, https:\/\/www.ladiagonale.net\/wp-content\/uploads\/2026\/04\/kehrerpfc-1024x574.png 1024w, https:\/\/www.ladiagonale.net\/wp-content\/uploads\/2026\/04\/kehrerpfc-768x430.png 768w, https:\/\/www.ladiagonale.net\/wp-content\/uploads\/2026\/04\/kehrerpfc-128x72.png 128w, https:\/\/www.ladiagonale.net\/wp-content\/uploads\/2026\/04\/kehrerpfc-32x18.png 32w, https:\/\/www.ladiagonale.net\/wp-content\/uploads\/2026\/04\/kehrerpfc.png 1160w\" sizes=\"(max-width: 300px) 100vw, 300px\" \/>  \t\t\t\t\t\t\t  \t\t\t\t\t\t\t  \t\t\t\t\t\t<\/div>\n  \t\t\t\t\t\t  \t\t\t\t\t<\/div>\n          \t\t\t\t\t<div class=\"box-text text-left\" >\n\t\t\t\t\t<div class=\"box-text-inner blog-post-inner\">\n\n\t\t\t\t\t\n\t\t\t\t\t\t\t\t\t\t<h5 class=\"post-title is-large \">Les notes : Kehrer en plein courant d&rsquo;air<\/h5>\n\t\t\t\t\t\t\t\t\t\t<div class=\"is-divider\"><\/div>\n\t\t\t\t\t\t\t\t\t\t<p class=\"from_the_blog_excerpt \">Monaco a pris l&rsquo;eau contre le Paris FC, avec une d\u00e9fense qui a notamment \u00e9t\u00e9 [...]\t\t\t\t\t<\/p>\n\t\t\t\t\t                    \n\t\t\t\t\t\n\t\t\t\t\t\n\t\t\t\t\t<\/div>\n\t\t\t\t\t<\/div>\n\t\t\t\t\t\t\t\t\t\t\t\t\t\t\t\t<div class=\"badge absolute top post-date badge-outline\">\n\t\t\t\t\t\t\t<div class=\"badge-inner\">\n\t\t\t\t\t\t\t\t<span class=\"post-date-day\">12<\/span><br>\n\t\t\t\t\t\t\t\t<span class=\"post-date-month is-xsmall\">Avr<\/span>\n\t\t\t\t\t\t\t<\/div>\n\t\t\t\t\t\t<\/div>\n\t\t\t\t\t\t\t\t\t<\/div>\n\t\t\t\t<\/a>\n\t\t\t<\/div>\n\t\t<\/div><div class=\"col post-item\" >\n\t\t\t<div class=\"col-inner\">\n\t\t\t<a href=\"https:\/\/www.ladiagonale.net\/index.php\/2026\/04\/11\/monaco-viserait-plusieurs-jeunes-du-psg\/\" class=\"plain\">\n\t\t\t\t<div class=\"box box-vertical box-text-bottom box-blog-post has-hover\">\n          \t\t\t\t\t<div class=\"box-text text-left\" >\n\t\t\t\t\t<div class=\"box-text-inner blog-post-inner\">\n\n\t\t\t\t\t\n\t\t\t\t\t\t\t\t\t\t<h5 class=\"post-title is-large \">Monaco viserait plusieurs jeunes du PSG<\/h5>\n\t\t\t\t\t<div class=\"post-meta is-small op-8\">11 avril 2026<\/div>\t\t\t\t\t<div class=\"is-divider\"><\/div>\n\t\t\t\t\t\t\t\t\t\t<p class=\"from_the_blog_excerpt \">L\u2019AS Monaco a r\u00e9alis\u00e9 de nombreux transferts l\u2019\u00e9t\u00e9 dernier en vue de renforcer ses \u00e9quipes [...]\t\t\t\t\t<\/p>\n\t\t\t\t\t                    \n\t\t\t\t\t\n\t\t\t\t\t\n\t\t\t\t\t<\/div>\n\t\t\t\t\t<\/div>\n\t\t\t\t\t\t\t\t\t<\/div>\n\t\t\t\t<\/a>\n\t\t\t<\/div>\n\t\t<\/div><div class=\"col post-item\" >\n\t\t\t<div class=\"col-inner\">\n\t\t\t<a href=\"https:\/\/www.ladiagonale.net\/index.php\/2026\/04\/11\/hradecky-ca-aurait-pu-faire-5-6-voire-7-1\/\" class=\"plain\">\n\t\t\t\t<div class=\"box box-vertical box-text-bottom box-blog-post has-hover\">\n          \t\t\t\t\t<div class=\"box-text text-left\" >\n\t\t\t\t\t<div class=\"box-text-inner blog-post-inner\">\n\n\t\t\t\t\t\n\t\t\t\t\t\t\t\t\t\t<h5 class=\"post-title is-large \">Hradecky : \u00ab\u00a0\u00c7a aurait pu faire 5, 6, voire 7-1\u00a0\u00bb<\/h5>\n\t\t\t\t\t<div class=\"post-meta is-small op-8\">11 avril 2026<\/div>\t\t\t\t\t<div class=\"is-divider\"><\/div>\n\t\t\t\t\t\t\t\t\t\t<p class=\"from_the_blog_excerpt \">L\u2019AS Monaco a sombr\u00e9 corps et biens contre le Paris FC (1-4), vendredi soir. \u00c0 [...]\t\t\t\t\t<\/p>\n\t\t\t\t\t                    \n\t\t\t\t\t\n\t\t\t\t\t\n\t\t\t\t\t<\/div>\n\t\t\t\t\t<\/div>\n\t\t\t\t\t\t\t\t\t<\/div>\n\t\t\t\t<\/a>\n\t\t\t<\/div>\n\t\t<\/div><div class=\"col post-item\" >\n\t\t\t<div class=\"col-inner\">\n\t\t\t<a href=\"https:\/\/www.ladiagonale.net\/index.php\/2026\/04\/11\/monaco-voudrait-lever-loption-dachat-de-fati\/\" class=\"plain\">\n\t\t\t\t<div class=\"box box-vertical box-text-bottom box-blog-post has-hover\">\n          \t\t\t\t\t<div class=\"box-text text-left\" >\n\t\t\t\t\t<div class=\"box-text-inner blog-post-inner\">\n\n\t\t\t\t\t\n\t\t\t\t\t\t\t\t\t\t<h5 class=\"post-title is-large \">Monaco voudrait lever l\u2019option d\u2019achat de Fati<\/h5>\n\t\t\t\t\t<div class=\"post-meta is-small op-8\">11 avril 2026<\/div>\t\t\t\t\t<div class=\"is-divider\"><\/div>\n\t\t\t\t\t\t\t\t\t\t<p class=\"from_the_blog_excerpt \">Arriv\u00e9 en grande pompe avec Paul Pogba et Eric Dier en juillet dernier, Ansu Fati [...]\t\t\t\t\t<\/p>\n\t\t\t\t\t                    \n\t\t\t\t\t\n\t\t\t\t\t\n\t\t\t\t\t<\/div>\n\t\t\t\t\t<\/div>\n\t\t\t\t\t\t\t\t\t<\/div>\n\t\t\t\t<\/a>\n\t\t\t<\/div>\n\t\t<\/div><div class=\"col post-item\" >\n\t\t\t<div class=\"col-inner\">\n\t\t\t<a href=\"https:\/\/www.ladiagonale.net\/index.php\/2026\/04\/10\/pocognoli-on-perd-ce-match-sur-lapproche-mentale-et-lhumilite\/\" class=\"plain\">\n\t\t\t\t<div class=\"box box-vertical box-text-bottom box-blog-post has-hover\">\n          \t\t\t\t\t<div class=\"box-text text-left\" >\n\t\t\t\t\t<div class=\"box-text-inner blog-post-inner\">\n\n\t\t\t\t\t\n\t\t\t\t\t\t\t\t\t\t<h5 class=\"post-title is-large \">Pocognoli : \u00ab\u00a0On perd ce match sur l\u2019approche mentale et l\u2019humilit\u00e9\u00a0\u00bb<\/h5>\n\t\t\t\t\t<div class=\"post-meta is-small op-8\">10 avril 2026<\/div>\t\t\t\t\t<div class=\"is-divider\"><\/div>\n\t\t\t\t\t\t\t\t\t\t<p class=\"from_the_blog_excerpt \">L\u2019AS Monaco a lourdement chut\u00e9 contre le Paris FC, vendredi, en ouverture de la 29e [...]\t\t\t\t\t<\/p>\n\t\t\t\t\t                    \n\t\t\t\t\t\n\t\t\t\t\t\n\t\t\t\t\t<\/div>\n\t\t\t\t\t<\/div>\n\t\t\t\t\t\t\t\t\t<\/div>\n\t\t\t\t<\/a>\n\t\t\t<\/div>\n\t\t<\/div><div class=\"col post-item\" >\n\t\t\t<div class=\"col-inner\">\n\t\t\t<a href=\"https:\/\/www.ladiagonale.net\/index.php\/2026\/04\/10\/pogba-on-doit-apprendre-de-nos-erreurs\/\" class=\"plain\">\n\t\t\t\t<div class=\"box box-vertical box-text-bottom box-blog-post has-hover\">\n          \t\t\t\t\t<div class=\"box-text text-left\" >\n\t\t\t\t\t<div class=\"box-text-inner blog-post-inner\">\n\n\t\t\t\t\t\n\t\t\t\t\t\t\t\t\t\t<h5 class=\"post-title is-large \">Pogba : \u00ab&nbsp;On doit apprendre de nos erreurs&nbsp;\u00bb<\/h5>\n\t\t\t\t\t<div class=\"post-meta is-small op-8\">10 avril 2026<\/div>\t\t\t\t\t<div class=\"is-divider\"><\/div>\n\t\t\t\t\t\t\t\t\t\t<p class=\"from_the_blog_excerpt \">Entr\u00e9 en jeu \u00e0 la 70e minute contre le Paris FC (1-4), Paul Pogba a [...]\t\t\t\t\t<\/p>\n\t\t\t\t\t                    \n\t\t\t\t\t\n\t\t\t\t\t\n\t\t\t\t\t<\/div>\n\t\t\t\t\t<\/div>\n\t\t\t\t\t\t\t\t\t<\/div>\n\t\t\t\t<\/a>\n\t\t\t<\/div>\n\t\t<\/div><div class=\"col post-item\" >\n\t\t\t<div class=\"col-inner\">\n\t\t\t<a href=\"https:\/\/www.ladiagonale.net\/index.php\/2026\/04\/10\/limprobable-chute-de-monaco-contre-le-pfc-1-4\/\" class=\"plain\">\n\t\t\t\t<div class=\"box box-vertical box-text-bottom box-blog-post has-hover\">\n            \t\t\t\t\t<div class=\"box-image\" style=\"width:43%;\">\n  \t\t\t\t\t\t<div class=\"image-cover\" style=\"padding-top:89%;\">\n  \t\t\t\t\t\t\t<img width=\"300\" height=\"168\" src=\"https:\/\/www.ladiagonale.net\/wp-content\/uploads\/2025\/11\/Akliouche-PFC-300x168.png\" class=\"attachment-medium size-medium wp-post-image\" alt=\"\" loading=\"lazy\" srcset=\"https:\/\/www.ladiagonale.net\/wp-content\/uploads\/2025\/11\/Akliouche-PFC-300x168.png 300w, https:\/\/www.ladiagonale.net\/wp-content\/uploads\/2025\/11\/Akliouche-PFC-1024x574.png 1024w, https:\/\/www.ladiagonale.net\/wp-content\/uploads\/2025\/11\/Akliouche-PFC-768x430.png 768w, https:\/\/www.ladiagonale.net\/wp-content\/uploads\/2025\/11\/Akliouche-PFC-128x72.png 128w, https:\/\/www.ladiagonale.net\/wp-content\/uploads\/2025\/11\/Akliouche-PFC-32x18.png 32w, https:\/\/www.ladiagonale.net\/wp-content\/uploads\/2025\/11\/Akliouche-PFC.png 1160w\" sizes=\"(max-width: 300px) 100vw, 300px\" \/>  \t\t\t\t\t\t\t  \t\t\t\t\t\t\t  \t\t\t\t\t\t<\/div>\n  \t\t\t\t\t\t  \t\t\t\t\t<\/div>\n          \t\t\t\t\t<div class=\"box-text text-left\" >\n\t\t\t\t\t<div class=\"box-text-inner blog-post-inner\">\n\n\t\t\t\t\t\n\t\t\t\t\t\t\t\t\t\t<h5 class=\"post-title is-large \">L\u2019improbable chute de Monaco contre le PFC (1-4)<\/h5>\n\t\t\t\t\t\t\t\t\t\t<div class=\"is-divider\"><\/div>\n\t\t\t\t\t\t\t\t\t\t<p class=\"from_the_blog_excerpt \">On dit que toutes les s\u00e9ries ont une fin et celle de l\u2019AS Monaco s\u2019est [...]\t\t\t\t\t<\/p>\n\t\t\t\t\t                    \n\t\t\t\t\t\n\t\t\t\t\t\n\t\t\t\t\t<\/div>\n\t\t\t\t\t<\/div>\n\t\t\t\t\t\t\t\t\t\t\t\t\t\t\t\t<div class=\"badge absolute top post-date badge-outline\">\n\t\t\t\t\t\t\t<div class=\"badge-inner\">\n\t\t\t\t\t\t\t\t<span class=\"post-date-day\">10<\/span><br>\n\t\t\t\t\t\t\t\t<span class=\"post-date-month is-xsmall\">Avr<\/span>\n\t\t\t\t\t\t\t<\/div>\n\t\t\t\t\t\t<\/div>\n\t\t\t\t\t\t\t\t\t<\/div>\n\t\t\t\t<\/a>\n\t\t\t<\/div>\n\t\t<\/div><div class=\"col post-item\" >\n\t\t\t<div class=\"col-inner\">\n\t\t\t<a href=\"https:\/\/www.ladiagonale.net\/index.php\/2026\/04\/10\/les-compositions-akliouche-sur-le-banc\/\" class=\"plain\">\n\t\t\t\t<div class=\"box box-vertical box-text-bottom box-blog-post has-hover\">\n          \t\t\t\t\t<div class=\"box-text text-left\" >\n\t\t\t\t\t<div class=\"box-text-inner blog-post-inner\">\n\n\t\t\t\t\t\n\t\t\t\t\t\t\t\t\t\t<h5 class=\"post-title is-large \">Les compositions : Akliouche sur le banc<\/h5>\n\t\t\t\t\t<div class=\"post-meta is-small op-8\">10 avril 2026<\/div>\t\t\t\t\t<div class=\"is-divider\"><\/div>\n\t\t\t\t\t\t\t\t\t\t<p class=\"from_the_blog_excerpt \">S\u00e9bastien Pocognoli a d\u00fb repenser sa ligne d&rsquo;attaque pour cette rencontre de la 29e journ\u00e9e [...]\t\t\t\t\t<\/p>\n\t\t\t\t\t                    \n\t\t\t\t\t\n\t\t\t\t\t\n\t\t\t\t\t<\/div>\n\t\t\t\t\t<\/div>\n\t\t\t\t\t\t\t\t\t<\/div>\n\t\t\t\t<\/a>\n\t\t\t<\/div>\n\t\t<\/div><div class=\"col post-item\" >\n\t\t\t<div class=\"col-inner\">\n\t\t\t<a href=\"https:\/\/www.ladiagonale.net\/index.php\/2026\/04\/10\/dier-le-prochain-casse-tete-de-pocognoli\/\" class=\"plain\">\n\t\t\t\t<div class=\"box box-vertical box-text-bottom box-blog-post has-hover\">\n            \t\t\t\t\t<div class=\"box-image\" style=\"width:43%;\">\n  \t\t\t\t\t\t<div class=\"image-cover\" style=\"padding-top:89%;\">\n  \t\t\t\t\t\t\t<img width=\"300\" height=\"168\" src=\"https:\/\/www.ladiagonale.net\/wp-content\/uploads\/2025\/07\/Dier-coventry-300x168.png\" class=\"attachment-medium size-medium wp-post-image\" alt=\"\" loading=\"lazy\" srcset=\"https:\/\/www.ladiagonale.net\/wp-content\/uploads\/2025\/07\/Dier-coventry-300x168.png 300w, https:\/\/www.ladiagonale.net\/wp-content\/uploads\/2025\/07\/Dier-coventry-1024x574.png 1024w, https:\/\/www.ladiagonale.net\/wp-content\/uploads\/2025\/07\/Dier-coventry-768x430.png 768w, https:\/\/www.ladiagonale.net\/wp-content\/uploads\/2025\/07\/Dier-coventry-128x72.png 128w, https:\/\/www.ladiagonale.net\/wp-content\/uploads\/2025\/07\/Dier-coventry-32x18.png 32w, https:\/\/www.ladiagonale.net\/wp-content\/uploads\/2025\/07\/Dier-coventry.png 1160w\" sizes=\"(max-width: 300px) 100vw, 300px\" \/>  \t\t\t\t\t\t\t  \t\t\t\t\t\t\t  \t\t\t\t\t\t<\/div>\n  \t\t\t\t\t\t  \t\t\t\t\t<\/div>\n          \t\t\t\t\t<div class=\"box-text text-left\" >\n\t\t\t\t\t<div class=\"box-text-inner blog-post-inner\">\n\n\t\t\t\t\t\n\t\t\t\t\t\t\t\t\t\t<h5 class=\"post-title is-large \">Dier, le prochain casse-t\u00eate de Pocognoli ?<\/h5>\n\t\t\t\t\t\t\t\t\t\t<div class=\"is-divider\"><\/div>\n\t\t\t\t\t\t\t\t\t\t<p class=\"from_the_blog_excerpt \">Arriv\u00e9 \u00e0 l\u2019AS Monaco avec un statut d\u2019international chevronn\u00e9, pass\u00e9 par de grands clubs et [...]\t\t\t\t\t<\/p>\n\t\t\t\t\t                    \n\t\t\t\t\t\n\t\t\t\t\t\n\t\t\t\t\t<\/div>\n\t\t\t\t\t<\/div>\n\t\t\t\t\t\t\t\t\t\t\t\t\t\t\t\t<div class=\"badge absolute top post-date badge-outline\">\n\t\t\t\t\t\t\t<div class=\"badge-inner\">\n\t\t\t\t\t\t\t\t<span class=\"post-date-day\">10<\/span><br>\n\t\t\t\t\t\t\t\t<span class=\"post-date-month is-xsmall\">Avr<\/span>\n\t\t\t\t\t\t\t<\/div>\n\t\t\t\t\t\t<\/div>\n\t\t\t\t\t\t\t\t\t<\/div>\n\t\t\t\t<\/a>\n\t\t\t<\/div>\n\t\t<\/div><div class=\"col post-item\" >\n\t\t\t<div class=\"col-inner\">\n\t\t\t<a href=\"https:\/\/www.ladiagonale.net\/index.php\/2026\/04\/10\/changement-darbitre-pour-paris-fc-monaco\/\" class=\"plain\">\n\t\t\t\t<div class=\"box box-vertical box-text-bottom box-blog-post has-hover\">\n          \t\t\t\t\t<div class=\"box-text text-left\" >\n\t\t\t\t\t<div class=\"box-text-inner blog-post-inner\">\n\n\t\t\t\t\t\n\t\t\t\t\t\t\t\t\t\t<h5 class=\"post-title is-large \">Changement d\u2019arbitre pour Paris FC-Monaco<\/h5>\n\t\t\t\t\t<div class=\"post-meta is-small op-8\">10 avril 2026<\/div>\t\t\t\t\t<div class=\"is-divider\"><\/div>\n\t\t\t\t\t\t\t\t\t\t<p class=\"from_the_blog_excerpt \">Ce n\u2019est pas si fr\u00e9quent, mais la rencontre entre le Paris FC et l\u2019AS Monaco, [...]\t\t\t\t\t<\/p>\n\t\t\t\t\t                    \n\t\t\t\t\t\n\t\t\t\t\t\n\t\t\t\t\t<\/div>\n\t\t\t\t\t<\/div>\n\t\t\t\t\t\t\t\t\t<\/div>\n\t\t\t\t<\/a>\n\t\t\t<\/div>\n\t\t<\/div><div class=\"col post-item\" >\n\t\t\t<div class=\"col-inner\">\n\t\t\t<a href=\"https:\/\/www.ladiagonale.net\/index.php\/2026\/04\/10\/kombouare-pocognoli-redresse-bien-la-barre\/\" class=\"plain\">\n\t\t\t\t<div class=\"box box-vertical box-text-bottom box-blog-post has-hover\">\n          \t\t\t\t\t<div class=\"box-text text-left\" >\n\t\t\t\t\t<div class=\"box-text-inner blog-post-inner\">\n\n\t\t\t\t\t\n\t\t\t\t\t\t\t\t\t\t<h5 class=\"post-title is-large \">Kombouar\u00e9 : \u00ab\u00a0Pocognoli redresse bien la barre\u00a0\u00bb<\/h5>\n\t\t\t\t\t<div class=\"post-meta is-small op-8\">10 avril 2026<\/div>\t\t\t\t\t<div class=\"is-divider\"><\/div>\n\t\t\t\t\t\t\t\t\t\t<p class=\"from_the_blog_excerpt \">Ce vendredi (19h), l\u2019AS Monaco se rend sur la pelouse du Paris FC, promu qui [...]\t\t\t\t\t<\/p>\n\t\t\t\t\t                    \n\t\t\t\t\t\n\t\t\t\t\t\n\t\t\t\t\t<\/div>\n\t\t\t\t\t<\/div>\n\t\t\t\t\t\t\t\t\t<\/div>\n\t\t\t\t<\/a>\n\t\t\t<\/div>\n\t\t<\/div><div class=\"col post-item\" >\n\t\t\t<div class=\"col-inner\">\n\t\t\t<a href=\"https:\/\/www.ladiagonale.net\/index.php\/2026\/04\/10\/camara-nomme-pour-le-prix-marc-vivien-foe-2\/\" class=\"plain\">\n\t\t\t\t<div class=\"box box-vertical box-text-bottom box-blog-post has-hover\">\n          \t\t\t\t\t<div class=\"box-text text-left\" >\n\t\t\t\t\t<div class=\"box-text-inner blog-post-inner\">\n\n\t\t\t\t\t\n\t\t\t\t\t\t\t\t\t\t<h5 class=\"post-title is-large \">Camara nomm\u00e9 pour le Prix Marc-Vivien Fo\u00e9<\/h5>\n\t\t\t\t\t<div class=\"post-meta is-small op-8\">10 avril 2026<\/div>\t\t\t\t\t<div class=\"is-divider\"><\/div>\n\t\t\t\t\t\t\t\t\t\t<p class=\"from_the_blog_excerpt \">Champion d&rsquo;Afrique avec le S\u00e9n\u00e9gal en janvier, Lamine Camara a encore pris de l&rsquo;importance dans [...]\t\t\t\t\t<\/p>\n\t\t\t\t\t                    \n\t\t\t\t\t\n\t\t\t\t\t\n\t\t\t\t\t<\/div>\n\t\t\t\t\t<\/div>\n\t\t\t\t\t\t\t\t\t<\/div>\n\t\t\t\t<\/a>\n\t\t\t<\/div>\n\t\t<\/div><div class=\"col post-item\" >\n\t\t\t<div class=\"col-inner\">\n\t\t\t<a href=\"https:\/\/www.ladiagonale.net\/index.php\/2026\/04\/09\/monaco-ira-a-metz-le-2-mai\/\" class=\"plain\">\n\t\t\t\t<div class=\"box box-vertical box-text-bottom box-blog-post has-hover\">\n          \t\t\t\t\t<div class=\"box-text text-left\" >\n\t\t\t\t\t<div class=\"box-text-inner blog-post-inner\">\n\n\t\t\t\t\t\n\t\t\t\t\t\t\t\t\t\t<h5 class=\"post-title is-large \">Monaco ira \u00e0 Metz le 2 mai<\/h5>\n\t\t\t\t\t<div class=\"post-meta is-small op-8\">9 avril 2026<\/div>\t\t\t\t\t<div class=\"is-divider\"><\/div>\n\t\t\t\t\t\t\t\t\t\t<p class=\"from_the_blog_excerpt \">La LFP a d\u00e9voil\u00e9, ce jeudi, la programmation TV de la 32e journ\u00e9e de Ligue [...]\t\t\t\t\t<\/p>\n\t\t\t\t\t                    \n\t\t\t\t\t\n\t\t\t\t\t\n\t\t\t\t\t<\/div>\n\t\t\t\t\t<\/div>\n\t\t\t\t\t\t\t\t\t<\/div>\n\t\t\t\t<\/a>\n\t\t\t<\/div>\n\t\t<\/div><div class=\"col post-item\" >\n\t\t\t<div class=\"col-inner\">\n\t\t\t<a href=\"https:\/\/www.ladiagonale.net\/index.php\/2026\/04\/09\/golovin-touche-a-un-adducteur-et-forfait-pour-le-pfc\/\" class=\"plain\">\n\t\t\t\t<div class=\"box box-vertical box-text-bottom box-blog-post has-hover\">\n          \t\t\t\t\t<div class=\"box-text text-left\" >\n\t\t\t\t\t<div class=\"box-text-inner blog-post-inner\">\n\n\t\t\t\t\t\n\t\t\t\t\t\t\t\t\t\t<h5 class=\"post-title is-large \">Golovin touch\u00e9 \u00e0 un adducteur et forfait pour le PFC<\/h5>\n\t\t\t\t\t<div class=\"post-meta is-small op-8\">9 avril 2026<\/div>\t\t\t\t\t<div class=\"is-divider\"><\/div>\n\t\t\t\t\t\t\t\t\t\t<p class=\"from_the_blog_excerpt \">Mauvaise nouvelle pour l\u2019AS Monaco, puisque l\u2019un de ses joueurs en forme (trois buts en [...]\t\t\t\t\t<\/p>\n\t\t\t\t\t                                            <p class=\"from_the_blog_comments uppercase is-xsmall\">\n                            1 Comment                        <\/p>\n                    \n\t\t\t\t\t\n\t\t\t\t\t\n\t\t\t\t\t<\/div>\n\t\t\t\t\t<\/div>\n\t\t\t\t\t\t\t\t\t<\/div>\n\t\t\t\t<\/a>\n\t\t\t<\/div>\n\t\t<\/div><div class=\"col post-item\" >\n\t\t\t<div class=\"col-inner\">\n\t\t\t<a href=\"https:\/\/www.ladiagonale.net\/index.php\/2026\/04\/09\/zakaria-on-ne-se-sent-pas-du-tout-irresistibles\/\" class=\"plain\">\n\t\t\t\t<div class=\"box box-vertical box-text-bottom box-blog-post has-hover\">\n          \t\t\t\t\t<div class=\"box-text text-left\" >\n\t\t\t\t\t<div class=\"box-text-inner blog-post-inner\">\n\n\t\t\t\t\t\n\t\t\t\t\t\t\t\t\t\t<h5 class=\"post-title is-large \">Zakaria : \u00ab&nbsp;On ne se sent pas du tout irr\u00e9sistibles&nbsp;\u00bb<\/h5>\n\t\t\t\t\t<div class=\"post-meta is-small op-8\">9 avril 2026<\/div>\t\t\t\t\t<div class=\"is-divider\"><\/div>\n\t\t\t\t\t\t\t\t\t\t<p class=\"from_the_blog_excerpt \">L\u2019AS Monaco est sur une tr\u00e8s bonne s\u00e9rie de sept victoires d\u2019affil\u00e9e en Ligue 1. [...]\t\t\t\t\t<\/p>\n\t\t\t\t\t                    \n\t\t\t\t\t\n\t\t\t\t\t\n\t\t\t\t\t<\/div>\n\t\t\t\t\t<\/div>\n\t\t\t\t\t\t\t\t\t<\/div>\n\t\t\t\t<\/a>\n\t\t\t<\/div>\n\t\t<\/div><div class=\"col post-item\" >\n\t\t\t<div class=\"col-inner\">\n\t\t\t<a href=\"https:\/\/www.ladiagonale.net\/index.php\/2026\/04\/08\/pocognoli-tout-ce-quon-grappille-cest-a-la-sueur-de-notre-front\/\" class=\"plain\">\n\t\t\t\t<div class=\"box box-vertical box-text-bottom box-blog-post has-hover\">\n          \t\t\t\t\t<div class=\"box-text text-left\" >\n\t\t\t\t\t<div class=\"box-text-inner blog-post-inner\">\n\n\t\t\t\t\t\n\t\t\t\t\t\t\t\t\t\t<h5 class=\"post-title is-large \">Pocognoli : \u00ab\u00a0Tout ce qu\u2019on grappille, c\u2019est \u00e0 la sueur de notre front\u00a0\u00bb<\/h5>\n\t\t\t\t\t<div class=\"post-meta is-small op-8\">8 avril 2026<\/div>\t\t\t\t\t<div class=\"is-divider\"><\/div>\n\t\t\t\t\t\t\t\t\t\t<p class=\"from_the_blog_excerpt \">L\u2019AS Monaco est en pleine bourre et compl\u00e8tement replac\u00e9e dans le sprint final, \u00e0 un [...]\t\t\t\t\t<\/p>\n\t\t\t\t\t                    \n\t\t\t\t\t\n\t\t\t\t\t\n\t\t\t\t\t<\/div>\n\t\t\t\t\t<\/div>\n\t\t\t\t\t\t\t\t\t<\/div>\n\t\t\t\t<\/a>\n\t\t\t<\/div>\n\t\t<\/div><div class=\"col post-item\" >\n\t\t\t<div class=\"col-inner\">\n\t\t\t<a href=\"https:\/\/www.ladiagonale.net\/index.php\/2026\/04\/08\/bhihi-et-hervier-gisquet-terminent-cinquiemes-du-mondial-de-montaigu\/\" class=\"plain\">\n\t\t\t\t<div class=\"box box-vertical box-text-bottom box-blog-post has-hover\">\n          \t\t\t\t\t<div class=\"box-text text-left\" >\n\t\t\t\t\t<div class=\"box-text-inner blog-post-inner\">\n\n\t\t\t\t\t\n\t\t\t\t\t\t\t\t\t\t<h5 class=\"post-title is-large \">Bhihi et Hervier-Gisquet terminent cinqui\u00e8mes du Mondial de Montaigu<\/h5>\n\t\t\t\t\t<div class=\"post-meta is-small op-8\">8 avril 2026<\/div>\t\t\t\t\t<div class=\"is-divider\"><\/div>\n\t\t\t\t\t\t\t\t\t\t<p class=\"from_the_blog_excerpt \">Il n\u2019y aura pas de troisi\u00e8me victoire de rang pour l\u2019\u00e9quipe de France U16 au [...]\t\t\t\t\t<\/p>\n\t\t\t\t\t                    \n\t\t\t\t\t\n\t\t\t\t\t\n\t\t\t\t\t<\/div>\n\t\t\t\t\t<\/div>\n\t\t\t\t\t\t\t\t\t<\/div>\n\t\t\t\t<\/a>\n\t\t\t<\/div>\n\t\t<\/div><div class=\"col post-item\" >\n\t\t\t<div class=\"col-inner\">\n\t\t\t<a href=\"https:\/\/www.ladiagonale.net\/index.php\/2026\/04\/08\/une-incertitude-autour-dakliouche-avant-le-pfc\/\" class=\"plain\">\n\t\t\t\t<div class=\"box box-vertical box-text-bottom box-blog-post has-hover\">\n          \t\t\t\t\t<div class=\"box-text text-left\" >\n\t\t\t\t\t<div class=\"box-text-inner blog-post-inner\">\n\n\t\t\t\t\t\n\t\t\t\t\t\t\t\t\t\t<h5 class=\"post-title is-large \">Une incertitude autour d\u2019Akliouche avant le PFC<\/h5>\n\t\t\t\t\t<div class=\"post-meta is-small op-8\">8 avril 2026<\/div>\t\t\t\t\t<div class=\"is-divider\"><\/div>\n\t\t\t\t\t\t\t\t\t\t<p class=\"from_the_blog_excerpt \">L\u2019AS Monaco va chercher \u00e0 encha\u00eener une huiti\u00e8me victoire de rang, vendredi (19h) contre le [...]\t\t\t\t\t<\/p>\n\t\t\t\t\t                    \n\t\t\t\t\t\n\t\t\t\t\t\n\t\t\t\t\t<\/div>\n\t\t\t\t\t<\/div>\n\t\t\t\t\t\t\t\t\t<\/div>\n\t\t\t\t<\/a>\n\t\t\t<\/div>\n\t\t<\/div><div class=\"col post-item\" >\n\t\t\t<div class=\"col-inner\">\n\t\t\t<a href=\"https:\/\/www.ladiagonale.net\/index.php\/2026\/04\/08\/le-groupe-elite-elimine-du-challenge-espoirs\/\" class=\"plain\">\n\t\t\t\t<div class=\"box box-vertical box-text-bottom box-blog-post has-hover\">\n          \t\t\t\t\t<div class=\"box-text text-left\" >\n\t\t\t\t\t<div class=\"box-text-inner blog-post-inner\">\n\n\t\t\t\t\t\n\t\t\t\t\t\t\t\t\t\t<h5 class=\"post-title is-large \">Le Groupe \u00c9lite \u00e9limin\u00e9 du Challenge Espoirs<\/h5>\n\t\t\t\t\t<div class=\"post-meta is-small op-8\">8 avril 2026<\/div>\t\t\t\t\t<div class=\"is-divider\"><\/div>\n\t\t\t\t\t\t\t\t\t\t<p class=\"from_the_blog_excerpt \">Finaliste de la premi\u00e8re \u00e9dition du Challenge Espoirs, l\u2019AS Monaco ne pourra pas r\u00e9\u00e9diter cette [...]\t\t\t\t\t<\/p>\n\t\t\t\t\t                    \n\t\t\t\t\t\n\t\t\t\t\t\n\t\t\t\t\t<\/div>\n\t\t\t\t\t<\/div>\n\t\t\t\t\t\t\t\t\t<\/div>\n\t\t\t\t<\/a>\n\t\t\t<\/div>\n\t\t<\/div><div class=\"col post-item\" >\n\t\t\t<div class=\"col-inner\">\n\t\t\t<a href=\"https:\/\/www.ladiagonale.net\/index.php\/2026\/04\/07\/podcast-monaco-inarretable-lavenir-avec-hradecky\/\" class=\"plain\">\n\t\t\t\t<div class=\"box box-vertical box-text-bottom box-blog-post has-hover\">\n          \t\t\t\t\t<div class=\"box-text text-left\" >\n\t\t\t\t\t<div class=\"box-text-inner blog-post-inner\">\n\n\t\t\t\t\t\n\t\t\t\t\t\t\t\t\t\t<h5 class=\"post-title is-large \">Podcast : Monaco inarr\u00eatable, l&rsquo;avenir avec Hradecky ?<\/h5>\n\t\t\t\t\t<div class=\"post-meta is-small op-8\">7 avril 2026<\/div>\t\t\t\t\t<div class=\"is-divider\"><\/div>\n\t\t\t\t\t\t\t\t\t\t<p class=\"from_the_blog_excerpt \">Monaco est irr\u00e9sistible et reprend un \u00e0 un ses concurrents pour le podium. Cette fois, [...]\t\t\t\t\t<\/p>\n\t\t\t\t\t                    \n\t\t\t\t\t\n\t\t\t\t\t\n\t\t\t\t\t<\/div>\n\t\t\t\t\t<\/div>\n\t\t\t\t\t\t\t\t\t<\/div>\n\t\t\t\t<\/a>\n\t\t\t<\/div>\n\t\t<\/div><div class=\"col post-item\" >\n\t\t\t<div class=\"col-inner\">\n\t\t\t<a href=\"https:\/\/www.ladiagonale.net\/index.php\/2026\/04\/06\/deux-monegasques-dans-lequipe-type-de-la-28e-journee\/\" class=\"plain\">\n\t\t\t\t<div class=\"box box-vertical box-text-bottom box-blog-post has-hover\">\n          \t\t\t\t\t<div class=\"box-text text-left\" >\n\t\t\t\t\t<div class=\"box-text-inner blog-post-inner\">\n\n\t\t\t\t\t\n\t\t\t\t\t\t\t\t\t\t<h5 class=\"post-title is-large \">Deux Mon\u00e9gasques dans l&rsquo;\u00e9quipe type de la 28e journ\u00e9e<\/h5>\n\t\t\t\t\t<div class=\"post-meta is-small op-8\">6 avril 2026<\/div>\t\t\t\t\t<div class=\"is-divider\"><\/div>\n\t\t\t\t\t\t\t\t\t\t<p class=\"from_the_blog_excerpt \">C&rsquo;est un succ\u00e8s capital que les Mon\u00e9gasques ont remport\u00e9 contre l&rsquo;Olympique de Marseille, dimanche, en [...]\t\t\t\t\t<\/p>\n\t\t\t\t\t                    \n\t\t\t\t\t\n\t\t\t\t\t\n\t\t\t\t\t<\/div>\n\t\t\t\t\t<\/div>\n\t\t\t\t\t\t\t\t\t<\/div>\n\t\t\t\t<\/a>\n\t\t\t<\/div>\n\t\t<\/div><div class=\"col post-item\" >\n\t\t\t<div class=\"col-inner\">\n\t\t\t<a href=\"https:\/\/www.ladiagonale.net\/index.php\/2026\/04\/06\/les-notes-lange-hradecky-sest-envole\/\" class=\"plain\">\n\t\t\t\t<div class=\"box box-vertical box-text-bottom box-blog-post has-hover\">\n            \t\t\t\t\t<div class=\"box-image\" style=\"width:43%;\">\n  \t\t\t\t\t\t<div class=\"image-cover\" style=\"padding-top:89%;\">\n  \t\t\t\t\t\t\t<img width=\"300\" height=\"168\" src=\"https:\/\/www.ladiagonale.net\/wp-content\/uploads\/2026\/04\/HradeckyOMretour-300x168.png\" class=\"attachment-medium size-medium wp-post-image\" alt=\"\" loading=\"lazy\" srcset=\"https:\/\/www.ladiagonale.net\/wp-content\/uploads\/2026\/04\/HradeckyOMretour-300x168.png 300w, https:\/\/www.ladiagonale.net\/wp-content\/uploads\/2026\/04\/HradeckyOMretour-1024x574.png 1024w, https:\/\/www.ladiagonale.net\/wp-content\/uploads\/2026\/04\/HradeckyOMretour-768x430.png 768w, https:\/\/www.ladiagonale.net\/wp-content\/uploads\/2026\/04\/HradeckyOMretour-128x72.png 128w, https:\/\/www.ladiagonale.net\/wp-content\/uploads\/2026\/04\/HradeckyOMretour-32x18.png 32w, https:\/\/www.ladiagonale.net\/wp-content\/uploads\/2026\/04\/HradeckyOMretour.png 1160w\" sizes=\"(max-width: 300px) 100vw, 300px\" \/>  \t\t\t\t\t\t\t  \t\t\t\t\t\t\t  \t\t\t\t\t\t<\/div>\n  \t\t\t\t\t\t  \t\t\t\t\t<\/div>\n          \t\t\t\t\t<div class=\"box-text text-left\" >\n\t\t\t\t\t<div class=\"box-text-inner blog-post-inner\">\n\n\t\t\t\t\t\n\t\t\t\t\t\t\t\t\t\t<h5 class=\"post-title is-large \">Les notes : l&rsquo;ange Hradecky s&rsquo;est envol\u00e9<\/h5>\n\t\t\t\t\t\t\t\t\t\t<div class=\"is-divider\"><\/div>\n\t\t\t\t\t\t\t\t\t\t<p class=\"from_the_blog_excerpt \">Monaco a remport\u00e9 un pr\u00e9cieux succ\u00e8s contre Marseille et il le doit aussi en grande [...]\t\t\t\t\t<\/p>\n\t\t\t\t\t                    \n\t\t\t\t\t\n\t\t\t\t\t\n\t\t\t\t\t<\/div>\n\t\t\t\t\t<\/div>\n\t\t\t\t\t\t\t\t\t\t\t\t\t\t\t\t<div class=\"badge absolute top post-date badge-outline\">\n\t\t\t\t\t\t\t<div class=\"badge-inner\">\n\t\t\t\t\t\t\t\t<span class=\"post-date-day\">06<\/span><br>\n\t\t\t\t\t\t\t\t<span class=\"post-date-month is-xsmall\">Avr<\/span>\n\t\t\t\t\t\t\t<\/div>\n\t\t\t\t\t\t<\/div>\n\t\t\t\t\t\t\t\t\t<\/div>\n\t\t\t\t<\/a>\n\t\t\t<\/div>\n\t\t<\/div><div class=\"col post-item\" >\n\t\t\t<div class=\"col-inner\">\n\t\t\t<a href=\"https:\/\/www.ladiagonale.net\/index.php\/2026\/04\/06\/pocognoli-pas-denthousiasme-demesure\/\" class=\"plain\">\n\t\t\t\t<div class=\"box box-vertical box-text-bottom box-blog-post has-hover\">\n          \t\t\t\t\t<div class=\"box-text text-left\" >\n\t\t\t\t\t<div class=\"box-text-inner blog-post-inner\">\n\n\t\t\t\t\t\n\t\t\t\t\t\t\t\t\t\t<h5 class=\"post-title is-large \">Pocognoli : \u00ab&nbsp;Pas d\u2019enthousiasme d\u00e9mesur\u00e9&nbsp;\u00bb<\/h5>\n\t\t\t\t\t<div class=\"post-meta is-small op-8\">6 avril 2026<\/div>\t\t\t\t\t<div class=\"is-divider\"><\/div>\n\t\t\t\t\t\t\t\t\t\t<p class=\"from_the_blog_excerpt \">Apr\u00e8s avoir compt\u00e9 un retard important sur Marseille il y a encore quelques semaines, l\u2019AS [...]\t\t\t\t\t<\/p>\n\t\t\t\t\t                    \n\t\t\t\t\t\n\t\t\t\t\t\n\t\t\t\t\t<\/div>\n\t\t\t\t\t<\/div>\n\t\t\t\t\t\t\t\t\t<\/div>\n\t\t\t\t<\/a>\n\t\t\t<\/div>\n\t\t<\/div><div class=\"col post-item\" >\n\t\t\t<div class=\"col-inner\">\n\t\t\t<a href=\"https:\/\/www.ladiagonale.net\/index.php\/2026\/04\/06\/akliouche-victime-dune-bequille\/\" class=\"plain\">\n\t\t\t\t<div class=\"box box-vertical box-text-bottom box-blog-post has-hover\">\n          \t\t\t\t\t<div class=\"box-text text-left\" >\n\t\t\t\t\t<div class=\"box-text-inner blog-post-inner\">\n\n\t\t\t\t\t\n\t\t\t\t\t\t\t\t\t\t<h5 class=\"post-title is-large \">Akliouche victime d\u2019une b\u00e9quille<\/h5>\n\t\t\t\t\t<div class=\"post-meta is-small op-8\">6 avril 2026<\/div>\t\t\t\t\t<div class=\"is-divider\"><\/div>\n\t\t\t\t\t\t\t\t\t\t<p class=\"from_the_blog_excerpt \">Sorti \u00e0 la 84e minute du match contre l\u2019OM, dimanche, Maghnes Akliouche souffre d\u2019une b\u00e9quille [...]\t\t\t\t\t<\/p>\n\t\t\t\t\t                                            <p class=\"from_the_blog_comments uppercase is-xsmall\">\n                            1 Comment                        <\/p>\n                    \n\t\t\t\t\t\n\t\t\t\t\t\n\t\t\t\t\t<\/div>\n\t\t\t\t\t<\/div>\n\t\t\t\t\t\t\t\t\t<\/div>\n\t\t\t\t<\/a>\n\t\t\t<\/div>\n\t\t<\/div><div class=\"col post-item\" >\n\t\t\t<div class=\"col-inner\">\n\t\t\t<a href=\"https:\/\/www.ladiagonale.net\/index.php\/2026\/04\/06\/camara-suspendu-contre-auxerre\/\" class=\"plain\">\n\t\t\t\t<div class=\"box box-vertical box-text-bottom box-blog-post has-hover\">\n          \t\t\t\t\t<div class=\"box-text text-left\" >\n\t\t\t\t\t<div class=\"box-text-inner blog-post-inner\">\n\n\t\t\t\t\t\n\t\t\t\t\t\t\t\t\t\t<h5 class=\"post-title is-large \">Camara suspendu contre Auxerre<\/h5>\n\t\t\t\t\t<div class=\"post-meta is-small op-8\">6 avril 2026<\/div>\t\t\t\t\t<div class=\"is-divider\"><\/div>\n\t\t\t\t\t\t\t\t\t\t<p class=\"from_the_blog_excerpt \">Dans quinze jours, le 19 avril, l\u2019AS Monaco recevra l\u2019AJ Auxerre au stade Louis-II, dans [...]\t\t\t\t\t<\/p>\n\t\t\t\t\t                    \n\t\t\t\t\t\n\t\t\t\t\t\n\t\t\t\t\t<\/div>\n\t\t\t\t\t<\/div>\n\t\t\t\t\t\t\t\t\t<\/div>\n\t\t\t\t<\/a>\n\t\t\t<\/div>\n\t\t<\/div><div class=\"col post-item\" >\n\t\t\t<div class=\"col-inner\">\n\t\t\t<a href=\"https:\/\/www.ladiagonale.net\/index.php\/2026\/04\/05\/monaco-irresistible-et-vainqueur-de-lom-2-1\/\" class=\"plain\">\n\t\t\t\t<div class=\"box box-vertical box-text-bottom box-blog-post has-hover\">\n            \t\t\t\t\t<div class=\"box-image\" style=\"width:43%;\">\n  \t\t\t\t\t\t<div class=\"image-cover\" style=\"padding-top:89%;\">\n  \t\t\t\t\t\t\t<img width=\"300\" height=\"168\" src=\"https:\/\/www.ladiagonale.net\/wp-content\/uploads\/2026\/04\/BalogunOM-300x168.png\" class=\"attachment-medium size-medium wp-post-image\" alt=\"\" loading=\"lazy\" srcset=\"https:\/\/www.ladiagonale.net\/wp-content\/uploads\/2026\/04\/BalogunOM-300x168.png 300w, https:\/\/www.ladiagonale.net\/wp-content\/uploads\/2026\/04\/BalogunOM-1024x574.png 1024w, https:\/\/www.ladiagonale.net\/wp-content\/uploads\/2026\/04\/BalogunOM-768x430.png 768w, https:\/\/www.ladiagonale.net\/wp-content\/uploads\/2026\/04\/BalogunOM-128x72.png 128w, https:\/\/www.ladiagonale.net\/wp-content\/uploads\/2026\/04\/BalogunOM-32x18.png 32w, https:\/\/www.ladiagonale.net\/wp-content\/uploads\/2026\/04\/BalogunOM.png 1160w\" sizes=\"(max-width: 300px) 100vw, 300px\" \/>  \t\t\t\t\t\t\t  \t\t\t\t\t\t\t  \t\t\t\t\t\t<\/div>\n  \t\t\t\t\t\t  \t\t\t\t\t<\/div>\n          \t\t\t\t\t<div class=\"box-text text-left\" >\n\t\t\t\t\t<div class=\"box-text-inner blog-post-inner\">\n\n\t\t\t\t\t\n\t\t\t\t\t\t\t\t\t\t<h5 class=\"post-title is-large \">Monaco irr\u00e9sistible et vainqueur de l\u2019OM (2-1)<\/h5>\n\t\t\t\t\t\t\t\t\t\t<div class=\"is-divider\"><\/div>\n\t\t\t\t\t\t\t\t\t\t<p class=\"from_the_blog_excerpt \">Mais qui donc arr\u00eatera les Mon\u00e9gasques dans leur qu\u00eate vers le podium ? Ce n\u2019est [...]\t\t\t\t\t<\/p>\n\t\t\t\t\t                    \n\t\t\t\t\t\n\t\t\t\t\t\n\t\t\t\t\t<\/div>\n\t\t\t\t\t<\/div>\n\t\t\t\t\t\t\t\t\t\t\t\t\t\t\t\t<div class=\"badge absolute top post-date badge-outline\">\n\t\t\t\t\t\t\t<div class=\"badge-inner\">\n\t\t\t\t\t\t\t\t<span class=\"post-date-day\">05<\/span><br>\n\t\t\t\t\t\t\t\t<span class=\"post-date-month is-xsmall\">Avr<\/span>\n\t\t\t\t\t\t\t<\/div>\n\t\t\t\t\t\t<\/div>\n\t\t\t\t\t\t\t\t\t<\/div>\n\t\t\t\t<\/a>\n\t\t\t<\/div>\n\t\t<\/div><div class=\"col post-item\" >\n\t\t\t<div class=\"col-inner\">\n\t\t\t<a href=\"https:\/\/www.ladiagonale.net\/index.php\/2026\/04\/05\/les-compositions-mawissa-titulaire\/\" class=\"plain\">\n\t\t\t\t<div class=\"box box-vertical box-text-bottom box-blog-post has-hover\">\n          \t\t\t\t\t<div class=\"box-text text-left\" >\n\t\t\t\t\t<div class=\"box-text-inner blog-post-inner\">\n\n\t\t\t\t\t\n\t\t\t\t\t\t\t\t\t\t<h5 class=\"post-title is-large \">Les compositions : Mawissa titulaire<\/h5>\n\t\t\t\t\t<div class=\"post-meta is-small op-8\">5 avril 2026<\/div>\t\t\t\t\t<div class=\"is-divider\"><\/div>\n\t\t\t\t\t\t\t\t\t\t<p class=\"from_the_blog_excerpt \">Les compositions pour le choc entre Monaco et Marseille sont tomb\u00e9es. L&rsquo;AS Monaco conserve son [...]\t\t\t\t\t<\/p>\n\t\t\t\t\t                    \n\t\t\t\t\t\n\t\t\t\t\t\n\t\t\t\t\t<\/div>\n\t\t\t\t\t<\/div>\n\t\t\t\t\t\t\t\t\t<\/div>\n\t\t\t\t<\/a>\n\t\t\t<\/div>\n\t\t<\/div><div class=\"col post-item\" >\n\t\t\t<div class=\"col-inner\">\n\t\t\t<a href=\"https:\/\/www.ladiagonale.net\/index.php\/2026\/04\/05\/entorse-du-genou-gauche-pour-ouattara\/\" class=\"plain\">\n\t\t\t\t<div class=\"box box-vertical box-text-bottom box-blog-post has-hover\">\n          \t\t\t\t\t<div class=\"box-text text-left\" >\n\t\t\t\t\t<div class=\"box-text-inner blog-post-inner\">\n\n\t\t\t\t\t\n\t\t\t\t\t\t\t\t\t\t<h5 class=\"post-title is-large \">Entorse du genou gauche pour Ouattara<\/h5>\n\t\t\t\t\t<div class=\"post-meta is-small op-8\">5 avril 2026<\/div>\t\t\t\t\t<div class=\"is-divider\"><\/div>\n\t\t\t\t\t\t\t\t\t\t<p class=\"from_the_blog_excerpt \">En d\u00e9voilant le groupe qui affrontera l&rsquo;Olympique de Marseille ce dimanche, l&rsquo;AS Monaco a aussi [...]\t\t\t\t\t<\/p>\n\t\t\t\t\t                    \n\t\t\t\t\t\n\t\t\t\t\t\n\t\t\t\t\t<\/div>\n\t\t\t\t\t<\/div>\n\t\t\t\t\t\t\t\t\t<\/div>\n\t\t\t\t<\/a>\n\t\t\t<\/div>\n\t\t<\/div><div class=\"col post-item\" >\n\t\t\t<div class=\"col-inner\">\n\t\t\t<a href=\"https:\/\/www.ladiagonale.net\/index.php\/2026\/04\/05\/beye-se-mefie-du-trident-offensif-de-lasm\/\" class=\"plain\">\n\t\t\t\t<div class=\"box box-vertical box-text-bottom box-blog-post has-hover\">\n          \t\t\t\t\t<div class=\"box-text text-left\" >\n\t\t\t\t\t<div class=\"box-text-inner blog-post-inner\">\n\n\t\t\t\t\t\n\t\t\t\t\t\t\t\t\t\t<h5 class=\"post-title is-large \">Beye se m\u00e9fie du trident offensif de l\u2019ASM<\/h5>\n\t\t\t\t\t<div class=\"post-meta is-small op-8\">5 avril 2026<\/div>\t\t\t\t\t<div class=\"is-divider\"><\/div>\n\t\t\t\t\t\t\t\t\t\t<p class=\"from_the_blog_excerpt \">Le choc entre Monaco et Marseille, ce dimanche, s\u2019annonce tr\u00e8s ind\u00e9cis, avec deux \u00e9quipes dans [...]\t\t\t\t\t<\/p>\n\t\t\t\t\t                    \n\t\t\t\t\t\n\t\t\t\t\t\n\t\t\t\t\t<\/div>\n\t\t\t\t\t<\/div>\n\t\t\t\t\t\t\t\t\t<\/div>\n\t\t\t\t<\/a>\n\t\t\t<\/div>\n\t\t<\/div><div class=\"col post-item\" >\n\t\t\t<div class=\"col-inner\">\n\t\t\t<a href=\"https:\/\/www.ladiagonale.net\/index.php\/2026\/04\/05\/pour-monaco-om-turpin-sera-au-sifflet-et-delajod-a-la-video\/\" class=\"plain\">\n\t\t\t\t<div class=\"box box-vertical box-text-bottom box-blog-post has-hover\">\n          \t\t\t\t\t<div class=\"box-text text-left\" >\n\t\t\t\t\t<div class=\"box-text-inner blog-post-inner\">\n\n\t\t\t\t\t\n\t\t\t\t\t\t\t\t\t\t<h5 class=\"post-title is-large \">Pour Monaco-OM, Turpin sera au sifflet et Delajod \u00e0 la vid\u00e9o<\/h5>\n\t\t\t\t\t<div class=\"post-meta is-small op-8\">5 avril 2026<\/div>\t\t\t\t\t<div class=\"is-divider\"><\/div>\n\t\t\t\t\t\t\t\t\t\t<p class=\"from_the_blog_excerpt \">Quelques jours apr\u00e8s un arbitrage contest\u00e9 lors du dernier barrage pour la Coupe du monde [...]\t\t\t\t\t<\/p>\n\t\t\t\t\t                    \n\t\t\t\t\t\n\t\t\t\t\t\n\t\t\t\t\t<\/div>\n\t\t\t\t\t<\/div>\n\t\t\t\t\t\t\t\t\t<\/div>\n\t\t\t\t<\/a>\n\t\t\t<\/div>\n\t\t<\/div><div class=\"col post-item\" >\n\t\t\t<div class=\"col-inner\">\n\t\t\t<a href=\"https:\/\/www.ladiagonale.net\/index.php\/2026\/04\/05\/trois-absences-de-taille-a-lom\/\" class=\"plain\">\n\t\t\t\t<div class=\"box box-vertical box-text-bottom box-blog-post has-hover\">\n          \t\t\t\t\t<div class=\"box-text text-left\" >\n\t\t\t\t\t<div class=\"box-text-inner blog-post-inner\">\n\n\t\t\t\t\t\n\t\t\t\t\t\t\t\t\t\t<h5 class=\"post-title is-large \">Trois absences de taille \u00e0 l&rsquo;OM<\/h5>\n\t\t\t\t\t<div class=\"post-meta is-small op-8\">5 avril 2026<\/div>\t\t\t\t\t<div class=\"is-divider\"><\/div>\n\t\t\t\t\t\t\t\t\t\t<p class=\"from_the_blog_excerpt \">L&rsquo;AS Monaco re\u00e7oit ce dimanche l&rsquo;Olympique de Marseille priv\u00e9 de son meilleur buteur et son [...]\t\t\t\t\t<\/p>\n\t\t\t\t\t                    \n\t\t\t\t\t\n\t\t\t\t\t\n\t\t\t\t\t<\/div>\n\t\t\t\t\t<\/div>\n\t\t\t\t\t\t\t\t\t<\/div>\n\t\t\t\t<\/a>\n\t\t\t<\/div>\n\t\t<\/div><div class=\"col post-item\" >\n\t\t\t<div class=\"col-inner\">\n\t\t\t<a href=\"https:\/\/www.ladiagonale.net\/index.php\/2026\/04\/05\/le-groupe-monegasque-pogba-de-retour\/\" class=\"plain\">\n\t\t\t\t<div class=\"box box-vertical box-text-bottom box-blog-post has-hover\">\n          \t\t\t\t\t<div class=\"box-text text-left\" >\n\t\t\t\t\t<div class=\"box-text-inner blog-post-inner\">\n\n\t\t\t\t\t\n\t\t\t\t\t\t\t\t\t\t<h5 class=\"post-title is-large \">Le groupe mon\u00e9gasque : Pogba de retour<\/h5>\n\t\t\t\t\t<div class=\"post-meta is-small op-8\">5 avril 2026<\/div>\t\t\t\t\t<div class=\"is-divider\"><\/div>\n\t\t\t\t\t\t\t\t\t\t<p class=\"from_the_blog_excerpt \">Pr\u00e8s de quatre mois apr\u00e8s sa derni\u00e8re apparition sur un banc de touche, lors de [...]\t\t\t\t\t<\/p>\n\t\t\t\t\t                    \n\t\t\t\t\t\n\t\t\t\t\t\n\t\t\t\t\t<\/div>\n\t\t\t\t\t<\/div>\n\t\t\t\t\t\t\t\t\t<\/div>\n\t\t\t\t<\/a>\n\t\t\t<\/div>\n\t\t<\/div><div class=\"col post-item\" >\n\t\t\t<div class=\"col-inner\">\n\t\t\t<a href=\"https:\/\/www.ladiagonale.net\/index.php\/2026\/04\/05\/balogun-et-akliouche-en-course-pour-le-trophee-unfp-du-joueur-du-mois-de-mars\/\" class=\"plain\">\n\t\t\t\t<div class=\"box box-vertical box-text-bottom box-blog-post has-hover\">\n          \t\t\t\t\t<div class=\"box-text text-left\" >\n\t\t\t\t\t<div class=\"box-text-inner blog-post-inner\">\n\n\t\t\t\t\t\n\t\t\t\t\t\t\t\t\t\t<h5 class=\"post-title is-large \">Balogun et Akliouche en course pour le troph\u00e9e UNFP du joueur du mois de mars<\/h5>\n\t\t\t\t\t<div class=\"post-meta is-small op-8\">5 avril 2026<\/div>\t\t\t\t\t<div class=\"is-divider\"><\/div>\n\t\t\t\t\t\t\t\t\t\t<p class=\"from_the_blog_excerpt \">Apr\u00e8s l&rsquo;\u00e9chec de Folarin Balogun pour conqu\u00e9rir le troph\u00e9e UNFP du joueur du mois de [...]\t\t\t\t\t<\/p>\n\t\t\t\t\t                    \n\t\t\t\t\t\n\t\t\t\t\t\n\t\t\t\t\t<\/div>\n\t\t\t\t\t<\/div>\n\t\t\t\t\t\t\t\t\t<\/div>\n\t\t\t\t<\/a>\n\t\t\t<\/div>\n\t\t<\/div><div class=\"col post-item\" >\n\t\t\t<div class=\"col-inner\">\n\t\t\t<a href=\"https:\/\/www.ladiagonale.net\/index.php\/2026\/04\/04\/golovin-quand-hutter-est-parti-jai-senti-de-lattachement\/\" class=\"plain\">\n\t\t\t\t<div class=\"box box-vertical box-text-bottom box-blog-post has-hover\">\n          \t\t\t\t\t<div class=\"box-text text-left\" >\n\t\t\t\t\t<div class=\"box-text-inner blog-post-inner\">\n\n\t\t\t\t\t\n\t\t\t\t\t\t\t\t\t\t<h5 class=\"post-title is-large \">Golovin : \u00ab&nbsp;Quand H\u00fctter est parti, j\u2019ai senti de l\u2019attachement&nbsp;\u00bb<\/h5>\n\t\t\t\t\t<div class=\"post-meta is-small op-8\">4 avril 2026<\/div>\t\t\t\t\t<div class=\"is-divider\"><\/div>\n\t\t\t\t\t\t\t\t\t\t<p class=\"from_the_blog_excerpt \">Avec huit ans d\u2019anciennet\u00e9 au club, Aleksandr Golovin a vu un certain nombre d\u2019entra\u00eeneurs s\u2019installer [...]\t\t\t\t\t<\/p>\n\t\t\t\t\t                    \n\t\t\t\t\t\n\t\t\t\t\t\n\t\t\t\t\t<\/div>\n\t\t\t\t\t<\/div>\n\t\t\t\t\t\t\t\t\t<\/div>\n\t\t\t\t<\/a>\n\t\t\t<\/div>\n\t\t<\/div><div class=\"col post-item\" >\n\t\t\t<div class=\"col-inner\">\n\t\t\t<a href=\"https:\/\/www.ladiagonale.net\/index.php\/2026\/04\/04\/bamba-en-lice-pour-le-trophee-de-la-pepite-du-mois\/\" class=\"plain\">\n\t\t\t\t<div class=\"box box-vertical box-text-bottom box-blog-post has-hover\">\n          \t\t\t\t\t<div class=\"box-text text-left\" >\n\t\t\t\t\t<div class=\"box-text-inner blog-post-inner\">\n\n\t\t\t\t\t\n\t\t\t\t\t\t\t\t\t\t<h5 class=\"post-title is-large \">Bamba en lice pour le troph\u00e9e de la \u00ab&nbsp;P\u00e9pite du mois&nbsp;\u00bb<\/h5>\n\t\t\t\t\t<div class=\"post-meta is-small op-8\">4 avril 2026<\/div>\t\t\t\t\t<div class=\"is-divider\"><\/div>\n\t\t\t\t\t\t\t\t\t\t<p class=\"from_the_blog_excerpt \">S\u2019il n\u2019a pas directement \u00e9t\u00e9 gagnant avec le remplacement d\u2019Adi H\u00fctter par S\u00e9bastien Pocognoli, Aladji [...]\t\t\t\t\t<\/p>\n\t\t\t\t\t                    \n\t\t\t\t\t\n\t\t\t\t\t\n\t\t\t\t\t<\/div>\n\t\t\t\t\t<\/div>\n\t\t\t\t\t\t\t\t\t<\/div>\n\t\t\t\t<\/a>\n\t\t\t<\/div>\n\t\t<\/div><div class=\"col post-item\" >\n\t\t\t<div class=\"col-inner\">\n\t\t\t<a href=\"https:\/\/www.ladiagonale.net\/index.php\/2026\/04\/04\/hradecky-on-a-fait-une-sacree-remontee\/\" class=\"plain\">\n\t\t\t\t<div class=\"box box-vertical box-text-bottom box-blog-post has-hover\">\n          \t\t\t\t\t<div class=\"box-text text-left\" >\n\t\t\t\t\t<div class=\"box-text-inner blog-post-inner\">\n\n\t\t\t\t\t\n\t\t\t\t\t\t\t\t\t\t<h5 class=\"post-title is-large \">Hradecky : \u00ab&nbsp;On a fait une sacr\u00e9e remont\u00e9e&nbsp;\u00bb<\/h5>\n\t\t\t\t\t<div class=\"post-meta is-small op-8\">4 avril 2026<\/div>\t\t\t\t\t<div class=\"is-divider\"><\/div>\n\t\t\t\t\t\t\t\t\t\t<p class=\"from_the_blog_excerpt \">C\u2019est un choc qui s\u2019annonce contre l\u2019Olympique de Marseille pour l\u2019AS Monaco, et celui-ci risque [...]\t\t\t\t\t<\/p>\n\t\t\t\t\t                    \n\t\t\t\t\t\n\t\t\t\t\t\n\t\t\t\t\t<\/div>\n\t\t\t\t\t<\/div>\n\t\t\t\t\t\t\t\t\t<\/div>\n\t\t\t\t<\/a>\n\t\t\t<\/div>\n\t\t<\/div><div class=\"col post-item\" >\n\t\t\t<div class=\"col-inner\">\n\t\t\t<a href=\"https:\/\/www.ladiagonale.net\/index.php\/2026\/04\/04\/faes-quand-je-suis-arrive-cetait-la-crise\/\" class=\"plain\">\n\t\t\t\t<div class=\"box box-vertical box-text-bottom box-blog-post has-hover\">\n          \t\t\t\t\t<div class=\"box-text text-left\" >\n\t\t\t\t\t<div class=\"box-text-inner blog-post-inner\">\n\n\t\t\t\t\t\n\t\t\t\t\t\t\t\t\t\t<h5 class=\"post-title is-large \">Faes : \u00ab\u00a0Quand je suis arriv\u00e9, c\u2019\u00e9tait la crise\u00a0\u00bb<\/h5>\n\t\t\t\t\t<div class=\"post-meta is-small op-8\">4 avril 2026<\/div>\t\t\t\t\t<div class=\"is-divider\"><\/div>\n\t\t\t\t\t\t\t\t\t\t<p class=\"from_the_blog_excerpt \">Pr\u00eat\u00e9 avec option d\u2019achat par Leicester en janvier, Wout Faes s\u2019est rapidement int\u00e9gr\u00e9 du c\u00f4t\u00e9 [...]\t\t\t\t\t<\/p>\n\t\t\t\t\t                    \n\t\t\t\t\t\n\t\t\t\t\t\n\t\t\t\t\t<\/div>\n\t\t\t\t\t<\/div>\n\t\t\t\t\t\t\t\t\t<\/div>\n\t\t\t\t<\/a>\n\t\t\t<\/div>\n\t\t<\/div><div class=\"col post-item\" >\n\t\t\t<div class=\"col-inner\">\n\t\t\t<a href=\"https:\/\/www.ladiagonale.net\/index.php\/2026\/04\/04\/une-gene-aux-ischios-pour-brunner\/\" class=\"plain\">\n\t\t\t\t<div class=\"box box-vertical box-text-bottom box-blog-post has-hover\">\n          \t\t\t\t\t<div class=\"box-text text-left\" >\n\t\t\t\t\t<div class=\"box-text-inner blog-post-inner\">\n\n\t\t\t\t\t\n\t\t\t\t\t\t\t\t\t\t<h5 class=\"post-title is-large \">Une g\u00eane aux ischios pour Brunner<\/h5>\n\t\t\t\t\t<div class=\"post-meta is-small op-8\">4 avril 2026<\/div>\t\t\t\t\t<div class=\"is-divider\"><\/div>\n\t\t\t\t\t\t\t\t\t\t<p class=\"from_the_blog_excerpt \">Si la s\u00e9rie est bonne et les r\u00e9sultats tr\u00e8s positifs du c\u00f4t\u00e9 de l\u2019AS Monaco, [...]\t\t\t\t\t<\/p>\n\t\t\t\t\t                    \n\t\t\t\t\t\n\t\t\t\t\t\n\t\t\t\t\t<\/div>\n\t\t\t\t\t<\/div>\n\t\t\t\t\t\t\t\t\t<\/div>\n\t\t\t\t<\/a>\n\t\t\t<\/div>\n\t\t<\/div><div class=\"col post-item\" >\n\t\t\t<div class=\"col-inner\">\n\t\t\t<a href=\"https:\/\/www.ladiagonale.net\/index.php\/2026\/04\/04\/officiel-arnaiz-nomme-directeur-de-la-performance\/\" class=\"plain\">\n\t\t\t\t<div class=\"box box-vertical box-text-bottom box-blog-post has-hover\">\n          \t\t\t\t\t<div class=\"box-text text-left\" >\n\t\t\t\t\t<div class=\"box-text-inner blog-post-inner\">\n\n\t\t\t\t\t\n\t\t\t\t\t\t\t\t\t\t<h5 class=\"post-title is-large \">Officiel : Arnaiz nomm\u00e9 directeur de la performance<\/h5>\n\t\t\t\t\t<div class=\"post-meta is-small op-8\">4 avril 2026<\/div>\t\t\t\t\t<div class=\"is-divider\"><\/div>\n\t\t\t\t\t\t\t\t\t\t<p class=\"from_the_blog_excerpt \">Comme annonc\u00e9 sur notre site il y a une semaine, l\u2019AS Monaco a renforc\u00e9 son [...]\t\t\t\t\t<\/p>\n\t\t\t\t\t                    \n\t\t\t\t\t\n\t\t\t\t\t\n\t\t\t\t\t<\/div>\n\t\t\t\t\t<\/div>\n\t\t\t\t\t\t\t\t\t<\/div>\n\t\t\t\t<\/a>\n\t\t\t<\/div>\n\t\t<\/div><div class=\"col post-item\" >\n\t\t\t<div class=\"col-inner\">\n\t\t\t<a href=\"https:\/\/www.ladiagonale.net\/index.php\/2026\/04\/03\/pocognoli-revenir-au-niveau-de-marseille\/\" class=\"plain\">\n\t\t\t\t<div class=\"box box-vertical box-text-bottom box-blog-post has-hover\">\n          \t\t\t\t\t<div class=\"box-text text-left\" >\n\t\t\t\t\t<div class=\"box-text-inner blog-post-inner\">\n\n\t\t\t\t\t\n\t\t\t\t\t\t\t\t\t\t<h5 class=\"post-title is-large \">Pocognoli : \u00ab\u00a0Revenir au niveau de Marseille\u00a0\u00bb<\/h5>\n\t\t\t\t\t<div class=\"post-meta is-small op-8\">3 avril 2026<\/div>\t\t\t\t\t<div class=\"is-divider\"><\/div>\n\t\t\t\t\t\t\t\t\t\t<p class=\"from_the_blog_excerpt \">Le match de ce week-end sera d\u00e9terminant pour l\u2019AS Monaco dans ce sprint final. Les [...]\t\t\t\t\t<\/p>\n\t\t\t\t\t                    \n\t\t\t\t\t\n\t\t\t\t\t\n\t\t\t\t\t<\/div>\n\t\t\t\t\t<\/div>\n\t\t\t\t\t\t\t\t\t<\/div>\n\t\t\t\t<\/a>\n\t\t\t<\/div>\n\t\t<\/div><div class=\"col post-item\" >\n\t\t\t<div class=\"col-inner\">\n\t\t\t<a href=\"https:\/\/www.ladiagonale.net\/index.php\/2026\/04\/03\/pogba-disponible-pour-le-choc-contre-lom\/\" class=\"plain\">\n\t\t\t\t<div class=\"box box-vertical box-text-bottom box-blog-post has-hover\">\n          \t\t\t\t\t<div class=\"box-text text-left\" >\n\t\t\t\t\t<div class=\"box-text-inner blog-post-inner\">\n\n\t\t\t\t\t\n\t\t\t\t\t\t\t\t\t\t<h5 class=\"post-title is-large \">Pogba \u00ab&nbsp;disponible&nbsp;\u00bb pour le choc contre l\u2019OM<\/h5>\n\t\t\t\t\t<div class=\"post-meta is-small op-8\">3 avril 2026<\/div>\t\t\t\t\t<div class=\"is-divider\"><\/div>\n\t\t\t\t\t\t\t\t\t\t<p class=\"from_the_blog_excerpt \">Apr\u00e8s un retour positif en match amical contre Brentford, le 26 mars, avec un but [...]\t\t\t\t\t<\/p>\n\t\t\t\t\t                    \n\t\t\t\t\t\n\t\t\t\t\t\n\t\t\t\t\t<\/div>\n\t\t\t\t\t<\/div>\n\t\t\t\t\t\t\t\t\t<\/div>\n\t\t\t\t<\/a>\n\t\t\t<\/div>\n\t\t<\/div><div class=\"col post-item\" >\n\t\t\t<div class=\"col-inner\">\n\t\t\t<a href=\"https:\/\/www.ladiagonale.net\/index.php\/2026\/04\/03\/fin-de-saison-pour-ouattara\/\" class=\"plain\">\n\t\t\t\t<div class=\"box box-vertical box-text-bottom box-blog-post has-hover\">\n          \t\t\t\t\t<div class=\"box-text text-left\" >\n\t\t\t\t\t<div class=\"box-text-inner blog-post-inner\">\n\n\t\t\t\t\t\n\t\t\t\t\t\t\t\t\t\t<h5 class=\"post-title is-large \">Fin de saison pour Ouattara ?<\/h5>\n\t\t\t\t\t<div class=\"post-meta is-small op-8\">3 avril 2026<\/div>\t\t\t\t\t<div class=\"is-divider\"><\/div>\n\t\t\t\t\t\t\t\t\t\t<p class=\"from_the_blog_excerpt \">Le match amical disput\u00e9 entre l&rsquo;AS Monaco et Brentford au d\u00e9but de la tr\u00eave internationale [...]\t\t\t\t\t<\/p>\n\t\t\t\t\t                    \n\t\t\t\t\t\n\t\t\t\t\t\n\t\t\t\t\t<\/div>\n\t\t\t\t\t<\/div>\n\t\t\t\t\t\t\t\t\t<\/div>\n\t\t\t\t<\/a>\n\t\t\t<\/div>\n\t\t<\/div><div class=\"col post-item\" >\n\t\t\t<div class=\"col-inner\">\n\t\t\t<a href=\"https:\/\/www.ladiagonale.net\/index.php\/2026\/04\/02\/mauvais-parti-pris-contre-monaco-golovin-vitupere-contre-larbitrage\/\" class=\"plain\">\n\t\t\t\t<div class=\"box box-vertical box-text-bottom box-blog-post has-hover\">\n          \t\t\t\t\t<div class=\"box-text text-left\" >\n\t\t\t\t\t<div class=\"box-text-inner blog-post-inner\">\n\n\t\t\t\t\t\n\t\t\t\t\t\t\t\t\t\t<h5 class=\"post-title is-large \">\u00ab\u00a0Mauvais\u00a0\u00bb, \u00ab\u00a0parti pris contre Monaco\u00a0\u00bb : Golovin vitup\u00e8re contre l\u2019arbitrage<\/h5>\n\t\t\t\t\t<div class=\"post-meta is-small op-8\">2 avril 2026<\/div>\t\t\t\t\t<div class=\"is-divider\"><\/div>\n\t\t\t\t\t\t\t\t\t\t<p class=\"from_the_blog_excerpt \">Aleksandr Golovin a pass\u00e9 la tr\u00eave internationale loin de Monaco et de la France. Une [...]\t\t\t\t\t<\/p>\n\t\t\t\t\t                    \n\t\t\t\t\t\n\t\t\t\t\t\n\t\t\t\t\t<\/div>\n\t\t\t\t\t<\/div>\n\t\t\t\t\t\t\t\t\t<\/div>\n\t\t\t\t<\/a>\n\t\t\t<\/div>\n\t\t<\/div><div class=\"col post-item\" >\n\t\t\t<div class=\"col-inner\">\n\t\t\t<a href=\"https:\/\/www.ladiagonale.net\/index.php\/2026\/04\/02\/chukwuani-encore-buteur-avec-le-danemark-qualifie-pour-leuro-u17\/\" class=\"plain\">\n\t\t\t\t<div class=\"box box-vertical box-text-bottom box-blog-post has-hover\">\n          \t\t\t\t\t<div class=\"box-text text-left\" >\n\t\t\t\t\t<div class=\"box-text-inner blog-post-inner\">\n\n\t\t\t\t\t\n\t\t\t\t\t\t\t\t\t\t<h5 class=\"post-title is-large \">Chukwuani, encore buteur avec le Danemark, qualifi\u00e9 pour l\u2019Euro U17<\/h5>\n\t\t\t\t\t<div class=\"post-meta is-small op-8\">2 avril 2026<\/div>\t\t\t\t\t<div class=\"is-divider\"><\/div>\n\t\t\t\t\t\t\t\t\t\t<p class=\"from_the_blog_excerpt \">Auteur du seul but danois contre la Tch\u00e9quie, au d\u00e9but du deuxi\u00e8me tour qualificatif pour [...]\t\t\t\t\t<\/p>\n\t\t\t\t\t                    \n\t\t\t\t\t\n\t\t\t\t\t\n\t\t\t\t\t<\/div>\n\t\t\t\t\t<\/div>\n\t\t\t\t\t\t\t\t\t<\/div>\n\t\t\t\t<\/a>\n\t\t\t<\/div>\n\t\t<\/div><div class=\"col post-item\" >\n\t\t\t<div class=\"col-inner\">\n\t\t\t<a href=\"https:\/\/www.ladiagonale.net\/index.php\/2026\/04\/02\/balogun-courtise-en-angleterre\/\" class=\"plain\">\n\t\t\t\t<div class=\"box box-vertical box-text-bottom box-blog-post has-hover\">\n          \t\t\t\t\t<div class=\"box-text text-left\" >\n\t\t\t\t\t<div class=\"box-text-inner blog-post-inner\">\n\n\t\t\t\t\t\n\t\t\t\t\t\t\t\t\t\t<h5 class=\"post-title is-large \">Balogun courtis\u00e9 en Angleterre<\/h5>\n\t\t\t\t\t<div class=\"post-meta is-small op-8\">2 avril 2026<\/div>\t\t\t\t\t<div class=\"is-divider\"><\/div>\n\t\t\t\t\t\t\t\t\t\t<p class=\"from_the_blog_excerpt \">Trois ans apr\u00e8s avoir rejoint l\u2019AS Monaco, Folarin Balogun r\u00e9ussit enfin \u00e0 donner sa pleine [...]\t\t\t\t\t<\/p>\n\t\t\t\t\t                    \n\t\t\t\t\t\n\t\t\t\t\t\n\t\t\t\t\t<\/div>\n\t\t\t\t\t<\/div>\n\t\t\t\t\t\t\t\t\t<\/div>\n\t\t\t\t<\/a>\n\t\t\t<\/div>\n\t\t<\/div><div class=\"col post-item\" >\n\t\t\t<div class=\"col-inner\">\n\t\t\t<a href=\"https:\/\/www.ladiagonale.net\/index.php\/2026\/04\/02\/dier-joueur-le-mieux-paye-de-leffectif-avec-zakaria\/\" class=\"plain\">\n\t\t\t\t<div class=\"box box-vertical box-text-bottom box-blog-post has-hover\">\n          \t\t\t\t\t<div class=\"box-text text-left\" >\n\t\t\t\t\t<div class=\"box-text-inner blog-post-inner\">\n\n\t\t\t\t\t\n\t\t\t\t\t\t\t\t\t\t<h5 class=\"post-title is-large \">Dier, joueur le mieux pay\u00e9 de l&rsquo;effectif avec Zakaria<\/h5>\n\t\t\t\t\t<div class=\"post-meta is-small op-8\">2 avril 2026<\/div>\t\t\t\t\t<div class=\"is-divider\"><\/div>\n\t\t\t\t\t\t\t\t\t\t<p class=\"from_the_blog_excerpt \">C&rsquo;est devenu un rendez-vous traditionnel sur L&rsquo;\u00c9quipe au printemps : les salaires de la Ligue [...]\t\t\t\t\t<\/p>\n\t\t\t\t\t                    \n\t\t\t\t\t\n\t\t\t\t\t\n\t\t\t\t\t<\/div>\n\t\t\t\t\t<\/div>\n\t\t\t\t\t\t\t\t\t<\/div>\n\t\t\t\t<\/a>\n\t\t\t<\/div>\n\t\t<\/div><div class=\"col post-item\" >\n\t\t\t<div class=\"col-inner\">\n\t\t\t<a href=\"https:\/\/www.ladiagonale.net\/index.php\/2026\/04\/01\/benchaouch-a-refuse-un-contrat-pro-de-lasm\/\" class=\"plain\">\n\t\t\t\t<div class=\"box box-vertical box-text-bottom box-blog-post has-hover\">\n          \t\t\t\t\t<div class=\"box-text text-left\" >\n\t\t\t\t\t<div class=\"box-text-inner blog-post-inner\">\n\n\t\t\t\t\t\n\t\t\t\t\t\t\t\t\t\t<h5 class=\"post-title is-large \">Benchaouch a refus\u00e9 un contrat pro de l&rsquo;ASM<\/h5>\n\t\t\t\t\t<div class=\"post-meta is-small op-8\">1 avril 2026<\/div>\t\t\t\t\t<div class=\"is-divider\"><\/div>\n\t\t\t\t\t\t\t\t\t\t<p class=\"from_the_blog_excerpt \">Gardien au sein de l&rsquo;Academy, Yanis Benchaouch ne devrait pas s&rsquo;\u00e9terniser du c\u00f4t\u00e9 de l&rsquo;AS [...]\t\t\t\t\t<\/p>\n\t\t\t\t\t                    \n\t\t\t\t\t\n\t\t\t\t\t\n\t\t\t\t\t<\/div>\n\t\t\t\t\t<\/div>\n\t\t\t\t\t\t\t\t\t<\/div>\n\t\t\t\t<\/a>\n\t\t\t<\/div>\n\t\t<\/div><div class=\"col post-item\" >\n\t\t\t<div class=\"col-inner\">\n\t\t\t<a href=\"https:\/\/www.ladiagonale.net\/index.php\/2026\/04\/01\/camara-buteur-avec-le-senegal\/\" class=\"plain\">\n\t\t\t\t<div class=\"box box-vertical box-text-bottom box-blog-post has-hover\">\n          \t\t\t\t\t<div class=\"box-text text-left\" >\n\t\t\t\t\t<div class=\"box-text-inner blog-post-inner\">\n\n\t\t\t\t\t\n\t\t\t\t\t\t\t\t\t\t<h5 class=\"post-title is-large \">Camara buteur avec le S\u00e9n\u00e9gal<\/h5>\n\t\t\t\t\t<div class=\"post-meta is-small op-8\">1 avril 2026<\/div>\t\t\t\t\t<div class=\"is-divider\"><\/div>\n\t\t\t\t\t\t\t\t\t\t<p class=\"from_the_blog_excerpt \">Le tr\u00eave s\u2019est bien termin\u00e9e pour Lamine Camara. Le milieu de terrain de l\u2019AS Monaco [...]\t\t\t\t\t<\/p>\n\t\t\t\t\t                    \n\t\t\t\t\t\n\t\t\t\t\t\n\t\t\t\t\t<\/div>\n\t\t\t\t\t<\/div>\n\t\t\t\t\t\t\t\t\t<\/div>\n\t\t\t\t<\/a>\n\t\t\t<\/div>\n\t\t<\/div><div class=\"col post-item\" >\n\t\t\t<div class=\"col-inner\">\n\t\t\t<a href=\"https:\/\/www.ladiagonale.net\/index.php\/2026\/03\/31\/aucun-monegasque-qualifie-pour-leuro-u19-un-rouge-pour-nibombe\/\" class=\"plain\">\n\t\t\t\t<div class=\"box box-vertical box-text-bottom box-blog-post has-hover\">\n          \t\t\t\t\t<div class=\"box-text text-left\" >\n\t\t\t\t\t<div class=\"box-text-inner blog-post-inner\">\n\n\t\t\t\t\t\n\t\t\t\t\t\t\t\t\t\t<h5 class=\"post-title is-large \">Aucun Mon\u00e9gasque qualifi\u00e9 pour l\u2019Euro U19, un rouge pour Nibomb\u00e9<\/h5>\n\t\t\t\t\t<div class=\"post-meta is-small op-8\">31 mars 2026<\/div>\t\t\t\t\t<div class=\"is-divider\"><\/div>\n\t\t\t\t\t\t\t\t\t\t<p class=\"from_the_blog_excerpt \">Cet \u00e9t\u00e9, l\u2019Euro U19 se d\u00e9roulera sans le moindre Mon\u00e9gasque. Lors du tour \u00c9lite, Jules [...]\t\t\t\t\t<\/p>\n\t\t\t\t\t                    \n\t\t\t\t\t\n\t\t\t\t\t\n\t\t\t\t\t<\/div>\n\t\t\t\t\t<\/div>\n\t\t\t\t\t\t\t\t\t<\/div>\n\t\t\t\t<\/a>\n\t\t\t<\/div>\n\t\t<\/div><div class=\"col post-item\" >\n\t\t\t<div class=\"col-inner\">\n\t\t\t<a href=\"https:\/\/www.ladiagonale.net\/index.php\/2026\/03\/30\/akliouche-titulaire-et-passeur-contre-la-colombie\/\" class=\"plain\">\n\t\t\t\t<div class=\"box box-vertical box-text-bottom box-blog-post has-hover\">\n          \t\t\t\t\t<div class=\"box-text text-left\" >\n\t\t\t\t\t<div class=\"box-text-inner blog-post-inner\">\n\n\t\t\t\t\t\n\t\t\t\t\t\t\t\t\t\t<h5 class=\"post-title is-large \">Akliouche titulaire et passeur contre la Colombie<\/h5>\n\t\t\t\t\t<div class=\"post-meta is-small op-8\">30 mars 2026<\/div>\t\t\t\t\t<div class=\"is-divider\"><\/div>\n\t\t\t\t\t\t\t\t\t\t<p class=\"from_the_blog_excerpt \">Apr\u00e8s avoir jou\u00e9 quelques minutes contre le Br\u00e9sil, Maghnes Akliouche a connu sa seconde titularisation [...]\t\t\t\t\t<\/p>\n\t\t\t\t\t                    \n\t\t\t\t\t\n\t\t\t\t\t\n\t\t\t\t\t<\/div>\n\t\t\t\t\t<\/div>\n\t\t\t\t\t\t\t\t\t<\/div>\n\t\t\t\t<\/a>\n\t\t\t<\/div>\n\t\t<\/div><div class=\"col post-item\" >\n\t\t\t<div class=\"col-inner\">\n\t\t\t<a href=\"https:\/\/www.ladiagonale.net\/index.php\/2026\/03\/29\/adingra-fait-trembler-les-filets-avec-la-cote-divoire\/\" class=\"plain\">\n\t\t\t\t<div class=\"box box-vertical box-text-bottom box-blog-post has-hover\">\n          \t\t\t\t\t<div class=\"box-text text-left\" >\n\t\t\t\t\t<div class=\"box-text-inner blog-post-inner\">\n\n\t\t\t\t\t\n\t\t\t\t\t\t\t\t\t\t<h5 class=\"post-title is-large \">Adingra fait trembler les filets avec la C\u00f4te d\u2019Ivoire<\/h5>\n\t\t\t\t\t<div class=\"post-meta is-small op-8\">29 mars 2026<\/div>\t\t\t\t\t<div class=\"is-divider\"><\/div>\n\t\t\t\t\t\t\t\t\t\t<p class=\"from_the_blog_excerpt \">Le retour en s\u00e9lection de Simon Adingra se d\u00e9roule parfaitement bien. L\u2019ailier de l\u2019AS Monaco [...]\t\t\t\t\t<\/p>\n\t\t\t\t\t                    \n\t\t\t\t\t\n\t\t\t\t\t\n\t\t\t\t\t<\/div>\n\t\t\t\t\t<\/div>\n\t\t\t\t\t\t\t\t\t<\/div>\n\t\t\t\t<\/a>\n\t\t\t<\/div>\n\t\t<\/div><div class=\"col post-item\" >\n\t\t\t<div class=\"col-inner\">\n\t\t\t<a href=\"https:\/\/www.ladiagonale.net\/index.php\/2026\/03\/27\/un-but-pour-golovin-avec-la-russie\/\" class=\"plain\">\n\t\t\t\t<div class=\"box box-vertical box-text-bottom box-blog-post has-hover\">\n          \t\t\t\t\t<div class=\"box-text text-left\" >\n\t\t\t\t\t<div class=\"box-text-inner blog-post-inner\">\n\n\t\t\t\t\t\n\t\t\t\t\t\t\t\t\t\t<h5 class=\"post-title is-large \">Un but pour Golovin avec la Russie<\/h5>\n\t\t\t\t\t<div class=\"post-meta is-small op-8\">27 mars 2026<\/div>\t\t\t\t\t<div class=\"is-divider\"><\/div>\n\t\t\t\t\t\t\t\t\t\t<p class=\"from_the_blog_excerpt \">Les Mon\u00e9gasques sont plut\u00f4t en r\u00e9ussite en ce d\u00e9but de tr\u00eave internationale. Aleksandr Golovin en [...]\t\t\t\t\t<\/p>\n\t\t\t\t\t                    \n\t\t\t\t\t\n\t\t\t\t\t\n\t\t\t\t\t<\/div>\n\t\t\t\t\t<\/div>\n\t\t\t\t\t\t\t\t\t<\/div>\n\t\t\t\t<\/a>\n\t\t\t<\/div>\n\t\t<\/div><div class=\"col post-item\" >\n\t\t\t<div class=\"col-inner\">\n\t\t\t<a href=\"https:\/\/www.ladiagonale.net\/index.php\/2026\/03\/27\/un-renfort-du-real-madrid-dans-le-staff-technique\/\" class=\"plain\">\n\t\t\t\t<div class=\"box box-vertical box-text-bottom box-blog-post has-hover\">\n          \t\t\t\t\t<div class=\"box-text text-left\" >\n\t\t\t\t\t<div class=\"box-text-inner blog-post-inner\">\n\n\t\t\t\t\t\n\t\t\t\t\t\t\t\t\t\t<h5 class=\"post-title is-large \">Un renfort du Real Madrid dans le staff technique<\/h5>\n\t\t\t\t\t<div class=\"post-meta is-small op-8\">27 mars 2026<\/div>\t\t\t\t\t<div class=\"is-divider\"><\/div>\n\t\t\t\t\t\t\t\t\t\t<p class=\"from_the_blog_excerpt \">Il y a quelques semaines, l\u2019AS Monaco a pris des d\u00e9cisions fortes, face \u00e0 la [...]\t\t\t\t\t<\/p>\n\t\t\t\t\t                    \n\t\t\t\t\t\n\t\t\t\t\t\n\t\t\t\t\t<\/div>\n\t\t\t\t\t<\/div>\n\t\t\t\t\t\t\t\t\t<\/div>\n\t\t\t\t<\/a>\n\t\t\t<\/div>\n\t\t<\/div><div class=\"col post-item\" >\n\t\t\t<div class=\"col-inner\">\n\t\t\t<a href=\"https:\/\/www.ladiagonale.net\/index.php\/2026\/03\/27\/sixieme-selection-pour-akliouche-face-au-bresil\/\" class=\"plain\">\n\t\t\t\t<div class=\"box box-vertical box-text-bottom box-blog-post has-hover\">\n          \t\t\t\t\t<div class=\"box-text text-left\" >\n\t\t\t\t\t<div class=\"box-text-inner blog-post-inner\">\n\n\t\t\t\t\t\n\t\t\t\t\t\t\t\t\t\t<h5 class=\"post-title is-large \">Sixi\u00e8me s\u00e9lection pour Akliouche face au Br\u00e9sil<\/h5>\n\t\t\t\t\t<div class=\"post-meta is-small op-8\">27 mars 2026<\/div>\t\t\t\t\t<div class=\"is-divider\"><\/div>\n\t\t\t\t\t\t\t\t\t\t<p class=\"from_the_blog_excerpt \">Engag\u00e9 dans la tourn\u00e9e am\u00e9ricaine de l\u2019\u00e9quipe de France, Maghnes Akliouche a pu fouler la [...]\t\t\t\t\t<\/p>\n\t\t\t\t\t                    \n\t\t\t\t\t\n\t\t\t\t\t\n\t\t\t\t\t<\/div>\n\t\t\t\t\t<\/div>\n\t\t\t\t\t\t\t\t\t<\/div>\n\t\t\t\t<\/a>\n\t\t\t<\/div>\n\t\t<\/div><div class=\"col post-item\" >\n\t\t\t<div class=\"col-inner\">\n\t\t\t<a href=\"https:\/\/www.ladiagonale.net\/index.php\/2026\/03\/27\/coulibaly-decisif-pour-sa-premiere-chez-les-espoirs\/\" class=\"plain\">\n\t\t\t\t<div class=\"box box-vertical box-text-bottom box-blog-post has-hover\">\n          \t\t\t\t\t<div class=\"box-text text-left\" >\n\t\t\t\t\t<div class=\"box-text-inner blog-post-inner\">\n\n\t\t\t\t\t\n\t\t\t\t\t\t\t\t\t\t<h5 class=\"post-title is-large \">Coulibaly d\u00e9cisif pour sa premi\u00e8re chez les Espoirs<\/h5>\n\t\t\t\t\t<div class=\"post-meta is-small op-8\">27 mars 2026<\/div>\t\t\t\t\t<div class=\"is-divider\"><\/div>\n\t\t\t\t\t\t\t\t\t\t<p class=\"from_the_blog_excerpt \">Fort de sa belle saison r\u00e9alis\u00e9e au sein de l\u2019AS Monaco, Mamadou Coulibaly a \u00e9t\u00e9 [...]\t\t\t\t\t<\/p>\n\t\t\t\t\t                    \n\t\t\t\t\t\n\t\t\t\t\t\n\t\t\t\t\t<\/div>\n\t\t\t\t\t<\/div>\n\t\t\t\t\t\t\t\t\t<\/div>\n\t\t\t\t<\/a>\n\t\t\t<\/div>\n\t\t<\/div><div class=\"col post-item\" >\n\t\t\t<div class=\"col-inner\">\n\t\t\t<a href=\"https:\/\/www.ladiagonale.net\/index.php\/2026\/03\/26\/calendrier-et-resultats-des-internationaux\/\" class=\"plain\">\n\t\t\t\t<div class=\"box box-vertical box-text-bottom box-blog-post has-hover\">\n            \t\t\t\t\t<div class=\"box-image\" style=\"width:43%;\">\n  \t\t\t\t\t\t<div class=\"image-cover\" style=\"padding-top:89%;\">\n  \t\t\t\t\t\t\t<img width=\"300\" height=\"168\" src=\"https:\/\/www.ladiagonale.net\/wp-content\/uploads\/2026\/03\/akliouche-bre\u0301sil-300x168.png\" class=\"attachment-medium size-medium wp-post-image\" alt=\"\" loading=\"lazy\" srcset=\"https:\/\/www.ladiagonale.net\/wp-content\/uploads\/2026\/03\/akliouche-bre\u0301sil-300x168.png 300w, https:\/\/www.ladiagonale.net\/wp-content\/uploads\/2026\/03\/akliouche-bre\u0301sil-1024x574.png 1024w, https:\/\/www.ladiagonale.net\/wp-content\/uploads\/2026\/03\/akliouche-bre\u0301sil-768x430.png 768w, https:\/\/www.ladiagonale.net\/wp-content\/uploads\/2026\/03\/akliouche-bre\u0301sil-128x72.png 128w, https:\/\/www.ladiagonale.net\/wp-content\/uploads\/2026\/03\/akliouche-bre\u0301sil-32x18.png 32w, https:\/\/www.ladiagonale.net\/wp-content\/uploads\/2026\/03\/akliouche-bre\u0301sil.png 1160w\" sizes=\"(max-width: 300px) 100vw, 300px\" \/>  \t\t\t\t\t\t\t  \t\t\t\t\t\t\t  \t\t\t\t\t\t<\/div>\n  \t\t\t\t\t\t  \t\t\t\t\t<\/div>\n          \t\t\t\t\t<div class=\"box-text text-left\" >\n\t\t\t\t\t<div class=\"box-text-inner blog-post-inner\">\n\n\t\t\t\t\t\n\t\t\t\t\t\t\t\t\t\t<h5 class=\"post-title is-large \">Calendrier et r\u00e9sultats des internationaux<\/h5>\n\t\t\t\t\t\t\t\t\t\t<div class=\"is-divider\"><\/div>\n\t\t\t\t\t\t\t\t\t\t<p class=\"from_the_blog_excerpt \">INTERNATIONAUX A AMICAUX \ud83c\uddeb\ud83c\uddf7 France : Maghnes Akliouche \ud83c\uddfa\ud83c\uddf8 \u00c9tats-Unis : Folarin Balogun \ud83c\udde8\ud83c\udded Suisse [...]\t\t\t\t\t<\/p>\n\t\t\t\t\t                    \n\t\t\t\t\t\n\t\t\t\t\t\n\t\t\t\t\t<\/div>\n\t\t\t\t\t<\/div>\n\t\t\t\t\t\t\t\t\t\t\t\t\t\t\t\t<div class=\"badge absolute top post-date badge-outline\">\n\t\t\t\t\t\t\t<div class=\"badge-inner\">\n\t\t\t\t\t\t\t\t<span class=\"post-date-day\">26<\/span><br>\n\t\t\t\t\t\t\t\t<span class=\"post-date-month is-xsmall\">Mar<\/span>\n\t\t\t\t\t\t\t<\/div>\n\t\t\t\t\t\t<\/div>\n\t\t\t\t\t\t\t\t\t<\/div>\n\t\t\t\t<\/a>\n\t\t\t<\/div>\n\t\t<\/div><div class=\"col post-item\" >\n\t\t\t<div class=\"col-inner\">\n\t\t\t<a href=\"https:\/\/www.ladiagonale.net\/index.php\/2026\/03\/26\/un-but-pour-piazenko-en-selection\/\" class=\"plain\">\n\t\t\t\t<div class=\"box box-vertical box-text-bottom box-blog-post has-hover\">\n          \t\t\t\t\t<div class=\"box-text text-left\" >\n\t\t\t\t\t<div class=\"box-text-inner blog-post-inner\">\n\n\t\t\t\t\t\n\t\t\t\t\t\t\t\t\t\t<h5 class=\"post-title is-large \">Un but pour Piazenko en s\u00e9lection<\/h5>\n\t\t\t\t\t<div class=\"post-meta is-small op-8\">26 mars 2026<\/div>\t\t\t\t\t<div class=\"is-divider\"><\/div>\n\t\t\t\t\t\t\t\t\t\t<p class=\"from_the_blog_excerpt \">Alors que la cat\u00e9gorie U19 en termine avec les qualifications pour le prochain Euro, les [...]\t\t\t\t\t<\/p>\n\t\t\t\t\t                    \n\t\t\t\t\t\n\t\t\t\t\t\n\t\t\t\t\t<\/div>\n\t\t\t\t\t<\/div>\n\t\t\t\t\t\t\t\t\t<\/div>\n\t\t\t\t<\/a>\n\t\t\t<\/div>\n\t\t<\/div><div class=\"col post-item\" >\n\t\t\t<div class=\"col-inner\">\n\t\t\t<a href=\"https:\/\/www.ladiagonale.net\/index.php\/2026\/03\/26\/pogba-buteur-en-amical-contre-brentford\/\" class=\"plain\">\n\t\t\t\t<div class=\"box box-vertical box-text-bottom box-blog-post has-hover\">\n            \t\t\t\t\t<div class=\"box-image\" style=\"width:43%;\">\n  \t\t\t\t\t\t<div class=\"image-cover\" style=\"padding-top:89%;\">\n  \t\t\t\t\t\t\t<img width=\"300\" height=\"168\" src=\"https:\/\/www.ladiagonale.net\/wp-content\/uploads\/2026\/03\/joie-pogba-300x168.png\" class=\"attachment-medium size-medium wp-post-image\" alt=\"\" loading=\"lazy\" srcset=\"https:\/\/www.ladiagonale.net\/wp-content\/uploads\/2026\/03\/joie-pogba-300x168.png 300w, https:\/\/www.ladiagonale.net\/wp-content\/uploads\/2026\/03\/joie-pogba-1024x574.png 1024w, https:\/\/www.ladiagonale.net\/wp-content\/uploads\/2026\/03\/joie-pogba-768x430.png 768w, https:\/\/www.ladiagonale.net\/wp-content\/uploads\/2026\/03\/joie-pogba-128x72.png 128w, https:\/\/www.ladiagonale.net\/wp-content\/uploads\/2026\/03\/joie-pogba-32x18.png 32w, https:\/\/www.ladiagonale.net\/wp-content\/uploads\/2026\/03\/joie-pogba.png 1160w\" sizes=\"(max-width: 300px) 100vw, 300px\" \/>  \t\t\t\t\t\t\t  \t\t\t\t\t\t\t  \t\t\t\t\t\t<\/div>\n  \t\t\t\t\t\t  \t\t\t\t\t<\/div>\n          \t\t\t\t\t<div class=\"box-text text-left\" >\n\t\t\t\t\t<div class=\"box-text-inner blog-post-inner\">\n\n\t\t\t\t\t\n\t\t\t\t\t\t\t\t\t\t<h5 class=\"post-title is-large \">Pogba buteur en amical contre Brentford<\/h5>\n\t\t\t\t\t\t\t\t\t\t<div class=\"is-divider\"><\/div>\n\t\t\t\t\t\t\t\t\t\t<p class=\"from_the_blog_excerpt \">S\u00e9bastien Pocognoli avait annonc\u00e9 que la tr\u00eave serait d\u00e9cisive pour Paul Pogba en vue d&rsquo;un [...]\t\t\t\t\t<\/p>\n\t\t\t\t\t                    \n\t\t\t\t\t\n\t\t\t\t\t\n\t\t\t\t\t<\/div>\n\t\t\t\t\t<\/div>\n\t\t\t\t\t\t\t\t\t\t\t\t\t\t\t\t<div class=\"badge absolute top post-date badge-outline\">\n\t\t\t\t\t\t\t<div class=\"badge-inner\">\n\t\t\t\t\t\t\t\t<span class=\"post-date-day\">26<\/span><br>\n\t\t\t\t\t\t\t\t<span class=\"post-date-month is-xsmall\">Mar<\/span>\n\t\t\t\t\t\t\t<\/div>\n\t\t\t\t\t\t<\/div>\n\t\t\t\t\t\t\t\t\t<\/div>\n\t\t\t\t<\/a>\n\t\t\t<\/div>\n\t\t<\/div><div class=\"col post-item\" >\n\t\t\t<div class=\"col-inner\">\n\t\t\t<a href=\"https:\/\/www.ladiagonale.net\/index.php\/2026\/03\/26\/des-nuls-pour-stawiecki-et-nibombe-au-tour-elite-une-defaite-pour-bein\/\" class=\"plain\">\n\t\t\t\t<div class=\"box box-vertical box-text-bottom box-blog-post has-hover\">\n          \t\t\t\t\t<div class=\"box-text text-left\" >\n\t\t\t\t\t<div class=\"box-text-inner blog-post-inner\">\n\n\t\t\t\t\t\n\t\t\t\t\t\t\t\t\t\t<h5 class=\"post-title is-large \">Des nuls pour Stawiecki et Nibomb\u00e9 au Tour \u00c9lite, une d\u00e9faite pour Bein<\/h5>\n\t\t\t\t\t<div class=\"post-meta is-small op-8\">26 mars 2026<\/div>\t\t\t\t\t<div class=\"is-divider\"><\/div>\n\t\t\t\t\t\t\t\t\t\t<p class=\"from_the_blog_excerpt \">Le Tour \u00c9lite, derni\u00e8re \u00e9tape pour se qualifier pour l\u2019Euro U19 2026, n\u2019a pas d\u00e9but\u00e9 [...]\t\t\t\t\t<\/p>\n\t\t\t\t\t                    \n\t\t\t\t\t\n\t\t\t\t\t\n\t\t\t\t\t<\/div>\n\t\t\t\t\t<\/div>\n\t\t\t\t\t\t\t\t\t<\/div>\n\t\t\t\t<\/a>\n\t\t\t<\/div>\n\t\t<\/div><div class=\"col post-item\" >\n\t\t\t<div class=\"col-inner\">\n\t\t\t<a href=\"https:\/\/www.ladiagonale.net\/index.php\/2026\/03\/26\/toulouse-monaco-en-affiche-du-samedi-soir\/\" class=\"plain\">\n\t\t\t\t<div class=\"box box-vertical box-text-bottom box-blog-post has-hover\">\n          \t\t\t\t\t<div class=\"box-text text-left\" >\n\t\t\t\t\t<div class=\"box-text-inner blog-post-inner\">\n\n\t\t\t\t\t\n\t\t\t\t\t\t\t\t\t\t<h5 class=\"post-title is-large \">Toulouse-Monaco en affiche du samedi soir<\/h5>\n\t\t\t\t\t<div class=\"post-meta is-small op-8\">26 mars 2026<\/div>\t\t\t\t\t<div class=\"is-divider\"><\/div>\n\t\t\t\t\t\t\t\t\t\t<p class=\"from_the_blog_excerpt \">En plus de la programmation de la 30e journ\u00e9e de Ligue 1, la LFP a [...]\t\t\t\t\t<\/p>\n\t\t\t\t\t                    \n\t\t\t\t\t\n\t\t\t\t\t\n\t\t\t\t\t<\/div>\n\t\t\t\t\t<\/div>\n\t\t\t\t\t\t\t\t\t<\/div>\n\t\t\t\t<\/a>\n\t\t\t<\/div>\n\t\t<\/div><div class=\"col post-item\" >\n\t\t\t<div class=\"col-inner\">\n\t\t\t<a href=\"https:\/\/www.ladiagonale.net\/index.php\/2026\/03\/26\/monaco-auxerre-programme-le-19-avril\/\" class=\"plain\">\n\t\t\t\t<div class=\"box box-vertical box-text-bottom box-blog-post has-hover\">\n          \t\t\t\t\t<div class=\"box-text text-left\" >\n\t\t\t\t\t<div class=\"box-text-inner blog-post-inner\">\n\n\t\t\t\t\t\n\t\t\t\t\t\t\t\t\t\t<h5 class=\"post-title is-large \">Monaco-Auxerre programm\u00e9 le 19 avril<\/h5>\n\t\t\t\t\t<div class=\"post-meta is-small op-8\">26 mars 2026<\/div>\t\t\t\t\t<div class=\"is-divider\"><\/div>\n\t\t\t\t\t\t\t\t\t\t<p class=\"from_the_blog_excerpt \">L&rsquo;AS Monaco n&rsquo;aura pas que des concurrents \u00e0 l&rsquo;Europe sur cette fin de saison. Son [...]\t\t\t\t\t<\/p>\n\t\t\t\t\t                    \n\t\t\t\t\t\n\t\t\t\t\t\n\t\t\t\t\t<\/div>\n\t\t\t\t\t<\/div>\n\t\t\t\t\t\t\t\t\t<\/div>\n\t\t\t\t<\/a>\n\t\t\t<\/div>\n\t\t<\/div><div class=\"col post-item\" >\n\t\t\t<div class=\"col-inner\">\n\t\t\t<a href=\"https:\/\/www.ladiagonale.net\/index.php\/2026\/03\/26\/greenwood-suspendu-contre-monaco\/\" class=\"plain\">\n\t\t\t\t<div class=\"box box-vertical box-text-bottom box-blog-post has-hover\">\n          \t\t\t\t\t<div class=\"box-text text-left\" >\n\t\t\t\t\t<div class=\"box-text-inner blog-post-inner\">\n\n\t\t\t\t\t\n\t\t\t\t\t\t\t\t\t\t<h5 class=\"post-title is-large \">Greenwood suspendu contre Monaco<\/h5>\n\t\t\t\t\t<div class=\"post-meta is-small op-8\">26 mars 2026<\/div>\t\t\t\t\t<div class=\"is-divider\"><\/div>\n\t\t\t\t\t\t\t\t\t\t<p class=\"from_the_blog_excerpt \">Si la dynamique est tr\u00e8s bonne du c\u00f4t\u00e9 de l\u2019AS Monaco, certains \u00e9l\u00e9ments vont aussi [...]\t\t\t\t\t<\/p>\n\t\t\t\t\t                    \n\t\t\t\t\t\n\t\t\t\t\t\n\t\t\t\t\t<\/div>\n\t\t\t\t\t<\/div>\n\t\t\t\t\t\t\t\t\t<\/div>\n\t\t\t\t<\/a>\n\t\t\t<\/div>\n\t\t<\/div><div class=\"col post-item\" >\n\t\t\t<div class=\"col-inner\">\n\t\t\t<a href=\"https:\/\/www.ladiagonale.net\/index.php\/2026\/03\/26\/un-match-ferme-pour-pocognoli\/\" class=\"plain\">\n\t\t\t\t<div class=\"box box-vertical box-text-bottom box-blog-post has-hover\">\n          \t\t\t\t\t<div class=\"box-text text-left\" >\n\t\t\t\t\t<div class=\"box-text-inner blog-post-inner\">\n\n\t\t\t\t\t\n\t\t\t\t\t\t\t\t\t\t<h5 class=\"post-title is-large \">Un match ferme pour Pocognoli<\/h5>\n\t\t\t\t\t<div class=\"post-meta is-small op-8\">26 mars 2026<\/div>\t\t\t\t\t<div class=\"is-divider\"><\/div>\n\t\t\t\t\t\t\t\t\t\t<p class=\"from_the_blog_excerpt \">Exclu en fin de rencontre face \u00e0 Lyon, dimanche, apr\u00e8s s\u2019\u00eatre pris le bec avec [...]\t\t\t\t\t<\/p>\n\t\t\t\t\t                    \n\t\t\t\t\t\n\t\t\t\t\t\n\t\t\t\t\t<\/div>\n\t\t\t\t\t<\/div>\n\t\t\t\t\t\t\t\t\t<\/div>\n\t\t\t\t<\/a>\n\t\t\t<\/div>\n\t\t<\/div><div class=\"col post-item\" >\n\t\t\t<div class=\"col-inner\">\n\t\t\t<a href=\"https:\/\/www.ladiagonale.net\/index.php\/2026\/03\/25\/les-notes-akliouche-lequilibriste\/\" class=\"plain\">\n\t\t\t\t<div class=\"box box-vertical box-text-bottom box-blog-post has-hover\">\n            \t\t\t\t\t<div class=\"box-image\" style=\"width:43%;\">\n  \t\t\t\t\t\t<div class=\"image-cover\" style=\"padding-top:89%;\">\n  \t\t\t\t\t\t\t<img width=\"300\" height=\"168\" src=\"https:\/\/www.ladiagonale.net\/wp-content\/uploads\/2026\/03\/akliouche-ol-300x168.png\" class=\"attachment-medium size-medium wp-post-image\" alt=\"\" loading=\"lazy\" srcset=\"https:\/\/www.ladiagonale.net\/wp-content\/uploads\/2026\/03\/akliouche-ol-300x168.png 300w, https:\/\/www.ladiagonale.net\/wp-content\/uploads\/2026\/03\/akliouche-ol-1024x574.png 1024w, https:\/\/www.ladiagonale.net\/wp-content\/uploads\/2026\/03\/akliouche-ol-768x430.png 768w, https:\/\/www.ladiagonale.net\/wp-content\/uploads\/2026\/03\/akliouche-ol-128x72.png 128w, https:\/\/www.ladiagonale.net\/wp-content\/uploads\/2026\/03\/akliouche-ol-32x18.png 32w, https:\/\/www.ladiagonale.net\/wp-content\/uploads\/2026\/03\/akliouche-ol.png 1160w\" sizes=\"(max-width: 300px) 100vw, 300px\" \/>  \t\t\t\t\t\t\t  \t\t\t\t\t\t\t  \t\t\t\t\t\t<\/div>\n  \t\t\t\t\t\t  \t\t\t\t\t<\/div>\n          \t\t\t\t\t<div class=\"box-text text-left\" >\n\t\t\t\t\t<div class=\"box-text-inner blog-post-inner\">\n\n\t\t\t\t\t\n\t\t\t\t\t\t\t\t\t\t<h5 class=\"post-title is-large \">Les notes : Akliouche l&rsquo;\u00e9quilibriste<\/h5>\n\t\t\t\t\t\t\t\t\t\t<div class=\"is-divider\"><\/div>\n\t\t\t\t\t\t\t\t\t\t<p class=\"from_the_blog_excerpt \">\u00c0 Lyon, Maghnes Akliouche a poursuivi sur sa bonne lanc\u00e9e, qui coincide avec celle travers\u00e9e [...]\t\t\t\t\t<\/p>\n\t\t\t\t\t                    \n\t\t\t\t\t\n\t\t\t\t\t\n\t\t\t\t\t<\/div>\n\t\t\t\t\t<\/div>\n\t\t\t\t\t\t\t\t\t\t\t\t\t\t\t\t<div class=\"badge absolute top post-date badge-outline\">\n\t\t\t\t\t\t\t<div class=\"badge-inner\">\n\t\t\t\t\t\t\t\t<span class=\"post-date-day\">25<\/span><br>\n\t\t\t\t\t\t\t\t<span class=\"post-date-month is-xsmall\">Mar<\/span>\n\t\t\t\t\t\t\t<\/div>\n\t\t\t\t\t\t<\/div>\n\t\t\t\t\t\t\t\t\t<\/div>\n\t\t\t\t<\/a>\n\t\t\t<\/div>\n\t\t<\/div><div class=\"col post-item\" >\n\t\t\t<div class=\"col-inner\">\n\t\t\t<a href=\"https:\/\/www.ladiagonale.net\/index.php\/2026\/03\/25\/podcast-monaco-renverse-lol-balogun-indispensable\/\" class=\"plain\">\n\t\t\t\t<div class=\"box box-vertical box-text-bottom box-blog-post has-hover\">\n          \t\t\t\t\t<div class=\"box-text text-left\" >\n\t\t\t\t\t<div class=\"box-text-inner blog-post-inner\">\n\n\t\t\t\t\t\n\t\t\t\t\t\t\t\t\t\t<h5 class=\"post-title is-large \">Podcast : Monaco renverse l&rsquo;OL, Balogun indispensable<\/h5>\n\t\t\t\t\t<div class=\"post-meta is-small op-8\">25 mars 2026<\/div>\t\t\t\t\t<div class=\"is-divider\"><\/div>\n\t\t\t\t\t\t\t\t\t\t<p class=\"from_the_blog_excerpt \">L&rsquo;AS Monaco a fait preuve de caract\u00e8re pour renverser Lyon (2-1) et se rapprocher plus [...]\t\t\t\t\t<\/p>\n\t\t\t\t\t                    \n\t\t\t\t\t\n\t\t\t\t\t\n\t\t\t\t\t<\/div>\n\t\t\t\t\t<\/div>\n\t\t\t\t\t\t\t\t\t<\/div>\n\t\t\t\t<\/a>\n\t\t\t<\/div>\n\t\t<\/div><div class=\"col post-item\" >\n\t\t\t<div class=\"col-inner\">\n\t\t\t<a href=\"https:\/\/www.ladiagonale.net\/index.php\/2026\/03\/25\/les-u17-ratent-le-coche-contre-le-cavigal\/\" class=\"plain\">\n\t\t\t\t<div class=\"box box-vertical box-text-bottom box-blog-post has-hover\">\n          \t\t\t\t\t<div class=\"box-text text-left\" >\n\t\t\t\t\t<div class=\"box-text-inner blog-post-inner\">\n\n\t\t\t\t\t\n\t\t\t\t\t\t\t\t\t\t<h5 class=\"post-title is-large \">Les U17 ratent le coche contre le Cavigal<\/h5>\n\t\t\t\t\t<div class=\"post-meta is-small op-8\">25 mars 2026<\/div>\t\t\t\t\t<div class=\"is-divider\"><\/div>\n\t\t\t\t\t\t\t\t\t\t<p class=\"from_the_blog_excerpt \">Il y avait gros \u00e0 jouer pour les U17 de l\u2019AS Monaco, dimanche, contre le [...]\t\t\t\t\t<\/p>\n\t\t\t\t\t                    \n\t\t\t\t\t\n\t\t\t\t\t\n\t\t\t\t\t<\/div>\n\t\t\t\t\t<\/div>\n\t\t\t\t\t\t\t\t\t<\/div>\n\t\t\t\t<\/a>\n\t\t\t<\/div>\n\t\t<\/div><div class=\"col post-item\" >\n\t\t\t<div class=\"col-inner\">\n\t\t\t<a href=\"https:\/\/www.ladiagonale.net\/index.php\/2026\/03\/24\/les-u19-freines-par-toulouse\/\" class=\"plain\">\n\t\t\t\t<div class=\"box box-vertical box-text-bottom box-blog-post has-hover\">\n          \t\t\t\t\t<div class=\"box-text text-left\" >\n\t\t\t\t\t<div class=\"box-text-inner blog-post-inner\">\n\n\t\t\t\t\t\n\t\t\t\t\t\t\t\t\t\t<h5 class=\"post-title is-large \">Les U19 frein\u00e9s par Toulouse<\/h5>\n\t\t\t\t\t<div class=\"post-meta is-small op-8\">24 mars 2026<\/div>\t\t\t\t\t<div class=\"is-divider\"><\/div>\n\t\t\t\t\t\t\t\t\t\t<p class=\"from_the_blog_excerpt \">Les U19 de l\u2019AS Monaco ont vu leur s\u00e9rie de quatre victoires d\u2019affil\u00e9e s\u2019arr\u00eater, dimanche, [...]\t\t\t\t\t<\/p>\n\t\t\t\t\t                    \n\t\t\t\t\t\n\t\t\t\t\t\n\t\t\t\t\t<\/div>\n\t\t\t\t\t<\/div>\n\t\t\t\t\t\t\t\t\t<\/div>\n\t\t\t\t<\/a>\n\t\t\t<\/div>\n\t\t<\/div><div class=\"col post-item\" >\n\t\t\t<div class=\"col-inner\">\n\t\t\t<a href=\"https:\/\/www.ladiagonale.net\/index.php\/2026\/03\/23\/plus-de-peur-que-de-mal-pour-bamba\/\" class=\"plain\">\n\t\t\t\t<div class=\"box box-vertical box-text-bottom box-blog-post has-hover\">\n          \t\t\t\t\t<div class=\"box-text text-left\" >\n\t\t\t\t\t<div class=\"box-text-inner blog-post-inner\">\n\n\t\t\t\t\t\n\t\t\t\t\t\t\t\t\t\t<h5 class=\"post-title is-large \">Plus de peur que de mal pour Bamba<\/h5>\n\t\t\t\t\t<div class=\"post-meta is-small op-8\">23 mars 2026<\/div>\t\t\t\t\t<div class=\"is-divider\"><\/div>\n\t\t\t\t\t\t\t\t\t\t<p class=\"from_the_blog_excerpt \">Juste apr\u00e8s la rencontre ayant oppos\u00e9 l\u2019AS Monaco contre l\u2019Olympique Lyonnais, S\u00e9bastien Pocognoli s\u2019\u00e9tait montr\u00e9 [...]\t\t\t\t\t<\/p>\n\t\t\t\t\t                    \n\t\t\t\t\t\n\t\t\t\t\t\n\t\t\t\t\t<\/div>\n\t\t\t\t\t<\/div>\n\t\t\t\t\t\t\t\t\t<\/div>\n\t\t\t\t<\/a>\n\t\t\t<\/div>\n\t\t<\/div><div class=\"col post-item\" >\n\t\t\t<div class=\"col-inner\">\n\t\t\t<a href=\"https:\/\/www.ladiagonale.net\/index.php\/2026\/03\/23\/akliouche-dans-lequipe-type-de-la-27e-journee\/\" class=\"plain\">\n\t\t\t\t<div class=\"box box-vertical box-text-bottom box-blog-post has-hover\">\n          \t\t\t\t\t<div class=\"box-text text-left\" >\n\t\t\t\t\t<div class=\"box-text-inner blog-post-inner\">\n\n\t\t\t\t\t\n\t\t\t\t\t\t\t\t\t\t<h5 class=\"post-title is-large \">Akliouche dans l&rsquo;\u00e9quipe type de la 27e journ\u00e9e<\/h5>\n\t\t\t\t\t<div class=\"post-meta is-small op-8\">23 mars 2026<\/div>\t\t\t\t\t<div class=\"is-divider\"><\/div>\n\t\t\t\t\t\t\t\t\t\t<p class=\"from_the_blog_excerpt \">L&rsquo;AS Monaco continue sa belle s\u00e9rie avec une victoire contre Lyon. Les Mon\u00e9gasques l&rsquo;ont emport\u00e9 [...]\t\t\t\t\t<\/p>\n\t\t\t\t\t                    \n\t\t\t\t\t\n\t\t\t\t\t\n\t\t\t\t\t<\/div>\n\t\t\t\t\t<\/div>\n\t\t\t\t\t\t\t\t\t<\/div>\n\t\t\t\t<\/a>\n\t\t\t<\/div>\n\t\t<\/div><div class=\"col post-item\" >\n\t\t\t<div class=\"col-inner\">\n\t\t\t<a href=\"https:\/\/www.ladiagonale.net\/index.php\/2026\/03\/22\/pocognoli-on-chasse-on-met-la-pression\/\" class=\"plain\">\n\t\t\t\t<div class=\"box box-vertical box-text-bottom box-blog-post has-hover\">\n          \t\t\t\t\t<div class=\"box-text text-left\" >\n\t\t\t\t\t<div class=\"box-text-inner blog-post-inner\">\n\n\t\t\t\t\t\n\t\t\t\t\t\t\t\t\t\t<h5 class=\"post-title is-large \">Pocognoli : \u00ab&nbsp;On chasse, on met la pression&nbsp;\u00bb<\/h5>\n\t\t\t\t\t<div class=\"post-meta is-small op-8\">22 mars 2026<\/div>\t\t\t\t\t<div class=\"is-divider\"><\/div>\n\t\t\t\t\t\t\t\t\t\t<p class=\"from_the_blog_excerpt \">Loin des pol\u00e9miques arbitrales, auxquelles S\u00e9bastien Pocognoli a r\u00e9pondu avec clart\u00e9 et calme, l\u2019AS Monaco [...]\t\t\t\t\t<\/p>\n\t\t\t\t\t                    \n\t\t\t\t\t\n\t\t\t\t\t\n\t\t\t\t\t<\/div>\n\t\t\t\t\t<\/div>\n\t\t\t\t\t\t\t\t\t<\/div>\n\t\t\t\t<\/a>\n\t\t\t<\/div>\n\t\t<\/div><div class=\"col post-item\" >\n\t\t\t<div class=\"col-inner\">\n\t\t\t<a href=\"https:\/\/www.ladiagonale.net\/index.php\/2026\/03\/22\/pocognoli-rassurant-pour-bamba\/\" class=\"plain\">\n\t\t\t\t<div class=\"box box-vertical box-text-bottom box-blog-post has-hover\">\n          \t\t\t\t\t<div class=\"box-text text-left\" >\n\t\t\t\t\t<div class=\"box-text-inner blog-post-inner\">\n\n\t\t\t\t\t\n\t\t\t\t\t\t\t\t\t\t<h5 class=\"post-title is-large \">Pocognoli rassurant pour Bamba<\/h5>\n\t\t\t\t\t<div class=\"post-meta is-small op-8\">22 mars 2026<\/div>\t\t\t\t\t<div class=\"is-divider\"><\/div>\n\t\t\t\t\t\t\t\t\t\t<p class=\"from_the_blog_excerpt \">L\u2019AS Monaco a rarement eu une infirmerie aussi peu remplie depuis le d\u00e9but de la [...]\t\t\t\t\t<\/p>\n\t\t\t\t\t                    \n\t\t\t\t\t\n\t\t\t\t\t\n\t\t\t\t\t<\/div>\n\t\t\t\t\t<\/div>\n\t\t\t\t\t\t\t\t\t<\/div>\n\t\t\t\t<\/a>\n\t\t\t<\/div>\n\t\t<\/div><div class=\"col post-item\" >\n\t\t\t<div class=\"col-inner\">\n\t\t\t<a href=\"https:\/\/www.ladiagonale.net\/index.php\/2026\/03\/22\/pocognoli-explique-son-exclusion-liee-au-tacle-assassin-de-tagliafico-sur-camara\/\" class=\"plain\">\n\t\t\t\t<div class=\"box box-vertical box-text-bottom box-blog-post has-hover\">\n          \t\t\t\t\t<div class=\"box-text text-left\" >\n\t\t\t\t\t<div class=\"box-text-inner blog-post-inner\">\n\n\t\t\t\t\t\n\t\t\t\t\t\t\t\t\t\t<h5 class=\"post-title is-large \">Pocognoli explique son exclusion, li\u00e9e au \u00ab\u00a0tacle assassin\u00a0\u00bb de Tagliafico sur Camara<\/h5>\n\t\t\t\t\t<div class=\"post-meta is-small op-8\">22 mars 2026<\/div>\t\t\t\t\t<div class=\"is-divider\"><\/div>\n\t\t\t\t\t\t\t\t\t\t<p class=\"from_the_blog_excerpt \">L\u2019AS Monaco a remport\u00e9 une victoire pr\u00e9cieuse face \u00e0 l\u2019Olympique Lyonnais (2-1), dimanche, mais ce [...]\t\t\t\t\t<\/p>\n\t\t\t\t\t                    \n\t\t\t\t\t\n\t\t\t\t\t\n\t\t\t\t\t<\/div>\n\t\t\t\t\t<\/div>\n\t\t\t\t\t\t\t\t\t<\/div>\n\t\t\t\t<\/a>\n\t\t\t<\/div>\n\t\t<\/div><div class=\"col post-item\" >\n\t\t\t<div class=\"col-inner\">\n\t\t\t<a href=\"https:\/\/www.ladiagonale.net\/index.php\/2026\/03\/22\/monaco-renverse-lyon-2-1\/\" class=\"plain\">\n\t\t\t\t<div class=\"box box-vertical box-text-bottom box-blog-post has-hover\">\n            \t\t\t\t\t<div class=\"box-image\" style=\"width:43%;\">\n  \t\t\t\t\t\t<div class=\"image-cover\" style=\"padding-top:89%;\">\n  \t\t\t\t\t\t\t<img width=\"300\" height=\"168\" src=\"https:\/\/www.ladiagonale.net\/wp-content\/uploads\/2026\/03\/BalogunOL2-300x168.png\" class=\"attachment-medium size-medium wp-post-image\" alt=\"\" loading=\"lazy\" srcset=\"https:\/\/www.ladiagonale.net\/wp-content\/uploads\/2026\/03\/BalogunOL2-300x168.png 300w, https:\/\/www.ladiagonale.net\/wp-content\/uploads\/2026\/03\/BalogunOL2-1024x574.png 1024w, https:\/\/www.ladiagonale.net\/wp-content\/uploads\/2026\/03\/BalogunOL2-768x430.png 768w, https:\/\/www.ladiagonale.net\/wp-content\/uploads\/2026\/03\/BalogunOL2-128x72.png 128w, https:\/\/www.ladiagonale.net\/wp-content\/uploads\/2026\/03\/BalogunOL2-32x18.png 32w, https:\/\/www.ladiagonale.net\/wp-content\/uploads\/2026\/03\/BalogunOL2.png 1160w\" sizes=\"(max-width: 300px) 100vw, 300px\" \/>  \t\t\t\t\t\t\t  \t\t\t\t\t\t\t  \t\t\t\t\t\t<\/div>\n  \t\t\t\t\t\t  \t\t\t\t\t<\/div>\n          \t\t\t\t\t<div class=\"box-text text-left\" >\n\t\t\t\t\t<div class=\"box-text-inner blog-post-inner\">\n\n\t\t\t\t\t\n\t\t\t\t\t\t\t\t\t\t<h5 class=\"post-title is-large \">Monaco renverse Lyon (2-1)<\/h5>\n\t\t\t\t\t\t\t\t\t\t<div class=\"is-divider\"><\/div>\n\t\t\t\t\t\t\t\t\t\t<p class=\"from_the_blog_excerpt \">Pour la 27e journ\u00e9e de Ligue 1, Monaco a remport\u00e9 son choc face \u00e0 l\u2019Olympique [...]\t\t\t\t\t<\/p>\n\t\t\t\t\t                    \n\t\t\t\t\t\n\t\t\t\t\t\n\t\t\t\t\t<\/div>\n\t\t\t\t\t<\/div>\n\t\t\t\t\t\t\t\t\t\t\t\t\t\t\t\t<div class=\"badge absolute top post-date badge-outline\">\n\t\t\t\t\t\t\t<div class=\"badge-inner\">\n\t\t\t\t\t\t\t\t<span class=\"post-date-day\">22<\/span><br>\n\t\t\t\t\t\t\t\t<span class=\"post-date-month is-xsmall\">Mar<\/span>\n\t\t\t\t\t\t\t<\/div>\n\t\t\t\t\t\t<\/div>\n\t\t\t\t\t\t\t\t\t<\/div>\n\t\t\t\t<\/a>\n\t\t\t<\/div>\n\t\t<\/div><div class=\"col post-item\" >\n\t\t\t<div class=\"col-inner\">\n\t\t\t<a href=\"https:\/\/www.ladiagonale.net\/index.php\/2026\/03\/22\/letexier-pour-arbitrer-lyon-monaco\/\" class=\"plain\">\n\t\t\t\t<div class=\"box box-vertical box-text-bottom box-blog-post has-hover\">\n          \t\t\t\t\t<div class=\"box-text text-left\" >\n\t\t\t\t\t<div class=\"box-text-inner blog-post-inner\">\n\n\t\t\t\t\t\n\t\t\t\t\t\t\t\t\t\t<h5 class=\"post-title is-large \">Letexier pour arbitrer Lyon-Monaco<\/h5>\n\t\t\t\t\t<div class=\"post-meta is-small op-8\">22 mars 2026<\/div>\t\t\t\t\t<div class=\"is-divider\"><\/div>\n\t\t\t\t\t\t\t\t\t\t<p class=\"from_the_blog_excerpt \">Ce dimanche (15h), l&rsquo;AS Monaco se rend \u00e0 Lyon pour y d\u00e9fier l&rsquo;Olympique Lyonnais. Ce [...]\t\t\t\t\t<\/p>\n\t\t\t\t\t                    \n\t\t\t\t\t\n\t\t\t\t\t\n\t\t\t\t\t<\/div>\n\t\t\t\t\t<\/div>\n\t\t\t\t\t\t\t\t\t<\/div>\n\t\t\t\t<\/a>\n\t\t\t<\/div>\n\t\t<\/div><div class=\"col post-item\" >\n\t\t\t<div class=\"col-inner\">\n\t\t\t<a href=\"https:\/\/www.ladiagonale.net\/index.php\/2026\/03\/22\/le-groupe-lyonnais-avec-endrick-sulc-et-fofana\/\" class=\"plain\">\n\t\t\t\t<div class=\"box box-vertical box-text-bottom box-blog-post has-hover\">\n          \t\t\t\t\t<div class=\"box-text text-left\" >\n\t\t\t\t\t<div class=\"box-text-inner blog-post-inner\">\n\n\t\t\t\t\t\n\t\t\t\t\t\t\t\t\t\t<h5 class=\"post-title is-large \">Le groupe lyonnais : avec Endrick, Sulc et Fofana<\/h5>\n\t\t\t\t\t<div class=\"post-meta is-small op-8\">22 mars 2026<\/div>\t\t\t\t\t<div class=\"is-divider\"><\/div>\n\t\t\t\t\t\t\t\t\t\t<p class=\"from_the_blog_excerpt \">Pour affronter l&rsquo;AS Monaco, Paulo Fonseca va pouvoir compter sur plusieurs joueurs importants de son [...]\t\t\t\t\t<\/p>\n\t\t\t\t\t                    \n\t\t\t\t\t\n\t\t\t\t\t\n\t\t\t\t\t<\/div>\n\t\t\t\t\t<\/div>\n\t\t\t\t\t\t\t\t\t<\/div>\n\t\t\t\t<\/a>\n\t\t\t<\/div>\n\t\t<\/div><div class=\"col post-item\" >\n\t\t\t<div class=\"col-inner\">\n\t\t\t<a href=\"https:\/\/www.ladiagonale.net\/index.php\/2026\/03\/21\/le-groupe-monegasque-dier-et-diatta-de-retour\/\" class=\"plain\">\n\t\t\t\t<div class=\"box box-vertical box-text-bottom box-blog-post has-hover\">\n          \t\t\t\t\t<div class=\"box-text text-left\" >\n\t\t\t\t\t<div class=\"box-text-inner blog-post-inner\">\n\n\t\t\t\t\t\n\t\t\t\t\t\t\t\t\t\t<h5 class=\"post-title is-large \">Le groupe mon\u00e9gasque : Dier et Diatta de retour<\/h5>\n\t\t\t\t\t<div class=\"post-meta is-small op-8\">21 mars 2026<\/div>\t\t\t\t\t<div class=\"is-divider\"><\/div>\n\t\t\t\t\t\t\t\t\t\t<p class=\"from_the_blog_excerpt \">Le groupe mon\u00e9gasque se remplume et l&rsquo;infirmerie se vide. Pour le choc \u00e0 Lyon, dimanche [...]\t\t\t\t\t<\/p>\n\t\t\t\t\t                    \n\t\t\t\t\t\n\t\t\t\t\t\n\t\t\t\t\t<\/div>\n\t\t\t\t\t<\/div>\n\t\t\t\t\t\t\t\t\t<\/div>\n\t\t\t\t<\/a>\n\t\t\t<\/div>\n\t\t<\/div><div class=\"col post-item\" >\n\t\t\t<div class=\"col-inner\">\n\t\t\t<a href=\"https:\/\/www.ladiagonale.net\/index.php\/2026\/03\/21\/deux-monegasques-au-mondial-de-montaigu\/\" class=\"plain\">\n\t\t\t\t<div class=\"box box-vertical box-text-bottom box-blog-post has-hover\">\n          \t\t\t\t\t<div class=\"box-text text-left\" >\n\t\t\t\t\t<div class=\"box-text-inner blog-post-inner\">\n\n\t\t\t\t\t\n\t\t\t\t\t\t\t\t\t\t<h5 class=\"post-title is-large \">Deux Mon\u00e9gasques au Mondial de Montaigu<\/h5>\n\t\t\t\t\t<div class=\"post-meta is-small op-8\">21 mars 2026<\/div>\t\t\t\t\t<div class=\"is-divider\"><\/div>\n\t\t\t\t\t\t\t\t\t\t<p class=\"from_the_blog_excerpt \">En marge de la tr\u00eave internationale de mars se tiendra un rendez-vous incontournable du football [...]\t\t\t\t\t<\/p>\n\t\t\t\t\t                    \n\t\t\t\t\t\n\t\t\t\t\t\n\t\t\t\t\t<\/div>\n\t\t\t\t\t<\/div>\n\t\t\t\t\t\t\t\t\t<\/div>\n\t\t\t\t<\/a>\n\t\t\t<\/div>\n\t\t<\/div><div class=\"col post-item\" >\n\t\t\t<div class=\"col-inner\">\n\t\t\t<a href=\"https:\/\/www.ladiagonale.net\/index.php\/2026\/03\/21\/dendani-et-ajroud-avec-les-selections-de-jeunes-tunisiennes\/\" class=\"plain\">\n\t\t\t\t<div class=\"box box-vertical box-text-bottom box-blog-post has-hover\">\n          \t\t\t\t\t<div class=\"box-text text-left\" >\n\t\t\t\t\t<div class=\"box-text-inner blog-post-inner\">\n\n\t\t\t\t\t\n\t\t\t\t\t\t\t\t\t\t<h5 class=\"post-title is-large \">Dendani et Ajroud avec les s\u00e9lections de jeunes tunisiennes<\/h5>\n\t\t\t\t\t<div class=\"post-meta is-small op-8\">21 mars 2026<\/div>\t\t\t\t\t<div class=\"is-divider\"><\/div>\n\t\t\t\t\t\t\t\t\t\t<p class=\"from_the_blog_excerpt \">Les annonces des s\u00e9lections se multiplient en cette fin de semaine, en particulier chez les [...]\t\t\t\t\t<\/p>\n\t\t\t\t\t                    \n\t\t\t\t\t\n\t\t\t\t\t\n\t\t\t\t\t<\/div>\n\t\t\t\t\t<\/div>\n\t\t\t\t\t\t\t\t\t<\/div>\n\t\t\t\t<\/a>\n\t\t\t<\/div>\n\t\t<\/div><div class=\"col post-item\" >\n\t\t\t<div class=\"col-inner\">\n\t\t\t<a href=\"https:\/\/www.ladiagonale.net\/index.php\/2026\/03\/21\/idumbo-nibombe-et-wamu-convoques-avec-plusieurs-selections-belges\/\" class=\"plain\">\n\t\t\t\t<div class=\"box box-vertical box-text-bottom box-blog-post has-hover\">\n          \t\t\t\t\t<div class=\"box-text text-left\" >\n\t\t\t\t\t<div class=\"box-text-inner blog-post-inner\">\n\n\t\t\t\t\t\n\t\t\t\t\t\t\t\t\t\t<h5 class=\"post-title is-large \">Idumbo, Nibomb\u00e9 et Wamu convoqu\u00e9s avec plusieurs s\u00e9lections belges<\/h5>\n\t\t\t\t\t<div class=\"post-meta is-small op-8\">21 mars 2026<\/div>\t\t\t\t\t<div class=\"is-divider\"><\/div>\n\t\t\t\t\t\t\t\t\t\t<p class=\"from_the_blog_excerpt \">Si Wout Faes n&rsquo;a pas \u00e9t\u00e9 convoqu\u00e9 par Rudi Garcia pour le rassemblement des Diables [...]\t\t\t\t\t<\/p>\n\t\t\t\t\t                    \n\t\t\t\t\t\n\t\t\t\t\t\n\t\t\t\t\t<\/div>\n\t\t\t\t\t<\/div>\n\t\t\t\t\t\t\t\t\t<\/div>\n\t\t\t\t<\/a>\n\t\t\t<\/div>\n\t\t<\/div><div class=\"col post-item\" >\n\t\t\t<div class=\"col-inner\">\n\t\t\t<a href=\"https:\/\/www.ladiagonale.net\/index.php\/2026\/03\/21\/absent-de-la-liste-belge-faes-ne-semble-pas-affecte-pour-pocognoli\/\" class=\"plain\">\n\t\t\t\t<div class=\"box box-vertical box-text-bottom box-blog-post has-hover\">\n          \t\t\t\t\t<div class=\"box-text text-left\" >\n\t\t\t\t\t<div class=\"box-text-inner blog-post-inner\">\n\n\t\t\t\t\t\n\t\t\t\t\t\t\t\t\t\t<h5 class=\"post-title is-large \">Absent de la liste belge, Faes ne semble pas \u00ab&nbsp;affect\u00e9&nbsp;\u00bb pour Pocognoli<\/h5>\n\t\t\t\t\t<div class=\"post-meta is-small op-8\">21 mars 2026<\/div>\t\t\t\t\t<div class=\"is-divider\"><\/div>\n\t\t\t\t\t\t\t\t\t\t<p class=\"from_the_blog_excerpt \">Les diff\u00e9rentes annonces des s\u00e9lectionneurs au cours de la semaine ont charri\u00e9 leur lot de [...]\t\t\t\t\t<\/p>\n\t\t\t\t\t                    \n\t\t\t\t\t\n\t\t\t\t\t\n\t\t\t\t\t<\/div>\n\t\t\t\t\t<\/div>\n\t\t\t\t\t\t\t\t\t<\/div>\n\t\t\t\t<\/a>\n\t\t\t<\/div>\n\t\t<\/div><div class=\"col post-item\" >\n\t\t\t<div class=\"col-inner\">\n\t\t\t<a href=\"https:\/\/www.ladiagonale.net\/index.php\/2026\/03\/21\/kehrer-loue-lattitude-exceptionnelle-de-pogba\/\" class=\"plain\">\n\t\t\t\t<div class=\"box box-vertical box-text-bottom box-blog-post has-hover\">\n          \t\t\t\t\t<div class=\"box-text text-left\" >\n\t\t\t\t\t<div class=\"box-text-inner blog-post-inner\">\n\n\t\t\t\t\t\n\t\t\t\t\t\t\t\t\t\t<h5 class=\"post-title is-large \">Kehrer loue \u00ab&nbsp;l\u2019attitude exceptionnelle&nbsp;\u00bb de Pogba<\/h5>\n\t\t\t\t\t<div class=\"post-meta is-small op-8\">21 mars 2026<\/div>\t\t\t\t\t<div class=\"is-divider\"><\/div>\n\t\t\t\t\t\t\t\t\t\t<p class=\"from_the_blog_excerpt \">La premi\u00e8re saison de Paul Pogba \u00e0 l\u2019AS Monaco a vir\u00e9 au flop, et ce [...]\t\t\t\t\t<\/p>\n\t\t\t\t\t                    \n\t\t\t\t\t\n\t\t\t\t\t\n\t\t\t\t\t<\/div>\n\t\t\t\t\t<\/div>\n\t\t\t\t\t\t\t\t\t<\/div>\n\t\t\t\t<\/a>\n\t\t\t<\/div>\n\t\t<\/div><div class=\"col post-item\" >\n\t\t\t<div class=\"col-inner\">\n\t\t\t<a href=\"https:\/\/www.ladiagonale.net\/index.php\/2026\/03\/21\/akliouche-lyon-un-match-symbolique-pour-moi\/\" class=\"plain\">\n\t\t\t\t<div class=\"box box-vertical box-text-bottom box-blog-post has-hover\">\n          \t\t\t\t\t<div class=\"box-text text-left\" >\n\t\t\t\t\t<div class=\"box-text-inner blog-post-inner\">\n\n\t\t\t\t\t\n\t\t\t\t\t\t\t\t\t\t<h5 class=\"post-title is-large \">Akliouche : \u00ab&nbsp;Lyon, un match symbolique pour moi&nbsp;\u00bb<\/h5>\n\t\t\t\t\t<div class=\"post-meta is-small op-8\">21 mars 2026<\/div>\t\t\t\t\t<div class=\"is-divider\"><\/div>\n\t\t\t\t\t\t\t\t\t\t<p class=\"from_the_blog_excerpt \">Dimanche, l\u2019AS Monaco se rend \u00e0 Lyon pour la 27e journ\u00e9e de Ligue 1 avec [...]\t\t\t\t\t<\/p>\n\t\t\t\t\t                    \n\t\t\t\t\t\n\t\t\t\t\t\n\t\t\t\t\t<\/div>\n\t\t\t\t\t<\/div>\n\t\t\t\t\t\t\t\t\t<\/div>\n\t\t\t\t<\/a>\n\t\t\t<\/div>\n\t\t<\/div><div class=\"col post-item\" >\n\t\t\t<div class=\"col-inner\">\n\t\t\t<a href=\"https:\/\/www.ladiagonale.net\/index.php\/2026\/03\/21\/pocognoli-cette-equipe-est-belle-a-voir-dans-letat-desprit\/\" class=\"plain\">\n\t\t\t\t<div class=\"box box-vertical box-text-bottom box-blog-post has-hover\">\n          \t\t\t\t\t<div class=\"box-text text-left\" >\n\t\t\t\t\t<div class=\"box-text-inner blog-post-inner\">\n\n\t\t\t\t\t\n\t\t\t\t\t\t\t\t\t\t<h5 class=\"post-title is-large \">Pocognoli : \u00ab&nbsp;Cette \u00e9quipe est belle \u00e0 voir dans l\u2019\u00e9tat d\u2019esprit&nbsp;\u00bb<\/h5>\n\t\t\t\t\t<div class=\"post-meta is-small op-8\">21 mars 2026<\/div>\t\t\t\t\t<div class=\"is-divider\"><\/div>\n\t\t\t\t\t\t\t\t\t\t<p class=\"from_the_blog_excerpt \">Avec 20 points pris, l\u2019AS Monaco est la meilleure \u00e9quipe de Ligue 1 depuis le [...]\t\t\t\t\t<\/p>\n\t\t\t\t\t                    \n\t\t\t\t\t\n\t\t\t\t\t\n\t\t\t\t\t<\/div>\n\t\t\t\t\t<\/div>\n\t\t\t\t\t\t\t\t\t<\/div>\n\t\t\t\t<\/a>\n\t\t\t<\/div>\n\t\t<\/div><div class=\"col post-item\" >\n\t\t\t<div class=\"col-inner\">\n\t\t\t<a href=\"https:\/\/www.ladiagonale.net\/index.php\/2026\/03\/21\/diatta-et-camara-avec-le-senegal-pendant-la-treve\/\" class=\"plain\">\n\t\t\t\t<div class=\"box box-vertical box-text-bottom box-blog-post has-hover\">\n          \t\t\t\t\t<div class=\"box-text text-left\" >\n\t\t\t\t\t<div class=\"box-text-inner blog-post-inner\">\n\n\t\t\t\t\t\n\t\t\t\t\t\t\t\t\t\t<h5 class=\"post-title is-large \">Diatta et Camara avec le S\u00e9n\u00e9gal pendant la tr\u00eave<\/h5>\n\t\t\t\t\t<div class=\"post-meta is-small op-8\">21 mars 2026<\/div>\t\t\t\t\t<div class=\"is-divider\"><\/div>\n\t\t\t\t\t\t\t\t\t\t<p class=\"from_the_blog_excerpt \">Apr\u00e8s la d\u00e9cision choc du jury d&rsquo;appel de la CAF de donner sur tapis vert [...]\t\t\t\t\t<\/p>\n\t\t\t\t\t                    \n\t\t\t\t\t\n\t\t\t\t\t\n\t\t\t\t\t<\/div>\n\t\t\t\t\t<\/div>\n\t\t\t\t\t\t\t\t\t<\/div>\n\t\t\t\t<\/a>\n\t\t\t<\/div>\n\t\t<\/div><div class=\"col post-item\" >\n\t\t\t<div class=\"col-inner\">\n\t\t\t<a href=\"https:\/\/www.ladiagonale.net\/index.php\/2026\/03\/20\/vers-des-retours-de-dier-et-diatta-contre-lyon\/\" class=\"plain\">\n\t\t\t\t<div class=\"box box-vertical box-text-bottom box-blog-post has-hover\">\n          \t\t\t\t\t<div class=\"box-text text-left\" >\n\t\t\t\t\t<div class=\"box-text-inner blog-post-inner\">\n\n\t\t\t\t\t\n\t\t\t\t\t\t\t\t\t\t<h5 class=\"post-title is-large \">Vers des retours de Dier et Diatta contre Lyon ?<\/h5>\n\t\t\t\t\t<div class=\"post-meta is-small op-8\">20 mars 2026<\/div>\t\t\t\t\t<div class=\"is-divider\"><\/div>\n\t\t\t\t\t\t\t\t\t\t<p class=\"from_the_blog_excerpt \">L\u2019AS Monaco va vivre un choc important de sa saison contre Lyon, dimanche (15h). Pour [...]\t\t\t\t\t<\/p>\n\t\t\t\t\t                    \n\t\t\t\t\t\n\t\t\t\t\t\n\t\t\t\t\t<\/div>\n\t\t\t\t\t<\/div>\n\t\t\t\t\t\t\t\t\t<\/div>\n\t\t\t\t<\/a>\n\t\t\t<\/div>\n\t\t<\/div><div class=\"col post-item\" >\n\t\t\t<div class=\"col-inner\">\n\t\t\t<a href=\"https:\/\/www.ladiagonale.net\/index.php\/2026\/03\/20\/une-treve-decisive-pour-pogba\/\" class=\"plain\">\n\t\t\t\t<div class=\"box box-vertical box-text-bottom box-blog-post has-hover\">\n          \t\t\t\t\t<div class=\"box-text text-left\" >\n\t\t\t\t\t<div class=\"box-text-inner blog-post-inner\">\n\n\t\t\t\t\t\n\t\t\t\t\t\t\t\t\t\t<h5 class=\"post-title is-large \">Une tr\u00eave d\u00e9cisive pour Pogba<\/h5>\n\t\t\t\t\t<div class=\"post-meta is-small op-8\">20 mars 2026<\/div>\t\t\t\t\t<div class=\"is-divider\"><\/div>\n\t\t\t\t\t\t\t\t\t\t<p class=\"from_the_blog_excerpt \">Si Paul Pogba avait nourri l\u2019ambition d\u2019\u00eatre \u00e0 la Coupe du monde 2026, il aurait [...]\t\t\t\t\t<\/p>\n\t\t\t\t\t                    \n\t\t\t\t\t\n\t\t\t\t\t\n\t\t\t\t\t<\/div>\n\t\t\t\t\t<\/div>\n\t\t\t\t\t\t\t\t\t<\/div>\n\t\t\t\t<\/a>\n\t\t\t<\/div>\n\t\t<\/div><div class=\"col post-item\" >\n\t\t\t<div class=\"col-inner\">\n\t\t\t<a href=\"https:\/\/www.ladiagonale.net\/index.php\/2026\/03\/20\/stawiecki-et-bein-adversaires-au-tour-elite-u19\/\" class=\"plain\">\n\t\t\t\t<div class=\"box box-vertical box-text-bottom box-blog-post has-hover\">\n          \t\t\t\t\t<div class=\"box-text text-left\" >\n\t\t\t\t\t<div class=\"box-text-inner blog-post-inner\">\n\n\t\t\t\t\t\n\t\t\t\t\t\t\t\t\t\t<h5 class=\"post-title is-large \">Stawiecki et Bein adversaires au tour \u00c9lite U19<\/h5>\n\t\t\t\t\t<div class=\"post-meta is-small op-8\">20 mars 2026<\/div>\t\t\t\t\t<div class=\"is-divider\"><\/div>\n\t\t\t\t\t\t\t\t\t\t<p class=\"from_the_blog_excerpt \">Durant la tr\u00eave internationale, Jules Stawiecki et Sirak Bein vont tous deux tenter de qualifier [...]\t\t\t\t\t<\/p>\n\t\t\t\t\t                    \n\t\t\t\t\t\n\t\t\t\t\t\n\t\t\t\t\t<\/div>\n\t\t\t\t\t<\/div>\n\t\t\t\t\t\t\t\t\t<\/div>\n\t\t\t\t<\/a>\n\t\t\t<\/div>\n\t\t<\/div><div class=\"col post-item\" >\n\t\t\t<div class=\"col-inner\">\n\t\t\t<a href=\"https:\/\/www.ladiagonale.net\/index.php\/2026\/03\/20\/nibombe-jai-eu-tres-tres-peur-pour-ma-carriere\/\" class=\"plain\">\n\t\t\t\t<div class=\"box box-vertical box-text-bottom box-blog-post has-hover\">\n          \t\t\t\t\t<div class=\"box-text text-left\" >\n\t\t\t\t\t<div class=\"box-text-inner blog-post-inner\">\n\n\t\t\t\t\t\n\t\t\t\t\t\t\t\t\t\t<h5 class=\"post-title is-large \">Nibomb\u00e9 : \u00ab&nbsp;J\u2019ai eu tr\u00e8s, tr\u00e8s peur pour ma carri\u00e8re&nbsp;\u00bb<\/h5>\n\t\t\t\t\t<div class=\"post-meta is-small op-8\">20 mars 2026<\/div>\t\t\t\t\t<div class=\"is-divider\"><\/div>\n\t\t\t\t\t\t\t\t\t\t<p class=\"from_the_blog_excerpt \">\u00ab\u00a0Je suis revenu \u00e0 la vie\u00a0\u00bb. Ce sont les mots forts prononc\u00e9s par Samuel Nibomb\u00e9 [...]\t\t\t\t\t<\/p>\n\t\t\t\t\t                    \n\t\t\t\t\t\n\t\t\t\t\t\n\t\t\t\t\t<\/div>\n\t\t\t\t\t<\/div>\n\t\t\t\t\t\t\t\t\t<\/div>\n\t\t\t\t<\/a>\n\t\t\t<\/div>\n\t\t<\/div><div class=\"col post-item\" >\n\t\t\t<div class=\"col-inner\">\n\t\t\t<a href=\"https:\/\/www.ladiagonale.net\/index.php\/2026\/03\/19\/coulibaly-et-mawissa-avec-les-espoirs\/\" class=\"plain\">\n\t\t\t\t<div class=\"box box-vertical box-text-bottom box-blog-post has-hover\">\n          \t\t\t\t\t<div class=\"box-text text-left\" >\n\t\t\t\t\t<div class=\"box-text-inner blog-post-inner\">\n\n\t\t\t\t\t\n\t\t\t\t\t\t\t\t\t\t<h5 class=\"post-title is-large \">Coulibaly et Mawissa avec les Espoirs<\/h5>\n\t\t\t\t\t<div class=\"post-meta is-small op-8\">19 mars 2026<\/div>\t\t\t\t\t<div class=\"is-divider\"><\/div>\n\t\t\t\t\t\t\t\t\t\t<p class=\"from_the_blog_excerpt \">Mamadou Coulibaly voit ses belles performances avec l\u2019AS Monaco r\u00e9compens\u00e9es. Le milieu de terrain de [...]\t\t\t\t\t<\/p>\n\t\t\t\t\t                    \n\t\t\t\t\t\n\t\t\t\t\t\n\t\t\t\t\t<\/div>\n\t\t\t\t\t<\/div>\n\t\t\t\t\t\t\t\t\t<\/div>\n\t\t\t\t<\/a>\n\t\t\t<\/div>\n\t\t<\/div><div class=\"col post-item\" >\n\t\t\t<div class=\"col-inner\">\n\t\t\t<a href=\"https:\/\/www.ladiagonale.net\/index.php\/2026\/03\/19\/akliouche-present-avec-lequipe-de-france\/\" class=\"plain\">\n\t\t\t\t<div class=\"box box-vertical box-text-bottom box-blog-post has-hover\">\n          \t\t\t\t\t<div class=\"box-text text-left\" >\n\t\t\t\t\t<div class=\"box-text-inner blog-post-inner\">\n\n\t\t\t\t\t\n\t\t\t\t\t\t\t\t\t\t<h5 class=\"post-title is-large \">Akliouche pr\u00e9sent avec l\u2019\u00c9quipe de France<\/h5>\n\t\t\t\t\t<div class=\"post-meta is-small op-8\">19 mars 2026<\/div>\t\t\t\t\t<div class=\"is-divider\"><\/div>\n\t\t\t\t\t\t\t\t\t\t<p class=\"from_the_blog_excerpt \">Maghnes Akliouche semble avoir fait son trou au sein de l\u2019\u00e9quipe de France, notamment gr\u00e2ce [...]\t\t\t\t\t<\/p>\n\t\t\t\t\t                    \n\t\t\t\t\t\n\t\t\t\t\t\n\t\t\t\t\t<\/div>\n\t\t\t\t\t<\/div>\n\t\t\t\t\t\t\t\t\t<\/div>\n\t\t\t\t<\/a>\n\t\t\t<\/div>\n\t\t<\/div><div class=\"col post-item\" >\n\t\t\t<div class=\"col-inner\">\n\t\t\t<a href=\"https:\/\/www.ladiagonale.net\/index.php\/2026\/03\/19\/zakaria-appele-avec-la-suisse\/\" class=\"plain\">\n\t\t\t\t<div class=\"box box-vertical box-text-bottom box-blog-post has-hover\">\n          \t\t\t\t\t<div class=\"box-text text-left\" >\n\t\t\t\t\t<div class=\"box-text-inner blog-post-inner\">\n\n\t\t\t\t\t\n\t\t\t\t\t\t\t\t\t\t<h5 class=\"post-title is-large \">Zakaria appel\u00e9 avec la Suisse<\/h5>\n\t\t\t\t\t<div class=\"post-meta is-small op-8\">19 mars 2026<\/div>\t\t\t\t\t<div class=\"is-divider\"><\/div>\n\t\t\t\t\t\t\t\t\t\t<p class=\"from_the_blog_excerpt \">Denis Zakaria sera sur le pont durant la tr\u00eave internationale. Le milieu de terrain de [...]\t\t\t\t\t<\/p>\n\t\t\t\t\t                    \n\t\t\t\t\t\n\t\t\t\t\t\n\t\t\t\t\t<\/div>\n\t\t\t\t\t<\/div>\n\t\t\t\t\t\t\t\t\t<\/div>\n\t\t\t\t<\/a>\n\t\t\t<\/div>\n\t\t<\/div><div class=\"col post-item\" >\n\t\t\t<div class=\"col-inner\">\n\t\t\t<a href=\"https:\/\/www.ladiagonale.net\/index.php\/2026\/03\/18\/balogun-selectionne-avec-les-etats-unis\/\" class=\"plain\">\n\t\t\t\t<div class=\"box box-vertical box-text-bottom box-blog-post has-hover\">\n          \t\t\t\t\t<div class=\"box-text text-left\" >\n\t\t\t\t\t<div class=\"box-text-inner blog-post-inner\">\n\n\t\t\t\t\t\n\t\t\t\t\t\t\t\t\t\t<h5 class=\"post-title is-large \">Balogun s\u00e9lectionn\u00e9 avec les \u00c9tats-Unis<\/h5>\n\t\t\t\t\t<div class=\"post-meta is-small op-8\">18 mars 2026<\/div>\t\t\t\t\t<div class=\"is-divider\"><\/div>\n\t\t\t\t\t\t\t\t\t\t<p class=\"from_the_blog_excerpt \">En pleine bourre du c\u00f4t\u00e9 de l&rsquo;AS Monaco, Folarin Balogun tentera \u00e9galement de faire profiter [...]\t\t\t\t\t<\/p>\n\t\t\t\t\t                    \n\t\t\t\t\t\n\t\t\t\t\t\n\t\t\t\t\t<\/div>\n\t\t\t\t\t<\/div>\n\t\t\t\t\t\t\t\t\t<\/div>\n\t\t\t\t<\/a>\n\t\t\t<\/div>\n\t\t<\/div><div class=\"col post-item\" >\n\t\t\t<div class=\"col-inner\">\n\t\t\t<a href=\"https:\/\/www.ladiagonale.net\/index.php\/2026\/03\/18\/le-groupe-elite-simpose-en-amical-contre-toulon\/\" class=\"plain\">\n\t\t\t\t<div class=\"box box-vertical box-text-bottom box-blog-post has-hover\">\n          \t\t\t\t\t<div class=\"box-text text-left\" >\n\t\t\t\t\t<div class=\"box-text-inner blog-post-inner\">\n\n\t\t\t\t\t\n\t\t\t\t\t\t\t\t\t\t<h5 class=\"post-title is-large \">Le Groupe \u00c9lite s\u2019impose en amical contre Toulon<\/h5>\n\t\t\t\t\t<div class=\"post-meta is-small op-8\">18 mars 2026<\/div>\t\t\t\t\t<div class=\"is-divider\"><\/div>\n\t\t\t\t\t\t\t\t\t\t<p class=\"from_the_blog_excerpt \">Pour la premi\u00e8re fois depuis plusieurs semaines, le Groupe \u00c9lite de l\u2019AS Monaco a disput\u00e9 [...]\t\t\t\t\t<\/p>\n\t\t\t\t\t                    \n\t\t\t\t\t\n\t\t\t\t\t\n\t\t\t\t\t<\/div>\n\t\t\t\t\t<\/div>\n\t\t\t\t\t\t\t\t\t<\/div>\n\t\t\t\t<\/a>\n\t\t\t<\/div>\n\t\t<\/div><div class=\"col post-item\" >\n\t\t\t<div class=\"col-inner\">\n\t\t\t<a href=\"https:\/\/www.ladiagonale.net\/index.php\/2026\/03\/18\/adingra-retrouve-la-selection\/\" class=\"plain\">\n\t\t\t\t<div class=\"box box-vertical box-text-bottom box-blog-post has-hover\">\n          \t\t\t\t\t<div class=\"box-text text-left\" >\n\t\t\t\t\t<div class=\"box-text-inner blog-post-inner\">\n\n\t\t\t\t\t\n\t\t\t\t\t\t\t\t\t\t<h5 class=\"post-title is-large \">Adingra retrouve la s\u00e9lection<\/h5>\n\t\t\t\t\t<div class=\"post-meta is-small op-8\">18 mars 2026<\/div>\t\t\t\t\t<div class=\"is-divider\"><\/div>\n\t\t\t\t\t\t\t\t\t\t<p class=\"from_the_blog_excerpt \">Le pr\u00eat de Simon Adingra \u00e0 l\u2019AS Monaco conna\u00eet une certaine r\u00e9ussite. Pour preuve, l\u2019ailier [...]\t\t\t\t\t<\/p>\n\t\t\t\t\t                    \n\t\t\t\t\t\n\t\t\t\t\t\n\t\t\t\t\t<\/div>\n\t\t\t\t\t<\/div>\n\t\t\t\t\t\t\t\t\t<\/div>\n\t\t\t\t<\/a>\n\t\t\t<\/div>\n\t\t<\/div><div class=\"col post-item\" >\n\t\t\t<div class=\"col-inner\">\n\t\t\t<a href=\"https:\/\/www.ladiagonale.net\/index.php\/2026\/03\/18\/pas-de-trophee-unfp-pour-balogun\/\" class=\"plain\">\n\t\t\t\t<div class=\"box box-vertical box-text-bottom box-blog-post has-hover\">\n          \t\t\t\t\t<div class=\"box-text text-left\" >\n\t\t\t\t\t<div class=\"box-text-inner blog-post-inner\">\n\n\t\t\t\t\t\n\t\t\t\t\t\t\t\t\t\t<h5 class=\"post-title is-large \">Pas de troph\u00e9e UNFP pour Balogun<\/h5>\n\t\t\t\t\t<div class=\"post-meta is-small op-8\">18 mars 2026<\/div>\t\t\t\t\t<div class=\"is-divider\"><\/div>\n\t\t\t\t\t\t\t\t\t\t<p class=\"from_the_blog_excerpt \">Samedi soir, \u00e0 l\u2019occasion de Monaco-Brest, s\u2019affrontaient deux des trois nomm\u00e9s pour le troph\u00e9e UNFP [...]\t\t\t\t\t<\/p>\n\t\t\t\t\t                    \n\t\t\t\t\t\n\t\t\t\t\t\n\t\t\t\t\t<\/div>\n\t\t\t\t\t<\/div>\n\t\t\t\t\t\t\t\t\t<\/div>\n\t\t\t\t<\/a>\n\t\t\t<\/div>\n\t\t<\/div><div class=\"col post-item\" >\n\t\t\t<div class=\"col-inner\">\n\t\t\t<a href=\"https:\/\/www.ladiagonale.net\/index.php\/2026\/03\/18\/monaco-apprecierait-le-directeur-sportif-darsenal\/\" class=\"plain\">\n\t\t\t\t<div class=\"box box-vertical box-text-bottom box-blog-post has-hover\">\n          \t\t\t\t\t<div class=\"box-text text-left\" >\n\t\t\t\t\t<div class=\"box-text-inner blog-post-inner\">\n\n\t\t\t\t\t\n\t\t\t\t\t\t\t\t\t\t<h5 class=\"post-title is-large \">Monaco appr\u00e9cierait le directeur sportif d\u2019Arsenal<\/h5>\n\t\t\t\t\t<div class=\"post-meta is-small op-8\">18 mars 2026<\/div>\t\t\t\t\t<div class=\"is-divider\"><\/div>\n\t\t\t\t\t\t\t\t\t\t<p class=\"from_the_blog_excerpt \">Ces derni\u00e8res semaines, le Directeur g\u00e9n\u00e9ral de l\u2019AS Monaco Thiago Scuro a \u00e9t\u00e9 contraint de [...]\t\t\t\t\t<\/p>\n\t\t\t\t\t                    \n\t\t\t\t\t\n\t\t\t\t\t\n\t\t\t\t\t<\/div>\n\t\t\t\t\t<\/div>\n\t\t\t\t\t\t\t\t\t<\/div>\n\t\t\t\t<\/a>\n\t\t\t<\/div>\n\t\t<\/div><div class=\"col post-item\" >\n\t\t\t<div class=\"col-inner\">\n\t\t\t<a href=\"https:\/\/www.ladiagonale.net\/index.php\/2026\/03\/18\/camara-et-diatta-dechus-du-titre-de-champion-dafrique\/\" class=\"plain\">\n\t\t\t\t<div class=\"box box-vertical box-text-bottom box-blog-post has-hover\">\n          \t\t\t\t\t<div class=\"box-text text-left\" >\n\t\t\t\t\t<div class=\"box-text-inner blog-post-inner\">\n\n\t\t\t\t\t\n\t\t\t\t\t\t\t\t\t\t<h5 class=\"post-title is-large \">Camara et Diatta d\u00e9chus du titre de champion d\u2019Afrique ?<\/h5>\n\t\t\t\t\t<div class=\"post-meta is-small op-8\">18 mars 2026<\/div>\t\t\t\t\t<div class=\"is-divider\"><\/div>\n\t\t\t\t\t\t\t\t\t\t<p class=\"from_the_blog_excerpt \">C\u2019est un v\u00e9ritable s\u00e9isme qui a secou\u00e9 le football de s\u00e9lection et africain en particulier, [...]\t\t\t\t\t<\/p>\n\t\t\t\t\t                    \n\t\t\t\t\t\n\t\t\t\t\t\n\t\t\t\t\t<\/div>\n\t\t\t\t\t<\/div>\n\t\t\t\t\t\t\t\t\t<\/div>\n\t\t\t\t<\/a>\n\t\t\t<\/div>\n\t\t<\/div><div class=\"col post-item\" >\n\t\t\t<div class=\"col-inner\">\n\t\t\t<a href=\"https:\/\/www.ladiagonale.net\/index.php\/2026\/03\/17\/quatre-ans-plus-tard-monaco-recupere-le-baton-de-bourbotte\/\" class=\"plain\">\n\t\t\t\t<div class=\"box box-vertical box-text-bottom box-blog-post has-hover\">\n          \t\t\t\t\t<div class=\"box-text text-left\" >\n\t\t\t\t\t<div class=\"box-text-inner blog-post-inner\">\n\n\t\t\t\t\t\n\t\t\t\t\t\t\t\t\t\t<h5 class=\"post-title is-large \">Quatre ans plus tard, Monaco r\u00e9cup\u00e8re le \u00ab\u00a0B\u00e2ton de Bourbotte\u00a0\u00bb<\/h5>\n\t\t\t\t\t<div class=\"post-meta is-small op-8\">17 mars 2026<\/div>\t\t\t\t\t<div class=\"is-divider\"><\/div>\n\t\t\t\t\t\t\t\t\t\t<p class=\"from_the_blog_excerpt \">La victoire de l&rsquo;AS Monaco contre Brest (2-0), samedi, n&rsquo;a pas seulement permis \u00e0 l&rsquo;ASM [...]\t\t\t\t\t<\/p>\n\t\t\t\t\t                    \n\t\t\t\t\t\n\t\t\t\t\t\n\t\t\t\t\t<\/div>\n\t\t\t\t\t<\/div>\n\t\t\t\t\t\t\t\t\t<\/div>\n\t\t\t\t<\/a>\n\t\t\t<\/div>\n\t\t<\/div><div class=\"col post-item\" >\n\t\t\t<div class=\"col-inner\">\n\t\t\t<a href=\"https:\/\/www.ladiagonale.net\/index.php\/2026\/03\/17\/apres-26-journees-monaco-retrouve-les-places-europeennes\/\" class=\"plain\">\n\t\t\t\t<div class=\"box box-vertical box-text-bottom box-blog-post has-hover\">\n          \t\t\t\t\t<div class=\"box-text text-left\" >\n\t\t\t\t\t<div class=\"box-text-inner blog-post-inner\">\n\n\t\t\t\t\t\n\t\t\t\t\t\t\t\t\t\t<h5 class=\"post-title is-large \">Apr\u00e8s 26 journ\u00e9es, Monaco retrouve les places europ\u00e9ennes<\/h5>\n\t\t\t\t\t<div class=\"post-meta is-small op-8\">17 mars 2026<\/div>\t\t\t\t\t<div class=\"is-divider\"><\/div>\n\t\t\t\t\t\t\t\t\t\t<p class=\"from_the_blog_excerpt \">Ce n&rsquo;est que la Ligue Conf\u00e9rence, mais ce n&rsquo;est d\u00e9j\u00e0 pas si mal et c&rsquo;est [...]\t\t\t\t\t<\/p>\n\t\t\t\t\t                    \n\t\t\t\t\t\n\t\t\t\t\t\n\t\t\t\t\t<\/div>\n\t\t\t\t\t<\/div>\n\t\t\t\t\t\t\t\t\t<\/div>\n\t\t\t\t<\/a>\n\t\t\t<\/div>\n\t\t<\/div><div class=\"col post-item\" >\n\t\t\t<div class=\"col-inner\">\n\t\t\t<a href=\"https:\/\/www.ladiagonale.net\/index.php\/2026\/03\/17\/hradecky-convoque-en-selection-avec-la-finlande\/\" class=\"plain\">\n\t\t\t\t<div class=\"box box-vertical box-text-bottom box-blog-post has-hover\">\n          \t\t\t\t\t<div class=\"box-text text-left\" >\n\t\t\t\t\t<div class=\"box-text-inner blog-post-inner\">\n\n\t\t\t\t\t\n\t\t\t\t\t\t\t\t\t\t<h5 class=\"post-title is-large \">Hradecky convoqu\u00e9 en s\u00e9lection avec la Finlande<\/h5>\n\t\t\t\t\t<div class=\"post-meta is-small op-8\">17 mars 2026<\/div>\t\t\t\t\t<div class=\"is-divider\"><\/div>\n\t\t\t\t\t\t\t\t\t\t<p class=\"from_the_blog_excerpt \">Lukas Hradecky vient seulement d\u2019effectuer son retour \u00e0 la comp\u00e9tition avec l\u2019AS Monaco qu\u2019il va [...]\t\t\t\t\t<\/p>\n\t\t\t\t\t                    \n\t\t\t\t\t\n\t\t\t\t\t\n\t\t\t\t\t<\/div>\n\t\t\t\t\t<\/div>\n\t\t\t\t\t\t\t\t\t<\/div>\n\t\t\t\t<\/a>\n\t\t\t<\/div>\n\t\t<\/div><div class=\"col post-item\" >\n\t\t\t<div class=\"col-inner\">\n\t\t\t<a href=\"https:\/\/www.ladiagonale.net\/index.php\/2026\/03\/17\/monaco-aurait-des-vues-sur-nazinho\/\" class=\"plain\">\n\t\t\t\t<div class=\"box box-vertical box-text-bottom box-blog-post has-hover\">\n          \t\t\t\t\t<div class=\"box-text text-left\" >\n\t\t\t\t\t<div class=\"box-text-inner blog-post-inner\">\n\n\t\t\t\t\t\n\t\t\t\t\t\t\t\t\t\t<h5 class=\"post-title is-large \">Monaco aurait des vues sur Nazinho<\/h5>\n\t\t\t\t\t<div class=\"post-meta is-small op-8\">17 mars 2026<\/div>\t\t\t\t\t<div class=\"is-divider\"><\/div>\n\t\t\t\t\t\t\t\t\t\t<p class=\"from_the_blog_excerpt \">Pour les prochaines semaines, l\u2019AS Monaco va devoir faire sans Caio Henrique, bless\u00e9 \u00e0 la [...]\t\t\t\t\t<\/p>\n\t\t\t\t\t                    \n\t\t\t\t\t\n\t\t\t\t\t\n\t\t\t\t\t<\/div>\n\t\t\t\t\t<\/div>\n\t\t\t\t\t\t\t\t\t<\/div>\n\t\t\t\t<\/a>\n\t\t\t<\/div>\n\t\t<\/div><div class=\"col post-item\" >\n\t\t\t<div class=\"col-inner\">\n\t\t\t<a href=\"https:\/\/www.ladiagonale.net\/index.php\/2026\/03\/17\/podcast-monaco-brest-piston-gauche-preview-ol\/\" class=\"plain\">\n\t\t\t\t<div class=\"box box-vertical box-text-bottom box-blog-post has-hover\">\n          \t\t\t\t\t<div class=\"box-text text-left\" >\n\t\t\t\t\t<div class=\"box-text-inner blog-post-inner\">\n\n\t\t\t\t\t\n\t\t\t\t\t\t\t\t\t\t<h5 class=\"post-title is-large \">Podcast : Monaco-Brest, piston gauche, preview OL<\/h5>\n\t\t\t\t\t<div class=\"post-meta is-small op-8\">17 mars 2026<\/div>\t\t\t\t\t<div class=\"is-divider\"><\/div>\n\t\t\t\t\t\t\t\t\t\t<p class=\"from_the_blog_excerpt \">L&rsquo;AS Monaco encha\u00eene un nouveau succ\u00e8s en Ligue 1 pour retrouver les places europ\u00e9ennes. D\u00e9brief [...]\t\t\t\t\t<\/p>\n\t\t\t\t\t                    \n\t\t\t\t\t\n\t\t\t\t\t\n\t\t\t\t\t<\/div>\n\t\t\t\t\t<\/div>\n\t\t\t\t\t\t\t\t\t<\/div>\n\t\t\t\t<\/a>\n\t\t\t<\/div>\n\t\t<\/div><div class=\"col post-item\" >\n\t\t\t<div class=\"col-inner\">\n\t\t\t<a href=\"https:\/\/www.ladiagonale.net\/index.php\/2026\/03\/16\/les-u17-prennent-un-point-face-au-leader\/\" class=\"plain\">\n\t\t\t\t<div class=\"box box-vertical box-text-bottom box-blog-post has-hover\">\n          \t\t\t\t\t<div class=\"box-text text-left\" >\n\t\t\t\t\t<div class=\"box-text-inner blog-post-inner\">\n\n\t\t\t\t\t\n\t\t\t\t\t\t\t\t\t\t<h5 class=\"post-title is-large \">Les U17 prennent un point face au leader<\/h5>\n\t\t\t\t\t<div class=\"post-meta is-small op-8\">16 mars 2026<\/div>\t\t\t\t\t<div class=\"is-divider\"><\/div>\n\t\t\t\t\t\t\t\t\t\t<p class=\"from_the_blog_excerpt \">Il n\u2019y avait que des chocs pour les \u00e9quipes de l\u2019Academy, ce week-end. Alors que [...]\t\t\t\t\t<\/p>\n\t\t\t\t\t                    \n\t\t\t\t\t\n\t\t\t\t\t\n\t\t\t\t\t<\/div>\n\t\t\t\t\t<\/div>\n\t\t\t\t\t\t\t\t\t<\/div>\n\t\t\t\t<\/a>\n\t\t\t<\/div>\n\t\t<\/div><div class=\"col post-item\" >\n\t\t\t<div class=\"col-inner\">\n\t\t\t<a href=\"https:\/\/www.ladiagonale.net\/index.php\/2026\/03\/16\/les-notes-balogun-gachette-facile\/\" class=\"plain\">\n\t\t\t\t<div class=\"box box-vertical box-text-bottom box-blog-post has-hover\">\n            \t\t\t\t\t<div class=\"box-image\" style=\"width:43%;\">\n  \t\t\t\t\t\t<div class=\"image-cover\" style=\"padding-top:89%;\">\n  \t\t\t\t\t\t\t<img width=\"300\" height=\"168\" src=\"https:\/\/www.ladiagonale.net\/wp-content\/uploads\/2026\/03\/Balogunbrest-300x168.png\" class=\"attachment-medium size-medium wp-post-image\" alt=\"\" loading=\"lazy\" srcset=\"https:\/\/www.ladiagonale.net\/wp-content\/uploads\/2026\/03\/Balogunbrest-300x168.png 300w, https:\/\/www.ladiagonale.net\/wp-content\/uploads\/2026\/03\/Balogunbrest-1024x574.png 1024w, https:\/\/www.ladiagonale.net\/wp-content\/uploads\/2026\/03\/Balogunbrest-768x430.png 768w, https:\/\/www.ladiagonale.net\/wp-content\/uploads\/2026\/03\/Balogunbrest-128x72.png 128w, https:\/\/www.ladiagonale.net\/wp-content\/uploads\/2026\/03\/Balogunbrest-32x18.png 32w, https:\/\/www.ladiagonale.net\/wp-content\/uploads\/2026\/03\/Balogunbrest.png 1160w\" sizes=\"(max-width: 300px) 100vw, 300px\" \/>  \t\t\t\t\t\t\t  \t\t\t\t\t\t\t  \t\t\t\t\t\t<\/div>\n  \t\t\t\t\t\t  \t\t\t\t\t<\/div>\n          \t\t\t\t\t<div class=\"box-text text-left\" >\n\t\t\t\t\t<div class=\"box-text-inner blog-post-inner\">\n\n\t\t\t\t\t\n\t\t\t\t\t\t\t\t\t\t<h5 class=\"post-title is-large \">Les notes : Balogun, g\u00e2chette facile<\/h5>\n\t\t\t\t\t\t\t\t\t\t<div class=\"is-divider\"><\/div>\n\t\t\t\t\t\t\t\t\t\t<p class=\"from_the_blog_excerpt \">Folarin Balogun a de nouveau port\u00e9 l&rsquo;AS Monaco, en ouvrant le score contre Brest (2-0), [...]\t\t\t\t\t<\/p>\n\t\t\t\t\t                    \n\t\t\t\t\t\n\t\t\t\t\t\n\t\t\t\t\t<\/div>\n\t\t\t\t\t<\/div>\n\t\t\t\t\t\t\t\t\t\t\t\t\t\t\t\t<div class=\"badge absolute top post-date badge-outline\">\n\t\t\t\t\t\t\t<div class=\"badge-inner\">\n\t\t\t\t\t\t\t\t<span class=\"post-date-day\">16<\/span><br>\n\t\t\t\t\t\t\t\t<span class=\"post-date-month is-xsmall\">Mar<\/span>\n\t\t\t\t\t\t\t<\/div>\n\t\t\t\t\t\t<\/div>\n\t\t\t\t\t\t\t\t\t<\/div>\n\t\t\t\t<\/a>\n\t\t\t<\/div>\n\t\t<\/div><div class=\"col post-item\" >\n\t\t\t<div class=\"col-inner\">\n\t\t\t<a href=\"https:\/\/www.ladiagonale.net\/index.php\/2026\/03\/15\/les-u19-remportent-un-choc-crucial-contre-lom\/\" class=\"plain\">\n\t\t\t\t<div class=\"box box-vertical box-text-bottom box-blog-post has-hover\">\n          \t\t\t\t\t<div class=\"box-text text-left\" >\n\t\t\t\t\t<div class=\"box-text-inner blog-post-inner\">\n\n\t\t\t\t\t\n\t\t\t\t\t\t\t\t\t\t<h5 class=\"post-title is-large \">Les U19 remportent un choc crucial contre l\u2019OM<\/h5>\n\t\t\t\t\t<div class=\"post-meta is-small op-8\">15 mars 2026<\/div>\t\t\t\t\t<div class=\"is-divider\"><\/div>\n\t\t\t\t\t\t\t\t\t\t<p class=\"from_the_blog_excerpt \">C&rsquo;est un duel sommet qui a oppos\u00e9 les U19 de l&rsquo;AS Monaco \u00e0 ceux de [...]\t\t\t\t\t<\/p>\n\t\t\t\t\t                    \n\t\t\t\t\t\n\t\t\t\t\t\n\t\t\t\t\t<\/div>\n\t\t\t\t\t<\/div>\n\t\t\t\t\t\t\t\t\t<\/div>\n\t\t\t\t<\/a>\n\t\t\t<\/div>\n\t\t<\/div><div class=\"col post-item\" >\n\t\t\t<div class=\"col-inner\">\n\t\t\t<a href=\"https:\/\/www.ladiagonale.net\/index.php\/2026\/03\/15\/faes-on-a-envie-de-plus\/\" class=\"plain\">\n\t\t\t\t<div class=\"box box-vertical box-text-bottom box-blog-post has-hover\">\n          \t\t\t\t\t<div class=\"box-text text-left\" >\n\t\t\t\t\t<div class=\"box-text-inner blog-post-inner\">\n\n\t\t\t\t\t\n\t\t\t\t\t\t\t\t\t\t<h5 class=\"post-title is-large \">Faes : \u00ab&nbsp;On a envie de plus&nbsp;\u00bb<\/h5>\n\t\t\t\t\t<div class=\"post-meta is-small op-8\">15 mars 2026<\/div>\t\t\t\t\t<div class=\"is-divider\"><\/div>\n\t\t\t\t\t\t\t\t\t\t<p class=\"from_the_blog_excerpt \">Face \u00e0 Brest, samedi soir, l\u2019AS Monaco a poursuivi sa belle dynamique lors de la [...]\t\t\t\t\t<\/p>\n\t\t\t\t\t                    \n\t\t\t\t\t\n\t\t\t\t\t\n\t\t\t\t\t<\/div>\n\t\t\t\t\t<\/div>\n\t\t\t\t\t\t\t\t\t<\/div>\n\t\t\t\t<\/a>\n\t\t\t<\/div>\n\t\t<\/div><div class=\"col post-item\" >\n\t\t\t<div class=\"col-inner\">\n\t\t\t<a href=\"https:\/\/www.ladiagonale.net\/index.php\/2026\/03\/15\/pocognoli-un-beau-travail-collectif\/\" class=\"plain\">\n\t\t\t\t<div class=\"box box-vertical box-text-bottom box-blog-post has-hover\">\n          \t\t\t\t\t<div class=\"box-text text-left\" >\n\t\t\t\t\t<div class=\"box-text-inner blog-post-inner\">\n\n\t\t\t\t\t\n\t\t\t\t\t\t\t\t\t\t<h5 class=\"post-title is-large \">Pocognoli : \u00ab\u00a0Un beau travail collectif\u00a0\u00bb<\/h5>\n\t\t\t\t\t<div class=\"post-meta is-small op-8\">15 mars 2026<\/div>\t\t\t\t\t<div class=\"is-divider\"><\/div>\n\t\t\t\t\t\t\t\t\t\t<p class=\"from_the_blog_excerpt \">Samedi soir, l\u2019AS Monaco a remport\u00e9 sa cinqui\u00e8me victoire de rang en Championnat, contre Brest, [...]\t\t\t\t\t<\/p>\n\t\t\t\t\t                    \n\t\t\t\t\t\n\t\t\t\t\t\n\t\t\t\t\t<\/div>\n\t\t\t\t\t<\/div>\n\t\t\t\t\t\t\t\t\t<\/div>\n\t\t\t\t<\/a>\n\t\t\t<\/div>\n\t\t<\/div><div class=\"col post-item\" >\n\t\t\t<div class=\"col-inner\">\n\t\t\t<a href=\"https:\/\/www.ladiagonale.net\/index.php\/2026\/03\/14\/vainqueur-de-brest-2-0-monaco-poursuit-sa-belle-serie\/\" class=\"plain\">\n\t\t\t\t<div class=\"box box-vertical box-text-bottom box-blog-post has-hover\">\n            \t\t\t\t\t<div class=\"box-image\" style=\"width:43%;\">\n  \t\t\t\t\t\t<div class=\"image-cover\" style=\"padding-top:89%;\">\n  \t\t\t\t\t\t\t<img width=\"300\" height=\"169\" src=\"https:\/\/www.ladiagonale.net\/wp-content\/uploads\/2026\/03\/kehrer-celebration-slider-300x169.jpg\" class=\"attachment-medium size-medium wp-post-image\" alt=\"\" loading=\"lazy\" srcset=\"https:\/\/www.ladiagonale.net\/wp-content\/uploads\/2026\/03\/kehrer-celebration-slider-300x169.jpg 300w, https:\/\/www.ladiagonale.net\/wp-content\/uploads\/2026\/03\/kehrer-celebration-slider-1024x576.jpg 1024w, https:\/\/www.ladiagonale.net\/wp-content\/uploads\/2026\/03\/kehrer-celebration-slider-768x432.jpg 768w, https:\/\/www.ladiagonale.net\/wp-content\/uploads\/2026\/03\/kehrer-celebration-slider-128x72.jpg 128w, https:\/\/www.ladiagonale.net\/wp-content\/uploads\/2026\/03\/kehrer-celebration-slider-32x18.jpg 32w, https:\/\/www.ladiagonale.net\/wp-content\/uploads\/2026\/03\/kehrer-celebration-slider.jpg 1366w\" sizes=\"(max-width: 300px) 100vw, 300px\" \/>  \t\t\t\t\t\t\t  \t\t\t\t\t\t\t  \t\t\t\t\t\t<\/div>\n  \t\t\t\t\t\t  \t\t\t\t\t<\/div>\n          \t\t\t\t\t<div class=\"box-text text-left\" >\n\t\t\t\t\t<div class=\"box-text-inner blog-post-inner\">\n\n\t\t\t\t\t\n\t\t\t\t\t\t\t\t\t\t<h5 class=\"post-title is-large \">Vainqueur de Brest (2-0), Monaco poursuit sa belle s\u00e9rie<\/h5>\n\t\t\t\t\t\t\t\t\t\t<div class=\"is-divider\"><\/div>\n\t\t\t\t\t\t\t\t\t\t<p class=\"from_the_blog_excerpt \">\u00c0 la fin de l&rsquo;automne, l&rsquo;AS Monaco avait d\u00e9j\u00e0 d\u00fb encha\u00eener deux rencontres face \u00e0 [...]\t\t\t\t\t<\/p>\n\t\t\t\t\t                    \n\t\t\t\t\t\n\t\t\t\t\t\n\t\t\t\t\t<\/div>\n\t\t\t\t\t<\/div>\n\t\t\t\t\t\t\t\t\t\t\t\t\t\t\t\t<div class=\"badge absolute top post-date badge-outline\">\n\t\t\t\t\t\t\t<div class=\"badge-inner\">\n\t\t\t\t\t\t\t\t<span class=\"post-date-day\">14<\/span><br>\n\t\t\t\t\t\t\t\t<span class=\"post-date-month is-xsmall\">Mar<\/span>\n\t\t\t\t\t\t\t<\/div>\n\t\t\t\t\t\t<\/div>\n\t\t\t\t\t\t\t\t\t<\/div>\n\t\t\t\t<\/a>\n\t\t\t<\/div>\n\t\t<\/div><div class=\"col post-item\" >\n\t\t\t<div class=\"col-inner\">\n\t\t\t<a href=\"https:\/\/www.ladiagonale.net\/index.php\/2026\/03\/14\/les-compositions-teze-et-adingra-titulaires\/\" class=\"plain\">\n\t\t\t\t<div class=\"box box-vertical box-text-bottom box-blog-post has-hover\">\n          \t\t\t\t\t<div class=\"box-text text-left\" >\n\t\t\t\t\t<div class=\"box-text-inner blog-post-inner\">\n\n\t\t\t\t\t\n\t\t\t\t\t\t\t\t\t\t<h5 class=\"post-title is-large \">Les compositions : Teze et Adingra titulaires<\/h5>\n\t\t\t\t\t<div class=\"post-meta is-small op-8\">14 mars 2026<\/div>\t\t\t\t\t<div class=\"is-divider\"><\/div>\n\t\t\t\t\t\t\t\t\t\t<p class=\"from_the_blog_excerpt \">Confront\u00e9 aux blessures de Caio Henrique et de Vanderson, S\u00e9bastien Pocognoli doit renouveler ses pistons. [...]\t\t\t\t\t<\/p>\n\t\t\t\t\t                    \n\t\t\t\t\t\n\t\t\t\t\t\n\t\t\t\t\t<\/div>\n\t\t\t\t\t<\/div>\n\t\t\t\t\t\t\t\t\t<\/div>\n\t\t\t\t<\/a>\n\t\t\t<\/div>\n\t\t<\/div><div class=\"col post-item\" >\n\t\t\t<div class=\"col-inner\">\n\t\t\t<a href=\"https:\/\/www.ladiagonale.net\/index.php\/2026\/03\/14\/le-groupe-monegasque-avec-hradecky-et-ouattara\/\" class=\"plain\">\n\t\t\t\t<div class=\"box box-vertical box-text-bottom box-blog-post has-hover\">\n          \t\t\t\t\t<div class=\"box-text text-left\" >\n\t\t\t\t\t<div class=\"box-text-inner blog-post-inner\">\n\n\t\t\t\t\t\n\t\t\t\t\t\t\t\t\t\t<h5 class=\"post-title is-large \">Le groupe mon\u00e9gasque : avec Hradecky et Ouattara<\/h5>\n\t\t\t\t\t<div class=\"post-meta is-small op-8\">14 mars 2026<\/div>\t\t\t\t\t<div class=\"is-divider\"><\/div>\n\t\t\t\t\t\t\t\t\t\t<p class=\"from_the_blog_excerpt \">L&rsquo;AS Monaco enregistre deux retours pour la r\u00e9ception de Brest, ce samedi (21h05). Lukas Hradecky, [...]\t\t\t\t\t<\/p>\n\t\t\t\t\t                    \n\t\t\t\t\t\n\t\t\t\t\t\n\t\t\t\t\t<\/div>\n\t\t\t\t\t<\/div>\n\t\t\t\t\t\t\t\t\t<\/div>\n\t\t\t\t<\/a>\n\t\t\t<\/div>\n\t\t<\/div><div class=\"col post-item\" >\n\t\t\t<div class=\"col-inner\">\n\t\t\t<a href=\"https:\/\/www.ladiagonale.net\/index.php\/2026\/03\/14\/golovin-selectionne-avec-la-russie\/\" class=\"plain\">\n\t\t\t\t<div class=\"box box-vertical box-text-bottom box-blog-post has-hover\">\n          \t\t\t\t\t<div class=\"box-text text-left\" >\n\t\t\t\t\t<div class=\"box-text-inner blog-post-inner\">\n\n\t\t\t\t\t\n\t\t\t\t\t\t\t\t\t\t<h5 class=\"post-title is-large \">Golovin s\u00e9lectionn\u00e9 avec la Russie<\/h5>\n\t\t\t\t\t<div class=\"post-meta is-small op-8\">14 mars 2026<\/div>\t\t\t\t\t<div class=\"is-divider\"><\/div>\n\t\t\t\t\t\t\t\t\t\t<p class=\"from_the_blog_excerpt \">La tr\u00eave internationale va bient\u00f4t d\u00e9buter et les premi\u00e8res s\u00e9lections sont annonc\u00e9es du c\u00f4t\u00e9 de [...]\t\t\t\t\t<\/p>\n\t\t\t\t\t                    \n\t\t\t\t\t\n\t\t\t\t\t\n\t\t\t\t\t<\/div>\n\t\t\t\t\t<\/div>\n\t\t\t\t\t\t\t\t\t<\/div>\n\t\t\t\t<\/a>\n\t\t\t<\/div>\n\t\t<\/div><div class=\"col post-item\" >\n\t\t\t<div class=\"col-inner\">\n\t\t\t<a href=\"https:\/\/www.ladiagonale.net\/index.php\/2026\/03\/13\/roy-monaco-est-revenu-dans-le-game\/\" class=\"plain\">\n\t\t\t\t<div class=\"box box-vertical box-text-bottom box-blog-post has-hover\">\n          \t\t\t\t\t<div class=\"box-text text-left\" >\n\t\t\t\t\t<div class=\"box-text-inner blog-post-inner\">\n\n\t\t\t\t\t\n\t\t\t\t\t\t\t\t\t\t<h5 class=\"post-title is-large \">Roy : \u00ab&nbsp;Monaco est revenu dans le game&nbsp;\u00bb<\/h5>\n\t\t\t\t\t<div class=\"post-meta is-small op-8\">13 mars 2026<\/div>\t\t\t\t\t<div class=\"is-divider\"><\/div>\n\t\t\t\t\t\t\t\t\t\t<p class=\"from_the_blog_excerpt \">Ce samedi, ce sont les deux \u00e9quipes les plus en forme de Ligue 1 qui [...]\t\t\t\t\t<\/p>\n\t\t\t\t\t                    \n\t\t\t\t\t\n\t\t\t\t\t\n\t\t\t\t\t<\/div>\n\t\t\t\t\t<\/div>\n\t\t\t\t\t\t\t\t\t<\/div>\n\t\t\t\t<\/a>\n\t\t\t<\/div>\n\t\t<\/div><div class=\"col post-item\" >\n\t\t\t<div class=\"col-inner\">\n\t\t\t<a href=\"https:\/\/www.ladiagonale.net\/index.php\/2026\/03\/13\/akliouche-jessaie-de-montrer-le-chemin-par-mon-football\/\" class=\"plain\">\n\t\t\t\t<div class=\"box box-vertical box-text-bottom box-blog-post has-hover\">\n          \t\t\t\t\t<div class=\"box-text text-left\" >\n\t\t\t\t\t<div class=\"box-text-inner blog-post-inner\">\n\n\t\t\t\t\t\n\t\t\t\t\t\t\t\t\t\t<h5 class=\"post-title is-large \">Akliouche : \u00ab&nbsp;J\u2019essaie de montrer le chemin par mon football&nbsp;\u00bb<\/h5>\n\t\t\t\t\t<div class=\"post-meta is-small op-8\">13 mars 2026<\/div>\t\t\t\t\t<div class=\"is-divider\"><\/div>\n\t\t\t\t\t\t\t\t\t\t<p class=\"from_the_blog_excerpt \">Maghnes Akliouche n\u2019a pas connu une saison lin\u00e9aire, avec des p\u00e9riodes de creux. Dans un [...]\t\t\t\t\t<\/p>\n\t\t\t\t\t                    \n\t\t\t\t\t\n\t\t\t\t\t\n\t\t\t\t\t<\/div>\n\t\t\t\t\t<\/div>\n\t\t\t\t\t\t\t\t\t<\/div>\n\t\t\t\t<\/a>\n\t\t\t<\/div>\n\t\t<\/div><div class=\"col post-item\" >\n\t\t\t<div class=\"col-inner\">\n\t\t\t<a href=\"https:\/\/www.ladiagonale.net\/index.php\/2026\/03\/13\/on-laccueillera-avec-le-sourire-pocognoli-serein-avec-pignard\/\" class=\"plain\">\n\t\t\t\t<div class=\"box box-vertical box-text-bottom box-blog-post has-hover\">\n          \t\t\t\t\t<div class=\"box-text text-left\" >\n\t\t\t\t\t<div class=\"box-text-inner blog-post-inner\">\n\n\t\t\t\t\t\n\t\t\t\t\t\t\t\t\t\t<h5 class=\"post-title is-large \">\u00ab&nbsp;On l\u2019accueillera avec le sourire&nbsp;\u00bb : Pocognoli serein avec Pignard<\/h5>\n\t\t\t\t\t<div class=\"post-meta is-small op-8\">13 mars 2026<\/div>\t\t\t\t\t<div class=\"is-divider\"><\/div>\n\t\t\t\t\t\t\t\t\t\t<p class=\"from_the_blog_excerpt \">L\u2019AS Monaco va retrouver J\u00e9r\u00e9mie Pignard au sifflet lors d\u2019une importante rencontre contre Brest, samedi [...]\t\t\t\t\t<\/p>\n\t\t\t\t\t                    \n\t\t\t\t\t\n\t\t\t\t\t\n\t\t\t\t\t<\/div>\n\t\t\t\t\t<\/div>\n\t\t\t\t\t\t\t\t\t<\/div>\n\t\t\t\t<\/a>\n\t\t\t<\/div>\n\t\t<\/div><div class=\"col post-item\" >\n\t\t\t<div class=\"col-inner\">\n\t\t\t<a href=\"https:\/\/www.ladiagonale.net\/index.php\/2026\/03\/13\/kehrer-veut-finir-la-saison-le-plus-fort-possible\/\" class=\"plain\">\n\t\t\t\t<div class=\"box box-vertical box-text-bottom box-blog-post has-hover\">\n          \t\t\t\t\t<div class=\"box-text text-left\" >\n\t\t\t\t\t<div class=\"box-text-inner blog-post-inner\">\n\n\t\t\t\t\t\n\t\t\t\t\t\t\t\t\t\t<h5 class=\"post-title is-large \">Kehrer veut finir la saison \u00ab&nbsp;le plus fort possible&nbsp;\u00bb<\/h5>\n\t\t\t\t\t<div class=\"post-meta is-small op-8\">13 mars 2026<\/div>\t\t\t\t\t<div class=\"is-divider\"><\/div>\n\t\t\t\t\t\t\t\t\t\t<p class=\"from_the_blog_excerpt \">Il ne reste plus que neuf rencontres \u00e0 disputer en Championnat cette saison et l\u2019AS [...]\t\t\t\t\t<\/p>\n\t\t\t\t\t                    \n\t\t\t\t\t\n\t\t\t\t\t\n\t\t\t\t\t<\/div>\n\t\t\t\t\t<\/div>\n\t\t\t\t\t\t\t\t\t<\/div>\n\t\t\t\t<\/a>\n\t\t\t<\/div>\n\t\t<\/div><div class=\"col post-item\" >\n\t\t\t<div class=\"col-inner\">\n\t\t\t<a href=\"https:\/\/www.ladiagonale.net\/index.php\/2026\/03\/13\/pocognoli-lequipe-a-grandi-physiquement\/\" class=\"plain\">\n\t\t\t\t<div class=\"box box-vertical box-text-bottom box-blog-post has-hover\">\n          \t\t\t\t\t<div class=\"box-text text-left\" >\n\t\t\t\t\t<div class=\"box-text-inner blog-post-inner\">\n\n\t\t\t\t\t\n\t\t\t\t\t\t\t\t\t\t<h5 class=\"post-title is-large \">Pocognoli : \u00ab&nbsp;L\u2019\u00e9quipe a grandi physiquement&nbsp;\u00bb<\/h5>\n\t\t\t\t\t<div class=\"post-meta is-small op-8\">13 mars 2026<\/div>\t\t\t\t\t<div class=\"is-divider\"><\/div>\n\t\t\t\t\t\t\t\t\t\t<p class=\"from_the_blog_excerpt \">L\u2019AS Monaco aborde les prochaines \u00e9ch\u00e9ances avec une plus grande confiance, d\u00e9sormais. Ses r\u00e9sultats se [...]\t\t\t\t\t<\/p>\n\t\t\t\t\t                    \n\t\t\t\t\t\n\t\t\t\t\t\n\t\t\t\t\t<\/div>\n\t\t\t\t\t<\/div>\n\t\t\t\t\t\t\t\t\t<\/div>\n\t\t\t\t<\/a>\n\t\t\t<\/div>\n\t\t<\/div><div class=\"col post-item\" >\n\t\t\t<div class=\"col-inner\">\n\t\t\t<a href=\"https:\/\/www.ladiagonale.net\/index.php\/2026\/03\/12\/dier-pas-encore-apte-ouattara-postule-pour-une-place-dans-le-groupe\/\" class=\"plain\">\n\t\t\t\t<div class=\"box box-vertical box-text-bottom box-blog-post has-hover\">\n          \t\t\t\t\t<div class=\"box-text text-left\" >\n\t\t\t\t\t<div class=\"box-text-inner blog-post-inner\">\n\n\t\t\t\t\t\n\t\t\t\t\t\t\t\t\t\t<h5 class=\"post-title is-large \">Dier pas encore apte, Ouattara postule pour une place dans le groupe<\/h5>\n\t\t\t\t\t<div class=\"post-meta is-small op-8\">12 mars 2026<\/div>\t\t\t\t\t<div class=\"is-divider\"><\/div>\n\t\t\t\t\t\t\t\t\t\t<p class=\"from_the_blog_excerpt \">L\u2019AS Monaco aura encore beaucoup d\u2019absents pour affronter Brest, ce samedi (21h05). Outre les graves [...]\t\t\t\t\t<\/p>\n\t\t\t\t\t                    \n\t\t\t\t\t\n\t\t\t\t\t\n\t\t\t\t\t<\/div>\n\t\t\t\t\t<\/div>\n\t\t\t\t\t\t\t\t\t<\/div>\n\t\t\t\t<\/a>\n\t\t\t<\/div>\n\t\t<\/div><div class=\"col post-item\" >\n\t\t\t<div class=\"col-inner\">\n\t\t\t<a href=\"https:\/\/www.ladiagonale.net\/index.php\/2026\/03\/12\/hradecky-titulaire-face-a-brest\/\" class=\"plain\">\n\t\t\t\t<div class=\"box box-vertical box-text-bottom box-blog-post has-hover\">\n          \t\t\t\t\t<div class=\"box-text text-left\" >\n\t\t\t\t\t<div class=\"box-text-inner blog-post-inner\">\n\n\t\t\t\t\t\n\t\t\t\t\t\t\t\t\t\t<h5 class=\"post-title is-large \">Hradecky titulaire face \u00e0 Brest<\/h5>\n\t\t\t\t\t<div class=\"post-meta is-small op-8\">12 mars 2026<\/div>\t\t\t\t\t<div class=\"is-divider\"><\/div>\n\t\t\t\t\t\t\t\t\t\t<p class=\"from_the_blog_excerpt \">Ce samedi, l\u2019AS Monaco va enregistrer le retour \u00e0 la comp\u00e9tition de Lukas Hradecky. Le [...]\t\t\t\t\t<\/p>\n\t\t\t\t\t                    \n\t\t\t\t\t\n\t\t\t\t\t\n\t\t\t\t\t<\/div>\n\t\t\t\t\t<\/div>\n\t\t\t\t\t\t\t\t\t<\/div>\n\t\t\t\t<\/a>\n\t\t\t<\/div>\n\t\t<\/div><div class=\"col post-item\" >\n\t\t\t<div class=\"col-inner\">\n\t\t\t<a href=\"https:\/\/www.ladiagonale.net\/index.php\/2026\/03\/12\/la-rencontre-face-au-paris-fc-avancee-au-10-avril\/\" class=\"plain\">\n\t\t\t\t<div class=\"box box-vertical box-text-bottom box-blog-post has-hover\">\n          \t\t\t\t\t<div class=\"box-text text-left\" >\n\t\t\t\t\t<div class=\"box-text-inner blog-post-inner\">\n\n\t\t\t\t\t\n\t\t\t\t\t\t\t\t\t\t<h5 class=\"post-title is-large \">La rencontre face au Paris FC avanc\u00e9e au 10 avril<\/h5>\n\t\t\t\t\t<div class=\"post-meta is-small op-8\">12 mars 2026<\/div>\t\t\t\t\t<div class=\"is-divider\"><\/div>\n\t\t\t\t\t\t\t\t\t\t<p class=\"from_the_blog_excerpt \">L\u2019AS Monaco aurait d\u00fb affronter le Paris FC le dimanche 12 avril \u00e0 15 heures, [...]\t\t\t\t\t<\/p>\n\t\t\t\t\t                    \n\t\t\t\t\t\n\t\t\t\t\t\n\t\t\t\t\t<\/div>\n\t\t\t\t\t<\/div>\n\t\t\t\t\t\t\t\t\t<\/div>\n\t\t\t\t<\/a>\n\t\t\t<\/div>\n\t\t<\/div><div class=\"col post-item\" >\n\t\t\t<div class=\"col-inner\">\n\t\t\t<a href=\"https:\/\/www.ladiagonale.net\/index.php\/2026\/03\/11\/monaco-deboute-de-son-appel-pour-le-carton-jaune-de-camara-face-au-psg\/\" class=\"plain\">\n\t\t\t\t<div class=\"box box-vertical box-text-bottom box-blog-post has-hover\">\n          \t\t\t\t\t<div class=\"box-text text-left\" >\n\t\t\t\t\t<div class=\"box-text-inner blog-post-inner\">\n\n\t\t\t\t\t\n\t\t\t\t\t\t\t\t\t\t<h5 class=\"post-title is-large \">Monaco d\u00e9bout\u00e9 de son appel pour le carton jaune de Camara face au PSG<\/h5>\n\t\t\t\t\t<div class=\"post-meta is-small op-8\">11 mars 2026<\/div>\t\t\t\t\t<div class=\"is-divider\"><\/div>\n\t\t\t\t\t\t\t\t\t\t<p class=\"from_the_blog_excerpt \">Auteur d\u2019une grosse prestation, vendredi dernier, lors de la victoire de l\u2019AS Monaco contre le [...]\t\t\t\t\t<\/p>\n\t\t\t\t\t                    \n\t\t\t\t\t\n\t\t\t\t\t\n\t\t\t\t\t<\/div>\n\t\t\t\t\t<\/div>\n\t\t\t\t\t\t\t\t\t<\/div>\n\t\t\t\t<\/a>\n\t\t\t<\/div>\n\t\t<\/div><div class=\"col post-item\" >\n\t\t\t<div class=\"col-inner\">\n\t\t\t<a href=\"https:\/\/www.ladiagonale.net\/index.php\/2026\/03\/11\/pignard-au-sifflet-pour-monaco-brest\/\" class=\"plain\">\n\t\t\t\t<div class=\"box box-vertical box-text-bottom box-blog-post has-hover\">\n          \t\t\t\t\t<div class=\"box-text text-left\" >\n\t\t\t\t\t<div class=\"box-text-inner blog-post-inner\">\n\n\t\t\t\t\t\n\t\t\t\t\t\t\t\t\t\t<h5 class=\"post-title is-large \">Pignard au sifflet pour Monaco-Brest<\/h5>\n\t\t\t\t\t<div class=\"post-meta is-small op-8\">11 mars 2026<\/div>\t\t\t\t\t<div class=\"is-divider\"><\/div>\n\t\t\t\t\t\t\t\t\t\t<p class=\"from_the_blog_excerpt \">Samedi soir (21h05), l\u2019AS Monaco recevra le Stade Brestois dans le cadre de la 26e [...]\t\t\t\t\t<\/p>\n\t\t\t\t\t                    \n\t\t\t\t\t\n\t\t\t\t\t\n\t\t\t\t\t<\/div>\n\t\t\t\t\t<\/div>\n\t\t\t\t\t\t\t\t\t<\/div>\n\t\t\t\t<\/a>\n\t\t\t<\/div>\n\t\t<\/div><div class=\"col post-item\" >\n\t\t\t<div class=\"col-inner\">\n\t\t\t<a href=\"https:\/\/www.ladiagonale.net\/index.php\/2026\/03\/10\/le-groupe-elite-bat-nice-avec-brunner-et-idumbo\/\" class=\"plain\">\n\t\t\t\t<div class=\"box box-vertical box-text-bottom box-blog-post has-hover\">\n          \t\t\t\t\t<div class=\"box-text text-left\" >\n\t\t\t\t\t<div class=\"box-text-inner blog-post-inner\">\n\n\t\t\t\t\t\n\t\t\t\t\t\t\t\t\t\t<h5 class=\"post-title is-large \">Le Groupe \u00c9lite bat Nice avec Brunner et Idumbo<\/h5>\n\t\t\t\t\t<div class=\"post-meta is-small op-8\">10 mars 2026<\/div>\t\t\t\t\t<div class=\"is-divider\"><\/div>\n\t\t\t\t\t\t\t\t\t\t<p class=\"from_the_blog_excerpt \">Apr\u00e8s deux d\u00e9faites aux tirs au but contre Saint-\u00c9tienne et Montpellier, le Groupe \u00c9lite se [...]\t\t\t\t\t<\/p>\n\t\t\t\t\t                    \n\t\t\t\t\t\n\t\t\t\t\t\n\t\t\t\t\t<\/div>\n\t\t\t\t\t<\/div>\n\t\t\t\t\t\t\t\t\t<\/div>\n\t\t\t\t<\/a>\n\t\t\t<\/div>\n\t\t<\/div><div class=\"col post-item\" >\n\t\t\t<div class=\"col-inner\">\n\t\t\t<a href=\"https:\/\/www.ladiagonale.net\/index.php\/2026\/03\/10\/podcast-masterclass-au-parc-podium-en-vue\/\" class=\"plain\">\n\t\t\t\t<div class=\"box box-vertical box-text-bottom box-blog-post has-hover\">\n          \t\t\t\t\t<div class=\"box-text text-left\" >\n\t\t\t\t\t<div class=\"box-text-inner blog-post-inner\">\n\n\t\t\t\t\t\n\t\t\t\t\t\t\t\t\t\t<h5 class=\"post-title is-large \">Podcast : masterclass au Parc, podium en vue<\/h5>\n\t\t\t\t\t<div class=\"post-meta is-small op-8\">10 mars 2026<\/div>\t\t\t\t\t<div class=\"is-divider\"><\/div>\n\t\t\t\t\t\t\t\t\t\t<p class=\"from_the_blog_excerpt \">L&rsquo;AS Monaco a donn\u00e9 une v\u00e9ritable le\u00e7on tactique au Paris Saint-Germain et se rapproche du [...]\t\t\t\t\t<\/p>\n\t\t\t\t\t                    \n\t\t\t\t\t\n\t\t\t\t\t\n\t\t\t\t\t<\/div>\n\t\t\t\t\t<\/div>\n\t\t\t\t\t\t\t\t\t<\/div>\n\t\t\t\t<\/a>\n\t\t\t<\/div>\n\t\t<\/div><div class=\"col post-item\" >\n\t\t\t<div class=\"col-inner\">\n\t\t\t<a href=\"https:\/\/www.ladiagonale.net\/index.php\/2026\/03\/10\/vanderson-va-etre-opere-et-pourrait-rater-la-coupe-du-monde\/\" class=\"plain\">\n\t\t\t\t<div class=\"box box-vertical box-text-bottom box-blog-post has-hover\">\n          \t\t\t\t\t<div class=\"box-text text-left\" >\n\t\t\t\t\t<div class=\"box-text-inner blog-post-inner\">\n\n\t\t\t\t\t\n\t\t\t\t\t\t\t\t\t\t<h5 class=\"post-title is-large \">Vanderson va \u00eatre op\u00e9r\u00e9 et pourrait rater la Coupe du monde<\/h5>\n\t\t\t\t\t<div class=\"post-meta is-small op-8\">10 mars 2026<\/div>\t\t\t\t\t<div class=\"is-divider\"><\/div>\n\t\t\t\t\t\t\t\t\t\t<p class=\"from_the_blog_excerpt \">Sorti sur blessure \u00e0 la 15e minute de jeu contre le Paris Saint-Germain, vendredi, Vanderson [...]\t\t\t\t\t<\/p>\n\t\t\t\t\t                    \n\t\t\t\t\t\n\t\t\t\t\t\n\t\t\t\t\t<\/div>\n\t\t\t\t\t<\/div>\n\t\t\t\t\t\t\t\t\t<\/div>\n\t\t\t\t<\/a>\n\t\t\t<\/div>\n\t\t<\/div><div class=\"col post-item\" >\n\t\t\t<div class=\"col-inner\">\n\t\t\t<a href=\"https:\/\/www.ladiagonale.net\/index.php\/2026\/03\/09\/monaco-reprend-du-terrain-sur-la-troisieme-place\/\" class=\"plain\">\n\t\t\t\t<div class=\"box box-vertical box-text-bottom box-blog-post has-hover\">\n          \t\t\t\t\t<div class=\"box-text text-left\" >\n\t\t\t\t\t<div class=\"box-text-inner blog-post-inner\">\n\n\t\t\t\t\t\n\t\t\t\t\t\t\t\t\t\t<h5 class=\"post-title is-large \">Monaco reprend du terrain sur la troisi\u00e8me place<\/h5>\n\t\t\t\t\t<div class=\"post-meta is-small op-8\">9 mars 2026<\/div>\t\t\t\t\t<div class=\"is-divider\"><\/div>\n\t\t\t\t\t\t\t\t\t\t<p class=\"from_the_blog_excerpt \">Questionn\u00e9 en conf\u00e9rence de presse sur l\u2019objectif r\u00e9aliste de la troisi\u00e8me place, S\u00e9bastien Pocognoli se [...]\t\t\t\t\t<\/p>\n\t\t\t\t\t                    \n\t\t\t\t\t\n\t\t\t\t\t\n\t\t\t\t\t<\/div>\n\t\t\t\t\t<\/div>\n\t\t\t\t\t\t\t\t\t<\/div>\n\t\t\t\t<\/a>\n\t\t\t<\/div>\n\t\t<\/div><div class=\"col post-item\" >\n\t\t\t<div class=\"col-inner\">\n\t\t\t<a href=\"https:\/\/www.ladiagonale.net\/index.php\/2026\/03\/09\/les-u17-corrigent-nimes\/\" class=\"plain\">\n\t\t\t\t<div class=\"box box-vertical box-text-bottom box-blog-post has-hover\">\n          \t\t\t\t\t<div class=\"box-text text-left\" >\n\t\t\t\t\t<div class=\"box-text-inner blog-post-inner\">\n\n\t\t\t\t\t\n\t\t\t\t\t\t\t\t\t\t<h5 class=\"post-title is-large \">Les U17 corrigent N\u00eemes<\/h5>\n\t\t\t\t\t<div class=\"post-meta is-small op-8\">9 mars 2026<\/div>\t\t\t\t\t<div class=\"is-divider\"><\/div>\n\t\t\t\t\t\t\t\t\t\t<p class=\"from_the_blog_excerpt \">Apr\u00e8s un mois sans match de Championnat, les U17 de l\u2019AS Monaco ont retrouv\u00e9 la [...]\t\t\t\t\t<\/p>\n\t\t\t\t\t                    \n\t\t\t\t\t\n\t\t\t\t\t\n\t\t\t\t\t<\/div>\n\t\t\t\t\t<\/div>\n\t\t\t\t\t\t\t\t\t<\/div>\n\t\t\t\t<\/a>\n\t\t\t<\/div>\n\t\t<\/div><div class=\"col post-item\" >\n\t\t\t<div class=\"col-inner\">\n\t\t\t<a href=\"https:\/\/www.ladiagonale.net\/index.php\/2026\/03\/09\/balogun-nomme-au-trophee-unfp-du-joueur-du-mois-de-fevrier\/\" class=\"plain\">\n\t\t\t\t<div class=\"box box-vertical box-text-bottom box-blog-post has-hover\">\n          \t\t\t\t\t<div class=\"box-text text-left\" >\n\t\t\t\t\t<div class=\"box-text-inner blog-post-inner\">\n\n\t\t\t\t\t\n\t\t\t\t\t\t\t\t\t\t<h5 class=\"post-title is-large \">Balogun nomm\u00e9 au Troph\u00e9e UNFP du joueur du mois de f\u00e9vrier<\/h5>\n\t\t\t\t\t<div class=\"post-meta is-small op-8\">9 mars 2026<\/div>\t\t\t\t\t<div class=\"is-divider\"><\/div>\n\t\t\t\t\t\t\t\t\t\t<p class=\"from_the_blog_excerpt \">Folarin Balogun a pris une nouvelle dimension cette saison, en particulier depuis l&rsquo;arriv\u00e9e de S\u00e9bastien [...]\t\t\t\t\t<\/p>\n\t\t\t\t\t                    \n\t\t\t\t\t\n\t\t\t\t\t\n\t\t\t\t\t<\/div>\n\t\t\t\t\t<\/div>\n\t\t\t\t\t\t\t\t\t<\/div>\n\t\t\t\t<\/a>\n\t\t\t<\/div>\n\t\t<\/div><div class=\"col post-item\" >\n\t\t\t<div class=\"col-inner\">\n\t\t\t<a href=\"https:\/\/www.ladiagonale.net\/index.php\/2026\/03\/09\/monaco-meilleure-equipe-de-la-25e-journee\/\" class=\"plain\">\n\t\t\t\t<div class=\"box box-vertical box-text-bottom box-blog-post has-hover\">\n          \t\t\t\t\t<div class=\"box-text text-left\" >\n\t\t\t\t\t<div class=\"box-text-inner blog-post-inner\">\n\n\t\t\t\t\t\n\t\t\t\t\t\t\t\t\t\t<h5 class=\"post-title is-large \">Monaco, meilleure \u00e9quipe de la 25e journ\u00e9e<\/h5>\n\t\t\t\t\t<div class=\"post-meta is-small op-8\">9 mars 2026<\/div>\t\t\t\t\t<div class=\"is-divider\"><\/div>\n\t\t\t\t\t\t\t\t\t\t<p class=\"from_the_blog_excerpt \">C&rsquo;est une v\u00e9ritable le\u00e7on tactique que l&rsquo;AS Monaco de S\u00e9bastien Pocognoli a inflig\u00e9e au Paris [...]\t\t\t\t\t<\/p>\n\t\t\t\t\t                    \n\t\t\t\t\t\n\t\t\t\t\t\n\t\t\t\t\t<\/div>\n\t\t\t\t\t<\/div>\n\t\t\t\t\t\t\t\t\t<\/div>\n\t\t\t\t<\/a>\n\t\t\t<\/div>\n\t\t<\/div><div class=\"col post-item\" >\n\t\t\t<div class=\"col-inner\">\n\t\t\t<a href=\"https:\/\/www.ladiagonale.net\/index.php\/2026\/03\/09\/une-prolongation-de-diatta-ne-serait-pas-a-lordre-du-jour\/\" class=\"plain\">\n\t\t\t\t<div class=\"box box-vertical box-text-bottom box-blog-post has-hover\">\n          \t\t\t\t\t<div class=\"box-text text-left\" >\n\t\t\t\t\t<div class=\"box-text-inner blog-post-inner\">\n\n\t\t\t\t\t\n\t\t\t\t\t\t\t\t\t\t<h5 class=\"post-title is-large \">Une prolongation de Diatta ne serait pas \u00e0 l\u2019ordre du jour<\/h5>\n\t\t\t\t\t<div class=\"post-meta is-small op-8\">9 mars 2026<\/div>\t\t\t\t\t<div class=\"is-divider\"><\/div>\n\t\t\t\t\t\t\t\t\t\t<p class=\"from_the_blog_excerpt \">En juin prochain, Kr\u00e9pin Diatta se retrouvera en fin de contrat avec l\u2019AS Monaco. S\u2019il [...]\t\t\t\t\t<\/p>\n\t\t\t\t\t                    \n\t\t\t\t\t\n\t\t\t\t\t\n\t\t\t\t\t<\/div>\n\t\t\t\t\t<\/div>\n\t\t\t\t\t\t\t\t\t<\/div>\n\t\t\t\t<\/a>\n\t\t\t<\/div>\n\t\t<\/div><div class=\"col post-item\" >\n\t\t\t<div class=\"col-inner\">\n\t\t\t<a href=\"https:\/\/www.ladiagonale.net\/index.php\/2026\/03\/07\/les-notes-pocognoli-a-tout-reussi\/\" class=\"plain\">\n\t\t\t\t<div class=\"box box-vertical box-text-bottom box-blog-post has-hover\">\n            \t\t\t\t\t<div class=\"box-image\" style=\"width:43%;\">\n  \t\t\t\t\t\t<div class=\"image-cover\" style=\"padding-top:89%;\">\n  \t\t\t\t\t\t\t<img width=\"300\" height=\"168\" src=\"https:\/\/www.ladiagonale.net\/wp-content\/uploads\/2026\/03\/Pocognoli9-300x168.png\" class=\"attachment-medium size-medium wp-post-image\" alt=\"\" loading=\"lazy\" srcset=\"https:\/\/www.ladiagonale.net\/wp-content\/uploads\/2026\/03\/Pocognoli9-300x168.png 300w, https:\/\/www.ladiagonale.net\/wp-content\/uploads\/2026\/03\/Pocognoli9-1024x574.png 1024w, https:\/\/www.ladiagonale.net\/wp-content\/uploads\/2026\/03\/Pocognoli9-768x430.png 768w, https:\/\/www.ladiagonale.net\/wp-content\/uploads\/2026\/03\/Pocognoli9-128x72.png 128w, https:\/\/www.ladiagonale.net\/wp-content\/uploads\/2026\/03\/Pocognoli9-32x18.png 32w, https:\/\/www.ladiagonale.net\/wp-content\/uploads\/2026\/03\/Pocognoli9.png 1160w\" sizes=\"(max-width: 300px) 100vw, 300px\" \/>  \t\t\t\t\t\t\t  \t\t\t\t\t\t\t  \t\t\t\t\t\t<\/div>\n  \t\t\t\t\t\t  \t\t\t\t\t<\/div>\n          \t\t\t\t\t<div class=\"box-text text-left\" >\n\t\t\t\t\t<div class=\"box-text-inner blog-post-inner\">\n\n\t\t\t\t\t\n\t\t\t\t\t\t\t\t\t\t<h5 class=\"post-title is-large \">Les notes : Pocognoli a tout r\u00e9ussi<\/h5>\n\t\t\t\t\t\t\t\t\t\t<div class=\"is-divider\"><\/div>\n\t\t\t\t\t\t\t\t\t\t<p class=\"from_the_blog_excerpt \">Dans la lign\u00e9e des trois premi\u00e8res rencontres d\u00e9j\u00e0 abouties contre le PSG, le Monaco de [...]\t\t\t\t\t<\/p>\n\t\t\t\t\t                    \n\t\t\t\t\t\n\t\t\t\t\t\n\t\t\t\t\t<\/div>\n\t\t\t\t\t<\/div>\n\t\t\t\t\t\t\t\t\t\t\t\t\t\t\t\t<div class=\"badge absolute top post-date badge-outline\">\n\t\t\t\t\t\t\t<div class=\"badge-inner\">\n\t\t\t\t\t\t\t\t<span class=\"post-date-day\">07<\/span><br>\n\t\t\t\t\t\t\t\t<span class=\"post-date-month is-xsmall\">Mar<\/span>\n\t\t\t\t\t\t\t<\/div>\n\t\t\t\t\t\t<\/div>\n\t\t\t\t\t\t\t\t\t<\/div>\n\t\t\t\t<\/a>\n\t\t\t<\/div>\n\t\t<\/div><div class=\"col post-item\" >\n\t\t\t<div class=\"col-inner\">\n\t\t\t<a href=\"https:\/\/www.ladiagonale.net\/index.php\/2026\/03\/07\/monaco-face-au-paris-fc-le-12-avril\/\" class=\"plain\">\n\t\t\t\t<div class=\"box box-vertical box-text-bottom box-blog-post has-hover\">\n          \t\t\t\t\t<div class=\"box-text text-left\" >\n\t\t\t\t\t<div class=\"box-text-inner blog-post-inner\">\n\n\t\t\t\t\t\n\t\t\t\t\t\t\t\t\t\t<h5 class=\"post-title is-large \">Monaco face au Paris FC le 12 avril<\/h5>\n\t\t\t\t\t<div class=\"post-meta is-small op-8\">7 mars 2026<\/div>\t\t\t\t\t<div class=\"is-divider\"><\/div>\n\t\t\t\t\t\t\t\t\t\t<p class=\"from_the_blog_excerpt \">Apr\u00e8s avoir d\u00e9voil\u00e9 le programme des 27e et 28e journ\u00e9es de Ligue 1, la LFP [...]\t\t\t\t\t<\/p>\n\t\t\t\t\t                    \n\t\t\t\t\t\n\t\t\t\t\t\n\t\t\t\t\t<\/div>\n\t\t\t\t\t<\/div>\n\t\t\t\t\t\t\t\t\t<\/div>\n\t\t\t\t<\/a>\n\t\t\t<\/div>\n\t\t<\/div><div class=\"col post-item\" >\n\t\t\t<div class=\"col-inner\">\n\t\t\t<a href=\"https:\/\/www.ladiagonale.net\/index.php\/2026\/03\/07\/pocognoli-on-a-mange-notre-pain-noir\/\" class=\"plain\">\n\t\t\t\t<div class=\"box box-vertical box-text-bottom box-blog-post has-hover\">\n          \t\t\t\t\t<div class=\"box-text text-left\" >\n\t\t\t\t\t<div class=\"box-text-inner blog-post-inner\">\n\n\t\t\t\t\t\n\t\t\t\t\t\t\t\t\t\t<h5 class=\"post-title is-large \">Pocognoli : \u00ab\u00a0On a mang\u00e9 notre pain noir\u00a0\u00bb<\/h5>\n\t\t\t\t\t<div class=\"post-meta is-small op-8\">7 mars 2026<\/div>\t\t\t\t\t<div class=\"is-divider\"><\/div>\n\t\t\t\t\t\t\t\t\t\t<p class=\"from_the_blog_excerpt \">L\u2019AS Monaco a sign\u00e9 un tr\u00e8s beau succ\u00e8s face au Paris Saint-Germain (3-1), vendredi soir, [...]\t\t\t\t\t<\/p>\n\t\t\t\t\t                    \n\t\t\t\t\t\n\t\t\t\t\t\n\t\t\t\t\t<\/div>\n\t\t\t\t\t<\/div>\n\t\t\t\t\t\t\t\t\t<\/div>\n\t\t\t\t<\/a>\n\t\t\t<\/div>\n\t\t<\/div><div class=\"col post-item\" >\n\t\t\t<div class=\"col-inner\">\n\t\t\t<a href=\"https:\/\/www.ladiagonale.net\/index.php\/2026\/03\/07\/des-blessures-musculaires-pour-vanderson-et-caio-henrique\/\" class=\"plain\">\n\t\t\t\t<div class=\"box box-vertical box-text-bottom box-blog-post has-hover\">\n          \t\t\t\t\t<div class=\"box-text text-left\" >\n\t\t\t\t\t<div class=\"box-text-inner blog-post-inner\">\n\n\t\t\t\t\t\n\t\t\t\t\t\t\t\t\t\t<h5 class=\"post-title is-large \">Des blessures musculaires pour Vanderson et Caio Henrique<\/h5>\n\t\t\t\t\t<div class=\"post-meta is-small op-8\">7 mars 2026<\/div>\t\t\t\t\t<div class=\"is-divider\"><\/div>\n\t\t\t\t\t\t\t\t\t\t<p class=\"from_the_blog_excerpt \">Si les r\u00e9sultats se sont sensiblement am\u00e9lior\u00e9s depuis quelques semaines pour l\u2019AS Monaco, on ne [...]\t\t\t\t\t<\/p>\n\t\t\t\t\t                    \n\t\t\t\t\t\n\t\t\t\t\t\n\t\t\t\t\t<\/div>\n\t\t\t\t\t<\/div>\n\t\t\t\t\t\t\t\t\t<\/div>\n\t\t\t\t<\/a>\n\t\t\t<\/div>\n\t\t<\/div><div class=\"col post-item\" >\n\t\t\t<div class=\"col-inner\">\n\t\t\t<a href=\"https:\/\/www.ladiagonale.net\/index.php\/2026\/03\/06\/monaco-signe-un-succes-de-prestige-contre-paris-3-1\/\" class=\"plain\">\n\t\t\t\t<div class=\"box box-vertical box-text-bottom box-blog-post has-hover\">\n            \t\t\t\t\t<div class=\"box-image\" style=\"width:43%;\">\n  \t\t\t\t\t\t<div class=\"image-cover\" style=\"padding-top:89%;\">\n  \t\t\t\t\t\t\t<img width=\"300\" height=\"168\" src=\"https:\/\/www.ladiagonale.net\/wp-content\/uploads\/2026\/03\/Golo-joie-paris-300x168.png\" class=\"attachment-medium size-medium wp-post-image\" alt=\"\" loading=\"lazy\" srcset=\"https:\/\/www.ladiagonale.net\/wp-content\/uploads\/2026\/03\/Golo-joie-paris-300x168.png 300w, https:\/\/www.ladiagonale.net\/wp-content\/uploads\/2026\/03\/Golo-joie-paris-1024x574.png 1024w, https:\/\/www.ladiagonale.net\/wp-content\/uploads\/2026\/03\/Golo-joie-paris-768x430.png 768w, https:\/\/www.ladiagonale.net\/wp-content\/uploads\/2026\/03\/Golo-joie-paris-128x72.png 128w, https:\/\/www.ladiagonale.net\/wp-content\/uploads\/2026\/03\/Golo-joie-paris-32x18.png 32w, https:\/\/www.ladiagonale.net\/wp-content\/uploads\/2026\/03\/Golo-joie-paris.png 1160w\" sizes=\"(max-width: 300px) 100vw, 300px\" \/>  \t\t\t\t\t\t\t  \t\t\t\t\t\t\t  \t\t\t\t\t\t<\/div>\n  \t\t\t\t\t\t  \t\t\t\t\t<\/div>\n          \t\t\t\t\t<div class=\"box-text text-left\" >\n\t\t\t\t\t<div class=\"box-text-inner blog-post-inner\">\n\n\t\t\t\t\t\n\t\t\t\t\t\t\t\t\t\t<h5 class=\"post-title is-large \">Monaco signe un succ\u00e8s de prestige contre Paris (3-1)<\/h5>\n\t\t\t\t\t\t\t\t\t\t<div class=\"is-divider\"><\/div>\n\t\t\t\t\t\t\t\t\t\t<p class=\"from_the_blog_excerpt \">La belle forme du moment de l\u2019AS Monaco a trouv\u00e9 confirmation, vendredi soir, au Parc [...]\t\t\t\t\t<\/p>\n\t\t\t\t\t                    \n\t\t\t\t\t\n\t\t\t\t\t\n\t\t\t\t\t<\/div>\n\t\t\t\t\t<\/div>\n\t\t\t\t\t\t\t\t\t\t\t\t\t\t\t\t<div class=\"badge absolute top post-date badge-outline\">\n\t\t\t\t\t\t\t<div class=\"badge-inner\">\n\t\t\t\t\t\t\t\t<span class=\"post-date-day\">06<\/span><br>\n\t\t\t\t\t\t\t\t<span class=\"post-date-month is-xsmall\">Mar<\/span>\n\t\t\t\t\t\t\t<\/div>\n\t\t\t\t\t\t<\/div>\n\t\t\t\t\t\t\t\t\t<\/div>\n\t\t\t\t<\/a>\n\t\t\t<\/div>\n\t\t<\/div><div class=\"col post-item\" >\n\t\t\t<div class=\"col-inner\">\n\t\t\t<a href=\"https:\/\/www.ladiagonale.net\/index.php\/2026\/03\/06\/les-compositions-bamba-dans-le-coeur-du-jeu-avec-coulibaly-et-camara\/\" class=\"plain\">\n\t\t\t\t<div class=\"box box-vertical box-text-bottom box-blog-post has-hover\">\n          \t\t\t\t\t<div class=\"box-text text-left\" >\n\t\t\t\t\t<div class=\"box-text-inner blog-post-inner\">\n\n\t\t\t\t\t\n\t\t\t\t\t\t\t\t\t\t<h5 class=\"post-title is-large \">Les compositions : Bamba dans le coeur du jeu avec Coulibaly et Camara<\/h5>\n\t\t\t\t\t<div class=\"post-meta is-small op-8\">6 mars 2026<\/div>\t\t\t\t\t<div class=\"is-divider\"><\/div>\n\t\t\t\t\t\t\t\t\t\t<p class=\"from_the_blog_excerpt \">S\u00e9bastien Pocognoli a reconduit son dispositif en 3-5-2 pour affronter le Paris Saint-Germain, vendredi soir, [...]\t\t\t\t\t<\/p>\n\t\t\t\t\t                    \n\t\t\t\t\t\n\t\t\t\t\t\n\t\t\t\t\t<\/div>\n\t\t\t\t\t<\/div>\n\t\t\t\t\t\t\t\t\t<\/div>\n\t\t\t\t<\/a>\n\t\t\t<\/div>\n\t\t<\/div><div class=\"col post-item\" >\n\t\t\t<div class=\"col-inner\">\n\t\t\t<a href=\"https:\/\/www.ladiagonale.net\/index.php\/2026\/03\/06\/lheure-des-createurs\/\" class=\"plain\">\n\t\t\t\t<div class=\"box box-vertical box-text-bottom box-blog-post has-hover\">\n            \t\t\t\t\t<div class=\"box-image\" style=\"width:43%;\">\n  \t\t\t\t\t\t<div class=\"image-cover\" style=\"padding-top:89%;\">\n  \t\t\t\t\t\t\t<img width=\"300\" height=\"168\" src=\"https:\/\/www.ladiagonale.net\/wp-content\/uploads\/2026\/03\/cre\u0301a-300x168.png\" class=\"attachment-medium size-medium wp-post-image\" alt=\"\" loading=\"lazy\" srcset=\"https:\/\/www.ladiagonale.net\/wp-content\/uploads\/2026\/03\/cre\u0301a-300x168.png 300w, https:\/\/www.ladiagonale.net\/wp-content\/uploads\/2026\/03\/cre\u0301a-1024x574.png 1024w, https:\/\/www.ladiagonale.net\/wp-content\/uploads\/2026\/03\/cre\u0301a-768x430.png 768w, https:\/\/www.ladiagonale.net\/wp-content\/uploads\/2026\/03\/cre\u0301a-128x72.png 128w, https:\/\/www.ladiagonale.net\/wp-content\/uploads\/2026\/03\/cre\u0301a-32x18.png 32w, https:\/\/www.ladiagonale.net\/wp-content\/uploads\/2026\/03\/cre\u0301a.png 1160w\" sizes=\"(max-width: 300px) 100vw, 300px\" \/>  \t\t\t\t\t\t\t  \t\t\t\t\t\t\t  \t\t\t\t\t\t<\/div>\n  \t\t\t\t\t\t  \t\t\t\t\t<\/div>\n          \t\t\t\t\t<div class=\"box-text text-left\" >\n\t\t\t\t\t<div class=\"box-text-inner blog-post-inner\">\n\n\t\t\t\t\t\n\t\t\t\t\t\t\t\t\t\t<h5 class=\"post-title is-large \">L\u2019heure des cr\u00e9ateurs<\/h5>\n\t\t\t\t\t\t\t\t\t\t<div class=\"is-divider\"><\/div>\n\t\t\t\t\t\t\t\t\t\t<p class=\"from_the_blog_excerpt \">Ce vendredi, l\u2019AS Monaco va d\u00e9fier le Paris Saint-Germain pour la troisi\u00e8me fois en moins [...]\t\t\t\t\t<\/p>\n\t\t\t\t\t                    \n\t\t\t\t\t\n\t\t\t\t\t\n\t\t\t\t\t<\/div>\n\t\t\t\t\t<\/div>\n\t\t\t\t\t\t\t\t\t\t\t\t\t\t\t\t<div class=\"badge absolute top post-date badge-outline\">\n\t\t\t\t\t\t\t<div class=\"badge-inner\">\n\t\t\t\t\t\t\t\t<span class=\"post-date-day\">06<\/span><br>\n\t\t\t\t\t\t\t\t<span class=\"post-date-month is-xsmall\">Mar<\/span>\n\t\t\t\t\t\t\t<\/div>\n\t\t\t\t\t\t<\/div>\n\t\t\t\t\t\t\t\t\t<\/div>\n\t\t\t\t<\/a>\n\t\t\t<\/div>\n\t\t<\/div><div class=\"col post-item\" >\n\t\t\t<div class=\"col-inner\">\n\t\t\t<a href=\"https:\/\/www.ladiagonale.net\/index.php\/2026\/03\/06\/le-choc-contre-lom-en-affiche-de-la-28e-journee\/\" class=\"plain\">\n\t\t\t\t<div class=\"box box-vertical box-text-bottom box-blog-post has-hover\">\n          \t\t\t\t\t<div class=\"box-text text-left\" >\n\t\t\t\t\t<div class=\"box-text-inner blog-post-inner\">\n\n\t\t\t\t\t\n\t\t\t\t\t\t\t\t\t\t<h5 class=\"post-title is-large \">Le choc contre l&rsquo;OM en affiche de la 28e journ\u00e9e<\/h5>\n\t\t\t\t\t<div class=\"post-meta is-small op-8\">6 mars 2026<\/div>\t\t\t\t\t<div class=\"is-divider\"><\/div>\n\t\t\t\t\t\t\t\t\t\t<p class=\"from_the_blog_excerpt \">La LFP continue d&rsquo;avancer sur la programmation de la fin de saison. La 28e journ\u00e9e [...]\t\t\t\t\t<\/p>\n\t\t\t\t\t                    \n\t\t\t\t\t\n\t\t\t\t\t\n\t\t\t\t\t<\/div>\n\t\t\t\t\t<\/div>\n\t\t\t\t\t\t\t\t\t<\/div>\n\t\t\t\t<\/a>\n\t\t\t<\/div>\n\t\t<\/div><div class=\"col post-item\" >\n\t\t\t<div class=\"col-inner\">\n\t\t\t<a href=\"https:\/\/www.ladiagonale.net\/index.php\/2026\/03\/05\/nouvelle-defaite-aux-tirs-au-but-du-groupe-elite\/\" class=\"plain\">\n\t\t\t\t<div class=\"box box-vertical box-text-bottom box-blog-post has-hover\">\n          \t\t\t\t\t<div class=\"box-text text-left\" >\n\t\t\t\t\t<div class=\"box-text-inner blog-post-inner\">\n\n\t\t\t\t\t\n\t\t\t\t\t\t\t\t\t\t<h5 class=\"post-title is-large \">Nouvelle d\u00e9faite aux tirs au but du Groupe \u00c9lite<\/h5>\n\t\t\t\t\t<div class=\"post-meta is-small op-8\">5 mars 2026<\/div>\t\t\t\t\t<div class=\"is-divider\"><\/div>\n\t\t\t\t\t\t\t\t\t\t<p class=\"from_the_blog_excerpt \">C\u2019est un nouvel \u00e9chec pour le Groupe \u00c9lite de l\u2019AS Monaco dans l\u2019exercice des tirs [...]\t\t\t\t\t<\/p>\n\t\t\t\t\t                    \n\t\t\t\t\t\n\t\t\t\t\t\n\t\t\t\t\t<\/div>\n\t\t\t\t\t<\/div>\n\t\t\t\t\t\t\t\t\t<\/div>\n\t\t\t\t<\/a>\n\t\t\t<\/div>\n\t\t<\/div><div class=\"col post-item\" >\n\t\t\t<div class=\"col-inner\">\n\t\t\t<a href=\"https:\/\/www.ladiagonale.net\/index.php\/2026\/03\/05\/le-parquet-monegasque-enquete-a-son-tour-sur-le-partenariat-avec-la-rd-congo\/\" class=\"plain\">\n\t\t\t\t<div class=\"box box-vertical box-text-bottom box-blog-post has-hover\">\n          \t\t\t\t\t<div class=\"box-text text-left\" >\n\t\t\t\t\t<div class=\"box-text-inner blog-post-inner\">\n\n\t\t\t\t\t\n\t\t\t\t\t\t\t\t\t\t<h5 class=\"post-title is-large \">Le parquet mon\u00e9gasque enqu\u00eate \u00e0 son tour sur le partenariat avec la RD Congo<\/h5>\n\t\t\t\t\t<div class=\"post-meta is-small op-8\">5 mars 2026<\/div>\t\t\t\t\t<div class=\"is-divider\"><\/div>\n\t\t\t\t\t\t\t\t\t\t<p class=\"from_the_blog_excerpt \">L&rsquo;affaire ne semble pas encore \u00e0 son \u00e9pilogue. D\u00e9but septembre 2025, deux r\u00e9sidents congolais en [...]\t\t\t\t\t<\/p>\n\t\t\t\t\t                    \n\t\t\t\t\t\n\t\t\t\t\t\n\t\t\t\t\t<\/div>\n\t\t\t\t\t<\/div>\n\t\t\t\t\t\t\t\t\t<\/div>\n\t\t\t\t<\/a>\n\t\t\t<\/div>\n\t\t<\/div><div class=\"col post-item\" >\n\t\t\t<div class=\"col-inner\">\n\t\t\t<a href=\"https:\/\/www.ladiagonale.net\/index.php\/2026\/03\/05\/le-groupe-monegasque-avec-biereth-sans-idumbo\/\" class=\"plain\">\n\t\t\t\t<div class=\"box box-vertical box-text-bottom box-blog-post has-hover\">\n          \t\t\t\t\t<div class=\"box-text text-left\" >\n\t\t\t\t\t<div class=\"box-text-inner blog-post-inner\">\n\n\t\t\t\t\t\n\t\t\t\t\t\t\t\t\t\t<h5 class=\"post-title is-large \">Le groupe mon\u00e9gasque : avec Biereth, sans Idumbo<\/h5>\n\t\t\t\t\t<div class=\"post-meta is-small op-8\">5 mars 2026<\/div>\t\t\t\t\t<div class=\"is-divider\"><\/div>\n\t\t\t\t\t\t\t\t\t\t<p class=\"from_the_blog_excerpt \">Malade jeudi et absent de l&rsquo;entra\u00eenement, Mika Biereth sera bien du d\u00e9placement au Parc des [...]\t\t\t\t\t<\/p>\n\t\t\t\t\t                    \n\t\t\t\t\t\n\t\t\t\t\t\n\t\t\t\t\t<\/div>\n\t\t\t\t\t<\/div>\n\t\t\t\t\t\t\t\t\t<\/div>\n\t\t\t\t<\/a>\n\t\t\t<\/div>\n\t\t<\/div><div class=\"col post-item\" >\n\t\t\t<div class=\"col-inner\">\n\t\t\t<a href=\"https:\/\/www.ladiagonale.net\/index.php\/2026\/03\/05\/dembele-de-retour-avec-le-psg-contre-monaco\/\" class=\"plain\">\n\t\t\t\t<div class=\"box box-vertical box-text-bottom box-blog-post has-hover\">\n          \t\t\t\t\t<div class=\"box-text text-left\" >\n\t\t\t\t\t<div class=\"box-text-inner blog-post-inner\">\n\n\t\t\t\t\t\n\t\t\t\t\t\t\t\t\t\t<h5 class=\"post-title is-large \">Demb\u00e9l\u00e9 de retour avec le PSG contre Monaco<\/h5>\n\t\t\t\t\t<div class=\"post-meta is-small op-8\">5 mars 2026<\/div>\t\t\t\t\t<div class=\"is-divider\"><\/div>\n\t\t\t\t\t\t\t\t\t\t<p class=\"from_the_blog_excerpt \">La forme physique du Ballon d&rsquo;Or 2025 Ousmane Demb\u00e9l\u00e9 reste fluctuante depuis plusieurs semaines. L&rsquo;attaquant [...]\t\t\t\t\t<\/p>\n\t\t\t\t\t                    \n\t\t\t\t\t\n\t\t\t\t\t\n\t\t\t\t\t<\/div>\n\t\t\t\t\t<\/div>\n\t\t\t\t\t\t\t\t\t<\/div>\n\t\t\t\t<\/a>\n\t\t\t<\/div>\n\t\t<\/div><div class=\"col post-item\" >\n\t\t\t<div class=\"col-inner\">\n\t\t\t<a href=\"https:\/\/www.ladiagonale.net\/index.php\/2026\/03\/05\/faes-logique-que-nous-soyons-revanchards\/\" class=\"plain\">\n\t\t\t\t<div class=\"box box-vertical box-text-bottom box-blog-post has-hover\">\n          \t\t\t\t\t<div class=\"box-text text-left\" >\n\t\t\t\t\t<div class=\"box-text-inner blog-post-inner\">\n\n\t\t\t\t\t\n\t\t\t\t\t\t\t\t\t\t<h5 class=\"post-title is-large \">Faes : \u00ab\u00a0Logique que nous soyons revanchards\u00a0\u00bb<\/h5>\n\t\t\t\t\t<div class=\"post-meta is-small op-8\">5 mars 2026<\/div>\t\t\t\t\t<div class=\"is-divider\"><\/div>\n\t\t\t\t\t\t\t\t\t\t<p class=\"from_the_blog_excerpt \">L\u2019AS Monaco va affronter le PSG vendredi soir et ce sera la troisi\u00e8me confrontation en [...]\t\t\t\t\t<\/p>\n\t\t\t\t\t                    \n\t\t\t\t\t\n\t\t\t\t\t\n\t\t\t\t\t<\/div>\n\t\t\t\t\t<\/div>\n\t\t\t\t\t\t\t\t\t<\/div>\n\t\t\t\t<\/a>\n\t\t\t<\/div>\n\t\t<\/div><div class=\"col post-item\" >\n\t\t\t<div class=\"col-inner\">\n\t\t\t<a href=\"https:\/\/www.ladiagonale.net\/index.php\/2026\/03\/05\/pocognoli-pas-le-meilleur-moment-pour-jouer-paris\/\" class=\"plain\">\n\t\t\t\t<div class=\"box box-vertical box-text-bottom box-blog-post has-hover\">\n          \t\t\t\t\t<div class=\"box-text text-left\" >\n\t\t\t\t\t<div class=\"box-text-inner blog-post-inner\">\n\n\t\t\t\t\t\n\t\t\t\t\t\t\t\t\t\t<h5 class=\"post-title is-large \">Pocognoli : \u00ab Pas le meilleur moment pour jouer Paris&nbsp;\u00bb<\/h5>\n\t\t\t\t\t<div class=\"post-meta is-small op-8\">5 mars 2026<\/div>\t\t\t\t\t<div class=\"is-divider\"><\/div>\n\t\t\t\t\t\t\t\t\t\t<p class=\"from_the_blog_excerpt \">L\u2019AS Monaco est sur une bonne s\u00e9rie en Championnat et cela lui permet de se [...]\t\t\t\t\t<\/p>\n\t\t\t\t\t                    \n\t\t\t\t\t\n\t\t\t\t\t\n\t\t\t\t\t<\/div>\n\t\t\t\t\t<\/div>\n\t\t\t\t\t\t\t\t\t<\/div>\n\t\t\t\t<\/a>\n\t\t\t<\/div>\n\t\t<\/div><div class=\"col post-item\" >\n\t\t\t<div class=\"col-inner\">\n\t\t\t<a href=\"https:\/\/www.ladiagonale.net\/index.php\/2026\/03\/04\/hradecky-pourrait-revenir-dici-deux-semaines\/\" class=\"plain\">\n\t\t\t\t<div class=\"box box-vertical box-text-bottom box-blog-post has-hover\">\n          \t\t\t\t\t<div class=\"box-text text-left\" >\n\t\t\t\t\t<div class=\"box-text-inner blog-post-inner\">\n\n\t\t\t\t\t\n\t\t\t\t\t\t\t\t\t\t<h5 class=\"post-title is-large \">Hradecky pourrait revenir d\u2019ici deux semaines<\/h5>\n\t\t\t\t\t<div class=\"post-meta is-small op-8\">4 mars 2026<\/div>\t\t\t\t\t<div class=\"is-divider\"><\/div>\n\t\t\t\t\t\t\t\t\t\t<p class=\"from_the_blog_excerpt \">Deux mois apr\u00e8s avoir subi une entorse du genou droit contre Lyon (1-2, le 3 [...]\t\t\t\t\t<\/p>\n\t\t\t\t\t                    \n\t\t\t\t\t\n\t\t\t\t\t\n\t\t\t\t\t<\/div>\n\t\t\t\t\t<\/div>\n\t\t\t\t\t\t\t\t\t<\/div>\n\t\t\t\t<\/a>\n\t\t\t<\/div>\n\t\t<\/div><div class=\"col post-item\" >\n\t\t\t<div class=\"col-inner\">\n\t\t\t<a href=\"https:\/\/www.ladiagonale.net\/index.php\/2026\/03\/04\/malade-biereth-est-incertain-pour-paris\/\" class=\"plain\">\n\t\t\t\t<div class=\"box box-vertical box-text-bottom box-blog-post has-hover\">\n          \t\t\t\t\t<div class=\"box-text text-left\" >\n\t\t\t\t\t<div class=\"box-text-inner blog-post-inner\">\n\n\t\t\t\t\t\n\t\t\t\t\t\t\t\t\t\t<h5 class=\"post-title is-large \">Malade, Biereth est incertain pour Paris<\/h5>\n\t\t\t\t\t<div class=\"post-meta is-small op-8\">4 mars 2026<\/div>\t\t\t\t\t<div class=\"is-divider\"><\/div>\n\t\t\t\t\t\t\t\t\t\t<p class=\"from_the_blog_excerpt \">Monaco n&rsquo;a d\u00e9sormais plus qu&rsquo;un match par semaine et va pouvoir esp\u00e9rer travailler plus sereinement [...]\t\t\t\t\t<\/p>\n\t\t\t\t\t                    \n\t\t\t\t\t\n\t\t\t\t\t\n\t\t\t\t\t<\/div>\n\t\t\t\t\t<\/div>\n\t\t\t\t\t\t\t\t\t<\/div>\n\t\t\t\t<\/a>\n\t\t\t<\/div>\n\t\t<\/div><div class=\"col post-item\" >\n\t\t\t<div class=\"col-inner\">\n\t\t\t<a href=\"https:\/\/www.ladiagonale.net\/index.php\/2026\/03\/04\/faes-veut-rester-a-monaco\/\" class=\"plain\">\n\t\t\t\t<div class=\"box box-vertical box-text-bottom box-blog-post has-hover\">\n          \t\t\t\t\t<div class=\"box-text text-left\" >\n\t\t\t\t\t<div class=\"box-text-inner blog-post-inner\">\n\n\t\t\t\t\t\n\t\t\t\t\t\t\t\t\t\t<h5 class=\"post-title is-large \">Faes veut rester \u00e0 Monaco<\/h5>\n\t\t\t\t\t<div class=\"post-meta is-small op-8\">4 mars 2026<\/div>\t\t\t\t\t<div class=\"is-divider\"><\/div>\n\t\t\t\t\t\t\t\t\t\t<p class=\"from_the_blog_excerpt \">Arriv\u00e9 au d\u00e9but du mercato hivernal, pr\u00eat\u00e9 avec option d&rsquo;achat par Leicester, le d\u00e9fenseur central [...]\t\t\t\t\t<\/p>\n\t\t\t\t\t                    \n\t\t\t\t\t\n\t\t\t\t\t\n\t\t\t\t\t<\/div>\n\t\t\t\t\t<\/div>\n\t\t\t\t\t\t\t\t\t<\/div>\n\t\t\t\t<\/a>\n\t\t\t<\/div>\n\t\t<\/div><div class=\"col post-item\" >\n\t\t\t<div class=\"col-inner\">\n\t\t\t<a href=\"https:\/\/www.ladiagonale.net\/index.php\/2026\/03\/04\/lyon-monaco-programme-un-dimanche-a-15h-sur-bein-sports\/\" class=\"plain\">\n\t\t\t\t<div class=\"box box-vertical box-text-bottom box-blog-post has-hover\">\n          \t\t\t\t\t<div class=\"box-text text-left\" >\n\t\t\t\t\t<div class=\"box-text-inner blog-post-inner\">\n\n\t\t\t\t\t\n\t\t\t\t\t\t\t\t\t\t<h5 class=\"post-title is-large \">Lyon-Monaco programm\u00e9 un dimanche \u00e0 15h sur beIN Sports<\/h5>\n\t\t\t\t\t<div class=\"post-meta is-small op-8\">4 mars 2026<\/div>\t\t\t\t\t<div class=\"is-divider\"><\/div>\n\t\t\t\t\t\t\t\t\t\t<p class=\"from_the_blog_excerpt \">La rencontre entre l&rsquo;AS Monaco et l&rsquo;Olympique Lyonnais risque de valoir cher dans la course [...]\t\t\t\t\t<\/p>\n\t\t\t\t\t                    \n\t\t\t\t\t\n\t\t\t\t\t\n\t\t\t\t\t<\/div>\n\t\t\t\t\t<\/div>\n\t\t\t\t\t\t\t\t\t<\/div>\n\t\t\t\t<\/a>\n\t\t\t<\/div>\n\t\t<\/div><div class=\"col post-item\" >\n\t\t\t<div class=\"col-inner\">\n\t\t\t<a href=\"https:\/\/www.ladiagonale.net\/index.php\/2026\/03\/03\/le-choc-contre-le-psg-arbitre-par-buquet\/\" class=\"plain\">\n\t\t\t\t<div class=\"box box-vertical box-text-bottom box-blog-post has-hover\">\n          \t\t\t\t\t<div class=\"box-text text-left\" >\n\t\t\t\t\t<div class=\"box-text-inner blog-post-inner\">\n\n\t\t\t\t\t\n\t\t\t\t\t\t\t\t\t\t<h5 class=\"post-title is-large \">Le choc contre le PSG arbitr\u00e9 par Buquet<\/h5>\n\t\t\t\t\t<div class=\"post-meta is-small op-8\">3 mars 2026<\/div>\t\t\t\t\t<div class=\"is-divider\"><\/div>\n\t\t\t\t\t\t\t\t\t\t<p class=\"from_the_blog_excerpt \">Ce vendredi, l\u2019AS Monaco retrouve le Paris Saint-Germain pour la troisi\u00e8me fois en dix-huit jours. [...]\t\t\t\t\t<\/p>\n\t\t\t\t\t                    \n\t\t\t\t\t\n\t\t\t\t\t\n\t\t\t\t\t<\/div>\n\t\t\t\t\t<\/div>\n\t\t\t\t\t\t\t\t\t<\/div>\n\t\t\t\t<\/a>\n\t\t\t<\/div>\n\t\t<\/div><div class=\"col post-item\" >\n\t\t\t<div class=\"col-inner\">\n\t\t\t<a href=\"https:\/\/www.ladiagonale.net\/index.php\/2026\/03\/03\/podcast-pocognoli-est-il-en-train-de-reussir-son-pari\/\" class=\"plain\">\n\t\t\t\t<div class=\"box box-vertical box-text-bottom box-blog-post has-hover\">\n          \t\t\t\t\t<div class=\"box-text text-left\" >\n\t\t\t\t\t<div class=\"box-text-inner blog-post-inner\">\n\n\t\t\t\t\t\n\t\t\t\t\t\t\t\t\t\t<h5 class=\"post-title is-large \">Podcast : Pocognoli est-il en train de r\u00e9ussir son pari ?<\/h5>\n\t\t\t\t\t<div class=\"post-meta is-small op-8\">3 mars 2026<\/div>\t\t\t\t\t<div class=\"is-divider\"><\/div>\n\t\t\t\t\t\t\t\t\t\t<p class=\"from_the_blog_excerpt \">\u00c9limin\u00e9e par Paris en Ligue des champions au terme de deux bons matches qui pourront [...]\t\t\t\t\t<\/p>\n\t\t\t\t\t                    \n\t\t\t\t\t\n\t\t\t\t\t\n\t\t\t\t\t<\/div>\n\t\t\t\t\t<\/div>\n\t\t\t\t\t\t\t\t\t<\/div>\n\t\t\t\t<\/a>\n\t\t\t<\/div>\n\t\t<\/div><div class=\"col post-item\" >\n\t\t\t<div class=\"col-inner\">\n\t\t\t<a href=\"https:\/\/www.ladiagonale.net\/index.php\/2026\/03\/02\/les-notes-adingra\/\" class=\"plain\">\n\t\t\t\t<div class=\"box box-vertical box-text-bottom box-blog-post has-hover\">\n            \t\t\t\t\t<div class=\"box-image\" style=\"width:43%;\">\n  \t\t\t\t\t\t<div class=\"image-cover\" style=\"padding-top:89%;\">\n  \t\t\t\t\t\t\t<img width=\"300\" height=\"168\" src=\"https:\/\/www.ladiagonale.net\/wp-content\/uploads\/2026\/03\/Adingra-angers-300x168.png\" class=\"attachment-medium size-medium wp-post-image\" alt=\"\" loading=\"lazy\" srcset=\"https:\/\/www.ladiagonale.net\/wp-content\/uploads\/2026\/03\/Adingra-angers-300x168.png 300w, https:\/\/www.ladiagonale.net\/wp-content\/uploads\/2026\/03\/Adingra-angers-1024x574.png 1024w, https:\/\/www.ladiagonale.net\/wp-content\/uploads\/2026\/03\/Adingra-angers-768x430.png 768w, https:\/\/www.ladiagonale.net\/wp-content\/uploads\/2026\/03\/Adingra-angers-128x72.png 128w, https:\/\/www.ladiagonale.net\/wp-content\/uploads\/2026\/03\/Adingra-angers-32x18.png 32w, https:\/\/www.ladiagonale.net\/wp-content\/uploads\/2026\/03\/Adingra-angers.png 1160w\" sizes=\"(max-width: 300px) 100vw, 300px\" \/>  \t\t\t\t\t\t\t  \t\t\t\t\t\t\t  \t\t\t\t\t\t<\/div>\n  \t\t\t\t\t\t  \t\t\t\t\t<\/div>\n          \t\t\t\t\t<div class=\"box-text text-left\" >\n\t\t\t\t\t<div class=\"box-text-inner blog-post-inner\">\n\n\t\t\t\t\t\n\t\t\t\t\t\t\t\t\t\t<h5 class=\"post-title is-large \">Les notes : Adingra, entr\u00e9e d\u00e9cisive<\/h5>\n\t\t\t\t\t\t\t\t\t\t<div class=\"is-divider\"><\/div>\n\t\t\t\t\t\t\t\t\t\t<p class=\"from_the_blog_excerpt \">Dans un match de gala contre le PSG, Maghnes Akliouche a r\u00e9pondu aux attentes et [...]\t\t\t\t\t<\/p>\n\t\t\t\t\t                    \n\t\t\t\t\t\n\t\t\t\t\t\n\t\t\t\t\t<\/div>\n\t\t\t\t\t<\/div>\n\t\t\t\t\t\t\t\t\t\t\t\t\t\t\t\t<div class=\"badge absolute top post-date badge-outline\">\n\t\t\t\t\t\t\t<div class=\"badge-inner\">\n\t\t\t\t\t\t\t\t<span class=\"post-date-day\">02<\/span><br>\n\t\t\t\t\t\t\t\t<span class=\"post-date-month is-xsmall\">Mar<\/span>\n\t\t\t\t\t\t\t<\/div>\n\t\t\t\t\t\t<\/div>\n\t\t\t\t\t\t\t\t\t<\/div>\n\t\t\t\t<\/a>\n\t\t\t<\/div>\n\t\t<\/div><div class=\"col post-item\" >\n\t\t\t<div class=\"col-inner\">\n\t\t\t<a href=\"https:\/\/www.ladiagonale.net\/index.php\/2026\/03\/01\/pocognoli-les-leaders-commencent-a-emerger\/\" class=\"plain\">\n\t\t\t\t<div class=\"box box-vertical box-text-bottom box-blog-post has-hover\">\n          \t\t\t\t\t<div class=\"box-text text-left\" >\n\t\t\t\t\t<div class=\"box-text-inner blog-post-inner\">\n\n\t\t\t\t\t\n\t\t\t\t\t\t\t\t\t\t<h5 class=\"post-title is-large \">Pocognoli : \u00ab&nbsp;Les leaders commencent \u00e0 \u00e9merger&nbsp;\u00bb<\/h5>\n\t\t\t\t\t<div class=\"post-meta is-small op-8\">1 mars 2026<\/div>\t\t\t\t\t<div class=\"is-divider\"><\/div>\n\t\t\t\t\t\t\t\t\t\t<p class=\"from_the_blog_excerpt \">Sans se montrer particuli\u00e8rement brillant, Monaco a battu Angers en Ligue 1 (2-0), samedi soir. [...]\t\t\t\t\t<\/p>\n\t\t\t\t\t                    \n\t\t\t\t\t\n\t\t\t\t\t\n\t\t\t\t\t<\/div>\n\t\t\t\t\t<\/div>\n\t\t\t\t\t\t\t\t\t<\/div>\n\t\t\t\t<\/a>\n\t\t\t<\/div>\n\t\t<\/div><div class=\"col post-item\" >\n\t\t\t<div class=\"col-inner\">\n\t\t\t<a href=\"https:\/\/www.ladiagonale.net\/index.php\/2026\/03\/01\/un-preparateur-physique-deja-remercie-et-remplace\/\" class=\"plain\">\n\t\t\t\t<div class=\"box box-vertical box-text-bottom box-blog-post has-hover\">\n          \t\t\t\t\t<div class=\"box-text text-left\" >\n\t\t\t\t\t<div class=\"box-text-inner blog-post-inner\">\n\n\t\t\t\t\t\n\t\t\t\t\t\t\t\t\t\t<h5 class=\"post-title is-large \">Un pr\u00e9parateur physique d\u00e9j\u00e0 remerci\u00e9 et remplac\u00e9<\/h5>\n\t\t\t\t\t<div class=\"post-meta is-small op-8\">1 mars 2026<\/div>\t\t\t\t\t<div class=\"is-divider\"><\/div>\n\t\t\t\t\t\t\t\t\t\t<p class=\"from_the_blog_excerpt \">Si les jours de Yann Le Meur, le directeur de la performance \u00e0 l\u2019AS Monaco, [...]\t\t\t\t\t<\/p>\n\t\t\t\t\t                    \n\t\t\t\t\t\n\t\t\t\t\t\n\t\t\t\t\t<\/div>\n\t\t\t\t\t<\/div>\n\t\t\t\t\t\t\t\t\t<\/div>\n\t\t\t\t<\/a>\n\t\t\t<\/div>\n\t\t<\/div><div class=\"col post-item\" >\n\t\t\t<div class=\"col-inner\">\n\t\t\t<a href=\"https:\/\/www.ladiagonale.net\/index.php\/2026\/02\/28\/monaco-poursuit-sa-bonne-serie-contre-angers-2-0\/\" class=\"plain\">\n\t\t\t\t<div class=\"box box-vertical box-text-bottom box-blog-post has-hover\">\n            \t\t\t\t\t<div class=\"box-image\" style=\"width:43%;\">\n  \t\t\t\t\t\t<div class=\"image-cover\" style=\"padding-top:89%;\">\n  \t\t\t\t\t\t\t<img width=\"300\" height=\"168\" src=\"https:\/\/www.ladiagonale.net\/wp-content\/uploads\/2026\/02\/monaco-joie-angers-300x168.png\" class=\"attachment-medium size-medium wp-post-image\" alt=\"\" loading=\"lazy\" srcset=\"https:\/\/www.ladiagonale.net\/wp-content\/uploads\/2026\/02\/monaco-joie-angers-300x168.png 300w, https:\/\/www.ladiagonale.net\/wp-content\/uploads\/2026\/02\/monaco-joie-angers-1024x574.png 1024w, https:\/\/www.ladiagonale.net\/wp-content\/uploads\/2026\/02\/monaco-joie-angers-768x430.png 768w, https:\/\/www.ladiagonale.net\/wp-content\/uploads\/2026\/02\/monaco-joie-angers-128x72.png 128w, https:\/\/www.ladiagonale.net\/wp-content\/uploads\/2026\/02\/monaco-joie-angers-32x18.png 32w, https:\/\/www.ladiagonale.net\/wp-content\/uploads\/2026\/02\/monaco-joie-angers.png 1160w\" sizes=\"(max-width: 300px) 100vw, 300px\" \/>  \t\t\t\t\t\t\t  \t\t\t\t\t\t\t  \t\t\t\t\t\t<\/div>\n  \t\t\t\t\t\t  \t\t\t\t\t<\/div>\n          \t\t\t\t\t<div class=\"box-text text-left\" >\n\t\t\t\t\t<div class=\"box-text-inner blog-post-inner\">\n\n\t\t\t\t\t\n\t\t\t\t\t\t\t\t\t\t<h5 class=\"post-title is-large \">Monaco poursuit sa bonne s\u00e9rie contre Angers (2-0)<\/h5>\n\t\t\t\t\t\t\t\t\t\t<div class=\"is-divider\"><\/div>\n\t\t\t\t\t\t\t\t\t\t<p class=\"from_the_blog_excerpt \">Rarement inqui\u00e9t\u00e9e dans un match peu emballant, l\u2019AS Monaco a battu Angers \u00e0 domicile (2-0), [...]\t\t\t\t\t<\/p>\n\t\t\t\t\t                    \n\t\t\t\t\t\n\t\t\t\t\t\n\t\t\t\t\t<\/div>\n\t\t\t\t\t<\/div>\n\t\t\t\t\t\t\t\t\t\t\t\t\t\t\t\t<div class=\"badge absolute top post-date badge-outline\">\n\t\t\t\t\t\t\t<div class=\"badge-inner\">\n\t\t\t\t\t\t\t\t<span class=\"post-date-day\">28<\/span><br>\n\t\t\t\t\t\t\t\t<span class=\"post-date-month is-xsmall\">F\u00e9v<\/span>\n\t\t\t\t\t\t\t<\/div>\n\t\t\t\t\t\t<\/div>\n\t\t\t\t\t\t\t\t\t<\/div>\n\t\t\t\t<\/a>\n\t\t\t<\/div>\n\t\t<\/div><div class=\"col post-item\" >\n\t\t\t<div class=\"col-inner\">\n\t\t\t<a href=\"https:\/\/www.ladiagonale.net\/index.php\/2026\/02\/28\/les-compositions-fati-titulaire-2\/\" class=\"plain\">\n\t\t\t\t<div class=\"box box-vertical box-text-bottom box-blog-post has-hover\">\n          \t\t\t\t\t<div class=\"box-text text-left\" >\n\t\t\t\t\t<div class=\"box-text-inner blog-post-inner\">\n\n\t\t\t\t\t\n\t\t\t\t\t\t\t\t\t\t<h5 class=\"post-title is-large \">Les compositions : Fati titulaire<\/h5>\n\t\t\t\t\t<div class=\"post-meta is-small op-8\">28 f\u00e9vrier 2026<\/div>\t\t\t\t\t<div class=\"is-divider\"><\/div>\n\t\t\t\t\t\t\t\t\t\t<p class=\"from_the_blog_excerpt \">L\u2019AS Monaco re\u00e7oit Angers pour cette 24e journ\u00e9e de Ligue 1. Les Mon\u00e9gasques continueront d\u2019\u00e9voluer [...]\t\t\t\t\t<\/p>\n\t\t\t\t\t                    \n\t\t\t\t\t\n\t\t\t\t\t\n\t\t\t\t\t<\/div>\n\t\t\t\t\t<\/div>\n\t\t\t\t\t\t\t\t\t<\/div>\n\t\t\t\t<\/a>\n\t\t\t<\/div>\n\t\t<\/div><div class=\"col post-item\" >\n\t\t\t<div class=\"col-inner\">\n\t\t\t<a href=\"https:\/\/www.ladiagonale.net\/index.php\/2026\/02\/28\/pocognoli-tout-le-monde-doit-regarder-dans-la-meme-direction\/\" class=\"plain\">\n\t\t\t\t<div class=\"box box-vertical box-text-bottom box-blog-post has-hover\">\n          \t\t\t\t\t<div class=\"box-text text-left\" >\n\t\t\t\t\t<div class=\"box-text-inner blog-post-inner\">\n\n\t\t\t\t\t\n\t\t\t\t\t\t\t\t\t\t<h5 class=\"post-title is-large \">Pocognoli : \u00ab\u00a0Tout le monde doit regarder dans la m\u00eame direction\u00a0\u00bb<\/h5>\n\t\t\t\t\t<div class=\"post-meta is-small op-8\">28 f\u00e9vrier 2026<\/div>\t\t\t\t\t<div class=\"is-divider\"><\/div>\n\t\t\t\t\t\t\t\t\t\t<p class=\"from_the_blog_excerpt \">L\u2019AS Monaco re\u00e7oit Angers ce samedi pour la 24e journ\u00e9e de Ligue 1. Les joueurs [...]\t\t\t\t\t<\/p>\n\t\t\t\t\t                    \n\t\t\t\t\t\n\t\t\t\t\t\n\t\t\t\t\t<\/div>\n\t\t\t\t\t<\/div>\n\t\t\t\t\t\t\t\t\t<\/div>\n\t\t\t\t<\/a>\n\t\t\t<\/div>\n\t\t<\/div><div class=\"col post-item\" >\n\t\t\t<div class=\"col-inner\">\n\t\t\t<a href=\"https:\/\/www.ladiagonale.net\/index.php\/2026\/02\/28\/le-directeur-de-la-performance-sur-la-sellette\/\" class=\"plain\">\n\t\t\t\t<div class=\"box box-vertical box-text-bottom box-blog-post has-hover\">\n          \t\t\t\t\t<div class=\"box-text text-left\" >\n\t\t\t\t\t<div class=\"box-text-inner blog-post-inner\">\n\n\t\t\t\t\t\n\t\t\t\t\t\t\t\t\t\t<h5 class=\"post-title is-large \">Le directeur de la performance serait sur la sellette<\/h5>\n\t\t\t\t\t<div class=\"post-meta is-small op-8\">28 f\u00e9vrier 2026<\/div>\t\t\t\t\t<div class=\"is-divider\"><\/div>\n\t\t\t\t\t\t\t\t\t\t<p class=\"from_the_blog_excerpt \">Les blessures ont constitu\u00e9 un v\u00e9ritable probl\u00e8me au sein de l\u2019AS Monaco cette saison avec [...]\t\t\t\t\t<\/p>\n\t\t\t\t\t                    \n\t\t\t\t\t\n\t\t\t\t\t\n\t\t\t\t\t<\/div>\n\t\t\t\t\t<\/div>\n\t\t\t\t\t\t\t\t\t<\/div>\n\t\t\t\t<\/a>\n\t\t\t<\/div>\n\t\t<\/div><div class=\"col post-item\" >\n\t\t\t<div class=\"col-inner\">\n\t\t\t<a href=\"https:\/\/www.ladiagonale.net\/index.php\/2026\/02\/28\/les-ultras-suspendent-leur-greve-des-encouragements\/\" class=\"plain\">\n\t\t\t\t<div class=\"box box-vertical box-text-bottom box-blog-post has-hover\">\n          \t\t\t\t\t<div class=\"box-text text-left\" >\n\t\t\t\t\t<div class=\"box-text-inner blog-post-inner\">\n\n\t\t\t\t\t\n\t\t\t\t\t\t\t\t\t\t<h5 class=\"post-title is-large \">Les Ultras suspendent leur gr\u00e8ve des encouragements<\/h5>\n\t\t\t\t\t<div class=\"post-meta is-small op-8\">28 f\u00e9vrier 2026<\/div>\t\t\t\t\t<div class=\"is-divider\"><\/div>\n\t\t\t\t\t\t\t\t\t\t<p class=\"from_the_blog_excerpt \">L\u2019AS Monaco a commenc\u00e9 \u00e0 sortir la t\u00eate de l\u2019eau ces derni\u00e8res semaines, m\u00eame si [...]\t\t\t\t\t<\/p>\n\t\t\t\t\t                    \n\t\t\t\t\t\n\t\t\t\t\t\n\t\t\t\t\t<\/div>\n\t\t\t\t\t<\/div>\n\t\t\t\t\t\t\t\t\t<\/div>\n\t\t\t\t<\/a>\n\t\t\t<\/div>\n\t\t<\/div><div class=\"col post-item\" >\n\t\t\t<div class=\"col-inner\">\n\t\t\t<a href=\"https:\/\/www.ladiagonale.net\/index.php\/2026\/02\/28\/paradis-au-sifflet-pour-monaco-angers\/\" class=\"plain\">\n\t\t\t\t<div class=\"box box-vertical box-text-bottom box-blog-post has-hover\">\n          \t\t\t\t\t<div class=\"box-text text-left\" >\n\t\t\t\t\t<div class=\"box-text-inner blog-post-inner\">\n\n\t\t\t\t\t\n\t\t\t\t\t\t\t\t\t\t<h5 class=\"post-title is-large \">Paradis au sifflet pour Monaco-Angers<\/h5>\n\t\t\t\t\t<div class=\"post-meta is-small op-8\">28 f\u00e9vrier 2026<\/div>\t\t\t\t\t<div class=\"is-divider\"><\/div>\n\t\t\t\t\t\t\t\t\t\t<p class=\"from_the_blog_excerpt \">La rencontre de ce samedi (19h) entre Monaco et Angers sera arbitr\u00e9e par Guillaume Paradis. [...]\t\t\t\t\t<\/p>\n\t\t\t\t\t                    \n\t\t\t\t\t\n\t\t\t\t\t\n\t\t\t\t\t<\/div>\n\t\t\t\t\t<\/div>\n\t\t\t\t\t\t\t\t\t<\/div>\n\t\t\t\t<\/a>\n\t\t\t<\/div>\n\t\t<\/div><div class=\"col post-item\" >\n\t\t\t<div class=\"col-inner\">\n\t\t\t<a href=\"https:\/\/www.ladiagonale.net\/index.php\/2026\/02\/28\/le-groupe-angevin-avec-van-den-boomen\/\" class=\"plain\">\n\t\t\t\t<div class=\"box box-vertical box-text-bottom box-blog-post has-hover\">\n          \t\t\t\t\t<div class=\"box-text text-left\" >\n\t\t\t\t\t<div class=\"box-text-inner blog-post-inner\">\n\n\t\t\t\t\t\n\t\t\t\t\t\t\t\t\t\t<h5 class=\"post-title is-large \">Le groupe angevin : avec Van den Boomen<\/h5>\n\t\t\t\t\t<div class=\"post-meta is-small op-8\">28 f\u00e9vrier 2026<\/div>\t\t\t\t\t<div class=\"is-divider\"><\/div>\n\t\t\t\t\t\t\t\t\t\t<p class=\"from_the_blog_excerpt \">Celui qui a fait les belles heures de Toulouse il y a quelques saisons, Branco [...]\t\t\t\t\t<\/p>\n\t\t\t\t\t                    \n\t\t\t\t\t\n\t\t\t\t\t\n\t\t\t\t\t<\/div>\n\t\t\t\t\t<\/div>\n\t\t\t\t\t\t\t\t\t<\/div>\n\t\t\t\t<\/a>\n\t\t\t<\/div>\n\t\t<\/div><div class=\"col post-item\" >\n\t\t\t<div class=\"col-inner\">\n\t\t\t<a href=\"https:\/\/www.ladiagonale.net\/index.php\/2026\/02\/28\/monaco-recevra-brest-le-14-mars\/\" class=\"plain\">\n\t\t\t\t<div class=\"box box-vertical box-text-bottom box-blog-post has-hover\">\n          \t\t\t\t\t<div class=\"box-text text-left\" >\n\t\t\t\t\t<div class=\"box-text-inner blog-post-inner\">\n\n\t\t\t\t\t\n\t\t\t\t\t\t\t\t\t\t<h5 class=\"post-title is-large \">Monaco recevra Brest le 14 mars<\/h5>\n\t\t\t\t\t<div class=\"post-meta is-small op-8\">28 f\u00e9vrier 2026<\/div>\t\t\t\t\t<div class=\"is-divider\"><\/div>\n\t\t\t\t\t\t\t\t\t\t<p class=\"from_the_blog_excerpt \">La programmation de la 26e journ\u00e9e de Ligue 1 a \u00e9t\u00e9 d\u00e9voil\u00e9e par la LFP. [...]\t\t\t\t\t<\/p>\n\t\t\t\t\t                    \n\t\t\t\t\t\n\t\t\t\t\t\n\t\t\t\t\t<\/div>\n\t\t\t\t\t<\/div>\n\t\t\t\t\t\t\t\t\t<\/div>\n\t\t\t\t<\/a>\n\t\t\t<\/div>\n\t\t<\/div><div class=\"col post-item\" >\n\t\t\t<div class=\"col-inner\">\n\t\t\t<a href=\"https:\/\/www.ladiagonale.net\/index.php\/2026\/02\/28\/pogba-pourrait-revenir-a-lentrainement-dici-fin-mars\/\" class=\"plain\">\n\t\t\t\t<div class=\"box box-vertical box-text-bottom box-blog-post has-hover\">\n          \t\t\t\t\t<div class=\"box-text text-left\" >\n\t\t\t\t\t<div class=\"box-text-inner blog-post-inner\">\n\n\t\t\t\t\t\n\t\t\t\t\t\t\t\t\t\t<h5 class=\"post-title is-large \">Pogba pourrait revenir \u00e0 l&rsquo;entra\u00eenement d\u2019ici fin mars<\/h5>\n\t\t\t\t\t<div class=\"post-meta is-small op-8\">28 f\u00e9vrier 2026<\/div>\t\t\t\t\t<div class=\"is-divider\"><\/div>\n\t\t\t\t\t\t\t\t\t\t<p class=\"from_the_blog_excerpt \">Dans la semaine, l\u2019AS Monaco a publi\u00e9 des clich\u00e9s montrant Paul Pogba en train de [...]\t\t\t\t\t<\/p>\n\t\t\t\t\t                    \n\t\t\t\t\t\n\t\t\t\t\t\n\t\t\t\t\t<\/div>\n\t\t\t\t\t<\/div>\n\t\t\t\t\t\t\t\t\t<\/div>\n\t\t\t\t<\/a>\n\t\t\t<\/div>\n\t\t<\/div><div class=\"col post-item\" >\n\t\t\t<div class=\"col-inner\">\n\t\t\t<a href=\"https:\/\/www.ladiagonale.net\/index.php\/2026\/02\/28\/diatta-de-retour-dans-deux-semaines-dier-et-ouattara-en-reprise-individuelle\/\" class=\"plain\">\n\t\t\t\t<div class=\"box box-vertical box-text-bottom box-blog-post has-hover\">\n          \t\t\t\t\t<div class=\"box-text text-left\" >\n\t\t\t\t\t<div class=\"box-text-inner blog-post-inner\">\n\n\t\t\t\t\t\n\t\t\t\t\t\t\t\t\t\t<h5 class=\"post-title is-large \">Diatta de retour dans deux semaines, Dier et Ouattara en reprise individuelle<\/h5>\n\t\t\t\t\t<div class=\"post-meta is-small op-8\">28 f\u00e9vrier 2026<\/div>\t\t\t\t\t<div class=\"is-divider\"><\/div>\n\t\t\t\t\t\t\t\t\t\t<p class=\"from_the_blog_excerpt \">Touch\u00e9 \u00e0 l\u2019ischio-jambier droit contre Lens, samedi dernier, ce qui lui a valu de sortir [...]\t\t\t\t\t<\/p>\n\t\t\t\t\t                    \n\t\t\t\t\t\n\t\t\t\t\t\n\t\t\t\t\t<\/div>\n\t\t\t\t\t<\/div>\n\t\t\t\t\t\t\t\t\t<\/div>\n\t\t\t\t<\/a>\n\t\t\t<\/div>\n\t\t<\/div><div class=\"col post-item\" >\n\t\t\t<div class=\"col-inner\">\n\t\t\t<a href=\"https:\/\/www.ladiagonale.net\/index.php\/2026\/02\/28\/le-groupe-monegasque-akliouche-present-2\/\" class=\"plain\">\n\t\t\t\t<div class=\"box box-vertical box-text-bottom box-blog-post has-hover\">\n          \t\t\t\t\t<div class=\"box-text text-left\" >\n\t\t\t\t\t<div class=\"box-text-inner blog-post-inner\">\n\n\t\t\t\t\t\n\t\t\t\t\t\t\t\t\t\t<h5 class=\"post-title is-large \">Le groupe mon\u00e9gasque : Akliouche pr\u00e9sent<\/h5>\n\t\t\t\t\t<div class=\"post-meta is-small op-8\">28 f\u00e9vrier 2026<\/div>\t\t\t\t\t<div class=\"is-divider\"><\/div>\n\t\t\t\t\t\t\t\t\t\t<p class=\"from_the_blog_excerpt \">Pour affronter Angers, ce samedi, en Ligue 1, une l\u00e9g\u00e8re incertitude r\u00e9gnait concernait Maghnes Akliouche, [...]\t\t\t\t\t<\/p>\n\t\t\t\t\t                    \n\t\t\t\t\t\n\t\t\t\t\t\n\t\t\t\t\t<\/div>\n\t\t\t\t\t<\/div>\n\t\t\t\t\t\t\t\t\t<\/div>\n\t\t\t\t<\/a>\n\t\t\t<\/div>\n\t\t<\/div><div class=\"col post-item\" >\n\t\t\t<div class=\"col-inner\">\n\t\t\t<a href=\"https:\/\/www.ladiagonale.net\/index.php\/2026\/02\/27\/les-notes-akliouche-au-rendez-vous\/\" class=\"plain\">\n\t\t\t\t<div class=\"box box-vertical box-text-bottom box-blog-post has-hover\">\n            \t\t\t\t\t<div class=\"box-image\" style=\"width:43%;\">\n  \t\t\t\t\t\t<div class=\"image-cover\" style=\"padding-top:89%;\">\n  \t\t\t\t\t\t\t<img width=\"300\" height=\"168\" src=\"https:\/\/www.ladiagonale.net\/wp-content\/uploads\/2026\/02\/Akliouchepsg-300x168.png\" class=\"attachment-medium size-medium wp-post-image\" alt=\"\" loading=\"lazy\" srcset=\"https:\/\/www.ladiagonale.net\/wp-content\/uploads\/2026\/02\/Akliouchepsg-300x168.png 300w, https:\/\/www.ladiagonale.net\/wp-content\/uploads\/2026\/02\/Akliouchepsg-1024x574.png 1024w, https:\/\/www.ladiagonale.net\/wp-content\/uploads\/2026\/02\/Akliouchepsg-768x430.png 768w, https:\/\/www.ladiagonale.net\/wp-content\/uploads\/2026\/02\/Akliouchepsg-128x72.png 128w, https:\/\/www.ladiagonale.net\/wp-content\/uploads\/2026\/02\/Akliouchepsg-32x18.png 32w, https:\/\/www.ladiagonale.net\/wp-content\/uploads\/2026\/02\/Akliouchepsg.png 1160w\" sizes=\"(max-width: 300px) 100vw, 300px\" \/>  \t\t\t\t\t\t\t  \t\t\t\t\t\t\t  \t\t\t\t\t\t<\/div>\n  \t\t\t\t\t\t  \t\t\t\t\t<\/div>\n          \t\t\t\t\t<div class=\"box-text text-left\" >\n\t\t\t\t\t<div class=\"box-text-inner blog-post-inner\">\n\n\t\t\t\t\t\n\t\t\t\t\t\t\t\t\t\t<h5 class=\"post-title is-large \">Les notes : Akliouche au rendez-vous<\/h5>\n\t\t\t\t\t\t\t\t\t\t<div class=\"is-divider\"><\/div>\n\t\t\t\t\t\t\t\t\t\t<p class=\"from_the_blog_excerpt \">Dans un match de gala contre le PSG, Maghnes Akliouche a r\u00e9pondu aux attentes et [...]\t\t\t\t\t<\/p>\n\t\t\t\t\t                    \n\t\t\t\t\t\n\t\t\t\t\t\n\t\t\t\t\t<\/div>\n\t\t\t\t\t<\/div>\n\t\t\t\t\t\t\t\t\t\t\t\t\t\t\t\t<div class=\"badge absolute top post-date badge-outline\">\n\t\t\t\t\t\t\t<div class=\"badge-inner\">\n\t\t\t\t\t\t\t\t<span class=\"post-date-day\">27<\/span><br>\n\t\t\t\t\t\t\t\t<span class=\"post-date-month is-xsmall\">F\u00e9v<\/span>\n\t\t\t\t\t\t\t<\/div>\n\t\t\t\t\t\t<\/div>\n\t\t\t\t\t\t\t\t\t<\/div>\n\t\t\t\t<\/a>\n\t\t\t<\/div>\n\t\t<\/div><div class=\"col post-item\" >\n\t\t\t<div class=\"col-inner\">\n\t\t\t<a href=\"https:\/\/www.ladiagonale.net\/index.php\/2026\/02\/26\/jai-limpression-quil-a-trouve-la-bonne-formule-dujeux-fait-leloge-de-pocognoli\/\" class=\"plain\">\n\t\t\t\t<div class=\"box box-vertical box-text-bottom box-blog-post has-hover\">\n          \t\t\t\t\t<div class=\"box-text text-left\" >\n\t\t\t\t\t<div class=\"box-text-inner blog-post-inner\">\n\n\t\t\t\t\t\n\t\t\t\t\t\t\t\t\t\t<h5 class=\"post-title is-large \">\u00ab&nbsp;J\u2019ai l\u2019impression qu\u2019il a trouv\u00e9 la bonne formule&nbsp;\u00bb : Dujeux fait l\u2019\u00e9loge de Pocognoli<\/h5>\n\t\t\t\t\t<div class=\"post-meta is-small op-8\">26 f\u00e9vrier 2026<\/div>\t\t\t\t\t<div class=\"is-divider\"><\/div>\n\t\t\t\t\t\t\t\t\t\t<p class=\"from_the_blog_excerpt \">Il \u00e9tait aux premi\u00e8res loges pour voir les grands d\u00e9buts de S\u00e9bastien Pocognoli en Ligue [...]\t\t\t\t\t<\/p>\n\t\t\t\t\t                    \n\t\t\t\t\t\n\t\t\t\t\t\n\t\t\t\t\t<\/div>\n\t\t\t\t\t<\/div>\n\t\t\t\t\t\t\t\t\t<\/div>\n\t\t\t\t<\/a>\n\t\t\t<\/div>\n\t\t<\/div><div class=\"col post-item\" >\n\t\t\t<div class=\"col-inner\">\n\t\t\t<a href=\"https:\/\/www.ladiagonale.net\/index.php\/2026\/02\/26\/le-groupe-elite-battu-par-saint-etienne-aux-tirs-au-but\/\" class=\"plain\">\n\t\t\t\t<div class=\"box box-vertical box-text-bottom box-blog-post has-hover\">\n          \t\t\t\t\t<div class=\"box-text text-left\" >\n\t\t\t\t\t<div class=\"box-text-inner blog-post-inner\">\n\n\t\t\t\t\t\n\t\t\t\t\t\t\t\t\t\t<h5 class=\"post-title is-large \">Le Groupe \u00c9lite battu par Saint-\u00c9tienne aux tirs au but<\/h5>\n\t\t\t\t\t<div class=\"post-meta is-small op-8\">26 f\u00e9vrier 2026<\/div>\t\t\t\t\t<div class=\"is-divider\"><\/div>\n\t\t\t\t\t\t\t\t\t\t<p class=\"from_the_blog_excerpt \">Le Groupe \u00c9lite de l\u2019AS Monaco a perdu son quatri\u00e8me match du Challenge Espoirs contre [...]\t\t\t\t\t<\/p>\n\t\t\t\t\t                    \n\t\t\t\t\t\n\t\t\t\t\t\n\t\t\t\t\t<\/div>\n\t\t\t\t\t<\/div>\n\t\t\t\t\t\t\t\t\t<\/div>\n\t\t\t\t<\/a>\n\t\t\t<\/div>\n\t\t<\/div><div class=\"col post-item\" >\n\t\t\t<div class=\"col-inner\">\n\t\t\t<a href=\"https:\/\/www.ladiagonale.net\/index.php\/2026\/02\/26\/pocognoli-amer-sur-le-carton-rouge-de-coulibaly-du-deux-poids-deux-mesures\/\" class=\"plain\">\n\t\t\t\t<div class=\"box box-vertical box-text-bottom box-blog-post has-hover\">\n          \t\t\t\t\t<div class=\"box-text text-left\" >\n\t\t\t\t\t<div class=\"box-text-inner blog-post-inner\">\n\n\t\t\t\t\t\n\t\t\t\t\t\t\t\t\t\t<h5 class=\"post-title is-large \">Pocognoli amer sur le carton rouge de Coulibaly : \u00ab&nbsp;Du deux poids, deux mesures&nbsp;\u00bb<\/h5>\n\t\t\t\t\t<div class=\"post-meta is-small op-8\">26 f\u00e9vrier 2026<\/div>\t\t\t\t\t<div class=\"is-divider\"><\/div>\n\t\t\t\t\t\t\t\t\t\t<p class=\"from_the_blog_excerpt \">Avant d\u2019affronter Lens le week-end dernier, S\u00e9bastien Pocognoli esp\u00e9rait ne plus entendre de questions sur [...]\t\t\t\t\t<\/p>\n\t\t\t\t\t                    \n\t\t\t\t\t\n\t\t\t\t\t\n\t\t\t\t\t<\/div>\n\t\t\t\t\t<\/div>\n\t\t\t\t\t\t\t\t\t<\/div>\n\t\t\t\t<\/a>\n\t\t\t<\/div>\n\t\t<\/div><div class=\"col post-item\" >\n\t\t\t<div class=\"col-inner\">\n\t\t\t<a href=\"https:\/\/www.ladiagonale.net\/index.php\/2026\/02\/25\/un-monaco-meritant-elimine-par-paris-2-2\/\" class=\"plain\">\n\t\t\t\t<div class=\"box box-vertical box-text-bottom box-blog-post has-hover\">\n            \t\t\t\t\t<div class=\"box-image\" style=\"width:43%;\">\n  \t\t\t\t\t\t<div class=\"image-cover\" style=\"padding-top:89%;\">\n  \t\t\t\t\t\t\t<img width=\"300\" height=\"168\" src=\"https:\/\/www.ladiagonale.net\/wp-content\/uploads\/2026\/02\/psg-retour--300x168.png\" class=\"attachment-medium size-medium wp-post-image\" alt=\"\" loading=\"lazy\" srcset=\"https:\/\/www.ladiagonale.net\/wp-content\/uploads\/2026\/02\/psg-retour--300x168.png 300w, https:\/\/www.ladiagonale.net\/wp-content\/uploads\/2026\/02\/psg-retour--1024x574.png 1024w, https:\/\/www.ladiagonale.net\/wp-content\/uploads\/2026\/02\/psg-retour--768x430.png 768w, https:\/\/www.ladiagonale.net\/wp-content\/uploads\/2026\/02\/psg-retour--128x72.png 128w, https:\/\/www.ladiagonale.net\/wp-content\/uploads\/2026\/02\/psg-retour--32x18.png 32w, https:\/\/www.ladiagonale.net\/wp-content\/uploads\/2026\/02\/psg-retour-.png 1160w\" sizes=\"(max-width: 300px) 100vw, 300px\" \/>  \t\t\t\t\t\t\t  \t\t\t\t\t\t\t  \t\t\t\t\t\t<\/div>\n  \t\t\t\t\t\t  \t\t\t\t\t<\/div>\n          \t\t\t\t\t<div class=\"box-text text-left\" >\n\t\t\t\t\t<div class=\"box-text-inner blog-post-inner\">\n\n\t\t\t\t\t\n\t\t\t\t\t\t\t\t\t\t<h5 class=\"post-title is-large \">Un Monaco m\u00e9ritant \u00e9limin\u00e9 par Paris (2-2)<\/h5>\n\t\t\t\t\t\t\t\t\t\t<div class=\"is-divider\"><\/div>\n\t\t\t\t\t\t\t\t\t\t<p class=\"from_the_blog_excerpt \">Gr\u00e2ce \u00e0 un but de Maghnes Akliouche avant la pause, l\u2019AS Monaco a pu entrevoir [...]\t\t\t\t\t<\/p>\n\t\t\t\t\t                    \n\t\t\t\t\t\n\t\t\t\t\t\n\t\t\t\t\t<\/div>\n\t\t\t\t\t<\/div>\n\t\t\t\t\t\t\t\t\t\t\t\t\t\t\t\t<div class=\"badge absolute top post-date badge-outline\">\n\t\t\t\t\t\t\t<div class=\"badge-inner\">\n\t\t\t\t\t\t\t\t<span class=\"post-date-day\">25<\/span><br>\n\t\t\t\t\t\t\t\t<span class=\"post-date-month is-xsmall\">F\u00e9v<\/span>\n\t\t\t\t\t\t\t<\/div>\n\t\t\t\t\t\t<\/div>\n\t\t\t\t\t\t\t\t\t<\/div>\n\t\t\t\t<\/a>\n\t\t\t<\/div>\n\t\t<\/div><div class=\"col post-item\" >\n\t\t\t<div class=\"col-inner\">\n\t\t\t<a href=\"https:\/\/www.ladiagonale.net\/index.php\/2026\/02\/25\/les-compositions-bamba-titulaire-2\/\" class=\"plain\">\n\t\t\t\t<div class=\"box box-vertical box-text-bottom box-blog-post has-hover\">\n          \t\t\t\t\t<div class=\"box-text text-left\" >\n\t\t\t\t\t<div class=\"box-text-inner blog-post-inner\">\n\n\t\t\t\t\t\n\t\t\t\t\t\t\t\t\t\t<h5 class=\"post-title is-large \">Les compositions : Bamba titulaire<\/h5>\n\t\t\t\t\t<div class=\"post-meta is-small op-8\">25 f\u00e9vrier 2026<\/div>\t\t\t\t\t<div class=\"is-divider\"><\/div>\n\t\t\t\t\t\t\t\t\t\t<p class=\"from_the_blog_excerpt \">L\u2019AS Monaco joue une rencontre importante dans sa saison, en barrage retour de la Ligue [...]\t\t\t\t\t<\/p>\n\t\t\t\t\t                    \n\t\t\t\t\t\n\t\t\t\t\t\n\t\t\t\t\t<\/div>\n\t\t\t\t\t<\/div>\n\t\t\t\t\t\t\t\t\t<\/div>\n\t\t\t\t<\/a>\n\t\t\t<\/div>\n\t\t<\/div><div class=\"col post-item\" >\n\t\t\t<div class=\"col-inner\">\n\t\t\t<a href=\"https:\/\/www.ladiagonale.net\/index.php\/2026\/02\/24\/pocognoli-faire-face-et-prendre-du-plaisir-a-travailler-lun-pour-lautre\/\" class=\"plain\">\n\t\t\t\t<div class=\"box box-vertical box-text-bottom box-blog-post has-hover\">\n          \t\t\t\t\t<div class=\"box-text text-left\" >\n\t\t\t\t\t<div class=\"box-text-inner blog-post-inner\">\n\n\t\t\t\t\t\n\t\t\t\t\t\t\t\t\t\t<h5 class=\"post-title is-large \">Pocognoli :&nbsp;\u00ab&nbsp;Faire face et prendre du plaisir \u00e0 travailler l\u2019un pour l\u2019autre&nbsp;\u00bb<\/h5>\n\t\t\t\t\t<div class=\"post-meta is-small op-8\">24 f\u00e9vrier 2026<\/div>\t\t\t\t\t<div class=\"is-divider\"><\/div>\n\t\t\t\t\t\t\t\t\t\t<p class=\"from_the_blog_excerpt \">L\u2019AS Monaco est face \u00e0 un grand d\u00e9fi mercredi, en Ligue des champions, et tentera [...]\t\t\t\t\t<\/p>\n\t\t\t\t\t                    \n\t\t\t\t\t\n\t\t\t\t\t\n\t\t\t\t\t<\/div>\n\t\t\t\t\t<\/div>\n\t\t\t\t\t\t\t\t\t<\/div>\n\t\t\t\t<\/a>\n\t\t\t<\/div>\n\t\t<\/div><div class=\"col post-item\" >\n\t\t\t<div class=\"col-inner\">\n\t\t\t<a href=\"https:\/\/www.ladiagonale.net\/index.php\/2026\/02\/24\/le-groupe-monegasque-avec-mawissa-et-akliouche-sans-diatta\/\" class=\"plain\">\n\t\t\t\t<div class=\"box box-vertical box-text-bottom box-blog-post has-hover\">\n          \t\t\t\t\t<div class=\"box-text text-left\" >\n\t\t\t\t\t<div class=\"box-text-inner blog-post-inner\">\n\n\t\t\t\t\t\n\t\t\t\t\t\t\t\t\t\t<h5 class=\"post-title is-large \">Le groupe mon\u00e9gasque : avec Mawissa et Akliouche, sans Diatta<\/h5>\n\t\t\t\t\t<div class=\"post-meta is-small op-8\">24 f\u00e9vrier 2026<\/div>\t\t\t\t\t<div class=\"is-divider\"><\/div>\n\t\t\t\t\t\t\t\t\t\t<p class=\"from_the_blog_excerpt \">L&rsquo;AS Monaco s&rsquo;est rendue ce mardi \u00e0 Paris avec un groupe de 21 joueurs pour [...]\t\t\t\t\t<\/p>\n\t\t\t\t\t                    \n\t\t\t\t\t\n\t\t\t\t\t\n\t\t\t\t\t<\/div>\n\t\t\t\t\t<\/div>\n\t\t\t\t\t\t\t\t\t<\/div>\n\t\t\t\t<\/a>\n\t\t\t<\/div>\n\t\t<\/div><div class=\"col post-item\" >\n\t\t\t<div class=\"col-inner\">\n\t\t\t<a href=\"https:\/\/www.ladiagonale.net\/index.php\/2026\/02\/23\/le-barrage-retour-contre-paris-dirige-par-larbitre-de-la-derniere-finale-de-c1\/\" class=\"plain\">\n\t\t\t\t<div class=\"box box-vertical box-text-bottom box-blog-post has-hover\">\n          \t\t\t\t\t<div class=\"box-text text-left\" >\n\t\t\t\t\t<div class=\"box-text-inner blog-post-inner\">\n\n\t\t\t\t\t\n\t\t\t\t\t\t\t\t\t\t<h5 class=\"post-title is-large \">Le barrage retour contre Paris dirig\u00e9 par l&rsquo;arbitre de la derni\u00e8re finale de C1<\/h5>\n\t\t\t\t\t<div class=\"post-meta is-small op-8\">23 f\u00e9vrier 2026<\/div>\t\t\t\t\t<div class=\"is-divider\"><\/div>\n\t\t\t\t\t\t\t\t\t\t<p class=\"from_the_blog_excerpt \">Mercredi, l&rsquo;AS Monaco va d\u00e9fier le Paris Saint-Germain en barrage retour de la Ligue des [...]\t\t\t\t\t<\/p>\n\t\t\t\t\t                    \n\t\t\t\t\t\n\t\t\t\t\t\n\t\t\t\t\t<\/div>\n\t\t\t\t\t<\/div>\n\t\t\t\t\t\t\t\t\t<\/div>\n\t\t\t\t<\/a>\n\t\t\t<\/div>\n\t\t<\/div><div class=\"col post-item\" >\n\t\t\t<div class=\"col-inner\">\n\t\t\t<a href=\"https:\/\/www.ladiagonale.net\/index.php\/2026\/02\/23\/zakaria-encore-dans-lequipe-type-avec-pocognoli\/\" class=\"plain\">\n\t\t\t\t<div class=\"box box-vertical box-text-bottom box-blog-post has-hover\">\n          \t\t\t\t\t<div class=\"box-text text-left\" >\n\t\t\t\t\t<div class=\"box-text-inner blog-post-inner\">\n\n\t\t\t\t\t\n\t\t\t\t\t\t\t\t\t\t<h5 class=\"post-title is-large \">Zakaria encore dans l\u2019\u00e9quipe type, avec Pocognoli<\/h5>\n\t\t\t\t\t<div class=\"post-meta is-small op-8\">23 f\u00e9vrier 2026<\/div>\t\t\t\t\t<div class=\"is-divider\"><\/div>\n\t\t\t\t\t\t\t\t\t\t<p class=\"from_the_blog_excerpt \">D\u00e9j\u00e0 pr\u00e9sent dans l&rsquo;\u00e9quipe type de la 22e journ\u00e9e du journal L&rsquo;\u00c9quipe, apr\u00e8s avoir jou\u00e9 [...]\t\t\t\t\t<\/p>\n\t\t\t\t\t                    \n\t\t\t\t\t\n\t\t\t\t\t\n\t\t\t\t\t<\/div>\n\t\t\t\t\t<\/div>\n\t\t\t\t\t\t\t\t\t<\/div>\n\t\t\t\t<\/a>\n\t\t\t<\/div>\n\t\t<\/div><div class=\"col post-item\" >\n\t\t\t<div class=\"col-inner\">\n\t\t\t<a href=\"https:\/\/www.ladiagonale.net\/index.php\/2026\/02\/22\/les-notes-coulibaly-etonnant\/\" class=\"plain\">\n\t\t\t\t<div class=\"box box-vertical box-text-bottom box-blog-post has-hover\">\n            \t\t\t\t\t<div class=\"box-image\" style=\"width:43%;\">\n  \t\t\t\t\t\t<div class=\"image-cover\" style=\"padding-top:89%;\">\n  \t\t\t\t\t\t\t<img width=\"300\" height=\"168\" src=\"https:\/\/www.ladiagonale.net\/wp-content\/uploads\/2026\/02\/coulibaly-lens-300x168.png\" class=\"attachment-medium size-medium wp-post-image\" alt=\"\" loading=\"lazy\" srcset=\"https:\/\/www.ladiagonale.net\/wp-content\/uploads\/2026\/02\/coulibaly-lens-300x168.png 300w, https:\/\/www.ladiagonale.net\/wp-content\/uploads\/2026\/02\/coulibaly-lens-1024x574.png 1024w, https:\/\/www.ladiagonale.net\/wp-content\/uploads\/2026\/02\/coulibaly-lens-768x430.png 768w, https:\/\/www.ladiagonale.net\/wp-content\/uploads\/2026\/02\/coulibaly-lens-128x72.png 128w, https:\/\/www.ladiagonale.net\/wp-content\/uploads\/2026\/02\/coulibaly-lens-32x18.png 32w, https:\/\/www.ladiagonale.net\/wp-content\/uploads\/2026\/02\/coulibaly-lens.png 1160w\" sizes=\"(max-width: 300px) 100vw, 300px\" \/>  \t\t\t\t\t\t\t  \t\t\t\t\t\t\t  \t\t\t\t\t\t<\/div>\n  \t\t\t\t\t\t  \t\t\t\t\t<\/div>\n          \t\t\t\t\t<div class=\"box-text text-left\" >\n\t\t\t\t\t<div class=\"box-text-inner blog-post-inner\">\n\n\t\t\t\t\t\n\t\t\t\t\t\t\t\t\t\t<h5 class=\"post-title is-large \">Les notes : Coulibaly \u00e9tonnant<\/h5>\n\t\t\t\t\t\t\t\t\t\t<div class=\"is-divider\"><\/div>\n\t\t\t\t\t\t\t\t\t\t<p class=\"from_the_blog_excerpt \">Pour les besoins du collectif, le milieu de terrain Mamadou Coulibaly a \u00e9t\u00e9 positionn\u00e9 \u00e0 [...]\t\t\t\t\t<\/p>\n\t\t\t\t\t                    \n\t\t\t\t\t\n\t\t\t\t\t\n\t\t\t\t\t<\/div>\n\t\t\t\t\t<\/div>\n\t\t\t\t\t\t\t\t\t\t\t\t\t\t\t\t<div class=\"badge absolute top post-date badge-outline\">\n\t\t\t\t\t\t\t<div class=\"badge-inner\">\n\t\t\t\t\t\t\t\t<span class=\"post-date-day\">22<\/span><br>\n\t\t\t\t\t\t\t\t<span class=\"post-date-month is-xsmall\">F\u00e9v<\/span>\n\t\t\t\t\t\t\t<\/div>\n\t\t\t\t\t\t<\/div>\n\t\t\t\t\t\t\t\t\t<\/div>\n\t\t\t\t<\/a>\n\t\t\t<\/div>\n\t\t<\/div><div class=\"col post-item\" >\n\t\t\t<div class=\"col-inner\">\n\t\t\t<a href=\"https:\/\/www.ladiagonale.net\/index.php\/2026\/02\/22\/sarr-monaco-ne-nous-a-pas-mis-en-difficulte\/\" class=\"plain\">\n\t\t\t\t<div class=\"box box-vertical box-text-bottom box-blog-post has-hover\">\n          \t\t\t\t\t<div class=\"box-text text-left\" >\n\t\t\t\t\t<div class=\"box-text-inner blog-post-inner\">\n\n\t\t\t\t\t\n\t\t\t\t\t\t\t\t\t\t<h5 class=\"post-title is-large \">Sarr : \u00ab&nbsp;Monaco ne nous a pas mis en difficult\u00e9&nbsp;\u00bb<\/h5>\n\t\t\t\t\t<div class=\"post-meta is-small op-8\">22 f\u00e9vrier 2026<\/div>\t\t\t\t\t<div class=\"is-divider\"><\/div>\n\t\t\t\t\t\t\t\t\t\t<p class=\"from_the_blog_excerpt \">L\u2019AS Monaco a renvers\u00e9 Lens, samedi, gr\u00e2ce \u00e0 dix minutes totalement folles o\u00f9 les joueurs [...]\t\t\t\t\t<\/p>\n\t\t\t\t\t                    \n\t\t\t\t\t\n\t\t\t\t\t\n\t\t\t\t\t<\/div>\n\t\t\t\t\t<\/div>\n\t\t\t\t\t\t\t\t\t<\/div>\n\t\t\t\t<\/a>\n\t\t\t<\/div>\n\t\t<\/div><div class=\"col post-item\" >\n\t\t\t<div class=\"col-inner\">\n\t\t\t<a href=\"https:\/\/www.ladiagonale.net\/index.php\/2026\/02\/22\/pocognoli-ce-match-peut-nous-apporter-beaucoup-pour-la-suite\/\" class=\"plain\">\n\t\t\t\t<div class=\"box box-vertical box-text-bottom box-blog-post has-hover\">\n          \t\t\t\t\t<div class=\"box-text text-left\" >\n\t\t\t\t\t<div class=\"box-text-inner blog-post-inner\">\n\n\t\t\t\t\t\n\t\t\t\t\t\t\t\t\t\t<h5 class=\"post-title is-large \">Pocognoli :&nbsp;\u00ab&nbsp;Ce match peut nous apporter beaucoup pour la suite&nbsp;\u00bb<\/h5>\n\t\t\t\t\t<div class=\"post-meta is-small op-8\">22 f\u00e9vrier 2026<\/div>\t\t\t\t\t<div class=\"is-divider\"><\/div>\n\t\t\t\t\t\t\t\t\t\t<p class=\"from_the_blog_excerpt \">L\u2019AS Monaco a r\u00e9alis\u00e9 une performance de choix contre Lens, en ayant remont\u00e9 deux buts. [...]\t\t\t\t\t<\/p>\n\t\t\t\t\t                    \n\t\t\t\t\t\n\t\t\t\t\t\n\t\t\t\t\t<\/div>\n\t\t\t\t\t<\/div>\n\t\t\t\t\t\t\t\t\t<\/div>\n\t\t\t\t<\/a>\n\t\t\t<\/div>\n\t\t<\/div><div class=\"col post-item\" >\n\t\t\t<div class=\"col-inner\">\n\t\t\t<a href=\"https:\/\/www.ladiagonale.net\/index.php\/2026\/02\/21\/renversant-monaco-surprend-lens-3-2\/\" class=\"plain\">\n\t\t\t\t<div class=\"box box-vertical box-text-bottom box-blog-post has-hover\">\n            \t\t\t\t\t<div class=\"box-image\" style=\"width:43%;\">\n  \t\t\t\t\t\t<div class=\"image-cover\" style=\"padding-top:89%;\">\n  \t\t\t\t\t\t\t<img width=\"300\" height=\"168\" src=\"https:\/\/www.ladiagonale.net\/wp-content\/uploads\/2026\/02\/Balogun-Lens-300x168.png\" class=\"attachment-medium size-medium wp-post-image\" alt=\"\" loading=\"lazy\" srcset=\"https:\/\/www.ladiagonale.net\/wp-content\/uploads\/2026\/02\/Balogun-Lens-300x168.png 300w, https:\/\/www.ladiagonale.net\/wp-content\/uploads\/2026\/02\/Balogun-Lens-1024x574.png 1024w, https:\/\/www.ladiagonale.net\/wp-content\/uploads\/2026\/02\/Balogun-Lens-768x430.png 768w, https:\/\/www.ladiagonale.net\/wp-content\/uploads\/2026\/02\/Balogun-Lens-128x72.png 128w, https:\/\/www.ladiagonale.net\/wp-content\/uploads\/2026\/02\/Balogun-Lens-32x18.png 32w, https:\/\/www.ladiagonale.net\/wp-content\/uploads\/2026\/02\/Balogun-Lens.png 1160w\" sizes=\"(max-width: 300px) 100vw, 300px\" \/>  \t\t\t\t\t\t\t  \t\t\t\t\t\t\t  \t\t\t\t\t\t<\/div>\n  \t\t\t\t\t\t  \t\t\t\t\t<\/div>\n          \t\t\t\t\t<div class=\"box-text text-left\" >\n\t\t\t\t\t<div class=\"box-text-inner blog-post-inner\">\n\n\t\t\t\t\t\n\t\t\t\t\t\t\t\t\t\t<h5 class=\"post-title is-large \">Renversant, Monaco surprend Lens (3-2)<\/h5>\n\t\t\t\t\t\t\t\t\t\t<div class=\"is-divider\"><\/div>\n\t\t\t\t\t\t\t\t\t\t<p class=\"from_the_blog_excerpt \">L\u2019AS Monaco a parfaitement n\u00e9goci\u00e9 son d\u00e9placement chez le leader lensois, ce samedi, \u00e0 l\u2019occasion [...]\t\t\t\t\t<\/p>\n\t\t\t\t\t                    \n\t\t\t\t\t\n\t\t\t\t\t\n\t\t\t\t\t<\/div>\n\t\t\t\t\t<\/div>\n\t\t\t\t\t\t\t\t\t\t\t\t\t\t\t\t<div class=\"badge absolute top post-date badge-outline\">\n\t\t\t\t\t\t\t<div class=\"badge-inner\">\n\t\t\t\t\t\t\t\t<span class=\"post-date-day\">21<\/span><br>\n\t\t\t\t\t\t\t\t<span class=\"post-date-month is-xsmall\">F\u00e9v<\/span>\n\t\t\t\t\t\t\t<\/div>\n\t\t\t\t\t\t<\/div>\n\t\t\t\t\t\t\t\t\t<\/div>\n\t\t\t\t<\/a>\n\t\t\t<\/div>\n\t\t<\/div><div class=\"col post-item\" >\n\t\t\t<div class=\"col-inner\">\n\t\t\t<a href=\"https:\/\/www.ladiagonale.net\/index.php\/2026\/02\/21\/les-compositions-zakaria-titulaire\/\" class=\"plain\">\n\t\t\t\t<div class=\"box box-vertical box-text-bottom box-blog-post has-hover\">\n          \t\t\t\t\t<div class=\"box-text text-left\" >\n\t\t\t\t\t<div class=\"box-text-inner blog-post-inner\">\n\n\t\t\t\t\t\n\t\t\t\t\t\t\t\t\t\t<h5 class=\"post-title is-large \">Les compositions : Zakaria titulaire<\/h5>\n\t\t\t\t\t<div class=\"post-meta is-small op-8\">21 f\u00e9vrier 2026<\/div>\t\t\t\t\t<div class=\"is-divider\"><\/div>\n\t\t\t\t\t\t\t\t\t\t<p class=\"from_the_blog_excerpt \">RC Lens (3-4-3) : Risser &#8211; Celik, Ganiou, Sarr &#8211; Abdulhamid, Thomasson (cap.), Bulatovic, Udol [...]\t\t\t\t\t<\/p>\n\t\t\t\t\t                    \n\t\t\t\t\t\n\t\t\t\t\t\n\t\t\t\t\t<\/div>\n\t\t\t\t\t<\/div>\n\t\t\t\t\t\t\t\t\t<\/div>\n\t\t\t\t<\/a>\n\t\t\t<\/div>\n\t\t<\/div><div class=\"col post-item\" >\n\t\t\t<div class=\"col-inner\">\n\t\t\t<a href=\"https:\/\/www.ladiagonale.net\/index.php\/2026\/02\/21\/une-quatrieme-fois-avec-delajod-au-sifflet\/\" class=\"plain\">\n\t\t\t\t<div class=\"box box-vertical box-text-bottom box-blog-post has-hover\">\n          \t\t\t\t\t<div class=\"box-text text-left\" >\n\t\t\t\t\t<div class=\"box-text-inner blog-post-inner\">\n\n\t\t\t\t\t\n\t\t\t\t\t\t\t\t\t\t<h5 class=\"post-title is-large \">Une quatri\u00e8me fois avec Delajod au sifflet<\/h5>\n\t\t\t\t\t<div class=\"post-meta is-small op-8\">21 f\u00e9vrier 2026<\/div>\t\t\t\t\t<div class=\"is-divider\"><\/div>\n\t\t\t\t\t\t\t\t\t\t<p class=\"from_the_blog_excerpt \">L\u2019AS Monaco affronte le RC Lens ce samedi (17h), \u00e0 l&rsquo;occasion de la 23e journ\u00e9e [...]\t\t\t\t\t<\/p>\n\t\t\t\t\t                    \n\t\t\t\t\t\n\t\t\t\t\t\n\t\t\t\t\t<\/div>\n\t\t\t\t\t<\/div>\n\t\t\t\t\t\t\t\t\t<\/div>\n\t\t\t\t<\/a>\n\t\t\t<\/div>\n\t\t<\/div><div class=\"col post-item\" >\n\t\t\t<div class=\"col-inner\">\n\t\t\t<a href=\"https:\/\/www.ladiagonale.net\/index.php\/2026\/02\/21\/le-ministere-des-sports-congolais-reagit-a-la-plainte-visant-le-partenariat-avec-lasm\/\" class=\"plain\">\n\t\t\t\t<div class=\"box box-vertical box-text-bottom box-blog-post has-hover\">\n          \t\t\t\t\t<div class=\"box-text text-left\" >\n\t\t\t\t\t<div class=\"box-text-inner blog-post-inner\">\n\n\t\t\t\t\t\n\t\t\t\t\t\t\t\t\t\t<h5 class=\"post-title is-large \">Le Minist\u00e8re des Sports congolais r\u00e9agit \u00e0 la plainte visant le partenariat avec l\u2019ASM<\/h5>\n\t\t\t\t\t<div class=\"post-meta is-small op-8\">21 f\u00e9vrier 2026<\/div>\t\t\t\t\t<div class=\"is-divider\"><\/div>\n\t\t\t\t\t\t\t\t\t\t<p class=\"from_the_blog_excerpt \">Le partenariat entre l\u2019AS Monaco et la RD Congo est en train de virer \u00e0 [...]\t\t\t\t\t<\/p>\n\t\t\t\t\t                    \n\t\t\t\t\t\n\t\t\t\t\t\n\t\t\t\t\t<\/div>\n\t\t\t\t\t<\/div>\n\t\t\t\t\t\t\t\t\t<\/div>\n\t\t\t\t<\/a>\n\t\t\t<\/div>\n\t\t<\/div><div class=\"col post-item\" >\n\t\t\t<div class=\"col-inner\">\n\t\t\t<a href=\"https:\/\/www.ladiagonale.net\/index.php\/2026\/02\/20\/le-groupe-lensois-aguilar-de-retour-de-suspension-sangare-forfait\/\" class=\"plain\">\n\t\t\t\t<div class=\"box box-vertical box-text-bottom box-blog-post has-hover\">\n          \t\t\t\t\t<div class=\"box-text text-left\" >\n\t\t\t\t\t<div class=\"box-text-inner blog-post-inner\">\n\n\t\t\t\t\t\n\t\t\t\t\t\t\t\t\t\t<h5 class=\"post-title is-large \">Le groupe lensois : Aguilar de retour de suspension, Sangar\u00e9 forfait<\/h5>\n\t\t\t\t\t<div class=\"post-meta is-small op-8\">20 f\u00e9vrier 2026<\/div>\t\t\t\t\t<div class=\"is-divider\"><\/div>\n\t\t\t\t\t\t\t\t\t\t<p class=\"from_the_blog_excerpt \">Le groupe convoqu\u00e9 par Pierre Sage, l\u2019entra\u00eeneur du RC Lens, comporte 21 joueurs. L\u2019ex-Mon\u00e9gasque Ruben [...]\t\t\t\t\t<\/p>\n\t\t\t\t\t                    \n\t\t\t\t\t\n\t\t\t\t\t\n\t\t\t\t\t<\/div>\n\t\t\t\t\t<\/div>\n\t\t\t\t\t\t\t\t\t<\/div>\n\t\t\t\t<\/a>\n\t\t\t<\/div>\n\t\t<\/div><div class=\"col post-item\" >\n\t\t\t<div class=\"col-inner\">\n\t\t\t<a href=\"https:\/\/www.ladiagonale.net\/index.php\/2026\/02\/20\/le-groupe-monegasque-akliouche-forfait-zakaria-et-fati-convoques\/\" class=\"plain\">\n\t\t\t\t<div class=\"box box-vertical box-text-bottom box-blog-post has-hover\">\n          \t\t\t\t\t<div class=\"box-text text-left\" >\n\t\t\t\t\t<div class=\"box-text-inner blog-post-inner\">\n\n\t\t\t\t\t\n\t\t\t\t\t\t\t\t\t\t<h5 class=\"post-title is-large \">Le groupe mon\u00e9gasque : Akliouche forfait, Zakaria et Fati convoqu\u00e9s<\/h5>\n\t\t\t\t\t<div class=\"post-meta is-small op-8\">20 f\u00e9vrier 2026<\/div>\t\t\t\t\t<div class=\"is-divider\"><\/div>\n\t\t\t\t\t\t\t\t\t\t<p class=\"from_the_blog_excerpt \">L&rsquo;AS Monaco voyagera sans Maghnes Akliouche \u00e0 Lens. Touch\u00e9 \u00e0 une hanche contre Nantes, le [...]\t\t\t\t\t<\/p>\n\t\t\t\t\t                    \n\t\t\t\t\t\n\t\t\t\t\t\n\t\t\t\t\t<\/div>\n\t\t\t\t\t<\/div>\n\t\t\t\t\t\t\t\t\t<\/div>\n\t\t\t\t<\/a>\n\t\t\t<\/div>\n\t\t<\/div><div class=\"col post-item\" >\n\t\t\t<div class=\"col-inner\">\n\t\t\t<a href=\"https:\/\/www.ladiagonale.net\/index.php\/2026\/02\/20\/golovin-la-ligne-rouge\/\" class=\"plain\">\n\t\t\t\t<div class=\"box box-vertical box-text-bottom box-blog-post has-hover\">\n            \t\t\t\t\t<div class=\"box-image\" style=\"width:43%;\">\n  \t\t\t\t\t\t<div class=\"image-cover\" style=\"padding-top:89%;\">\n  \t\t\t\t\t\t\t<img width=\"300\" height=\"168\" src=\"https:\/\/www.ladiagonale.net\/wp-content\/uploads\/2026\/02\/Golovin-grimace-300x168.png\" class=\"attachment-medium size-medium wp-post-image\" alt=\"\" loading=\"lazy\" srcset=\"https:\/\/www.ladiagonale.net\/wp-content\/uploads\/2026\/02\/Golovin-grimace-300x168.png 300w, https:\/\/www.ladiagonale.net\/wp-content\/uploads\/2026\/02\/Golovin-grimace-1024x574.png 1024w, https:\/\/www.ladiagonale.net\/wp-content\/uploads\/2026\/02\/Golovin-grimace-768x430.png 768w, https:\/\/www.ladiagonale.net\/wp-content\/uploads\/2026\/02\/Golovin-grimace-128x72.png 128w, https:\/\/www.ladiagonale.net\/wp-content\/uploads\/2026\/02\/Golovin-grimace-32x18.png 32w, https:\/\/www.ladiagonale.net\/wp-content\/uploads\/2026\/02\/Golovin-grimace.png 1160w\" sizes=\"(max-width: 300px) 100vw, 300px\" \/>  \t\t\t\t\t\t\t  \t\t\t\t\t\t\t  \t\t\t\t\t\t<\/div>\n  \t\t\t\t\t\t  \t\t\t\t\t<\/div>\n          \t\t\t\t\t<div class=\"box-text text-left\" >\n\t\t\t\t\t<div class=\"box-text-inner blog-post-inner\">\n\n\t\t\t\t\t\n\t\t\t\t\t\t\t\t\t\t<h5 class=\"post-title is-large \">Golovin, la ligne rouge<\/h5>\n\t\t\t\t\t\t\t\t\t\t<div class=\"is-divider\"><\/div>\n\t\t\t\t\t\t\t\t\t\t<p class=\"from_the_blog_excerpt \">\u00ab\u00a0Un sourire est souvent la solution au vilain courroux\u00a0\u00bb, disait le preux chevalier Bohort dans [...]\t\t\t\t\t<\/p>\n\t\t\t\t\t                    \n\t\t\t\t\t\n\t\t\t\t\t\n\t\t\t\t\t<\/div>\n\t\t\t\t\t<\/div>\n\t\t\t\t\t\t\t\t\t\t\t\t\t\t\t\t<div class=\"badge absolute top post-date badge-outline\">\n\t\t\t\t\t\t\t<div class=\"badge-inner\">\n\t\t\t\t\t\t\t\t<span class=\"post-date-day\">20<\/span><br>\n\t\t\t\t\t\t\t\t<span class=\"post-date-month is-xsmall\">F\u00e9v<\/span>\n\t\t\t\t\t\t\t<\/div>\n\t\t\t\t\t\t<\/div>\n\t\t\t\t\t\t\t\t\t<\/div>\n\t\t\t\t<\/a>\n\t\t\t<\/div>\n\t\t<\/div><div class=\"col post-item\" >\n\t\t\t<div class=\"col-inner\">\n\t\t\t<a href=\"https:\/\/www.ladiagonale.net\/index.php\/2026\/02\/19\/pocognoli-directement-apres-paris-on-a-remis-les-points-sur-les-i\/\" class=\"plain\">\n\t\t\t\t<div class=\"box box-vertical box-text-bottom box-blog-post has-hover\">\n          \t\t\t\t\t<div class=\"box-text text-left\" >\n\t\t\t\t\t<div class=\"box-text-inner blog-post-inner\">\n\n\t\t\t\t\t\n\t\t\t\t\t\t\t\t\t\t<h5 class=\"post-title is-large \">Pocognoli : \u00ab&nbsp;Directement apr\u00e8s Paris, on a remis les points sur les i&nbsp;\u00bb<\/h5>\n\t\t\t\t\t<div class=\"post-meta is-small op-8\">19 f\u00e9vrier 2026<\/div>\t\t\t\t\t<div class=\"is-divider\"><\/div>\n\t\t\t\t\t\t\t\t\t\t<p class=\"from_the_blog_excerpt \">Apr\u00e8s un choc contre Paris en barrage aller de la Ligue des champions, l\u2019AS Monaco [...]\t\t\t\t\t<\/p>\n\t\t\t\t\t                    \n\t\t\t\t\t\n\t\t\t\t\t\n\t\t\t\t\t<\/div>\n\t\t\t\t\t<\/div>\n\t\t\t\t\t\t\t\t\t<\/div>\n\t\t\t\t<\/a>\n\t\t\t<\/div>\n\t\t<\/div><div class=\"col post-item\" >\n\t\t\t<div class=\"col-inner\">\n\t\t\t<a href=\"https:\/\/www.ladiagonale.net\/index.php\/2026\/02\/19\/pour-pogba-cest-toujours-flou\/\" class=\"plain\">\n\t\t\t\t<div class=\"box box-vertical box-text-bottom box-blog-post has-hover\">\n          \t\t\t\t\t<div class=\"box-text text-left\" >\n\t\t\t\t\t<div class=\"box-text-inner blog-post-inner\">\n\n\t\t\t\t\t\n\t\t\t\t\t\t\t\t\t\t<h5 class=\"post-title is-large \">Pour Pogba, c&rsquo;est toujours flou<\/h5>\n\t\t\t\t\t<div class=\"post-meta is-small op-8\">19 f\u00e9vrier 2026<\/div>\t\t\t\t\t<div class=\"is-divider\"><\/div>\n\t\t\t\t\t\t\t\t\t\t<p class=\"from_the_blog_excerpt \">Seulement trois apparitions pour Paul Pogba cette saison, la derni\u00e8re contre Paris fin novembre, et [...]\t\t\t\t\t<\/p>\n\t\t\t\t\t                    \n\t\t\t\t\t\n\t\t\t\t\t\n\t\t\t\t\t<\/div>\n\t\t\t\t\t<\/div>\n\t\t\t\t\t\t\t\t\t<\/div>\n\t\t\t\t<\/a>\n\t\t\t<\/div>\n\t\t<\/div><div class=\"col post-item\" >\n\t\t\t<div class=\"col-inner\">\n\t\t\t<a href=\"https:\/\/www.ladiagonale.net\/index.php\/2026\/02\/19\/akliouche-et-zakaria-incertains-a-lens-mawissa-espere-la-semaine-prochaine\/\" class=\"plain\">\n\t\t\t\t<div class=\"box box-vertical box-text-bottom box-blog-post has-hover\">\n          \t\t\t\t\t<div class=\"box-text text-left\" >\n\t\t\t\t\t<div class=\"box-text-inner blog-post-inner\">\n\n\t\t\t\t\t\n\t\t\t\t\t\t\t\t\t\t<h5 class=\"post-title is-large \">Akliouche et Zakaria incertains \u00e0 Lens, Mawissa esp\u00e9r\u00e9 la semaine prochaine<\/h5>\n\t\t\t\t\t<div class=\"post-meta is-small op-8\">19 f\u00e9vrier 2026<\/div>\t\t\t\t\t<div class=\"is-divider\"><\/div>\n\t\t\t\t\t\t\t\t\t\t<p class=\"from_the_blog_excerpt \">Maghnes Akliouche, Denis Zakaria et Vanderson n\u2019\u00e9taient pas avec le groupe lors de l\u2019entra\u00eenement collectif [...]\t\t\t\t\t<\/p>\n\t\t\t\t\t                    \n\t\t\t\t\t\n\t\t\t\t\t\n\t\t\t\t\t<\/div>\n\t\t\t\t\t<\/div>\n\t\t\t\t\t\t\t\t\t<\/div>\n\t\t\t\t<\/a>\n\t\t\t<\/div>\n\t\t<\/div><div class=\"col post-item\" >\n\t\t\t<div class=\"col-inner\">\n\t\t\t<a href=\"https:\/\/www.ladiagonale.net\/index.php\/2026\/02\/19\/coulibaly-suspendu-contre-angers-un-match-ferme-pour-golovin\/\" class=\"plain\">\n\t\t\t\t<div class=\"box box-vertical box-text-bottom box-blog-post has-hover\">\n          \t\t\t\t\t<div class=\"box-text text-left\" >\n\t\t\t\t\t<div class=\"box-text-inner blog-post-inner\">\n\n\t\t\t\t\t\n\t\t\t\t\t\t\t\t\t\t<h5 class=\"post-title is-large \">Coulibaly suspendu contre Angers, un match ferme pour Golovin<\/h5>\n\t\t\t\t\t<div class=\"post-meta is-small op-8\">19 f\u00e9vrier 2026<\/div>\t\t\t\t\t<div class=\"is-divider\"><\/div>\n\t\t\t\t\t\t\t\t\t\t<p class=\"from_the_blog_excerpt \">Deux joueurs \u00e9taient concern\u00e9s par la commission de discipline de la LFP, mercredi soir. Averti [...]\t\t\t\t\t<\/p>\n\t\t\t\t\t                    \n\t\t\t\t\t\n\t\t\t\t\t\n\t\t\t\t\t<\/div>\n\t\t\t\t\t<\/div>\n\t\t\t\t\t\t\t\t\t<\/div>\n\t\t\t\t<\/a>\n\t\t\t<\/div>\n\t\t<\/div><div class=\"col post-item\" >\n\t\t\t<div class=\"col-inner\">\n\t\t\t<a href=\"https:\/\/www.ladiagonale.net\/index.php\/2026\/02\/18\/brunner-buteur-avec-le-groupe-elite-face-a-la-reserve-du-psg\/\" class=\"plain\">\n\t\t\t\t<div class=\"box box-vertical box-text-bottom box-blog-post has-hover\">\n          \t\t\t\t\t<div class=\"box-text text-left\" >\n\t\t\t\t\t<div class=\"box-text-inner blog-post-inner\">\n\n\t\t\t\t\t\n\t\t\t\t\t\t\t\t\t\t<h5 class=\"post-title is-large \">Brunner buteur avec le Groupe \u00c9lite face \u00e0 la r\u00e9serve du PSG<\/h5>\n\t\t\t\t\t<div class=\"post-meta is-small op-8\">18 f\u00e9vrier 2026<\/div>\t\t\t\t\t<div class=\"is-divider\"><\/div>\n\t\t\t\t\t\t\t\t\t\t<p class=\"from_the_blog_excerpt \">Les tribunes du stade Louis-II n&rsquo;\u00e9taient pas seulement garnies de supporters parisiens, mardi soir, lors [...]\t\t\t\t\t<\/p>\n\t\t\t\t\t                    \n\t\t\t\t\t\n\t\t\t\t\t\n\t\t\t\t\t<\/div>\n\t\t\t\t\t<\/div>\n\t\t\t\t\t\t\t\t\t<\/div>\n\t\t\t\t<\/a>\n\t\t\t<\/div>\n\t\t<\/div><div class=\"col post-item\" >\n\t\t\t<div class=\"col-inner\">\n\t\t\t<a href=\"https:\/\/www.ladiagonale.net\/index.php\/2026\/02\/18\/le-partenariat-avec-la-rd-congo-denonce-aupres-du-parquet-de-monaco\/\" class=\"plain\">\n\t\t\t\t<div class=\"box box-vertical box-text-bottom box-blog-post has-hover\">\n          \t\t\t\t\t<div class=\"box-text text-left\" >\n\t\t\t\t\t<div class=\"box-text-inner blog-post-inner\">\n\n\t\t\t\t\t\n\t\t\t\t\t\t\t\t\t\t<h5 class=\"post-title is-large \">Le partenariat avec la RD Congo d\u00e9nonc\u00e9 aupr\u00e8s du Parquet de Monaco<\/h5>\n\t\t\t\t\t<div class=\"post-meta is-small op-8\">18 f\u00e9vrier 2026<\/div>\t\t\t\t\t<div class=\"is-divider\"><\/div>\n\t\t\t\t\t\t\t\t\t\t<p class=\"from_the_blog_excerpt \">D\u00e9but septembre, deux r\u00e9sidents congolais en France avaient port\u00e9 plainte aupr\u00e8s du Parquet national financier [...]\t\t\t\t\t<\/p>\n\t\t\t\t\t                    \n\t\t\t\t\t\n\t\t\t\t\t\n\t\t\t\t\t<\/div>\n\t\t\t\t\t<\/div>\n\t\t\t\t\t\t\t\t\t<\/div>\n\t\t\t\t<\/a>\n\t\t\t<\/div>\n\t\t<\/div><div class=\"col post-item\" >\n\t\t\t<div class=\"col-inner\">\n\t\t\t<a href=\"https:\/\/www.ladiagonale.net\/index.php\/2026\/02\/18\/les-notes-balogun-clinique\/\" class=\"plain\">\n\t\t\t\t<div class=\"box box-vertical box-text-bottom box-blog-post has-hover\">\n            \t\t\t\t\t<div class=\"box-image\" style=\"width:43%;\">\n  \t\t\t\t\t\t<div class=\"image-cover\" style=\"padding-top:89%;\">\n  \t\t\t\t\t\t\t<img width=\"300\" height=\"168\" src=\"https:\/\/www.ladiagonale.net\/wp-content\/uploads\/2026\/02\/Balogun8-300x168.png\" class=\"attachment-medium size-medium wp-post-image\" alt=\"\" loading=\"lazy\" srcset=\"https:\/\/www.ladiagonale.net\/wp-content\/uploads\/2026\/02\/Balogun8-300x168.png 300w, https:\/\/www.ladiagonale.net\/wp-content\/uploads\/2026\/02\/Balogun8-1024x574.png 1024w, https:\/\/www.ladiagonale.net\/wp-content\/uploads\/2026\/02\/Balogun8-768x430.png 768w, https:\/\/www.ladiagonale.net\/wp-content\/uploads\/2026\/02\/Balogun8-128x72.png 128w, https:\/\/www.ladiagonale.net\/wp-content\/uploads\/2026\/02\/Balogun8-32x18.png 32w, https:\/\/www.ladiagonale.net\/wp-content\/uploads\/2026\/02\/Balogun8.png 1160w\" sizes=\"(max-width: 300px) 100vw, 300px\" \/>  \t\t\t\t\t\t\t  \t\t\t\t\t\t\t  \t\t\t\t\t\t<\/div>\n  \t\t\t\t\t\t  \t\t\t\t\t<\/div>\n          \t\t\t\t\t<div class=\"box-text text-left\" >\n\t\t\t\t\t<div class=\"box-text-inner blog-post-inner\">\n\n\t\t\t\t\t\n\t\t\t\t\t\t\t\t\t\t<h5 class=\"post-title is-large \">Les notes : Balogun clinique<\/h5>\n\t\t\t\t\t\t\t\t\t\t<div class=\"is-divider\"><\/div>\n\t\t\t\t\t\t\t\t\t\t<p class=\"from_the_blog_excerpt \">L&rsquo;attaquant a incarn\u00e9 le r\u00eave mon\u00e9gasque avec un doubl\u00e9 en vingt minutes. Avant que celui-ci [...]\t\t\t\t\t<\/p>\n\t\t\t\t\t                    \n\t\t\t\t\t\n\t\t\t\t\t\n\t\t\t\t\t<\/div>\n\t\t\t\t\t<\/div>\n\t\t\t\t\t\t\t\t\t\t\t\t\t\t\t\t<div class=\"badge absolute top post-date badge-outline\">\n\t\t\t\t\t\t\t<div class=\"badge-inner\">\n\t\t\t\t\t\t\t\t<span class=\"post-date-day\">18<\/span><br>\n\t\t\t\t\t\t\t\t<span class=\"post-date-month is-xsmall\">F\u00e9v<\/span>\n\t\t\t\t\t\t\t<\/div>\n\t\t\t\t\t\t<\/div>\n\t\t\t\t\t\t\t\t\t<\/div>\n\t\t\t\t<\/a>\n\t\t\t<\/div>\n\t\t<\/div><div class=\"col post-item\" >\n\t\t\t<div class=\"col-inner\">\n\t\t\t<a href=\"https:\/\/www.ladiagonale.net\/index.php\/2026\/02\/18\/il-sait-quon-nest-pas-contents-le-triste-record-de-golovin\/\" class=\"plain\">\n\t\t\t\t<div class=\"box box-vertical box-text-bottom box-blog-post has-hover\">\n          \t\t\t\t\t<div class=\"box-text text-left\" >\n\t\t\t\t\t<div class=\"box-text-inner blog-post-inner\">\n\n\t\t\t\t\t\n\t\t\t\t\t\t\t\t\t\t<h5 class=\"post-title is-large \">\u00ab\u00a0Il sait qu\u2019on n\u2019est pas contents \u00bb : le triste record de Golovin<\/h5>\n\t\t\t\t\t<div class=\"post-meta is-small op-8\">18 f\u00e9vrier 2026<\/div>\t\t\t\t\t<div class=\"is-divider\"><\/div>\n\t\t\t\t\t\t\t\t\t\t<p class=\"from_the_blog_excerpt \">Exclu au tout d\u00e9but de la seconde p\u00e9riode, lors du barrage aller de la Ligue [...]\t\t\t\t\t<\/p>\n\t\t\t\t\t                    \n\t\t\t\t\t\n\t\t\t\t\t\n\t\t\t\t\t<\/div>\n\t\t\t\t\t<\/div>\n\t\t\t\t\t\t\t\t\t<\/div>\n\t\t\t\t<\/a>\n\t\t\t<\/div>\n\t\t<\/div><div class=\"col post-item\" >\n\t\t\t<div class=\"col-inner\">\n\t\t\t<a href=\"https:\/\/www.ladiagonale.net\/index.php\/2026\/02\/18\/pocognoli-on-parlera-de-regrets-apres-le-match-retour\/\" class=\"plain\">\n\t\t\t\t<div class=\"box box-vertical box-text-bottom box-blog-post has-hover\">\n          \t\t\t\t\t<div class=\"box-text text-left\" >\n\t\t\t\t\t<div class=\"box-text-inner blog-post-inner\">\n\n\t\t\t\t\t\n\t\t\t\t\t\t\t\t\t\t<h5 class=\"post-title is-large \">Pocognoli : \u00ab&nbsp;On parlera de regrets apr\u00e8s le match retour&nbsp;\u00bb<\/h5>\n\t\t\t\t\t<div class=\"post-meta is-small op-8\">18 f\u00e9vrier 2026<\/div>\t\t\t\t\t<div class=\"is-divider\"><\/div>\n\t\t\t\t\t\t\t\t\t\t<p class=\"from_the_blog_excerpt \">Battu lors du barrage aller par le Paris Saint-Germain, l\u2019AS Monaco de S\u00e9bastien Pocognoli veut [...]\t\t\t\t\t<\/p>\n\t\t\t\t\t                    \n\t\t\t\t\t\n\t\t\t\t\t\n\t\t\t\t\t<\/div>\n\t\t\t\t\t<\/div>\n\t\t\t\t\t\t\t\t\t<\/div>\n\t\t\t\t<\/a>\n\t\t\t<\/div>\n\t\t<\/div><div class=\"col post-item\" >\n\t\t\t<div class=\"col-inner\">\n\t\t\t<a href=\"https:\/\/www.ladiagonale.net\/index.php\/2026\/02\/17\/du-reve-au-cauchemar-monaco-plie-un-genou-contre-paris-2-3\/\" class=\"plain\">\n\t\t\t\t<div class=\"box box-vertical box-text-bottom box-blog-post has-hover\">\n            \t\t\t\t\t<div class=\"box-image\" style=\"width:43%;\">\n  \t\t\t\t\t\t<div class=\"image-cover\" style=\"padding-top:89%;\">\n  \t\t\t\t\t\t\t<img width=\"300\" height=\"168\" src=\"https:\/\/www.ladiagonale.net\/wp-content\/uploads\/2026\/02\/Zakaria-PSG-300x168.png\" class=\"attachment-medium size-medium wp-post-image\" alt=\"\" loading=\"lazy\" srcset=\"https:\/\/www.ladiagonale.net\/wp-content\/uploads\/2026\/02\/Zakaria-PSG-300x168.png 300w, https:\/\/www.ladiagonale.net\/wp-content\/uploads\/2026\/02\/Zakaria-PSG-1024x574.png 1024w, https:\/\/www.ladiagonale.net\/wp-content\/uploads\/2026\/02\/Zakaria-PSG-768x430.png 768w, https:\/\/www.ladiagonale.net\/wp-content\/uploads\/2026\/02\/Zakaria-PSG-128x72.png 128w, https:\/\/www.ladiagonale.net\/wp-content\/uploads\/2026\/02\/Zakaria-PSG-32x18.png 32w, https:\/\/www.ladiagonale.net\/wp-content\/uploads\/2026\/02\/Zakaria-PSG.png 1160w\" sizes=\"(max-width: 300px) 100vw, 300px\" \/>  \t\t\t\t\t\t\t  \t\t\t\t\t\t\t  \t\t\t\t\t\t<\/div>\n  \t\t\t\t\t\t  \t\t\t\t\t<\/div>\n          \t\t\t\t\t<div class=\"box-text text-left\" >\n\t\t\t\t\t<div class=\"box-text-inner blog-post-inner\">\n\n\t\t\t\t\t\n\t\t\t\t\t\t\t\t\t\t<h5 class=\"post-title is-large \">Du r\u00eave au cauchemar : Monaco plie contre Paris (2-3)<\/h5>\n\t\t\t\t\t\t\t\t\t\t<div class=\"is-divider\"><\/div>\n\t\t\t\t\t\t\t\t\t\t<p class=\"from_the_blog_excerpt \">Pourtant combattive et opportuniste, l\u2019AS Monaco s\u2019est inclin\u00e9e contre le Paris Saint-Germain (2-3), mardi, lors [...]\t\t\t\t\t<\/p>\n\t\t\t\t\t                    \n\t\t\t\t\t\n\t\t\t\t\t\n\t\t\t\t\t<\/div>\n\t\t\t\t\t<\/div>\n\t\t\t\t\t\t\t\t\t\t\t\t\t\t\t\t<div class=\"badge absolute top post-date badge-outline\">\n\t\t\t\t\t\t\t<div class=\"badge-inner\">\n\t\t\t\t\t\t\t\t<span class=\"post-date-day\">17<\/span><br>\n\t\t\t\t\t\t\t\t<span class=\"post-date-month is-xsmall\">F\u00e9v<\/span>\n\t\t\t\t\t\t\t<\/div>\n\t\t\t\t\t\t<\/div>\n\t\t\t\t\t\t\t\t\t<\/div>\n\t\t\t\t<\/a>\n\t\t\t<\/div>\n\t\t<\/div><div class=\"col post-item\" >\n\t\t\t<div class=\"col-inner\">\n\t\t\t<a href=\"https:\/\/www.ladiagonale.net\/index.php\/2026\/02\/17\/les-compositions-faes-et-teze-en-charniere\/\" class=\"plain\">\n\t\t\t\t<div class=\"box box-vertical box-text-bottom box-blog-post has-hover\">\n          \t\t\t\t\t<div class=\"box-text text-left\" >\n\t\t\t\t\t<div class=\"box-text-inner blog-post-inner\">\n\n\t\t\t\t\t\n\t\t\t\t\t\t\t\t\t\t<h5 class=\"post-title is-large \">Les compositions : Faes et Teze en charni\u00e8re<\/h5>\n\t\t\t\t\t<div class=\"post-meta is-small op-8\">17 f\u00e9vrier 2026<\/div>\t\t\t\t\t<div class=\"is-divider\"><\/div>\n\t\t\t\t\t\t\t\t\t\t<p class=\"from_the_blog_excerpt \">AS Monaco (4-2-3-1) : K\u00f6hn &#8211; Vanderson, Teze, Faes, C. Henrique &#8211; Camara, Zakaria (cap.)- [...]\t\t\t\t\t<\/p>\n\t\t\t\t\t                    \n\t\t\t\t\t\n\t\t\t\t\t\n\t\t\t\t\t<\/div>\n\t\t\t\t\t<\/div>\n\t\t\t\t\t\t\t\t\t<\/div>\n\t\t\t\t<\/a>\n\t\t\t<\/div>\n\t\t<\/div><div class=\"col post-item\" >\n\t\t\t<div class=\"col-inner\">\n\t\t\t<a href=\"https:\/\/www.ladiagonale.net\/index.php\/2026\/02\/17\/a-lassaut-du-champion\/\" class=\"plain\">\n\t\t\t\t<div class=\"box box-vertical box-text-bottom box-blog-post has-hover\">\n            \t\t\t\t\t<div class=\"box-image\" style=\"width:43%;\">\n  \t\t\t\t\t\t<div class=\"image-cover\" style=\"padding-top:89%;\">\n  \t\t\t\t\t\t\t<img width=\"300\" height=\"168\" src=\"https:\/\/www.ladiagonale.net\/wp-content\/uploads\/2025\/12\/golovin-PSG-300x168.png\" class=\"attachment-medium size-medium wp-post-image\" alt=\"\" loading=\"lazy\" srcset=\"https:\/\/www.ladiagonale.net\/wp-content\/uploads\/2025\/12\/golovin-PSG-300x168.png 300w, https:\/\/www.ladiagonale.net\/wp-content\/uploads\/2025\/12\/golovin-PSG-1024x574.png 1024w, https:\/\/www.ladiagonale.net\/wp-content\/uploads\/2025\/12\/golovin-PSG-768x430.png 768w, https:\/\/www.ladiagonale.net\/wp-content\/uploads\/2025\/12\/golovin-PSG-128x72.png 128w, https:\/\/www.ladiagonale.net\/wp-content\/uploads\/2025\/12\/golovin-PSG-32x18.png 32w, https:\/\/www.ladiagonale.net\/wp-content\/uploads\/2025\/12\/golovin-PSG.png 1160w\" sizes=\"(max-width: 300px) 100vw, 300px\" \/>  \t\t\t\t\t\t\t  \t\t\t\t\t\t\t  \t\t\t\t\t\t<\/div>\n  \t\t\t\t\t\t  \t\t\t\t\t<\/div>\n          \t\t\t\t\t<div class=\"box-text text-left\" >\n\t\t\t\t\t<div class=\"box-text-inner blog-post-inner\">\n\n\t\t\t\t\t\n\t\t\t\t\t\t\t\t\t\t<h5 class=\"post-title is-large \">\u00c0 l\u2019assaut du champion<\/h5>\n\t\t\t\t\t\t\t\t\t\t<div class=\"is-divider\"><\/div>\n\t\t\t\t\t\t\t\t\t\t<p class=\"from_the_blog_excerpt \">L\u2019AS Monaco re\u00e7oit le Paris Saint-Germain, ce mardi soir, en barrage aller de la Ligue [...]\t\t\t\t\t<\/p>\n\t\t\t\t\t                    \n\t\t\t\t\t\n\t\t\t\t\t\n\t\t\t\t\t<\/div>\n\t\t\t\t\t<\/div>\n\t\t\t\t\t\t\t\t\t\t\t\t\t\t\t\t<div class=\"badge absolute top post-date badge-outline\">\n\t\t\t\t\t\t\t<div class=\"badge-inner\">\n\t\t\t\t\t\t\t\t<span class=\"post-date-day\">17<\/span><br>\n\t\t\t\t\t\t\t\t<span class=\"post-date-month is-xsmall\">F\u00e9v<\/span>\n\t\t\t\t\t\t\t<\/div>\n\t\t\t\t\t\t<\/div>\n\t\t\t\t\t\t\t\t\t<\/div>\n\t\t\t\t<\/a>\n\t\t\t<\/div>\n\t\t<\/div><div class=\"col post-item\" >\n\t\t\t<div class=\"col-inner\">\n\t\t\t<a href=\"https:\/\/www.ladiagonale.net\/index.php\/2026\/02\/17\/scuro-on-doit-trouver-les-solutions-mentales\/\" class=\"plain\">\n\t\t\t\t<div class=\"box box-vertical box-text-bottom box-blog-post has-hover\">\n          \t\t\t\t\t<div class=\"box-text text-left\" >\n\t\t\t\t\t<div class=\"box-text-inner blog-post-inner\">\n\n\t\t\t\t\t\n\t\t\t\t\t\t\t\t\t\t<h5 class=\"post-title is-large \">Scuro : \u00ab&nbsp;On doit trouver les solutions mentales&nbsp;\u00bb<\/h5>\n\t\t\t\t\t<div class=\"post-meta is-small op-8\">17 f\u00e9vrier 2026<\/div>\t\t\t\t\t<div class=\"is-divider\"><\/div>\n\t\t\t\t\t\t\t\t\t\t<p class=\"from_the_blog_excerpt \">Soir\u00e9e de gala du c\u00f4t\u00e9 de l\u2019AS Monaco, avec la r\u00e9ception du champion d\u2019Europe en [...]\t\t\t\t\t<\/p>\n\t\t\t\t\t                    \n\t\t\t\t\t\n\t\t\t\t\t\n\t\t\t\t\t<\/div>\n\t\t\t\t\t<\/div>\n\t\t\t\t\t\t\t\t\t<\/div>\n\t\t\t\t<\/a>\n\t\t\t<\/div>\n\t\t<\/div><div class=\"col post-item\" >\n\t\t\t<div class=\"col-inner\">\n\t\t\t<a href=\"https:\/\/www.ladiagonale.net\/index.php\/2026\/02\/17\/aucun-gardien-ne-veut-jouer-la-plaisanterie-pas-si-anodine-de-luis-enrique-avant-monaco\/\" class=\"plain\">\n\t\t\t\t<div class=\"box box-vertical box-text-bottom box-blog-post has-hover\">\n          \t\t\t\t\t<div class=\"box-text text-left\" >\n\t\t\t\t\t<div class=\"box-text-inner blog-post-inner\">\n\n\t\t\t\t\t\n\t\t\t\t\t\t\t\t\t\t<h5 class=\"post-title is-large \">\u00ab\u00a0Aucun gardien ne veut jouer\u00a0\u00bb : la plaisanterie pas si anodine de Luis Enrique avant Monaco<\/h5>\n\t\t\t\t\t<div class=\"post-meta is-small op-8\">17 f\u00e9vrier 2026<\/div>\t\t\t\t\t<div class=\"is-divider\"><\/div>\n\t\t\t\t\t\t\t\t\t\t<p class=\"from_the_blog_excerpt \">\u00catre gardien de but au Paris Saint-Germain n\u2019a rien d\u2019\u00e9vident, mais lorsqu\u2019il s\u2019agit de jouer [...]\t\t\t\t\t<\/p>\n\t\t\t\t\t                    \n\t\t\t\t\t\n\t\t\t\t\t\n\t\t\t\t\t<\/div>\n\t\t\t\t\t<\/div>\n\t\t\t\t\t\t\t\t\t<\/div>\n\t\t\t\t<\/a>\n\t\t\t<\/div>\n\t\t<\/div><div class=\"col post-item\" >\n\t\t\t<div class=\"col-inner\">\n\t\t\t<a href=\"https:\/\/www.ladiagonale.net\/index.php\/2026\/02\/17\/le-groupe-monegasque-fati-et-kehrer-absents\/\" class=\"plain\">\n\t\t\t\t<div class=\"box box-vertical box-text-bottom box-blog-post has-hover\">\n          \t\t\t\t\t<div class=\"box-text text-left\" >\n\t\t\t\t\t<div class=\"box-text-inner blog-post-inner\">\n\n\t\t\t\t\t\n\t\t\t\t\t\t\t\t\t\t<h5 class=\"post-title is-large \">Le groupe mon\u00e9gasque : Fati et Kehrer absents<\/h5>\n\t\t\t\t\t<div class=\"post-meta is-small op-8\">17 f\u00e9vrier 2026<\/div>\t\t\t\t\t<div class=\"is-divider\"><\/div>\n\t\t\t\t\t\t\t\t\t\t<p class=\"from_the_blog_excerpt \">Pour la r\u00e9ception de Paris, en barrage aller de la Ligue des champions, l&rsquo;AS Monaco [...]\t\t\t\t\t<\/p>\n\t\t\t\t\t                    \n\t\t\t\t\t\n\t\t\t\t\t\n\t\t\t\t\t<\/div>\n\t\t\t\t\t<\/div>\n\t\t\t\t\t\t\t\t\t<\/div>\n\t\t\t\t<\/a>\n\t\t\t<\/div>\n\t\t<\/div><div class=\"col post-item\" >\n\t\t\t<div class=\"col-inner\">\n\t\t\t<a href=\"https:\/\/www.ladiagonale.net\/index.php\/2026\/02\/17\/ettori-epingle-lentraineur-des-gardiens-il-ne-va-pas-dans-la-bonne-direction\/\" class=\"plain\">\n\t\t\t\t<div class=\"box box-vertical box-text-bottom box-blog-post has-hover\">\n          \t\t\t\t\t<div class=\"box-text text-left\" >\n\t\t\t\t\t<div class=\"box-text-inner blog-post-inner\">\n\n\t\t\t\t\t\n\t\t\t\t\t\t\t\t\t\t<h5 class=\"post-title is-large \">Ettori \u00e9pingle l\u2019entra\u00eeneur des gardiens : \u00ab&nbsp;Il ne va pas dans la bonne direction&nbsp;\u00bb<\/h5>\n\t\t\t\t\t<div class=\"post-meta is-small op-8\">17 f\u00e9vrier 2026<\/div>\t\t\t\t\t<div class=\"is-divider\"><\/div>\n\t\t\t\t\t\t\t\t\t\t<p class=\"from_the_blog_excerpt \">Depuis plusieurs saisons, les gardiens de but de l\u2019AS Monaco sont loin de faire l\u2019unanimit\u00e9. [...]\t\t\t\t\t<\/p>\n\t\t\t\t\t                    \n\t\t\t\t\t\n\t\t\t\t\t\n\t\t\t\t\t<\/div>\n\t\t\t\t\t<\/div>\n\t\t\t\t\t\t\t\t\t<\/div>\n\t\t\t\t<\/a>\n\t\t\t<\/div>\n\t\t<\/div><div class=\"col post-item\" >\n\t\t\t<div class=\"col-inner\">\n\t\t\t<a href=\"https:\/\/www.ladiagonale.net\/index.php\/2026\/02\/17\/scuro-croit-toujours-au-retour-de-pogba\/\" class=\"plain\">\n\t\t\t\t<div class=\"box box-vertical box-text-bottom box-blog-post has-hover\">\n          \t\t\t\t\t<div class=\"box-text text-left\" >\n\t\t\t\t\t<div class=\"box-text-inner blog-post-inner\">\n\n\t\t\t\t\t\n\t\t\t\t\t\t\t\t\t\t<h5 class=\"post-title is-large \">Scuro croit toujours au retour de Pogba<\/h5>\n\t\t\t\t\t<div class=\"post-meta is-small op-8\">17 f\u00e9vrier 2026<\/div>\t\t\t\t\t<div class=\"is-divider\"><\/div>\n\t\t\t\t\t\t\t\t\t\t<p class=\"from_the_blog_excerpt \">Dans un monde id\u00e9al, Paul Pogba aurait pu constituer un atout de poids pour l\u2019AS [...]\t\t\t\t\t<\/p>\n\t\t\t\t\t                    \n\t\t\t\t\t\n\t\t\t\t\t\n\t\t\t\t\t<\/div>\n\t\t\t\t\t<\/div>\n\t\t\t\t\t\t\t\t\t<\/div>\n\t\t\t\t<\/a>\n\t\t\t<\/div>\n\t\t<\/div><div class=\"col post-item\" >\n\t\t\t<div class=\"col-inner\">\n\t\t\t<a href=\"https:\/\/www.ladiagonale.net\/index.php\/2026\/02\/17\/larbitre-de-monaco-city-pour-le-barrage-aller-contre-le-psg\/\" class=\"plain\">\n\t\t\t\t<div class=\"box box-vertical box-text-bottom box-blog-post has-hover\">\n          \t\t\t\t\t<div class=\"box-text text-left\" >\n\t\t\t\t\t<div class=\"box-text-inner blog-post-inner\">\n\n\t\t\t\t\t\n\t\t\t\t\t\t\t\t\t\t<h5 class=\"post-title is-large \">L\u2019arbitre de Monaco-City pour le barrage aller contre le PSG<\/h5>\n\t\t\t\t\t<div class=\"post-meta is-small op-8\">17 f\u00e9vrier 2026<\/div>\t\t\t\t\t<div class=\"is-divider\"><\/div>\n\t\t\t\t\t\t\t\t\t\t<p class=\"from_the_blog_excerpt \">Ce mardi soir, l\u2019AS Monaco va retrouver le Paris Saint-Germain, mais dans un cadre inhabituel. [...]\t\t\t\t\t<\/p>\n\t\t\t\t\t                    \n\t\t\t\t\t\n\t\t\t\t\t\n\t\t\t\t\t<\/div>\n\t\t\t\t\t<\/div>\n\t\t\t\t\t\t\t\t\t<\/div>\n\t\t\t\t<\/a>\n\t\t\t<\/div>\n\t\t<\/div><div class=\"col post-item\" >\n\t\t\t<div class=\"col-inner\">\n\t\t\t<a href=\"https:\/\/www.ladiagonale.net\/index.php\/2026\/02\/17\/les-u19-vont-a-lessentiel-contre-saint-etienne\/\" class=\"plain\">\n\t\t\t\t<div class=\"box box-vertical box-text-bottom box-blog-post has-hover\">\n          \t\t\t\t\t<div class=\"box-text text-left\" >\n\t\t\t\t\t<div class=\"box-text-inner blog-post-inner\">\n\n\t\t\t\t\t\n\t\t\t\t\t\t\t\t\t\t<h5 class=\"post-title is-large \">Les U19 vont \u00e0 l\u2019essentiel contre Saint-\u00c9tienne<\/h5>\n\t\t\t\t\t<div class=\"post-meta is-small op-8\">17 f\u00e9vrier 2026<\/div>\t\t\t\t\t<div class=\"is-divider\"><\/div>\n\t\t\t\t\t\t\t\t\t\t<p class=\"from_the_blog_excerpt \">Si les U17 de l\u2019AS Monaco \u00e9taient exempt\u00e9s de match de Championnat, ce n\u2019\u00e9tait pas [...]\t\t\t\t\t<\/p>\n\t\t\t\t\t                    \n\t\t\t\t\t\n\t\t\t\t\t\n\t\t\t\t\t<\/div>\n\t\t\t\t\t<\/div>\n\t\t\t\t\t\t\t\t\t<\/div>\n\t\t\t\t<\/a>\n\t\t\t<\/div>\n\t\t<\/div><div class=\"col post-item\" >\n\t\t\t<div class=\"col-inner\">\n\t\t\t<a href=\"https:\/\/www.ladiagonale.net\/index.php\/2026\/02\/17\/le-groupe-parisien-dembele-present-mais-incertain\/\" class=\"plain\">\n\t\t\t\t<div class=\"box box-vertical box-text-bottom box-blog-post has-hover\">\n          \t\t\t\t\t<div class=\"box-text text-left\" >\n\t\t\t\t\t<div class=\"box-text-inner blog-post-inner\">\n\n\t\t\t\t\t\n\t\t\t\t\t\t\t\t\t\t<h5 class=\"post-title is-large \">Le groupe parisien : Demb\u00e9l\u00e9 pr\u00e9sent mais incertain<\/h5>\n\t\t\t\t\t<div class=\"post-meta is-small op-8\">17 f\u00e9vrier 2026<\/div>\t\t\t\t\t<div class=\"is-divider\"><\/div>\n\t\t\t\t\t\t\t\t\t\t<p class=\"from_the_blog_excerpt \">Le Paris Saint-Germain ne sera pas au complet pour ce barrage aller contre l&rsquo;AS Monaco, [...]\t\t\t\t\t<\/p>\n\t\t\t\t\t                    \n\t\t\t\t\t\n\t\t\t\t\t\n\t\t\t\t\t<\/div>\n\t\t\t\t\t<\/div>\n\t\t\t\t\t\t\t\t\t<\/div>\n\t\t\t\t<\/a>\n\t\t\t<\/div>\n\t\t<\/div><div class=\"col post-item\" >\n\t\t\t<div class=\"col-inner\">\n\t\t\t<a href=\"https:\/\/www.ladiagonale.net\/index.php\/2026\/02\/16\/zakaria-ne-se-projette-pas-en-defense\/\" class=\"plain\">\n\t\t\t\t<div class=\"box box-vertical box-text-bottom box-blog-post has-hover\">\n          \t\t\t\t\t<div class=\"box-text text-left\" >\n\t\t\t\t\t<div class=\"box-text-inner blog-post-inner\">\n\n\t\t\t\t\t\n\t\t\t\t\t\t\t\t\t\t<h5 class=\"post-title is-large \">Zakaria ne se projette pas en d\u00e9fense<\/h5>\n\t\t\t\t\t<div class=\"post-meta is-small op-8\">16 f\u00e9vrier 2026<\/div>\t\t\t\t\t<div class=\"is-divider\"><\/div>\n\t\t\t\t\t\t\t\t\t\t<p class=\"from_the_blog_excerpt \">Depuis quelques semaines, Denis Zakaria est en train de monter en puissance. Le capitaine de [...]\t\t\t\t\t<\/p>\n\t\t\t\t\t                    \n\t\t\t\t\t\n\t\t\t\t\t\n\t\t\t\t\t<\/div>\n\t\t\t\t\t<\/div>\n\t\t\t\t\t\t\t\t\t<\/div>\n\t\t\t\t<\/a>\n\t\t\t<\/div>\n\t\t<\/div><div class=\"col post-item\" >\n\t\t\t<div class=\"col-inner\">\n\t\t\t<a href=\"https:\/\/www.ladiagonale.net\/index.php\/2026\/02\/16\/pocognoli-cest-letat-desprit-qui-fait-que-le-systeme-est-bon-ou-pas\/\" class=\"plain\">\n\t\t\t\t<div class=\"box box-vertical box-text-bottom box-blog-post has-hover\">\n          \t\t\t\t\t<div class=\"box-text text-left\" >\n\t\t\t\t\t<div class=\"box-text-inner blog-post-inner\">\n\n\t\t\t\t\t\n\t\t\t\t\t\t\t\t\t\t<h5 class=\"post-title is-large \">Pocognoli : \u00ab&nbsp;C\u2019est l\u2019\u00e9tat d\u2019esprit qui fait que le syst\u00e8me est bon ou pas&nbsp;\u00bb<\/h5>\n\t\t\t\t\t<div class=\"post-meta is-small op-8\">16 f\u00e9vrier 2026<\/div>\t\t\t\t\t<div class=\"is-divider\"><\/div>\n\t\t\t\t\t\t\t\t\t\t<p class=\"from_the_blog_excerpt \">L\u2019AS Monaco re\u00e7oit mardi soir le Paris-Saint-Germain pour la manche aller du barrage de la [...]\t\t\t\t\t<\/p>\n\t\t\t\t\t                    \n\t\t\t\t\t\n\t\t\t\t\t\n\t\t\t\t\t<\/div>\n\t\t\t\t\t<\/div>\n\t\t\t\t\t\t\t\t\t<\/div>\n\t\t\t\t<\/a>\n\t\t\t<\/div>\n\t\t<\/div><div class=\"col post-item\" >\n\t\t\t<div class=\"col-inner\">\n\t\t\t<a href=\"https:\/\/www.ladiagonale.net\/index.php\/2026\/02\/16\/akliouche-camara-et-fati-incertains-avant-paris\/\" class=\"plain\">\n\t\t\t\t<div class=\"box box-vertical box-text-bottom box-blog-post has-hover\">\n          \t\t\t\t\t<div class=\"box-text text-left\" >\n\t\t\t\t\t<div class=\"box-text-inner blog-post-inner\">\n\n\t\t\t\t\t\n\t\t\t\t\t\t\t\t\t\t<h5 class=\"post-title is-large \">Akliouche, Camara et Fati incertains avant Paris<\/h5>\n\t\t\t\t\t<div class=\"post-meta is-small op-8\">16 f\u00e9vrier 2026<\/div>\t\t\t\t\t<div class=\"is-divider\"><\/div>\n\t\t\t\t\t\t\t\t\t\t<p class=\"from_the_blog_excerpt \">Les blessures influencent grandement la saison de l\u2019AS Monaco et cela n\u2019est pas encore pr\u00e8s [...]\t\t\t\t\t<\/p>\n\t\t\t\t\t                    \n\t\t\t\t\t\n\t\t\t\t\t\n\t\t\t\t\t<\/div>\n\t\t\t\t\t<\/div>\n\t\t\t\t\t\t\t\t\t<\/div>\n\t\t\t\t<\/a>\n\t\t\t<\/div>\n\t\t<\/div><div class=\"col post-item\" >\n\t\t\t<div class=\"col-inner\">\n\t\t\t<a href=\"https:\/\/www.ladiagonale.net\/index.php\/2026\/02\/16\/zakaria-dans-lequipe-type-de-la-22e-journee\/\" class=\"plain\">\n\t\t\t\t<div class=\"box box-vertical box-text-bottom box-blog-post has-hover\">\n          \t\t\t\t\t<div class=\"box-text text-left\" >\n\t\t\t\t\t<div class=\"box-text-inner blog-post-inner\">\n\n\t\t\t\t\t\n\t\t\t\t\t\t\t\t\t\t<h5 class=\"post-title is-large \">Zakaria dans l\u2019\u00e9quipe type de la 22e journ\u00e9e<\/h5>\n\t\t\t\t\t<div class=\"post-meta is-small op-8\">16 f\u00e9vrier 2026<\/div>\t\t\t\t\t<div class=\"is-divider\"><\/div>\n\t\t\t\t\t\t\t\t\t\t<p class=\"from_the_blog_excerpt \">Pour son retour au milieu de terrain, contre Nantes (3-1) vendredi, Denis Zakaria a r\u00e9alis\u00e9 [...]\t\t\t\t\t<\/p>\n\t\t\t\t\t                    \n\t\t\t\t\t\n\t\t\t\t\t\n\t\t\t\t\t<\/div>\n\t\t\t\t\t<\/div>\n\t\t\t\t\t\t\t\t\t<\/div>\n\t\t\t\t<\/a>\n\t\t\t<\/div>\n\t\t<\/div><div class=\"col post-item\" >\n\t\t\t<div class=\"col-inner\">\n\t\t\t<a href=\"https:\/\/www.ladiagonale.net\/index.php\/2026\/02\/15\/les-notes-adingra-bien-en-jambes\/\" class=\"plain\">\n\t\t\t\t<div class=\"box box-vertical box-text-bottom box-blog-post has-hover\">\n            \t\t\t\t\t<div class=\"box-image\" style=\"width:43%;\">\n  \t\t\t\t\t\t<div class=\"image-cover\" style=\"padding-top:89%;\">\n  \t\t\t\t\t\t\t<img width=\"300\" height=\"168\" src=\"https:\/\/www.ladiagonale.net\/wp-content\/uploads\/2026\/02\/AdingraNantes-300x168.png\" class=\"attachment-medium size-medium wp-post-image\" alt=\"\" loading=\"lazy\" srcset=\"https:\/\/www.ladiagonale.net\/wp-content\/uploads\/2026\/02\/AdingraNantes-300x168.png 300w, https:\/\/www.ladiagonale.net\/wp-content\/uploads\/2026\/02\/AdingraNantes-1024x574.png 1024w, https:\/\/www.ladiagonale.net\/wp-content\/uploads\/2026\/02\/AdingraNantes-768x430.png 768w, https:\/\/www.ladiagonale.net\/wp-content\/uploads\/2026\/02\/AdingraNantes-128x72.png 128w, https:\/\/www.ladiagonale.net\/wp-content\/uploads\/2026\/02\/AdingraNantes-32x18.png 32w, https:\/\/www.ladiagonale.net\/wp-content\/uploads\/2026\/02\/AdingraNantes.png 1160w\" sizes=\"(max-width: 300px) 100vw, 300px\" \/>  \t\t\t\t\t\t\t  \t\t\t\t\t\t\t  \t\t\t\t\t\t<\/div>\n  \t\t\t\t\t\t  \t\t\t\t\t<\/div>\n          \t\t\t\t\t<div class=\"box-text text-left\" >\n\t\t\t\t\t<div class=\"box-text-inner blog-post-inner\">\n\n\t\t\t\t\t\n\t\t\t\t\t\t\t\t\t\t<h5 class=\"post-title is-large \">Les notes : Adingra bien en jambes<\/h5>\n\t\t\t\t\t\t\t\t\t\t<div class=\"is-divider\"><\/div>\n\t\t\t\t\t\t\t\t\t\t<p class=\"from_the_blog_excerpt \">La derni\u00e8re recrue de l&rsquo;AS Monaco, Simon Adingra, s&rsquo;acclimate bien sur le Rocher. L&rsquo;Ivoirien s&rsquo;est [...]\t\t\t\t\t<\/p>\n\t\t\t\t\t                    \n\t\t\t\t\t\n\t\t\t\t\t\n\t\t\t\t\t<\/div>\n\t\t\t\t\t<\/div>\n\t\t\t\t\t\t\t\t\t\t\t\t\t\t\t\t<div class=\"badge absolute top post-date badge-outline\">\n\t\t\t\t\t\t\t<div class=\"badge-inner\">\n\t\t\t\t\t\t\t\t<span class=\"post-date-day\">15<\/span><br>\n\t\t\t\t\t\t\t\t<span class=\"post-date-month is-xsmall\">F\u00e9v<\/span>\n\t\t\t\t\t\t\t<\/div>\n\t\t\t\t\t\t<\/div>\n\t\t\t\t\t\t\t\t\t<\/div>\n\t\t\t\t<\/a>\n\t\t\t<\/div>\n\t\t<\/div><div class=\"col post-item\" >\n\t\t\t<div class=\"col-inner\">\n\t\t\t<a href=\"https:\/\/www.ladiagonale.net\/index.php\/2026\/02\/14\/des-examens-pour-akliouche-camara-sorti-par-precaution\/\" class=\"plain\">\n\t\t\t\t<div class=\"box box-vertical box-text-bottom box-blog-post has-hover\">\n          \t\t\t\t\t<div class=\"box-text text-left\" >\n\t\t\t\t\t<div class=\"box-text-inner blog-post-inner\">\n\n\t\t\t\t\t\n\t\t\t\t\t\t\t\t\t\t<h5 class=\"post-title is-large \">Des examens pour Akliouche, Camara sorti par pr\u00e9caution<\/h5>\n\t\t\t\t\t<div class=\"post-meta is-small op-8\">14 f\u00e9vrier 2026<\/div>\t\t\t\t\t<div class=\"is-divider\"><\/div>\n\t\t\t\t\t\t\t\t\t\t<p class=\"from_the_blog_excerpt \">Maghnes Akliouche n\u2019est pas all\u00e9 au terme de la premi\u00e8re p\u00e9riode contre Nantes, vendredi soir. [...]\t\t\t\t\t<\/p>\n\t\t\t\t\t                    \n\t\t\t\t\t\n\t\t\t\t\t\n\t\t\t\t\t<\/div>\n\t\t\t\t\t<\/div>\n\t\t\t\t\t\t\t\t\t<\/div>\n\t\t\t\t<\/a>\n\t\t\t<\/div>\n\t\t<\/div><div class=\"col post-item\" >\n\t\t\t<div class=\"col-inner\">\n\t\t\t<a href=\"https:\/\/www.ladiagonale.net\/index.php\/2026\/02\/14\/monaco-domine-un-nantes-malade-3-1\/\" class=\"plain\">\n\t\t\t\t<div class=\"box box-vertical box-text-bottom box-blog-post has-hover\">\n            \t\t\t\t\t<div class=\"box-image\" style=\"width:43%;\">\n  \t\t\t\t\t\t<div class=\"image-cover\" style=\"padding-top:89%;\">\n  \t\t\t\t\t\t\t<img width=\"300\" height=\"168\" src=\"https:\/\/www.ladiagonale.net\/wp-content\/uploads\/2026\/02\/joie-nantes-300x168.png\" class=\"attachment-medium size-medium wp-post-image\" alt=\"\" loading=\"lazy\" srcset=\"https:\/\/www.ladiagonale.net\/wp-content\/uploads\/2026\/02\/joie-nantes-300x168.png 300w, https:\/\/www.ladiagonale.net\/wp-content\/uploads\/2026\/02\/joie-nantes-1024x574.png 1024w, https:\/\/www.ladiagonale.net\/wp-content\/uploads\/2026\/02\/joie-nantes-768x430.png 768w, https:\/\/www.ladiagonale.net\/wp-content\/uploads\/2026\/02\/joie-nantes-128x72.png 128w, https:\/\/www.ladiagonale.net\/wp-content\/uploads\/2026\/02\/joie-nantes-32x18.png 32w, https:\/\/www.ladiagonale.net\/wp-content\/uploads\/2026\/02\/joie-nantes.png 1160w\" sizes=\"(max-width: 300px) 100vw, 300px\" \/>  \t\t\t\t\t\t\t  \t\t\t\t\t\t\t  \t\t\t\t\t\t<\/div>\n  \t\t\t\t\t\t  \t\t\t\t\t<\/div>\n          \t\t\t\t\t<div class=\"box-text text-left\" >\n\t\t\t\t\t<div class=\"box-text-inner blog-post-inner\">\n\n\t\t\t\t\t\n\t\t\t\t\t\t\t\t\t\t<h5 class=\"post-title is-large \">Monaco domine un Nantes malade (3-1)<\/h5>\n\t\t\t\t\t\t\t\t\t\t<div class=\"is-divider\"><\/div>\n\t\t\t\t\t\t\t\t\t\t<p class=\"from_the_blog_excerpt \">C&rsquo;est une soir\u00e9e teint\u00e9e de contrastes pour l&rsquo;AS Monaco. Les Rouge et Blanc ont battu [...]\t\t\t\t\t<\/p>\n\t\t\t\t\t                    \n\t\t\t\t\t\n\t\t\t\t\t\n\t\t\t\t\t<\/div>\n\t\t\t\t\t<\/div>\n\t\t\t\t\t\t\t\t\t\t\t\t\t\t\t\t<div class=\"badge absolute top post-date badge-outline\">\n\t\t\t\t\t\t\t<div class=\"badge-inner\">\n\t\t\t\t\t\t\t\t<span class=\"post-date-day\">14<\/span><br>\n\t\t\t\t\t\t\t\t<span class=\"post-date-month is-xsmall\">F\u00e9v<\/span>\n\t\t\t\t\t\t\t<\/div>\n\t\t\t\t\t\t<\/div>\n\t\t\t\t\t\t\t\t\t<\/div>\n\t\t\t\t<\/a>\n\t\t\t<\/div>\n\t\t<\/div><div class=\"col post-item\" >\n\t\t\t<div class=\"col-inner\">\n\t\t\t<a href=\"https:\/\/www.ladiagonale.net\/index.php\/2026\/02\/13\/un-virevoltant-et-un-autre-dans-limpact-comment-pocognoli-choisit-ses-pistons\/\" class=\"plain\">\n\t\t\t\t<div class=\"box box-vertical box-text-bottom box-blog-post has-hover\">\n            \t\t\t\t\t<div class=\"box-image\" style=\"width:43%;\">\n  \t\t\t\t\t\t<div class=\"image-cover\" style=\"padding-top:89%;\">\n  \t\t\t\t\t\t\t<img width=\"300\" height=\"168\" src=\"https:\/\/www.ladiagonale.net\/wp-content\/uploads\/2026\/02\/Adingra-strasbourg-300x168.png\" class=\"attachment-medium size-medium wp-post-image\" alt=\"\" loading=\"lazy\" srcset=\"https:\/\/www.ladiagonale.net\/wp-content\/uploads\/2026\/02\/Adingra-strasbourg-300x168.png 300w, https:\/\/www.ladiagonale.net\/wp-content\/uploads\/2026\/02\/Adingra-strasbourg-1024x574.png 1024w, https:\/\/www.ladiagonale.net\/wp-content\/uploads\/2026\/02\/Adingra-strasbourg-768x430.png 768w, https:\/\/www.ladiagonale.net\/wp-content\/uploads\/2026\/02\/Adingra-strasbourg-128x72.png 128w, https:\/\/www.ladiagonale.net\/wp-content\/uploads\/2026\/02\/Adingra-strasbourg-32x18.png 32w, https:\/\/www.ladiagonale.net\/wp-content\/uploads\/2026\/02\/Adingra-strasbourg.png 1160w\" sizes=\"(max-width: 300px) 100vw, 300px\" \/>  \t\t\t\t\t\t\t  \t\t\t\t\t\t\t  \t\t\t\t\t\t<\/div>\n  \t\t\t\t\t\t  \t\t\t\t\t<\/div>\n          \t\t\t\t\t<div class=\"box-text text-left\" >\n\t\t\t\t\t<div class=\"box-text-inner blog-post-inner\">\n\n\t\t\t\t\t\n\t\t\t\t\t\t\t\t\t\t<h5 class=\"post-title is-large \">\u00ab&nbsp;Un virevoltant et un autre dans l\u2019impact&nbsp;\u00bb : comment Pocognoli choisit ses pistons<\/h5>\n\t\t\t\t\t\t\t\t\t\t<div class=\"is-divider\"><\/div>\n\t\t\t\t\t\t\t\t\t\t<p class=\"from_the_blog_excerpt \">Au moment de l\u2019arriv\u00e9e de Simon Adingra, S\u00e9bastien Pocognoli avait salu\u00e9 sa polyvalence, m\u00eame si [...]\t\t\t\t\t<\/p>\n\t\t\t\t\t                    \n\t\t\t\t\t\n\t\t\t\t\t\n\t\t\t\t\t<\/div>\n\t\t\t\t\t<\/div>\n\t\t\t\t\t\t\t\t\t\t\t\t\t\t\t\t<div class=\"badge absolute top post-date badge-outline\">\n\t\t\t\t\t\t\t<div class=\"badge-inner\">\n\t\t\t\t\t\t\t\t<span class=\"post-date-day\">13<\/span><br>\n\t\t\t\t\t\t\t\t<span class=\"post-date-month is-xsmall\">F\u00e9v<\/span>\n\t\t\t\t\t\t\t<\/div>\n\t\t\t\t\t\t<\/div>\n\t\t\t\t\t\t\t\t\t<\/div>\n\t\t\t\t<\/a>\n\t\t\t<\/div>\n\t\t<\/div><div class=\"col post-item\" >\n\t\t\t<div class=\"col-inner\">\n\t\t\t<a href=\"https:\/\/www.ladiagonale.net\/index.php\/2026\/02\/12\/monaco-detient-le-meilleur-bilan-financier-au-monde-sur-deux-mercatos\/\" class=\"plain\">\n\t\t\t\t<div class=\"box box-vertical box-text-bottom box-blog-post has-hover\">\n          \t\t\t\t\t<div class=\"box-text text-left\" >\n\t\t\t\t\t<div class=\"box-text-inner blog-post-inner\">\n\n\t\t\t\t\t\n\t\t\t\t\t\t\t\t\t\t<h5 class=\"post-title is-large \">Monaco d\u00e9tient le meilleur bilan financier au monde sur deux mercatos<\/h5>\n\t\t\t\t\t<div class=\"post-meta is-small op-8\">12 f\u00e9vrier 2026<\/div>\t\t\t\t\t<div class=\"is-divider\"><\/div>\n\t\t\t\t\t\t\t\t\t\t<p class=\"from_the_blog_excerpt \">L\u2019AS Monaco, par la voix de son directeur g\u00e9n\u00e9ral Thiago Scuro, avait insist\u00e9 sur la [...]\t\t\t\t\t<\/p>\n\t\t\t\t\t                                            <p class=\"from_the_blog_comments uppercase is-xsmall\">\n                            1 Comment                        <\/p>\n                    \n\t\t\t\t\t\n\t\t\t\t\t\n\t\t\t\t\t<\/div>\n\t\t\t\t\t<\/div>\n\t\t\t\t\t\t\t\t\t<\/div>\n\t\t\t\t<\/a>\n\t\t\t<\/div>\n\t\t<\/div><div class=\"col post-item\" >\n\t\t\t<div class=\"col-inner\">\n\t\t\t<a href=\"https:\/\/www.ladiagonale.net\/index.php\/2026\/02\/11\/vanderson-mieux-gerer-mes-emotions-pour-ne-pas-penaliser-lequipe\/\" class=\"plain\">\n\t\t\t\t<div class=\"box box-vertical box-text-bottom box-blog-post has-hover\">\n          \t\t\t\t\t<div class=\"box-text text-left\" >\n\t\t\t\t\t<div class=\"box-text-inner blog-post-inner\">\n\n\t\t\t\t\t\n\t\t\t\t\t\t\t\t\t\t<h5 class=\"post-title is-large \">Vanderson : \u00ab&nbsp;Mieux g\u00e9rer mes \u00e9motions pour ne pas p\u00e9naliser l\u2019\u00e9quipe&nbsp;\u00bb<\/h5>\n\t\t\t\t\t<div class=\"post-meta is-small op-8\">11 f\u00e9vrier 2026<\/div>\t\t\t\t\t<div class=\"is-divider\"><\/div>\n\t\t\t\t\t\t\t\t\t\t<p class=\"from_the_blog_excerpt \">\u00c0 l\u2019instar d\u2019autres joueurs dans l\u2019effectif, Vanderson n\u2019a pas \u00e9t\u00e9 \u00e9pargn\u00e9 par les blessures cette [...]\t\t\t\t\t<\/p>\n\t\t\t\t\t                    \n\t\t\t\t\t\n\t\t\t\t\t\n\t\t\t\t\t<\/div>\n\t\t\t\t\t<\/div>\n\t\t\t\t\t\t\t\t\t<\/div>\n\t\t\t\t<\/a>\n\t\t\t<\/div>\n\t\t<\/div><div class=\"col post-item\" >\n\t\t\t<div class=\"col-inner\">\n\t\t\t<a href=\"https:\/\/www.ladiagonale.net\/index.php\/2026\/02\/11\/pocognoli-accrocher-le-wagon-du-haut-de-tableau\/\" class=\"plain\">\n\t\t\t\t<div class=\"box box-vertical box-text-bottom box-blog-post has-hover\">\n          \t\t\t\t\t<div class=\"box-text text-left\" >\n\t\t\t\t\t<div class=\"box-text-inner blog-post-inner\">\n\n\t\t\t\t\t\n\t\t\t\t\t\t\t\t\t\t<h5 class=\"post-title is-large \">Pocognoli : \u00ab Accrocher le wagon du haut de tableau\u00a0\u00bb<\/h5>\n\t\t\t\t\t<div class=\"post-meta is-small op-8\">11 f\u00e9vrier 2026<\/div>\t\t\t\t\t<div class=\"is-divider\"><\/div>\n\t\t\t\t\t\t\t\t\t\t<p class=\"from_the_blog_excerpt \">L\u2019AS Monaco entre dans une p\u00e9riode dense et complexe, avec notamment un barrage de Ligue [...]\t\t\t\t\t<\/p>\n\t\t\t\t\t                    \n\t\t\t\t\t\n\t\t\t\t\t\n\t\t\t\t\t<\/div>\n\t\t\t\t\t<\/div>\n\t\t\t\t\t\t\t\t\t<\/div>\n\t\t\t\t<\/a>\n\t\t\t<\/div>\n\t\t<\/div><div class=\"col post-item\" >\n\t\t\t<div class=\"col-inner\">\n\t\t\t<a href=\"https:\/\/www.ladiagonale.net\/index.php\/2026\/02\/11\/ca-fait-beaucoup-de-bien-un-repas-organise-entre-les-joueurs-dont-minamino-et-le-staff\/\" class=\"plain\">\n\t\t\t\t<div class=\"box box-vertical box-text-bottom box-blog-post has-hover\">\n          \t\t\t\t\t<div class=\"box-text text-left\" >\n\t\t\t\t\t<div class=\"box-text-inner blog-post-inner\">\n\n\t\t\t\t\t\n\t\t\t\t\t\t\t\t\t\t<h5 class=\"post-title is-large \">\u00ab\u00a0\u00c7a fait beaucoup de bien\u00a0\u00bb : un repas organis\u00e9 entre les joueurs, dont Minamino, et le staff<\/h5>\n\t\t\t\t\t<div class=\"post-meta is-small op-8\">11 f\u00e9vrier 2026<\/div>\t\t\t\t\t<div class=\"is-divider\"><\/div>\n\t\t\t\t\t\t\t\t\t\t<p class=\"from_the_blog_excerpt \">Les derniers mois ont \u00e9t\u00e9 \u00e9prouvants du c\u00f4t\u00e9 de l\u2019AS Monaco, tant sur le plan [...]\t\t\t\t\t<\/p>\n\t\t\t\t\t                    \n\t\t\t\t\t\n\t\t\t\t\t\n\t\t\t\t\t<\/div>\n\t\t\t\t\t<\/div>\n\t\t\t\t\t\t\t\t\t<\/div>\n\t\t\t\t<\/a>\n\t\t\t<\/div>\n\t\t<\/div><div class=\"col post-item\" >\n\t\t\t<div class=\"col-inner\">\n\t\t\t<a href=\"https:\/\/www.ladiagonale.net\/index.php\/2026\/02\/11\/fati-pret-a-faire-son-retour-pour-nantes\/\" class=\"plain\">\n\t\t\t\t<div class=\"box box-vertical box-text-bottom box-blog-post has-hover\">\n          \t\t\t\t\t<div class=\"box-text text-left\" >\n\t\t\t\t\t<div class=\"box-text-inner blog-post-inner\">\n\n\t\t\t\t\t\n\t\t\t\t\t\t\t\t\t\t<h5 class=\"post-title is-large \">Fati pr\u00eat \u00e0 faire son retour pour Nantes<\/h5>\n\t\t\t\t\t<div class=\"post-meta is-small op-8\">11 f\u00e9vrier 2026<\/div>\t\t\t\t\t<div class=\"is-divider\"><\/div>\n\t\t\t\t\t\t\t\t\t\t<p class=\"from_the_blog_excerpt \">Il ne devrait y avoir qu\u2019un seul retour dans les rangs mon\u00e9gasques pour la r\u00e9ception [...]\t\t\t\t\t<\/p>\n\t\t\t\t\t                    \n\t\t\t\t\t\n\t\t\t\t\t\n\t\t\t\t\t<\/div>\n\t\t\t\t\t<\/div>\n\t\t\t\t\t\t\t\t\t<\/div>\n\t\t\t\t<\/a>\n\t\t\t<\/div>\n\t\t<\/div><div class=\"col post-item\" >\n\t\t\t<div class=\"col-inner\">\n\t\t\t<a href=\"https:\/\/www.ladiagonale.net\/index.php\/2026\/02\/11\/son-corps-lui-envoie-des-signaux-mathias-pogba-evoque-la-condition-physique-de-paul\/\" class=\"plain\">\n\t\t\t\t<div class=\"box box-vertical box-text-bottom box-blog-post has-hover\">\n          \t\t\t\t\t<div class=\"box-text text-left\" >\n\t\t\t\t\t<div class=\"box-text-inner blog-post-inner\">\n\n\t\t\t\t\t\n\t\t\t\t\t\t\t\t\t\t<h5 class=\"post-title is-large \">\u00ab\u00a0Son corps lui envoie des signaux\u00a0\u00bb : Mathias Pogba \u00e9voque la condition physique de son fr\u00e8re Paul<\/h5>\n\t\t\t\t\t<div class=\"post-meta is-small op-8\">11 f\u00e9vrier 2026<\/div>\t\t\t\t\t<div class=\"is-divider\"><\/div>\n\t\t\t\t\t\t\t\t\t\t<p class=\"from_the_blog_excerpt \">Apr\u00e8s trois br\u00e8ves apparitions en novembre 2025, on ne sait pas quand Paul Pogba reviendra [...]\t\t\t\t\t<\/p>\n\t\t\t\t\t                    \n\t\t\t\t\t\n\t\t\t\t\t\n\t\t\t\t\t<\/div>\n\t\t\t\t\t<\/div>\n\t\t\t\t\t\t\t\t\t<\/div>\n\t\t\t\t<\/a>\n\t\t\t<\/div>\n\t\t<\/div><div class=\"col post-item\" >\n\t\t\t<div class=\"col-inner\">\n\t\t\t<a href=\"https:\/\/www.ladiagonale.net\/index.php\/2026\/02\/10\/battu-par-wolverhampton-le-groupe-elite-est-elimine-de-la-plic\/\" class=\"plain\">\n\t\t\t\t<div class=\"box box-vertical box-text-bottom box-blog-post has-hover\">\n          \t\t\t\t\t<div class=\"box-text text-left\" >\n\t\t\t\t\t<div class=\"box-text-inner blog-post-inner\">\n\n\t\t\t\t\t\n\t\t\t\t\t\t\t\t\t\t<h5 class=\"post-title is-large \">Battu par Wolverhampton, le Groupe \u00c9lite est \u00e9limin\u00e9 de la PLIC<\/h5>\n\t\t\t\t\t<div class=\"post-meta is-small op-8\">10 f\u00e9vrier 2026<\/div>\t\t\t\t\t<div class=\"is-divider\"><\/div>\n\t\t\t\t\t\t\t\t\t\t<p class=\"from_the_blog_excerpt \">Le Groupe \u00c9lite de l\u2019AS Monaco avait l\u2019occasion d\u2019acc\u00e9der pour la premi\u00e8re fois aux quarts [...]\t\t\t\t\t<\/p>\n\t\t\t\t\t                    \n\t\t\t\t\t\n\t\t\t\t\t\n\t\t\t\t\t<\/div>\n\t\t\t\t\t<\/div>\n\t\t\t\t\t\t\t\t\t<\/div>\n\t\t\t\t<\/a>\n\t\t\t<\/div>\n\t\t<\/div><div class=\"col post-item\" >\n\t\t\t<div class=\"col-inner\">\n\t\t\t<a href=\"https:\/\/www.ladiagonale.net\/index.php\/2026\/02\/09\/les-u17-dominent-saint-etienne\/\" class=\"plain\">\n\t\t\t\t<div class=\"box box-vertical box-text-bottom box-blog-post has-hover\">\n          \t\t\t\t\t<div class=\"box-text text-left\" >\n\t\t\t\t\t<div class=\"box-text-inner blog-post-inner\">\n\n\t\t\t\t\t\n\t\t\t\t\t\t\t\t\t\t<h5 class=\"post-title is-large \">Les U17 dominent Saint-\u00c9tienne<\/h5>\n\t\t\t\t\t<div class=\"post-meta is-small op-8\">9 f\u00e9vrier 2026<\/div>\t\t\t\t\t<div class=\"is-divider\"><\/div>\n\t\t\t\t\t\t\t\t\t\t<p class=\"from_the_blog_excerpt \">C&rsquo;est un bon week-end v\u00e9cu par les \u00e9quipes de l&rsquo;Academy. Si les U19 ont nettement [...]\t\t\t\t\t<\/p>\n\t\t\t\t\t                    \n\t\t\t\t\t\n\t\t\t\t\t\n\t\t\t\t\t<\/div>\n\t\t\t\t\t<\/div>\n\t\t\t\t\t\t\t\t\t<\/div>\n\t\t\t\t<\/a>\n\t\t\t<\/div>\n\t\t<\/div><div class=\"col post-item\" >\n\t\t\t<div class=\"col-inner\">\n\t\t\t<a href=\"https:\/\/www.ladiagonale.net\/index.php\/2026\/02\/09\/les-u19-finissent-fort-pour-battre-lolympique-rovenain\/\" class=\"plain\">\n\t\t\t\t<div class=\"box box-vertical box-text-bottom box-blog-post has-hover\">\n          \t\t\t\t\t<div class=\"box-text text-left\" >\n\t\t\t\t\t<div class=\"box-text-inner blog-post-inner\">\n\n\t\t\t\t\t\n\t\t\t\t\t\t\t\t\t\t<h5 class=\"post-title is-large \">Les U19 finissent fort pour battre l\u2019Olympique Rovenain<\/h5>\n\t\t\t\t\t<div class=\"post-meta is-small op-8\">9 f\u00e9vrier 2026<\/div>\t\t\t\t\t<div class=\"is-divider\"><\/div>\n\t\t\t\t\t\t\t\t\t\t<p class=\"from_the_blog_excerpt \">Apr\u00e8s avoir d\u00fb dig\u00e9rer les \u00e9liminations contre Nice en Coupe Gambardella et face \u00e0 Bruges [...]\t\t\t\t\t<\/p>\n\t\t\t\t\t                    \n\t\t\t\t\t\n\t\t\t\t\t\n\t\t\t\t\t<\/div>\n\t\t\t\t\t<\/div>\n\t\t\t\t\t\t\t\t\t<\/div>\n\t\t\t\t<\/a>\n\t\t\t<\/div>\n\t\t<\/div><div class=\"col post-item\" >\n\t\t\t<div class=\"col-inner\">\n\t\t\t<a href=\"https:\/\/www.ladiagonale.net\/index.php\/2026\/02\/09\/les-notes-akliouche-rame\/\" class=\"plain\">\n\t\t\t\t<div class=\"box box-vertical box-text-bottom box-blog-post has-hover\">\n            \t\t\t\t\t<div class=\"box-image\" style=\"width:43%;\">\n  \t\t\t\t\t\t<div class=\"image-cover\" style=\"padding-top:89%;\">\n  \t\t\t\t\t\t\t<img width=\"300\" height=\"168\" src=\"https:\/\/www.ladiagonale.net\/wp-content\/uploads\/2026\/02\/Akliouchenice-300x168.png\" class=\"attachment-medium size-medium wp-post-image\" alt=\"\" loading=\"lazy\" srcset=\"https:\/\/www.ladiagonale.net\/wp-content\/uploads\/2026\/02\/Akliouchenice-300x168.png 300w, https:\/\/www.ladiagonale.net\/wp-content\/uploads\/2026\/02\/Akliouchenice-1024x574.png 1024w, https:\/\/www.ladiagonale.net\/wp-content\/uploads\/2026\/02\/Akliouchenice-768x430.png 768w, https:\/\/www.ladiagonale.net\/wp-content\/uploads\/2026\/02\/Akliouchenice-128x72.png 128w, https:\/\/www.ladiagonale.net\/wp-content\/uploads\/2026\/02\/Akliouchenice-32x18.png 32w, https:\/\/www.ladiagonale.net\/wp-content\/uploads\/2026\/02\/Akliouchenice.png 1160w\" sizes=\"(max-width: 300px) 100vw, 300px\" \/>  \t\t\t\t\t\t\t  \t\t\t\t\t\t\t  \t\t\t\t\t\t<\/div>\n  \t\t\t\t\t\t  \t\t\t\t\t<\/div>\n          \t\t\t\t\t<div class=\"box-text text-left\" >\n\t\t\t\t\t<div class=\"box-text-inner blog-post-inner\">\n\n\t\t\t\t\t\n\t\t\t\t\t\t\t\t\t\t<h5 class=\"post-title is-large \">Les notes : Akliouche rame<\/h5>\n\t\t\t\t\t\t\t\t\t\t<div class=\"is-divider\"><\/div>\n\t\t\t\t\t\t\t\t\t\t<p class=\"from_the_blog_excerpt \">Attendu comme l&rsquo;un des leaders de l&rsquo;\u00e9quipe, Maghnes Akliouche est apparu comme \u00e0 bout de [...]\t\t\t\t\t<\/p>\n\t\t\t\t\t                    \n\t\t\t\t\t\n\t\t\t\t\t\n\t\t\t\t\t<\/div>\n\t\t\t\t\t<\/div>\n\t\t\t\t\t\t\t\t\t\t\t\t\t\t\t\t<div class=\"badge absolute top post-date badge-outline\">\n\t\t\t\t\t\t\t<div class=\"badge-inner\">\n\t\t\t\t\t\t\t\t<span class=\"post-date-day\">09<\/span><br>\n\t\t\t\t\t\t\t\t<span class=\"post-date-month is-xsmall\">F\u00e9v<\/span>\n\t\t\t\t\t\t\t<\/div>\n\t\t\t\t\t\t<\/div>\n\t\t\t\t\t\t\t\t\t<\/div>\n\t\t\t\t<\/a>\n\t\t\t<\/div>\n\t\t<\/div><div class=\"col post-item\" >\n\t\t\t<div class=\"col-inner\">\n\t\t\t<a href=\"https:\/\/www.ladiagonale.net\/index.php\/2026\/02\/08\/vanderson-suspendu-contre-lens\/\" class=\"plain\">\n\t\t\t\t<div class=\"box box-vertical box-text-bottom box-blog-post has-hover\">\n          \t\t\t\t\t<div class=\"box-text text-left\" >\n\t\t\t\t\t<div class=\"box-text-inner blog-post-inner\">\n\n\t\t\t\t\t\n\t\t\t\t\t\t\t\t\t\t<h5 class=\"post-title is-large \">Vanderson suspendu contre Lens<\/h5>\n\t\t\t\t\t<div class=\"post-meta is-small op-8\">8 f\u00e9vrier 2026<\/div>\t\t\t\t\t<div class=\"is-divider\"><\/div>\n\t\t\t\t\t\t\t\t\t\t<p class=\"from_the_blog_excerpt \">Vanderson n\u2019a cette fois pas pris de carton rouge \u00e0 l\u2019Allianz Riviera, comme en octobre [...]\t\t\t\t\t<\/p>\n\t\t\t\t\t                    \n\t\t\t\t\t\n\t\t\t\t\t\n\t\t\t\t\t<\/div>\n\t\t\t\t\t<\/div>\n\t\t\t\t\t\t\t\t\t<\/div>\n\t\t\t\t<\/a>\n\t\t\t<\/div>\n\t\t<\/div><div class=\"col post-item\" >\n\t\t\t<div class=\"col-inner\">\n\t\t\t<a href=\"https:\/\/www.ladiagonale.net\/index.php\/2026\/02\/08\/pocognoli-je-nai-pas-herite-dune-equipe-batie-pour-mes-idees\/\" class=\"plain\">\n\t\t\t\t<div class=\"box box-vertical box-text-bottom box-blog-post has-hover\">\n          \t\t\t\t\t<div class=\"box-text text-left\" >\n\t\t\t\t\t<div class=\"box-text-inner blog-post-inner\">\n\n\t\t\t\t\t\n\t\t\t\t\t\t\t\t\t\t<h5 class=\"post-title is-large \">Pocognoli : \u00ab&nbsp;Je n\u2019ai pas h\u00e9rit\u00e9 d\u2019une \u00e9quipe b\u00e2tie pour mes id\u00e9es&nbsp;\u00bb<\/h5>\n\t\t\t\t\t<div class=\"post-meta is-small op-8\">8 f\u00e9vrier 2026<\/div>\t\t\t\t\t<div class=\"is-divider\"><\/div>\n\t\t\t\t\t\t\t\t\t\t<p class=\"from_the_blog_excerpt \">L\u2019AS Monaco a sign\u00e9 un match nul sans but dans le derby contre Nice, dimanche. [...]\t\t\t\t\t<\/p>\n\t\t\t\t\t                                            <p class=\"from_the_blog_comments uppercase is-xsmall\">\n                            1 Comment                        <\/p>\n                    \n\t\t\t\t\t\n\t\t\t\t\t\n\t\t\t\t\t<\/div>\n\t\t\t\t\t<\/div>\n\t\t\t\t\t\t\t\t\t<\/div>\n\t\t\t\t<\/a>\n\t\t\t<\/div>\n\t\t<\/div><div class=\"col post-item\" >\n\t\t\t<div class=\"col-inner\">\n\t\t\t<a href=\"https:\/\/www.ladiagonale.net\/index.php\/2026\/02\/08\/monaco-prend-un-point-a-nice-0-0\/\" class=\"plain\">\n\t\t\t\t<div class=\"box box-vertical box-text-bottom box-blog-post has-hover\">\n            \t\t\t\t\t<div class=\"box-image\" style=\"width:43%;\">\n  \t\t\t\t\t\t<div class=\"image-cover\" style=\"padding-top:89%;\">\n  \t\t\t\t\t\t\t<img width=\"300\" height=\"168\" src=\"https:\/\/www.ladiagonale.net\/wp-content\/uploads\/2026\/02\/kehrer-nice-300x168.png\" class=\"attachment-medium size-medium wp-post-image\" alt=\"\" loading=\"lazy\" srcset=\"https:\/\/www.ladiagonale.net\/wp-content\/uploads\/2026\/02\/kehrer-nice-300x168.png 300w, https:\/\/www.ladiagonale.net\/wp-content\/uploads\/2026\/02\/kehrer-nice-1024x574.png 1024w, https:\/\/www.ladiagonale.net\/wp-content\/uploads\/2026\/02\/kehrer-nice-768x430.png 768w, https:\/\/www.ladiagonale.net\/wp-content\/uploads\/2026\/02\/kehrer-nice-128x72.png 128w, https:\/\/www.ladiagonale.net\/wp-content\/uploads\/2026\/02\/kehrer-nice-32x18.png 32w, https:\/\/www.ladiagonale.net\/wp-content\/uploads\/2026\/02\/kehrer-nice.png 1160w\" sizes=\"(max-width: 300px) 100vw, 300px\" \/>  \t\t\t\t\t\t\t  \t\t\t\t\t\t\t  \t\t\t\t\t\t<\/div>\n  \t\t\t\t\t\t  \t\t\t\t\t<\/div>\n          \t\t\t\t\t<div class=\"box-text text-left\" >\n\t\t\t\t\t<div class=\"box-text-inner blog-post-inner\">\n\n\t\t\t\t\t\n\t\t\t\t\t\t\t\t\t\t<h5 class=\"post-title is-large \">Monaco prend un point \u00e0 Nice (0-0)<\/h5>\n\t\t\t\t\t\t\t\t\t\t<div class=\"is-divider\"><\/div>\n\t\t\t\t\t\t\t\t\t\t<p class=\"from_the_blog_excerpt \">Ce n\u2019est pas un derby dont on se souviendra. L\u2019AS Monaco et l\u2019OGC Nice ont [...]\t\t\t\t\t<\/p>\n\t\t\t\t\t                    \n\t\t\t\t\t\n\t\t\t\t\t\n\t\t\t\t\t<\/div>\n\t\t\t\t\t<\/div>\n\t\t\t\t\t\t\t\t\t\t\t\t\t\t\t\t<div class=\"badge absolute top post-date badge-outline\">\n\t\t\t\t\t\t\t<div class=\"badge-inner\">\n\t\t\t\t\t\t\t\t<span class=\"post-date-day\">08<\/span><br>\n\t\t\t\t\t\t\t\t<span class=\"post-date-month is-xsmall\">F\u00e9v<\/span>\n\t\t\t\t\t\t\t<\/div>\n\t\t\t\t\t\t<\/div>\n\t\t\t\t\t\t\t\t\t<\/div>\n\t\t\t\t<\/a>\n\t\t\t<\/div>\n\t\t<\/div><div class=\"col post-item\" >\n\t\t\t<div class=\"col-inner\">\n\t\t\t<a href=\"https:\/\/www.ladiagonale.net\/index.php\/2026\/02\/08\/les-compositions-adingra-en-piston\/\" class=\"plain\">\n\t\t\t\t<div class=\"box box-vertical box-text-bottom box-blog-post has-hover\">\n          \t\t\t\t\t<div class=\"box-text text-left\" >\n\t\t\t\t\t<div class=\"box-text-inner blog-post-inner\">\n\n\t\t\t\t\t\n\t\t\t\t\t\t\t\t\t\t<h5 class=\"post-title is-large \">Les compositions : Adingra en piston<\/h5>\n\t\t\t\t\t<div class=\"post-meta is-small op-8\">8 f\u00e9vrier 2026<\/div>\t\t\t\t\t<div class=\"is-divider\"><\/div>\n\t\t\t\t\t\t\t\t\t\t<p class=\"from_the_blog_excerpt \">L\u2019AS Monaco va continuer d\u2019\u00e9voluer en 3-4-3 contre Nice, ce dimanche, \u00e0 l\u2019occasion de la [...]\t\t\t\t\t<\/p>\n\t\t\t\t\t                    \n\t\t\t\t\t\n\t\t\t\t\t\n\t\t\t\t\t<\/div>\n\t\t\t\t\t<\/div>\n\t\t\t\t\t\t\t\t\t<\/div>\n\t\t\t\t<\/a>\n\t\t\t<\/div>\n\t\t<\/div><div class=\"col post-item\" >\n\t\t\t<div class=\"col-inner\">\n\t\t\t<a href=\"https:\/\/www.ladiagonale.net\/index.php\/2026\/02\/07\/le-groupe-monegasque-faes-de-retour\/\" class=\"plain\">\n\t\t\t\t<div class=\"box box-vertical box-text-bottom box-blog-post has-hover\">\n          \t\t\t\t\t<div class=\"box-text text-left\" >\n\t\t\t\t\t<div class=\"box-text-inner blog-post-inner\">\n\n\t\t\t\t\t\n\t\t\t\t\t\t\t\t\t\t<h5 class=\"post-title is-large \">Le groupe mon\u00e9gasque : Faes de retour<\/h5>\n\t\t\t\t\t<div class=\"post-meta is-small op-8\">7 f\u00e9vrier 2026<\/div>\t\t\t\t\t<div class=\"is-divider\"><\/div>\n\t\t\t\t\t\t\t\t\t\t<p class=\"from_the_blog_excerpt \">C&rsquo;est une nouvelle qui va sans doute faire plaisir \u00e0 S\u00e9bastien Pocognoli : Wout Faes [...]\t\t\t\t\t<\/p>\n\t\t\t\t\t                    \n\t\t\t\t\t\n\t\t\t\t\t\n\t\t\t\t\t<\/div>\n\t\t\t\t\t<\/div>\n\t\t\t\t\t\t\t\t\t<\/div>\n\t\t\t\t<\/a>\n\t\t\t<\/div>\n\t\t<\/div><div class=\"col post-item\" >\n\t\t\t<div class=\"col-inner\">\n\t\t\t<a href=\"https:\/\/www.ladiagonale.net\/index.php\/2026\/02\/07\/monaco-condamne-les-tags-au-centre-dentrainement\/\" class=\"plain\">\n\t\t\t\t<div class=\"box box-vertical box-text-bottom box-blog-post has-hover\">\n          \t\t\t\t\t<div class=\"box-text text-left\" >\n\t\t\t\t\t<div class=\"box-text-inner blog-post-inner\">\n\n\t\t\t\t\t\n\t\t\t\t\t\t\t\t\t\t<h5 class=\"post-title is-large \">Monaco condamne les tags au centre d&rsquo;entra\u00eenement<\/h5>\n\t\t\t\t\t<div class=\"post-meta is-small op-8\">7 f\u00e9vrier 2026<\/div>\t\t\t\t\t<div class=\"is-divider\"><\/div>\n\t\t\t\t\t\t\t\t\t\t<p class=\"from_the_blog_excerpt \">Samedi matin, une trentaine de supporters de l&rsquo;AS Monaco sont mont\u00e9s au centre d&rsquo;entra\u00eenement de [...]\t\t\t\t\t<\/p>\n\t\t\t\t\t                    \n\t\t\t\t\t\n\t\t\t\t\t\n\t\t\t\t\t<\/div>\n\t\t\t\t\t<\/div>\n\t\t\t\t\t\t\t\t\t<\/div>\n\t\t\t\t<\/a>\n\t\t\t<\/div>\n\t\t<\/div><div class=\"col post-item\" >\n\t\t\t<div class=\"col-inner\">\n\t\t\t<a href=\"https:\/\/www.ladiagonale.net\/index.php\/2026\/02\/07\/diatta-le-club-passe-avant-tout\/\" class=\"plain\">\n\t\t\t\t<div class=\"box box-vertical box-text-bottom box-blog-post has-hover\">\n          \t\t\t\t\t<div class=\"box-text text-left\" >\n\t\t\t\t\t<div class=\"box-text-inner blog-post-inner\">\n\n\t\t\t\t\t\n\t\t\t\t\t\t\t\t\t\t<h5 class=\"post-title is-large \">Diatta : \u00ab&nbsp;Le club passe avant tout&nbsp;\u00bb<\/h5>\n\t\t\t\t\t<div class=\"post-meta is-small op-8\">7 f\u00e9vrier 2026<\/div>\t\t\t\t\t<div class=\"is-divider\"><\/div>\n\t\t\t\t\t\t\t\t\t\t<p class=\"from_the_blog_excerpt \">Kr\u00e9pin Diatta est abonn\u00e9 \u00e0 l\u2019exercice m\u00e9diatique cette semaine. Le S\u00e9n\u00e9galais avait \u00e9t\u00e9 le seul [...]\t\t\t\t\t<\/p>\n\t\t\t\t\t                    \n\t\t\t\t\t\n\t\t\t\t\t\n\t\t\t\t\t<\/div>\n\t\t\t\t\t<\/div>\n\t\t\t\t\t\t\t\t\t<\/div>\n\t\t\t\t<\/a>\n\t\t\t<\/div>\n\t\t<\/div><div class=\"col post-item\" >\n\t\t\t<div class=\"col-inner\">\n\t\t\t<a href=\"https:\/\/www.ladiagonale.net\/index.php\/2026\/02\/07\/apres-la-c1-monaco-et-paris-se-retrouveront-en-ligue-1-le-6-mars\/\" class=\"plain\">\n\t\t\t\t<div class=\"box box-vertical box-text-bottom box-blog-post has-hover\">\n          \t\t\t\t\t<div class=\"box-text text-left\" >\n\t\t\t\t\t<div class=\"box-text-inner blog-post-inner\">\n\n\t\t\t\t\t\n\t\t\t\t\t\t\t\t\t\t<h5 class=\"post-title is-large \">Apr\u00e8s la C1, Monaco et Paris se retrouveront en Ligue 1 le 6 mars<\/h5>\n\t\t\t\t\t<div class=\"post-meta is-small op-8\">7 f\u00e9vrier 2026<\/div>\t\t\t\t\t<div class=\"is-divider\"><\/div>\n\t\t\t\t\t\t\t\t\t\t<p class=\"from_the_blog_excerpt \">L&rsquo;AS Monaco et le Paris Saint-Germain vont s&rsquo;affronter deux fois lors de ce mois de [...]\t\t\t\t\t<\/p>\n\t\t\t\t\t                    \n\t\t\t\t\t\n\t\t\t\t\t\n\t\t\t\t\t<\/div>\n\t\t\t\t\t<\/div>\n\t\t\t\t\t\t\t\t\t<\/div>\n\t\t\t\t<\/a>\n\t\t\t<\/div>\n\t\t<\/div><div class=\"col post-item\" >\n\t\t\t<div class=\"col-inner\">\n\t\t\t<a href=\"https:\/\/www.ladiagonale.net\/index.php\/2026\/02\/07\/pocognoli-il-y-a-de-la-frustration-a-tous-les-etages-du-club\/\" class=\"plain\">\n\t\t\t\t<div class=\"box box-vertical box-text-bottom box-blog-post has-hover\">\n          \t\t\t\t\t<div class=\"box-text text-left\" >\n\t\t\t\t\t<div class=\"box-text-inner blog-post-inner\">\n\n\t\t\t\t\t\n\t\t\t\t\t\t\t\t\t\t<h5 class=\"post-title is-large \">Pocognoli : \u00ab&nbsp;Il y a de la frustration \u00e0 tous les \u00e9tages du club&nbsp;\u00bb<\/h5>\n\t\t\t\t\t<div class=\"post-meta is-small op-8\">7 f\u00e9vrier 2026<\/div>\t\t\t\t\t<div class=\"is-divider\"><\/div>\n\t\t\t\t\t\t\t\t\t\t<p class=\"from_the_blog_excerpt \">L\u2019AS Monaco a laiss\u00e9 tomber en cours de route l\u2019un de ses objectifs cette semaine. [...]\t\t\t\t\t<\/p>\n\t\t\t\t\t                    \n\t\t\t\t\t\n\t\t\t\t\t\n\t\t\t\t\t<\/div>\n\t\t\t\t\t<\/div>\n\t\t\t\t\t\t\t\t\t<\/div>\n\t\t\t\t<\/a>\n\t\t\t<\/div>\n\t\t<\/div><div class=\"col post-item\" >\n\t\t\t<div class=\"col-inner\">\n\t\t\t<a href=\"https:\/\/www.ladiagonale.net\/index.php\/2026\/02\/07\/faes-pourrait-faire-son-retour-pour-le-derby-fati-trop-juste\/\" class=\"plain\">\n\t\t\t\t<div class=\"box box-vertical box-text-bottom box-blog-post has-hover\">\n          \t\t\t\t\t<div class=\"box-text text-left\" >\n\t\t\t\t\t<div class=\"box-text-inner blog-post-inner\">\n\n\t\t\t\t\t\n\t\t\t\t\t\t\t\t\t\t<h5 class=\"post-title is-large \">Faes pourrait faire son retour pour le derby, Fati trop juste<\/h5>\n\t\t\t\t\t<div class=\"post-meta is-small op-8\">7 f\u00e9vrier 2026<\/div>\t\t\t\t\t<div class=\"is-divider\"><\/div>\n\t\t\t\t\t\t\t\t\t\t<p class=\"from_the_blog_excerpt \">La premi\u00e8re recrue hivernale de l\u2019AS Monaco, Wout Faes, n\u2019a pour l\u2019instant disput\u00e9 que deux [...]\t\t\t\t\t<\/p>\n\t\t\t\t\t                    \n\t\t\t\t\t\n\t\t\t\t\t\n\t\t\t\t\t<\/div>\n\t\t\t\t\t<\/div>\n\t\t\t\t\t\t\t\t\t<\/div>\n\t\t\t\t<\/a>\n\t\t\t<\/div>\n\t\t<\/div><div class=\"col post-item\" >\n\t\t\t<div class=\"col-inner\">\n\t\t\t<a href=\"https:\/\/www.ladiagonale.net\/index.php\/2026\/02\/06\/les-notes-le-naufrage-de-kehrer-2\/\" class=\"plain\">\n\t\t\t\t<div class=\"box box-vertical box-text-bottom box-blog-post has-hover\">\n            \t\t\t\t\t<div class=\"box-image\" style=\"width:43%;\">\n  \t\t\t\t\t\t<div class=\"image-cover\" style=\"padding-top:89%;\">\n  \t\t\t\t\t\t\t<img width=\"300\" height=\"168\" src=\"https:\/\/www.ladiagonale.net\/wp-content\/uploads\/2026\/02\/Kehrerstras-300x168.png\" class=\"attachment-medium size-medium wp-post-image\" alt=\"\" loading=\"lazy\" srcset=\"https:\/\/www.ladiagonale.net\/wp-content\/uploads\/2026\/02\/Kehrerstras-300x168.png 300w, https:\/\/www.ladiagonale.net\/wp-content\/uploads\/2026\/02\/Kehrerstras-1024x574.png 1024w, https:\/\/www.ladiagonale.net\/wp-content\/uploads\/2026\/02\/Kehrerstras-768x430.png 768w, https:\/\/www.ladiagonale.net\/wp-content\/uploads\/2026\/02\/Kehrerstras-128x72.png 128w, https:\/\/www.ladiagonale.net\/wp-content\/uploads\/2026\/02\/Kehrerstras-32x18.png 32w, https:\/\/www.ladiagonale.net\/wp-content\/uploads\/2026\/02\/Kehrerstras.png 1160w\" sizes=\"(max-width: 300px) 100vw, 300px\" \/>  \t\t\t\t\t\t\t  \t\t\t\t\t\t\t  \t\t\t\t\t\t<\/div>\n  \t\t\t\t\t\t  \t\t\t\t\t<\/div>\n          \t\t\t\t\t<div class=\"box-text text-left\" >\n\t\t\t\t\t<div class=\"box-text-inner blog-post-inner\">\n\n\t\t\t\t\t\n\t\t\t\t\t\t\t\t\t\t<h5 class=\"post-title is-large \">Les notes : Kehrer en pleine d\u00e9route<\/h5>\n\t\t\t\t\t\t\t\t\t\t<div class=\"is-divider\"><\/div>\n\t\t\t\t\t\t\t\t\t\t<p class=\"from_the_blog_excerpt \">Impliqu\u00e9 sur les trois buts encaiss\u00e9s par l&rsquo;ASM, le d\u00e9fenseur central allemand Thilo Kehrer a [...]\t\t\t\t\t<\/p>\n\t\t\t\t\t                    \n\t\t\t\t\t\n\t\t\t\t\t\n\t\t\t\t\t<\/div>\n\t\t\t\t\t<\/div>\n\t\t\t\t\t\t\t\t\t\t\t\t\t\t\t\t<div class=\"badge absolute top post-date badge-outline\">\n\t\t\t\t\t\t\t<div class=\"badge-inner\">\n\t\t\t\t\t\t\t\t<span class=\"post-date-day\">06<\/span><br>\n\t\t\t\t\t\t\t\t<span class=\"post-date-month is-xsmall\">F\u00e9v<\/span>\n\t\t\t\t\t\t\t<\/div>\n\t\t\t\t\t\t<\/div>\n\t\t\t\t\t\t\t\t\t<\/div>\n\t\t\t\t<\/a>\n\t\t\t<\/div>\n\t\t<\/div><div class=\"col post-item\" >\n\t\t\t<div class=\"col-inner\">\n\t\t\t<a href=\"https:\/\/www.ladiagonale.net\/index.php\/2026\/02\/06\/diatta-cette-defaite-me-fait-mal-au-coeur\/\" class=\"plain\">\n\t\t\t\t<div class=\"box box-vertical box-text-bottom box-blog-post has-hover\">\n          \t\t\t\t\t<div class=\"box-text text-left\" >\n\t\t\t\t\t<div class=\"box-text-inner blog-post-inner\">\n\n\t\t\t\t\t\n\t\t\t\t\t\t\t\t\t\t<h5 class=\"post-title is-large \">Diatta : \u00ab\u00a0Cette d\u00e9faite me fait mal au c\u0153ur\u00a0\u00bb<\/h5>\n\t\t\t\t\t<div class=\"post-meta is-small op-8\">6 f\u00e9vrier 2026<\/div>\t\t\t\t\t<div class=\"is-divider\"><\/div>\n\t\t\t\t\t\t\t\t\t\t<p class=\"from_the_blog_excerpt \">Kr\u00e9pin Diatta n\u2019avait pas le c\u0153ur l\u00e9ger apr\u00e8s la d\u00e9faite contre Strasbourg et l\u2019\u00e9limination en [...]\t\t\t\t\t<\/p>\n\t\t\t\t\t                    \n\t\t\t\t\t\n\t\t\t\t\t\n\t\t\t\t\t<\/div>\n\t\t\t\t\t<\/div>\n\t\t\t\t\t\t\t\t\t<\/div>\n\t\t\t\t<\/a>\n\t\t\t<\/div>\n\t\t<\/div><div class=\"col post-item\" >\n\t\t\t<div class=\"col-inner\">\n\t\t\t<a href=\"https:\/\/www.ladiagonale.net\/index.php\/2026\/02\/06\/pocognoli-nous-navons-pas-su-repondre-present-dans-les-moments-cles\/\" class=\"plain\">\n\t\t\t\t<div class=\"box box-vertical box-text-bottom box-blog-post has-hover\">\n          \t\t\t\t\t<div class=\"box-text text-left\" >\n\t\t\t\t\t<div class=\"box-text-inner blog-post-inner\">\n\n\t\t\t\t\t\n\t\t\t\t\t\t\t\t\t\t<h5 class=\"post-title is-large \">Pocognoli : \u00ab&nbsp;Nous n\u2019avons pas su r\u00e9pondre pr\u00e9sent dans les moments cl\u00e9s&nbsp;\u00bb<\/h5>\n\t\t\t\t\t<div class=\"post-meta is-small op-8\">6 f\u00e9vrier 2026<\/div>\t\t\t\t\t<div class=\"is-divider\"><\/div>\n\t\t\t\t\t\t\t\t\t\t<p class=\"from_the_blog_excerpt \">L\u2019AS Monaco a \u00e9t\u00e9 \u00e9limin\u00e9e de la Coupe de France \u00e0 Strasbourg. C\u2019est forc\u00e9ment une [...]\t\t\t\t\t<\/p>\n\t\t\t\t\t                    \n\t\t\t\t\t\n\t\t\t\t\t\n\t\t\t\t\t<\/div>\n\t\t\t\t\t<\/div>\n\t\t\t\t\t\t\t\t\t<\/div>\n\t\t\t\t<\/a>\n\t\t\t<\/div>\n\t\t<\/div><div class=\"col post-item\" >\n\t\t\t<div class=\"col-inner\">\n\t\t\t<a href=\"https:\/\/www.ladiagonale.net\/index.php\/2026\/02\/05\/monaco-elimine-de-la-coupe-de-france-par-strasbourg-1-3\/\" class=\"plain\">\n\t\t\t\t<div class=\"box box-vertical box-text-bottom box-blog-post has-hover\">\n            \t\t\t\t\t<div class=\"box-image\" style=\"width:43%;\">\n  \t\t\t\t\t\t<div class=\"image-cover\" style=\"padding-top:89%;\">\n  \t\t\t\t\t\t\t<img width=\"300\" height=\"168\" src=\"https:\/\/www.ladiagonale.net\/wp-content\/uploads\/2026\/02\/Akliouche-strasbourg-1-300x168.png\" class=\"attachment-medium size-medium wp-post-image\" alt=\"\" loading=\"lazy\" srcset=\"https:\/\/www.ladiagonale.net\/wp-content\/uploads\/2026\/02\/Akliouche-strasbourg-1-300x168.png 300w, https:\/\/www.ladiagonale.net\/wp-content\/uploads\/2026\/02\/Akliouche-strasbourg-1-1024x574.png 1024w, https:\/\/www.ladiagonale.net\/wp-content\/uploads\/2026\/02\/Akliouche-strasbourg-1-768x430.png 768w, https:\/\/www.ladiagonale.net\/wp-content\/uploads\/2026\/02\/Akliouche-strasbourg-1-128x72.png 128w, https:\/\/www.ladiagonale.net\/wp-content\/uploads\/2026\/02\/Akliouche-strasbourg-1-32x18.png 32w, https:\/\/www.ladiagonale.net\/wp-content\/uploads\/2026\/02\/Akliouche-strasbourg-1.png 1160w\" sizes=\"(max-width: 300px) 100vw, 300px\" \/>  \t\t\t\t\t\t\t  \t\t\t\t\t\t\t  \t\t\t\t\t\t<\/div>\n  \t\t\t\t\t\t  \t\t\t\t\t<\/div>\n          \t\t\t\t\t<div class=\"box-text text-left\" >\n\t\t\t\t\t<div class=\"box-text-inner blog-post-inner\">\n\n\t\t\t\t\t\n\t\t\t\t\t\t\t\t\t\t<h5 class=\"post-title is-large \">Monaco \u00e9limin\u00e9 de la Coupe de France par Strasbourg (1-3)<\/h5>\n\t\t\t\t\t\t\t\t\t\t<div class=\"is-divider\"><\/div>\n\t\t\t\t\t\t\t\t\t\t<p class=\"from_the_blog_excerpt \">L\u2019aventure en Coupe de France s\u2019est arr\u00eat\u00e9e au stade des huiti\u00e8mes de finale pour l\u2019AS [...]\t\t\t\t\t<\/p>\n\t\t\t\t\t                    \n\t\t\t\t\t\n\t\t\t\t\t\n\t\t\t\t\t<\/div>\n\t\t\t\t\t<\/div>\n\t\t\t\t\t\t\t\t\t\t\t\t\t\t\t\t<div class=\"badge absolute top post-date badge-outline\">\n\t\t\t\t\t\t\t<div class=\"badge-inner\">\n\t\t\t\t\t\t\t\t<span class=\"post-date-day\">05<\/span><br>\n\t\t\t\t\t\t\t\t<span class=\"post-date-month is-xsmall\">F\u00e9v<\/span>\n\t\t\t\t\t\t\t<\/div>\n\t\t\t\t\t\t<\/div>\n\t\t\t\t\t\t\t\t\t<\/div>\n\t\t\t\t<\/a>\n\t\t\t<\/div>\n\t\t<\/div><div class=\"col post-item\" >\n\t\t\t<div class=\"col-inner\">\n\t\t\t<a href=\"https:\/\/www.ladiagonale.net\/index.php\/2026\/02\/05\/les-compositions-biereth-titulaire-3\/\" class=\"plain\">\n\t\t\t\t<div class=\"box box-vertical box-text-bottom box-blog-post has-hover\">\n          \t\t\t\t\t<div class=\"box-text text-left\" >\n\t\t\t\t\t<div class=\"box-text-inner blog-post-inner\">\n\n\t\t\t\t\t\n\t\t\t\t\t\t\t\t\t\t<h5 class=\"post-title is-large \">Les compositions : Biereth titulaire<\/h5>\n\t\t\t\t\t<div class=\"post-meta is-small op-8\">5 f\u00e9vrier 2026<\/div>\t\t\t\t\t<div class=\"is-divider\"><\/div>\n\t\t\t\t\t\t\t\t\t\t<p class=\"from_the_blog_excerpt \">L\u2019AS Monaco va continuer d\u2019\u00e9voluer en 3-4-3 pour ce huiti\u00e8me de finale contre Strasbourg. Mais [...]\t\t\t\t\t<\/p>\n\t\t\t\t\t                    \n\t\t\t\t\t\n\t\t\t\t\t\n\t\t\t\t\t<\/div>\n\t\t\t\t\t<\/div>\n\t\t\t\t\t\t\t\t\t<\/div>\n\t\t\t\t<\/a>\n\t\t\t<\/div>\n\t\t<\/div><div class=\"col post-item\" >\n\t\t\t<div class=\"col-inner\">\n\t\t\t<a href=\"https:\/\/www.ladiagonale.net\/index.php\/2026\/02\/05\/face-a-reims-en-quarts-de-finale-de-la-coupe-de-france\/\" class=\"plain\">\n\t\t\t\t<div class=\"box box-vertical box-text-bottom box-blog-post has-hover\">\n          \t\t\t\t\t<div class=\"box-text text-left\" >\n\t\t\t\t\t<div class=\"box-text-inner blog-post-inner\">\n\n\t\t\t\t\t\n\t\t\t\t\t\t\t\t\t\t<h5 class=\"post-title is-large \">Face \u00e0 Reims en quarts de finale de la Coupe de France<\/h5>\n\t\t\t\t\t<div class=\"post-meta is-small op-8\">5 f\u00e9vrier 2026<\/div>\t\t\t\t\t<div class=\"is-divider\"><\/div>\n\t\t\t\t\t\t\t\t\t\t<p class=\"from_the_blog_excerpt \">Il y avait une concentration in\u00e9dite de clubs de Ligue 1 en quarts de finale [...]\t\t\t\t\t<\/p>\n\t\t\t\t\t                    \n\t\t\t\t\t\n\t\t\t\t\t\n\t\t\t\t\t<\/div>\n\t\t\t\t\t<\/div>\n\t\t\t\t\t\t\t\t\t<\/div>\n\t\t\t\t<\/a>\n\t\t\t<\/div>\n\t\t<\/div><div class=\"col post-item\" >\n\t\t\t<div class=\"col-inner\">\n\t\t\t<a href=\"https:\/\/www.ladiagonale.net\/index.php\/2026\/02\/05\/mecontent-de-mizuno-monaco-chercherait-un-autre-equipementier\/\" class=\"plain\">\n\t\t\t\t<div class=\"box box-vertical box-text-bottom box-blog-post has-hover\">\n          \t\t\t\t\t<div class=\"box-text text-left\" >\n\t\t\t\t\t<div class=\"box-text-inner blog-post-inner\">\n\n\t\t\t\t\t\n\t\t\t\t\t\t\t\t\t\t<h5 class=\"post-title is-large \">M\u00e9content de Mizuno, Monaco chercherait un autre \u00e9quipementier<\/h5>\n\t\t\t\t\t<div class=\"post-meta is-small op-8\">5 f\u00e9vrier 2026<\/div>\t\t\t\t\t<div class=\"is-divider\"><\/div>\n\t\t\t\t\t\t\t\t\t\t<p class=\"from_the_blog_excerpt \">Il y a un peu moins d\u2019un an, en avril 2025, l\u2019AS Monaco avait officialis\u00e9 [...]\t\t\t\t\t<\/p>\n\t\t\t\t\t                    \n\t\t\t\t\t\n\t\t\t\t\t\n\t\t\t\t\t<\/div>\n\t\t\t\t\t<\/div>\n\t\t\t\t\t\t\t\t\t<\/div>\n\t\t\t\t<\/a>\n\t\t\t<\/div>\n\t\t<\/div><div class=\"col post-item\" >\n\t\t\t<div class=\"col-inner\">\n\t\t\t<a href=\"https:\/\/www.ladiagonale.net\/index.php\/2026\/02\/05\/carnet-deces-de-herve-cros\/\" class=\"plain\">\n\t\t\t\t<div class=\"box box-vertical box-text-bottom box-blog-post has-hover\">\n          \t\t\t\t\t<div class=\"box-text text-left\" >\n\t\t\t\t\t<div class=\"box-text-inner blog-post-inner\">\n\n\t\t\t\t\t\n\t\t\t\t\t\t\t\t\t\t<h5 class=\"post-title is-large \">Carnet : d\u00e9c\u00e8s de Herv\u00e9 Cros<\/h5>\n\t\t\t\t\t<div class=\"post-meta is-small op-8\">5 f\u00e9vrier 2026<\/div>\t\t\t\t\t<div class=\"is-divider\"><\/div>\n\t\t\t\t\t\t\t\t\t\t<p class=\"from_the_blog_excerpt \">Nouvelle perte dans la famille rouge et blanche. L\u2019AS Monaco a annonc\u00e9 sur son site [...]\t\t\t\t\t<\/p>\n\t\t\t\t\t                    \n\t\t\t\t\t\n\t\t\t\t\t\n\t\t\t\t\t<\/div>\n\t\t\t\t\t<\/div>\n\t\t\t\t\t\t\t\t\t<\/div>\n\t\t\t\t<\/a>\n\t\t\t<\/div>\n\t\t<\/div><div class=\"col post-item\" >\n\t\t\t<div class=\"col-inner\">\n\t\t\t<a href=\"https:\/\/www.ladiagonale.net\/index.php\/2026\/02\/05\/bouabre-va-rapporter-plus-dargent-a-lasm\/\" class=\"plain\">\n\t\t\t\t<div class=\"box box-vertical box-text-bottom box-blog-post has-hover\">\n          \t\t\t\t\t<div class=\"box-text text-left\" >\n\t\t\t\t\t<div class=\"box-text-inner blog-post-inner\">\n\n\t\t\t\t\t\n\t\t\t\t\t\t\t\t\t\t<h5 class=\"post-title is-large \">Bouabr\u00e9 va rapporter plus d\u2019argent \u00e0 l\u2019ASM<\/h5>\n\t\t\t\t\t<div class=\"post-meta is-small op-8\">5 f\u00e9vrier 2026<\/div>\t\t\t\t\t<div class=\"is-divider\"><\/div>\n\t\t\t\t\t\t\t\t\t\t<p class=\"from_the_blog_excerpt \">Au moment de boucler ses comptes en fin de saison, l\u2019AS Monaco devra sans doute [...]\t\t\t\t\t<\/p>\n\t\t\t\t\t                    \n\t\t\t\t\t\n\t\t\t\t\t\n\t\t\t\t\t<\/div>\n\t\t\t\t\t<\/div>\n\t\t\t\t\t\t\t\t\t<\/div>\n\t\t\t\t<\/a>\n\t\t\t<\/div>\n\t\t<\/div><div class=\"col post-item\" >\n\t\t\t<div class=\"col-inner\">\n\t\t\t<a href=\"https:\/\/www.ladiagonale.net\/index.php\/2026\/02\/05\/scuro-confirme-deleguer-davantage-a-avina\/\" class=\"plain\">\n\t\t\t\t<div class=\"box box-vertical box-text-bottom box-blog-post has-hover\">\n          \t\t\t\t\t<div class=\"box-text text-left\" >\n\t\t\t\t\t<div class=\"box-text-inner blog-post-inner\">\n\n\t\t\t\t\t\n\t\t\t\t\t\t\t\t\t\t<h5 class=\"post-title is-large \">Scuro confirme d\u00e9l\u00e9guer davantage \u00e0 Avina<\/h5>\n\t\t\t\t\t<div class=\"post-meta is-small op-8\">5 f\u00e9vrier 2026<\/div>\t\t\t\t\t<div class=\"is-divider\"><\/div>\n\t\t\t\t\t\t\t\t\t\t<p class=\"from_the_blog_excerpt \">M\u00eame si l\u2019AS Monaco n\u2019a plus perdu depuis trois rencontres et a obtenu sa qualification [...]\t\t\t\t\t<\/p>\n\t\t\t\t\t                    \n\t\t\t\t\t\n\t\t\t\t\t\n\t\t\t\t\t<\/div>\n\t\t\t\t\t<\/div>\n\t\t\t\t\t\t\t\t\t<\/div>\n\t\t\t\t<\/a>\n\t\t\t<\/div>\n\t\t<\/div><div class=\"col post-item\" >\n\t\t\t<div class=\"col-inner\">\n\t\t\t<a href=\"https:\/\/www.ladiagonale.net\/index.php\/2026\/02\/05\/scuro-je-nai-pas-lintention-de-rentrer-en-conflit-avec-les-supporters\/\" class=\"plain\">\n\t\t\t\t<div class=\"box box-vertical box-text-bottom box-blog-post has-hover\">\n          \t\t\t\t\t<div class=\"box-text text-left\" >\n\t\t\t\t\t<div class=\"box-text-inner blog-post-inner\">\n\n\t\t\t\t\t\n\t\t\t\t\t\t\t\t\t\t<h5 class=\"post-title is-large \">Scuro : \u00ab&nbsp;Je n\u2019ai pas l\u2019intention de rentrer en conflit avec les supporters&nbsp;\u00bb<\/h5>\n\t\t\t\t\t<div class=\"post-meta is-small op-8\">5 f\u00e9vrier 2026<\/div>\t\t\t\t\t<div class=\"is-divider\"><\/div>\n\t\t\t\t\t\t\t\t\t\t<p class=\"from_the_blog_excerpt \">La pr\u00e9sentation de Simon Adingra mercredi a donn\u00e9 lieu \u00e0 une nouvelle communication de Thiago [...]\t\t\t\t\t<\/p>\n\t\t\t\t\t                    \n\t\t\t\t\t\n\t\t\t\t\t\n\t\t\t\t\t<\/div>\n\t\t\t\t\t<\/div>\n\t\t\t\t\t\t\t\t\t<\/div>\n\t\t\t\t<\/a>\n\t\t\t<\/div>\n\t\t<\/div><div class=\"col post-item\" >\n\t\t\t<div class=\"col-inner\">\n\t\t\t<a href=\"https:\/\/www.ladiagonale.net\/index.php\/2026\/02\/05\/le-groupe-monegasque-premiere-pour-adingra\/\" class=\"plain\">\n\t\t\t\t<div class=\"box box-vertical box-text-bottom box-blog-post has-hover\">\n          \t\t\t\t\t<div class=\"box-text text-left\" >\n\t\t\t\t\t<div class=\"box-text-inner blog-post-inner\">\n\n\t\t\t\t\t\n\t\t\t\t\t\t\t\t\t\t<h5 class=\"post-title is-large \">Le groupe mon\u00e9gasque : premi\u00e8re pour Adingra<\/h5>\n\t\t\t\t\t<div class=\"post-meta is-small op-8\">5 f\u00e9vrier 2026<\/div>\t\t\t\t\t<div class=\"is-divider\"><\/div>\n\t\t\t\t\t\t\t\t\t\t<p class=\"from_the_blog_excerpt \">21 joueurs ont \u00e9t\u00e9 convoqu\u00e9s par S\u00e9bastien Pocognoli pour affronter Strasbourg en huiti\u00e8mes de la [...]\t\t\t\t\t<\/p>\n\t\t\t\t\t                    \n\t\t\t\t\t\n\t\t\t\t\t\n\t\t\t\t\t<\/div>\n\t\t\t\t\t<\/div>\n\t\t\t\t\t\t\t\t\t<\/div>\n\t\t\t\t<\/a>\n\t\t\t<\/div>\n\t\t<\/div><div class=\"col post-item\" >\n\t\t\t<div class=\"col-inner\">\n\t\t\t<a href=\"https:\/\/www.ladiagonale.net\/index.php\/2026\/02\/04\/pogba-retire-de-la-liste-de-la-ligue-des-champions\/\" class=\"plain\">\n\t\t\t\t<div class=\"box box-vertical box-text-bottom box-blog-post has-hover\">\n          \t\t\t\t\t<div class=\"box-text text-left\" >\n\t\t\t\t\t<div class=\"box-text-inner blog-post-inner\">\n\n\t\t\t\t\t\n\t\t\t\t\t\t\t\t\t\t<h5 class=\"post-title is-large \">Pogba retir\u00e9 de la liste de la Ligue des champions<\/h5>\n\t\t\t\t\t<div class=\"post-meta is-small op-8\">4 f\u00e9vrier 2026<\/div>\t\t\t\t\t<div class=\"is-divider\"><\/div>\n\t\t\t\t\t\t\t\t\t\t<p class=\"from_the_blog_excerpt \">Il y a quelques mois, Paul Pogba \u00e9tait redevenu un joueur de foot avec l\u2019AS [...]\t\t\t\t\t<\/p>\n\t\t\t\t\t                    \n\t\t\t\t\t\n\t\t\t\t\t\n\t\t\t\t\t<\/div>\n\t\t\t\t\t<\/div>\n\t\t\t\t\t\t\t\t\t<\/div>\n\t\t\t\t<\/a>\n\t\t\t<\/div>\n\t\t<\/div><div class=\"col post-item\" >\n\t\t\t<div class=\"col-inner\">\n\t\t\t<a href=\"https:\/\/www.ladiagonale.net\/index.php\/2026\/02\/04\/pocognoli-un-match-avec-une-saveur-differente\/\" class=\"plain\">\n\t\t\t\t<div class=\"box box-vertical box-text-bottom box-blog-post has-hover\">\n          \t\t\t\t\t<div class=\"box-text text-left\" >\n\t\t\t\t\t<div class=\"box-text-inner blog-post-inner\">\n\n\t\t\t\t\t\n\t\t\t\t\t\t\t\t\t\t<h5 class=\"post-title is-large \">Pocognoli : \u00ab&nbsp;Un match avec une saveur diff\u00e9rente&nbsp;\u00bb<\/h5>\n\t\t\t\t\t<div class=\"post-meta is-small op-8\">4 f\u00e9vrier 2026<\/div>\t\t\t\t\t<div class=\"is-divider\"><\/div>\n\t\t\t\t\t\t\t\t\t\t<p class=\"from_the_blog_excerpt \">L\u2019AS Monaco a pu pr\u00e9parer son d\u00e9placement \u00e0 Strasbourg avec un peu plus de l\u00e9g\u00e8ret\u00e9 [...]\t\t\t\t\t<\/p>\n\t\t\t\t\t                    \n\t\t\t\t\t\n\t\t\t\t\t\n\t\t\t\t\t<\/div>\n\t\t\t\t\t<\/div>\n\t\t\t\t\t\t\t\t\t<\/div>\n\t\t\t\t<\/a>\n\t\t\t<\/div>\n\t\t<\/div><div class=\"col post-item\" >\n\t\t\t<div class=\"col-inner\">\n\t\t\t<a href=\"https:\/\/www.ladiagonale.net\/index.php\/2026\/02\/04\/adingra-me-concentrer-sur-le-present-et-aller-de-lavant\/\" class=\"plain\">\n\t\t\t\t<div class=\"box box-vertical box-text-bottom box-blog-post has-hover\">\n          \t\t\t\t\t<div class=\"box-text text-left\" >\n\t\t\t\t\t<div class=\"box-text-inner blog-post-inner\">\n\n\t\t\t\t\t\n\t\t\t\t\t\t\t\t\t\t<h5 class=\"post-title is-large \">Adingra : \u00ab\u00a0Me concentrer sur le pr\u00e9sent et aller de l\u2019avant\u00a0\u00bb<\/h5>\n\t\t\t\t\t<div class=\"post-meta is-small op-8\">4 f\u00e9vrier 2026<\/div>\t\t\t\t\t<div class=\"is-divider\"><\/div>\n\t\t\t\t\t\t\t\t\t\t<p class=\"from_the_blog_excerpt \">Ce mercredi, l\u2019AS Monaco a pr\u00e9sent\u00e9 \u00e0 la presse sa nouvelle recrue, Simon Adingra. L\u2019ailier [...]\t\t\t\t\t<\/p>\n\t\t\t\t\t                    \n\t\t\t\t\t\n\t\t\t\t\t\n\t\t\t\t\t<\/div>\n\t\t\t\t\t<\/div>\n\t\t\t\t\t\t\t\t\t<\/div>\n\t\t\t\t<\/a>\n\t\t\t<\/div>\n\t\t<\/div><div class=\"col post-item\" >\n\t\t\t<div class=\"col-inner\">\n\t\t\t<a href=\"https:\/\/www.ladiagonale.net\/index.php\/2026\/02\/04\/pocognoli-loue-la-polyvalence-dadingra\/\" class=\"plain\">\n\t\t\t\t<div class=\"box box-vertical box-text-bottom box-blog-post has-hover\">\n          \t\t\t\t\t<div class=\"box-text text-left\" >\n\t\t\t\t\t<div class=\"box-text-inner blog-post-inner\">\n\n\t\t\t\t\t\n\t\t\t\t\t\t\t\t\t\t<h5 class=\"post-title is-large \">Pocognoli loue la polyvalence d\u2019Adingra<\/h5>\n\t\t\t\t\t<div class=\"post-meta is-small op-8\">4 f\u00e9vrier 2026<\/div>\t\t\t\t\t<div class=\"is-divider\"><\/div>\n\t\t\t\t\t\t\t\t\t\t<p class=\"from_the_blog_excerpt \">En qu\u00eate d\u2019un renfort offensif en fin de mercato, l\u2019AS Monaco a enr\u00f4l\u00e9 Simon Adingra. [...]\t\t\t\t\t<\/p>\n\t\t\t\t\t                    \n\t\t\t\t\t\n\t\t\t\t\t\n\t\t\t\t\t<\/div>\n\t\t\t\t\t<\/div>\n\t\t\t\t\t\t\t\t\t<\/div>\n\t\t\t\t<\/a>\n\t\t\t<\/div>\n\t\t<\/div><div class=\"col post-item\" >\n\t\t\t<div class=\"col-inner\">\n\t\t\t<a href=\"https:\/\/www.ladiagonale.net\/index.php\/2026\/02\/04\/ouattara-absent-pour-plusieurs-semaines\/\" class=\"plain\">\n\t\t\t\t<div class=\"box box-vertical box-text-bottom box-blog-post has-hover\">\n          \t\t\t\t\t<div class=\"box-text text-left\" >\n\t\t\t\t\t<div class=\"box-text-inner blog-post-inner\">\n\n\t\t\t\t\t\n\t\t\t\t\t\t\t\t\t\t<h5 class=\"post-title is-large \">Ouattara absent pour plusieurs semaines<\/h5>\n\t\t\t\t\t<div class=\"post-meta is-small op-8\">4 f\u00e9vrier 2026<\/div>\t\t\t\t\t<div class=\"is-divider\"><\/div>\n\t\t\t\t\t\t\t\t\t\t<p class=\"from_the_blog_excerpt \">Il ne se passe pas une seule semaine sans une nouvelle blessure du c\u00f4t\u00e9 de [...]\t\t\t\t\t<\/p>\n\t\t\t\t\t                    \n\t\t\t\t\t\n\t\t\t\t\t\n\t\t\t\t\t<\/div>\n\t\t\t\t\t<\/div>\n\t\t\t\t\t\t\t\t\t<\/div>\n\t\t\t\t<\/a>\n\t\t\t<\/div>\n\t\t<\/div><div class=\"col post-item\" >\n\t\t\t<div class=\"col-inner\">\n\t\t\t<a href=\"https:\/\/www.ladiagonale.net\/index.php\/2026\/02\/04\/fati-forfait-contre-strasbourg-et-incertain-contre-nice\/\" class=\"plain\">\n\t\t\t\t<div class=\"box box-vertical box-text-bottom box-blog-post has-hover\">\n          \t\t\t\t\t<div class=\"box-text text-left\" >\n\t\t\t\t\t<div class=\"box-text-inner blog-post-inner\">\n\n\t\t\t\t\t\n\t\t\t\t\t\t\t\t\t\t<h5 class=\"post-title is-large \">Fati forfait contre Strasbourg et incertain pour Nice<\/h5>\n\t\t\t\t\t<div class=\"post-meta is-small op-8\">4 f\u00e9vrier 2026<\/div>\t\t\t\t\t<div class=\"is-divider\"><\/div>\n\t\t\t\t\t\t\t\t\t\t<p class=\"from_the_blog_excerpt \">Ansu Fati ne devrait pas \u00eatre de la partie contre Strasbourg, ce jeudi, en Coupe [...]\t\t\t\t\t<\/p>\n\t\t\t\t\t                    \n\t\t\t\t\t\n\t\t\t\t\t\n\t\t\t\t\t<\/div>\n\t\t\t\t\t<\/div>\n\t\t\t\t\t\t\t\t\t<\/div>\n\t\t\t\t<\/a>\n\t\t\t<\/div>\n\t\t<\/div><div class=\"col post-item\" >\n\t\t\t<div class=\"col-inner\">\n\t\t\t<a href=\"https:\/\/www.ladiagonale.net\/index.php\/2026\/02\/03\/youth-league-monaco-prend-la-porte-a-bruges\/\" class=\"plain\">\n\t\t\t\t<div class=\"box box-vertical box-text-bottom box-blog-post has-hover\">\n          \t\t\t\t\t<div class=\"box-text text-left\" >\n\t\t\t\t\t<div class=\"box-text-inner blog-post-inner\">\n\n\t\t\t\t\t\n\t\t\t\t\t\t\t\t\t\t<h5 class=\"post-title is-large \">Youth League : Monaco prend la porte \u00e0 Bruges<\/h5>\n\t\t\t\t\t<div class=\"post-meta is-small op-8\">3 f\u00e9vrier 2026<\/div>\t\t\t\t\t<div class=\"is-divider\"><\/div>\n\t\t\t\t\t\t\t\t\t\t<p class=\"from_the_blog_excerpt \">Les U19 de l\u2019AS Monaco ont \u00e9chou\u00e9 au m\u00eame stade que l\u2019an dernier en Youth [...]\t\t\t\t\t<\/p>\n\t\t\t\t\t                    \n\t\t\t\t\t\n\t\t\t\t\t\n\t\t\t\t\t<\/div>\n\t\t\t\t\t<\/div>\n\t\t\t\t\t\t\t\t\t<\/div>\n\t\t\t\t<\/a>\n\t\t\t<\/div>\n\t\t<\/div><div class=\"col post-item\" >\n\t\t\t<div class=\"col-inner\">\n\t\t\t<a href=\"https:\/\/www.ladiagonale.net\/index.php\/2026\/02\/03\/officiel-ilenikhena-transfere-a-al-ittihad\/\" class=\"plain\">\n\t\t\t\t<div class=\"box box-vertical box-text-bottom box-blog-post has-hover\">\n          \t\t\t\t\t<div class=\"box-text text-left\" >\n\t\t\t\t\t<div class=\"box-text-inner blog-post-inner\">\n\n\t\t\t\t\t\n\t\t\t\t\t\t\t\t\t\t<h5 class=\"post-title is-large \">Officiel : Ilenikhena transf\u00e9r\u00e9 \u00e0 Al-Ittihad<\/h5>\n\t\t\t\t\t<div class=\"post-meta is-small op-8\">3 f\u00e9vrier 2026<\/div>\t\t\t\t\t<div class=\"is-divider\"><\/div>\n\t\t\t\t\t\t\t\t\t\t<p class=\"from_the_blog_excerpt \">C\u2019est un joli pactole empoch\u00e9 par l\u2019AS Monaco au cours de ce dernier jour du [...]\t\t\t\t\t<\/p>\n\t\t\t\t\t                                            <p class=\"from_the_blog_comments uppercase is-xsmall\">\n                            1 Comment                        <\/p>\n                    \n\t\t\t\t\t\n\t\t\t\t\t\n\t\t\t\t\t<\/div>\n\t\t\t\t\t<\/div>\n\t\t\t\t\t\t\t\t\t<\/div>\n\t\t\t\t<\/a>\n\t\t\t<\/div>\n\t\t<\/div><div class=\"col post-item\" >\n\t\t\t<div class=\"col-inner\">\n\t\t\t<a href=\"https:\/\/www.ladiagonale.net\/index.php\/2026\/02\/03\/podcast-le-debrief-de-monaco-rennes-2\/\" class=\"plain\">\n\t\t\t\t<div class=\"box box-vertical box-text-bottom box-blog-post has-hover\">\n          \t\t\t\t\t<div class=\"box-text text-left\" >\n\t\t\t\t\t<div class=\"box-text-inner blog-post-inner\">\n\n\t\t\t\t\t\n\t\t\t\t\t\t\t\t\t\t<h5 class=\"post-title is-large \">Podcast : Le D\u00e9brief de Monaco-Rennes<\/h5>\n\t\t\t\t\t<div class=\"post-meta is-small op-8\">3 f\u00e9vrier 2026<\/div>\t\t\t\t\t<div class=\"is-divider\"><\/div>\n\t\t\t\t\t\t\t\t\t\t<p class=\"from_the_blog_excerpt \">Monaco retrouve le chemin du succ\u00e8s en Championnat avec une victoire nette et sans bavure [...]\t\t\t\t\t<\/p>\n\t\t\t\t\t                    \n\t\t\t\t\t\n\t\t\t\t\t\n\t\t\t\t\t<\/div>\n\t\t\t\t\t<\/div>\n\t\t\t\t\t\t\t\t\t<\/div>\n\t\t\t\t<\/a>\n\t\t\t<\/div>\n\t\t<\/div><div class=\"col post-item\" >\n\t\t\t<div class=\"col-inner\">\n\t\t\t<a href=\"https:\/\/www.ladiagonale.net\/index.php\/2026\/02\/02\/officiel-adingra-prete-a-monaco\/\" class=\"plain\">\n\t\t\t\t<div class=\"box box-vertical box-text-bottom box-blog-post has-hover\">\n          \t\t\t\t\t<div class=\"box-text text-left\" >\n\t\t\t\t\t<div class=\"box-text-inner blog-post-inner\">\n\n\t\t\t\t\t\n\t\t\t\t\t\t\t\t\t\t<h5 class=\"post-title is-large \">Officiel : Adingra pr\u00eat\u00e9 \u00e0 Monaco<\/h5>\n\t\t\t\t\t<div class=\"post-meta is-small op-8\">2 f\u00e9vrier 2026<\/div>\t\t\t\t\t<div class=\"is-divider\"><\/div>\n\t\t\t\t\t\t\t\t\t\t<p class=\"from_the_blog_excerpt \">Apr\u00e8s Wout Faes, l\u2019AS Monaco tient sa seconde recrue hivernale, et probablement sa derni\u00e8re. Le [...]\t\t\t\t\t<\/p>\n\t\t\t\t\t                    \n\t\t\t\t\t\n\t\t\t\t\t\n\t\t\t\t\t<\/div>\n\t\t\t\t\t<\/div>\n\t\t\t\t\t\t\t\t\t<\/div>\n\t\t\t\t<\/a>\n\t\t\t<\/div>\n\t\t<\/div><div class=\"col post-item\" >\n\t\t\t<div class=\"col-inner\">\n\t\t\t<a href=\"https:\/\/www.ladiagonale.net\/index.php\/2026\/02\/02\/officiel-michal-prete-a-metz\/\" class=\"plain\">\n\t\t\t\t<div class=\"box box-vertical box-text-bottom box-blog-post has-hover\">\n          \t\t\t\t\t<div class=\"box-text text-left\" >\n\t\t\t\t\t<div class=\"box-text-inner blog-post-inner\">\n\n\t\t\t\t\t\n\t\t\t\t\t\t\t\t\t\t<h5 class=\"post-title is-large \">Officiel : Michal pr\u00eat\u00e9 \u00e0 Metz<\/h5>\n\t\t\t\t\t<div class=\"post-meta is-small op-8\">2 f\u00e9vrier 2026<\/div>\t\t\t\t\t<div class=\"is-divider\"><\/div>\n\t\t\t\t\t\t\t\t\t\t<p class=\"from_the_blog_excerpt \">Lucas Michal va terminer la saison \u00e0 Metz. Comme r\u00e9v\u00e9l\u00e9 par L\u2019\u00c9quipe dans la journ\u00e9e [...]\t\t\t\t\t<\/p>\n\t\t\t\t\t                    \n\t\t\t\t\t\n\t\t\t\t\t\n\t\t\t\t\t<\/div>\n\t\t\t\t\t<\/div>\n\t\t\t\t\t\t\t\t\t<\/div>\n\t\t\t\t<\/a>\n\t\t\t<\/div>\n\t\t<\/div><div class=\"col post-item\" >\n\t\t\t<div class=\"col-inner\">\n\t\t\t<a href=\"https:\/\/www.ladiagonale.net\/index.php\/2026\/02\/02\/michal-devrait-finir-la-saison-a-metz\/\" class=\"plain\">\n\t\t\t\t<div class=\"box box-vertical box-text-bottom box-blog-post has-hover\">\n          \t\t\t\t\t<div class=\"box-text text-left\" >\n\t\t\t\t\t<div class=\"box-text-inner blog-post-inner\">\n\n\t\t\t\t\t\n\t\t\t\t\t\t\t\t\t\t<h5 class=\"post-title is-large \">Michal devrait finir la saison \u00e0 Metz<\/h5>\n\t\t\t\t\t<div class=\"post-meta is-small op-8\">2 f\u00e9vrier 2026<\/div>\t\t\t\t\t<div class=\"is-divider\"><\/div>\n\t\t\t\t\t\t\t\t\t\t<p class=\"from_the_blog_excerpt \">Dans les prochaines heures, l\u2019AS Monaco devrait enregistrer l\u2019arriv\u00e9e en pr\u00eat de Simon Adingra en [...]\t\t\t\t\t<\/p>\n\t\t\t\t\t                    \n\t\t\t\t\t\n\t\t\t\t\t\n\t\t\t\t\t<\/div>\n\t\t\t\t\t<\/div>\n\t\t\t\t\t\t\t\t\t<\/div>\n\t\t\t\t<\/a>\n\t\t\t<\/div>\n\t\t<\/div><div class=\"col post-item\" >\n\t\t\t<div class=\"col-inner\">\n\t\t\t<a href=\"https:\/\/www.ladiagonale.net\/index.php\/2026\/02\/02\/kehrer-et-teze-ne-vont-pas-bouger\/\" class=\"plain\">\n\t\t\t\t<div class=\"box box-vertical box-text-bottom box-blog-post has-hover\">\n          \t\t\t\t\t<div class=\"box-text text-left\" >\n\t\t\t\t\t<div class=\"box-text-inner blog-post-inner\">\n\n\t\t\t\t\t\n\t\t\t\t\t\t\t\t\t\t<h5 class=\"post-title is-large \">Kehrer et Teze ne vont pas bouger<\/h5>\n\t\t\t\t\t<div class=\"post-meta is-small op-8\">2 f\u00e9vrier 2026<\/div>\t\t\t\t\t<div class=\"is-divider\"><\/div>\n\t\t\t\t\t\t\t\t\t\t<p class=\"from_the_blog_excerpt \">L\u2019AS Monaco n\u2019a pas l\u2019intention de se s\u00e9parer de Thilo Kehrer et de Jordan Teze [...]\t\t\t\t\t<\/p>\n\t\t\t\t\t                    \n\t\t\t\t\t\n\t\t\t\t\t\n\t\t\t\t\t<\/div>\n\t\t\t\t\t<\/div>\n\t\t\t\t\t\t\t\t\t<\/div>\n\t\t\t\t<\/a>\n\t\t\t<\/div>\n\t\t<\/div><div class=\"col post-item\" >\n\t\t\t<div class=\"col-inner\">\n\t\t\t<a href=\"https:\/\/www.ladiagonale.net\/index.php\/2026\/02\/02\/monaco-la-meilleure-equipe-de-la-20e-journee\/\" class=\"plain\">\n\t\t\t\t<div class=\"box box-vertical box-text-bottom box-blog-post has-hover\">\n          \t\t\t\t\t<div class=\"box-text text-left\" >\n\t\t\t\t\t<div class=\"box-text-inner blog-post-inner\">\n\n\t\t\t\t\t\n\t\t\t\t\t\t\t\t\t\t<h5 class=\"post-title is-large \">Monaco, la meilleure \u00e9quipe de la 20e journ\u00e9e<\/h5>\n\t\t\t\t\t<div class=\"post-meta is-small op-8\">2 f\u00e9vrier 2026<\/div>\t\t\t\t\t<div class=\"is-divider\"><\/div>\n\t\t\t\t\t\t\t\t\t\t<p class=\"from_the_blog_excerpt \">L&rsquo;AS Monaco a retrouv\u00e9 des couleurs et le succ\u00e8s en Ligue 1, \u00e0 l&rsquo;occasion de [...]\t\t\t\t\t<\/p>\n\t\t\t\t\t                    \n\t\t\t\t\t\n\t\t\t\t\t\n\t\t\t\t\t<\/div>\n\t\t\t\t\t<\/div>\n\t\t\t\t\t\t\t\t\t<\/div>\n\t\t\t\t<\/a>\n\t\t\t<\/div>\n\t\t<\/div><div class=\"col post-item\" >\n\t\t\t<div class=\"col-inner\">\n\t\t\t<a href=\"https:\/\/www.ladiagonale.net\/index.php\/2026\/02\/02\/adingra-cible-par-monaco\/\" class=\"plain\">\n\t\t\t\t<div class=\"box box-vertical box-text-bottom box-blog-post has-hover\">\n          \t\t\t\t\t<div class=\"box-text text-left\" >\n\t\t\t\t\t<div class=\"box-text-inner blog-post-inner\">\n\n\t\t\t\t\t\n\t\t\t\t\t\t\t\t\t\t<h5 class=\"post-title is-large \">Adingra cibl\u00e9 par Monaco ? (Actualis\u00e9)<\/h5>\n\t\t\t\t\t<div class=\"post-meta is-small op-8\">2 f\u00e9vrier 2026<\/div>\t\t\t\t\t<div class=\"is-divider\"><\/div>\n\t\t\t\t\t\t\t\t\t\t<p class=\"from_the_blog_excerpt \">L\u2019AS Monaco pourrait perdre George Ilenikhena en ce dernier jour de mercato hivernal. Mais elle [...]\t\t\t\t\t<\/p>\n\t\t\t\t\t                    \n\t\t\t\t\t\n\t\t\t\t\t\n\t\t\t\t\t<\/div>\n\t\t\t\t\t<\/div>\n\t\t\t\t\t\t\t\t\t<\/div>\n\t\t\t\t<\/a>\n\t\t\t<\/div>\n\t\t<\/div><div class=\"col post-item\" >\n\t\t\t<div class=\"col-inner\">\n\t\t\t<a href=\"https:\/\/www.ladiagonale.net\/index.php\/2026\/02\/02\/monaco-aurait-un-accord-avec-al-ittihad-pour-ilenikhena\/\" class=\"plain\">\n\t\t\t\t<div class=\"box box-vertical box-text-bottom box-blog-post has-hover\">\n          \t\t\t\t\t<div class=\"box-text text-left\" >\n\t\t\t\t\t<div class=\"box-text-inner blog-post-inner\">\n\n\t\t\t\t\t\n\t\t\t\t\t\t\t\t\t\t<h5 class=\"post-title is-large \">Monaco aurait un accord avec Al-Ittihad pour Ilenikhena<\/h5>\n\t\t\t\t\t<div class=\"post-meta is-small op-8\">2 f\u00e9vrier 2026<\/div>\t\t\t\t\t<div class=\"is-divider\"><\/div>\n\t\t\t\t\t\t\t\t\t\t<p class=\"from_the_blog_excerpt \">Contraint de r\u00e9aliser une grosse vente avant l\u2019\u00e9t\u00e9 pour \u00e9viter une sanction du fair-play financier, [...]\t\t\t\t\t<\/p>\n\t\t\t\t\t                    \n\t\t\t\t\t\n\t\t\t\t\t\n\t\t\t\t\t<\/div>\n\t\t\t\t\t<\/div>\n\t\t\t\t\t\t\t\t\t<\/div>\n\t\t\t\t<\/a>\n\t\t\t<\/div>\n\t\t<\/div><div class=\"col post-item\" >\n\t\t\t<div class=\"col-inner\">\n\t\t\t<a href=\"https:\/\/www.ladiagonale.net\/index.php\/2026\/02\/01\/les-notes-coulibaly-hyperactif\/\" class=\"plain\">\n\t\t\t\t<div class=\"box box-vertical box-text-bottom box-blog-post has-hover\">\n            \t\t\t\t\t<div class=\"box-image\" style=\"width:43%;\">\n  \t\t\t\t\t\t<div class=\"image-cover\" style=\"padding-top:89%;\">\n  \t\t\t\t\t\t\t<img width=\"300\" height=\"168\" src=\"https:\/\/www.ladiagonale.net\/wp-content\/uploads\/2026\/02\/noterennes-300x168.png\" class=\"attachment-medium size-medium wp-post-image\" alt=\"\" loading=\"lazy\" srcset=\"https:\/\/www.ladiagonale.net\/wp-content\/uploads\/2026\/02\/noterennes-300x168.png 300w, https:\/\/www.ladiagonale.net\/wp-content\/uploads\/2026\/02\/noterennes-1024x574.png 1024w, https:\/\/www.ladiagonale.net\/wp-content\/uploads\/2026\/02\/noterennes-768x430.png 768w, https:\/\/www.ladiagonale.net\/wp-content\/uploads\/2026\/02\/noterennes-128x72.png 128w, https:\/\/www.ladiagonale.net\/wp-content\/uploads\/2026\/02\/noterennes-32x18.png 32w, https:\/\/www.ladiagonale.net\/wp-content\/uploads\/2026\/02\/noterennes.png 1160w\" sizes=\"(max-width: 300px) 100vw, 300px\" \/>  \t\t\t\t\t\t\t  \t\t\t\t\t\t\t  \t\t\t\t\t\t<\/div>\n  \t\t\t\t\t\t  \t\t\t\t\t<\/div>\n          \t\t\t\t\t<div class=\"box-text text-left\" >\n\t\t\t\t\t<div class=\"box-text-inner blog-post-inner\">\n\n\t\t\t\t\t\n\t\t\t\t\t\t\t\t\t\t<h5 class=\"post-title is-large \">Les notes : Coulibaly hyperactif<\/h5>\n\t\t\t\t\t\t\t\t\t\t<div class=\"is-divider\"><\/div>\n\t\t\t\t\t\t\t\t\t\t<p class=\"from_the_blog_excerpt \">Le milieu de terrain de 21 ans s&rsquo;impose comme la belle surprise de la saison. [...]\t\t\t\t\t<\/p>\n\t\t\t\t\t                    \n\t\t\t\t\t\n\t\t\t\t\t\n\t\t\t\t\t<\/div>\n\t\t\t\t\t<\/div>\n\t\t\t\t\t\t\t\t\t\t\t\t\t\t\t\t<div class=\"badge absolute top post-date badge-outline\">\n\t\t\t\t\t\t\t<div class=\"badge-inner\">\n\t\t\t\t\t\t\t\t<span class=\"post-date-day\">01<\/span><br>\n\t\t\t\t\t\t\t\t<span class=\"post-date-month is-xsmall\">F\u00e9v<\/span>\n\t\t\t\t\t\t\t<\/div>\n\t\t\t\t\t\t<\/div>\n\t\t\t\t\t\t\t\t\t<\/div>\n\t\t\t\t<\/a>\n\t\t\t<\/div>\n\t\t<\/div><div class=\"col post-item\" >\n\t\t\t<div class=\"col-inner\">\n\t\t\t<a href=\"https:\/\/www.ladiagonale.net\/index.php\/2026\/02\/01\/pocognoli-le-match-le-plus-abouti-de-la-saison\/\" class=\"plain\">\n\t\t\t\t<div class=\"box box-vertical box-text-bottom box-blog-post has-hover\">\n          \t\t\t\t\t<div class=\"box-text text-left\" >\n\t\t\t\t\t<div class=\"box-text-inner blog-post-inner\">\n\n\t\t\t\t\t\n\t\t\t\t\t\t\t\t\t\t<h5 class=\"post-title is-large \">Pocognoli : \u00ab&nbsp;Le match le plus abouti de la saison&nbsp;\u00bb<\/h5>\n\t\t\t\t\t<div class=\"post-meta is-small op-8\">1 f\u00e9vrier 2026<\/div>\t\t\t\t\t<div class=\"is-divider\"><\/div>\n\t\t\t\t\t\t\t\t\t\t<p class=\"from_the_blog_excerpt \">Face \u00e0 Rennes, l\u2019AS Monaco a enfin livr\u00e9 un match r\u00e9f\u00e9rence sous l\u2019\u00e8re Pocognoli. \u00ab\u00a0\u00c7a [...]\t\t\t\t\t<\/p>\n\t\t\t\t\t                    \n\t\t\t\t\t\n\t\t\t\t\t\n\t\t\t\t\t<\/div>\n\t\t\t\t\t<\/div>\n\t\t\t\t\t\t\t\t\t<\/div>\n\t\t\t\t<\/a>\n\t\t\t<\/div>\n\t\t<\/div><div class=\"col post-item\" >\n\t\t\t<div class=\"col-inner\">\n\t\t\t<a href=\"https:\/\/www.ladiagonale.net\/index.php\/2026\/02\/01\/balogun-et-fati-sont-sortis-sur-blessure\/\" class=\"plain\">\n\t\t\t\t<div class=\"box box-vertical box-text-bottom box-blog-post has-hover\">\n          \t\t\t\t\t<div class=\"box-text text-left\" >\n\t\t\t\t\t<div class=\"box-text-inner blog-post-inner\">\n\n\t\t\t\t\t\n\t\t\t\t\t\t\t\t\t\t<h5 class=\"post-title is-large \">Balogun et Fati sont sortis sur blessure<\/h5>\n\t\t\t\t\t<div class=\"post-meta is-small op-8\">1 f\u00e9vrier 2026<\/div>\t\t\t\t\t<div class=\"is-divider\"><\/div>\n\t\t\t\t\t\t\t\t\t\t<p class=\"from_the_blog_excerpt \">L\u2019AS Monaco a v\u00e9cu une belle soir\u00e9e et sign\u00e9 une victoire retentissante contre Rennes, samedi [...]\t\t\t\t\t<\/p>\n\t\t\t\t\t                    \n\t\t\t\t\t\n\t\t\t\t\t\n\t\t\t\t\t<\/div>\n\t\t\t\t\t<\/div>\n\t\t\t\t\t\t\t\t\t<\/div>\n\t\t\t\t<\/a>\n\t\t\t<\/div>\n\t\t<\/div><div class=\"col post-item\" >\n\t\t\t<div class=\"col-inner\">\n\t\t\t<a href=\"https:\/\/www.ladiagonale.net\/index.php\/2026\/01\/31\/monaco-deroule-contre-rennes-4-0\/\" class=\"plain\">\n\t\t\t\t<div class=\"box box-vertical box-text-bottom box-blog-post has-hover\">\n            \t\t\t\t\t<div class=\"box-image\" style=\"width:43%;\">\n  \t\t\t\t\t\t<div class=\"image-cover\" style=\"padding-top:89%;\">\n  \t\t\t\t\t\t\t<img width=\"300\" height=\"168\" src=\"https:\/\/www.ladiagonale.net\/wp-content\/uploads\/2026\/01\/joie-Rennes-300x168.png\" class=\"attachment-medium size-medium wp-post-image\" alt=\"\" loading=\"lazy\" srcset=\"https:\/\/www.ladiagonale.net\/wp-content\/uploads\/2026\/01\/joie-Rennes-300x168.png 300w, https:\/\/www.ladiagonale.net\/wp-content\/uploads\/2026\/01\/joie-Rennes-1024x574.png 1024w, https:\/\/www.ladiagonale.net\/wp-content\/uploads\/2026\/01\/joie-Rennes-768x430.png 768w, https:\/\/www.ladiagonale.net\/wp-content\/uploads\/2026\/01\/joie-Rennes-128x72.png 128w, https:\/\/www.ladiagonale.net\/wp-content\/uploads\/2026\/01\/joie-Rennes-32x18.png 32w, https:\/\/www.ladiagonale.net\/wp-content\/uploads\/2026\/01\/joie-Rennes.png 1160w\" sizes=\"(max-width: 300px) 100vw, 300px\" \/>  \t\t\t\t\t\t\t  \t\t\t\t\t\t\t  \t\t\t\t\t\t<\/div>\n  \t\t\t\t\t\t  \t\t\t\t\t<\/div>\n          \t\t\t\t\t<div class=\"box-text text-left\" >\n\t\t\t\t\t<div class=\"box-text-inner blog-post-inner\">\n\n\t\t\t\t\t\n\t\t\t\t\t\t\t\t\t\t<h5 class=\"post-title is-large \">Monaco d\u00e9roule contre Rennes (4-0)<\/h5>\n\t\t\t\t\t\t\t\t\t\t<div class=\"is-divider\"><\/div>\n\t\t\t\t\t\t\t\t\t\t<p class=\"from_the_blog_excerpt \">Elle risque de faire beaucoup de bien, cette victoire, trois jours apr\u00e8s avoir obtenu une [...]\t\t\t\t\t<\/p>\n\t\t\t\t\t                    \n\t\t\t\t\t\n\t\t\t\t\t\n\t\t\t\t\t<\/div>\n\t\t\t\t\t<\/div>\n\t\t\t\t\t\t\t\t\t\t\t\t\t\t\t\t<div class=\"badge absolute top post-date badge-outline\">\n\t\t\t\t\t\t\t<div class=\"badge-inner\">\n\t\t\t\t\t\t\t\t<span class=\"post-date-day\">31<\/span><br>\n\t\t\t\t\t\t\t\t<span class=\"post-date-month is-xsmall\">Jan<\/span>\n\t\t\t\t\t\t\t<\/div>\n\t\t\t\t\t\t<\/div>\n\t\t\t\t\t\t\t\t\t<\/div>\n\t\t\t\t<\/a>\n\t\t\t<\/div>\n\t\t<\/div><div class=\"col post-item\" >\n\t\t\t<div class=\"col-inner\">\n\t\t\t<a href=\"https:\/\/www.ladiagonale.net\/index.php\/2026\/01\/31\/les-compositions-diatta-et-fati-titulaires\/\" class=\"plain\">\n\t\t\t\t<div class=\"box box-vertical box-text-bottom box-blog-post has-hover\">\n          \t\t\t\t\t<div class=\"box-text text-left\" >\n\t\t\t\t\t<div class=\"box-text-inner blog-post-inner\">\n\n\t\t\t\t\t\n\t\t\t\t\t\t\t\t\t\t<h5 class=\"post-title is-large \">Les compositions : Diatta et Fati titulaires<\/h5>\n\t\t\t\t\t<div class=\"post-meta is-small op-8\">31 janvier 2026<\/div>\t\t\t\t\t<div class=\"is-divider\"><\/div>\n\t\t\t\t\t\t\t\t\t\t<p class=\"from_the_blog_excerpt \">Vanderson et Maghnes Akliouche vont pouvoir souffler contre Rennes. Au poste de piston droit, c\u2019est [...]\t\t\t\t\t<\/p>\n\t\t\t\t\t                    \n\t\t\t\t\t\n\t\t\t\t\t\n\t\t\t\t\t<\/div>\n\t\t\t\t\t<\/div>\n\t\t\t\t\t\t\t\t\t<\/div>\n\t\t\t\t<\/a>\n\t\t\t<\/div>\n\t\t<\/div><div class=\"col post-item\" >\n\t\t\t<div class=\"col-inner\">\n\t\t\t<a href=\"https:\/\/www.ladiagonale.net\/index.php\/2026\/01\/31\/zakaria-la-parole-est-a-la-defense\/\" class=\"plain\">\n\t\t\t\t<div class=\"box box-vertical box-text-bottom box-blog-post has-hover\">\n            \t\t\t\t\t<div class=\"box-image\" style=\"width:43%;\">\n  \t\t\t\t\t\t<div class=\"image-cover\" style=\"padding-top:89%;\">\n  \t\t\t\t\t\t\t<img width=\"300\" height=\"168\" src=\"https:\/\/www.ladiagonale.net\/wp-content\/uploads\/2026\/01\/Zakaria2-300x168.png\" class=\"attachment-medium size-medium wp-post-image\" alt=\"\" loading=\"lazy\" srcset=\"https:\/\/www.ladiagonale.net\/wp-content\/uploads\/2026\/01\/Zakaria2-300x168.png 300w, https:\/\/www.ladiagonale.net\/wp-content\/uploads\/2026\/01\/Zakaria2-1024x574.png 1024w, https:\/\/www.ladiagonale.net\/wp-content\/uploads\/2026\/01\/Zakaria2-768x430.png 768w, https:\/\/www.ladiagonale.net\/wp-content\/uploads\/2026\/01\/Zakaria2-128x72.png 128w, https:\/\/www.ladiagonale.net\/wp-content\/uploads\/2026\/01\/Zakaria2-32x18.png 32w, https:\/\/www.ladiagonale.net\/wp-content\/uploads\/2026\/01\/Zakaria2.png 1160w\" sizes=\"(max-width: 300px) 100vw, 300px\" \/>  \t\t\t\t\t\t\t  \t\t\t\t\t\t\t  \t\t\t\t\t\t<\/div>\n  \t\t\t\t\t\t  \t\t\t\t\t<\/div>\n          \t\t\t\t\t<div class=\"box-text text-left\" >\n\t\t\t\t\t<div class=\"box-text-inner blog-post-inner\">\n\n\t\t\t\t\t\n\t\t\t\t\t\t\t\t\t\t<h5 class=\"post-title is-large \">Zakaria, la parole est \u00e0 la d\u00e9fense<\/h5>\n\t\t\t\t\t\t\t\t\t\t<div class=\"is-divider\"><\/div>\n\t\t\t\t\t\t\t\t\t\t<p class=\"from_the_blog_excerpt \">En difficult\u00e9 cette saison, le milieu de terrain a retrouv\u00e9 un second souffle contre la [...]\t\t\t\t\t<\/p>\n\t\t\t\t\t                    \n\t\t\t\t\t\n\t\t\t\t\t\n\t\t\t\t\t<\/div>\n\t\t\t\t\t<\/div>\n\t\t\t\t\t\t\t\t\t\t\t\t\t\t\t\t<div class=\"badge absolute top post-date badge-outline\">\n\t\t\t\t\t\t\t<div class=\"badge-inner\">\n\t\t\t\t\t\t\t\t<span class=\"post-date-day\">31<\/span><br>\n\t\t\t\t\t\t\t\t<span class=\"post-date-month is-xsmall\">Jan<\/span>\n\t\t\t\t\t\t\t<\/div>\n\t\t\t\t\t\t<\/div>\n\t\t\t\t\t\t\t\t\t<\/div>\n\t\t\t\t<\/a>\n\t\t\t<\/div>\n\t\t<\/div><div class=\"col post-item\" >\n\t\t\t<div class=\"col-inner\">\n\t\t\t<a href=\"https:\/\/www.ladiagonale.net\/index.php\/2026\/01\/31\/gambardella-monaco-craque-contre-nice-en-fin-de-match\/\" class=\"plain\">\n\t\t\t\t<div class=\"box box-vertical box-text-bottom box-blog-post has-hover\">\n          \t\t\t\t\t<div class=\"box-text text-left\" >\n\t\t\t\t\t<div class=\"box-text-inner blog-post-inner\">\n\n\t\t\t\t\t\n\t\t\t\t\t\t\t\t\t\t<h5 class=\"post-title is-large \">Gambardella : Monaco craque contre Nice en fin de match<\/h5>\n\t\t\t\t\t<div class=\"post-meta is-small op-8\">31 janvier 2026<\/div>\t\t\t\t\t<div class=\"is-divider\"><\/div>\n\t\t\t\t\t\t\t\t\t\t<p class=\"from_the_blog_excerpt \">Alors que les U17 et les U19 de l\u2019AS Monaco et de l\u2019OGC Nice s\u2019\u00e9taient [...]\t\t\t\t\t<\/p>\n\t\t\t\t\t                    \n\t\t\t\t\t\n\t\t\t\t\t\n\t\t\t\t\t<\/div>\n\t\t\t\t\t<\/div>\n\t\t\t\t\t\t\t\t\t<\/div>\n\t\t\t\t<\/a>\n\t\t\t<\/div>\n\t\t<\/div><div class=\"col post-item\" >\n\t\t\t<div class=\"col-inner\">\n\t\t\t<a href=\"https:\/\/www.ladiagonale.net\/index.php\/2026\/01\/31\/pocognoli-on-me-donne-du-temps-car-on-trouve-des-solutions-malgre-les-circonstances\/\" class=\"plain\">\n\t\t\t\t<div class=\"box box-vertical box-text-bottom box-blog-post has-hover\">\n          \t\t\t\t\t<div class=\"box-text text-left\" >\n\t\t\t\t\t<div class=\"box-text-inner blog-post-inner\">\n\n\t\t\t\t\t\n\t\t\t\t\t\t\t\t\t\t<h5 class=\"post-title is-large \">Pocognoli : \u00ab\u00a0On me donne du temps car on trouve des solutions malgr\u00e9 les circonstances\u00a0\u00bb<\/h5>\n\t\t\t\t\t<div class=\"post-meta is-small op-8\">31 janvier 2026<\/div>\t\t\t\t\t<div class=\"is-divider\"><\/div>\n\t\t\t\t\t\t\t\t\t\t<p class=\"from_the_blog_excerpt \">Apr\u00e8s avoir quelque peu endigu\u00e9 la s\u00e9rie de d\u00e9faites, l\u2019AS Monaco va devoir recommencer \u00e0 [...]\t\t\t\t\t<\/p>\n\t\t\t\t\t                    \n\t\t\t\t\t\n\t\t\t\t\t\n\t\t\t\t\t<\/div>\n\t\t\t\t\t<\/div>\n\t\t\t\t\t\t\t\t\t<\/div>\n\t\t\t\t<\/a>\n\t\t\t<\/div>\n\t\t<\/div><div class=\"col post-item\" >\n\t\t\t<div class=\"col-inner\">\n\t\t\t<a href=\"https:\/\/www.ladiagonale.net\/index.php\/2026\/01\/31\/le-groupe-monegasque-diatta-est-bien-la\/\" class=\"plain\">\n\t\t\t\t<div class=\"box box-vertical box-text-bottom box-blog-post has-hover\">\n          \t\t\t\t\t<div class=\"box-text text-left\" >\n\t\t\t\t\t<div class=\"box-text-inner blog-post-inner\">\n\n\t\t\t\t\t\n\t\t\t\t\t\t\t\t\t\t<h5 class=\"post-title is-large \">Le groupe mon\u00e9gasque : Diatta est bien l\u00e0<\/h5>\n\t\t\t\t\t<div class=\"post-meta is-small op-8\">31 janvier 2026<\/div>\t\t\t\t\t<div class=\"is-divider\"><\/div>\n\t\t\t\t\t\t\t\t\t\t<p class=\"from_the_blog_excerpt \">Pour affronter Rennes ce samedi, S\u00e9bastien Pocognoli va pouvoir compter sur ses deux champions d&rsquo;Afrique. [...]\t\t\t\t\t<\/p>\n\t\t\t\t\t                    \n\t\t\t\t\t\n\t\t\t\t\t\n\t\t\t\t\t<\/div>\n\t\t\t\t\t<\/div>\n\t\t\t\t\t\t\t\t\t<\/div>\n\t\t\t\t<\/a>\n\t\t\t<\/div>\n\t\t<\/div><div class=\"col post-item\" >\n\t\t\t<div class=\"col-inner\">\n\t\t\t<a href=\"https:\/\/www.ladiagonale.net\/index.php\/2026\/01\/31\/coulibaly-pocognoli-ma-remis-sur-pied\/\" class=\"plain\">\n\t\t\t\t<div class=\"box box-vertical box-text-bottom box-blog-post has-hover\">\n          \t\t\t\t\t<div class=\"box-text text-left\" >\n\t\t\t\t\t<div class=\"box-text-inner blog-post-inner\">\n\n\t\t\t\t\t\n\t\t\t\t\t\t\t\t\t\t<h5 class=\"post-title is-large \">Coulibaly : \u00ab&nbsp;Pocognoli m\u2019a remis sur pied&nbsp;\u00bb<\/h5>\n\t\t\t\t\t<div class=\"post-meta is-small op-8\">31 janvier 2026<\/div>\t\t\t\t\t<div class=\"is-divider\"><\/div>\n\t\t\t\t\t\t\t\t\t\t<p class=\"from_the_blog_excerpt \">Lors de la premi\u00e8re moiti\u00e9 de saison, Mamadou Coulibaly est devenu une option tr\u00e8s cr\u00e9dible [...]\t\t\t\t\t<\/p>\n\t\t\t\t\t                    \n\t\t\t\t\t\n\t\t\t\t\t\n\t\t\t\t\t<\/div>\n\t\t\t\t\t<\/div>\n\t\t\t\t\t\t\t\t\t<\/div>\n\t\t\t\t<\/a>\n\t\t\t<\/div>\n\t\t<\/div><div class=\"col post-item\" >\n\t\t\t<div class=\"col-inner\">\n\t\t\t<a href=\"https:\/\/www.ladiagonale.net\/index.php\/2026\/01\/31\/le-groupe-rennais-sans-le-capitaine-rongier\/\" class=\"plain\">\n\t\t\t\t<div class=\"box box-vertical box-text-bottom box-blog-post has-hover\">\n          \t\t\t\t\t<div class=\"box-text text-left\" >\n\t\t\t\t\t<div class=\"box-text-inner blog-post-inner\">\n\n\t\t\t\t\t\n\t\t\t\t\t\t\t\t\t\t<h5 class=\"post-title is-large \">Le groupe rennais : sans le capitaine Rongier<\/h5>\n\t\t\t\t\t<div class=\"post-meta is-small op-8\">31 janvier 2026<\/div>\t\t\t\t\t<div class=\"is-divider\"><\/div>\n\t\t\t\t\t\t\t\t\t\t<p class=\"from_the_blog_excerpt \">L\u2019AS Monaco re\u00e7oit Rennes ce samedi. Pour se rendre en Principaut\u00e9, l\u2019entra\u00eeneur breton Habib Beye [...]\t\t\t\t\t<\/p>\n\t\t\t\t\t                    \n\t\t\t\t\t\n\t\t\t\t\t\n\t\t\t\t\t<\/div>\n\t\t\t\t\t<\/div>\n\t\t\t\t\t\t\t\t\t<\/div>\n\t\t\t\t<\/a>\n\t\t\t<\/div>\n\t\t<\/div><div class=\"col post-item\" >\n\t\t\t<div class=\"col-inner\">\n\t\t\t<a href=\"https:\/\/www.ladiagonale.net\/index.php\/2026\/01\/31\/plus-de-responsabilites-pour-avina-en-interne\/\" class=\"plain\">\n\t\t\t\t<div class=\"box box-vertical box-text-bottom box-blog-post has-hover\">\n          \t\t\t\t\t<div class=\"box-text text-left\" >\n\t\t\t\t\t<div class=\"box-text-inner blog-post-inner\">\n\n\t\t\t\t\t\n\t\t\t\t\t\t\t\t\t\t<h5 class=\"post-title is-large \">Plus de responsabilit\u00e9s pour Avina en interne ?<\/h5>\n\t\t\t\t\t<div class=\"post-meta is-small op-8\">31 janvier 2026<\/div>\t\t\t\t\t<div class=\"is-divider\"><\/div>\n\t\t\t\t\t\t\t\t\t\t<p class=\"from_the_blog_excerpt \">C\u2019est peu de dire que les derni\u00e8res semaines travers\u00e9es par l\u2019AS Monaco ont \u00e9t\u00e9 difficiles. [...]\t\t\t\t\t<\/p>\n\t\t\t\t\t                    \n\t\t\t\t\t\n\t\t\t\t\t\n\t\t\t\t\t<\/div>\n\t\t\t\t\t<\/div>\n\t\t\t\t\t\t\t\t\t<\/div>\n\t\t\t\t<\/a>\n\t\t\t<\/div>\n\t\t<\/div><div class=\"col post-item\" >\n\t\t\t<div class=\"col-inner\">\n\t\t\t<a href=\"https:\/\/www.ladiagonale.net\/index.php\/2026\/01\/31\/diatta-postule-pour-une-place-dans-le-groupe-contre-rennes\/\" class=\"plain\">\n\t\t\t\t<div class=\"box box-vertical box-text-bottom box-blog-post has-hover\">\n          \t\t\t\t\t<div class=\"box-text text-left\" >\n\t\t\t\t\t<div class=\"box-text-inner blog-post-inner\">\n\n\t\t\t\t\t\n\t\t\t\t\t\t\t\t\t\t<h5 class=\"post-title is-large \">Diatta postule pour une place dans le groupe contre Rennes<\/h5>\n\t\t\t\t\t<div class=\"post-meta is-small op-8\">31 janvier 2026<\/div>\t\t\t\t\t<div class=\"is-divider\"><\/div>\n\t\t\t\t\t\t\t\t\t\t<p class=\"from_the_blog_excerpt \">Malade juste avant la finale de la Coupe d\u2019Afrique des nations, Kr\u00e9pin Diatta avait suscit\u00e9 [...]\t\t\t\t\t<\/p>\n\t\t\t\t\t                    \n\t\t\t\t\t\n\t\t\t\t\t\n\t\t\t\t\t<\/div>\n\t\t\t\t\t<\/div>\n\t\t\t\t\t\t\t\t\t<\/div>\n\t\t\t\t<\/a>\n\t\t\t<\/div>\n\t\t<\/div><div class=\"col post-item\" >\n\t\t\t<div class=\"col-inner\">\n\t\t\t<a href=\"https:\/\/www.ladiagonale.net\/index.php\/2026\/01\/30\/les-22e-23e-et-24e-journees-de-ligue-1-devoilees\/\" class=\"plain\">\n\t\t\t\t<div class=\"box box-vertical box-text-bottom box-blog-post has-hover\">\n          \t\t\t\t\t<div class=\"box-text text-left\" >\n\t\t\t\t\t<div class=\"box-text-inner blog-post-inner\">\n\n\t\t\t\t\t\n\t\t\t\t\t\t\t\t\t\t<h5 class=\"post-title is-large \">Les 22e, 23e et 24e journ\u00e9es de Ligue 1 d\u00e9voil\u00e9es<\/h5>\n\t\t\t\t\t<div class=\"post-meta is-small op-8\">30 janvier 2026<\/div>\t\t\t\t\t<div class=\"is-divider\"><\/div>\n\t\t\t\t\t\t\t\t\t\t<p class=\"from_the_blog_excerpt \">Tous les clubs fran\u00e7ais engag\u00e9s en Coupe d&rsquo;Europe connaissent les dates de leurs prochaines \u00e9ch\u00e9ances, [...]\t\t\t\t\t<\/p>\n\t\t\t\t\t                    \n\t\t\t\t\t\n\t\t\t\t\t\n\t\t\t\t\t<\/div>\n\t\t\t\t\t<\/div>\n\t\t\t\t\t\t\t\t\t<\/div>\n\t\t\t\t<\/a>\n\t\t\t<\/div>\n\t\t<\/div><div class=\"col post-item\" >\n\t\t\t<div class=\"col-inner\">\n\t\t\t<a href=\"https:\/\/www.ladiagonale.net\/index.php\/2026\/01\/30\/pocognoli-est-tres-heureux-de-tomber-sur-le-psg-en-ligue-des-champions\/\" class=\"plain\">\n\t\t\t\t<div class=\"box box-vertical box-text-bottom box-blog-post has-hover\">\n          \t\t\t\t\t<div class=\"box-text text-left\" >\n\t\t\t\t\t<div class=\"box-text-inner blog-post-inner\">\n\n\t\t\t\t\t\n\t\t\t\t\t\t\t\t\t\t<h5 class=\"post-title is-large \">Pocognoli est \u00ab&nbsp;tr\u00e8s heureux&nbsp;\u00bb de tomber sur le PSG en Ligue des champions<\/h5>\n\t\t\t\t\t<div class=\"post-meta is-small op-8\">30 janvier 2026<\/div>\t\t\t\t\t<div class=\"is-divider\"><\/div>\n\t\t\t\t\t\t\t\t\t\t<p class=\"from_the_blog_excerpt \">Si Thiago Scuro a regrett\u00e9 de tomber sur le Paris Saint-Germain en barrages de la [...]\t\t\t\t\t<\/p>\n\t\t\t\t\t                    \n\t\t\t\t\t\n\t\t\t\t\t\n\t\t\t\t\t<\/div>\n\t\t\t\t\t<\/div>\n\t\t\t\t\t\t\t\t\t<\/div>\n\t\t\t\t<\/a>\n\t\t\t<\/div>\n\t\t<\/div><div class=\"col post-item\" >\n\t\t\t<div class=\"col-inner\">\n\t\t\t<a href=\"https:\/\/www.ladiagonale.net\/index.php\/2026\/01\/30\/les-dates-des-barrages-contre-le-psg-fixees\/\" class=\"plain\">\n\t\t\t\t<div class=\"box box-vertical box-text-bottom box-blog-post has-hover\">\n          \t\t\t\t\t<div class=\"box-text text-left\" >\n\t\t\t\t\t<div class=\"box-text-inner blog-post-inner\">\n\n\t\t\t\t\t\n\t\t\t\t\t\t\t\t\t\t<h5 class=\"post-title is-large \">Les dates des barrages contre le PSG fix\u00e9es<\/h5>\n\t\t\t\t\t<div class=\"post-meta is-small op-8\">30 janvier 2026<\/div>\t\t\t\t\t<div class=\"is-divider\"><\/div>\n\t\t\t\t\t\t\t\t\t\t<p class=\"from_the_blog_excerpt \">L\u2019UEFA n\u2019a pris que quelques heures apr\u00e8s le tirage au sort pour officialiser la programmation [...]\t\t\t\t\t<\/p>\n\t\t\t\t\t                    \n\t\t\t\t\t\n\t\t\t\t\t\n\t\t\t\t\t<\/div>\n\t\t\t\t\t<\/div>\n\t\t\t\t\t\t\t\t\t<\/div>\n\t\t\t\t<\/a>\n\t\t\t<\/div>\n\t\t<\/div><div class=\"col post-item\" >\n\t\t\t<div class=\"col-inner\">\n\t\t\t<a href=\"https:\/\/www.ladiagonale.net\/index.php\/2026\/01\/30\/scuro-pas-le-meilleur-tirage-pour-le-football-francais\/\" class=\"plain\">\n\t\t\t\t<div class=\"box box-vertical box-text-bottom box-blog-post has-hover\">\n          \t\t\t\t\t<div class=\"box-text text-left\" >\n\t\t\t\t\t<div class=\"box-text-inner blog-post-inner\">\n\n\t\t\t\t\t\n\t\t\t\t\t\t\t\t\t\t<h5 class=\"post-title is-large \">Scuro : \u00ab\u00a0Pas le meilleur tirage pour le football fran\u00e7ais\u00a0\u00bb<\/h5>\n\t\t\t\t\t<div class=\"post-meta is-small op-8\">30 janvier 2026<\/div>\t\t\t\t\t<div class=\"is-divider\"><\/div>\n\t\t\t\t\t\t\t\t\t\t<p class=\"from_the_blog_excerpt \">C\u2019est une affiche qui ne ravira pas beaucoup de monde dans les rangs mon\u00e9gasques, \u00e0 [...]\t\t\t\t\t<\/p>\n\t\t\t\t\t                    \n\t\t\t\t\t\n\t\t\t\t\t\n\t\t\t\t\t<\/div>\n\t\t\t\t\t<\/div>\n\t\t\t\t\t\t\t\t\t<\/div>\n\t\t\t\t<\/a>\n\t\t\t<\/div>\n\t\t<\/div><div class=\"col post-item\" >\n\t\t\t<div class=\"col-inner\">\n\t\t\t<a href=\"https:\/\/www.ladiagonale.net\/index.php\/2026\/01\/30\/monaco-herite-du-psg-en-barrages-de-la-ligue-des-champions\/\" class=\"plain\">\n\t\t\t\t<div class=\"box box-vertical box-text-bottom box-blog-post has-hover\">\n          \t\t\t\t\t<div class=\"box-text text-left\" >\n\t\t\t\t\t<div class=\"box-text-inner blog-post-inner\">\n\n\t\t\t\t\t\n\t\t\t\t\t\t\t\t\t\t<h5 class=\"post-title is-large \">Monaco h\u00e9rite du PSG en barrages de la Ligue des champions<\/h5>\n\t\t\t\t\t<div class=\"post-meta is-small op-8\">30 janvier 2026<\/div>\t\t\t\t\t<div class=\"is-divider\"><\/div>\n\t\t\t\t\t\t\t\t\t\t<p class=\"from_the_blog_excerpt \">Ce sera donc un \u00ab&nbsp;derby fran\u00e7ais&nbsp;\u00bb, comme l\u2019avait qualifi\u00e9 S\u00e9bastien Pocognoli \u00e0 l\u2019issue du match [...]\t\t\t\t\t<\/p>\n\t\t\t\t\t                    \n\t\t\t\t\t\n\t\t\t\t\t\n\t\t\t\t\t<\/div>\n\t\t\t\t\t<\/div>\n\t\t\t\t\t\t\t\t\t<\/div>\n\t\t\t\t<\/a>\n\t\t\t<\/div>\n\t\t<\/div><div class=\"col post-item\" >\n\t\t\t<div class=\"col-inner\">\n\t\t\t<a href=\"https:\/\/www.ladiagonale.net\/index.php\/2026\/01\/30\/embolo-jai-aime-jouer-a-monaco\/\" class=\"plain\">\n\t\t\t\t<div class=\"box box-vertical box-text-bottom box-blog-post has-hover\">\n          \t\t\t\t\t<div class=\"box-text text-left\" >\n\t\t\t\t\t<div class=\"box-text-inner blog-post-inner\">\n\n\t\t\t\t\t\n\t\t\t\t\t\t\t\t\t\t<h5 class=\"post-title is-large \">Embolo : \u00ab&nbsp;J&rsquo;ai aim\u00e9 jouer \u00e0 Monaco&nbsp;\u00bb<\/h5>\n\t\t\t\t\t<div class=\"post-meta is-small op-8\">30 janvier 2026<\/div>\t\t\t\t\t<div class=\"is-divider\"><\/div>\n\t\t\t\t\t\t\t\t\t\t<p class=\"from_the_blog_excerpt \">La rencontre de samedi (21h05) entre l\u2019AS Monaco et le Stade Rennais marquera le retour [...]\t\t\t\t\t<\/p>\n\t\t\t\t\t                    \n\t\t\t\t\t\n\t\t\t\t\t\n\t\t\t\t\t<\/div>\n\t\t\t\t\t<\/div>\n\t\t\t\t\t\t\t\t\t<\/div>\n\t\t\t\t<\/a>\n\t\t\t<\/div>\n\t\t<\/div><div class=\"col post-item\" >\n\t\t\t<div class=\"col-inner\">\n\t\t\t<a href=\"https:\/\/www.ladiagonale.net\/index.php\/2026\/01\/30\/pogba-repond-aux-rumeurs-dune-resiliation-de-contrat\/\" class=\"plain\">\n\t\t\t\t<div class=\"box box-vertical box-text-bottom box-blog-post has-hover\">\n          \t\t\t\t\t<div class=\"box-text text-left\" >\n\t\t\t\t\t<div class=\"box-text-inner blog-post-inner\">\n\n\t\t\t\t\t\n\t\t\t\t\t\t\t\t\t\t<h5 class=\"post-title is-large \">Pogba r\u00e9pond aux rumeurs d&rsquo;une r\u00e9siliation de contrat<\/h5>\n\t\t\t\t\t<div class=\"post-meta is-small op-8\">30 janvier 2026<\/div>\t\t\t\t\t<div class=\"is-divider\"><\/div>\n\t\t\t\t\t\t\t\t\t\t<p class=\"from_the_blog_excerpt \">S\u2019il n&rsquo;a quasiment pas \u00e9t\u00e9 sur le terrain, Paul Pogba demeure l\u2019une des attractions de [...]\t\t\t\t\t<\/p>\n\t\t\t\t\t                    \n\t\t\t\t\t\n\t\t\t\t\t\n\t\t\t\t\t<\/div>\n\t\t\t\t\t<\/div>\n\t\t\t\t\t\t\t\t\t<\/div>\n\t\t\t\t<\/a>\n\t\t\t<\/div>\n\t\t<\/div><div class=\"col post-item\" >\n\t\t\t<div class=\"col-inner\">\n\t\t\t<a href=\"https:\/\/www.ladiagonale.net\/index.php\/2026\/01\/29\/le-psg-ou-newcastle-en-barrages-avant-barcelone-ou-chelsea\/\" class=\"plain\">\n\t\t\t\t<div class=\"box box-vertical box-text-bottom box-blog-post has-hover\">\n          \t\t\t\t\t<div class=\"box-text text-left\" >\n\t\t\t\t\t<div class=\"box-text-inner blog-post-inner\">\n\n\t\t\t\t\t\n\t\t\t\t\t\t\t\t\t\t<h5 class=\"post-title is-large \">Le PSG ou Newcastle en barrages avant Barcelone ou Chelsea<\/h5>\n\t\t\t\t\t<div class=\"post-meta is-small op-8\">29 janvier 2026<\/div>\t\t\t\t\t<div class=\"is-divider\"><\/div>\n\t\t\t\t\t\t\t\t\t\t<p class=\"from_the_blog_excerpt \">Gr\u00e2ce au point obtenu contre la Juventus, mercredi, les Mon\u00e9gasques ont obtenu le droit de [...]\t\t\t\t\t<\/p>\n\t\t\t\t\t                    \n\t\t\t\t\t\n\t\t\t\t\t\n\t\t\t\t\t<\/div>\n\t\t\t\t\t<\/div>\n\t\t\t\t\t\t\t\t\t<\/div>\n\t\t\t\t<\/a>\n\t\t\t<\/div>\n\t\t<\/div><div class=\"col post-item\" >\n\t\t\t<div class=\"col-inner\">\n\t\t\t<a href=\"https:\/\/www.ladiagonale.net\/index.php\/2026\/01\/29\/spalletti-les-monegasques-sont-toujours-restes-bien-en-place\/\" class=\"plain\">\n\t\t\t\t<div class=\"box box-vertical box-text-bottom box-blog-post has-hover\">\n          \t\t\t\t\t<div class=\"box-text text-left\" >\n\t\t\t\t\t<div class=\"box-text-inner blog-post-inner\">\n\n\t\t\t\t\t\n\t\t\t\t\t\t\t\t\t\t<h5 class=\"post-title is-large \">Spalletti : \u00ab\u00a0Les Mon\u00e9gasques sont toujours rest\u00e9s bien en place\u00a0\u00bb<\/h5>\n\t\t\t\t\t<div class=\"post-meta is-small op-8\">29 janvier 2026<\/div>\t\t\t\t\t<div class=\"is-divider\"><\/div>\n\t\t\t\t\t\t\t\t\t\t<p class=\"from_the_blog_excerpt \">Un entra\u00eeneur italien qui rend hommage \u00e0 la solidit\u00e9 d\u00e9fensive d\u2019une \u00e9quipe mon\u00e9gasque, ce n\u2019est [...]\t\t\t\t\t<\/p>\n\t\t\t\t\t                    \n\t\t\t\t\t\n\t\t\t\t\t\n\t\t\t\t\t<\/div>\n\t\t\t\t\t<\/div>\n\t\t\t\t\t\t\t\t\t<\/div>\n\t\t\t\t<\/a>\n\t\t\t<\/div>\n\t\t<\/div><div class=\"col post-item\" >\n\t\t\t<div class=\"col-inner\">\n\t\t\t<a href=\"https:\/\/www.ladiagonale.net\/index.php\/2026\/01\/29\/monaco-discuterait-toujours-pour-noslin\/\" class=\"plain\">\n\t\t\t\t<div class=\"box box-vertical box-text-bottom box-blog-post has-hover\">\n          \t\t\t\t\t<div class=\"box-text text-left\" >\n\t\t\t\t\t<div class=\"box-text-inner blog-post-inner\">\n\n\t\t\t\t\t\n\t\t\t\t\t\t\t\t\t\t<h5 class=\"post-title is-large \">Monaco discuterait toujours pour Noslin<\/h5>\n\t\t\t\t\t<div class=\"post-meta is-small op-8\">29 janvier 2026<\/div>\t\t\t\t\t<div class=\"is-divider\"><\/div>\n\t\t\t\t\t\t\t\t\t\t<p class=\"from_the_blog_excerpt \">Si l&rsquo;AS Monaco avait bien l&rsquo;intention de faire revenir Eliesse Ben Seghir en pr\u00eat cet [...]\t\t\t\t\t<\/p>\n\t\t\t\t\t                    \n\t\t\t\t\t\n\t\t\t\t\t\n\t\t\t\t\t<\/div>\n\t\t\t\t\t<\/div>\n\t\t\t\t\t\t\t\t\t<\/div>\n\t\t\t\t<\/a>\n\t\t\t<\/div>\n\t\t<\/div><div class=\"col post-item\" >\n\t\t\t<div class=\"col-inner\">\n\t\t\t<a href=\"https:\/\/www.ladiagonale.net\/index.php\/2026\/01\/29\/ilenikhena-serait-piste-par-lille\/\" class=\"plain\">\n\t\t\t\t<div class=\"box box-vertical box-text-bottom box-blog-post has-hover\">\n          \t\t\t\t\t<div class=\"box-text text-left\" >\n\t\t\t\t\t<div class=\"box-text-inner blog-post-inner\">\n\n\t\t\t\t\t\n\t\t\t\t\t\t\t\t\t\t<h5 class=\"post-title is-large \">Ilenikhena serait pist\u00e9 par Lille<\/h5>\n\t\t\t\t\t<div class=\"post-meta is-small op-8\">29 janvier 2026<\/div>\t\t\t\t\t<div class=\"is-divider\"><\/div>\n\t\t\t\t\t\t\t\t\t\t<p class=\"from_the_blog_excerpt \">L\u2019AS Monaco a besoin d\u2019une grosse vente d\u2019ici l\u2019\u00e9t\u00e9 pour \u00eatre dans les clous du [...]\t\t\t\t\t<\/p>\n\t\t\t\t\t                    \n\t\t\t\t\t\n\t\t\t\t\t\n\t\t\t\t\t<\/div>\n\t\t\t\t\t<\/div>\n\t\t\t\t\t\t\t\t\t<\/div>\n\t\t\t\t<\/a>\n\t\t\t<\/div>\n\t\t<\/div><div class=\"col post-item\" >\n\t\t\t<div class=\"col-inner\">\n\t\t\t<a href=\"https:\/\/www.ladiagonale.net\/index.php\/2026\/01\/29\/les-notes-zakaria-enfin-patron\/\" class=\"plain\">\n\t\t\t\t<div class=\"box box-vertical box-text-bottom box-blog-post has-hover\">\n            \t\t\t\t\t<div class=\"box-image\" style=\"width:43%;\">\n  \t\t\t\t\t\t<div class=\"image-cover\" style=\"padding-top:89%;\">\n  \t\t\t\t\t\t\t<img width=\"300\" height=\"168\" src=\"https:\/\/www.ladiagonale.net\/wp-content\/uploads\/2026\/01\/ZakariaJuve-300x168.png\" class=\"attachment-medium size-medium wp-post-image\" alt=\"\" loading=\"lazy\" srcset=\"https:\/\/www.ladiagonale.net\/wp-content\/uploads\/2026\/01\/ZakariaJuve-300x168.png 300w, https:\/\/www.ladiagonale.net\/wp-content\/uploads\/2026\/01\/ZakariaJuve-1024x574.png 1024w, https:\/\/www.ladiagonale.net\/wp-content\/uploads\/2026\/01\/ZakariaJuve-768x430.png 768w, https:\/\/www.ladiagonale.net\/wp-content\/uploads\/2026\/01\/ZakariaJuve-128x72.png 128w, https:\/\/www.ladiagonale.net\/wp-content\/uploads\/2026\/01\/ZakariaJuve-32x18.png 32w, https:\/\/www.ladiagonale.net\/wp-content\/uploads\/2026\/01\/ZakariaJuve.png 1160w\" sizes=\"(max-width: 300px) 100vw, 300px\" \/>  \t\t\t\t\t\t\t  \t\t\t\t\t\t\t  \t\t\t\t\t\t<\/div>\n  \t\t\t\t\t\t  \t\t\t\t\t<\/div>\n          \t\t\t\t\t<div class=\"box-text text-left\" >\n\t\t\t\t\t<div class=\"box-text-inner blog-post-inner\">\n\n\t\t\t\t\t\n\t\t\t\t\t\t\t\t\t\t<h5 class=\"post-title is-large \">Les notes : Zakaria enfin patron<\/h5>\n\t\t\t\t\t\t\t\t\t\t<div class=\"is-divider\"><\/div>\n\t\t\t\t\t\t\t\t\t\t<p class=\"from_the_blog_excerpt \">Auteur d&rsquo;une saison jusqu&rsquo;ici d\u00e9cevante, Denis Zakaria a enfin livr\u00e9 une prestation conforme \u00e0 son [...]\t\t\t\t\t<\/p>\n\t\t\t\t\t                    \n\t\t\t\t\t\n\t\t\t\t\t\n\t\t\t\t\t<\/div>\n\t\t\t\t\t<\/div>\n\t\t\t\t\t\t\t\t\t\t\t\t\t\t\t\t<div class=\"badge absolute top post-date badge-outline\">\n\t\t\t\t\t\t\t<div class=\"badge-inner\">\n\t\t\t\t\t\t\t\t<span class=\"post-date-day\">29<\/span><br>\n\t\t\t\t\t\t\t\t<span class=\"post-date-month is-xsmall\">Jan<\/span>\n\t\t\t\t\t\t\t<\/div>\n\t\t\t\t\t\t<\/div>\n\t\t\t\t\t\t\t\t\t<\/div>\n\t\t\t\t<\/a>\n\t\t\t<\/div>\n\t\t<\/div><div class=\"col post-item\" >\n\t\t\t<div class=\"col-inner\">\n\t\t\t<a href=\"https:\/\/www.ladiagonale.net\/index.php\/2026\/01\/29\/pocognoli-lequipe-sest-battue-avec-ses-armes-ses-tripes-et-un-grand-coeur\/\" class=\"plain\">\n\t\t\t\t<div class=\"box box-vertical box-text-bottom box-blog-post has-hover\">\n          \t\t\t\t\t<div class=\"box-text text-left\" >\n\t\t\t\t\t<div class=\"box-text-inner blog-post-inner\">\n\n\t\t\t\t\t\n\t\t\t\t\t\t\t\t\t\t<h5 class=\"post-title is-large \">Pocognoli : \u00ab\u00a0L\u2019\u00e9quipe s\u2019est battue avec ses armes, ses tripes et un grand c\u0153ur\u00a0\u00bb<\/h5>\n\t\t\t\t\t<div class=\"post-meta is-small op-8\">29 janvier 2026<\/div>\t\t\t\t\t<div class=\"is-divider\"><\/div>\n\t\t\t\t\t\t\t\t\t\t<p class=\"from_the_blog_excerpt \">Contre la Juventus, l\u2019AS Monaco a r\u00e9alis\u00e9 un deuxi\u00e8me match nul et vierge d\u2019affil\u00e9e mais [...]\t\t\t\t\t<\/p>\n\t\t\t\t\t                    \n\t\t\t\t\t\n\t\t\t\t\t\n\t\t\t\t\t<\/div>\n\t\t\t\t\t<\/div>\n\t\t\t\t\t\t\t\t\t<\/div>\n\t\t\t\t<\/a>\n\t\t\t<\/div>\n\t\t<\/div><div class=\"col post-item\" >\n\t\t\t<div class=\"col-inner\">\n\t\t\t<a href=\"https:\/\/www.ladiagonale.net\/index.php\/2026\/01\/28\/monaco-en-barrages-apres-un-nul-0-0contre-la-juventus\/\" class=\"plain\">\n\t\t\t\t<div class=\"box box-vertical box-text-bottom box-blog-post has-hover\">\n            \t\t\t\t\t<div class=\"box-image\" style=\"width:43%;\">\n  \t\t\t\t\t\t<div class=\"image-cover\" style=\"padding-top:89%;\">\n  \t\t\t\t\t\t\t<img width=\"300\" height=\"168\" src=\"https:\/\/www.ladiagonale.net\/wp-content\/uploads\/2026\/01\/monaco-huve-300x168.png\" class=\"attachment-medium size-medium wp-post-image\" alt=\"\" loading=\"lazy\" srcset=\"https:\/\/www.ladiagonale.net\/wp-content\/uploads\/2026\/01\/monaco-huve-300x168.png 300w, https:\/\/www.ladiagonale.net\/wp-content\/uploads\/2026\/01\/monaco-huve-1024x574.png 1024w, https:\/\/www.ladiagonale.net\/wp-content\/uploads\/2026\/01\/monaco-huve-768x430.png 768w, https:\/\/www.ladiagonale.net\/wp-content\/uploads\/2026\/01\/monaco-huve-128x72.png 128w, https:\/\/www.ladiagonale.net\/wp-content\/uploads\/2026\/01\/monaco-huve-32x18.png 32w, https:\/\/www.ladiagonale.net\/wp-content\/uploads\/2026\/01\/monaco-huve.png 1160w\" sizes=\"(max-width: 300px) 100vw, 300px\" \/>  \t\t\t\t\t\t\t  \t\t\t\t\t\t\t  \t\t\t\t\t\t<\/div>\n  \t\t\t\t\t\t  \t\t\t\t\t<\/div>\n          \t\t\t\t\t<div class=\"box-text text-left\" >\n\t\t\t\t\t<div class=\"box-text-inner blog-post-inner\">\n\n\t\t\t\t\t\n\t\t\t\t\t\t\t\t\t\t<h5 class=\"post-title is-large \">Monaco en barrages apr\u00e8s un nul (0-0) contre la Juventus<\/h5>\n\t\t\t\t\t\t\t\t\t\t<div class=\"is-divider\"><\/div>\n\t\t\t\t\t\t\t\t\t\t<p class=\"from_the_blog_excerpt \">L\u2019AS Monaco peut souffler un grand coup. En ayant r\u00e9ussi \u00e0 obtenir un match nul [...]\t\t\t\t\t<\/p>\n\t\t\t\t\t                                            <p class=\"from_the_blog_comments uppercase is-xsmall\">\n                            1 Comment                        <\/p>\n                    \n\t\t\t\t\t\n\t\t\t\t\t\n\t\t\t\t\t<\/div>\n\t\t\t\t\t<\/div>\n\t\t\t\t\t\t\t\t\t\t\t\t\t\t\t\t<div class=\"badge absolute top post-date badge-outline\">\n\t\t\t\t\t\t\t<div class=\"badge-inner\">\n\t\t\t\t\t\t\t\t<span class=\"post-date-day\">28<\/span><br>\n\t\t\t\t\t\t\t\t<span class=\"post-date-month is-xsmall\">Jan<\/span>\n\t\t\t\t\t\t\t<\/div>\n\t\t\t\t\t\t<\/div>\n\t\t\t\t\t\t\t\t\t<\/div>\n\t\t\t\t<\/a>\n\t\t\t<\/div>\n\t\t<\/div><div class=\"col post-item\" >\n\t\t\t<div class=\"col-inner\">\n\t\t\t<a href=\"https:\/\/www.ladiagonale.net\/index.php\/2026\/01\/28\/les-compositions-coulibaly-dans-un-milieu-a-trois\/\" class=\"plain\">\n\t\t\t\t<div class=\"box box-vertical box-text-bottom box-blog-post has-hover\">\n          \t\t\t\t\t<div class=\"box-text text-left\" >\n\t\t\t\t\t<div class=\"box-text-inner blog-post-inner\">\n\n\t\t\t\t\t\n\t\t\t\t\t\t\t\t\t\t<h5 class=\"post-title is-large \">Les compositions : Zakaria dans une d\u00e9fense \u00e0 trois<\/h5>\n\t\t\t\t\t<div class=\"post-meta is-small op-8\">28 janvier 2026<\/div>\t\t\t\t\t<div class=\"is-divider\"><\/div>\n\t\t\t\t\t\t\t\t\t\t<p class=\"from_the_blog_excerpt \">S\u00e9bastien Pocognoli a fait des choix d\u00e9fensifs pour cette rencontre face \u00e0 la Juventus. Denis [...]\t\t\t\t\t<\/p>\n\t\t\t\t\t                    \n\t\t\t\t\t\n\t\t\t\t\t\n\t\t\t\t\t<\/div>\n\t\t\t\t\t<\/div>\n\t\t\t\t\t\t\t\t\t<\/div>\n\t\t\t\t<\/a>\n\t\t\t<\/div>\n\t\t<\/div><div class=\"col post-item\" >\n\t\t\t<div class=\"col-inner\">\n\t\t\t<a href=\"https:\/\/www.ladiagonale.net\/index.php\/2026\/01\/28\/dernieres-etoiles\/\" class=\"plain\">\n\t\t\t\t<div class=\"box box-vertical box-text-bottom box-blog-post has-hover\">\n            \t\t\t\t\t<div class=\"box-image\" style=\"width:43%;\">\n  \t\t\t\t\t\t<div class=\"image-cover\" style=\"padding-top:89%;\">\n  \t\t\t\t\t\t\t<img width=\"300\" height=\"168\" src=\"https:\/\/www.ladiagonale.net\/wp-content\/uploads\/2026\/01\/LDC2-300x168.png\" class=\"attachment-medium size-medium wp-post-image\" alt=\"\" loading=\"lazy\" srcset=\"https:\/\/www.ladiagonale.net\/wp-content\/uploads\/2026\/01\/LDC2-300x168.png 300w, https:\/\/www.ladiagonale.net\/wp-content\/uploads\/2026\/01\/LDC2-1024x574.png 1024w, https:\/\/www.ladiagonale.net\/wp-content\/uploads\/2026\/01\/LDC2-768x430.png 768w, https:\/\/www.ladiagonale.net\/wp-content\/uploads\/2026\/01\/LDC2-128x72.png 128w, https:\/\/www.ladiagonale.net\/wp-content\/uploads\/2026\/01\/LDC2-32x18.png 32w, https:\/\/www.ladiagonale.net\/wp-content\/uploads\/2026\/01\/LDC2.png 1160w\" sizes=\"(max-width: 300px) 100vw, 300px\" \/>  \t\t\t\t\t\t\t  \t\t\t\t\t\t\t  \t\t\t\t\t\t<\/div>\n  \t\t\t\t\t\t  \t\t\t\t\t<\/div>\n          \t\t\t\t\t<div class=\"box-text text-left\" >\n\t\t\t\t\t<div class=\"box-text-inner blog-post-inner\">\n\n\t\t\t\t\t\n\t\t\t\t\t\t\t\t\t\t<h5 class=\"post-title is-large \">Derni\u00e8res \u00e9toiles ?<\/h5>\n\t\t\t\t\t\t\t\t\t\t<div class=\"is-divider\"><\/div>\n\t\t\t\t\t\t\t\t\t\t<p class=\"from_the_blog_excerpt \">Ce mercredi (21h), l\u2019AS Monaco joue sa qualification pour les barrages de la Ligue des [...]\t\t\t\t\t<\/p>\n\t\t\t\t\t                    \n\t\t\t\t\t\n\t\t\t\t\t\n\t\t\t\t\t<\/div>\n\t\t\t\t\t<\/div>\n\t\t\t\t\t\t\t\t\t\t\t\t\t\t\t\t<div class=\"badge absolute top post-date badge-outline\">\n\t\t\t\t\t\t\t<div class=\"badge-inner\">\n\t\t\t\t\t\t\t\t<span class=\"post-date-day\">28<\/span><br>\n\t\t\t\t\t\t\t\t<span class=\"post-date-month is-xsmall\">Jan<\/span>\n\t\t\t\t\t\t\t<\/div>\n\t\t\t\t\t\t<\/div>\n\t\t\t\t\t\t\t\t\t<\/div>\n\t\t\t\t<\/a>\n\t\t\t<\/div>\n\t\t<\/div><div class=\"col post-item\" >\n\t\t\t<div class=\"col-inner\">\n\t\t\t<a href=\"https:\/\/www.ladiagonale.net\/index.php\/2026\/01\/28\/le-groupe-monegasque-idumbo-convoque\/\" class=\"plain\">\n\t\t\t\t<div class=\"box box-vertical box-text-bottom box-blog-post has-hover\">\n          \t\t\t\t\t<div class=\"box-text text-left\" >\n\t\t\t\t\t<div class=\"box-text-inner blog-post-inner\">\n\n\t\t\t\t\t\n\t\t\t\t\t\t\t\t\t\t<h5 class=\"post-title is-large \">Le groupe mon\u00e9gasque : Idumbo convoqu\u00e9<\/h5>\n\t\t\t\t\t<div class=\"post-meta is-small op-8\">28 janvier 2026<\/div>\t\t\t\t\t<div class=\"is-divider\"><\/div>\n\t\t\t\t\t\t\t\t\t\t<p class=\"from_the_blog_excerpt \">22 joueurs ont \u00e9t\u00e9 convoqu\u00e9s par S\u00e9bastien Pocognoli pour affronter la Juventus Turin ce mercredi [...]\t\t\t\t\t<\/p>\n\t\t\t\t\t                    \n\t\t\t\t\t\n\t\t\t\t\t\n\t\t\t\t\t<\/div>\n\t\t\t\t\t<\/div>\n\t\t\t\t\t\t\t\t\t<\/div>\n\t\t\t\t<\/a>\n\t\t\t<\/div>\n\t\t<\/div><div class=\"col post-item\" >\n\t\t\t<div class=\"col-inner\">\n\t\t\t<a href=\"https:\/\/www.ladiagonale.net\/index.php\/2026\/01\/27\/le-groupe-turinois\/\" class=\"plain\">\n\t\t\t\t<div class=\"box box-vertical box-text-bottom box-blog-post has-hover\">\n          \t\t\t\t\t<div class=\"box-text text-left\" >\n\t\t\t\t\t<div class=\"box-text-inner blog-post-inner\">\n\n\t\t\t\t\t\n\t\t\t\t\t\t\t\t\t\t<h5 class=\"post-title is-large \">Le groupe turinois : Thuram de retour \u00e0 Monaco<\/h5>\n\t\t\t\t\t<div class=\"post-meta is-small op-8\">27 janvier 2026<\/div>\t\t\t\t\t<div class=\"is-divider\"><\/div>\n\t\t\t\t\t\t\t\t\t\t<p class=\"from_the_blog_excerpt \">22 joueurs de la Juventus ont embarqu\u00e9 pour Monaco ce mardi. Les Mon\u00e9gasques vont retrouver [...]\t\t\t\t\t<\/p>\n\t\t\t\t\t                    \n\t\t\t\t\t\n\t\t\t\t\t\n\t\t\t\t\t<\/div>\n\t\t\t\t\t<\/div>\n\t\t\t\t\t\t\t\t\t<\/div>\n\t\t\t\t<\/a>\n\t\t\t<\/div>\n\t\t<\/div><div class=\"col post-item\" >\n\t\t\t<div class=\"col-inner\">\n\t\t\t<a href=\"https:\/\/www.ladiagonale.net\/index.php\/2026\/01\/27\/kohn-se-dire-quun-point-suffit-nest-pas-le-bon-etat-desprit\/\" class=\"plain\">\n\t\t\t\t<div class=\"box box-vertical box-text-bottom box-blog-post has-hover\">\n          \t\t\t\t\t<div class=\"box-text text-left\" >\n\t\t\t\t\t<div class=\"box-text-inner blog-post-inner\">\n\n\t\t\t\t\t\n\t\t\t\t\t\t\t\t\t\t<h5 class=\"post-title is-large \">K\u00f6hn : \u00ab&nbsp;Se dire qu\u2019un point suffit n\u2019est pas le bon \u00e9tat d\u2019esprit&nbsp;\u00bb<\/h5>\n\t\t\t\t\t<div class=\"post-meta is-small op-8\">27 janvier 2026<\/div>\t\t\t\t\t<div class=\"is-divider\"><\/div>\n\t\t\t\t\t\t\t\t\t\t<p class=\"from_the_blog_excerpt \">L\u2019AS Monaco va jouer sa qualification en barrages de la Ligue des champions ce mercredi [...]\t\t\t\t\t<\/p>\n\t\t\t\t\t                    \n\t\t\t\t\t\n\t\t\t\t\t\n\t\t\t\t\t<\/div>\n\t\t\t\t\t<\/div>\n\t\t\t\t\t\t\t\t\t<\/div>\n\t\t\t\t<\/a>\n\t\t\t<\/div>\n\t\t<\/div><div class=\"col post-item\" >\n\t\t\t<div class=\"col-inner\">\n\t\t\t<a href=\"https:\/\/www.ladiagonale.net\/index.php\/2026\/01\/27\/pocognoli-si-on-calcule-trop-on-peut-se-faire-surprendre-negativement\/\" class=\"plain\">\n\t\t\t\t<div class=\"box box-vertical box-text-bottom box-blog-post has-hover\">\n          \t\t\t\t\t<div class=\"box-text text-left\" >\n\t\t\t\t\t<div class=\"box-text-inner blog-post-inner\">\n\n\t\t\t\t\t\n\t\t\t\t\t\t\t\t\t\t<h5 class=\"post-title is-large \">Pocognoli : \u00ab Si on calcule trop, on peut se faire surprendre n\u00e9gativement\u00a0\u00bb<\/h5>\n\t\t\t\t\t<div class=\"post-meta is-small op-8\">27 janvier 2026<\/div>\t\t\t\t\t<div class=\"is-divider\"><\/div>\n\t\t\t\t\t\t\t\t\t\t<p class=\"from_the_blog_excerpt \">L\u2019AS Monaco est pour l\u2019instant loin des clous en Championnat, mais elle peut esp\u00e9rer encore [...]\t\t\t\t\t<\/p>\n\t\t\t\t\t                    \n\t\t\t\t\t\n\t\t\t\t\t\n\t\t\t\t\t<\/div>\n\t\t\t\t\t<\/div>\n\t\t\t\t\t\t\t\t\t<\/div>\n\t\t\t\t<\/a>\n\t\t\t<\/div>\n\t\t<\/div><div class=\"col post-item\" >\n\t\t\t<div class=\"col-inner\">\n\t\t\t<a href=\"https:\/\/www.ladiagonale.net\/index.php\/2026\/01\/27\/des-negociations-pour-noslin\/\" class=\"plain\">\n\t\t\t\t<div class=\"box box-vertical box-text-bottom box-blog-post has-hover\">\n          \t\t\t\t\t<div class=\"box-text text-left\" >\n\t\t\t\t\t<div class=\"box-text-inner blog-post-inner\">\n\n\t\t\t\t\t\n\t\t\t\t\t\t\t\t\t\t<h5 class=\"post-title is-large \">Des n\u00e9gociations pour Noslin ?<\/h5>\n\t\t\t\t\t<div class=\"post-meta is-small op-8\">27 janvier 2026<\/div>\t\t\t\t\t<div class=\"is-divider\"><\/div>\n\t\t\t\t\t\t\t\t\t\t<p class=\"from_the_blog_excerpt \">La fin du mercato hivernal approche et l\u2019ASM semble s\u2019activer pour trouver un renfort au [...]\t\t\t\t\t<\/p>\n\t\t\t\t\t                    \n\t\t\t\t\t\n\t\t\t\t\t\n\t\t\t\t\t<\/div>\n\t\t\t\t\t<\/div>\n\t\t\t\t\t\t\t\t\t<\/div>\n\t\t\t\t<\/a>\n\t\t\t<\/div>\n\t\t<\/div><div class=\"col post-item\" >\n\t\t\t<div class=\"col-inner\">\n\t\t\t<a href=\"https:\/\/www.ladiagonale.net\/index.php\/2026\/01\/27\/monaco-aurait-ete-recale-pour-djeidi-gassama\/\" class=\"plain\">\n\t\t\t\t<div class=\"box box-vertical box-text-bottom box-blog-post has-hover\">\n          \t\t\t\t\t<div class=\"box-text text-left\" >\n\t\t\t\t\t<div class=\"box-text-inner blog-post-inner\">\n\n\t\t\t\t\t\n\t\t\t\t\t\t\t\t\t\t<h5 class=\"post-title is-large \">Monaco aurait \u00e9t\u00e9 recal\u00e9 pour Djeidi Gassama<\/h5>\n\t\t\t\t\t<div class=\"post-meta is-small op-8\">27 janvier 2026<\/div>\t\t\t\t\t<div class=\"is-divider\"><\/div>\n\t\t\t\t\t\t\t\t\t\t<p class=\"from_the_blog_excerpt \">L\u2019AS Monaco est-elle en train de passer la vitesse sup\u00e9rieure sur ce mercato hivernal ? [...]\t\t\t\t\t<\/p>\n\t\t\t\t\t                    \n\t\t\t\t\t\n\t\t\t\t\t\n\t\t\t\t\t<\/div>\n\t\t\t\t\t<\/div>\n\t\t\t\t\t\t\t\t\t<\/div>\n\t\t\t\t<\/a>\n\t\t\t<\/div>\n\t\t<\/div><div class=\"col post-item\" >\n\t\t\t<div class=\"col-inner\">\n\t\t\t<a href=\"https:\/\/www.ladiagonale.net\/index.php\/2026\/01\/27\/tchaouna-sonde-par-lasm\/\" class=\"plain\">\n\t\t\t\t<div class=\"box box-vertical box-text-bottom box-blog-post has-hover\">\n          \t\t\t\t\t<div class=\"box-text text-left\" >\n\t\t\t\t\t<div class=\"box-text-inner blog-post-inner\">\n\n\t\t\t\t\t\n\t\t\t\t\t\t\t\t\t\t<h5 class=\"post-title is-large \">Tchaouna sond\u00e9 par l\u2019ASM ?<\/h5>\n\t\t\t\t\t<div class=\"post-meta is-small op-8\">27 janvier 2026<\/div>\t\t\t\t\t<div class=\"is-divider\"><\/div>\n\t\t\t\t\t\t\t\t\t\t<p class=\"from_the_blog_excerpt \">Dimanche, le m\u00e9dia allemand Kicker a r\u00e9v\u00e9l\u00e9 qu\u2019un retour d\u2019Eliesse Ben Seghir \u00e9tait envisag\u00e9 du [...]\t\t\t\t\t<\/p>\n\t\t\t\t\t                    \n\t\t\t\t\t\n\t\t\t\t\t\n\t\t\t\t\t<\/div>\n\t\t\t\t\t<\/div>\n\t\t\t\t\t\t\t\t\t<\/div>\n\t\t\t\t<\/a>\n\t\t\t<\/div>\n\t\t<\/div><div class=\"col post-item\" >\n\t\t\t<div class=\"col-inner\">\n\t\t\t<a href=\"https:\/\/www.ladiagonale.net\/index.php\/2026\/01\/26\/monaco-envisagerait-une-autre-recrue-en-defense-centrale\/\" class=\"plain\">\n\t\t\t\t<div class=\"box box-vertical box-text-bottom box-blog-post has-hover\">\n          \t\t\t\t\t<div class=\"box-text text-left\" >\n\t\t\t\t\t<div class=\"box-text-inner blog-post-inner\">\n\n\t\t\t\t\t\n\t\t\t\t\t\t\t\t\t\t<h5 class=\"post-title is-large \">Monaco envisagerait une autre recrue en d\u00e9fense centrale<\/h5>\n\t\t\t\t\t<div class=\"post-meta is-small op-8\">26 janvier 2026<\/div>\t\t\t\t\t<div class=\"is-divider\"><\/div>\n\t\t\t\t\t\t\t\t\t\t<p class=\"from_the_blog_excerpt \">Si le r\u00e9sultat contre Le Havre a constitu\u00e9 du mieux, puisque l&rsquo;AS Monaco a \u00e9vit\u00e9 [...]\t\t\t\t\t<\/p>\n\t\t\t\t\t                    \n\t\t\t\t\t\n\t\t\t\t\t\n\t\t\t\t\t<\/div>\n\t\t\t\t\t<\/div>\n\t\t\t\t\t\t\t\t\t<\/div>\n\t\t\t\t<\/a>\n\t\t\t<\/div>\n\t\t<\/div><div class=\"col post-item\" >\n\t\t\t<div class=\"col-inner\">\n\t\t\t<a href=\"https:\/\/www.ladiagonale.net\/index.php\/2026\/01\/26\/les-u17-simposent-face-a-valence\/\" class=\"plain\">\n\t\t\t\t<div class=\"box box-vertical box-text-bottom box-blog-post has-hover\">\n          \t\t\t\t\t<div class=\"box-text text-left\" >\n\t\t\t\t\t<div class=\"box-text-inner blog-post-inner\">\n\n\t\t\t\t\t\n\t\t\t\t\t\t\t\t\t\t<h5 class=\"post-title is-large \">Les U17 s&rsquo;imposent face \u00e0 Valence<\/h5>\n\t\t\t\t\t<div class=\"post-meta is-small op-8\">26 janvier 2026<\/div>\t\t\t\t\t<div class=\"is-divider\"><\/div>\n\t\t\t\t\t\t\t\t\t\t<p class=\"from_the_blog_excerpt \">Comme leurs a\u00een\u00e9s en U19, les U17 de l&rsquo;AS Monaco avaient termin\u00e9 leur derby contre [...]\t\t\t\t\t<\/p>\n\t\t\t\t\t                    \n\t\t\t\t\t\n\t\t\t\t\t\n\t\t\t\t\t<\/div>\n\t\t\t\t\t<\/div>\n\t\t\t\t\t\t\t\t\t<\/div>\n\t\t\t\t<\/a>\n\t\t\t<\/div>\n\t\t<\/div><div class=\"col post-item\" >\n\t\t\t<div class=\"col-inner\">\n\t\t\t<a href=\"https:\/\/www.ladiagonale.net\/index.php\/2026\/01\/26\/victorieux-contre-colomiers-les-u19-toujours-en-tete\/\" class=\"plain\">\n\t\t\t\t<div class=\"box box-vertical box-text-bottom box-blog-post has-hover\">\n          \t\t\t\t\t<div class=\"box-text text-left\" >\n\t\t\t\t\t<div class=\"box-text-inner blog-post-inner\">\n\n\t\t\t\t\t\n\t\t\t\t\t\t\t\t\t\t<h5 class=\"post-title is-large \">Victorieux contre Colomiers, les U19 toujours en t\u00eate<\/h5>\n\t\t\t\t\t<div class=\"post-meta is-small op-8\">26 janvier 2026<\/div>\t\t\t\t\t<div class=\"is-divider\"><\/div>\n\t\t\t\t\t\t\t\t\t\t<p class=\"from_the_blog_excerpt \">Apr\u00e8s un match nul dans le derby contre Nice le week-end pr\u00e9c\u00e9dent, les U19 de [...]\t\t\t\t\t<\/p>\n\t\t\t\t\t                    \n\t\t\t\t\t\n\t\t\t\t\t\n\t\t\t\t\t<\/div>\n\t\t\t\t\t<\/div>\n\t\t\t\t\t\t\t\t\t<\/div>\n\t\t\t\t<\/a>\n\t\t\t<\/div>\n\t\t<\/div><div class=\"col post-item\" >\n\t\t\t<div class=\"col-inner\">\n\t\t\t<a href=\"https:\/\/www.ladiagonale.net\/index.php\/2026\/01\/26\/une-marche-de-protestation-contre-la-direction-avant-la-juventus\/\" class=\"plain\">\n\t\t\t\t<div class=\"box box-vertical box-text-bottom box-blog-post has-hover\">\n          \t\t\t\t\t<div class=\"box-text text-left\" >\n\t\t\t\t\t<div class=\"box-text-inner blog-post-inner\">\n\n\t\t\t\t\t\n\t\t\t\t\t\t\t\t\t\t<h5 class=\"post-title is-large \">Une marche de protestation contre la direction avant la Juventus<\/h5>\n\t\t\t\t\t<div class=\"post-meta is-small op-8\">26 janvier 2026<\/div>\t\t\t\t\t<div class=\"is-divider\"><\/div>\n\t\t\t\t\t\t\t\t\t\t<p class=\"from_the_blog_excerpt \">Le ras-le-bol semble avoir atteint un niveau jamais vu auparavant du c\u00f4t\u00e9 des supporters mon\u00e9gasques [...]\t\t\t\t\t<\/p>\n\t\t\t\t\t                    \n\t\t\t\t\t\n\t\t\t\t\t\n\t\t\t\t\t<\/div>\n\t\t\t\t\t<\/div>\n\t\t\t\t\t\t\t\t\t<\/div>\n\t\t\t\t<\/a>\n\t\t\t<\/div>\n\t\t<\/div><div class=\"col post-item\" >\n\t\t\t<div class=\"col-inner\">\n\t\t\t<a href=\"https:\/\/www.ladiagonale.net\/index.php\/2026\/01\/25\/ben-seghir-de-retour-a-monaco\/\" class=\"plain\">\n\t\t\t\t<div class=\"box box-vertical box-text-bottom box-blog-post has-hover\">\n          \t\t\t\t\t<div class=\"box-text text-left\" >\n\t\t\t\t\t<div class=\"box-text-inner blog-post-inner\">\n\n\t\t\t\t\t\n\t\t\t\t\t\t\t\t\t\t<h5 class=\"post-title is-large \">Ben Seghir de retour \u00e0 Monaco ?<\/h5>\n\t\t\t\t\t<div class=\"post-meta is-small op-8\">25 janvier 2026<\/div>\t\t\t\t\t<div class=\"is-divider\"><\/div>\n\t\t\t\t\t\t\t\t\t\t<p class=\"from_the_blog_excerpt \">Eliesse Ben Seghir a quitt\u00e9 l&rsquo;AS Monaco au cours de l&rsquo;\u00e9t\u00e9 pour rejoindre l&rsquo;Allemagne et [...]\t\t\t\t\t<\/p>\n\t\t\t\t\t                    \n\t\t\t\t\t\n\t\t\t\t\t\n\t\t\t\t\t<\/div>\n\t\t\t\t\t<\/div>\n\t\t\t\t\t\t\t\t\t<\/div>\n\t\t\t\t<\/a>\n\t\t\t<\/div>\n\t\t<\/div><div class=\"col post-item\" >\n\t\t\t<div class=\"col-inner\">\n\t\t\t<a href=\"https:\/\/www.ladiagonale.net\/index.php\/2026\/01\/25\/faes-et-dier-indisponibles-pour-plusieurs-semaines\/\" class=\"plain\">\n\t\t\t\t<div class=\"box box-vertical box-text-bottom box-blog-post has-hover\">\n          \t\t\t\t\t<div class=\"box-text text-left\" >\n\t\t\t\t\t<div class=\"box-text-inner blog-post-inner\">\n\n\t\t\t\t\t\n\t\t\t\t\t\t\t\t\t\t<h5 class=\"post-title is-large \">Faes et Dier indisponibles pour plusieurs semaines<\/h5>\n\t\t\t\t\t<div class=\"post-meta is-small op-8\">25 janvier 2026<\/div>\t\t\t\t\t<div class=\"is-divider\"><\/div>\n\t\t\t\t\t\t\t\t\t\t<p class=\"from_the_blog_excerpt \">La mal\u00e9diction se poursuit du c\u00f4t\u00e9 de l&rsquo;AS Monaco et l&rsquo;infirmerie est toujours autant surcharg\u00e9e. [...]\t\t\t\t\t<\/p>\n\t\t\t\t\t                    \n\t\t\t\t\t\n\t\t\t\t\t\n\t\t\t\t\t<\/div>\n\t\t\t\t\t<\/div>\n\t\t\t\t\t\t\t\t\t<\/div>\n\t\t\t\t<\/a>\n\t\t\t<\/div>\n\t\t<\/div><div class=\"col post-item\" >\n\t\t\t<div class=\"col-inner\">\n\t\t\t<a href=\"https:\/\/www.ladiagonale.net\/index.php\/2026\/01\/25\/les-notes-ouattara-volontaire\/\" class=\"plain\">\n\t\t\t\t<div class=\"box box-vertical box-text-bottom box-blog-post has-hover\">\n            \t\t\t\t\t<div class=\"box-image\" style=\"width:43%;\">\n  \t\t\t\t\t\t<div class=\"image-cover\" style=\"padding-top:89%;\">\n  \t\t\t\t\t\t\t<img width=\"300\" height=\"168\" src=\"https:\/\/www.ladiagonale.net\/wp-content\/uploads\/2026\/01\/OUattaraHAC-300x168.png\" class=\"attachment-medium size-medium wp-post-image\" alt=\"\" loading=\"lazy\" srcset=\"https:\/\/www.ladiagonale.net\/wp-content\/uploads\/2026\/01\/OUattaraHAC-300x168.png 300w, https:\/\/www.ladiagonale.net\/wp-content\/uploads\/2026\/01\/OUattaraHAC-1024x574.png 1024w, https:\/\/www.ladiagonale.net\/wp-content\/uploads\/2026\/01\/OUattaraHAC-768x430.png 768w, https:\/\/www.ladiagonale.net\/wp-content\/uploads\/2026\/01\/OUattaraHAC-128x72.png 128w, https:\/\/www.ladiagonale.net\/wp-content\/uploads\/2026\/01\/OUattaraHAC-32x18.png 32w, https:\/\/www.ladiagonale.net\/wp-content\/uploads\/2026\/01\/OUattaraHAC.png 1160w\" sizes=\"(max-width: 300px) 100vw, 300px\" \/>  \t\t\t\t\t\t\t  \t\t\t\t\t\t\t  \t\t\t\t\t\t<\/div>\n  \t\t\t\t\t\t  \t\t\t\t\t<\/div>\n          \t\t\t\t\t<div class=\"box-text text-left\" >\n\t\t\t\t\t<div class=\"box-text-inner blog-post-inner\">\n\n\t\t\t\t\t\n\t\t\t\t\t\t\t\t\t\t<h5 class=\"post-title is-large \">Les notes : Ouattara volontaire<\/h5>\n\t\t\t\t\t\t\t\t\t\t<div class=\"is-divider\"><\/div>\n\t\t\t\t\t\t\t\t\t\t<p class=\"from_the_blog_excerpt \">Le gaucher, encore positionn\u00e9 au poste de lat\u00e9ral droit, a livr\u00e9 une prestation encourageante face [...]\t\t\t\t\t<\/p>\n\t\t\t\t\t                    \n\t\t\t\t\t\n\t\t\t\t\t\n\t\t\t\t\t<\/div>\n\t\t\t\t\t<\/div>\n\t\t\t\t\t\t\t\t\t\t\t\t\t\t\t\t<div class=\"badge absolute top post-date badge-outline\">\n\t\t\t\t\t\t\t<div class=\"badge-inner\">\n\t\t\t\t\t\t\t\t<span class=\"post-date-day\">25<\/span><br>\n\t\t\t\t\t\t\t\t<span class=\"post-date-month is-xsmall\">Jan<\/span>\n\t\t\t\t\t\t\t<\/div>\n\t\t\t\t\t\t<\/div>\n\t\t\t\t\t\t\t\t\t<\/div>\n\t\t\t\t<\/a>\n\t\t\t<\/div>\n\t\t<\/div><div class=\"col post-item\" >\n\t\t\t<div class=\"col-inner\">\n\t\t\t<a href=\"https:\/\/www.ladiagonale.net\/index.php\/2026\/01\/25\/zakaria-ce-classement-nous-fait-honte\/\" class=\"plain\">\n\t\t\t\t<div class=\"box box-vertical box-text-bottom box-blog-post has-hover\">\n          \t\t\t\t\t<div class=\"box-text text-left\" >\n\t\t\t\t\t<div class=\"box-text-inner blog-post-inner\">\n\n\t\t\t\t\t\n\t\t\t\t\t\t\t\t\t\t<h5 class=\"post-title is-large \">Zakaria : \u00ab\u00a0Ce classement nous fait honte\u00a0\u00bb<\/h5>\n\t\t\t\t\t<div class=\"post-meta is-small op-8\">25 janvier 2026<\/div>\t\t\t\t\t<div class=\"is-divider\"><\/div>\n\t\t\t\t\t\t\t\t\t\t<p class=\"from_the_blog_excerpt \">L\u2019AS Monaco a stopp\u00e9 sa s\u00e9rie de d\u00e9faite en Ligue 1 face au Havre sans [...]\t\t\t\t\t<\/p>\n\t\t\t\t\t                    \n\t\t\t\t\t\n\t\t\t\t\t\n\t\t\t\t\t<\/div>\n\t\t\t\t\t<\/div>\n\t\t\t\t\t\t\t\t\t<\/div>\n\t\t\t\t<\/a>\n\t\t\t<\/div>\n\t\t<\/div><div class=\"col post-item\" >\n\t\t\t<div class=\"col-inner\">\n\t\t\t<a href=\"https:\/\/www.ladiagonale.net\/index.php\/2026\/01\/25\/pocognoli-lequipe-avait-envie-de-se-battre-sur-90-minutes\/\" class=\"plain\">\n\t\t\t\t<div class=\"box box-vertical box-text-bottom box-blog-post has-hover\">\n          \t\t\t\t\t<div class=\"box-text text-left\" >\n\t\t\t\t\t<div class=\"box-text-inner blog-post-inner\">\n\n\t\t\t\t\t\n\t\t\t\t\t\t\t\t\t\t<h5 class=\"post-title is-large \">Pocognoli : \u00ab\u00a0L\u2019\u00e9quipe avait envie de se battre sur 90 minutes\u00a0\u00bb<\/h5>\n\t\t\t\t\t<div class=\"post-meta is-small op-8\">25 janvier 2026<\/div>\t\t\t\t\t<div class=\"is-divider\"><\/div>\n\t\t\t\t\t\t\t\t\t\t<p class=\"from_the_blog_excerpt \">Une r\u00e9action \u00e9tait attendue du c\u00f4t\u00e9 de l\u2019AS Monaco apr\u00e8s la lourde d\u00e9faite contre le [...]\t\t\t\t\t<\/p>\n\t\t\t\t\t                    \n\t\t\t\t\t\n\t\t\t\t\t\n\t\t\t\t\t<\/div>\n\t\t\t\t\t<\/div>\n\t\t\t\t\t\t\t\t\t<\/div>\n\t\t\t\t<\/a>\n\t\t\t<\/div>\n\t\t<\/div><div class=\"col post-item\" >\n\t\t\t<div class=\"col-inner\">\n\t\t\t<a href=\"https:\/\/www.ladiagonale.net\/index.php\/2026\/01\/24\/monaco-ne-perd-pas-au-havre-0-0\/\" class=\"plain\">\n\t\t\t\t<div class=\"box box-vertical box-text-bottom box-blog-post has-hover\">\n            \t\t\t\t\t<div class=\"box-image\" style=\"width:43%;\">\n  \t\t\t\t\t\t<div class=\"image-cover\" style=\"padding-top:89%;\">\n  \t\t\t\t\t\t\t<img width=\"300\" height=\"168\" src=\"https:\/\/www.ladiagonale.net\/wp-content\/uploads\/2026\/01\/Akliouche-Le-Havre-300x168.png\" class=\"attachment-medium size-medium wp-post-image\" alt=\"\" loading=\"lazy\" srcset=\"https:\/\/www.ladiagonale.net\/wp-content\/uploads\/2026\/01\/Akliouche-Le-Havre-300x168.png 300w, https:\/\/www.ladiagonale.net\/wp-content\/uploads\/2026\/01\/Akliouche-Le-Havre-1024x574.png 1024w, https:\/\/www.ladiagonale.net\/wp-content\/uploads\/2026\/01\/Akliouche-Le-Havre-768x430.png 768w, https:\/\/www.ladiagonale.net\/wp-content\/uploads\/2026\/01\/Akliouche-Le-Havre-128x72.png 128w, https:\/\/www.ladiagonale.net\/wp-content\/uploads\/2026\/01\/Akliouche-Le-Havre-32x18.png 32w, https:\/\/www.ladiagonale.net\/wp-content\/uploads\/2026\/01\/Akliouche-Le-Havre.png 1160w\" sizes=\"(max-width: 300px) 100vw, 300px\" \/>  \t\t\t\t\t\t\t  \t\t\t\t\t\t\t  \t\t\t\t\t\t<\/div>\n  \t\t\t\t\t\t  \t\t\t\t\t<\/div>\n          \t\t\t\t\t<div class=\"box-text text-left\" >\n\t\t\t\t\t<div class=\"box-text-inner blog-post-inner\">\n\n\t\t\t\t\t\n\t\t\t\t\t\t\t\t\t\t<h5 class=\"post-title is-large \">Monaco ne perd pas au Havre (0-0)<\/h5>\n\t\t\t\t\t\t\t\t\t\t<div class=\"is-divider\"><\/div>\n\t\t\t\t\t\t\t\t\t\t<p class=\"from_the_blog_excerpt \">Pour son deuxi\u00e8me match de la semaine, Monaco a conc\u00e9d\u00e9 le nul contre Le Havre [...]\t\t\t\t\t<\/p>\n\t\t\t\t\t                    \n\t\t\t\t\t\n\t\t\t\t\t\n\t\t\t\t\t<\/div>\n\t\t\t\t\t<\/div>\n\t\t\t\t\t\t\t\t\t\t\t\t\t\t\t\t<div class=\"badge absolute top post-date badge-outline\">\n\t\t\t\t\t\t\t<div class=\"badge-inner\">\n\t\t\t\t\t\t\t\t<span class=\"post-date-day\">24<\/span><br>\n\t\t\t\t\t\t\t\t<span class=\"post-date-month is-xsmall\">Jan<\/span>\n\t\t\t\t\t\t\t<\/div>\n\t\t\t\t\t\t<\/div>\n\t\t\t\t\t\t\t\t\t<\/div>\n\t\t\t\t<\/a>\n\t\t\t<\/div>\n\t\t<\/div><div class=\"col post-item\" >\n\t\t\t<div class=\"col-inner\">\n\t\t\t<a href=\"https:\/\/www.ladiagonale.net\/index.php\/2026\/01\/24\/les-compositions-ilenikhena-titulaire-2\/\" class=\"plain\">\n\t\t\t\t<div class=\"box box-vertical box-text-bottom box-blog-post has-hover\">\n          \t\t\t\t\t<div class=\"box-text text-left\" >\n\t\t\t\t\t<div class=\"box-text-inner blog-post-inner\">\n\n\t\t\t\t\t\n\t\t\t\t\t\t\t\t\t\t<h5 class=\"post-title is-large \">Les compositions : Ilenikhena titulaire<\/h5>\n\t\t\t\t\t<div class=\"post-meta is-small op-8\">24 janvier 2026<\/div>\t\t\t\t\t<div class=\"is-divider\"><\/div>\n\t\t\t\t\t\t\t\t\t\t<p class=\"from_the_blog_excerpt \">L&rsquo;AS Monaco va affronter le HAC en 4-4-2 losange, gr\u00e2ce notamment au retour de Lamine [...]\t\t\t\t\t<\/p>\n\t\t\t\t\t                    \n\t\t\t\t\t\n\t\t\t\t\t\n\t\t\t\t\t<\/div>\n\t\t\t\t\t<\/div>\n\t\t\t\t\t\t\t\t\t<\/div>\n\t\t\t\t<\/a>\n\t\t\t<\/div>\n\t\t<\/div><div class=\"col post-item\" >\n\t\t\t<div class=\"col-inner\">\n\t\t\t<a href=\"https:\/\/www.ladiagonale.net\/index.php\/2026\/01\/24\/digard-salue-un-pocognoli-tres-combatif-apres-madrid\/\" class=\"plain\">\n\t\t\t\t<div class=\"box box-vertical box-text-bottom box-blog-post has-hover\">\n          \t\t\t\t\t<div class=\"box-text text-left\" >\n\t\t\t\t\t<div class=\"box-text-inner blog-post-inner\">\n\n\t\t\t\t\t\n\t\t\t\t\t\t\t\t\t\t<h5 class=\"post-title is-large \">Digard salue un Pocognoli \u00ab&nbsp;tr\u00e8s combatif&nbsp;\u00bb apr\u00e8s Madrid<\/h5>\n\t\t\t\t\t<div class=\"post-meta is-small op-8\">24 janvier 2026<\/div>\t\t\t\t\t<div class=\"is-divider\"><\/div>\n\t\t\t\t\t\t\t\t\t\t<p class=\"from_the_blog_excerpt \">L\u2019attitude et les propos de l\u2019entra\u00eeneur de l\u2019AS Monaco S\u00e9bastien Pocognoli apr\u00e8s Madrid ont pu [...]\t\t\t\t\t<\/p>\n\t\t\t\t\t                    \n\t\t\t\t\t\n\t\t\t\t\t\n\t\t\t\t\t<\/div>\n\t\t\t\t\t<\/div>\n\t\t\t\t\t\t\t\t\t<\/div>\n\t\t\t\t<\/a>\n\t\t\t<\/div>\n\t\t<\/div><div class=\"col post-item\" >\n\t\t\t<div class=\"col-inner\">\n\t\t\t<a href=\"https:\/\/www.ladiagonale.net\/index.php\/2026\/01\/24\/pocognoli-attend-un-electrochoc-mais-ne-voit-pas-un-vestiaire-qui-craque\/\" class=\"plain\">\n\t\t\t\t<div class=\"box box-vertical box-text-bottom box-blog-post has-hover\">\n          \t\t\t\t\t<div class=\"box-text text-left\" >\n\t\t\t\t\t<div class=\"box-text-inner blog-post-inner\">\n\n\t\t\t\t\t\n\t\t\t\t\t\t\t\t\t\t<h5 class=\"post-title is-large \">Pocognoli attend un \u00ab\u00a0\u00e9l\u00e9ctrochoc\u00a0\u00bb mais ne voit pas \u00ab\u00a0un vestiaire qui craque\u00a0\u00bb<\/h5>\n\t\t\t\t\t<div class=\"post-meta is-small op-8\">24 janvier 2026<\/div>\t\t\t\t\t<div class=\"is-divider\"><\/div>\n\t\t\t\t\t\t\t\t\t\t<p class=\"from_the_blog_excerpt \">L\u2019AS Monaco est bel et bien plong\u00e9e dans la crise. Apr\u00e8s la claque re\u00e7ue contre [...]\t\t\t\t\t<\/p>\n\t\t\t\t\t                    \n\t\t\t\t\t\n\t\t\t\t\t\n\t\t\t\t\t<\/div>\n\t\t\t\t\t<\/div>\n\t\t\t\t\t\t\t\t\t<\/div>\n\t\t\t\t<\/a>\n\t\t\t<\/div>\n\t\t<\/div><div class=\"col post-item\" >\n\t\t\t<div class=\"col-inner\">\n\t\t\t<a href=\"https:\/\/www.ladiagonale.net\/index.php\/2026\/01\/24\/le-groupe-havrais-avec-boufal-et-pembele\/\" class=\"plain\">\n\t\t\t\t<div class=\"box box-vertical box-text-bottom box-blog-post has-hover\">\n          \t\t\t\t\t<div class=\"box-text text-left\" >\n\t\t\t\t\t<div class=\"box-text-inner blog-post-inner\">\n\n\t\t\t\t\t\n\t\t\t\t\t\t\t\t\t\t<h5 class=\"post-title is-large \">Le groupe havrais : avec Boufal et Pemb\u00e9l\u00e9<\/h5>\n\t\t\t\t\t<div class=\"post-meta is-small op-8\">24 janvier 2026<\/div>\t\t\t\t\t<div class=\"is-divider\"><\/div>\n\t\t\t\t\t\t\t\t\t\t<p class=\"from_the_blog_excerpt \">Le HAC re\u00e7oit l&rsquo;AS Monaco ce samedi et ce sera avec ses deux recrues de [...]\t\t\t\t\t<\/p>\n\t\t\t\t\t                    \n\t\t\t\t\t\n\t\t\t\t\t\n\t\t\t\t\t<\/div>\n\t\t\t\t\t<\/div>\n\t\t\t\t\t\t\t\t\t<\/div>\n\t\t\t\t<\/a>\n\t\t\t<\/div>\n\t\t<\/div><div class=\"col post-item\" >\n\t\t\t<div class=\"col-inner\">\n\t\t\t<a href=\"https:\/\/www.ladiagonale.net\/index.php\/2026\/01\/24\/le-groupe-monegasque-un-seul-champion-dafrique-present\/\" class=\"plain\">\n\t\t\t\t<div class=\"box box-vertical box-text-bottom box-blog-post has-hover\">\n          \t\t\t\t\t<div class=\"box-text text-left\" >\n\t\t\t\t\t<div class=\"box-text-inner blog-post-inner\">\n\n\t\t\t\t\t\n\t\t\t\t\t\t\t\t\t\t<h5 class=\"post-title is-large \">Le groupe mon\u00e9gasque : un seul champion d\u2019Afrique pr\u00e9sent<\/h5>\n\t\t\t\t\t<div class=\"post-meta is-small op-8\">24 janvier 2026<\/div>\t\t\t\t\t<div class=\"is-divider\"><\/div>\n\t\t\t\t\t\t\t\t\t\t<p class=\"from_the_blog_excerpt \">L\u2019AS Monaco se d\u00e9place ce samedi au Havre pour la 19e journ\u00e9e de Ligue 1 [...]\t\t\t\t\t<\/p>\n\t\t\t\t\t                    \n\t\t\t\t\t\n\t\t\t\t\t\n\t\t\t\t\t<\/div>\n\t\t\t\t\t<\/div>\n\t\t\t\t\t\t\t\t\t<\/div>\n\t\t\t\t<\/a>\n\t\t\t<\/div>\n\t\t<\/div><div class=\"col post-item\" >\n\t\t\t<div class=\"col-inner\">\n\t\t\t<a href=\"https:\/\/www.ladiagonale.net\/index.php\/2026\/01\/24\/monaco-suivrait-stroeykens\/\" class=\"plain\">\n\t\t\t\t<div class=\"box box-vertical box-text-bottom box-blog-post has-hover\">\n          \t\t\t\t\t<div class=\"box-text text-left\" >\n\t\t\t\t\t<div class=\"box-text-inner blog-post-inner\">\n\n\t\t\t\t\t\n\t\t\t\t\t\t\t\t\t\t<h5 class=\"post-title is-large \">Monaco suivrait Stroeykens<\/h5>\n\t\t\t\t\t<div class=\"post-meta is-small op-8\">24 janvier 2026<\/div>\t\t\t\t\t<div class=\"is-divider\"><\/div>\n\t\t\t\t\t\t\t\t\t\t<p class=\"from_the_blog_excerpt \">La strat\u00e9gie de l\u2019AS Monaco sur le march\u00e9 des transferts n\u2019appara\u00eet pas forc\u00e9ment tr\u00e8s lisible. [...]\t\t\t\t\t<\/p>\n\t\t\t\t\t                    \n\t\t\t\t\t\n\t\t\t\t\t\n\t\t\t\t\t<\/div>\n\t\t\t\t\t<\/div>\n\t\t\t\t\t\t\t\t\t<\/div>\n\t\t\t\t<\/a>\n\t\t\t<\/div>\n\t\t<\/div><div class=\"col post-item\" >\n\t\t\t<div class=\"col-inner\">\n\t\t\t<a href=\"https:\/\/www.ladiagonale.net\/index.php\/2026\/01\/23\/une-reunion-de-crise-pocognoli-pas-encore-menace\/\" class=\"plain\">\n\t\t\t\t<div class=\"box box-vertical box-text-bottom box-blog-post has-hover\">\n          \t\t\t\t\t<div class=\"box-text text-left\" >\n\t\t\t\t\t<div class=\"box-text-inner blog-post-inner\">\n\n\t\t\t\t\t\n\t\t\t\t\t\t\t\t\t\t<h5 class=\"post-title is-large \">Une r\u00e9union de crise, Pocognoli pas encore menac\u00e9<\/h5>\n\t\t\t\t\t<div class=\"post-meta is-small op-8\">23 janvier 2026<\/div>\t\t\t\t\t<div class=\"is-divider\"><\/div>\n\t\t\t\t\t\t\t\t\t\t<p class=\"from_the_blog_excerpt \">L\u2019AS Monaco n\u2019est pas rentr\u00e9e tout de suite de Madrid apr\u00e8s la gifle re\u00e7ue au [...]\t\t\t\t\t<\/p>\n\t\t\t\t\t                                            <p class=\"from_the_blog_comments uppercase is-xsmall\">\n                            1 Comment                        <\/p>\n                    \n\t\t\t\t\t\n\t\t\t\t\t\n\t\t\t\t\t<\/div>\n\t\t\t\t\t<\/div>\n\t\t\t\t\t\t\t\t\t<\/div>\n\t\t\t\t<\/a>\n\t\t\t<\/div>\n\t\t<\/div><div class=\"col post-item\" >\n\t\t\t<div class=\"col-inner\">\n\t\t\t<a href=\"https:\/\/www.ladiagonale.net\/index.php\/2026\/01\/22\/podcast-le-debrief-de-real-madrid-monaco\/\" class=\"plain\">\n\t\t\t\t<div class=\"box box-vertical box-text-bottom box-blog-post has-hover\">\n          \t\t\t\t\t<div class=\"box-text text-left\" >\n\t\t\t\t\t<div class=\"box-text-inner blog-post-inner\">\n\n\t\t\t\t\t\n\t\t\t\t\t\t\t\t\t\t<h5 class=\"post-title is-large \">Podcast : Le D\u00e9brief de Real Madrid-Monaco<\/h5>\n\t\t\t\t\t<div class=\"post-meta is-small op-8\">22 janvier 2026<\/div>\t\t\t\t\t<div class=\"is-divider\"><\/div>\n\t\t\t\t\t\t\t\t\t\t<p class=\"from_the_blog_excerpt \">Monaco ne se rassure pas, m\u00eame en Coupe d&rsquo;Europe. En d\u00e9placement \u00e0 Bernabeu, sur la [...]\t\t\t\t\t<\/p>\n\t\t\t\t\t                    \n\t\t\t\t\t\n\t\t\t\t\t\n\t\t\t\t\t<\/div>\n\t\t\t\t\t<\/div>\n\t\t\t\t\t\t\t\t\t<\/div>\n\t\t\t\t<\/a>\n\t\t\t<\/div>\n\t\t<\/div><div class=\"col post-item\" >\n\t\t\t<div class=\"col-inner\">\n\t\t\t<a href=\"https:\/\/www.ladiagonale.net\/index.php\/2026\/01\/21\/carnet-deces-de-lucien-muller\/\" class=\"plain\">\n\t\t\t\t<div class=\"box box-vertical box-text-bottom box-blog-post has-hover\">\n          \t\t\t\t\t<div class=\"box-text text-left\" >\n\t\t\t\t\t<div class=\"box-text-inner blog-post-inner\">\n\n\t\t\t\t\t\n\t\t\t\t\t\t\t\t\t\t<h5 class=\"post-title is-large \">Carnet : d\u00e9c\u00e8s de Lucien Muller<\/h5>\n\t\t\t\t\t<div class=\"post-meta is-small op-8\">21 janvier 2026<\/div>\t\t\t\t\t<div class=\"is-divider\"><\/div>\n\t\t\t\t\t\t\t\t\t\t<p class=\"from_the_blog_excerpt \">Mardi soir, l&rsquo;AS Monaco n&rsquo;a pas seulement perdu un match de Ligue des champions, contre [...]\t\t\t\t\t<\/p>\n\t\t\t\t\t                    \n\t\t\t\t\t\n\t\t\t\t\t\n\t\t\t\t\t<\/div>\n\t\t\t\t\t<\/div>\n\t\t\t\t\t\t\t\t\t<\/div>\n\t\t\t\t<\/a>\n\t\t\t<\/div>\n\t\t<\/div><div class=\"col post-item\" >\n\t\t\t<div class=\"col-inner\">\n\t\t\t<a href=\"https:\/\/www.ladiagonale.net\/index.php\/2026\/01\/21\/le-groupe-elite-bat-manchester-city\/\" class=\"plain\">\n\t\t\t\t<div class=\"box box-vertical box-text-bottom box-blog-post has-hover\">\n          \t\t\t\t\t<div class=\"box-text text-left\" >\n\t\t\t\t\t<div class=\"box-text-inner blog-post-inner\">\n\n\t\t\t\t\t\n\t\t\t\t\t\t\t\t\t\t<h5 class=\"post-title is-large \">Le Groupe \u00c9lite bat Manchester City<\/h5>\n\t\t\t\t\t<div class=\"post-meta is-small op-8\">21 janvier 2026<\/div>\t\t\t\t\t<div class=\"is-divider\"><\/div>\n\t\t\t\t\t\t\t\t\t\t<p class=\"from_the_blog_excerpt \">D\u00e9but janvier, le Groupe \u00c9lite de l\u2019AS Monaco n\u2019avait pas pu aller au bout de [...]\t\t\t\t\t<\/p>\n\t\t\t\t\t                    \n\t\t\t\t\t\n\t\t\t\t\t\n\t\t\t\t\t<\/div>\n\t\t\t\t\t<\/div>\n\t\t\t\t\t\t\t\t\t<\/div>\n\t\t\t\t<\/a>\n\t\t\t<\/div>\n\t\t<\/div><div class=\"col post-item\" >\n\t\t\t<div class=\"col-inner\">\n\t\t\t<a href=\"https:\/\/www.ladiagonale.net\/index.php\/2026\/01\/21\/les-notes-monaco-a-sombre\/\" class=\"plain\">\n\t\t\t\t<div class=\"box box-vertical box-text-bottom box-blog-post has-hover\">\n            \t\t\t\t\t<div class=\"box-image\" style=\"width:43%;\">\n  \t\t\t\t\t\t<div class=\"image-cover\" style=\"padding-top:89%;\">\n  \t\t\t\t\t\t\t<img width=\"300\" height=\"168\" src=\"https:\/\/www.ladiagonale.net\/wp-content\/uploads\/2026\/01\/dierlorient-300x168.png\" class=\"attachment-medium size-medium wp-post-image\" alt=\"\" loading=\"lazy\" srcset=\"https:\/\/www.ladiagonale.net\/wp-content\/uploads\/2026\/01\/dierlorient-300x168.png 300w, https:\/\/www.ladiagonale.net\/wp-content\/uploads\/2026\/01\/dierlorient-1024x574.png 1024w, https:\/\/www.ladiagonale.net\/wp-content\/uploads\/2026\/01\/dierlorient-768x430.png 768w, https:\/\/www.ladiagonale.net\/wp-content\/uploads\/2026\/01\/dierlorient-128x72.png 128w, https:\/\/www.ladiagonale.net\/wp-content\/uploads\/2026\/01\/dierlorient-32x18.png 32w, https:\/\/www.ladiagonale.net\/wp-content\/uploads\/2026\/01\/dierlorient.png 1160w\" sizes=\"(max-width: 300px) 100vw, 300px\" \/>  \t\t\t\t\t\t\t  \t\t\t\t\t\t\t  \t\t\t\t\t\t<\/div>\n  \t\t\t\t\t\t  \t\t\t\t\t<\/div>\n          \t\t\t\t\t<div class=\"box-text text-left\" >\n\t\t\t\t\t<div class=\"box-text-inner blog-post-inner\">\n\n\t\t\t\t\t\n\t\t\t\t\t\t\t\t\t\t<h5 class=\"post-title is-large \">Les notes : Monaco a sombr\u00e9<\/h5>\n\t\t\t\t\t\t\t\t\t\t<div class=\"is-divider\"><\/div>\n\t\t\t\t\t\t\t\t\t\t<p class=\"from_the_blog_excerpt \">L&rsquo;AS Monaco a subi une v\u00e9ritable humiliation face au Real Madrid en Ligue des champions [...]\t\t\t\t\t<\/p>\n\t\t\t\t\t                    \n\t\t\t\t\t\n\t\t\t\t\t\n\t\t\t\t\t<\/div>\n\t\t\t\t\t<\/div>\n\t\t\t\t\t\t\t\t\t\t\t\t\t\t\t\t<div class=\"badge absolute top post-date badge-outline\">\n\t\t\t\t\t\t\t<div class=\"badge-inner\">\n\t\t\t\t\t\t\t\t<span class=\"post-date-day\">21<\/span><br>\n\t\t\t\t\t\t\t\t<span class=\"post-date-month is-xsmall\">Jan<\/span>\n\t\t\t\t\t\t\t<\/div>\n\t\t\t\t\t\t<\/div>\n\t\t\t\t\t\t\t\t\t<\/div>\n\t\t\t\t<\/a>\n\t\t\t<\/div>\n\t\t<\/div><div class=\"col post-item\" >\n\t\t\t<div class=\"col-inner\">\n\t\t\t<a href=\"https:\/\/www.ladiagonale.net\/index.php\/2026\/01\/21\/pocognoli-par-rapport-a-mon-futur-je-suis-assez-serein\/\" class=\"plain\">\n\t\t\t\t<div class=\"box box-vertical box-text-bottom box-blog-post has-hover\">\n          \t\t\t\t\t<div class=\"box-text text-left\" >\n\t\t\t\t\t<div class=\"box-text-inner blog-post-inner\">\n\n\t\t\t\t\t\n\t\t\t\t\t\t\t\t\t\t<h5 class=\"post-title is-large \">Pocognoli : \u00ab&nbsp;Par rapport \u00e0 mon futur, je suis assez serein&nbsp;\u00bb<\/h5>\n\t\t\t\t\t<div class=\"post-meta is-small op-8\">21 janvier 2026<\/div>\t\t\t\t\t<div class=\"is-divider\"><\/div>\n\t\t\t\t\t\t\t\t\t\t<p class=\"from_the_blog_excerpt \">L\u2019AS Monaco a conc\u00e9d\u00e9 la plus grosse d\u00e9faite de son histoire en Coupe d\u2019Europe contre [...]\t\t\t\t\t<\/p>\n\t\t\t\t\t                    \n\t\t\t\t\t\n\t\t\t\t\t\n\t\t\t\t\t<\/div>\n\t\t\t\t\t<\/div>\n\t\t\t\t\t\t\t\t\t<\/div>\n\t\t\t\t<\/a>\n\t\t\t<\/div>\n\t\t<\/div><div class=\"col post-item\" >\n\t\t\t<div class=\"col-inner\">\n\t\t\t<a href=\"https:\/\/www.ladiagonale.net\/index.php\/2026\/01\/20\/monaco-subit-sa-plus-grosse-defaite-europeenne-contre-le-real-1-6\/\" class=\"plain\">\n\t\t\t\t<div class=\"box box-vertical box-text-bottom box-blog-post has-hover\">\n            \t\t\t\t\t<div class=\"box-image\" style=\"width:43%;\">\n  \t\t\t\t\t\t<div class=\"image-cover\" style=\"padding-top:89%;\">\n  \t\t\t\t\t\t\t<img width=\"300\" height=\"168\" src=\"https:\/\/www.ladiagonale.net\/wp-content\/uploads\/2026\/01\/Akliouche-real-300x168.png\" class=\"attachment-medium size-medium wp-post-image\" alt=\"\" loading=\"lazy\" srcset=\"https:\/\/www.ladiagonale.net\/wp-content\/uploads\/2026\/01\/Akliouche-real-300x168.png 300w, https:\/\/www.ladiagonale.net\/wp-content\/uploads\/2026\/01\/Akliouche-real-1024x574.png 1024w, https:\/\/www.ladiagonale.net\/wp-content\/uploads\/2026\/01\/Akliouche-real-768x430.png 768w, https:\/\/www.ladiagonale.net\/wp-content\/uploads\/2026\/01\/Akliouche-real-128x72.png 128w, https:\/\/www.ladiagonale.net\/wp-content\/uploads\/2026\/01\/Akliouche-real-32x18.png 32w, https:\/\/www.ladiagonale.net\/wp-content\/uploads\/2026\/01\/Akliouche-real.png 1160w\" sizes=\"(max-width: 300px) 100vw, 300px\" \/>  \t\t\t\t\t\t\t  \t\t\t\t\t\t\t  \t\t\t\t\t\t<\/div>\n  \t\t\t\t\t\t  \t\t\t\t\t<\/div>\n          \t\t\t\t\t<div class=\"box-text text-left\" >\n\t\t\t\t\t<div class=\"box-text-inner blog-post-inner\">\n\n\t\t\t\t\t\n\t\t\t\t\t\t\t\t\t\t<h5 class=\"post-title is-large \">Monaco subit sa plus grosse d\u00e9faite europ\u00e9enne contre le Real (1-6)<\/h5>\n\t\t\t\t\t\t\t\t\t\t<div class=\"is-divider\"><\/div>\n\t\t\t\t\t\t\t\t\t\t<p class=\"from_the_blog_excerpt \">Pour son avant-dernier match de la phase de ligue de la Ligue des champions, l\u2019AS [...]\t\t\t\t\t<\/p>\n\t\t\t\t\t                    \n\t\t\t\t\t\n\t\t\t\t\t\n\t\t\t\t\t<\/div>\n\t\t\t\t\t<\/div>\n\t\t\t\t\t\t\t\t\t\t\t\t\t\t\t\t<div class=\"badge absolute top post-date badge-outline\">\n\t\t\t\t\t\t\t<div class=\"badge-inner\">\n\t\t\t\t\t\t\t\t<span class=\"post-date-day\">20<\/span><br>\n\t\t\t\t\t\t\t\t<span class=\"post-date-month is-xsmall\">Jan<\/span>\n\t\t\t\t\t\t\t<\/div>\n\t\t\t\t\t\t<\/div>\n\t\t\t\t\t\t\t\t\t<\/div>\n\t\t\t\t<\/a>\n\t\t\t<\/div>\n\t\t<\/div><div class=\"col post-item\" >\n\t\t\t<div class=\"col-inner\">\n\t\t\t<a href=\"https:\/\/www.ladiagonale.net\/index.php\/2026\/01\/20\/les-compositions-fati-titulaire\/\" class=\"plain\">\n\t\t\t\t<div class=\"box box-vertical box-text-bottom box-blog-post has-hover\">\n          \t\t\t\t\t<div class=\"box-text text-left\" >\n\t\t\t\t\t<div class=\"box-text-inner blog-post-inner\">\n\n\t\t\t\t\t\n\t\t\t\t\t\t\t\t\t\t<h5 class=\"post-title is-large \">Les compositions : Fati titulaire<\/h5>\n\t\t\t\t\t<div class=\"post-meta is-small op-8\">20 janvier 2026<\/div>\t\t\t\t\t<div class=\"is-divider\"><\/div>\n\t\t\t\t\t\t\t\t\t\t<p class=\"from_the_blog_excerpt \">Apr\u00e8s avoir utilis\u00e9 le 4-4-2 pendant plusieurs rencontres, S\u00e9bastien Pocognoli revient \u00e0 un 4-2-3-1, m\u00eame [...]\t\t\t\t\t<\/p>\n\t\t\t\t\t                    \n\t\t\t\t\t\n\t\t\t\t\t\n\t\t\t\t\t<\/div>\n\t\t\t\t\t<\/div>\n\t\t\t\t\t\t\t\t\t<\/div>\n\t\t\t\t<\/a>\n\t\t\t<\/div>\n\t\t<\/div><div class=\"col post-item\" >\n\t\t\t<div class=\"col-inner\">\n\t\t\t<a href=\"https:\/\/www.ladiagonale.net\/index.php\/2026\/01\/20\/dier-en-attendant-de-meilleurs-lendemains\/\" class=\"plain\">\n\t\t\t\t<div class=\"box box-vertical box-text-bottom box-blog-post has-hover\">\n            \t\t\t\t\t<div class=\"box-image\" style=\"width:43%;\">\n  \t\t\t\t\t\t<div class=\"image-cover\" style=\"padding-top:89%;\">\n  \t\t\t\t\t\t\t<img width=\"300\" height=\"168\" src=\"https:\/\/www.ladiagonale.net\/wp-content\/uploads\/2026\/01\/dier-ce\u0301le\u0301bration-300x168.png\" class=\"attachment-medium size-medium wp-post-image\" alt=\"\" loading=\"lazy\" srcset=\"https:\/\/www.ladiagonale.net\/wp-content\/uploads\/2026\/01\/dier-ce\u0301le\u0301bration-300x168.png 300w, https:\/\/www.ladiagonale.net\/wp-content\/uploads\/2026\/01\/dier-ce\u0301le\u0301bration-1024x574.png 1024w, https:\/\/www.ladiagonale.net\/wp-content\/uploads\/2026\/01\/dier-ce\u0301le\u0301bration-768x430.png 768w, https:\/\/www.ladiagonale.net\/wp-content\/uploads\/2026\/01\/dier-ce\u0301le\u0301bration-128x72.png 128w, https:\/\/www.ladiagonale.net\/wp-content\/uploads\/2026\/01\/dier-ce\u0301le\u0301bration-32x18.png 32w, https:\/\/www.ladiagonale.net\/wp-content\/uploads\/2026\/01\/dier-ce\u0301le\u0301bration.png 1160w\" sizes=\"(max-width: 300px) 100vw, 300px\" \/>  \t\t\t\t\t\t\t  \t\t\t\t\t\t\t  \t\t\t\t\t\t<\/div>\n  \t\t\t\t\t\t  \t\t\t\t\t<\/div>\n          \t\t\t\t\t<div class=\"box-text text-left\" >\n\t\t\t\t\t<div class=\"box-text-inner blog-post-inner\">\n\n\t\t\t\t\t\n\t\t\t\t\t\t\t\t\t\t<h5 class=\"post-title is-large \">Dier, en attendant de meilleurs lendemains<\/h5>\n\t\t\t\t\t\t\t\t\t\t<div class=\"is-divider\"><\/div>\n\t\t\t\t\t\t\t\t\t\t<p class=\"from_the_blog_excerpt \">Arriv\u00e9 libre cet \u00e9t\u00e9 \u00e0 l\u2019AS Monaco en provenance du Bayern Munich, Eric Dier n\u2019a [...]\t\t\t\t\t<\/p>\n\t\t\t\t\t                    \n\t\t\t\t\t\n\t\t\t\t\t\n\t\t\t\t\t<\/div>\n\t\t\t\t\t<\/div>\n\t\t\t\t\t\t\t\t\t\t\t\t\t\t\t\t<div class=\"badge absolute top post-date badge-outline\">\n\t\t\t\t\t\t\t<div class=\"badge-inner\">\n\t\t\t\t\t\t\t\t<span class=\"post-date-day\">20<\/span><br>\n\t\t\t\t\t\t\t\t<span class=\"post-date-month is-xsmall\">Jan<\/span>\n\t\t\t\t\t\t\t<\/div>\n\t\t\t\t\t\t<\/div>\n\t\t\t\t\t\t\t\t\t<\/div>\n\t\t\t\t<\/a>\n\t\t\t<\/div>\n\t\t<\/div><div class=\"col post-item\" >\n\t\t\t<div class=\"col-inner\">\n\t\t\t<a href=\"https:\/\/www.ladiagonale.net\/index.php\/2026\/01\/20\/pocognoli-fati-nest-pas-difficile-a-gerer\/\" class=\"plain\">\n\t\t\t\t<div class=\"box box-vertical box-text-bottom box-blog-post has-hover\">\n          \t\t\t\t\t<div class=\"box-text text-left\" >\n\t\t\t\t\t<div class=\"box-text-inner blog-post-inner\">\n\n\t\t\t\t\t\n\t\t\t\t\t\t\t\t\t\t<h5 class=\"post-title is-large \">Pocognoli : \u00ab&nbsp;Fati n\u2019est pas difficile \u00e0 g\u00e9rer&nbsp;\u00bb<\/h5>\n\t\t\t\t\t<div class=\"post-meta is-small op-8\">20 janvier 2026<\/div>\t\t\t\t\t<div class=\"is-divider\"><\/div>\n\t\t\t\t\t\t\t\t\t\t<p class=\"from_the_blog_excerpt \">Depuis son arriv\u00e9e \u00e0 l\u2019AS Monaco, Ansu Fati a souffl\u00e9 le chaud et le froid. [...]\t\t\t\t\t<\/p>\n\t\t\t\t\t                    \n\t\t\t\t\t\n\t\t\t\t\t\n\t\t\t\t\t<\/div>\n\t\t\t\t\t<\/div>\n\t\t\t\t\t\t\t\t\t<\/div>\n\t\t\t\t<\/a>\n\t\t\t<\/div>\n\t\t<\/div><div class=\"col post-item\" >\n\t\t\t<div class=\"col-inner\">\n\t\t\t<a href=\"https:\/\/www.ladiagonale.net\/index.php\/2026\/01\/19\/pocognoli-on-va-devoir-apprecier-de-jouer-sans-ballon\/\" class=\"plain\">\n\t\t\t\t<div class=\"box box-vertical box-text-bottom box-blog-post has-hover\">\n          \t\t\t\t\t<div class=\"box-text text-left\" >\n\t\t\t\t\t<div class=\"box-text-inner blog-post-inner\">\n\n\t\t\t\t\t\n\t\t\t\t\t\t\t\t\t\t<h5 class=\"post-title is-large \">Pocognoli : \u00ab&nbsp;On va devoir appr\u00e9cier de jouer sans ballon&nbsp;\u00bb<\/h5>\n\t\t\t\t\t<div class=\"post-meta is-small op-8\">19 janvier 2026<\/div>\t\t\t\t\t<div class=\"is-divider\"><\/div>\n\t\t\t\t\t\t\t\t\t\t<p class=\"from_the_blog_excerpt \">\u00c0 la veille d\u2019affronter le Real Madrid, S\u00e9bastien Pocognoli \u00e9tait en conf\u00e9rence de presse pour [...]\t\t\t\t\t<\/p>\n\t\t\t\t\t                    \n\t\t\t\t\t\n\t\t\t\t\t\n\t\t\t\t\t<\/div>\n\t\t\t\t\t<\/div>\n\t\t\t\t\t\t\t\t\t<\/div>\n\t\t\t\t<\/a>\n\t\t\t<\/div>\n\t\t<\/div><div class=\"col post-item\" >\n\t\t\t<div class=\"col-inner\">\n\t\t\t<a href=\"https:\/\/www.ladiagonale.net\/index.php\/2026\/01\/19\/des-nouvelles-rassurantes-de-diatta\/\" class=\"plain\">\n\t\t\t\t<div class=\"box box-vertical box-text-bottom box-blog-post has-hover\">\n          \t\t\t\t\t<div class=\"box-text text-left\" >\n\t\t\t\t\t<div class=\"box-text-inner blog-post-inner\">\n\n\t\t\t\t\t\n\t\t\t\t\t\t\t\t\t\t<h5 class=\"post-title is-large \">Des nouvelles rassurantes de Diatta<\/h5>\n\t\t\t\t\t<div class=\"post-meta is-small op-8\">19 janvier 2026<\/div>\t\t\t\t\t<div class=\"is-divider\"><\/div>\n\t\t\t\t\t\t\t\t\t\t<p class=\"from_the_blog_excerpt \">Dimanche soir, le S\u00e9n\u00e9gal a remport\u00e9 la Coupe d\u2019Afrique des nations face au Maroc. Si [...]\t\t\t\t\t<\/p>\n\t\t\t\t\t                    \n\t\t\t\t\t\n\t\t\t\t\t\n\t\t\t\t\t<\/div>\n\t\t\t\t\t<\/div>\n\t\t\t\t\t\t\t\t\t<\/div>\n\t\t\t\t<\/a>\n\t\t\t<\/div>\n\t\t<\/div><div class=\"col post-item\" >\n\t\t\t<div class=\"col-inner\">\n\t\t\t<a href=\"https:\/\/www.ladiagonale.net\/index.php\/2026\/01\/19\/mbappe-monaco-la-premiere-page-de-mon-chemin-professionnel\/\" class=\"plain\">\n\t\t\t\t<div class=\"box box-vertical box-text-bottom box-blog-post has-hover\">\n          \t\t\t\t\t<div class=\"box-text text-left\" >\n\t\t\t\t\t<div class=\"box-text-inner blog-post-inner\">\n\n\t\t\t\t\t\n\t\t\t\t\t\t\t\t\t\t<h5 class=\"post-title is-large \">Mbapp\u00e9 : \u00ab&nbsp;Monaco, la premi\u00e8re page de mon chemin professionnel&nbsp;\u00bb<\/h5>\n\t\t\t\t\t<div class=\"post-meta is-small op-8\">19 janvier 2026<\/div>\t\t\t\t\t<div class=\"is-divider\"><\/div>\n\t\t\t\t\t\t\t\t\t\t<p class=\"from_the_blog_excerpt \">La rencontre entre l\u2019AS Monaco et le Real Madrid, ce mardi, est aussi l\u2019occasion pour [...]\t\t\t\t\t<\/p>\n\t\t\t\t\t                    \n\t\t\t\t\t\n\t\t\t\t\t\n\t\t\t\t\t<\/div>\n\t\t\t\t\t<\/div>\n\t\t\t\t\t\t\t\t\t<\/div>\n\t\t\t\t<\/a>\n\t\t\t<\/div>\n\t\t<\/div><div class=\"col post-item\" >\n\t\t\t<div class=\"col-inner\">\n\t\t\t<a href=\"https:\/\/www.ladiagonale.net\/index.php\/2026\/01\/19\/le-groupe-monegasque-les-suspendus-reviennent\/\" class=\"plain\">\n\t\t\t\t<div class=\"box box-vertical box-text-bottom box-blog-post has-hover\">\n          \t\t\t\t\t<div class=\"box-text text-left\" >\n\t\t\t\t\t<div class=\"box-text-inner blog-post-inner\">\n\n\t\t\t\t\t\n\t\t\t\t\t\t\t\t\t\t<h5 class=\"post-title is-large \">Le groupe mon\u00e9gasque : les suspendus reviennent<\/h5>\n\t\t\t\t\t<div class=\"post-meta is-small op-8\">19 janvier 2026<\/div>\t\t\t\t\t<div class=\"is-divider\"><\/div>\n\t\t\t\t\t\t\t\t\t\t<p class=\"from_the_blog_excerpt \">22 joueurs ont \u00e9t\u00e9 convoqu\u00e9s par S\u00e9bastien Pocognoli pour affronter le Real Madrid, mardi (21 [...]\t\t\t\t\t<\/p>\n\t\t\t\t\t                    \n\t\t\t\t\t\n\t\t\t\t\t\n\t\t\t\t\t<\/div>\n\t\t\t\t\t<\/div>\n\t\t\t\t\t\t\t\t\t<\/div>\n\t\t\t\t<\/a>\n\t\t\t<\/div>\n\t\t<\/div><div class=\"col post-item\" >\n\t\t\t<div class=\"col-inner\">\n\t\t\t<a href=\"https:\/\/www.ladiagonale.net\/index.php\/2026\/01\/19\/diatta-et-camara-champions-dafrique\/\" class=\"plain\">\n\t\t\t\t<div class=\"box box-vertical box-text-bottom box-blog-post has-hover\">\n          \t\t\t\t\t<div class=\"box-text text-left\" >\n\t\t\t\t\t<div class=\"box-text-inner blog-post-inner\">\n\n\t\t\t\t\t\n\t\t\t\t\t\t\t\t\t\t<h5 class=\"post-title is-large \">Diatta et Camara champions d\u2019Afrique<\/h5>\n\t\t\t\t\t<div class=\"post-meta is-small op-8\">19 janvier 2026<\/div>\t\t\t\t\t<div class=\"is-divider\"><\/div>\n\t\t\t\t\t\t\t\t\t\t<p class=\"from_the_blog_excerpt \">Kr\u00e9pin Diatta et Lamine Camara ont succ\u00e9d\u00e9 \u00e0 Wilfried Singo au palmar\u00e8s de la Coupe [...]\t\t\t\t\t<\/p>\n\t\t\t\t\t                    \n\t\t\t\t\t\n\t\t\t\t\t\n\t\t\t\t\t<\/div>\n\t\t\t\t\t<\/div>\n\t\t\t\t\t\t\t\t\t<\/div>\n\t\t\t\t<\/a>\n\t\t\t<\/div>\n\t\t<\/div><div class=\"col post-item\" >\n\t\t\t<div class=\"col-inner\">\n\t\t\t<a href=\"https:\/\/www.ladiagonale.net\/index.php\/2026\/01\/18\/podcast-le-debrief-de-monaco-lorient-3\/\" class=\"plain\">\n\t\t\t\t<div class=\"box box-vertical box-text-bottom box-blog-post has-hover\">\n          \t\t\t\t\t<div class=\"box-text text-left\" >\n\t\t\t\t\t<div class=\"box-text-inner blog-post-inner\">\n\n\t\t\t\t\t\n\t\t\t\t\t\t\t\t\t\t<h5 class=\"post-title is-large \">Podcast : Le D\u00e9brief de Monaco-Lorient<\/h5>\n\t\t\t\t\t<div class=\"post-meta is-small op-8\">18 janvier 2026<\/div>\t\t\t\t\t<div class=\"is-divider\"><\/div>\n\t\t\t\t\t\t\t\t\t\t<p class=\"from_the_blog_excerpt \">La s\u00e9rie noire se poursuit pour Monaco, qui s&rsquo;incline contre Lorient (1-3) et conc\u00e8de une [...]\t\t\t\t\t<\/p>\n\t\t\t\t\t                    \n\t\t\t\t\t\n\t\t\t\t\t\n\t\t\t\t\t<\/div>\n\t\t\t\t\t<\/div>\n\t\t\t\t\t\t\t\t\t<\/div>\n\t\t\t\t<\/a>\n\t\t\t<\/div>\n\t\t<\/div><div class=\"col post-item\" >\n\t\t\t<div class=\"col-inner\">\n\t\t\t<a href=\"https:\/\/www.ladiagonale.net\/index.php\/2026\/01\/17\/pantaloni-monaco-donnait-le-sentiment-de-nous-craindre\/\" class=\"plain\">\n\t\t\t\t<div class=\"box box-vertical box-text-bottom box-blog-post has-hover\">\n          \t\t\t\t\t<div class=\"box-text text-left\" >\n\t\t\t\t\t<div class=\"box-text-inner blog-post-inner\">\n\n\t\t\t\t\t\n\t\t\t\t\t\t\t\t\t\t<h5 class=\"post-title is-large \">Pantaloni : \u00ab\u00a0Monaco donnait le sentiment de nous craindre\u00a0\u00bb<\/h5>\n\t\t\t\t\t<div class=\"post-meta is-small op-8\">17 janvier 2026<\/div>\t\t\t\t\t<div class=\"is-divider\"><\/div>\n\t\t\t\t\t\t\t\t\t\t<p class=\"from_the_blog_excerpt \">L\u2019AS Monaco a sombr\u00e9 en Ligue 1 pour la septi\u00e8me fois en Ligue 1 en [...]\t\t\t\t\t<\/p>\n\t\t\t\t\t                    \n\t\t\t\t\t\n\t\t\t\t\t\n\t\t\t\t\t<\/div>\n\t\t\t\t\t<\/div>\n\t\t\t\t\t\t\t\t\t<\/div>\n\t\t\t\t<\/a>\n\t\t\t<\/div>\n\t\t<\/div><div class=\"col post-item\" >\n\t\t\t<div class=\"col-inner\">\n\t\t\t<a href=\"https:\/\/www.ladiagonale.net\/index.php\/2026\/01\/17\/les-notes-dier-depasse\/\" class=\"plain\">\n\t\t\t\t<div class=\"box box-vertical box-text-bottom box-blog-post has-hover\">\n            \t\t\t\t\t<div class=\"box-image\" style=\"width:43%;\">\n  \t\t\t\t\t\t<div class=\"image-cover\" style=\"padding-top:89%;\">\n  \t\t\t\t\t\t\t<img width=\"300\" height=\"168\" src=\"https:\/\/www.ladiagonale.net\/wp-content\/uploads\/2026\/01\/dierlorient-300x168.png\" class=\"attachment-medium size-medium wp-post-image\" alt=\"\" loading=\"lazy\" srcset=\"https:\/\/www.ladiagonale.net\/wp-content\/uploads\/2026\/01\/dierlorient-300x168.png 300w, https:\/\/www.ladiagonale.net\/wp-content\/uploads\/2026\/01\/dierlorient-1024x574.png 1024w, https:\/\/www.ladiagonale.net\/wp-content\/uploads\/2026\/01\/dierlorient-768x430.png 768w, https:\/\/www.ladiagonale.net\/wp-content\/uploads\/2026\/01\/dierlorient-128x72.png 128w, https:\/\/www.ladiagonale.net\/wp-content\/uploads\/2026\/01\/dierlorient-32x18.png 32w, https:\/\/www.ladiagonale.net\/wp-content\/uploads\/2026\/01\/dierlorient.png 1160w\" sizes=\"(max-width: 300px) 100vw, 300px\" \/>  \t\t\t\t\t\t\t  \t\t\t\t\t\t\t  \t\t\t\t\t\t<\/div>\n  \t\t\t\t\t\t  \t\t\t\t\t<\/div>\n          \t\t\t\t\t<div class=\"box-text text-left\" >\n\t\t\t\t\t<div class=\"box-text-inner blog-post-inner\">\n\n\t\t\t\t\t\n\t\t\t\t\t\t\t\t\t\t<h5 class=\"post-title is-large \">Les notes : Dier d\u00e9pass\u00e9<\/h5>\n\t\t\t\t\t\t\t\t\t\t<div class=\"is-divider\"><\/div>\n\t\t\t\t\t\t\t\t\t\t<p class=\"from_the_blog_excerpt \">Dans la lign\u00e9e de son d\u00e9but de saison sur le Rocher, Eric Dier a livr\u00e9 [...]\t\t\t\t\t<\/p>\n\t\t\t\t\t                    \n\t\t\t\t\t\n\t\t\t\t\t\n\t\t\t\t\t<\/div>\n\t\t\t\t\t<\/div>\n\t\t\t\t\t\t\t\t\t\t\t\t\t\t\t\t<div class=\"badge absolute top post-date badge-outline\">\n\t\t\t\t\t\t\t<div class=\"badge-inner\">\n\t\t\t\t\t\t\t\t<span class=\"post-date-day\">17<\/span><br>\n\t\t\t\t\t\t\t\t<span class=\"post-date-month is-xsmall\">Jan<\/span>\n\t\t\t\t\t\t\t<\/div>\n\t\t\t\t\t\t<\/div>\n\t\t\t\t\t\t\t\t\t<\/div>\n\t\t\t\t<\/a>\n\t\t\t<\/div>\n\t\t<\/div><div class=\"col post-item\" >\n\t\t\t<div class=\"col-inner\">\n\t\t\t<a href=\"https:\/\/www.ladiagonale.net\/index.php\/2026\/01\/16\/pocognoli-je-sais-que-je-vais-etre-juge-sur-cette-periode\/\" class=\"plain\">\n\t\t\t\t<div class=\"box box-vertical box-text-bottom box-blog-post has-hover\">\n          \t\t\t\t\t<div class=\"box-text text-left\" >\n\t\t\t\t\t<div class=\"box-text-inner blog-post-inner\">\n\n\t\t\t\t\t\n\t\t\t\t\t\t\t\t\t\t<h5 class=\"post-title is-large \">Pocognoli : \u00ab&nbsp;Je sais que je vais \u00eatre jug\u00e9 sur cette p\u00e9riode&nbsp;\u00bb<\/h5>\n\t\t\t\t\t<div class=\"post-meta is-small op-8\">16 janvier 2026<\/div>\t\t\t\t\t<div class=\"is-divider\"><\/div>\n\t\t\t\t\t\t\t\t\t\t<p class=\"from_the_blog_excerpt \">Monaco a conc\u00e9d\u00e9 une nouvelle d\u00e9faite en Ligue 1, battu par Lorient \u00e0 domicile. Celle-ci [...]\t\t\t\t\t<\/p>\n\t\t\t\t\t                    \n\t\t\t\t\t\n\t\t\t\t\t\n\t\t\t\t\t<\/div>\n\t\t\t\t\t<\/div>\n\t\t\t\t\t\t\t\t\t<\/div>\n\t\t\t\t<\/a>\n\t\t\t<\/div>\n\t\t<\/div><div class=\"col post-item\" >\n\t\t\t<div class=\"col-inner\">\n\t\t\t<a href=\"https:\/\/www.ladiagonale.net\/index.php\/2026\/01\/16\/monaco-coule-face-a-lorient-1-3\/\" class=\"plain\">\n\t\t\t\t<div class=\"box box-vertical box-text-bottom box-blog-post has-hover\">\n            \t\t\t\t\t<div class=\"box-image\" style=\"width:43%;\">\n  \t\t\t\t\t\t<div class=\"image-cover\" style=\"padding-top:89%;\">\n  \t\t\t\t\t\t\t<img width=\"300\" height=\"168\" src=\"https:\/\/www.ladiagonale.net\/wp-content\/uploads\/2026\/01\/Balogun-Lorient-300x168.png\" class=\"attachment-medium size-medium wp-post-image\" alt=\"\" loading=\"lazy\" srcset=\"https:\/\/www.ladiagonale.net\/wp-content\/uploads\/2026\/01\/Balogun-Lorient-300x168.png 300w, https:\/\/www.ladiagonale.net\/wp-content\/uploads\/2026\/01\/Balogun-Lorient-1024x574.png 1024w, https:\/\/www.ladiagonale.net\/wp-content\/uploads\/2026\/01\/Balogun-Lorient-768x430.png 768w, https:\/\/www.ladiagonale.net\/wp-content\/uploads\/2026\/01\/Balogun-Lorient-128x72.png 128w, https:\/\/www.ladiagonale.net\/wp-content\/uploads\/2026\/01\/Balogun-Lorient-32x18.png 32w, https:\/\/www.ladiagonale.net\/wp-content\/uploads\/2026\/01\/Balogun-Lorient.png 1160w\" sizes=\"(max-width: 300px) 100vw, 300px\" \/>  \t\t\t\t\t\t\t  \t\t\t\t\t\t\t  \t\t\t\t\t\t<\/div>\n  \t\t\t\t\t\t  \t\t\t\t\t<\/div>\n          \t\t\t\t\t<div class=\"box-text text-left\" >\n\t\t\t\t\t<div class=\"box-text-inner blog-post-inner\">\n\n\t\t\t\t\t\n\t\t\t\t\t\t\t\t\t\t<h5 class=\"post-title is-large \">Monaco coule face \u00e0 Lorient (1-3)<\/h5>\n\t\t\t\t\t\t\t\t\t\t<div class=\"is-divider\"><\/div>\n\t\t\t\t\t\t\t\t\t\t<p class=\"from_the_blog_excerpt \">Rien ne va plus sur le Rocher. Alors qu\u2019une r\u00e9action \u00e9tait attendue en Ligue 1 [...]\t\t\t\t\t<\/p>\n\t\t\t\t\t                    \n\t\t\t\t\t\n\t\t\t\t\t\n\t\t\t\t\t<\/div>\n\t\t\t\t\t<\/div>\n\t\t\t\t\t\t\t\t\t\t\t\t\t\t\t\t<div class=\"badge absolute top post-date badge-outline\">\n\t\t\t\t\t\t\t<div class=\"badge-inner\">\n\t\t\t\t\t\t\t\t<span class=\"post-date-day\">16<\/span><br>\n\t\t\t\t\t\t\t\t<span class=\"post-date-month is-xsmall\">Jan<\/span>\n\t\t\t\t\t\t\t<\/div>\n\t\t\t\t\t\t<\/div>\n\t\t\t\t\t\t\t\t\t<\/div>\n\t\t\t\t<\/a>\n\t\t\t<\/div>\n\t\t<\/div><div class=\"col post-item\" >\n\t\t\t<div class=\"col-inner\">\n\t\t\t<a href=\"https:\/\/www.ladiagonale.net\/index.php\/2026\/01\/16\/les-compositions-faes-deja-titulaire\/\" class=\"plain\">\n\t\t\t\t<div class=\"box box-vertical box-text-bottom box-blog-post has-hover\">\n          \t\t\t\t\t<div class=\"box-text text-left\" >\n\t\t\t\t\t<div class=\"box-text-inner blog-post-inner\">\n\n\t\t\t\t\t\n\t\t\t\t\t\t\t\t\t\t<h5 class=\"post-title is-large \">Les compositions : Faes d\u00e9j\u00e0 titulaire<\/h5>\n\t\t\t\t\t<div class=\"post-meta is-small op-8\">16 janvier 2026<\/div>\t\t\t\t\t<div class=\"is-divider\"><\/div>\n\t\t\t\t\t\t\t\t\t\t<p class=\"from_the_blog_excerpt \">Face \u00e0 la p\u00e9nurie qui touche l\u2019AS Monaco en d\u00e9fense centrale, S\u00e9bastien Pocognoli aligne d\u2019embl\u00e9e [...]\t\t\t\t\t<\/p>\n\t\t\t\t\t                    \n\t\t\t\t\t\n\t\t\t\t\t\n\t\t\t\t\t<\/div>\n\t\t\t\t\t<\/div>\n\t\t\t\t\t\t\t\t\t<\/div>\n\t\t\t\t<\/a>\n\t\t\t<\/div>\n\t\t<\/div><div class=\"col post-item\" >\n\t\t\t<div class=\"col-inner\">\n\t\t\t<a href=\"https:\/\/www.ladiagonale.net\/index.php\/2026\/01\/16\/le-groupe-monegasque-fati-et-vanderson-de-retour\/\" class=\"plain\">\n\t\t\t\t<div class=\"box box-vertical box-text-bottom box-blog-post has-hover\">\n          \t\t\t\t\t<div class=\"box-text text-left\" >\n\t\t\t\t\t<div class=\"box-text-inner blog-post-inner\">\n\n\t\t\t\t\t\n\t\t\t\t\t\t\t\t\t\t<h5 class=\"post-title is-large \">Le groupe mon\u00e9gasque : Fati et Vanderson de retour<\/h5>\n\t\t\t\t\t<div class=\"post-meta is-small op-8\">16 janvier 2026<\/div>\t\t\t\t\t<div class=\"is-divider\"><\/div>\n\t\t\t\t\t\t\t\t\t\t<p class=\"from_the_blog_excerpt \">Ce vendredi, l\u2019AS Monaco re\u00e7oit le FC Lorient (19h). S\u00e9bastien Pocognoli peut s\u2019appuyer sur les [...]\t\t\t\t\t<\/p>\n\t\t\t\t\t                    \n\t\t\t\t\t\n\t\t\t\t\t\n\t\t\t\t\t<\/div>\n\t\t\t\t\t<\/div>\n\t\t\t\t\t\t\t\t\t<\/div>\n\t\t\t\t<\/a>\n\t\t\t<\/div>\n\t\t<\/div><div class=\"col post-item\" >\n\t\t\t<div class=\"col-inner\">\n\t\t\t<a href=\"https:\/\/www.ladiagonale.net\/index.php\/2026\/01\/16\/troisieme-match-arbitre-par-delajod\/\" class=\"plain\">\n\t\t\t\t<div class=\"box box-vertical box-text-bottom box-blog-post has-hover\">\n          \t\t\t\t\t<div class=\"box-text text-left\" >\n\t\t\t\t\t<div class=\"box-text-inner blog-post-inner\">\n\n\t\t\t\t\t\n\t\t\t\t\t\t\t\t\t\t<h5 class=\"post-title is-large \">Troisi\u00e8me match arbitr\u00e9 par Delajod cette saison<\/h5>\n\t\t\t\t\t<div class=\"post-meta is-small op-8\">16 janvier 2026<\/div>\t\t\t\t\t<div class=\"is-divider\"><\/div>\n\t\t\t\t\t\t\t\t\t\t<p class=\"from_the_blog_excerpt \">Contre Lorient, ce vendredi (19h), l&rsquo;AS Monaco va entamer la phase retour du Championnat. Pour [...]\t\t\t\t\t<\/p>\n\t\t\t\t\t                    \n\t\t\t\t\t\n\t\t\t\t\t\n\t\t\t\t\t<\/div>\n\t\t\t\t\t<\/div>\n\t\t\t\t\t\t\t\t\t<\/div>\n\t\t\t\t<\/a>\n\t\t\t<\/div>\n\t\t<\/div><div class=\"col post-item\" >\n\t\t\t<div class=\"col-inner\">\n\t\t\t<a href=\"https:\/\/www.ladiagonale.net\/index.php\/2026\/01\/15\/le-groupe-elite-vainqueur-a-toulouse-au-challenge-espoirs\/\" class=\"plain\">\n\t\t\t\t<div class=\"box box-vertical box-text-bottom box-blog-post has-hover\">\n          \t\t\t\t\t<div class=\"box-text text-left\" >\n\t\t\t\t\t<div class=\"box-text-inner blog-post-inner\">\n\n\t\t\t\t\t\n\t\t\t\t\t\t\t\t\t\t<h5 class=\"post-title is-large \">Le Groupe \u00c9lite vainqueur \u00e0 Toulouse au Challenge Espoirs<\/h5>\n\t\t\t\t\t<div class=\"post-meta is-small op-8\">15 janvier 2026<\/div>\t\t\t\t\t<div class=\"is-divider\"><\/div>\n\t\t\t\t\t\t\t\t\t\t<p class=\"from_the_blog_excerpt \">Le premier match de l&rsquo;ann\u00e9e du Groupe \u00c9lite de l&rsquo;AS Monaco, contre Wolverhamtpn dans le [...]\t\t\t\t\t<\/p>\n\t\t\t\t\t                    \n\t\t\t\t\t\n\t\t\t\t\t\n\t\t\t\t\t<\/div>\n\t\t\t\t\t<\/div>\n\t\t\t\t\t\t\t\t\t<\/div>\n\t\t\t\t<\/a>\n\t\t\t<\/div>\n\t\t<\/div><div class=\"col post-item\" >\n\t\t\t<div class=\"col-inner\">\n\t\t\t<a href=\"https:\/\/www.ladiagonale.net\/index.php\/2026\/01\/15\/pocognoli-le-coach-est-le-moteur-de-ce-quon-veut-mettre-en-place\/\" class=\"plain\">\n\t\t\t\t<div class=\"box box-vertical box-text-bottom box-blog-post has-hover\">\n          \t\t\t\t\t<div class=\"box-text text-left\" >\n\t\t\t\t\t<div class=\"box-text-inner blog-post-inner\">\n\n\t\t\t\t\t\n\t\t\t\t\t\t\t\t\t\t<h5 class=\"post-title is-large \">Pocognoli : \u00ab\u00a0Le coach est le moteur de ce qu\u2019on veut mettre en place\u00a0\u00bb<\/h5>\n\t\t\t\t\t<div class=\"post-meta is-small op-8\">15 janvier 2026<\/div>\t\t\t\t\t<div class=\"is-divider\"><\/div>\n\t\t\t\t\t\t\t\t\t\t<p class=\"from_the_blog_excerpt \">L\u2019AS Monaco a besoin de se relancer en championnat et d\u2019une mani\u00e8re g\u00e9n\u00e9rale, car la [...]\t\t\t\t\t<\/p>\n\t\t\t\t\t                    \n\t\t\t\t\t\n\t\t\t\t\t\n\t\t\t\t\t<\/div>\n\t\t\t\t\t<\/div>\n\t\t\t\t\t\t\t\t\t<\/div>\n\t\t\t\t<\/a>\n\t\t\t<\/div>\n\t\t<\/div><div class=\"col post-item\" >\n\t\t\t<div class=\"col-inner\">\n\t\t\t<a href=\"https:\/\/www.ladiagonale.net\/index.php\/2026\/01\/15\/plusieurs-joueurs-malades-dont-bamba\/\" class=\"plain\">\n\t\t\t\t<div class=\"box box-vertical box-text-bottom box-blog-post has-hover\">\n          \t\t\t\t\t<div class=\"box-text text-left\" >\n\t\t\t\t\t<div class=\"box-text-inner blog-post-inner\">\n\n\t\t\t\t\t\n\t\t\t\t\t\t\t\t\t\t<h5 class=\"post-title is-large \">Plusieurs joueurs malades et incertains, dont Bamba<\/h5>\n\t\t\t\t\t<div class=\"post-meta is-small op-8\">15 janvier 2026<\/div>\t\t\t\t\t<div class=\"is-divider\"><\/div>\n\t\t\t\t\t\t\t\t\t\t<p class=\"from_the_blog_excerpt \">Les semaines passent mais les bulletins m\u00e9dicaux ne changent pas beaucoup. Le club de la [...]\t\t\t\t\t<\/p>\n\t\t\t\t\t                    \n\t\t\t\t\t\n\t\t\t\t\t\n\t\t\t\t\t<\/div>\n\t\t\t\t\t<\/div>\n\t\t\t\t\t\t\t\t\t<\/div>\n\t\t\t\t<\/a>\n\t\t\t<\/div>\n\t\t<\/div><div class=\"col post-item\" >\n\t\t\t<div class=\"col-inner\">\n\t\t\t<a href=\"https:\/\/www.ladiagonale.net\/index.php\/2026\/01\/14\/diatta-convoite-en-turquie-et-en-angleterre\/\" class=\"plain\">\n\t\t\t\t<div class=\"box box-vertical box-text-bottom box-blog-post has-hover\">\n          \t\t\t\t\t<div class=\"box-text text-left\" >\n\t\t\t\t\t<div class=\"box-text-inner blog-post-inner\">\n\n\t\t\t\t\t\n\t\t\t\t\t\t\t\t\t\t<h5 class=\"post-title is-large \">Diatta convoit\u00e9 en Turquie et en Angleterre ?<\/h5>\n\t\t\t\t\t<div class=\"post-meta is-small op-8\">14 janvier 2026<\/div>\t\t\t\t\t<div class=\"is-divider\"><\/div>\n\t\t\t\t\t\t\t\t\t\t<p class=\"from_the_blog_excerpt \">L&rsquo;avenir de Kr\u00e9pin Diatta appara\u00eet comme tr\u00e8s incertain. Le S\u00e9n\u00e9galais de 26 ans arrive en [...]\t\t\t\t\t<\/p>\n\t\t\t\t\t                    \n\t\t\t\t\t\n\t\t\t\t\t\n\t\t\t\t\t<\/div>\n\t\t\t\t\t<\/div>\n\t\t\t\t\t\t\t\t\t<\/div>\n\t\t\t\t<\/a>\n\t\t\t<\/div>\n\t\t<\/div><div class=\"col post-item\" >\n\t\t\t<div class=\"col-inner\">\n\t\t\t<a href=\"https:\/\/www.ladiagonale.net\/index.php\/2026\/01\/14\/diatta-et-camara-en-finale-de-la-can\/\" class=\"plain\">\n\t\t\t\t<div class=\"box box-vertical box-text-bottom box-blog-post has-hover\">\n          \t\t\t\t\t<div class=\"box-text text-left\" >\n\t\t\t\t\t<div class=\"box-text-inner blog-post-inner\">\n\n\t\t\t\t\t\n\t\t\t\t\t\t\t\t\t\t<h5 class=\"post-title is-large \">Diatta et Camara en finale de la CAN<\/h5>\n\t\t\t\t\t<div class=\"post-meta is-small op-8\">14 janvier 2026<\/div>\t\t\t\t\t<div class=\"is-divider\"><\/div>\n\t\t\t\t\t\t\t\t\t\t<p class=\"from_the_blog_excerpt \">Kr\u00e9pin Diatta et Lamine Camara marchent sur les traces de Wilfried Singo, champion d&rsquo;Afrique en [...]\t\t\t\t\t<\/p>\n\t\t\t\t\t                    \n\t\t\t\t\t\n\t\t\t\t\t\n\t\t\t\t\t<\/div>\n\t\t\t\t\t<\/div>\n\t\t\t\t\t\t\t\t\t<\/div>\n\t\t\t\t<\/a>\n\t\t\t<\/div>\n\t\t<\/div><div class=\"col post-item\" >\n\t\t\t<div class=\"col-inner\">\n\t\t\t<a href=\"https:\/\/www.ladiagonale.net\/index.php\/2026\/01\/14\/pourquoi-devraient-ils-etre-contents-scuro-comprend-la-grogne-des-supporters\/\" class=\"plain\">\n\t\t\t\t<div class=\"box box-vertical box-text-bottom box-blog-post has-hover\">\n          \t\t\t\t\t<div class=\"box-text text-left\" >\n\t\t\t\t\t<div class=\"box-text-inner blog-post-inner\">\n\n\t\t\t\t\t\n\t\t\t\t\t\t\t\t\t\t<h5 class=\"post-title is-large \">\u00ab\u00a0Pourquoi devraient-ils \u00eatre contents ?\u00a0\u00bb : Scuro comprend la grogne des supporters<\/h5>\n\t\t\t\t\t<div class=\"post-meta is-small op-8\">14 janvier 2026<\/div>\t\t\t\t\t<div class=\"is-divider\"><\/div>\n\t\t\t\t\t\t\t\t\t\t<p class=\"from_the_blog_excerpt \">L&rsquo;AS Monaco traverse des jours difficiles. M\u00eame si elle est encore engag\u00e9e dans trois comp\u00e9titions, [...]\t\t\t\t\t<\/p>\n\t\t\t\t\t                    \n\t\t\t\t\t\n\t\t\t\t\t\n\t\t\t\t\t<\/div>\n\t\t\t\t\t<\/div>\n\t\t\t\t\t\t\t\t\t<\/div>\n\t\t\t\t<\/a>\n\t\t\t<\/div>\n\t\t<\/div><div class=\"col post-item\" >\n\t\t\t<div class=\"col-inner\">\n\t\t\t<a href=\"https:\/\/www.ladiagonale.net\/index.php\/2026\/01\/14\/le-derby-contre-nice-un-dimanche-a-15-heures\/\" class=\"plain\">\n\t\t\t\t<div class=\"box box-vertical box-text-bottom box-blog-post has-hover\">\n          \t\t\t\t\t<div class=\"box-text text-left\" >\n\t\t\t\t\t<div class=\"box-text-inner blog-post-inner\">\n\n\t\t\t\t\t\n\t\t\t\t\t\t\t\t\t\t<h5 class=\"post-title is-large \">Le Derby contre Nice un dimanche \u00e0 15 heures<\/h5>\n\t\t\t\t\t<div class=\"post-meta is-small op-8\">14 janvier 2026<\/div>\t\t\t\t\t<div class=\"is-divider\"><\/div>\n\t\t\t\t\t\t\t\t\t\t<p class=\"from_the_blog_excerpt \">Ce n&rsquo;est sans doute pas l&rsquo;horaire r\u00eav\u00e9 pour jouer un derby. L&rsquo;AS Monaco et son [...]\t\t\t\t\t<\/p>\n\t\t\t\t\t                    \n\t\t\t\t\t\n\t\t\t\t\t\n\t\t\t\t\t<\/div>\n\t\t\t\t\t<\/div>\n\t\t\t\t\t\t\t\t\t<\/div>\n\t\t\t\t<\/a>\n\t\t\t<\/div>\n\t\t<\/div><div class=\"col post-item\" >\n\t\t\t<div class=\"col-inner\">\n\t\t\t<a href=\"https:\/\/www.ladiagonale.net\/index.php\/2026\/01\/14\/le-huitieme-de-coupe-de-france-programme-un-jeudi-soir\/\" class=\"plain\">\n\t\t\t\t<div class=\"box box-vertical box-text-bottom box-blog-post has-hover\">\n          \t\t\t\t\t<div class=\"box-text text-left\" >\n\t\t\t\t\t<div class=\"box-text-inner blog-post-inner\">\n\n\t\t\t\t\t\n\t\t\t\t\t\t\t\t\t\t<h5 class=\"post-title is-large \">Le huiti\u00e8me de Coupe de France programm\u00e9 un jeudi soir<\/h5>\n\t\t\t\t\t<div class=\"post-meta is-small op-8\">14 janvier 2026<\/div>\t\t\t\t\t<div class=\"is-divider\"><\/div>\n\t\t\t\t\t\t\t\t\t\t<p class=\"from_the_blog_excerpt \">Pour son huiti\u00e8me de Coupe de France, l&rsquo;AS Monaco a h\u00e9rit\u00e9 de Strasbourg. Un adversaire [...]\t\t\t\t\t<\/p>\n\t\t\t\t\t                    \n\t\t\t\t\t\n\t\t\t\t\t\n\t\t\t\t\t<\/div>\n\t\t\t\t\t<\/div>\n\t\t\t\t\t\t\t\t\t<\/div>\n\t\t\t\t<\/a>\n\t\t\t<\/div>\n\t\t<\/div><div class=\"col post-item\" >\n\t\t\t<div class=\"col-inner\">\n\t\t\t<a href=\"https:\/\/www.ladiagonale.net\/index.php\/2026\/01\/14\/faes-quand-monaco-sest-presente-le-choix-sest-fait-de-lui-meme\/\" class=\"plain\">\n\t\t\t\t<div class=\"box box-vertical box-text-bottom box-blog-post has-hover\">\n          \t\t\t\t\t<div class=\"box-text text-left\" >\n\t\t\t\t\t<div class=\"box-text-inner blog-post-inner\">\n\n\t\t\t\t\t\n\t\t\t\t\t\t\t\t\t\t<h5 class=\"post-title is-large \">Faes : \u00ab\u00a0Quand Monaco s\u2019est pr\u00e9sent\u00e9, le choix s\u2019est fait de lui-m\u00eame\u00a0\u00bb<\/h5>\n\t\t\t\t\t<div class=\"post-meta is-small op-8\">14 janvier 2026<\/div>\t\t\t\t\t<div class=\"is-divider\"><\/div>\n\t\t\t\t\t\t\t\t\t\t<p class=\"from_the_blog_excerpt \">L\u2019AS Monaco a pr\u00e9sent\u00e9 \u00e0 la presse sa nouvelle recrue Wout Faes, ce mercredi. Le [...]\t\t\t\t\t<\/p>\n\t\t\t\t\t                    \n\t\t\t\t\t\n\t\t\t\t\t\n\t\t\t\t\t<\/div>\n\t\t\t\t\t<\/div>\n\t\t\t\t\t\t\t\t\t<\/div>\n\t\t\t\t<\/a>\n\t\t\t<\/div>\n\t\t<\/div><div class=\"col post-item\" >\n\t\t\t<div class=\"col-inner\">\n\t\t\t<a href=\"https:\/\/www.ladiagonale.net\/index.php\/2026\/01\/14\/scuro-monaco-doit-vendre-pour-eviter-les-sanctions\/\" class=\"plain\">\n\t\t\t\t<div class=\"box box-vertical box-text-bottom box-blog-post has-hover\">\n          \t\t\t\t\t<div class=\"box-text text-left\" >\n\t\t\t\t\t<div class=\"box-text-inner blog-post-inner\">\n\n\t\t\t\t\t\n\t\t\t\t\t\t\t\t\t\t<h5 class=\"post-title is-large \">Scuro : \u00ab&nbsp;Monaco doit vendre pour \u00e9viter les sanctions&nbsp;\u00bb<\/h5>\n\t\t\t\t\t<div class=\"post-meta is-small op-8\">14 janvier 2026<\/div>\t\t\t\t\t<div class=\"is-divider\"><\/div>\n\t\t\t\t\t\t\t\t\t\t<p class=\"from_the_blog_excerpt \">L&rsquo;AS Monaco a engrang\u00e9 environ 100 millions d&rsquo;euros sur le march\u00e9 des transferts estival et [...]\t\t\t\t\t<\/p>\n\t\t\t\t\t                    \n\t\t\t\t\t\n\t\t\t\t\t\n\t\t\t\t\t<\/div>\n\t\t\t\t\t<\/div>\n\t\t\t\t\t\t\t\t\t<\/div>\n\t\t\t\t<\/a>\n\t\t\t<\/div>\n\t\t<\/div><div class=\"col post-item\" >\n\t\t\t<div class=\"col-inner\">\n\t\t\t<a href=\"https:\/\/www.ladiagonale.net\/index.php\/2026\/01\/14\/monaco-pourrait-revenir-a-la-charge-pour-kone\/\" class=\"plain\">\n\t\t\t\t<div class=\"box box-vertical box-text-bottom box-blog-post has-hover\">\n          \t\t\t\t\t<div class=\"box-text text-left\" >\n\t\t\t\t\t<div class=\"box-text-inner blog-post-inner\">\n\n\t\t\t\t\t\n\t\t\t\t\t\t\t\t\t\t<h5 class=\"post-title is-large \">Monaco pourrait revenir \u00e0 la charge pour Kon\u00e9<\/h5>\n\t\t\t\t\t<div class=\"post-meta is-small op-8\">14 janvier 2026<\/div>\t\t\t\t\t<div class=\"is-divider\"><\/div>\n\t\t\t\t\t\t\t\t\t\t<p class=\"from_the_blog_excerpt \">En novembre, les n\u00e9gociations entre l&rsquo;AS Monaco et le Stade de Reims pour Abdoul Kon\u00e9 [...]\t\t\t\t\t<\/p>\n\t\t\t\t\t                    \n\t\t\t\t\t\n\t\t\t\t\t\n\t\t\t\t\t<\/div>\n\t\t\t\t\t<\/div>\n\t\t\t\t\t\t\t\t\t<\/div>\n\t\t\t\t<\/a>\n\t\t\t<\/div>\n\t\t<\/div><div class=\"col post-item\" >\n\t\t\t<div class=\"col-inner\">\n\t\t\t<a href=\"https:\/\/www.ladiagonale.net\/index.php\/2026\/01\/14\/scuro-sur-pogba-ca-ne-fonctionne-pas-comme-on-laurait-espere\/\" class=\"plain\">\n\t\t\t\t<div class=\"box box-vertical box-text-bottom box-blog-post has-hover\">\n          \t\t\t\t\t<div class=\"box-text text-left\" >\n\t\t\t\t\t<div class=\"box-text-inner blog-post-inner\">\n\n\t\t\t\t\t\n\t\t\t\t\t\t\t\t\t\t<h5 class=\"post-title is-large \">Scuro sur Pogba : \u00ab \u00c7a ne fonctionne pas comme on l&rsquo;aurait esp\u00e9r\u00e9 \u00bb<\/h5>\n\t\t\t\t\t<div class=\"post-meta is-small op-8\">14 janvier 2026<\/div>\t\t\t\t\t<div class=\"is-divider\"><\/div>\n\t\t\t\t\t\t\t\t\t\t<p class=\"from_the_blog_excerpt \">Le pari Paul Pogba est en train de virer au flop. \u00c0 l&rsquo;occasion de la [...]\t\t\t\t\t<\/p>\n\t\t\t\t\t                    \n\t\t\t\t\t\n\t\t\t\t\t\n\t\t\t\t\t<\/div>\n\t\t\t\t\t<\/div>\n\t\t\t\t\t\t\t\t\t<\/div>\n\t\t\t\t<\/a>\n\t\t\t<\/div>\n\t\t<\/div><div class=\"col post-item\" >\n\t\t\t<div class=\"col-inner\">\n\t\t\t<a href=\"https:\/\/www.ladiagonale.net\/index.php\/2026\/01\/13\/pocognoli-je-savais-quil-y-aurait-beaucoup-de-challenges\/\" class=\"plain\">\n\t\t\t\t<div class=\"box box-vertical box-text-bottom box-blog-post has-hover\">\n          \t\t\t\t\t<div class=\"box-text text-left\" >\n\t\t\t\t\t<div class=\"box-text-inner blog-post-inner\">\n\n\t\t\t\t\t\n\t\t\t\t\t\t\t\t\t\t<h5 class=\"post-title is-large \">Pocognoli : \u00ab&nbsp;Je savais qu\u2019il y aurait beaucoup de challenges&nbsp;\u00bb<\/h5>\n\t\t\t\t\t<div class=\"post-meta is-small op-8\">13 janvier 2026<\/div>\t\t\t\t\t<div class=\"is-divider\"><\/div>\n\t\t\t\t\t\t\t\t\t\t<p class=\"from_the_blog_excerpt \">S\u00e9bastien Pocognoli a re\u00e7u le troph\u00e9e d&rsquo;entra\u00eeneur de l&rsquo;ann\u00e9e en Belgique, dimanche, et \u00e0 cette [...]\t\t\t\t\t<\/p>\n\t\t\t\t\t                    \n\t\t\t\t\t\n\t\t\t\t\t\n\t\t\t\t\t<\/div>\n\t\t\t\t\t<\/div>\n\t\t\t\t\t\t\t\t\t<\/div>\n\t\t\t\t<\/a>\n\t\t\t<\/div>\n\t\t<\/div><div class=\"col post-item\" >\n\t\t\t<div class=\"col-inner\">\n\t\t\t<a href=\"https:\/\/www.ladiagonale.net\/index.php\/2026\/01\/13\/monaco-ira-a-strasbourg-en-coupe-de-france\/\" class=\"plain\">\n\t\t\t\t<div class=\"box box-vertical box-text-bottom box-blog-post has-hover\">\n          \t\t\t\t\t<div class=\"box-text text-left\" >\n\t\t\t\t\t<div class=\"box-text-inner blog-post-inner\">\n\n\t\t\t\t\t\n\t\t\t\t\t\t\t\t\t\t<h5 class=\"post-title is-large \">Monaco ira \u00e0 Strasbourg en Coupe de France<\/h5>\n\t\t\t\t\t<div class=\"post-meta is-small op-8\">13 janvier 2026<\/div>\t\t\t\t\t<div class=\"is-divider\"><\/div>\n\t\t\t\t\t\t\t\t\t\t<p class=\"from_the_blog_excerpt \">L&rsquo;AS Monaco conna\u00eet son prochain adversaire pour la Coupe de France. Apr\u00e8s avoir \u00e9limin\u00e9 Orl\u00e9ans, [...]\t\t\t\t\t<\/p>\n\t\t\t\t\t                    \n\t\t\t\t\t\n\t\t\t\t\t\n\t\t\t\t\t<\/div>\n\t\t\t\t\t<\/div>\n\t\t\t\t\t\t\t\t\t<\/div>\n\t\t\t\t<\/a>\n\t\t\t<\/div>\n\t\t<\/div><div class=\"col post-item\" >\n\t\t\t<div class=\"col-inner\">\n\t\t\t<a href=\"https:\/\/www.ladiagonale.net\/index.php\/2026\/01\/13\/officiel-faes-prete-a-monaco\/\" class=\"plain\">\n\t\t\t\t<div class=\"box box-vertical box-text-bottom box-blog-post has-hover\">\n          \t\t\t\t\t<div class=\"box-text text-left\" >\n\t\t\t\t\t<div class=\"box-text-inner blog-post-inner\">\n\n\t\t\t\t\t\n\t\t\t\t\t\t\t\t\t\t<h5 class=\"post-title is-large \">Officiel : Faes pr\u00eat\u00e9 \u00e0 Monaco<\/h5>\n\t\t\t\t\t<div class=\"post-meta is-small op-8\">13 janvier 2026<\/div>\t\t\t\t\t<div class=\"is-divider\"><\/div>\n\t\t\t\t\t\t\t\t\t\t<p class=\"from_the_blog_excerpt \">L&rsquo;AS Monaco enregistre sa premi\u00e8re recrue hivernale. \u00c0 l&rsquo;instar de Thilo Kehrer, arriv\u00e9 en janvier [...]\t\t\t\t\t<\/p>\n\t\t\t\t\t                    \n\t\t\t\t\t\n\t\t\t\t\t\n\t\t\t\t\t<\/div>\n\t\t\t\t\t<\/div>\n\t\t\t\t\t\t\t\t\t<\/div>\n\t\t\t\t<\/a>\n\t\t\t<\/div>\n\t\t<\/div><div class=\"col post-item\" >\n\t\t\t<div class=\"col-inner\">\n\t\t\t<a href=\"https:\/\/www.ladiagonale.net\/index.php\/2026\/01\/13\/gambardella-un-derby-contre-nice-en-16es-de-finale\/\" class=\"plain\">\n\t\t\t\t<div class=\"box box-vertical box-text-bottom box-blog-post has-hover\">\n          \t\t\t\t\t<div class=\"box-text text-left\" >\n\t\t\t\t\t<div class=\"box-text-inner blog-post-inner\">\n\n\t\t\t\t\t\n\t\t\t\t\t\t\t\t\t\t<h5 class=\"post-title is-large \">Gambardella : un derby contre Nice en 16es de finale<\/h5>\n\t\t\t\t\t<div class=\"post-meta is-small op-8\">13 janvier 2026<\/div>\t\t\t\t\t<div class=\"is-divider\"><\/div>\n\t\t\t\t\t\t\t\t\t\t<p class=\"from_the_blog_excerpt \">D\u00e9j\u00e0 habitu\u00e9s \u00e0 se rencontrer en Championnat, aussi bien dans la cat\u00e9gorie U19 que dans [...]\t\t\t\t\t<\/p>\n\t\t\t\t\t                    \n\t\t\t\t\t\n\t\t\t\t\t\n\t\t\t\t\t<\/div>\n\t\t\t\t\t<\/div>\n\t\t\t\t\t\t\t\t\t<\/div>\n\t\t\t\t<\/a>\n\t\t\t<\/div>\n\t\t<\/div><div class=\"col post-item\" >\n\t\t\t<div class=\"col-inner\">\n\t\t\t<a href=\"https:\/\/www.ladiagonale.net\/index.php\/2026\/01\/13\/monaco-ferme-la-porte-pour-kehrer\/\" class=\"plain\">\n\t\t\t\t<div class=\"box box-vertical box-text-bottom box-blog-post has-hover\">\n          \t\t\t\t\t<div class=\"box-text text-left\" >\n\t\t\t\t\t<div class=\"box-text-inner blog-post-inner\">\n\n\t\t\t\t\t\n\t\t\t\t\t\t\t\t\t\t<h5 class=\"post-title is-large \">Monaco ferme la porte pour Kehrer<\/h5>\n\t\t\t\t\t<div class=\"post-meta is-small op-8\">13 janvier 2026<\/div>\t\t\t\t\t<div class=\"is-divider\"><\/div>\n\t\t\t\t\t\t\t\t\t\t<p class=\"from_the_blog_excerpt \">Selon toute vraisemblance, il ne devrait pas y avoir de d\u00e9part de Thilo Kehrer cet [...]\t\t\t\t\t<\/p>\n\t\t\t\t\t                    \n\t\t\t\t\t\n\t\t\t\t\t\n\t\t\t\t\t<\/div>\n\t\t\t\t\t<\/div>\n\t\t\t\t\t\t\t\t\t<\/div>\n\t\t\t\t<\/a>\n\t\t\t<\/div>\n\t\t<\/div><div class=\"col post-item\" >\n\t\t\t<div class=\"col-inner\">\n\t\t\t<a href=\"https:\/\/www.ladiagonale.net\/index.php\/2026\/01\/13\/faes-serait-deja-a-monaco\/\" class=\"plain\">\n\t\t\t\t<div class=\"box box-vertical box-text-bottom box-blog-post has-hover\">\n          \t\t\t\t\t<div class=\"box-text text-left\" >\n\t\t\t\t\t<div class=\"box-text-inner blog-post-inner\">\n\n\t\t\t\t\t\n\t\t\t\t\t\t\t\t\t\t<h5 class=\"post-title is-large \">Faes serait d\u00e9j\u00e0 \u00e0 Monaco<\/h5>\n\t\t\t\t\t<div class=\"post-meta is-small op-8\">13 janvier 2026<\/div>\t\t\t\t\t<div class=\"is-divider\"><\/div>\n\t\t\t\t\t\t\t\t\t\t<p class=\"from_the_blog_excerpt \">Wout Faes devrait \u00eatre la premi\u00e8re recrue hivernale de l\u2019AS Monaco. Le club de la [...]\t\t\t\t\t<\/p>\n\t\t\t\t\t                    \n\t\t\t\t\t\n\t\t\t\t\t\n\t\t\t\t\t<\/div>\n\t\t\t\t\t<\/div>\n\t\t\t\t\t\t\t\t\t<\/div>\n\t\t\t\t<\/a>\n\t\t\t<\/div>\n\t\t<\/div><div class=\"col post-item\" >\n\t\t\t<div class=\"col-inner\">\n\t\t\t<a href=\"https:\/\/www.ladiagonale.net\/index.php\/2026\/01\/12\/faes-proche-de-sengager-avec-monaco\/\" class=\"plain\">\n\t\t\t\t<div class=\"box box-vertical box-text-bottom box-blog-post has-hover\">\n          \t\t\t\t\t<div class=\"box-text text-left\" >\n\t\t\t\t\t<div class=\"box-text-inner blog-post-inner\">\n\n\t\t\t\t\t\n\t\t\t\t\t\t\t\t\t\t<h5 class=\"post-title is-large \">Faes proche de s&rsquo;engager avec Monaco ?<\/h5>\n\t\t\t\t\t<div class=\"post-meta is-small op-8\">12 janvier 2026<\/div>\t\t\t\t\t<div class=\"is-divider\"><\/div>\n\t\t\t\t\t\t\t\t\t\t<p class=\"from_the_blog_excerpt \">L&rsquo;AS Monaco est en recherche urgente d&rsquo;un d\u00e9fenseur central, alors que se profile la r\u00e9ception [...]\t\t\t\t\t<\/p>\n\t\t\t\t\t                    \n\t\t\t\t\t\n\t\t\t\t\t\n\t\t\t\t\t<\/div>\n\t\t\t\t\t<\/div>\n\t\t\t\t\t\t\t\t\t<\/div>\n\t\t\t\t<\/a>\n\t\t\t<\/div>\n\t\t<\/div><div class=\"col post-item\" >\n\t\t\t<div class=\"col-inner\">\n\t\t\t<a href=\"https:\/\/www.ladiagonale.net\/index.php\/2026\/01\/12\/carnet-rolland-courbis-sest-eteint\/\" class=\"plain\">\n\t\t\t\t<div class=\"box box-vertical box-text-bottom box-blog-post has-hover\">\n          \t\t\t\t\t<div class=\"box-text text-left\" >\n\t\t\t\t\t<div class=\"box-text-inner blog-post-inner\">\n\n\t\t\t\t\t\n\t\t\t\t\t\t\t\t\t\t<h5 class=\"post-title is-large \">Carnet : Rolland Courbis s\u2019est \u00e9teint<\/h5>\n\t\t\t\t\t<div class=\"post-meta is-small op-8\">12 janvier 2026<\/div>\t\t\t\t\t<div class=\"is-divider\"><\/div>\n\t\t\t\t\t\t\t\t\t\t<p class=\"from_the_blog_excerpt \">Sa gouaille \u00e9tait sans \u00e9gale dans le paysage du football fran\u00e7ais mais elle ne sera [...]\t\t\t\t\t<\/p>\n\t\t\t\t\t                    \n\t\t\t\t\t\n\t\t\t\t\t\n\t\t\t\t\t<\/div>\n\t\t\t\t\t<\/div>\n\t\t\t\t\t\t\t\t\t<\/div>\n\t\t\t\t<\/a>\n\t\t\t<\/div>\n\t\t<\/div><div class=\"col post-item\" >\n\t\t\t<div class=\"col-inner\">\n\t\t\t<a href=\"https:\/\/www.ladiagonale.net\/index.php\/2026\/01\/11\/pocognoli-entraineur-de-lannee-en-belgique\/\" class=\"plain\">\n\t\t\t\t<div class=\"box box-vertical box-text-bottom box-blog-post has-hover\">\n          \t\t\t\t\t<div class=\"box-text text-left\" >\n\t\t\t\t\t<div class=\"box-text-inner blog-post-inner\">\n\n\t\t\t\t\t\n\t\t\t\t\t\t\t\t\t\t<h5 class=\"post-title is-large \">Pocognoli entra\u00eeneur de l\u2019ann\u00e9e\u2026 en Belgique<\/h5>\n\t\t\t\t\t<div class=\"post-meta is-small op-8\">11 janvier 2026<\/div>\t\t\t\t\t<div class=\"is-divider\"><\/div>\n\t\t\t\t\t\t\t\t\t\t<p class=\"from_the_blog_excerpt \">\u00c0 d\u00e9faut de troph\u00e9es collectifs, l\u2019AS Monaco commence \u00e0 collectionner les r\u00e9compenses individuelles cette saison. [...]\t\t\t\t\t<\/p>\n\t\t\t\t\t                    \n\t\t\t\t\t\n\t\t\t\t\t\n\t\t\t\t\t<\/div>\n\t\t\t\t\t<\/div>\n\t\t\t\t\t\t\t\t\t<\/div>\n\t\t\t\t<\/a>\n\t\t\t<\/div>\n\t\t<\/div><div class=\"col post-item\" >\n\t\t\t<div class=\"col-inner\">\n\t\t\t<a href=\"https:\/\/www.ladiagonale.net\/index.php\/2026\/01\/11\/une-offre-de-besiktas-pour-kehrer\/\" class=\"plain\">\n\t\t\t\t<div class=\"box box-vertical box-text-bottom box-blog-post has-hover\">\n          \t\t\t\t\t<div class=\"box-text text-left\" >\n\t\t\t\t\t<div class=\"box-text-inner blog-post-inner\">\n\n\t\t\t\t\t\n\t\t\t\t\t\t\t\t\t\t<h5 class=\"post-title is-large \">Une offre de Besiktas pour Kehrer ?<\/h5>\n\t\t\t\t\t<div class=\"post-meta is-small op-8\">11 janvier 2026<\/div>\t\t\t\t\t<div class=\"is-divider\"><\/div>\n\t\t\t\t\t\t\t\t\t\t<p class=\"from_the_blog_excerpt \">Arriv\u00e9 en janvier 2023, Thilo Kehrer pourrait-il quitter l&rsquo;AS Monaco deux ans plus tard ? [...]\t\t\t\t\t<\/p>\n\t\t\t\t\t                    \n\t\t\t\t\t\n\t\t\t\t\t\n\t\t\t\t\t<\/div>\n\t\t\t\t\t<\/div>\n\t\t\t\t\t\t\t\t\t<\/div>\n\t\t\t\t<\/a>\n\t\t\t<\/div>\n\t\t<\/div><div class=\"col post-item\" >\n\t\t\t<div class=\"col-inner\">\n\t\t\t<a href=\"https:\/\/www.ladiagonale.net\/index.php\/2026\/01\/11\/gambardella-monaco-domine-saint-etienne\/\" class=\"plain\">\n\t\t\t\t<div class=\"box box-vertical box-text-bottom box-blog-post has-hover\">\n          \t\t\t\t\t<div class=\"box-text text-left\" >\n\t\t\t\t\t<div class=\"box-text-inner blog-post-inner\">\n\n\t\t\t\t\t\n\t\t\t\t\t\t\t\t\t\t<h5 class=\"post-title is-large \">Gambardella : Monaco domine Saint-\u00c9tienne<\/h5>\n\t\t\t\t\t<div class=\"post-meta is-small op-8\">11 janvier 2026<\/div>\t\t\t\t\t<div class=\"is-divider\"><\/div>\n\t\t\t\t\t\t\t\t\t\t<p class=\"from_the_blog_excerpt \">\u00c0 l\u2019instar de leurs a\u00een\u00e9s, c\u2019\u00e9tait aussi week-end de Coupe pour les jeunes de l\u2019AS [...]\t\t\t\t\t<\/p>\n\t\t\t\t\t                    \n\t\t\t\t\t\n\t\t\t\t\t\n\t\t\t\t\t<\/div>\n\t\t\t\t\t<\/div>\n\t\t\t\t\t\t\t\t\t<\/div>\n\t\t\t\t<\/a>\n\t\t\t<\/div>\n\t\t<\/div><div class=\"col post-item\" >\n\t\t\t<div class=\"col-inner\">\n\t\t\t<a href=\"https:\/\/www.ladiagonale.net\/index.php\/2026\/01\/11\/les-notes-kohn-ne-sest-pas-decourage\/\" class=\"plain\">\n\t\t\t\t<div class=\"box box-vertical box-text-bottom box-blog-post has-hover\">\n            \t\t\t\t\t<div class=\"box-image\" style=\"width:43%;\">\n  \t\t\t\t\t\t<div class=\"image-cover\" style=\"padding-top:89%;\">\n  \t\t\t\t\t\t\t<img width=\"300\" height=\"168\" src=\"https:\/\/www.ladiagonale.net\/wp-content\/uploads\/2026\/01\/KohnOrleans-300x168.png\" class=\"attachment-medium size-medium wp-post-image\" alt=\"\" loading=\"lazy\" srcset=\"https:\/\/www.ladiagonale.net\/wp-content\/uploads\/2026\/01\/KohnOrleans-300x168.png 300w, https:\/\/www.ladiagonale.net\/wp-content\/uploads\/2026\/01\/KohnOrleans-1024x574.png 1024w, https:\/\/www.ladiagonale.net\/wp-content\/uploads\/2026\/01\/KohnOrleans-768x430.png 768w, https:\/\/www.ladiagonale.net\/wp-content\/uploads\/2026\/01\/KohnOrleans-128x72.png 128w, https:\/\/www.ladiagonale.net\/wp-content\/uploads\/2026\/01\/KohnOrleans-32x18.png 32w, https:\/\/www.ladiagonale.net\/wp-content\/uploads\/2026\/01\/KohnOrleans.png 1160w\" sizes=\"(max-width: 300px) 100vw, 300px\" \/>  \t\t\t\t\t\t\t  \t\t\t\t\t\t\t  \t\t\t\t\t\t<\/div>\n  \t\t\t\t\t\t  \t\t\t\t\t<\/div>\n          \t\t\t\t\t<div class=\"box-text text-left\" >\n\t\t\t\t\t<div class=\"box-text-inner blog-post-inner\">\n\n\t\t\t\t\t\n\t\t\t\t\t\t\t\t\t\t<h5 class=\"post-title is-large \">Les notes : K\u00f6hn ne s&rsquo;est pas d\u00e9courag\u00e9<\/h5>\n\t\t\t\t\t\t\t\t\t\t<div class=\"is-divider\"><\/div>\n\t\t\t\t\t\t\t\t\t\t<p class=\"from_the_blog_excerpt \">Le Suisse assure son deuxi\u00e8me int\u00e9rim de la saison apr\u00e8s une nouvelle blessure de Hradecky. [...]\t\t\t\t\t<\/p>\n\t\t\t\t\t                    \n\t\t\t\t\t\n\t\t\t\t\t\n\t\t\t\t\t<\/div>\n\t\t\t\t\t<\/div>\n\t\t\t\t\t\t\t\t\t\t\t\t\t\t\t\t<div class=\"badge absolute top post-date badge-outline\">\n\t\t\t\t\t\t\t<div class=\"badge-inner\">\n\t\t\t\t\t\t\t\t<span class=\"post-date-day\">11<\/span><br>\n\t\t\t\t\t\t\t\t<span class=\"post-date-month is-xsmall\">Jan<\/span>\n\t\t\t\t\t\t\t<\/div>\n\t\t\t\t\t\t<\/div>\n\t\t\t\t\t\t\t\t\t<\/div>\n\t\t\t\t<\/a>\n\t\t\t<\/div>\n\t\t<\/div><div class=\"col post-item\" >\n\t\t\t<div class=\"col-inner\">\n\t\t\t<a href=\"https:\/\/www.ladiagonale.net\/index.php\/2026\/01\/10\/pocognoli-veut-apaiser-le-climat-autour-du-club\/\" class=\"plain\">\n\t\t\t\t<div class=\"box box-vertical box-text-bottom box-blog-post has-hover\">\n          \t\t\t\t\t<div class=\"box-text text-left\" >\n\t\t\t\t\t<div class=\"box-text-inner blog-post-inner\">\n\n\t\t\t\t\t\n\t\t\t\t\t\t\t\t\t\t<h5 class=\"post-title is-large \">Pocognoli veut apaiser le climat autour du club<\/h5>\n\t\t\t\t\t<div class=\"post-meta is-small op-8\">10 janvier 2026<\/div>\t\t\t\t\t<div class=\"is-divider\"><\/div>\n\t\t\t\t\t\t\t\t\t\t<p class=\"from_the_blog_excerpt \">Lors du premier acte entre Monaco et Orl\u00e9ans, le parcage des supporters mon\u00e9gasques a surtout [...]\t\t\t\t\t<\/p>\n\t\t\t\t\t                    \n\t\t\t\t\t\n\t\t\t\t\t\n\t\t\t\t\t<\/div>\n\t\t\t\t\t<\/div>\n\t\t\t\t\t\t\t\t\t<\/div>\n\t\t\t\t<\/a>\n\t\t\t<\/div>\n\t\t<\/div><div class=\"col post-item\" >\n\t\t\t<div class=\"col-inner\">\n\t\t\t<a href=\"https:\/\/www.ladiagonale.net\/index.php\/2026\/01\/10\/pocognoli-on-ne-va-pas-bouder-cette-qualification\/\" class=\"plain\">\n\t\t\t\t<div class=\"box box-vertical box-text-bottom box-blog-post has-hover\">\n          \t\t\t\t\t<div class=\"box-text text-left\" >\n\t\t\t\t\t<div class=\"box-text-inner blog-post-inner\">\n\n\t\t\t\t\t\n\t\t\t\t\t\t\t\t\t\t<h5 class=\"post-title is-large \">Pocognoli : \u00ab&nbsp;On ne va pas bouder cette qualification&nbsp;\u00bb<\/h5>\n\t\t\t\t\t<div class=\"post-meta is-small op-8\">10 janvier 2026<\/div>\t\t\t\t\t<div class=\"is-divider\"><\/div>\n\t\t\t\t\t\t\t\t\t\t<p class=\"from_the_blog_excerpt \">L\u2019AS Monaco poursuit sa route en Coupe de France. Le club de la Principaut\u00e9 a [...]\t\t\t\t\t<\/p>\n\t\t\t\t\t                    \n\t\t\t\t\t\n\t\t\t\t\t\n\t\t\t\t\t<\/div>\n\t\t\t\t\t<\/div>\n\t\t\t\t\t\t\t\t\t<\/div>\n\t\t\t\t<\/a>\n\t\t\t<\/div>\n\t\t<\/div><div class=\"col post-item\" >\n\t\t\t<div class=\"col-inner\">\n\t\t\t<a href=\"https:\/\/www.ladiagonale.net\/index.php\/2026\/01\/10\/monaco-bat-orleans-3-1-et-file-en-huitiemes\/\" class=\"plain\">\n\t\t\t\t<div class=\"box box-vertical box-text-bottom box-blog-post has-hover\">\n            \t\t\t\t\t<div class=\"box-image\" style=\"width:43%;\">\n  \t\t\t\t\t\t<div class=\"image-cover\" style=\"padding-top:89%;\">\n  \t\t\t\t\t\t\t<img width=\"300\" height=\"168\" src=\"https:\/\/www.ladiagonale.net\/wp-content\/uploads\/2026\/01\/orle\u0301ans-300x168.png\" class=\"attachment-medium size-medium wp-post-image\" alt=\"\" loading=\"lazy\" srcset=\"https:\/\/www.ladiagonale.net\/wp-content\/uploads\/2026\/01\/orle\u0301ans-300x168.png 300w, https:\/\/www.ladiagonale.net\/wp-content\/uploads\/2026\/01\/orle\u0301ans-1024x574.png 1024w, https:\/\/www.ladiagonale.net\/wp-content\/uploads\/2026\/01\/orle\u0301ans-768x430.png 768w, https:\/\/www.ladiagonale.net\/wp-content\/uploads\/2026\/01\/orle\u0301ans-128x72.png 128w, https:\/\/www.ladiagonale.net\/wp-content\/uploads\/2026\/01\/orle\u0301ans-32x18.png 32w, https:\/\/www.ladiagonale.net\/wp-content\/uploads\/2026\/01\/orle\u0301ans.png 1160w\" sizes=\"(max-width: 300px) 100vw, 300px\" \/>  \t\t\t\t\t\t\t  \t\t\t\t\t\t\t  \t\t\t\t\t\t<\/div>\n  \t\t\t\t\t\t  \t\t\t\t\t<\/div>\n          \t\t\t\t\t<div class=\"box-text text-left\" >\n\t\t\t\t\t<div class=\"box-text-inner blog-post-inner\">\n\n\t\t\t\t\t\n\t\t\t\t\t\t\t\t\t\t<h5 class=\"post-title is-large \">Monaco bat Orl\u00e9ans (3-1) et file en huiti\u00e8mes<\/h5>\n\t\t\t\t\t\t\t\t\t\t<div class=\"is-divider\"><\/div>\n\t\t\t\t\t\t\t\t\t\t<p class=\"from_the_blog_excerpt \">Apr\u00e8s une d\u00e9faite contre Lyon pour d\u00e9buter l\u2019ann\u00e9e, l\u2019AS Monaco ne pouvait pas rater son [...]\t\t\t\t\t<\/p>\n\t\t\t\t\t                    \n\t\t\t\t\t\n\t\t\t\t\t\n\t\t\t\t\t<\/div>\n\t\t\t\t\t<\/div>\n\t\t\t\t\t\t\t\t\t\t\t\t\t\t\t\t<div class=\"badge absolute top post-date badge-outline\">\n\t\t\t\t\t\t\t<div class=\"badge-inner\">\n\t\t\t\t\t\t\t\t<span class=\"post-date-day\">10<\/span><br>\n\t\t\t\t\t\t\t\t<span class=\"post-date-month is-xsmall\">Jan<\/span>\n\t\t\t\t\t\t\t<\/div>\n\t\t\t\t\t\t<\/div>\n\t\t\t\t\t\t\t\t\t<\/div>\n\t\t\t\t<\/a>\n\t\t\t<\/div>\n\t\t<\/div><div class=\"col post-item\" >\n\t\t\t<div class=\"col-inner\">\n\t\t\t<a href=\"https:\/\/www.ladiagonale.net\/index.php\/2026\/01\/10\/les-compositions-idumbo-au-milieu\/\" class=\"plain\">\n\t\t\t\t<div class=\"box box-vertical box-text-bottom box-blog-post has-hover\">\n          \t\t\t\t\t<div class=\"box-text text-left\" >\n\t\t\t\t\t<div class=\"box-text-inner blog-post-inner\">\n\n\t\t\t\t\t\n\t\t\t\t\t\t\t\t\t\t<h5 class=\"post-title is-large \">Les compositions : Idumbo au milieu<\/h5>\n\t\t\t\t\t<div class=\"post-meta is-small op-8\">10 janvier 2026<\/div>\t\t\t\t\t<div class=\"is-divider\"><\/div>\n\t\t\t\t\t\t\t\t\t\t<p class=\"from_the_blog_excerpt \">Le XI de l&rsquo;AS Monaco pour la rencontre face \u00e0 Orl\u00e9ans est connu. S\u00e9bastien Pocognoli [...]\t\t\t\t\t<\/p>\n\t\t\t\t\t                    \n\t\t\t\t\t\n\t\t\t\t\t\n\t\t\t\t\t<\/div>\n\t\t\t\t\t<\/div>\n\t\t\t\t\t\t\t\t\t<\/div>\n\t\t\t\t<\/a>\n\t\t\t<\/div>\n\t\t<\/div><div class=\"col post-item\" >\n\t\t\t<div class=\"col-inner\">\n\t\t\t<a href=\"https:\/\/www.ladiagonale.net\/index.php\/2026\/01\/09\/diatta-et-camara-dans-le-dernier-carre-a-la-can\/\" class=\"plain\">\n\t\t\t\t<div class=\"box box-vertical box-text-bottom box-blog-post has-hover\">\n          \t\t\t\t\t<div class=\"box-text text-left\" >\n\t\t\t\t\t<div class=\"box-text-inner blog-post-inner\">\n\n\t\t\t\t\t\n\t\t\t\t\t\t\t\t\t\t<h5 class=\"post-title is-large \">Diatta et Camara dans le dernier carr\u00e9 \u00e0 la CAN<\/h5>\n\t\t\t\t\t<div class=\"post-meta is-small op-8\">9 janvier 2026<\/div>\t\t\t\t\t<div class=\"is-divider\"><\/div>\n\t\t\t\t\t\t\t\t\t\t<p class=\"from_the_blog_excerpt \">L\u2019aventure se poursuit au Maroc pour Kr\u00e9pin Diatta, Lamine Camara et le S\u00e9n\u00e9gal. Les Lions [...]\t\t\t\t\t<\/p>\n\t\t\t\t\t                    \n\t\t\t\t\t\n\t\t\t\t\t\n\t\t\t\t\t<\/div>\n\t\t\t\t\t<\/div>\n\t\t\t\t\t\t\t\t\t<\/div>\n\t\t\t\t<\/a>\n\t\t\t<\/div>\n\t\t<\/div><div class=\"col post-item\" >\n\t\t\t<div class=\"col-inner\">\n\t\t\t<a href=\"https:\/\/www.ladiagonale.net\/index.php\/2026\/01\/09\/frappart-au-sifflet-a-orleans\/\" class=\"plain\">\n\t\t\t\t<div class=\"box box-vertical box-text-bottom box-blog-post has-hover\">\n          \t\t\t\t\t<div class=\"box-text text-left\" >\n\t\t\t\t\t<div class=\"box-text-inner blog-post-inner\">\n\n\t\t\t\t\t\n\t\t\t\t\t\t\t\t\t\t<h5 class=\"post-title is-large \">Frappart au sifflet \u00e0 Orl\u00e9ans<\/h5>\n\t\t\t\t\t<div class=\"post-meta is-small op-8\">9 janvier 2026<\/div>\t\t\t\t\t<div class=\"is-divider\"><\/div>\n\t\t\t\t\t\t\t\t\t\t<p class=\"from_the_blog_excerpt \">La rencontre de ce samedi (15h30) entre Monaco et Orl\u00e9ans sera arbitr\u00e9e par St\u00e9phanie Frappart. [...]\t\t\t\t\t<\/p>\n\t\t\t\t\t                    \n\t\t\t\t\t\n\t\t\t\t\t\n\t\t\t\t\t<\/div>\n\t\t\t\t\t<\/div>\n\t\t\t\t\t\t\t\t\t<\/div>\n\t\t\t\t<\/a>\n\t\t\t<\/div>\n\t\t<\/div><div class=\"col post-item\" >\n\t\t\t<div class=\"col-inner\">\n\t\t\t<a href=\"https:\/\/www.ladiagonale.net\/index.php\/2026\/01\/09\/le-groupe-monegasque-akliouche-malade\/\" class=\"plain\">\n\t\t\t\t<div class=\"box box-vertical box-text-bottom box-blog-post has-hover\">\n          \t\t\t\t\t<div class=\"box-text text-left\" >\n\t\t\t\t\t<div class=\"box-text-inner blog-post-inner\">\n\n\t\t\t\t\t\n\t\t\t\t\t\t\t\t\t\t<h5 class=\"post-title is-large \">Le groupe mon\u00e9gasque : Akliouche malade<\/h5>\n\t\t\t\t\t<div class=\"post-meta is-small op-8\">9 janvier 2026<\/div>\t\t\t\t\t<div class=\"is-divider\"><\/div>\n\t\t\t\t\t\t\t\t\t\t<p class=\"from_the_blog_excerpt \">L&rsquo;AS Monaco se d\u00e9place ce samedi \u00e0 Orl\u00e9ans pour les 16es de finale de la [...]\t\t\t\t\t<\/p>\n\t\t\t\t\t                    \n\t\t\t\t\t\n\t\t\t\t\t\n\t\t\t\t\t<\/div>\n\t\t\t\t\t<\/div>\n\t\t\t\t\t\t\t\t\t<\/div>\n\t\t\t\t<\/a>\n\t\t\t<\/div>\n\t\t<\/div><div class=\"col post-item\" >\n\t\t\t<div class=\"col-inner\">\n\t\t\t<a href=\"https:\/\/www.ladiagonale.net\/index.php\/2026\/01\/09\/pocognoli-ne-craint-pas-pour-son-avenir-je-sens-que-le-club-est-derriere-moi\/\" class=\"plain\">\n\t\t\t\t<div class=\"box box-vertical box-text-bottom box-blog-post has-hover\">\n          \t\t\t\t\t<div class=\"box-text text-left\" >\n\t\t\t\t\t<div class=\"box-text-inner blog-post-inner\">\n\n\t\t\t\t\t\n\t\t\t\t\t\t\t\t\t\t<h5 class=\"post-title is-large \">Pocognoli ne craint pas pour son avenir : \u00ab\u00a0Je sens que le club est derri\u00e8re moi\u00a0\u00bb<\/h5>\n\t\t\t\t\t<div class=\"post-meta is-small op-8\">9 janvier 2026<\/div>\t\t\t\t\t<div class=\"is-divider\"><\/div>\n\t\t\t\t\t\t\t\t\t\t<p class=\"from_the_blog_excerpt \">Les mauvais r\u00e9sultats s&rsquo;encha\u00eenent du c\u00f4t\u00e9 de l&rsquo;AS Monaco, mais l&rsquo;heure n&rsquo;est pas au changement. [...]\t\t\t\t\t<\/p>\n\t\t\t\t\t                    \n\t\t\t\t\t\n\t\t\t\t\t\n\t\t\t\t\t<\/div>\n\t\t\t\t\t<\/div>\n\t\t\t\t\t\t\t\t\t<\/div>\n\t\t\t\t<\/a>\n\t\t\t<\/div>\n\t\t<\/div><div class=\"col post-item\" >\n\t\t\t<div class=\"col-inner\">\n\t\t\t<a href=\"https:\/\/www.ladiagonale.net\/index.php\/2026\/01\/09\/beaucoup-auraient-perdu-la-tete-avec-ces-resultats-zakaria-defend-pocognoli\/\" class=\"plain\">\n\t\t\t\t<div class=\"box box-vertical box-text-bottom box-blog-post has-hover\">\n          \t\t\t\t\t<div class=\"box-text text-left\" >\n\t\t\t\t\t<div class=\"box-text-inner blog-post-inner\">\n\n\t\t\t\t\t\n\t\t\t\t\t\t\t\t\t\t<h5 class=\"post-title is-large \">\u00ab\u00a0Beaucoup auraient perdu la t\u00eate avec ces r\u00e9sultats\u00a0\u00bb : Zakaria d\u00e9fend Pocognoli<\/h5>\n\t\t\t\t\t<div class=\"post-meta is-small op-8\">9 janvier 2026<\/div>\t\t\t\t\t<div class=\"is-divider\"><\/div>\n\t\t\t\t\t\t\t\t\t\t<p class=\"from_the_blog_excerpt \">L&rsquo;AS Monaco traverse une crise de r\u00e9sultats et la d\u00e9faite contre Lyon a forc\u00e9ment entra\u00een\u00e9 [...]\t\t\t\t\t<\/p>\n\t\t\t\t\t                    \n\t\t\t\t\t\n\t\t\t\t\t\n\t\t\t\t\t<\/div>\n\t\t\t\t\t<\/div>\n\t\t\t\t\t\t\t\t\t<\/div>\n\t\t\t\t<\/a>\n\t\t\t<\/div>\n\t\t<\/div><div class=\"col post-item\" >\n\t\t\t<div class=\"col-inner\">\n\t\t\t<a href=\"https:\/\/www.ladiagonale.net\/index.php\/2026\/01\/08\/le-match-du-groupe-elite-interrompu-par-la-neige\/\" class=\"plain\">\n\t\t\t\t<div class=\"box box-vertical box-text-bottom box-blog-post has-hover\">\n          \t\t\t\t\t<div class=\"box-text text-left\" >\n\t\t\t\t\t<div class=\"box-text-inner blog-post-inner\">\n\n\t\t\t\t\t\n\t\t\t\t\t\t\t\t\t\t<h5 class=\"post-title is-large \">Le match du Groupe \u00c9lite interrompu par la neige<\/h5>\n\t\t\t\t\t<div class=\"post-meta is-small op-8\">8 janvier 2026<\/div>\t\t\t\t\t<div class=\"is-divider\"><\/div>\n\t\t\t\t\t\t\t\t\t\t<p class=\"from_the_blog_excerpt \">Le Groupe\u00a0\u00c9lite de l&rsquo;AS Monaco faisait sa rentr\u00e9e 2026 avec la Premier League International Cup. [...]\t\t\t\t\t<\/p>\n\t\t\t\t\t                    \n\t\t\t\t\t\n\t\t\t\t\t\n\t\t\t\t\t<\/div>\n\t\t\t\t\t<\/div>\n\t\t\t\t\t\t\t\t\t<\/div>\n\t\t\t\t<\/a>\n\t\t\t<\/div>\n\t\t<\/div><div class=\"col post-item\" >\n\t\t\t<div class=\"col-inner\">\n\t\t\t<a href=\"https:\/\/www.ladiagonale.net\/index.php\/2026\/01\/08\/dier-est-pret-a-jouer\/\" class=\"plain\">\n\t\t\t\t<div class=\"box box-vertical box-text-bottom box-blog-post has-hover\">\n          \t\t\t\t\t<div class=\"box-text text-left\" >\n\t\t\t\t\t<div class=\"box-text-inner blog-post-inner\">\n\n\t\t\t\t\t\n\t\t\t\t\t\t\t\t\t\t<h5 class=\"post-title is-large \">Dier est pr\u00eat \u00e0 jouer<\/h5>\n\t\t\t\t\t<div class=\"post-meta is-small op-8\">8 janvier 2026<\/div>\t\t\t\t\t<div class=\"is-divider\"><\/div>\n\t\t\t\t\t\t\t\t\t\t<p class=\"from_the_blog_excerpt \">L&rsquo;AS Monaco n&rsquo;aura que deux d\u00e9fenseurs centraux valides pour la rencontre de Coupe contre Orl\u00e9ans [...]\t\t\t\t\t<\/p>\n\t\t\t\t\t                    \n\t\t\t\t\t\n\t\t\t\t\t\n\t\t\t\t\t<\/div>\n\t\t\t\t\t<\/div>\n\t\t\t\t\t\t\t\t\t<\/div>\n\t\t\t\t<\/a>\n\t\t\t<\/div>\n\t\t<\/div><div class=\"col post-item\" >\n\t\t\t<div class=\"col-inner\">\n\t\t\t<a href=\"https:\/\/www.ladiagonale.net\/index.php\/2026\/01\/08\/salisu-et-minamino-ont-ete-operes\/\" class=\"plain\">\n\t\t\t\t<div class=\"box box-vertical box-text-bottom box-blog-post has-hover\">\n          \t\t\t\t\t<div class=\"box-text text-left\" >\n\t\t\t\t\t<div class=\"box-text-inner blog-post-inner\">\n\n\t\t\t\t\t\n\t\t\t\t\t\t\t\t\t\t<h5 class=\"post-title is-large \">Salisu et Minamino ont \u00e9t\u00e9 op\u00e9r\u00e9s<\/h5>\n\t\t\t\t\t<div class=\"post-meta is-small op-8\">8 janvier 2026<\/div>\t\t\t\t\t<div class=\"is-divider\"><\/div>\n\t\t\t\t\t\t\t\t\t\t<p class=\"from_the_blog_excerpt \">Takumi Minamino et Mohammed Salisu ont subi la m\u00eame blessure \u00e0 13 jours d&rsquo;intervalle. Contre [...]\t\t\t\t\t<\/p>\n\t\t\t\t\t                    \n\t\t\t\t\t\n\t\t\t\t\t\n\t\t\t\t\t<\/div>\n\t\t\t\t\t<\/div>\n\t\t\t\t\t\t\t\t\t<\/div>\n\t\t\t\t<\/a>\n\t\t\t<\/div>\n\t\t<\/div><div class=\"col post-item\" >\n\t\t\t<div class=\"col-inner\">\n\t\t\t<a href=\"https:\/\/www.ladiagonale.net\/index.php\/2026\/01\/08\/monaco-sans-fati-ni-vanderson-a-orleans\/\" class=\"plain\">\n\t\t\t\t<div class=\"box box-vertical box-text-bottom box-blog-post has-hover\">\n          \t\t\t\t\t<div class=\"box-text text-left\" >\n\t\t\t\t\t<div class=\"box-text-inner blog-post-inner\">\n\n\t\t\t\t\t\n\t\t\t\t\t\t\t\t\t\t<h5 class=\"post-title is-large \">Monaco sans Fati ni Vanderson \u00e0 Orl\u00e9ans<\/h5>\n\t\t\t\t\t<div class=\"post-meta is-small op-8\">8 janvier 2026<\/div>\t\t\t\t\t<div class=\"is-divider\"><\/div>\n\t\t\t\t\t\t\t\t\t\t<p class=\"from_the_blog_excerpt \">L\u2019AS Monaco va affronter Orl\u00e9ans, une \u00e9quipe de National en Coupe de France, samedi, mais [...]\t\t\t\t\t<\/p>\n\t\t\t\t\t                    \n\t\t\t\t\t\n\t\t\t\t\t\n\t\t\t\t\t<\/div>\n\t\t\t\t\t<\/div>\n\t\t\t\t\t\t\t\t\t<\/div>\n\t\t\t\t<\/a>\n\t\t\t<\/div>\n\t\t<\/div><div class=\"col post-item\" >\n\t\t\t<div class=\"col-inner\">\n\t\t\t<a href=\"https:\/\/www.ladiagonale.net\/index.php\/2026\/01\/08\/monaco-toujours-interesse-par-soumare\/\" class=\"plain\">\n\t\t\t\t<div class=\"box box-vertical box-text-bottom box-blog-post has-hover\">\n          \t\t\t\t\t<div class=\"box-text text-left\" >\n\t\t\t\t\t<div class=\"box-text-inner blog-post-inner\">\n\n\t\t\t\t\t\n\t\t\t\t\t\t\t\t\t\t<h5 class=\"post-title is-large \">Monaco toujours int\u00e9ress\u00e9 par Soumar\u00e9 ?<\/h5>\n\t\t\t\t\t<div class=\"post-meta is-small op-8\">8 janvier 2026<\/div>\t\t\t\t\t<div class=\"is-divider\"><\/div>\n\t\t\t\t\t\t\t\t\t\t<p class=\"from_the_blog_excerpt \">Cette saison, Monaco n&rsquo;a pu aligner son duo de titulaires au milieu qu&rsquo;\u00e0 six reprises. [...]\t\t\t\t\t<\/p>\n\t\t\t\t\t                    \n\t\t\t\t\t\n\t\t\t\t\t\n\t\t\t\t\t<\/div>\n\t\t\t\t\t<\/div>\n\t\t\t\t\t\t\t\t\t<\/div>\n\t\t\t\t<\/a>\n\t\t\t<\/div>\n\t\t<\/div><div class=\"col post-item\" >\n\t\t\t<div class=\"col-inner\">\n\t\t\t<a href=\"https:\/\/www.ladiagonale.net\/index.php\/2026\/01\/07\/lourdes-suspensions-pour-coulibaly-et-salisu\/\" class=\"plain\">\n\t\t\t\t<div class=\"box box-vertical box-text-bottom box-blog-post has-hover\">\n          \t\t\t\t\t<div class=\"box-text text-left\" >\n\t\t\t\t\t<div class=\"box-text-inner blog-post-inner\">\n\n\t\t\t\t\t\n\t\t\t\t\t\t\t\t\t\t<h5 class=\"post-title is-large \">Lourdes suspensions pour Coulibaly et Salisu<\/h5>\n\t\t\t\t\t<div class=\"post-meta is-small op-8\">7 janvier 2026<\/div>\t\t\t\t\t<div class=\"is-divider\"><\/div>\n\t\t\t\t\t\t\t\t\t\t<p class=\"from_the_blog_excerpt \">Expuls\u00e9 contre Lyon pour une faute grossi\u00e8re et un geste dangereux sur Tagliafico, Mamadou Coulibaly [...]\t\t\t\t\t<\/p>\n\t\t\t\t\t                    \n\t\t\t\t\t\n\t\t\t\t\t\n\t\t\t\t\t<\/div>\n\t\t\t\t\t<\/div>\n\t\t\t\t\t\t\t\t\t<\/div>\n\t\t\t\t<\/a>\n\t\t\t<\/div>\n\t\t<\/div><div class=\"col post-item\" >\n\t\t\t<div class=\"col-inner\">\n\t\t\t<a href=\"https:\/\/www.ladiagonale.net\/index.php\/2026\/01\/06\/des-negociations-avec-francfort-pour-ilenikhena\/\" class=\"plain\">\n\t\t\t\t<div class=\"box box-vertical box-text-bottom box-blog-post has-hover\">\n          \t\t\t\t\t<div class=\"box-text text-left\" >\n\t\t\t\t\t<div class=\"box-text-inner blog-post-inner\">\n\n\t\t\t\t\t\n\t\t\t\t\t\t\t\t\t\t<h5 class=\"post-title is-large \">Des n\u00e9gociations avec Francfort pour Ilenikhena ?<\/h5>\n\t\t\t\t\t<div class=\"post-meta is-small op-8\">6 janvier 2026<\/div>\t\t\t\t\t<div class=\"is-divider\"><\/div>\n\t\t\t\t\t\t\t\t\t\t<p class=\"from_the_blog_excerpt \">Elye Wahi a quitt\u00e9 l&rsquo;Eintracht Francfort cet hiver pour rejoindre Nice et le club allemand [...]\t\t\t\t\t<\/p>\n\t\t\t\t\t                    \n\t\t\t\t\t\n\t\t\t\t\t\n\t\t\t\t\t<\/div>\n\t\t\t\t\t<\/div>\n\t\t\t\t\t\t\t\t\t<\/div>\n\t\t\t\t<\/a>\n\t\t\t<\/div>\n\t\t<\/div><div class=\"col post-item\" >\n\t\t\t<div class=\"col-inner\">\n\t\t\t<a href=\"https:\/\/www.ladiagonale.net\/index.php\/2026\/01\/06\/monaco-voudrait-un-pret-pour-bitshiabu\/\" class=\"plain\">\n\t\t\t\t<div class=\"box box-vertical box-text-bottom box-blog-post has-hover\">\n          \t\t\t\t\t<div class=\"box-text text-left\" >\n\t\t\t\t\t<div class=\"box-text-inner blog-post-inner\">\n\n\t\t\t\t\t\n\t\t\t\t\t\t\t\t\t\t<h5 class=\"post-title is-large \">Monaco voudrait un pr\u00eat pour Bitshiabu<\/h5>\n\t\t\t\t\t<div class=\"post-meta is-small op-8\">6 janvier 2026<\/div>\t\t\t\t\t<div class=\"is-divider\"><\/div>\n\t\t\t\t\t\t\t\t\t\t<p class=\"from_the_blog_excerpt \">L\u2019AS Monaco a plus que jamais besoin d\u2019un d\u00e9fenseur central. Avec la grave blessure de [...]\t\t\t\t\t<\/p>\n\t\t\t\t\t                    \n\t\t\t\t\t\n\t\t\t\t\t\n\t\t\t\t\t<\/div>\n\t\t\t\t\t<\/div>\n\t\t\t\t\t\t\t\t\t<\/div>\n\t\t\t\t<\/a>\n\t\t\t<\/div>\n\t\t<\/div><div class=\"col post-item\" >\n\t\t\t<div class=\"col-inner\">\n\t\t\t<a href=\"https:\/\/www.ladiagonale.net\/index.php\/2026\/01\/06\/podcast-le-debrief-de-monaco-lyon-3\/\" class=\"plain\">\n\t\t\t\t<div class=\"box box-vertical box-text-bottom box-blog-post has-hover\">\n          \t\t\t\t\t<div class=\"box-text text-left\" >\n\t\t\t\t\t<div class=\"box-text-inner blog-post-inner\">\n\n\t\t\t\t\t\n\t\t\t\t\t\t\t\t\t\t<h5 class=\"post-title is-large \">Podcast : Le D\u00e9brief de Monaco-Lyon<\/h5>\n\t\t\t\t\t<div class=\"post-meta is-small op-8\">6 janvier 2026<\/div>\t\t\t\t\t<div class=\"is-divider\"><\/div>\n\t\t\t\t\t\t\t\t\t\t<p class=\"from_the_blog_excerpt \">En 2026, Monaco poursuit sa mauvaise passe face \u00e0 l&rsquo;OL \u00e0 domicile. Retour sur un [...]\t\t\t\t\t<\/p>\n\t\t\t\t\t                    \n\t\t\t\t\t\n\t\t\t\t\t\n\t\t\t\t\t<\/div>\n\t\t\t\t\t<\/div>\n\t\t\t\t\t\t\t\t\t<\/div>\n\t\t\t\t<\/a>\n\t\t\t<\/div>\n\t\t<\/div><div class=\"col post-item\" >\n\t\t\t<div class=\"col-inner\">\n\t\t\t<a href=\"https:\/\/www.ladiagonale.net\/index.php\/2026\/01\/06\/strasbourg-penserait-a-perrinelle\/\" class=\"plain\">\n\t\t\t\t<div class=\"box box-vertical box-text-bottom box-blog-post has-hover\">\n          \t\t\t\t\t<div class=\"box-text text-left\" >\n\t\t\t\t\t<div class=\"box-text-inner blog-post-inner\">\n\n\t\t\t\t\t\n\t\t\t\t\t\t\t\t\t\t<h5 class=\"post-title is-large \">Strasbourg penserait \u00e0 Perrinelle<\/h5>\n\t\t\t\t\t<div class=\"post-meta is-small op-8\">6 janvier 2026<\/div>\t\t\t\t\t<div class=\"is-divider\"><\/div>\n\t\t\t\t\t\t\t\t\t\t<p class=\"from_the_blog_excerpt \">Liam Rosenior a annonc\u00e9 ce mardi son d\u00e9part de Strasbourg pour rejoindre Chelsea. Le Racing, [...]\t\t\t\t\t<\/p>\n\t\t\t\t\t                    \n\t\t\t\t\t\n\t\t\t\t\t\n\t\t\t\t\t<\/div>\n\t\t\t\t\t<\/div>\n\t\t\t\t\t\t\t\t\t<\/div>\n\t\t\t\t<\/a>\n\t\t\t<\/div>\n\t\t<\/div><div class=\"col post-item\" >\n\t\t\t<div class=\"col-inner\">\n\t\t\t<a href=\"https:\/\/www.ladiagonale.net\/index.php\/2026\/01\/05\/monaco-aurait-pris-des-renseignements-pour-perrin\/\" class=\"plain\">\n\t\t\t\t<div class=\"box box-vertical box-text-bottom box-blog-post has-hover\">\n          \t\t\t\t\t<div class=\"box-text text-left\" >\n\t\t\t\t\t<div class=\"box-text-inner blog-post-inner\">\n\n\t\t\t\t\t\n\t\t\t\t\t\t\t\t\t\t<h5 class=\"post-title is-large \">Monaco aurait pris des renseignements pour Perrin<\/h5>\n\t\t\t\t\t<div class=\"post-meta is-small op-8\">5 janvier 2026<\/div>\t\t\t\t\t<div class=\"is-divider\"><\/div>\n\t\t\t\t\t\t\t\t\t\t<p class=\"from_the_blog_excerpt \">En marge du match contre Lyon, Thiago Scuro a confirm\u00e9 qu&rsquo;une r\u00e9flexion \u00e9tait en cours [...]\t\t\t\t\t<\/p>\n\t\t\t\t\t                    \n\t\t\t\t\t\n\t\t\t\t\t\n\t\t\t\t\t<\/div>\n\t\t\t\t\t<\/div>\n\t\t\t\t\t\t\t\t\t<\/div>\n\t\t\t\t<\/a>\n\t\t\t<\/div>\n\t\t<\/div><div class=\"col post-item\" >\n\t\t\t<div class=\"col-inner\">\n\t\t\t<a href=\"https:\/\/www.ladiagonale.net\/index.php\/2026\/01\/05\/rupture-du-ligament-croise-anterieur-du-genou-gauche-pour-salisu\/\" class=\"plain\">\n\t\t\t\t<div class=\"box box-vertical box-text-bottom box-blog-post has-hover\">\n          \t\t\t\t\t<div class=\"box-text text-left\" >\n\t\t\t\t\t<div class=\"box-text-inner blog-post-inner\">\n\n\t\t\t\t\t\n\t\t\t\t\t\t\t\t\t\t<h5 class=\"post-title is-large \">Rupture du ligament crois\u00e9 ant\u00e9rieur du genou gauche pour Salisu<\/h5>\n\t\t\t\t\t<div class=\"post-meta is-small op-8\">5 janvier 2026<\/div>\t\t\t\t\t<div class=\"is-divider\"><\/div>\n\t\t\t\t\t\t\t\t\t\t<p class=\"from_the_blog_excerpt \">Ce n\u2019est ni plus ni moins qu\u2019une mal\u00e9diction pour l\u2019AS Monaco. Deux semaines seulement apr\u00e8s [...]\t\t\t\t\t<\/p>\n\t\t\t\t\t                    \n\t\t\t\t\t\n\t\t\t\t\t\n\t\t\t\t\t<\/div>\n\t\t\t\t\t<\/div>\n\t\t\t\t\t\t\t\t\t<\/div>\n\t\t\t\t<\/a>\n\t\t\t<\/div>\n\t\t<\/div><div class=\"col post-item\" >\n\t\t\t<div class=\"col-inner\">\n\t\t\t<a href=\"https:\/\/www.ladiagonale.net\/index.php\/2026\/01\/04\/issa-diop-vise-par-monaco\/\" class=\"plain\">\n\t\t\t\t<div class=\"box box-vertical box-text-bottom box-blog-post has-hover\">\n          \t\t\t\t\t<div class=\"box-text text-left\" >\n\t\t\t\t\t<div class=\"box-text-inner blog-post-inner\">\n\n\t\t\t\t\t\n\t\t\t\t\t\t\t\t\t\t<h5 class=\"post-title is-large \">Issa Diop vis\u00e9 par Monaco ?<\/h5>\n\t\t\t\t\t<div class=\"post-meta is-small op-8\">4 janvier 2026<\/div>\t\t\t\t\t<div class=\"is-divider\"><\/div>\n\t\t\t\t\t\t\t\t\t\t<p class=\"from_the_blog_excerpt \">Selon les derni\u00e8res infirmations parues dans la presse, l&rsquo;AS Monaco semblait avoir cibl\u00e9 un d\u00e9fenseur [...]\t\t\t\t\t<\/p>\n\t\t\t\t\t                    \n\t\t\t\t\t\n\t\t\t\t\t\n\t\t\t\t\t<\/div>\n\t\t\t\t\t<\/div>\n\t\t\t\t\t\t\t\t\t<\/div>\n\t\t\t\t<\/a>\n\t\t\t<\/div>\n\t\t<\/div><div class=\"col post-item\" >\n\t\t\t<div class=\"col-inner\">\n\t\t\t<a href=\"https:\/\/www.ladiagonale.net\/index.php\/2026\/01\/04\/scuro-veut-que-monaco-soit-un-modele-de-gestion\/\" class=\"plain\">\n\t\t\t\t<div class=\"box box-vertical box-text-bottom box-blog-post has-hover\">\n          \t\t\t\t\t<div class=\"box-text text-left\" >\n\t\t\t\t\t<div class=\"box-text-inner blog-post-inner\">\n\n\t\t\t\t\t\n\t\t\t\t\t\t\t\t\t\t<h5 class=\"post-title is-large \">Scuro veut que Monaco soit un mod\u00e8le de gestion<\/h5>\n\t\t\t\t\t<div class=\"post-meta is-small op-8\">4 janvier 2026<\/div>\t\t\t\t\t<div class=\"is-divider\"><\/div>\n\t\t\t\t\t\t\t\t\t\t<p class=\"from_the_blog_excerpt \">Thiago Scuro s\u2019est montr\u00e9 tr\u00e8s disert apr\u00e8s la rencontre face Lyon et a abord\u00e9 toutes [...]\t\t\t\t\t<\/p>\n\t\t\t\t\t                    \n\t\t\t\t\t\n\t\t\t\t\t\n\t\t\t\t\t<\/div>\n\t\t\t\t\t<\/div>\n\t\t\t\t\t\t\t\t\t<\/div>\n\t\t\t\t<\/a>\n\t\t\t<\/div>\n\t\t<\/div><div class=\"col post-item\" >\n\t\t\t<div class=\"col-inner\">\n\t\t\t<a href=\"https:\/\/www.ladiagonale.net\/index.php\/2026\/01\/04\/le-senegal-en-quarts-de-la-can-nouvelle-alerte-pour-camara\/\" class=\"plain\">\n\t\t\t\t<div class=\"box box-vertical box-text-bottom box-blog-post has-hover\">\n          \t\t\t\t\t<div class=\"box-text text-left\" >\n\t\t\t\t\t<div class=\"box-text-inner blog-post-inner\">\n\n\t\t\t\t\t\n\t\t\t\t\t\t\t\t\t\t<h5 class=\"post-title is-large \">Le S\u00e9n\u00e9gal en quarts de la CAN, nouvelle alerte pour Camara<\/h5>\n\t\t\t\t\t<div class=\"post-meta is-small op-8\">4 janvier 2026<\/div>\t\t\t\t\t<div class=\"is-divider\"><\/div>\n\t\t\t\t\t\t\t\t\t\t<p class=\"from_the_blog_excerpt \">Le S\u00e9n\u00e9gal, Kr\u00e9pin Diatta et Lamine Camara ont battu le Soudan (3-1), samedi soir, en [...]\t\t\t\t\t<\/p>\n\t\t\t\t\t                    \n\t\t\t\t\t\n\t\t\t\t\t\n\t\t\t\t\t<\/div>\n\t\t\t\t\t<\/div>\n\t\t\t\t\t\t\t\t\t<\/div>\n\t\t\t\t<\/a>\n\t\t\t<\/div>\n\t\t<\/div><div class=\"col post-item\" >\n\t\t\t<div class=\"col-inner\">\n\t\t\t<a href=\"https:\/\/www.ladiagonale.net\/index.php\/2026\/01\/04\/entorse-du-genou-droit-pour-hradecky-rechute-aux-ischios-pour-mawissa\/\" class=\"plain\">\n\t\t\t\t<div class=\"box box-vertical box-text-bottom box-blog-post has-hover\">\n          \t\t\t\t\t<div class=\"box-text text-left\" >\n\t\t\t\t\t<div class=\"box-text-inner blog-post-inner\">\n\n\t\t\t\t\t\n\t\t\t\t\t\t\t\t\t\t<h5 class=\"post-title is-large \">Entorse du genou droit pour Hradecky, rechute aux ischios pour Mawissa<\/h5>\n\t\t\t\t\t<div class=\"post-meta is-small op-8\">4 janvier 2026<\/div>\t\t\t\t\t<div class=\"is-divider\"><\/div>\n\t\t\t\t\t\t\t\t\t\t<p class=\"from_the_blog_excerpt \">La malchance accompagne Lukas Hradecky depuis son arriv\u00e9e \u00e0 l\u2019AS Monaco. Bless\u00e9 au genou gauche [...]\t\t\t\t\t<\/p>\n\t\t\t\t\t                    \n\t\t\t\t\t\n\t\t\t\t\t\n\t\t\t\t\t<\/div>\n\t\t\t\t\t<\/div>\n\t\t\t\t\t\t\t\t\t<\/div>\n\t\t\t\t<\/a>\n\t\t\t<\/div>\n\t\t<\/div><div class=\"col post-item\" >\n\t\t\t<div class=\"col-inner\">\n\t\t\t<a href=\"https:\/\/www.ladiagonale.net\/index.php\/2026\/01\/04\/scuro-dement-les-rumeurs-sur-fati\/\" class=\"plain\">\n\t\t\t\t<div class=\"box box-vertical box-text-bottom box-blog-post has-hover\">\n          \t\t\t\t\t<div class=\"box-text text-left\" >\n\t\t\t\t\t<div class=\"box-text-inner blog-post-inner\">\n\n\t\t\t\t\t\n\t\t\t\t\t\t\t\t\t\t<h5 class=\"post-title is-large \">Scuro d\u00e9ment les rumeurs sur Fati<\/h5>\n\t\t\t\t\t<div class=\"post-meta is-small op-8\">4 janvier 2026<\/div>\t\t\t\t\t<div class=\"is-divider\"><\/div>\n\t\t\t\t\t\t\t\t\t\t<p class=\"from_the_blog_excerpt \">Alors que des rumeurs indiquaient que Monaco ne voulait plus d\u2019Ansu Fati et que le [...]\t\t\t\t\t<\/p>\n\t\t\t\t\t                    \n\t\t\t\t\t\n\t\t\t\t\t\n\t\t\t\t\t<\/div>\n\t\t\t\t\t<\/div>\n\t\t\t\t\t\t\t\t\t<\/div>\n\t\t\t\t<\/a>\n\t\t\t<\/div>\n\t\t<\/div><div class=\"col post-item\" >\n\t\t\t<div class=\"col-inner\">\n\t\t\t<a href=\"https:\/\/www.ladiagonale.net\/index.php\/2026\/01\/04\/pocognoli-je-ne-vois-pas-un-groupe-qui-lache\/\" class=\"plain\">\n\t\t\t\t<div class=\"box box-vertical box-text-bottom box-blog-post has-hover\">\n          \t\t\t\t\t<div class=\"box-text text-left\" >\n\t\t\t\t\t<div class=\"box-text-inner blog-post-inner\">\n\n\t\t\t\t\t\n\t\t\t\t\t\t\t\t\t\t<h5 class=\"post-title is-large \">Pocognoli :&nbsp;\u00ab&nbsp;Je ne vois pas un groupe qui l\u00e2che&nbsp;\u00bb<\/h5>\n\t\t\t\t\t<div class=\"post-meta is-small op-8\">4 janvier 2026<\/div>\t\t\t\t\t<div class=\"is-divider\"><\/div>\n\t\t\t\t\t\t\t\t\t\t<p class=\"from_the_blog_excerpt \">C\u2019est tr\u00e8s d\u00e9\u00e7u que S\u00e9bastien Pocognoli s\u2019est pr\u00e9sent\u00e9 en conf\u00e9rence de presse, apr\u00e8s la d\u00e9faite [...]\t\t\t\t\t<\/p>\n\t\t\t\t\t                    \n\t\t\t\t\t\n\t\t\t\t\t\n\t\t\t\t\t<\/div>\n\t\t\t\t\t<\/div>\n\t\t\t\t\t\t\t\t\t<\/div>\n\t\t\t\t<\/a>\n\t\t\t<\/div>\n\t\t<\/div><\/div>\n\n\n","protected":false},"excerpt":{"rendered":"","protected":false},"author":1,"featured_media":0,"parent":0,"menu_order":0,"comment_status":"closed","ping_status":"closed","template":"page-right-sidebar.php","meta":[],"yoast_head":"<!-- This site is optimized with the Yoast SEO plugin v19.8 - https:\/\/yoast.com\/wordpress\/plugins\/seo\/ -->\n<title>Actualit\u00e9 - Archives - La Diagonale<\/title>\n<meta name=\"robots\" content=\"index, follow, max-snippet:-1, max-image-preview:large, max-video-preview:-1\" \/>\n<link rel=\"canonical\" href=\"https:\/\/www.ladiagonale.net\/index.php\/actualite-archives\/\" \/>\n<meta property=\"og:locale\" content=\"fr_FR\" \/>\n<meta property=\"og:type\" content=\"article\" \/>\n<meta property=\"og:title\" content=\"Actualit\u00e9 - Archives - La Diagonale\" \/>\n<meta property=\"og:url\" content=\"https:\/\/www.ladiagonale.net\/index.php\/actualite-archives\/\" \/>\n<meta property=\"og:site_name\" content=\"La Diagonale\" \/>\n<meta property=\"article:modified_time\" content=\"2022-10-04T14:06:20+00:00\" \/>\n<meta name=\"twitter:card\" content=\"summary_large_image\" \/>\n<script type=\"application\/ld+json\" class=\"yoast-schema-graph\">{\"@context\":\"https:\/\/schema.org\",\"@graph\":[{\"@type\":\"WebPage\",\"@id\":\"https:\/\/www.ladiagonale.net\/index.php\/actualite-archives\/\",\"url\":\"https:\/\/www.ladiagonale.net\/index.php\/actualite-archives\/\",\"name\":\"Actualit\u00e9 - Archives - La Diagonale\",\"isPartOf\":{\"@id\":\"https:\/\/www.ladiagonale.net\/#website\"},\"datePublished\":\"2022-10-04T14:05:29+00:00\",\"dateModified\":\"2022-10-04T14:06:20+00:00\",\"breadcrumb\":{\"@id\":\"https:\/\/www.ladiagonale.net\/index.php\/actualite-archives\/#breadcrumb\"},\"inLanguage\":\"fr-FR\",\"potentialAction\":[{\"@type\":\"ReadAction\",\"target\":[\"https:\/\/www.ladiagonale.net\/index.php\/actualite-archives\/\"]}]},{\"@type\":\"BreadcrumbList\",\"@id\":\"https:\/\/www.ladiagonale.net\/index.php\/actualite-archives\/#breadcrumb\",\"itemListElement\":[{\"@type\":\"ListItem\",\"position\":1,\"name\":\"Accueil\",\"item\":\"https:\/\/www.ladiagonale.net\/\"},{\"@type\":\"ListItem\",\"position\":2,\"name\":\"Actualit\u00e9 &#8211; Archives\"}]},{\"@type\":\"WebSite\",\"@id\":\"https:\/\/www.ladiagonale.net\/#website\",\"url\":\"https:\/\/www.ladiagonale.net\/\",\"name\":\"La Diagonale\",\"description\":\"Le site des supporters de l&#039;AS Monaco FC\",\"potentialAction\":[{\"@type\":\"SearchAction\",\"target\":{\"@type\":\"EntryPoint\",\"urlTemplate\":\"https:\/\/www.ladiagonale.net\/?s={search_term_string}\"},\"query-input\":\"required name=search_term_string\"}],\"inLanguage\":\"fr-FR\"}]}<\/script>\n<!-- \/ Yoast SEO plugin. -->","yoast_head_json":{"title":"Actualit\u00e9 - Archives - La Diagonale","robots":{"index":"index","follow":"follow","max-snippet":"max-snippet:-1","max-image-preview":"max-image-preview:large","max-video-preview":"max-video-preview:-1"},"canonical":"https:\/\/www.ladiagonale.net\/index.php\/actualite-archives\/","og_locale":"fr_FR","og_type":"article","og_title":"Actualit\u00e9 - Archives - La Diagonale","og_url":"https:\/\/www.ladiagonale.net\/index.php\/actualite-archives\/","og_site_name":"La Diagonale","article_modified_time":"2022-10-04T14:06:20+00:00","twitter_card":"summary_large_image","schema":{"@context":"https:\/\/schema.org","@graph":[{"@type":"WebPage","@id":"https:\/\/www.ladiagonale.net\/index.php\/actualite-archives\/","url":"https:\/\/www.ladiagonale.net\/index.php\/actualite-archives\/","name":"Actualit\u00e9 - Archives - La Diagonale","isPartOf":{"@id":"https:\/\/www.ladiagonale.net\/#website"},"datePublished":"2022-10-04T14:05:29+00:00","dateModified":"2022-10-04T14:06:20+00:00","breadcrumb":{"@id":"https:\/\/www.ladiagonale.net\/index.php\/actualite-archives\/#breadcrumb"},"inLanguage":"fr-FR","potentialAction":[{"@type":"ReadAction","target":["https:\/\/www.ladiagonale.net\/index.php\/actualite-archives\/"]}]},{"@type":"BreadcrumbList","@id":"https:\/\/www.ladiagonale.net\/index.php\/actualite-archives\/#breadcrumb","itemListElement":[{"@type":"ListItem","position":1,"name":"Accueil","item":"https:\/\/www.ladiagonale.net\/"},{"@type":"ListItem","position":2,"name":"Actualit\u00e9 &#8211; Archives"}]},{"@type":"WebSite","@id":"https:\/\/www.ladiagonale.net\/#website","url":"https:\/\/www.ladiagonale.net\/","name":"La Diagonale","description":"Le site des supporters de l&#039;AS Monaco FC","potentialAction":[{"@type":"SearchAction","target":{"@type":"EntryPoint","urlTemplate":"https:\/\/www.ladiagonale.net\/?s={search_term_string}"},"query-input":"required name=search_term_string"}],"inLanguage":"fr-FR"}]}},"_links":{"self":[{"href":"https:\/\/www.ladiagonale.net\/index.php\/wp-json\/wp\/v2\/pages\/5009"}],"collection":[{"href":"https:\/\/www.ladiagonale.net\/index.php\/wp-json\/wp\/v2\/pages"}],"about":[{"href":"https:\/\/www.ladiagonale.net\/index.php\/wp-json\/wp\/v2\/types\/page"}],"author":[{"embeddable":true,"href":"https:\/\/www.ladiagonale.net\/index.php\/wp-json\/wp\/v2\/users\/1"}],"replies":[{"embeddable":true,"href":"https:\/\/www.ladiagonale.net\/index.php\/wp-json\/wp\/v2\/comments?post=5009"}],"version-history":[{"count":2,"href":"https:\/\/www.ladiagonale.net\/index.php\/wp-json\/wp\/v2\/pages\/5009\/revisions"}],"predecessor-version":[{"id":5011,"href":"https:\/\/www.ladiagonale.net\/index.php\/wp-json\/wp\/v2\/pages\/5009\/revisions\/5011"}],"wp:attachment":[{"href":"https:\/\/www.ladiagonale.net\/index.php\/wp-json\/wp\/v2\/media?parent=5009"}],"curies":[{"name":"wp","href":"https:\/\/api.w.org\/{rel}","templated":true}]}}